{"id":1500,"date":"2024-12-01T01:13:43","date_gmt":"2024-12-01T00:13:43","guid":{"rendered":"https:\/\/orgueil82.jvillain.fr\/?page_id=1500"},"modified":"2025-09-08T13:01:02","modified_gmt":"2025-09-08T11:01:02","slug":"morts-pour-la-france-orgueil-82","status":"publish","type":"page","link":"https:\/\/orgueil82.jvillain.fr\/?page_id=1500","title":{"rendered":"Morts pour la France"},"content":{"rendered":"\n<h2 id=\"un-peu-dhistoire-aux-enfants-dorgueil\" class=\"wp-block-heading has-text-align-center has-accent-color has-text-color has-link-color wp-elements-33e079751a34f4c375e9c40b971d20aa\"><strong>Un peu d&rsquo;Histoire &#8230; Aux enfants d&rsquo;Orgueil<\/strong><\/h2>\n\n\n\n<p><em>C&rsquo;est pour le bulletin d&rsquo;information de janvier 2005 du village d&rsquo;Orgueil que les premi\u00e8res recherches sur les soldats inscrits sur le monument aux morts du village ont \u00e9t\u00e9 faites. Les informations ont \u00e9t\u00e9 enrichies en 2006, 2008, 2010 et 2024 suite \u00e0 des recherches plus approfondies \u00e0 l&rsquo;aide des documents mis en ligne par les archives du minist\u00e8re de la d\u00e9fense, les archives nationales et les archives d\u00e9partementales&nbsp;: les fiches&nbsp;<a href=\"http:\/\/www.memoiredeshommes.sga.defense.gouv.fr\/\" target=\"_blank\" rel=\"noreferrer noopener\">SGA M\u00e9moire des hommes<\/a>, les historiques et Journaux de Marche des r\u00e9giments (<a href=\"http:\/\/www.memoiredeshommes.sga.defense.gouv.fr\/fr\/arkotheque\/inventaires\/ead_ir_consult.php?fam=3&amp;ref=FR_SGA_JMO_1ere_GM_00001\" target=\"_blank\" rel=\"noreferrer noopener\">JMOs<\/a>), du site gouvernemental sur les&nbsp;<a href=\"http:\/\/www.memoiredeshommes.sga.defense.gouv.fr\/fr\/article.php?larub=44&amp;titre=sepultures-de-guerre\" target=\"_blank\" rel=\"noreferrer noopener\">s\u00e9pultures de guerre<\/a>, des registres d&rsquo;\u00e9tat-civil (pour le Tarn-et-Garonne les registres d&rsquo;avant 1922 sont accessibles depuis ce&nbsp;<a href=\"http:\/\/www.archivesdepartementales.cg82.fr\/\" target=\"_blank\" rel=\"noreferrer noopener\">SITE<\/a>) de plusieurs d\u00e9partements, des registres matricules (en ligne sur le site internet des archives d\u00e9partementales du Tarn-et-Garonne).<\/em><\/p>\n\n\n<div class=\"wp-block-image\">\n<figure class=\"aligncenter size-full is-resized\"><a href=\"https:\/\/orgueil82.jvillain.fr\/wp-content\/uploads\/C\u00e9r\u00e9monies_MaM\/11nov2024\/P1000366-scaled.jpg\"><img width=\"2560\" height=\"1922\"  alt=\"\" class=\"wp-image-1467 lws-optimize-lazyload\" style=\"width:379px;height:auto\"\/ data-src=\"https:\/\/orgueil82.jvillain.fr\/wp-content\/uploads\/C\u00e9r\u00e9monies_MaM\/11nov2024\/P1000366-scaled.jpg\" srcset=\"https:\/\/orgueil82.jvillain.fr\/wp-content\/uploads\/C\u00e9r\u00e9monies_MaM\/11nov2024\/P1000366-scaled.jpg 2560w, https:\/\/orgueil82.jvillain.fr\/wp-content\/uploads\/C\u00e9r\u00e9monies_MaM\/11nov2024\/P1000366-300x225.jpg 300w, https:\/\/orgueil82.jvillain.fr\/wp-content\/uploads\/C\u00e9r\u00e9monies_MaM\/11nov2024\/P1000366-2048x1538.jpg 2048w, https:\/\/orgueil82.jvillain.fr\/wp-content\/uploads\/C\u00e9r\u00e9monies_MaM\/11nov2024\/P1000366-768x577.jpg 768w, https:\/\/orgueil82.jvillain.fr\/wp-content\/uploads\/C\u00e9r\u00e9monies_MaM\/11nov2024\/P1000366-1536x1153.jpg 1536w\" sizes=\"(max-width: 2560px) 100vw, 2560px\" \/><\/a><\/figure>\n<\/div>\n\n\n<h3 id=\"recapitulatif-des-recherches-effectuees-sur-les-enfants-dorgueil-morts-pour-la-france\" class=\"wp-block-heading has-global-color-14-color has-text-color has-link-color has-medium-font-size wp-elements-155bfe6ae9a654bbdee702333b9d89a0\"><strong>R\u00e9capitulatif des recherches effectu\u00e9es sur les \u00ab\u00a0Enfants d&rsquo;Orgueil Morts pour la France\u00a0\u00bb.<\/strong><\/h3>\n\n\n\n<p>L&rsquo;\u00e9quipe du bulletin municipal du village d&rsquo;Orgueil avait fait beaucoup de recherche en 2005 mais aucune information n&rsquo;avait pu \u00eatre trouv\u00e9e pour deux des noms grav\u00e9s sur le monument aux morts. En novembre 2010 l&rsquo;ensemble des soldats dont le nom a \u00e9t\u00e9 grav\u00e9 sur le monument a \u00e9t\u00e9 r\u00e9pertori\u00e9 car il a \u00e9t\u00e9 possible de comprendre leur lien avec le village d&rsquo;Orgueil : n\u00e9 \u00e0 Orgueil, mari\u00e9 avec quelqu&rsquo;un d&rsquo;Orgueil, ayant travaill\u00e9 ou travaillant \u00e0 Orgueil, domicili\u00e9 \u00e0 Orgueil, descendant de personnes vivants \u00e0 Orgueil. La mise en ligne en d\u00e9cembre 2014 des fiches matricules du Tarn-et-Garonne a permis de compl\u00e9ter la derni\u00e8re fiche rest\u00e9e jusqu&rsquo;alors incompl\u00e8te.<\/p>\n\n\n\n<p><em><strong>En aout 2014 les&nbsp;<\/strong><\/em><a href=\"http:\/\/www.archives-nationales.culture.gouv.fr\/sia\/web\/guest\/documents-en-ligne\" target=\"_blank\" rel=\"noreferrer noopener\"><em><strong>Archives Nationales<\/strong><\/em><\/a><em><strong>&nbsp;ont mis en ligne les documents pr\u00e9paratoires \u00e0 l&rsquo;\u00e9laboration des Livres d&rsquo;Or du minist\u00e8re des pensions, il a ainsi \u00e9t\u00e9 possible de confirmer certaines hypoth\u00e8ses concernant les personnes inscrites sur le monument. Les soldats DELPECH et CAMMAS, dont les actes de d\u00e9c\u00e8s avaient \u00e9t\u00e9 retrouv\u00e9s dans les registres de la commune, mais qui n&rsquo;ont pas leurs noms sur le monument du village, ont leurs noms sur le Livre d&rsquo;Or de la commune d&rsquo;Orgueil. Deux soldats dont le nom est grav\u00e9 sur le monument ne sont pas dans le Livre d&rsquo;Or. Le Livre d&rsquo;Or a \u00e9t\u00e9 relev\u00e9 et mis en ligne sur le site&nbsp;<\/strong><\/em><a href=\"http:\/\/www.memorialgenweb.org\/memorial3\/html\/fr\/com_mplf.php?insee1=82136&amp;nom_commune=Orgueil&amp;\"><em><strong>MemGenWeb<\/strong><\/em><\/a><em><strong>. Les relev\u00e9s effectu\u00e9s par les b\u00e9n\u00e9voles et mis en ligne sur le site&nbsp;<a href=\"http:\/\/www.memorialgenweb.org\/memorial3\/html\/fr\/com_mplf.php?insee1=82136&amp;nom_commune=Orgueil&amp;\">MemGenWeb<\/a>&nbsp; ont permis de trouver les soldats n\u00e9s \u00e0 Orgueil mais qui ne sont pas sur le monument du village.<\/strong><\/em><\/p>\n\n\n\n<p>Pour retrouver une commune ou un lieu-dit ancien ou r\u00e9cent vous pouvez consulter cette page internet :\u00a0<a href=\"http:\/\/www.memorialgenweb.org\/memorial3\/html\/fr\/communes_liste.php\" target=\"_blank\" rel=\"noreferrer noopener\">http:\/\/www.memorialgenweb.org\/memorial3\/html\/fr\/communes_liste.php<\/a>\u00a0ou cette page\u00a0<a href=\"http:\/\/www.memorialgenweb.org\/memorial3\/html\/fr\/resultat_lieux.php\">http:\/\/www.memorialgenweb.org\/memorial3\/html\/fr\/resultat_lieux.php<\/a>\u00a0. Le site\u00a0<a href=\"https:\/\/www.geoportail.gouv.fr\/\" target=\"_blank\" rel=\"noreferrer noopener\">G\u00e9oPortail<\/a>\u00a0vous permet de chercher un lieu et ainsi de voir o\u00f9 un soldat est d\u00e9c\u00e9d\u00e9.<\/p>\n\n\n\n<h4 id=\"liste-des-noms-inscrits-sur-le-monument-aux-morts-du-village-dorgueil-82-en-cliquant-sur-le-nom-vous-accedez-a-une-page-contenant-plus-dinformations-sur-le-soldat-filiation-profession-adresse-parcour\" class=\"wp-block-heading has-global-color-14-color has-text-color has-link-color wp-elements-9d743bbd074dac9030db95ec52e34c85\"><strong><em>Liste des noms inscrits sur le monument aux morts du village d&rsquo;Orgueil (82) &#8211; En cliquant sur le nom vous acc\u00e9dez \u00e0 une page contenant plus d&rsquo;informations sur le soldat (filiation, profession, adresse, parcours militaire, fratrie, &#8230;) et vous permettant d&rsquo;acc\u00e9der \u00e0 un fichier contenant des informations d\u00e9taill\u00e9es sur chaque soldat.<\/em><\/strong><\/h4>\n\n\n\n<table id=\"tablepress-2\" class=\"tablepress tablepress-id-2\">\n<thead>\n<tr class=\"row-1\">\n\t<th class=\"column-1\"><strong>Nom<\/strong><\/th><th class=\"column-2\"><strong>Pr\u00e9nom sur le monument aux morts<\/strong><\/th><th class=\"column-3\"><strong>Pr\u00e9noms \u00e0 l'\u00e9tat-civil<\/strong><\/th><th class=\"column-4\"><strong>Conflit<\/strong><\/th><th class=\"column-5\"><strong>Grade<\/strong><\/th><th class=\"column-6\"><strong>R\u00e9giment<\/strong><\/th><th class=\"column-7\"><strong>Date de naissance<\/strong><\/th><th class=\"column-8\"><strong>D\u00e9partement de naissance<\/strong><\/th><th class=\"column-9\"><strong>Lieu de naissance<\/strong><\/th><th class=\"column-10\"><strong>Genre de mort<\/strong><\/th><th class=\"column-11\"><strong>Date de d\u00e9ces<\/strong><\/th><th class=\"column-12\"><strong>d\u00e9partement de d\u00e9c\u00e8s<\/strong><\/th><th class=\"column-13\"><strong>Commune de d\u00e9c\u00e8s<\/strong><\/th>\n<\/tr>\n<\/thead>\n<tbody class=\"row-striping row-hover\">\n<tr class=\"row-2\">\n\t<td class=\"column-1\"><a href=\"https:\/\/village.jvillain.eu\/histoire\/mplf\/Melet.aspx\">M\u00c9LET<\/a><\/td><td class=\"column-2\">Jean<\/td><td class=\"column-3\">Jean<\/td><td class=\"column-4\">14-18<\/td><td class=\"column-5\">Caporal<\/td><td class=\"column-6\">11e R\u00e9giment d'Infanterie<\/td><td class=\"column-7\">15\/07\/1882<\/td><td class=\"column-8\">82<\/td><td class=\"column-9\">Varennes<\/td><td class=\"column-10\">Tu\u00e9 \u00e0 l'ennemi<\/td><td class=\"column-11\">12\/20\/1914<\/td><td class=\"column-12\">51<\/td><td class=\"column-13\">Hurlus<\/td>\n<\/tr>\n<tr class=\"row-3\">\n\t<td class=\"column-1\"><a href=\"https:\/\/village.jvillain.eu\/histoire\/mplf\/vernieresam.aspx\">VERNI\u00c8RES<\/a><\/td><td class=\"column-2\">Antonin<\/td><td class=\"column-3\">Antonin Marius<\/td><td class=\"column-4\">14-18<\/td><td class=\"column-5\">Soldat<\/td><td class=\"column-6\">83e R\u00e9giment d'Infanterie<\/td><td class=\"column-7\">13\/02\/1893<\/td><td class=\"column-8\">81<\/td><td class=\"column-9\">Rabastens<\/td><td class=\"column-10\">Mort des suites de blessures<\/td><td class=\"column-11\">12\/27\/1916<\/td><td class=\"column-12\">49<\/td><td class=\"column-13\">Saumur<\/td>\n<\/tr>\n<tr class=\"row-4\">\n\t<td class=\"column-1\"><a href=\"https:\/\/village.jvillain.eu\/histoire\/mplf\/vernieresfa.aspx\">VERNI\u00c8RES<\/a><\/td><td class=\"column-2\">Albin<\/td><td class=\"column-3\">F\u00e9lix Albin<\/td><td class=\"column-4\">14-18<\/td><td class=\"column-5\">Zouave<\/td><td class=\"column-6\">9e R\u00e9giment de Marche de Zouaves<\/td><td class=\"column-7\">05\/02\/1897<\/td><td class=\"column-8\">31<\/td><td class=\"column-9\">Garidech<\/td><td class=\"column-10\">Disparu<\/td><td class=\"column-11\">2\/26\/1916<\/td><td class=\"column-12\">55<\/td><td class=\"column-13\">Douaumont<\/td>\n<\/tr>\n<tr class=\"row-5\">\n\t<td class=\"column-1\"><a href=\"https:\/\/village.jvillain.eu\/histoire\/mplf\/embialet.aspx\">EMBIALET<\/a><\/td><td class=\"column-2\">Louis<\/td><td class=\"column-3\">Louis<\/td><td class=\"column-4\">14-18<\/td><td class=\"column-5\">Soldat<\/td><td class=\"column-6\">153e R\u00e9giment d'Infanterie<\/td><td class=\"column-7\">12\/06\/1880<\/td><td class=\"column-8\">82<\/td><td class=\"column-9\">Orgueil<\/td><td class=\"column-10\">Tu\u00e9 \u00e0 l'ennemi<\/td><td class=\"column-11\">10\/24\/1914<\/td><td class=\"column-12\">62<\/td><td class=\"column-13\">H\u00e9buterne<\/td>\n<\/tr>\n<tr class=\"row-6\">\n\t<td class=\"column-1\"><a href=\"https:\/\/village.jvillain.eu\/histoire\/mplf\/faure.aspx\">FAUR\u00c9<\/a><\/td><td class=\"column-2\">Albert<\/td><td class=\"column-3\">Albert<\/td><td class=\"column-4\">14-18<\/td><td class=\"column-5\">Chasseur<\/td><td class=\"column-6\">9e R\u00e9giment de Chasseurs \u00e0 Cheval - 10e Escadron<\/td><td class=\"column-7\">30\/07\/1888<\/td><td class=\"column-8\">82<\/td><td class=\"column-9\">Orgueil<\/td><td class=\"column-10\">Mort en captivit\u00e9 des suites de maladie<\/td><td class=\"column-11\">5\/17\/1915<\/td><td class=\"column-12\"><\/td><td class=\"column-13\">Offenburg (Allemagne)<\/td>\n<\/tr>\n<tr class=\"row-7\">\n\t<td class=\"column-1\"><a href=\"https:\/\/village.jvillain.eu\/histoire\/mplf\/gibert.aspx\">GIBERT<\/a><\/td><td class=\"column-2\">\u00c9tienne<\/td><td class=\"column-3\">\u00c9tienne<\/td><td class=\"column-4\">14-18<\/td><td class=\"column-5\">Caporal<\/td><td class=\"column-6\">15e R\u00e9giment d'Infanterie - 1re Compagnie<\/td><td class=\"column-7\">29\/08\/1889<\/td><td class=\"column-8\">82<\/td><td class=\"column-9\">Orgueil<\/td><td class=\"column-10\">Tu\u00e9 \u00e0 l'ennemi<\/td><td class=\"column-11\">6\/20\/1915<\/td><td class=\"column-12\">51<\/td><td class=\"column-13\">Le Mesnil-l\u00e8s-Hurlus<\/td>\n<\/tr>\n<tr class=\"row-8\">\n\t<td class=\"column-1\"><a href=\"https:\/\/village.jvillain.eu\/histoire\/mplf\/monthagut.aspx\">MONTHAGUT<\/a><\/td><td class=\"column-2\">Fernand<\/td><td class=\"column-3\">Fernand Henri Ferdinand<\/td><td class=\"column-4\">14-18<\/td><td class=\"column-5\">Soldat<\/td><td class=\"column-6\">9e R\u00e9giment Infanterie - 3e Compagnie<\/td><td class=\"column-7\">19\/03\/1895<\/td><td class=\"column-8\">83<\/td><td class=\"column-9\">La Cadi\u00e8re<\/td><td class=\"column-10\">Tu\u00e9 \u00e0 l'ennemi<\/td><td class=\"column-11\">9\/25\/1915<\/td><td class=\"column-12\">62<\/td><td class=\"column-13\">Achicourt<\/td>\n<\/tr>\n<tr class=\"row-9\">\n\t<td class=\"column-1\"><a href=\"https:\/\/village.jvillain.eu\/histoire\/mplf\/penchenat.aspx\">PENCHENAT<\/a><\/td><td class=\"column-2\">Paul<\/td><td class=\"column-3\">Jean Paul<\/td><td class=\"column-4\">14-18<\/td><td class=\"column-5\">Soldat<\/td><td class=\"column-6\">148e R\u00e9giment d'Infanterie<\/td><td class=\"column-7\">14\/03\/1886<\/td><td class=\"column-8\">82<\/td><td class=\"column-9\">Monclar<\/td><td class=\"column-10\">Disparu<\/td><td class=\"column-11\">11\/14\/1915<\/td><td class=\"column-12\"><\/td><td class=\"column-13\">Mrzen (Serbie)<\/td>\n<\/tr>\n<tr class=\"row-10\">\n\t<td class=\"column-1\"><a href=\"https:\/\/village.jvillain.eu\/histoire\/mplf\/turroques.aspx\">TURROQUES<\/a><\/td><td class=\"column-2\">Marius<\/td><td class=\"column-3\">Marius Jean<\/td><td class=\"column-4\">14-18<\/td><td class=\"column-5\">Soldat<\/td><td class=\"column-6\">78e R\u00e9giment d'Infanterie<\/td><td class=\"column-7\">14\/03\/1895<\/td><td class=\"column-8\">82<\/td><td class=\"column-9\">Orgueil<\/td><td class=\"column-10\">Tu\u00e9 \u00e0 l'ennemi<\/td><td class=\"column-11\">11\/14\/1915<\/td><td class=\"column-12\">62<\/td><td class=\"column-13\">\u00c9curie<\/td>\n<\/tr>\n<tr class=\"row-11\">\n\t<td class=\"column-1\"><a href=\"https:\/\/village.jvillain.eu\/histoire\/mplf\/lescure.aspx\">LESCURE<\/a><\/td><td class=\"column-2\">Albert<\/td><td class=\"column-3\">Paul Albert L\u00e9on<\/td><td class=\"column-4\">14-18<\/td><td class=\"column-5\">Mar\u00e9chal des logis<\/td><td class=\"column-6\">57e R\u00e9giment d'Artillerie de Campagne - 27e Batterie<\/td><td class=\"column-7\">22\/03\/1885<\/td><td class=\"column-8\">82<\/td><td class=\"column-9\">Orgueil<\/td><td class=\"column-10\">Disparu<\/td><td class=\"column-11\">3\/14\/1916<\/td><td class=\"column-12\">55<\/td><td class=\"column-13\">Cumi\u00e8res<\/td>\n<\/tr>\n<tr class=\"row-12\">\n\t<td class=\"column-1\"><a href=\"https:\/\/village.jvillain.eu\/histoire\/mplf\/oustry.aspx\">OUSTRY<\/a><\/td><td class=\"column-2\">Pierre<\/td><td class=\"column-3\">Pierre<\/td><td class=\"column-4\">14-18<\/td><td class=\"column-5\">Soldat<\/td><td class=\"column-6\">80e R\u00e9giment d'Infanterie<\/td><td class=\"column-7\">08\/11\/1882<\/td><td class=\"column-8\">82<\/td><td class=\"column-9\">Orgueil<\/td><td class=\"column-10\">Tu\u00e9 \u00e0 l'ennemi<\/td><td class=\"column-11\">3\/19\/1915<\/td><td class=\"column-12\">51<\/td><td class=\"column-13\">Le Mesnil-l\u00e8s-Hurlus<\/td>\n<\/tr>\n<tr class=\"row-13\">\n\t<td class=\"column-1\"><a href=\"https:\/\/village.jvillain.eu\/histoire\/mplf\/andrieu.aspx\">ANDRIEU<\/a><\/td><td class=\"column-2\">Jean<\/td><td class=\"column-3\">Jean<\/td><td class=\"column-4\">14-18<\/td><td class=\"column-5\">Soldat<\/td><td class=\"column-6\">360e R\u00e9giment d'Infanterie, 17e Cie<\/td><td class=\"column-7\">29\/10\/1876<\/td><td class=\"column-8\">31<\/td><td class=\"column-9\">Fronton<\/td><td class=\"column-10\">Tu\u00e9 \u00e0 l'ennemi<\/td><td class=\"column-11\">3\/30\/1916<\/td><td class=\"column-12\">55<\/td><td class=\"column-13\">Fleury-devant-Douaumont<\/td>\n<\/tr>\n<tr class=\"row-14\">\n\t<td class=\"column-1\"><a href=\"https:\/\/village.jvillain.eu\/histoire\/mplf\/magne.aspx\">MAGN\u00c9<\/a><\/td><td class=\"column-2\">Jules<\/td><td class=\"column-3\">Jules<\/td><td class=\"column-4\">14-18<\/td><td class=\"column-5\">Soldat<\/td><td class=\"column-6\">164e R\u00e9giment d'Infanterie<\/td><td class=\"column-7\">10\/02\/1896<\/td><td class=\"column-8\">82<\/td><td class=\"column-9\">Montauban<\/td><td class=\"column-10\">Mort des suites de blessures<\/td><td class=\"column-11\">7\/22\/1916<\/td><td class=\"column-12\">80<\/td><td class=\"column-13\">Marcelcave<\/td>\n<\/tr>\n<tr class=\"row-15\">\n\t<td class=\"column-1\"><a href=\"https:\/\/village.jvillain.eu\/histoire\/mplf\/calvet.aspx\">CALVET<\/a><\/td><td class=\"column-2\">Jean<\/td><td class=\"column-3\">Jean<\/td><td class=\"column-4\">14-18<\/td><td class=\"column-5\">Adjudant-chef<\/td><td class=\"column-6\">220e R\u00e9giment d'Infanterie, 4e Cie de mitrailleuses<\/td><td class=\"column-7\">20\/07\/1880<\/td><td class=\"column-8\">31<\/td><td class=\"column-9\">Buzet<\/td><td class=\"column-10\">Tu\u00e9 \u00e0 l'ennemi<\/td><td class=\"column-11\">9\/8\/1916<\/td><td class=\"column-12\">55<\/td><td class=\"column-13\">Vaux-devant-Damloup<\/td>\n<\/tr>\n<tr class=\"row-16\">\n\t<td class=\"column-1\"><a href=\"https:\/\/village.jvillain.eu\/histoire\/mplf\/orlhiac.aspx\">ORLHIAC<\/a><\/td><td class=\"column-2\">Louis<\/td><td class=\"column-3\">Louis<\/td><td class=\"column-4\">14-18<\/td><td class=\"column-5\">Brigadier<\/td><td class=\"column-6\">25e R\u00e9giment d'Artillerie de Campagne<\/td><td class=\"column-7\">20\/05\/1895<\/td><td class=\"column-8\">82<\/td><td class=\"column-9\">Saint-Nauphary<\/td><td class=\"column-10\">Mort des suites de blessures<\/td><td class=\"column-11\">4\/15\/1917<\/td><td class=\"column-12\">2<\/td><td class=\"column-13\">Dhuizel<\/td>\n<\/tr>\n<tr class=\"row-17\">\n\t<td class=\"column-1\"><a href=\"https:\/\/village.jvillain.eu\/histoire\/mplf\/soubrier.aspx\">SOUBRIER<\/a><\/td><td class=\"column-2\">Victor<\/td><td class=\"column-3\">Victor<\/td><td class=\"column-4\">14-18<\/td><td class=\"column-5\">Canonnier servant<\/td><td class=\"column-6\">101e R\u00e9giment d'Artillerie Lourde Hippomobile - 7e Batterie de 155<\/td><td class=\"column-7\">28\/07\/1877<\/td><td class=\"column-8\">82<\/td><td class=\"column-9\">Orgueil<\/td><td class=\"column-10\">Tu\u00e9 \u00e0 l'ennemi<\/td><td class=\"column-11\">7\/31\/1917<\/td><td class=\"column-12\">55<\/td><td class=\"column-13\">Montz\u00e9ville<\/td>\n<\/tr>\n<tr class=\"row-18\">\n\t<td class=\"column-1\"><a href=\"https:\/\/village.jvillain.eu\/histoire\/mplf\/ducros.aspx\">DUCROS<\/a><\/td><td class=\"column-2\">Ernest<\/td><td class=\"column-3\">Jean Ernest<\/td><td class=\"column-4\">14-18<\/td><td class=\"column-5\">Soldat<\/td><td class=\"column-6\">215e R\u00e9giment d'Infanterie, 15e Compagnie<\/td><td class=\"column-7\">30\/11\/1891<\/td><td class=\"column-8\">82<\/td><td class=\"column-9\">Orgueil<\/td><td class=\"column-10\">Mort des suites de blessures<\/td><td class=\"column-11\">8\/2\/1917<\/td><td class=\"column-12\">2<\/td><td class=\"column-13\">Vendresse-et-Troyon<\/td>\n<\/tr>\n<tr class=\"row-19\">\n\t<td class=\"column-1\"><a href=\"https:\/\/village.jvillain.eu\/histoire\/mplf\/joly.aspx\">JOLY<\/a><\/td><td class=\"column-2\">Urbain<\/td><td class=\"column-3\">Pierre Urbain<\/td><td class=\"column-4\">14-18<\/td><td class=\"column-5\">Soldat<\/td><td class=\"column-6\">100e R\u00e9giment d'Infanterie<\/td><td class=\"column-7\">31\/07\/1898<\/td><td class=\"column-8\">82<\/td><td class=\"column-9\">Monclar-de-Quercy<\/td><td class=\"column-10\">Tu\u00e9 \u00e0 l'ennemi<\/td><td class=\"column-11\">8\/6\/1918<\/td><td class=\"column-12\">51<\/td><td class=\"column-13\">Reims<\/td>\n<\/tr>\n<tr class=\"row-20\">\n\t<td class=\"column-1\"><a href=\"https:\/\/village.jvillain.eu\/histoire\/mplf\/garrabet.aspx\">GARRABET<\/a><\/td><td class=\"column-2\">Joseph<\/td><td class=\"column-3\">Jean Joseph<\/td><td class=\"column-4\">14-18<\/td><td class=\"column-5\">Soldat<\/td><td class=\"column-6\">156e R\u00e9giment d'Infanterie<\/td><td class=\"column-7\">20\/02\/1895<\/td><td class=\"column-8\">82<\/td><td class=\"column-9\">Campsas<\/td><td class=\"column-10\">Tu\u00e9 \u00e0 l'ennemi<\/td><td class=\"column-11\">9\/30\/1918<\/td><td class=\"column-12\">55<\/td><td class=\"column-13\">Saint-Beno\u00eet-en-Wo\u00ebvre<\/td>\n<\/tr>\n<tr class=\"row-21\">\n\t<td class=\"column-1\"><a href=\"https:\/\/village.jvillain.eu\/histoire\/mplf\/bessieres.aspx\">BESSI\u00c8RES<\/a><\/td><td class=\"column-2\">Jean Marie<\/td><td class=\"column-3\">Jean Marie<\/td><td class=\"column-4\">14-18<\/td><td class=\"column-5\">Soldat<\/td><td class=\"column-6\">80e R\u00e9giment d'Infanterie<\/td><td class=\"column-7\">15\/01\/1893<\/td><td class=\"column-8\">31<\/td><td class=\"column-9\">Fronton<\/td><td class=\"column-10\">Disparu<\/td><td class=\"column-11\">8\/20\/1914<\/td><td class=\"column-12\">57<\/td><td class=\"column-13\">Rorbach-l\u00e8s-Dieuze<\/td>\n<\/tr>\n<tr class=\"row-22\">\n\t<td class=\"column-1\"><a href=\"https:\/\/village.jvillain.eu\/histoire\/mplf\/roumagnou.aspx\">ROUMAGNOU<\/a><\/td><td class=\"column-2\">Paulin<\/td><td class=\"column-3\">Gr\u00e9goire Jean Pierre<\/td><td class=\"column-4\">14-18<\/td><td class=\"column-5\">Conducteur<\/td><td class=\"column-6\">2e Escadron du Train des \u00c9quipages Militaires<\/td><td class=\"column-7\">16\/09\/1869<\/td><td class=\"column-8\">82<\/td><td class=\"column-9\">Belmontet<\/td><td class=\"column-10\">Maladie non imputable au service<\/td><td class=\"column-11\">2\/12\/1917<\/td><td class=\"column-12\">69<\/td><td class=\"column-13\">Lyon<\/td>\n<\/tr>\n<tr class=\"row-23\">\n\t<td class=\"column-1\"><a href=\"https:\/\/village.jvillain.eu\/histoire\/mplf\/blatche.aspx\">BLATCH\u00c9<\/a><\/td><td class=\"column-2\">Henri<\/td><td class=\"column-3\">Henri Antoine<\/td><td class=\"column-4\">39-45<\/td><td class=\"column-5\">Artilleur<\/td><td class=\"column-6\">411e R\u00e9giment d'Artillerie Antia\u00e9rienne<\/td><td class=\"column-7\">7\/13\/1923<\/td><td class=\"column-8\">82<\/td><td class=\"column-9\">Orgueil<\/td><td class=\"column-10\">Mort des suites de blessures<\/td><td class=\"column-11\">11\/8\/1942<\/td><td class=\"column-12\"><\/td><td class=\"column-13\">Alger (D\u00e9partement d'Alger)<\/td>\n<\/tr>\n<\/tbody>\n<\/table>\n<!-- #tablepress-2 from cache -->\n\n\n\n<h4 id=\"morts-pour-la-france-non-inscrits-sur-le-monument-aux-morts-du-village-mais-presents-dans-les-registres-de-letatcivil-et-inscrits-sur-le-document-preparatoire-du-livre-dor-du-ministere-des-pensions-de\" class=\"wp-block-heading has-global-color-14-color has-text-color has-link-color wp-elements-f329cae9ba6d7b4085ccd3ec3ea26476\"><strong><em>Morts pour la France non inscrits sur le monument aux morts du village mais pr\u00e9sents dans les registres de l&rsquo;\u00e9tat-civil et inscrits sur le document pr\u00e9paratoire du Livre d&rsquo;Or du minist\u00e8re des pensions de la commune d&rsquo;Orgueil<\/em><\/strong><\/h4>\n\n\n\n<table id=\"tablepress-3\" class=\"tablepress tablepress-id-3\">\n<thead>\n<tr class=\"row-1\">\n\t<th class=\"column-1\"><strong>Nom<\/strong><\/th><th class=\"column-2\"><strong>Pr\u00e9noms \u00e9tat-civil<\/strong><\/th><th class=\"column-3\"><strong>Conflit<\/strong><\/th><th class=\"column-4\"><strong>Grade<\/strong><\/th><th class=\"column-5\"><strong>R\u00e9giment<\/strong><\/th><th class=\"column-6\"><strong>Date de naissance<\/strong><\/th><th class=\"column-7\"><strong>D\u00e9partement de naissance<\/strong><\/th><th class=\"column-8\"><strong>Lieu de naissance<\/strong><\/th><th class=\"column-9\"><strong>Genre de mort<\/strong><\/th><th class=\"column-10\"><strong>Date de d\u00e9ces<\/strong><\/th><th class=\"column-11\"><strong>D\u00e9partement de d\u00e9c\u00e8s<\/strong><\/th><th class=\"column-12\"><strong>Commune de d\u00e9c\u00e8s<\/strong><\/th>\n<\/tr>\n<\/thead>\n<tbody class=\"row-striping row-hover\">\n<tr class=\"row-2\">\n\t<td class=\"column-1\"><a href=\"https:\/\/village.jvillain.eu\/histoire\/mplf\/cammas.aspx\">CAMMAS\u00a0<\/a><\/td><td class=\"column-2\">Fran\u00e7ois Baptiste<\/td><td class=\"column-3\">14-18<\/td><td class=\"column-4\">Conducteur<\/td><td class=\"column-5\">3e Escadron du Train des \u00c9quipages Militaires - 24e Compagnie<\/td><td class=\"column-6\">09\/05\/1875<\/td><td class=\"column-7\">12<\/td><td class=\"column-8\">Pont-de-Salars<\/td><td class=\"column-9\">Mort des suites de blessures<\/td><td class=\"column-10\">10\/04\/1917 \u00e0 05h40<\/td><td class=\"column-11\">51<\/td><td class=\"column-12\">Courlandon<\/td>\n<\/tr>\n<tr class=\"row-3\">\n\t<td class=\"column-1\"><a href=\"https:\/\/village.jvillain.eu\/histoire\/mplf\/delpech.aspx\">DELPECH<\/a><\/td><td class=\"column-2\">\u00c9tienne Louis Jean Marie<\/td><td class=\"column-3\">14-18<\/td><td class=\"column-4\">Capitaine<\/td><td class=\"column-5\">70e R\u00e9giment d'Infanterie - 2e Compagnie<\/td><td class=\"column-6\">19\/08\/1869<\/td><td class=\"column-7\">82<\/td><td class=\"column-8\">Meauzac<\/td><td class=\"column-9\">Mort des suites de blessures de guerre<\/td><td class=\"column-10\">8\/22\/1914<\/td><td class=\"column-11\"><\/td><td class=\"column-12\">Auvelais, province de Namur (Belgique)<\/td>\n<\/tr>\n<\/tbody>\n<\/table>\n<!-- #tablepress-3 from cache -->\n\n\n\n<p class=\"has-small-font-size\"><strong>N.B :\u00a0<\/strong><em>Le jugement de d\u00e9c\u00e8s de DELPECH \u00c9tienne a \u00e9t\u00e9 transcrit \u00e0 l&rsquo;\u00e9tat-civil d&rsquo;Orgueil o\u00f9 son p\u00e8re avait \u00e9t\u00e9 instituteur et secr\u00e9taire de mairie et qui \u00e9tait son dernier domicile d&rsquo;apr\u00e8s le jugement pris par le tribunal de Castelsarrasin (82). Son nom est inscrit sur le monument aux morts de l&rsquo;IUFM de Montauban (82) et sur le monument aux morts d&rsquo;Yvignac-la-Tour (22) o\u00f9 son p\u00e8re s&rsquo;\u00e9tait retir\u00e9 pour se rapprocher de son fils et s&rsquo;occuper de son petit-fils.<br>La mort au combat de CAMMAS Fran\u00e7ois a \u00e9t\u00e9 transcrite \u00e0 l&rsquo;\u00e9tat-civil d&rsquo;Orgueil commune qui \u00e9tait son dernier domicile l\u00e9gal mais l&rsquo;information a \u00e9t\u00e9 re-transmise \u00e0 la commune de Fronton o\u00f9 \u00e9tait domicili\u00e9e son \u00e9pouse. Fran\u00e7ois CAMMAS a son nom inscrit sur les monuments aux morts de la ville de Fronton (31).<\/em><\/p>\n\n\n\n<h4 id=\"liste-des-soldats-nes-a-orgueil-qui-ne-sont-ni-sur-le-monument-aux-morts-du-village-ni-sur-le-livre-dor%25c2%25a0mais-qui-sont-inscrits-sur-un-monument-dans-une-autre-commune%25c2%25a0et-soldats-natifs-dorgue\" class=\"wp-block-heading has-global-color-14-color has-text-color has-link-color wp-elements-93b633beff0ec96381e7bb3e4339c9e7\"><strong><em>Liste des soldats n\u00e9s \u00e0 Orgueil qui ne sont ni sur le monument aux morts du village ni sur le Livre d&rsquo;Or\u00a0mais qui sont inscrits sur un monument dans une autre commune\u00a0et soldats natifs d&rsquo;Orgueil d\u00e9c\u00e9d\u00e9s dans d&rsquo;autres conflits.<\/em><\/strong><\/h4>\n\n\n\n<table id=\"tablepress-4\" class=\"tablepress tablepress-id-4\">\n<thead>\n<tr class=\"row-1\">\n\t<th class=\"column-1\"><strong>Nom<\/strong><\/th><th class=\"column-2\"><strong>Pr\u00e9noms \u00e9tat-civil<\/strong><\/th><th class=\"column-3\"><strong>Conflit<\/strong><\/th><th class=\"column-4\"><strong>Grade<\/strong><\/th><th class=\"column-5\"><strong>R\u00e9giment<\/strong><\/th><th class=\"column-6\"><strong>Date de naissance<\/strong><\/th><th class=\"column-7\"><strong>D\u00e9partement de naissance<\/strong><\/th><th class=\"column-8\"><strong>Lieu de naissance<\/strong><\/th><th class=\"column-9\"><strong>Genre de mort<\/strong><\/th><th class=\"column-10\"><strong>Date de d\u00e9ces<\/strong><\/th><th class=\"column-11\"><strong>D\u00e9partement de d\u00e9c\u00e8s<\/strong><\/th><th class=\"column-12\"><strong>Commune de d\u00e9c\u00e8s<\/strong><\/th><th class=\"column-13\"><strong>Inscrit sur le(s) monument(s) aux morts de<\/strong><\/th>\n<\/tr>\n<\/thead>\n<tbody class=\"row-striping row-hover\">\n<tr class=\"row-2\">\n\t<td class=\"column-1\"><a href=\"https:\/\/village.jvillain.eu\/histoire\/mplf\/bessieresjp.aspx\">BESSI\u00c8RES<\/a><\/td><td class=\"column-2\">Jean Pierre<\/td><td class=\"column-3\">14-18<\/td><td class=\"column-4\">Canonnier Servant<\/td><td class=\"column-5\">18e R\u00e9giment d'Artillerie de Campagne<\/td><td class=\"column-6\">01\/02\/1890<\/td><td class=\"column-7\">82<\/td><td class=\"column-8\">Orgueil<\/td><td class=\"column-9\">Tu\u00e9 \u00e0 l'ennemi<\/td><td class=\"column-10\">2\/25\/1916<\/td><td class=\"column-11\">55<\/td><td class=\"column-12\">Bras<\/td><td class=\"column-13\">Villemur-sur-Tarn (31)<\/td>\n<\/tr>\n<tr class=\"row-3\">\n\t<td class=\"column-1\"><a href=\"https:\/\/village.jvillain.eu\/histoire\/mplf\/boulet.aspx\">BOULET<\/a><\/td><td class=\"column-2\">Marcelin<\/td><td class=\"column-3\">14-18<\/td><td class=\"column-4\">Canonnier conducteur<\/td><td class=\"column-5\">23e R\u00e9giment d'Artillerie de Campagne - 1re section de munitions<\/td><td class=\"column-6\">21\/06\/1882<\/td><td class=\"column-7\">82<\/td><td class=\"column-8\">Orgueil<\/td><td class=\"column-9\">Mort des suites de blessures de guerre<\/td><td class=\"column-10\">12\/10\/1917<\/td><td class=\"column-11\">55<\/td><td class=\"column-12\">Glorieux<\/td><td class=\"column-13\">Montbeton (82)<\/td>\n<\/tr>\n<tr class=\"row-4\">\n\t<td class=\"column-1\"><a href=\"https:\/\/village.jvillain.eu\/histoire\/mplf\/donnadieu.aspx\">DONNADIEU<\/a><\/td><td class=\"column-2\">Bernard<\/td><td class=\"column-3\">14-18<\/td><td class=\"column-4\">Soldat<\/td><td class=\"column-5\">132e R\u00e9giment d'Infanterie Territoriale<\/td><td class=\"column-6\">21\/07\/1871<\/td><td class=\"column-7\">82<\/td><td class=\"column-8\">Orgueil<\/td><td class=\"column-9\">Mort des suites de maladie contract\u00e9e en service<\/td><td class=\"column-10\">4\/19\/1915<\/td><td class=\"column-11\">82<\/td><td class=\"column-12\">Montauban<\/td><td class=\"column-13\">Labastide-Saint-Pierre (82)<\/td>\n<\/tr>\n<tr class=\"row-5\">\n\t<td class=\"column-1\"><a href=\"https:\/\/village.jvillain.eu\/histoire\/mplf\/lavitry.aspx\">LAVITRY<\/a><\/td><td class=\"column-2\">Jean<\/td><td class=\"column-3\">14-18<\/td><td class=\"column-4\">Soldat<\/td><td class=\"column-5\">281e R\u00e9giment d'Infanterie<\/td><td class=\"column-6\">07\/12\/1886<\/td><td class=\"column-7\">82<\/td><td class=\"column-8\">Orgueil<\/td><td class=\"column-9\">Disparu<\/td><td class=\"column-10\">9\/25\/1914<\/td><td class=\"column-11\">88<\/td><td class=\"column-12\">Lesseux<\/td><td class=\"column-13\">Saint-Etienne-de-Tulmont (82)<\/td>\n<\/tr>\n<tr class=\"row-6\">\n\t<td class=\"column-1\"><a href=\"https:\/\/village.jvillain.eu\/histoire\/mplf\/tregant.aspx\">TR\u00c9GANT<\/a><\/td><td class=\"column-2\">Th\u00e9odore Antonin<\/td><td class=\"column-3\">14-18<\/td><td class=\"column-4\">Canonnier m\u00e9canicien<\/td><td class=\"column-5\">502e R\u00e9giment d'Artillerie Sp\u00e9ciale - A.S. 317<\/td><td class=\"column-6\">20\/04\/1897<\/td><td class=\"column-7\">82<\/td><td class=\"column-8\">Orgueil<\/td><td class=\"column-9\">Tu\u00e9 \u00e0 l'ennemi<\/td><td class=\"column-10\">10\/25\/1918<\/td><td class=\"column-11\">8<\/td><td class=\"column-12\">Saint-Quentin-le-Petit<\/td><td class=\"column-13\">Campsas (82)<\/td>\n<\/tr>\n<tr class=\"row-7\">\n\t<td class=\"column-1\"><\/td><td class=\"column-2\"><\/td><td class=\"column-3\"><\/td><td class=\"column-4\"><\/td><td class=\"column-5\"><\/td><td class=\"column-6\"><\/td><td class=\"column-7\"><\/td><td class=\"column-8\"><\/td><td class=\"column-9\"><\/td><td class=\"column-10\"><\/td><td class=\"column-11\"><\/td><td class=\"column-12\"><\/td><td class=\"column-13\"><\/td>\n<\/tr>\n<tr class=\"row-8\">\n\t<td class=\"column-1\"><a href=\"https:\/\/village.jvillain.eu\/histoire\/mplf\/guirguy.aspx\">GUIRGUY<\/a><\/td><td class=\"column-2\">Guillaume<\/td><td class=\"column-3\">1870-1871<\/td><td class=\"column-4\">Garde mobile<\/td><td class=\"column-5\">Garde Nationale Mobile de Tarn-et-Garonne<\/td><td class=\"column-6\">08\/05\/1848<\/td><td class=\"column-7\">82<\/td><td class=\"column-8\">Orgueil<\/td><td class=\"column-9\">Mort des suites de maladie<\/td><td class=\"column-10\">09\/11\/1870<\/td><td class=\"column-11\">21<\/td><td class=\"column-12\">Dijon<\/td><td class=\"column-13\">Liste \u00e9tat-civil Dijon<\/td>\n<\/tr>\n<\/tbody>\n<\/table>\n<!-- #tablepress-4 from cache -->\n\n\n\n<h4 id=\"soldat-non-inscrit-sur-le-monument-aux-morts-dorgueil-mais-inscrit-sur-la-plaque-commemorative-19141918-de-la-commune-dorgueil\" class=\"wp-block-heading has-global-color-14-color has-text-color has-link-color wp-elements-02823ccf638cf70cedfd92b09b67a75a\">Soldat non inscrit sur le monument aux morts d&rsquo;Orgueil mais inscrit sur la plaque comm\u00e9morative 1914-1918 de la commune d&rsquo;orgueil.<\/h4>\n\n\n\n<p>Cette plaque \u00e9tait stock\u00e9e dans le grenier de la mairie, elle a \u00e9t\u00e9 utilis\u00e9e pour les c\u00e9r\u00e9monies m\u00e9morielles pendant les travaux d&rsquo;am\u00e9nagement du centre-bourg (2022 \u00e0 2024), le monument aux morts ayant \u00e9t\u00e9 enlev\u00e9 et remis\u00e9 avant sa remise en place sur la nouvelle place de la mairie. Cette plaque \u00e9tait autrefois dans le cimeti\u00e8re du village.<\/p>\n\n\n\n<table id=\"tablepress-5\" class=\"tablepress tablepress-id-5\">\n<thead>\n<tr class=\"row-1\">\n\t<th class=\"column-1\"><strong>Nom<\/strong><\/th><th class=\"column-2\"><strong>Pr\u00e9noms \u00e9tat-civil<\/strong><\/th><th class=\"column-3\"><strong>Conflit<\/strong><\/th><th class=\"column-4\"><strong>Grade<\/strong><\/th><th class=\"column-5\"><strong>R\u00e9giment<\/strong><\/th><th class=\"column-6\"><strong>Date de naissance<\/strong><\/th><th class=\"column-7\"><strong>D\u00e9partement de naissance<\/strong><\/th><th class=\"column-8\"><strong>Lieu de naissance<\/strong><\/th><th class=\"column-9\"><strong>Genre de mort<\/strong><\/th><th class=\"column-10\"><strong>Date de d\u00e9ces<\/strong><\/th><th class=\"column-11\"><strong>D\u00e9partement de d\u00e9c\u00e8s<\/strong><\/th><th class=\"column-12\"><strong>Commune de d\u00e9c\u00e8s<\/strong><\/th>\n<\/tr>\n<\/thead>\n<tbody class=\"row-striping row-hover\">\n<tr class=\"row-2\">\n\t<td class=\"column-1\"><a href=\"https:\/\/village.jvillain.eu\/histoire\/mplf\/Mazas.aspx\">MAZAS<\/a><\/td><td class=\"column-2\">Arnaud<\/td><td class=\"column-3\">14-18<\/td><td class=\"column-4\">Cavalier<\/td><td class=\"column-5\">12e r\u00e9giment de cuirassiers \u00e0 pied, compagnie hors-rang<\/td><td class=\"column-6\">07\/10\/1885<\/td><td class=\"column-7\">31<\/td><td class=\"column-8\">Fronton<\/td><td class=\"column-9\">Tu\u00e9 \u00e0 l'ennemi<\/td><td class=\"column-10\">6\/12\/1918<\/td><td class=\"column-11\">2<\/td><td class=\"column-12\">Saint-Pierre-Aigle<\/td>\n<\/tr>\n<\/tbody>\n<\/table>\n<!-- #tablepress-5 from cache -->\n\n\n\n<hr class=\"wp-block-separator has-alpha-channel-opacity\"\/>\n\n\n\n<p><em><strong>Si vous avez dans vos documents<\/strong>\u00a0des informations ou des photos sur des soldats morts pour la France visitez le site \u00ab\u00a0<a href=\"http:\/\/www.memorialgenweb.org\/memorial3\/html\/fr\/index.php\" target=\"_blank\" rel=\"noreferrer noopener\">m\u00e9morial-GenWeb<\/a>\u00ab\u00a0, ce site anim\u00e9 par des b\u00e9n\u00e9voles a pour but d&rsquo;honorer tous les \u00ab\u00a0morts pour la France\u00a0\u00bb en mettant en ligne des informations les concernant. La base de travail est le relev\u00e9 des monuments aux morts et des plaques comm\u00e9moratives de toutes les guerres. Si vous voulez participer \u00e0 ce devoir de m\u00e9moire, n&rsquo;h\u00e9sitez pas a relever des informations et \u00e0 les transmettre, vous trouverez toutes les informations sur comment proc\u00e9der sur le site.<\/em><\/p>\n","protected":false},"excerpt":{"rendered":"<p>Un peu d&rsquo;Histoire &#8230; Aux enfants d&rsquo;Orgueil C&rsquo;est pour le bulletin d&rsquo;information de janvier 2005 du village d&rsquo;Orgueil que les premi\u00e8res recherches sur les soldats inscrits sur le monument aux morts du village ont \u00e9t\u00e9 faites. Les informations ont \u00e9t\u00e9 enrichies en 2006, 2008, 2010 et 2024 suite \u00e0 des recherches plus approfondies \u00e0 l&rsquo;aide &#8230; <a title=\"Morts pour la France\" class=\"read-more\" href=\"https:\/\/orgueil82.jvillain.fr\/?page_id=1500\" aria-label=\"En savoir plus sur Morts pour la France\">Lire la suite<\/a><\/p>\n","protected":false},"author":1,"featured_media":0,"parent":1915,"menu_order":3,"comment_status":"closed","ping_status":"closed","template":"","meta":{"_eb_attr":"","pgc_sgb_lightbox_settings":"","footnotes":""},"class_list":["post-1500","page","type-page","status-publish"],"yoast_head":"<!-- This site is optimized with the Yoast SEO plugin v27.5 - https:\/\/yoast.com\/product\/yoast-seo-wordpress\/ -->\n<title>Morts pour la France - Histoire et historique du village d&#039;Orgueil<\/title>\n<meta name=\"robots\" content=\"index, follow, max-snippet:-1, max-image-preview:large, max-video-preview:-1\" \/>\n<link rel=\"canonical\" href=\"https:\/\/orgueil82.jvillain.fr\/?page_id=1500\" \/>\n<meta property=\"og:locale\" content=\"fr_FR\" \/>\n<meta property=\"og:type\" content=\"article\" \/>\n<meta property=\"og:title\" content=\"Morts pour la France - Histoire et historique du village d&#039;Orgueil\" \/>\n<meta property=\"og:description\" content=\"Un peu d&rsquo;Histoire &#8230; Aux enfants d&rsquo;Orgueil C&rsquo;est pour le bulletin d&rsquo;information de janvier 2005 du village d&rsquo;Orgueil que les premi\u00e8res recherches sur les soldats inscrits sur le monument aux morts du village ont \u00e9t\u00e9 faites. Les informations ont \u00e9t\u00e9 enrichies en 2006, 2008, 2010 et 2024 suite \u00e0 des recherches plus approfondies \u00e0 l&rsquo;aide ... Lire la suite\" \/>\n<meta property=\"og:url\" content=\"https:\/\/orgueil82.jvillain.fr\/?page_id=1500\" \/>\n<meta property=\"og:site_name\" content=\"Histoire et historique du village d&#039;Orgueil\" \/>\n<meta property=\"article:modified_time\" content=\"2025-09-08T11:01:02+00:00\" \/>\n<meta name=\"twitter:card\" content=\"summary_large_image\" \/>\n<meta name=\"twitter:label1\" content=\"Dur\u00e9e de lecture estim\u00e9e\" \/>\n\t<meta name=\"twitter:data1\" content=\"5 minutes\" \/>\n<script type=\"application\/ld+json\" class=\"yoast-schema-graph\">{\"@context\":\"https:\\\/\\\/schema.org\",\"@graph\":[{\"@type\":\"WebPage\",\"@id\":\"https:\\\/\\\/orgueil82.jvillain.fr\\\/?page_id=1500\",\"url\":\"https:\\\/\\\/orgueil82.jvillain.fr\\\/?page_id=1500\",\"name\":\"Morts pour la France - Histoire et historique du village d&#039;Orgueil\",\"isPartOf\":{\"@id\":\"https:\\\/\\\/orgueil82.jvillain.fr\\\/#website\"},\"datePublished\":\"2024-12-01T00:13:43+00:00\",\"dateModified\":\"2025-09-08T11:01:02+00:00\",\"breadcrumb\":{\"@id\":\"https:\\\/\\\/orgueil82.jvillain.fr\\\/?page_id=1500#breadcrumb\"},\"inLanguage\":\"fr-FR\",\"potentialAction\":[{\"@type\":\"ReadAction\",\"target\":[\"https:\\\/\\\/orgueil82.jvillain.fr\\\/?page_id=1500\"]}]},{\"@type\":\"BreadcrumbList\",\"@id\":\"https:\\\/\\\/orgueil82.jvillain.fr\\\/?page_id=1500#breadcrumb\",\"itemListElement\":[{\"@type\":\"ListItem\",\"position\":1,\"name\":\"Home\",\"item\":\"https:\\\/\\\/orgueil82.jvillain.fr\\\/\"},{\"@type\":\"ListItem\",\"position\":2,\"name\":\"Histoire et Historique du village d&rsquo;Orgueil\",\"item\":\"https:\\\/\\\/orgueil82.jvillain.fr\\\/\"},{\"@type\":\"ListItem\",\"position\":3,\"name\":\"Monument aux Morts &#8211; Orgueil\",\"item\":\"https:\\\/\\\/orgueil82.jvillain.fr\\\/?page_id=1915\"},{\"@type\":\"ListItem\",\"position\":4,\"name\":\"Morts pour la France\"}]},{\"@type\":\"WebSite\",\"@id\":\"https:\\\/\\\/orgueil82.jvillain.fr\\\/#website\",\"url\":\"https:\\\/\\\/orgueil82.jvillain.fr\\\/\",\"name\":\"Histoire et historique du village d'Orgueil\",\"description\":\"Vivre \u00e0 Orgueil - Tarn-et-Garonne\",\"publisher\":{\"@id\":\"https:\\\/\\\/orgueil82.jvillain.fr\\\/#organization\"},\"potentialAction\":[{\"@type\":\"SearchAction\",\"target\":{\"@type\":\"EntryPoint\",\"urlTemplate\":\"https:\\\/\\\/orgueil82.jvillain.fr\\\/?s={search_term_string}\"},\"query-input\":{\"@type\":\"PropertyValueSpecification\",\"valueRequired\":true,\"valueName\":\"search_term_string\"}}],\"inLanguage\":\"fr-FR\"},{\"@type\":\"Organization\",\"@id\":\"https:\\\/\\\/orgueil82.jvillain.fr\\\/#organization\",\"name\":\"Histoire et historique du village d'Orgueil\",\"url\":\"https:\\\/\\\/orgueil82.jvillain.fr\\\/\",\"logo\":{\"@type\":\"ImageObject\",\"inLanguage\":\"fr-FR\",\"@id\":\"https:\\\/\\\/orgueil82.jvillain.fr\\\/#\\\/schema\\\/logo\\\/image\\\/\",\"url\":\"https:\\\/\\\/orgueil82.jvillain.fr\\\/wp-content\\\/uploads\\\/Orgueil\\\/orgueil3.gif\",\"contentUrl\":\"https:\\\/\\\/orgueil82.jvillain.fr\\\/wp-content\\\/uploads\\\/Orgueil\\\/orgueil3.gif\",\"width\":93,\"height\":62,\"caption\":\"Histoire et historique du village d'Orgueil\"},\"image\":{\"@id\":\"https:\\\/\\\/orgueil82.jvillain.fr\\\/#\\\/schema\\\/logo\\\/image\\\/\"}}]}<\/script>\n<!-- \/ Yoast SEO plugin. -->","yoast_head_json":{"title":"Morts pour la France - Histoire et historique du village d&#039;Orgueil","robots":{"index":"index","follow":"follow","max-snippet":"max-snippet:-1","max-image-preview":"max-image-preview:large","max-video-preview":"max-video-preview:-1"},"canonical":"https:\/\/orgueil82.jvillain.fr\/?page_id=1500","og_locale":"fr_FR","og_type":"article","og_title":"Morts pour la France - Histoire et historique du village d&#039;Orgueil","og_description":"Un peu d&rsquo;Histoire &#8230; Aux enfants d&rsquo;Orgueil C&rsquo;est pour le bulletin d&rsquo;information de janvier 2005 du village d&rsquo;Orgueil que les premi\u00e8res recherches sur les soldats inscrits sur le monument aux morts du village ont \u00e9t\u00e9 faites. Les informations ont \u00e9t\u00e9 enrichies en 2006, 2008, 2010 et 2024 suite \u00e0 des recherches plus approfondies \u00e0 l&rsquo;aide ... Lire la suite","og_url":"https:\/\/orgueil82.jvillain.fr\/?page_id=1500","og_site_name":"Histoire et historique du village d&#039;Orgueil","article_modified_time":"2025-09-08T11:01:02+00:00","twitter_card":"summary_large_image","twitter_misc":{"Dur\u00e9e de lecture estim\u00e9e":"5 minutes"},"schema":{"@context":"https:\/\/schema.org","@graph":[{"@type":"WebPage","@id":"https:\/\/orgueil82.jvillain.fr\/?page_id=1500","url":"https:\/\/orgueil82.jvillain.fr\/?page_id=1500","name":"Morts pour la France - Histoire et historique du village d&#039;Orgueil","isPartOf":{"@id":"https:\/\/orgueil82.jvillain.fr\/#website"},"datePublished":"2024-12-01T00:13:43+00:00","dateModified":"2025-09-08T11:01:02+00:00","breadcrumb":{"@id":"https:\/\/orgueil82.jvillain.fr\/?page_id=1500#breadcrumb"},"inLanguage":"fr-FR","potentialAction":[{"@type":"ReadAction","target":["https:\/\/orgueil82.jvillain.fr\/?page_id=1500"]}]},{"@type":"BreadcrumbList","@id":"https:\/\/orgueil82.jvillain.fr\/?page_id=1500#breadcrumb","itemListElement":[{"@type":"ListItem","position":1,"name":"Home","item":"https:\/\/orgueil82.jvillain.fr\/"},{"@type":"ListItem","position":2,"name":"Histoire et Historique du village d&rsquo;Orgueil","item":"https:\/\/orgueil82.jvillain.fr\/"},{"@type":"ListItem","position":3,"name":"Monument aux Morts &#8211; Orgueil","item":"https:\/\/orgueil82.jvillain.fr\/?page_id=1915"},{"@type":"ListItem","position":4,"name":"Morts pour la France"}]},{"@type":"WebSite","@id":"https:\/\/orgueil82.jvillain.fr\/#website","url":"https:\/\/orgueil82.jvillain.fr\/","name":"Histoire et historique du village d'Orgueil","description":"Vivre \u00e0 Orgueil - Tarn-et-Garonne","publisher":{"@id":"https:\/\/orgueil82.jvillain.fr\/#organization"},"potentialAction":[{"@type":"SearchAction","target":{"@type":"EntryPoint","urlTemplate":"https:\/\/orgueil82.jvillain.fr\/?s={search_term_string}"},"query-input":{"@type":"PropertyValueSpecification","valueRequired":true,"valueName":"search_term_string"}}],"inLanguage":"fr-FR"},{"@type":"Organization","@id":"https:\/\/orgueil82.jvillain.fr\/#organization","name":"Histoire et historique du village d'Orgueil","url":"https:\/\/orgueil82.jvillain.fr\/","logo":{"@type":"ImageObject","inLanguage":"fr-FR","@id":"https:\/\/orgueil82.jvillain.fr\/#\/schema\/logo\/image\/","url":"https:\/\/orgueil82.jvillain.fr\/wp-content\/uploads\/Orgueil\/orgueil3.gif","contentUrl":"https:\/\/orgueil82.jvillain.fr\/wp-content\/uploads\/Orgueil\/orgueil3.gif","width":93,"height":62,"caption":"Histoire et historique du village d'Orgueil"},"image":{"@id":"https:\/\/orgueil82.jvillain.fr\/#\/schema\/logo\/image\/"}}]}},"featured_image_src":null,"featured_image_src_square":null,"_links":{"self":[{"href":"https:\/\/orgueil82.jvillain.fr\/index.php?rest_route=\/wp\/v2\/pages\/1500","targetHints":{"allow":["GET"]}}],"collection":[{"href":"https:\/\/orgueil82.jvillain.fr\/index.php?rest_route=\/wp\/v2\/pages"}],"about":[{"href":"https:\/\/orgueil82.jvillain.fr\/index.php?rest_route=\/wp\/v2\/types\/page"}],"author":[{"embeddable":true,"href":"https:\/\/orgueil82.jvillain.fr\/index.php?rest_route=\/wp\/v2\/users\/1"}],"replies":[{"embeddable":true,"href":"https:\/\/orgueil82.jvillain.fr\/index.php?rest_route=%2Fwp%2Fv2%2Fcomments&post=1500"}],"version-history":[{"count":0,"href":"https:\/\/orgueil82.jvillain.fr\/index.php?rest_route=\/wp\/v2\/pages\/1500\/revisions"}],"up":[{"embeddable":true,"href":"https:\/\/orgueil82.jvillain.fr\/index.php?rest_route=\/wp\/v2\/pages\/1915"}],"wp:attachment":[{"href":"https:\/\/orgueil82.jvillain.fr\/index.php?rest_route=%2Fwp%2Fv2%2Fmedia&parent=1500"}],"curies":[{"name":"wp","href":"https:\/\/api.w.org\/{rel}","templated":true}]}}