{"id":1706,"date":"2025-08-15T15:34:11","date_gmt":"2025-08-15T13:34:11","guid":{"rendered":"https:\/\/orgueil82.jvillain.fr\/?page_id=1706"},"modified":"2025-09-25T00:03:14","modified_gmt":"2025-09-24T22:03:14","slug":"histoire-du-village-dorgueil-tarn-et-garonne","status":"publish","type":"page","link":"https:\/\/orgueil82.jvillain.fr\/?page_id=1706","title":{"rendered":"Histoire du Village d&rsquo;Orgueil &#8211; Tarn-et-Garonne"},"content":{"rendered":"\n<h2 id=\"orgueil-tarnetgaronne\" class=\"wp-block-heading has-text-align-center has-vertorg-color has-text-color has-link-color wp-elements-03cb83e780fc758ff74bf934969da60c\"><strong>ORGUEIL &#8211; Tarn-et-Garonne<\/strong><\/h2>\n\n\n\n<h3 id=\"histoire-dun-village-rural\" class=\"wp-block-heading has-text-align-center has-accent-color has-text-color has-link-color wp-elements-c522bd743bb067497749842517da28e1\" style=\"font-style:normal;font-weight:600;text-decoration:underline\">Histoire d&rsquo;un village rural<\/h3>\n\n\n\n<p>Au 9e si\u00e8cle on trouve d\u00e9j\u00e0 trace du village d\u2019Orgueil. Cette paroisse d\u00e9pend alors de l\u2019abbaye de Saint-Sernin de Toulouse. Vers 1135 la paroisse est donn\u00e9e par Pierre-Raymond de Saint-Audard aux&nbsp;<a href=\"https:\/\/www.2a31.net\/pb_numerisees\/pb_175_txt.pdf\" target=\"_blank\" rel=\"noreferrer noopener\">Hospitaliers de Fronton<\/a>&nbsp;qui en font une sauvet\u00e9. A l\u2019\u00e9poque le Tarn est une rivi\u00e8re navigable et Orgueil est un asile s\u00fbr construit sur les bords du Tarn, en bas de la colline o\u00f9 il est situ\u00e9 actuellement. Vers 1196 le seigneur Sicard de Villemur fait don aux Hospitaliers de Fronton de ses droits sur la chauss\u00e9e d&rsquo;Orgueil.<\/p>\n\n\n\n<p>En 1211 Simon de Montfort met \u00e0 feu et \u00e0 sang les terres occitanes. Orgueil appartient alors au Comt\u00e9 de Toulouse. Quand le Roi de France prend possession du Comt\u00e9 de Toulouse, Orgueil devient une bastide, quitte le Comt\u00e9 de Toulouse et est dot\u00e9e d\u2019une charte de coutumes. Orgueil est cependant toujours la propri\u00e9t\u00e9 des Chevaliers de Saint Jean, moines hospitaliers, il devient une commanderie de l\u2019ordre. En 1268 le Grand-prieur de Saint-Gilles, Feraud de Baras, acc\u00e8de \u00e0 la demande des consuls d&rsquo;Orgueil et octroit \u00e0 Orgueil les m\u00eames coutumes que celles dont dispose Fronton depuis 1248. En 1259 une forge banale est construite dans le village et le Grand-prieur, Guillaume de Villaret, en dresse la r\u00e9glementation.<br>La circulation sur le Tarn, les moulins et la p\u00eache sont les principales ressources de la commanderie de Fronton. En 1298 un moulin est \u00e9tabli \u00e0 Orgueil et en 1332 un port, l&rsquo;autorisation royale de construction du port avait \u00e9t\u00e9 donn\u00e9e \u00e0 la condition que soit entrenu un passage pour les pi\u00e9tons et un bac pour les charrettes.<br>Les hospitaliers avaient achet\u00e9 le monopole de la p\u00eache effectu\u00e9e \u00e0 la chauss\u00e9e d&rsquo;Orgueil.<\/p>\n\n\n\n<p>Au d\u00e9but du 15e si\u00e8cle le village sera fortifi\u00e9 pour faire face aux attaques des routiers (brigands) qui d\u00e9vastent r\u00e9guli\u00e8rement la contr\u00e9e.<\/p>\n\n\n\n<p>Les guerres de religions verront plusieurs fois la destruction du village et le nom du village apparait tr\u00e8s souvent dans les annales de l&rsquo;\u00e9poque (entre 1573 et 1680), la garnison de Montauban semblant vouloir \u00e0 tout prix conqu\u00e9rir le village du fait de sa situation sur le Tarn.<\/p>\n\n\n\n<p>Apr\u00e8s une dernier attaque encore plus d\u00e9vastatrice, le village se reconstruit sur la colline, pr\u00e8s du cimeti\u00e8re actuel o\u00f9 on trouve trace d\u2019une nouvelle \u00e9glise vers 1680 (<a href=\"https:\/\/orgueil82.jvillain.fr\/?page_id=230\" target=\"_blank\" rel=\"noreferrer noopener\">voir la page de l&rsquo;histoire de l&rsquo;\u00e9glise<\/a>). La paroisse d\u00e9pend alors de nouveau de l\u2019archev\u00each\u00e9 de Toulouse apr\u00e8s avoir \u00e9t\u00e9 rattach\u00e9e au dioc\u00e8se de Montauban lors de la cr\u00e9ation de celui-ci en 1317 par le pape Jean XXII.<\/p>\n\n\n\n<p>La rivi\u00e8re Tarn est alors un axe important de communication et de commerce. Orgueil poss\u00e8de un port, des passeurs font traverser la rivi\u00e8re, des moulins utilisent la force de l\u2019eau.<br>L\u2019activit\u00e9 du village d\u2019Orgueil est d\u00e9j\u00e0 tourn\u00e9e vers le vin. Descendant le Tarn, des bateaux transportent les r\u00e9coltes vers Bordeaux et puis l\u2019Angleterre.<br>Le village abrite alors plusieurs briqueteries qui engendrent des trafics fluviaux pour le commerce des briques mais aussi pour le charbon n\u00e9cessaire aux fours.<\/p>\n\n\n\n<p>Pendant la r\u00e9volution, Orgueil conservera son activit\u00e9 agricole et on ne relate pas de troubles particuliers sur le territoire de la commune.<\/p>\n\n\n\n<p>Le 19e si\u00e8cle est le si\u00e8cle des progr\u00e8s m\u00e9caniques et les axes de communication terrestres se d\u00e9veloppent. En 1840, la nationale 13 relie Montauban \u00e0 Castres. En 1872 le chemin de fer relie Montauban \u00e0 Saint-Sulpice (Tarn), le trafic sur la rivi\u00e8re baisse inexorablement et le village d\u2019Orgueil d\u00e9m\u00e9nage une troisi\u00e8me fois pour se rapprocher de la route nationale et de la voie ferr\u00e9e, nouvelles voies de commerce et de communication.<br>Sortent alors de terre une nouvelle \u00e9glise, une Mairie-\u00e9cole et le village se d\u00e9veloppe le long de la route nationale o\u00f9 il regarde encore et toujours passer les gens press\u00e9s, m\u00eame si la route est devenue d\u00e9partementale.<\/p>\n\n\n\n<p>La rivi\u00e8re Tarn est d\u00e9laiss\u00e9e, les m\u00e9tiers li\u00e9s \u00e0 l\u2019eau disparaissent peu \u00e0 peu: un pont est construit pour traverser la rivi\u00e8re entre Orgueil et Reyni\u00e8s faisant dispara\u00eetre les passeurs, le train remplace les p\u00e9niches et le chemin de halage ne sert plus aux chevaux. Orgueil va rentrer dans le 20e si\u00e8cle.<\/p>\n\n\n\n<div class=\"wp-block-media-text is-stacked-on-mobile\" style=\"grid-template-columns:27% auto\"><figure class=\"wp-block-media-text__media\"><a href=\"https:\/\/orgueil82.jvillain.fr\/wp-content\/uploads\/Orgueil\/meteorite.jpg\"><img width=\"371\" height=\"254\"  alt=\"\" class=\"wp-image-1707 size-full lws-optimize-lazyload\"\/ data-src=\"https:\/\/orgueil82.jvillain.fr\/wp-content\/uploads\/Orgueil\/meteorite.jpg\" srcset=\"https:\/\/orgueil82.jvillain.fr\/wp-content\/uploads\/Orgueil\/meteorite.jpg 371w, https:\/\/orgueil82.jvillain.fr\/wp-content\/uploads\/Orgueil\/meteorite-300x205.jpg 300w\" sizes=\"(max-width: 371px) 100vw, 371px\" \/><\/a><\/figure><div class=\"wp-block-media-text__content\">\n<p><strong>Le 19e si\u00e8cle a cependant fait rentrer le village d\u2019Orgueil dans l\u2019histoire<\/strong>,&nbsp;faisant de son nom un nom utilis\u00e9 par des dizaines de scientifiques, qui ne doivent pas toujours savoir o\u00f9 ce trouve ce village. En effet le 14 mai 1864 une m\u00e9t\u00e9orite rare, 7 de ce type connues dans le monde, est tomb\u00e9e sur le territoire de la commune. Cette m\u00e9t\u00e9orite, que la municipalit\u00e9 a immortalis\u00e9 par un monument \u00e0 l\u2019entr\u00e9e du village, est connue sous le nom d\u2019Orgueil et dans les articles scientifiques on lit souvent : \u00ab Orgueil est \u2026 \u00bb pour d\u00e9signer la m\u00e9t\u00e9orite qui arriva avec de l\u2019eau sur terre, a commenc\u00e9 sa course alors que la terre n\u2019existait probablement pas, contient des diamants et des traces d\u2019acides amin\u00e9s pouvant faire esp\u00e9rer que la vie existe ailleurs (tous les liens et plus d\u2019explications sur la page \u00ab\u00a0<a href=\"https:\/\/jvillain.fr\/?page_id=1077\" target=\"_blank\" rel=\"noreferrer noopener\">m\u00e9t\u00e9orite<\/a>\u00a0\u00bb de ce site WEB). <br>La commune a \u00e9rig\u00e9 en 2002 un monument \u00e0 l&rsquo;entr\u00e9e du village (en venant de Labastide-Saint-Pierre), sur le rond-point \u00e0 c\u00f4t\u00e9 du nouveau groupe scolaire.<br>Il existe un autre monument comm\u00e9morant la chute de la m\u00e9t\u00e9orite, il est situ\u00e9 \u00e0 l&rsquo;entr\u00e9e du village cot\u00e9 Nohic, ce monument fut \u00e9rig\u00e9 en 1964 par la commune pour f\u00eater le centenaire de la chute de la m\u00e9t\u00e9orite.<\/p>\n<\/div><\/div>\n\n\n\n<p>Le 20e si\u00e8cle va voir \u00e9voluer le village vers ce qu\u2019il est aujourd\u2019hui en ce d\u00e9but du 21e si\u00e8cle.<\/p>\n\n\n\n<p>Au d\u00e9but du 20e si\u00e8cle Orgueil est une commune agricole, essentiellement viticole. Comme partout en France, les grandes propri\u00e9t\u00e9s disparaissent peu \u00e0 peu, il est difficile de trouver de la main d\u2019\u0153uvre chacun cultivant un petit terrain. <\/p>\n\n\n\n<div class=\"wp-block-media-text has-media-on-the-right is-stacked-on-mobile\" style=\"grid-template-columns:auto 15%\"><div class=\"wp-block-media-text__content\">\n<p>La grande guerre r\u00e9duira encore plus cette main d\u2019\u0153uvre et le village comme tous les villages de France payera un lourd tribu \u00e0 cette dr\u00f4le de guerre, le monument au centre du village livre les noms de ces jeunes hommes morts pour la France (visitez les pages consacr\u00e9es au monument aux morts et aux noms grav\u00e9s \u00e0 jamais sur celui-ci en cliquant&nbsp;<a href=\"https:\/\/village.jvillain.eu\/histoire\/mam1.aspx\" target=\"_blank\" rel=\"noreferrer noopener\">ICI<\/a>).<\/p>\n<\/div><figure class=\"wp-block-media-text__media\"><a href=\"https:\/\/orgueil82.jvillain.fr\/wp-content\/uploads\/Orgueil\/Orgueil_82_MAM_fronton.jpg\"><img width=\"217\" height=\"336\"  alt=\"\" class=\"wp-image-1710 size-full lws-optimize-lazyload\"\/ data-src=\"https:\/\/orgueil82.jvillain.fr\/wp-content\/uploads\/Orgueil\/Orgueil_82_MAM_fronton.jpg\" srcset=\"https:\/\/orgueil82.jvillain.fr\/wp-content\/uploads\/Orgueil\/Orgueil_82_MAM_fronton.jpg 217w, https:\/\/orgueil82.jvillain.fr\/wp-content\/uploads\/Orgueil\/Orgueil_82_MAM_fronton-194x300.jpg 194w\" sizes=\"(max-width: 217px) 100vw, 217px\" \/><\/a><\/figure><\/div>\n\n\n\n<div style=\"height:13px\" aria-hidden=\"true\" class=\"wp-block-spacer\"><\/div>\n\n\n\n<p>Il y aura la crue du Tarn en 1930, la guerre encore une fois mais plus proche du village, la France \u00e9tant enti\u00e8rement occup\u00e9e. A Orgueil se sont install\u00e9s des allemands, ils avaient m\u00eame mis en place un parcours de sport l\u00e0 o\u00f9 se trouve actuellement le panneau de basket.<\/p>\n\n\n\n<p>Apr\u00e8s cette guerre, le progr\u00e8s envahit la vie courante et le village \u00e9volue. Dans les ann\u00e9es 50, on trouve dans le village des commerces, une forge, \u2026, des immigrants s\u2019installent, les ann\u00e9es 60 passent tr\u00e8s vite.<\/p>\n\n\n\n<p>A partir des ann\u00e9es 70, les commerces disparaissent peu \u00e0 peu, les ann\u00e9es 80 les verront dispara\u00eetre totalement comme disparaissent peu \u00e0 peu les exploitations agricoles. Pourtant le village continue \u00e0 se d\u00e9velopper et la population augmente inexorablement: 535 habitants en 1915, 630 en 1982, 823 en 1990, 1000 en 1995.<br>Le nouveau si\u00e8cle va voir cette population augmenter encore: 1149 habitants en 2001, 1165 en octobre 2002, 1241 en 2006, 1335 en 2008, 1425 en 2010, 1485 en 2013, 1544 en 2014 et&nbsp;1610&nbsp;en 2016&nbsp;(consultez le site de l&rsquo;<a href=\"https:\/\/www.insee.fr\/fr\/statistiques\/2011101?geo=COM-82136\" target=\"_blank\" rel=\"noreferrer noopener\">INSEE<\/a>&nbsp;pour plus d&rsquo;informations). Plus de 46% d&rsquo;augmentation en vingt ans, un taux de progression annuel de plus 2% et m\u00eame de 3,4% sur les 10 derni\u00e8res ann\u00e9es! 473 foyers permanents composent le village.<br>En 2007 sur la demande imp\u00e9rative de La Poste et des services de secours d\u00e9partementaux, la municipalit\u00e9 a donn\u00e9 des noms aux rues et routes du village et chaque maison s&rsquo;est vue affecter un num\u00e9ro,&nbsp;Orgueil rentre dans l&rsquo;\u00e8re moderne.<\/p>\n\n\n\n<p>Pour qu\u2019un village vive, il faut que des jeunes s\u2019installent et c&rsquo;est le cas, 80% de la population a moins de 60 ans et 60% moins de 44 ans.&nbsp;Pour preuve il suffit de regarder les effectifs de l\u2019Ecole Primaire : 25 \u00e9l\u00e8ves en 1984, 41 en 1988, 75 en 1990, 89 en 1992, 91 en 1995, 109 en 1996, 126 en 1997, 143 en 1999, 150 en 2000, 160 en 2001, 176 en 2002. La rentr\u00e9e 2002 avait vu l&rsquo;ouverture de la 7\u00e8me classe, c&rsquo;\u00e9tait la cinqui\u00e8me ouverture de classe depuis 1989. Pour accueillir les enfants un nouveau groupe scolaire est alors sorti de terre (voir les photos dans l\u2019<a href=\"https:\/\/village.jvillain.eu\/albphotos.aspx\" target=\"_blank\" rel=\"noreferrer noopener\">album photo<\/a>&nbsp;disponible sur ce site).<\/p>\n\n\n<div class=\"wp-block-image\">\n<figure class=\"aligncenter size-full is-resized\"><a href=\"https:\/\/orgueil82.jvillain.fr\/wp-content\/uploads\/Orgueil\/histor2.jpg\"><img width=\"1130\" height=\"340\"  alt=\"\" class=\"wp-image-1709 lws-optimize-lazyload\" style=\"width:392px;height:auto\"\/ data-src=\"https:\/\/orgueil82.jvillain.fr\/wp-content\/uploads\/Orgueil\/histor2.jpg\" srcset=\"https:\/\/orgueil82.jvillain.fr\/wp-content\/uploads\/Orgueil\/histor2.jpg 1130w, https:\/\/orgueil82.jvillain.fr\/wp-content\/uploads\/Orgueil\/histor2-300x90.jpg 300w, https:\/\/orgueil82.jvillain.fr\/wp-content\/uploads\/Orgueil\/histor2-768x231.jpg 768w\" sizes=\"(max-width: 1130px) 100vw, 1130px\" \/><\/a><\/figure>\n<\/div>\n\n\n<p>Malgr\u00e9 les probl\u00e8mes r\u00e9currents pour une petite commune pour trouver de l&rsquo;argent, ce nouveau groupe a pu s&rsquo;agrandir. En 2006, une classe suppl\u00e9mentaire a pu \u00eatre construite, ainsi \u00e0 la rentr\u00e9e scolaire 2006\/2007 l&rsquo;ensemble des classes maternelles, soit 85 enfants, avait \u00e9t\u00e9 regroup\u00e9 dans le nouveau groupe scolaire. L&rsquo;ann\u00e9e 2007 devait voir le d\u00e9but de la troisi\u00e8me tranche des travaux qui aurait permis de construire une cantine scolaire, les finances de la commune ne l&rsquo;ont pas permis et cette tranche a \u00e9t\u00e9 r\u00e9alis\u00e9e \u00e0 partir de 2009. Deux autres transches de travaux ont \u00e9t\u00e9 faites \u00e0 partir de 2015 et des am\u00e9nagements tel qu&rsquo;un parking pour le personnel a \u00e9t\u00e9 r\u00e9alis\u00e9 en 2017.<br>A la rentr\u00e9e scolaire 2006\/2007 179 enfants fr\u00e9quentaient l&rsquo;\u00e9cole publique d&rsquo;Orgueil et \u00e0 la rentr\u00e9e scolaire 2007\/2008 175 enfants \u00e9taient pr\u00e9sents. Depuis 2009 avec les nouveaux arrivants les effectifs se remettent \u00e0 progresser, \u00e0 la rentr\u00e9e scolaire 2010-2011 182 \u00e9l\u00e8ves fr\u00e9quentaient l&rsquo;\u00e9cole et une&nbsp;huiti\u00e8me classe a ouvert ses portes.&nbsp;Cette huiti\u00e8me classe a \u00e9t\u00e9 confirm\u00e9e \u00e0 la rentr\u00e9e 2011-2012 les effectifs \u00e9tant encore en augmentation mais a ferm\u00e9 \u00e0 la rentr\u00e9e 2012-2013, mais elle reverra peut \u00eatre le jour, \u00e0 la rentr\u00e9e 2018 ou 2019 les effectifs \u00e9tait de nouveau en augmentation.<\/p>\n\n\n\n<p>Pour disposer de logements, Orgueil a travaill\u00e9 avec les offices HLM qui en 1985 ont r\u00e9habilit\u00e9 une ancienne ferme pour am\u00e9nager 4 logements et construit autour du b\u00e2timent 10 logements sociaux en pavillons.<br>En 1992, une deuxi\u00e8me tranche de travaux permettait de construire 5 villas individuelles dans le lotissement et en 1999 5 pavillons H.L.M suppl\u00e9mentaires sortaient de terre. Ces logements sociaux agr\u00e9ables \u00e0 vivre ont fait s\u2019implanter des familles jeunes et actives.<br>Le nouveau si\u00e8cle a d\u00e9marr\u00e9 avec la construction de lotissements priv\u00e9s : en 2007 deux lotissements priv\u00e9s ont cr\u00e9\u00e9 30 lots constructibles, en 2008 deux autres lotissements ont vu le jour et d&rsquo;autres vont arriver. La municipalit\u00e9 actuelle a d\u00e9mmar\u00e9 un chantier de concertations avec les habitants pour l&rsquo;am\u00e9nagement du centre bourg.<br>En 2018 des travaux de r\u00e9habilitation de la maison Mah\u00e9-N\u00e8gre, situ\u00e9e entre le caf\u00e9 et l&rsquo;\u00e9glise, ont \u00e9t\u00e9 effectu\u00e9s avec Tarn-et-Garonne Habitat amenant la cr\u00e9ation de trois logements et de trois espaces professionnels en rez de chauss\u00e9e.<\/p>\n\n\n\n<p>En 2018-2019, sous l&rsquo;impulsion de Madame Catherine VILLAIN, maire d&rsquo;Orgueil, une grande consultation a \u00e9t\u00e9 organis\u00e9e aupr\u00e8s des habitants pour \u00e9tablir comment devait se transformer le centre bourg : r\u00e9unions publiques, discussions, associations des enfants des \u00e9coles. Le nouveau visage du centre bourg s&rsquo;est ainsi dessin\u00e9, le projet sera port\u00e9 par la nouvelle municipalit\u00e9 apr\u00e8s 2021. Et ainsi en 2023 et 2024 le centre du village a \u00e9t\u00e9 r\u00e9nov\u00e9 : les b\u00e2timents des ann\u00e9es 50 de l&rsquo;\u00e9cole ont \u00e9t\u00e9 d\u00e9truits, le b\u00e2timent mairie-\u00e9cole a \u00e9t\u00e9 r\u00e9nov\u00e9 et la Mairie y a \u00e9t\u00e9 install\u00e9, le monument aux morts a \u00e9t\u00e9 d\u00e9plac\u00e9, une place a \u00e9t\u00e9 r\u00e9alis\u00e9 entre la mairie et l&rsquo;\u00e9glise, &#8230;. (<a href=\"https:\/\/orgueil82.jvillain.fr\/?p=1613\" target=\"_blank\" rel=\"noreferrer noopener\">voir cet article<\/a>)<\/p>\n\n\n\n<div class=\"wp-block-media-text is-stacked-on-mobile\" style=\"grid-template-columns:45% auto\"><figure class=\"wp-block-media-text__media\"><a href=\"https:\/\/orgueil82.jvillain.fr\/wp-content\/uploads\/14062025-inauguration\/carretou\/P1010193-scaled.jpg\"><img width=\"2048\" height=\"1538\"  alt=\"\" class=\"wp-image-1668 size-full lws-optimize-lazyload\"\/ data-src=\"https:\/\/orgueil82.jvillain.fr\/wp-content\/uploads\/14062025-inauguration\/carretou\/P1010193-2048x1538.jpg\" srcset=\"https:\/\/orgueil82.jvillain.fr\/wp-content\/uploads\/14062025-inauguration\/carretou\/P1010193-2048x1538.jpg 2048w, https:\/\/orgueil82.jvillain.fr\/wp-content\/uploads\/14062025-inauguration\/carretou\/P1010193-300x225.jpg 300w, https:\/\/orgueil82.jvillain.fr\/wp-content\/uploads\/14062025-inauguration\/carretou\/P1010193-768x577.jpg 768w, https:\/\/orgueil82.jvillain.fr\/wp-content\/uploads\/14062025-inauguration\/carretou\/P1010193-1536x1153.jpg 1536w\" sizes=\"(max-width: 2048px) 100vw, 2048px\" \/><\/a><\/figure><div class=\"wp-block-media-text__content\">\n<p>C&rsquo;est aussi pendant le mandat de madame Catherine VILLAIN que le magasin de producteurs Les Saveurs du Carretou s&rsquo;est install\u00e9 \u00e0 Orgueil. Madame le Maire ayant compris que la fermeture du Pont de Reyni\u00e8s pour r\u00e9novation entrainait un souci pour le magasin install\u00e9 \u00e0 Reyni\u00e8s a contact\u00e9 l&rsquo;association de producteurs pour leur proposer un local \u00e0 Orgueil pour installer un magasin, cela pouvait permettre aux clients habituels se rendant \u00e0 Montauban de continuer \u00e0 trouver le magasin sur leur chemin. Et s&rsquo;est ainsi que Madame le maire a d\u00e9marr\u00e9 un partenariat avec Les Saveurs du Carretou, le petit local a d\u00e9m\u00e9nag\u00e9 dans l&rsquo;ancienne ferme Jolibert pour offrir un espace plus grand et un parking et en 2024 continuant la collaboration la nouvelle municipalit\u00e9 a r\u00e9alis\u00e9 un b\u00e2timent commercial tout neuf.<\/p>\n<\/div><\/div>\n\n\n\n<div style=\"height:12px\" aria-hidden=\"true\" class=\"wp-block-spacer\"><\/div>\n\n\n\n<p>Orgueil est toujours une commune rurale, en pleine zone de l\u2019AOC c\u00f4tes du Frontonnais, mais la majorit\u00e9 de sa population travaille en dehors du village: Orgueil est situ\u00e9 dans le bassin de population desservant Toulouse, qui n\u2019est qu\u2019\u00e0 40 kilom\u00e8tres, et Montauban, situ\u00e9 \u00e0 moins de 20 kilom\u00e8tres.<br>Cet \u00e9quilibre entre ville et monde rural a \u00e9t\u00e9 mis en p\u00e9ril pendant un temps par des projets d&rsquo;a\u00e9roport mais la population s&rsquo;est mobilis\u00e9e comme toutes celles des communes concern\u00e9es par ces projets d&rsquo;a\u00e9roports (8 sites potentiels autour de Toulouse!) et le projet a \u00e9t\u00e9 stopp\u00e9, esp\u00e9rons qu&rsquo;il l&rsquo;est d\u00e9finitivement.<\/p>\n\n\n\n<p>L&rsquo;agriculture survivra t elle r\u00e9ellement dans ce nouveau si\u00e8cle, il est de plus en plus difficile de trouver des jeunes qui veulent s&rsquo;installer et ceux qui essayent n&rsquo;ont pas toujours mesur\u00e9 l&rsquo;effort n\u00e9cessaire pour vivre de la vigne et des autres cultures. Esp\u00e9rons pourtant que notre village ne deviendra pas un village dortoir. Il a pour l&rsquo;instant d&rsquo;autres challenges \u00e0 relever : faire face \u00e0 la croissance d\u00e9mographique et aux nouveaux besoins des populations jeunes. Il va devoir passer de village \u00e0 une petite ville moderne dans un contexte \u00e9conomique qui entra\u00eenera un d\u00e9sengagement toujours plus grand de l&rsquo;\u00e9tat et demandera donc de financer les travaux sur le budget propre du village, un vrai challenge pour le futur.<\/p>\n","protected":false},"excerpt":{"rendered":"<p>ORGUEIL &#8211; Tarn-et-Garonne Histoire d&rsquo;un village rural Au 9e si\u00e8cle on trouve d\u00e9j\u00e0 trace du village d\u2019Orgueil. Cette paroisse d\u00e9pend alors de l\u2019abbaye de Saint-Sernin de Toulouse. Vers 1135 la paroisse est donn\u00e9e par Pierre-Raymond de Saint-Audard aux&nbsp;Hospitaliers de Fronton&nbsp;qui en font une sauvet\u00e9. A l\u2019\u00e9poque le Tarn est une rivi\u00e8re navigable et Orgueil est &#8230; <a title=\"Histoire du Village d&rsquo;Orgueil &#8211; Tarn-et-Garonne\" class=\"read-more\" href=\"https:\/\/orgueil82.jvillain.fr\/?page_id=1706\" aria-label=\"En savoir plus sur Histoire du Village d&rsquo;Orgueil &#8211; Tarn-et-Garonne\">Lire la suite<\/a><\/p>\n","protected":false},"author":1,"featured_media":0,"parent":707,"menu_order":1,"comment_status":"closed","ping_status":"closed","template":"","meta":{"_eb_attr":"","pgc_sgb_lightbox_settings":"","footnotes":""},"class_list":["post-1706","page","type-page","status-publish"],"yoast_head":"<!-- This site is optimized with the Yoast SEO plugin v27.5 - https:\/\/yoast.com\/product\/yoast-seo-wordpress\/ -->\n<title>Histoire du Village d&#039;Orgueil - Tarn-et-Garonne - Histoire et historique du village d&#039;Orgueil<\/title>\n<meta name=\"robots\" content=\"index, follow, max-snippet:-1, max-image-preview:large, max-video-preview:-1\" \/>\n<link rel=\"canonical\" href=\"https:\/\/orgueil82.jvillain.fr\/?page_id=1706\" \/>\n<meta property=\"og:locale\" content=\"fr_FR\" \/>\n<meta property=\"og:type\" content=\"article\" \/>\n<meta property=\"og:title\" content=\"Histoire du Village d&#039;Orgueil - Tarn-et-Garonne - Histoire et historique du village d&#039;Orgueil\" \/>\n<meta property=\"og:description\" content=\"ORGUEIL &#8211; Tarn-et-Garonne Histoire d&rsquo;un village rural Au 9e si\u00e8cle on trouve d\u00e9j\u00e0 trace du village d\u2019Orgueil. Cette paroisse d\u00e9pend alors de l\u2019abbaye de Saint-Sernin de Toulouse. Vers 1135 la paroisse est donn\u00e9e par Pierre-Raymond de Saint-Audard aux&nbsp;Hospitaliers de Fronton&nbsp;qui en font une sauvet\u00e9. A l\u2019\u00e9poque le Tarn est une rivi\u00e8re navigable et Orgueil est ... Lire la suite\" \/>\n<meta property=\"og:url\" content=\"https:\/\/orgueil82.jvillain.fr\/?page_id=1706\" \/>\n<meta property=\"og:site_name\" content=\"Histoire et historique du village d&#039;Orgueil\" \/>\n<meta property=\"article:modified_time\" content=\"2025-09-24T22:03:14+00:00\" \/>\n<meta property=\"og:image\" content=\"https:\/\/orgueil82.jvillain.fr\/wp-content\/uploads\/Orgueil\/meteorite.jpg\" \/>\n\t<meta property=\"og:image:width\" content=\"371\" \/>\n\t<meta property=\"og:image:height\" content=\"254\" \/>\n\t<meta property=\"og:image:type\" content=\"image\/jpeg\" \/>\n<meta name=\"twitter:card\" content=\"summary_large_image\" \/>\n<meta name=\"twitter:label1\" content=\"Dur\u00e9e de lecture estim\u00e9e\" \/>\n\t<meta name=\"twitter:data1\" content=\"13 minutes\" \/>\n<script type=\"application\/ld+json\" class=\"yoast-schema-graph\">{\"@context\":\"https:\\\/\\\/schema.org\",\"@graph\":[{\"@type\":\"WebPage\",\"@id\":\"https:\\\/\\\/orgueil82.jvillain.fr\\\/?page_id=1706\",\"url\":\"https:\\\/\\\/orgueil82.jvillain.fr\\\/?page_id=1706\",\"name\":\"Histoire du Village d'Orgueil - Tarn-et-Garonne - Histoire et historique du village d&#039;Orgueil\",\"isPartOf\":{\"@id\":\"https:\\\/\\\/orgueil82.jvillain.fr\\\/#website\"},\"primaryImageOfPage\":{\"@id\":\"https:\\\/\\\/orgueil82.jvillain.fr\\\/?page_id=1706#primaryimage\"},\"image\":{\"@id\":\"https:\\\/\\\/orgueil82.jvillain.fr\\\/?page_id=1706#primaryimage\"},\"thumbnailUrl\":\"https:\\\/\\\/orgueil82.jvillain.fr\\\/wp-content\\\/uploads\\\/Orgueil\\\/meteorite.jpg\",\"datePublished\":\"2025-08-15T13:34:11+00:00\",\"dateModified\":\"2025-09-24T22:03:14+00:00\",\"breadcrumb\":{\"@id\":\"https:\\\/\\\/orgueil82.jvillain.fr\\\/?page_id=1706#breadcrumb\"},\"inLanguage\":\"fr-FR\",\"potentialAction\":[{\"@type\":\"ReadAction\",\"target\":[\"https:\\\/\\\/orgueil82.jvillain.fr\\\/?page_id=1706\"]}]},{\"@type\":\"ImageObject\",\"inLanguage\":\"fr-FR\",\"@id\":\"https:\\\/\\\/orgueil82.jvillain.fr\\\/?page_id=1706#primaryimage\",\"url\":\"https:\\\/\\\/orgueil82.jvillain.fr\\\/wp-content\\\/uploads\\\/Orgueil\\\/meteorite.jpg\",\"contentUrl\":\"https:\\\/\\\/orgueil82.jvillain.fr\\\/wp-content\\\/uploads\\\/Orgueil\\\/meteorite.jpg\",\"width\":371,\"height\":254},{\"@type\":\"BreadcrumbList\",\"@id\":\"https:\\\/\\\/orgueil82.jvillain.fr\\\/?page_id=1706#breadcrumb\",\"itemListElement\":[{\"@type\":\"ListItem\",\"position\":1,\"name\":\"Home\",\"item\":\"https:\\\/\\\/orgueil82.jvillain.fr\\\/\"},{\"@type\":\"ListItem\",\"position\":2,\"name\":\"Histoire et Historique du village d&rsquo;Orgueil\",\"item\":\"https:\\\/\\\/orgueil82.jvillain.fr\\\/\"},{\"@type\":\"ListItem\",\"position\":3,\"name\":\"Histoire du Village d&rsquo;Orgueil &#8211; Tarn-et-Garonne\"}]},{\"@type\":\"WebSite\",\"@id\":\"https:\\\/\\\/orgueil82.jvillain.fr\\\/#website\",\"url\":\"https:\\\/\\\/orgueil82.jvillain.fr\\\/\",\"name\":\"Histoire et historique du village d'Orgueil\",\"description\":\"Vivre \u00e0 Orgueil - Tarn-et-Garonne\",\"publisher\":{\"@id\":\"https:\\\/\\\/orgueil82.jvillain.fr\\\/#organization\"},\"potentialAction\":[{\"@type\":\"SearchAction\",\"target\":{\"@type\":\"EntryPoint\",\"urlTemplate\":\"https:\\\/\\\/orgueil82.jvillain.fr\\\/?s={search_term_string}\"},\"query-input\":{\"@type\":\"PropertyValueSpecification\",\"valueRequired\":true,\"valueName\":\"search_term_string\"}}],\"inLanguage\":\"fr-FR\"},{\"@type\":\"Organization\",\"@id\":\"https:\\\/\\\/orgueil82.jvillain.fr\\\/#organization\",\"name\":\"Histoire et historique du village d'Orgueil\",\"url\":\"https:\\\/\\\/orgueil82.jvillain.fr\\\/\",\"logo\":{\"@type\":\"ImageObject\",\"inLanguage\":\"fr-FR\",\"@id\":\"https:\\\/\\\/orgueil82.jvillain.fr\\\/#\\\/schema\\\/logo\\\/image\\\/\",\"url\":\"https:\\\/\\\/orgueil82.jvillain.fr\\\/wp-content\\\/uploads\\\/Orgueil\\\/orgueil3.gif\",\"contentUrl\":\"https:\\\/\\\/orgueil82.jvillain.fr\\\/wp-content\\\/uploads\\\/Orgueil\\\/orgueil3.gif\",\"width\":93,\"height\":62,\"caption\":\"Histoire et historique du village d'Orgueil\"},\"image\":{\"@id\":\"https:\\\/\\\/orgueil82.jvillain.fr\\\/#\\\/schema\\\/logo\\\/image\\\/\"}}]}<\/script>\n<!-- \/ Yoast SEO plugin. -->","yoast_head_json":{"title":"Histoire du Village d'Orgueil - Tarn-et-Garonne - Histoire et historique du village d&#039;Orgueil","robots":{"index":"index","follow":"follow","max-snippet":"max-snippet:-1","max-image-preview":"max-image-preview:large","max-video-preview":"max-video-preview:-1"},"canonical":"https:\/\/orgueil82.jvillain.fr\/?page_id=1706","og_locale":"fr_FR","og_type":"article","og_title":"Histoire du Village d'Orgueil - Tarn-et-Garonne - Histoire et historique du village d&#039;Orgueil","og_description":"ORGUEIL &#8211; Tarn-et-Garonne Histoire d&rsquo;un village rural Au 9e si\u00e8cle on trouve d\u00e9j\u00e0 trace du village d\u2019Orgueil. Cette paroisse d\u00e9pend alors de l\u2019abbaye de Saint-Sernin de Toulouse. Vers 1135 la paroisse est donn\u00e9e par Pierre-Raymond de Saint-Audard aux&nbsp;Hospitaliers de Fronton&nbsp;qui en font une sauvet\u00e9. A l\u2019\u00e9poque le Tarn est une rivi\u00e8re navigable et Orgueil est ... Lire la suite","og_url":"https:\/\/orgueil82.jvillain.fr\/?page_id=1706","og_site_name":"Histoire et historique du village d&#039;Orgueil","article_modified_time":"2025-09-24T22:03:14+00:00","og_image":[{"width":371,"height":254,"url":"https:\/\/orgueil82.jvillain.fr\/wp-content\/uploads\/Orgueil\/meteorite.jpg","type":"image\/jpeg"}],"twitter_card":"summary_large_image","twitter_misc":{"Dur\u00e9e de lecture estim\u00e9e":"13 minutes"},"schema":{"@context":"https:\/\/schema.org","@graph":[{"@type":"WebPage","@id":"https:\/\/orgueil82.jvillain.fr\/?page_id=1706","url":"https:\/\/orgueil82.jvillain.fr\/?page_id=1706","name":"Histoire du Village d'Orgueil - Tarn-et-Garonne - Histoire et historique du village d&#039;Orgueil","isPartOf":{"@id":"https:\/\/orgueil82.jvillain.fr\/#website"},"primaryImageOfPage":{"@id":"https:\/\/orgueil82.jvillain.fr\/?page_id=1706#primaryimage"},"image":{"@id":"https:\/\/orgueil82.jvillain.fr\/?page_id=1706#primaryimage"},"thumbnailUrl":"https:\/\/orgueil82.jvillain.fr\/wp-content\/uploads\/Orgueil\/meteorite.jpg","datePublished":"2025-08-15T13:34:11+00:00","dateModified":"2025-09-24T22:03:14+00:00","breadcrumb":{"@id":"https:\/\/orgueil82.jvillain.fr\/?page_id=1706#breadcrumb"},"inLanguage":"fr-FR","potentialAction":[{"@type":"ReadAction","target":["https:\/\/orgueil82.jvillain.fr\/?page_id=1706"]}]},{"@type":"ImageObject","inLanguage":"fr-FR","@id":"https:\/\/orgueil82.jvillain.fr\/?page_id=1706#primaryimage","url":"https:\/\/orgueil82.jvillain.fr\/wp-content\/uploads\/Orgueil\/meteorite.jpg","contentUrl":"https:\/\/orgueil82.jvillain.fr\/wp-content\/uploads\/Orgueil\/meteorite.jpg","width":371,"height":254},{"@type":"BreadcrumbList","@id":"https:\/\/orgueil82.jvillain.fr\/?page_id=1706#breadcrumb","itemListElement":[{"@type":"ListItem","position":1,"name":"Home","item":"https:\/\/orgueil82.jvillain.fr\/"},{"@type":"ListItem","position":2,"name":"Histoire et Historique du village d&rsquo;Orgueil","item":"https:\/\/orgueil82.jvillain.fr\/"},{"@type":"ListItem","position":3,"name":"Histoire du Village d&rsquo;Orgueil &#8211; Tarn-et-Garonne"}]},{"@type":"WebSite","@id":"https:\/\/orgueil82.jvillain.fr\/#website","url":"https:\/\/orgueil82.jvillain.fr\/","name":"Histoire et historique du village d'Orgueil","description":"Vivre \u00e0 Orgueil - Tarn-et-Garonne","publisher":{"@id":"https:\/\/orgueil82.jvillain.fr\/#organization"},"potentialAction":[{"@type":"SearchAction","target":{"@type":"EntryPoint","urlTemplate":"https:\/\/orgueil82.jvillain.fr\/?s={search_term_string}"},"query-input":{"@type":"PropertyValueSpecification","valueRequired":true,"valueName":"search_term_string"}}],"inLanguage":"fr-FR"},{"@type":"Organization","@id":"https:\/\/orgueil82.jvillain.fr\/#organization","name":"Histoire et historique du village d'Orgueil","url":"https:\/\/orgueil82.jvillain.fr\/","logo":{"@type":"ImageObject","inLanguage":"fr-FR","@id":"https:\/\/orgueil82.jvillain.fr\/#\/schema\/logo\/image\/","url":"https:\/\/orgueil82.jvillain.fr\/wp-content\/uploads\/Orgueil\/orgueil3.gif","contentUrl":"https:\/\/orgueil82.jvillain.fr\/wp-content\/uploads\/Orgueil\/orgueil3.gif","width":93,"height":62,"caption":"Histoire et historique du village d'Orgueil"},"image":{"@id":"https:\/\/orgueil82.jvillain.fr\/#\/schema\/logo\/image\/"}}]}},"featured_image_src":null,"featured_image_src_square":null,"_links":{"self":[{"href":"https:\/\/orgueil82.jvillain.fr\/index.php?rest_route=\/wp\/v2\/pages\/1706","targetHints":{"allow":["GET"]}}],"collection":[{"href":"https:\/\/orgueil82.jvillain.fr\/index.php?rest_route=\/wp\/v2\/pages"}],"about":[{"href":"https:\/\/orgueil82.jvillain.fr\/index.php?rest_route=\/wp\/v2\/types\/page"}],"author":[{"embeddable":true,"href":"https:\/\/orgueil82.jvillain.fr\/index.php?rest_route=\/wp\/v2\/users\/1"}],"replies":[{"embeddable":true,"href":"https:\/\/orgueil82.jvillain.fr\/index.php?rest_route=%2Fwp%2Fv2%2Fcomments&post=1706"}],"version-history":[{"count":0,"href":"https:\/\/orgueil82.jvillain.fr\/index.php?rest_route=\/wp\/v2\/pages\/1706\/revisions"}],"up":[{"embeddable":true,"href":"https:\/\/orgueil82.jvillain.fr\/index.php?rest_route=\/wp\/v2\/pages\/707"}],"wp:attachment":[{"href":"https:\/\/orgueil82.jvillain.fr\/index.php?rest_route=%2Fwp%2Fv2%2Fmedia&parent=1706"}],"curies":[{"name":"wp","href":"https:\/\/api.w.org\/{rel}","templated":true}]}}