{"id":1763,"date":"2025-09-05T13:41:45","date_gmt":"2025-09-05T11:41:45","guid":{"rendered":"https:\/\/orgueil82.jvillain.fr\/?page_id=1763"},"modified":"2025-09-16T17:46:40","modified_gmt":"2025-09-16T15:46:40","slug":"enfants-dorgueil-morts-pour-la-france","status":"publish","type":"page","link":"https:\/\/orgueil82.jvillain.fr\/?page_id=1763","title":{"rendered":"Enfants d&rsquo;Orgueil morts pour la France"},"content":{"rendered":"\n<p><em>ci-dessous vous avez acc\u00e8s au d\u00e9tail des informations collect\u00e9es pour chacun des soldats morts pour la France qui ont leur noms grav\u00e9 sur le monument aux morts ou la plaque comm\u00e9morative d&rsquo;Orgueil, qui sont inscrits sur le Livre d&rsquo;Or du minist\u00e8re des Pensions de la commune d&rsquo;Orgueil, ou qui sont n\u00e9s \u00e0 Orgueil.<\/em><\/p>\n\n\n\n<details class=\"wp-block-details is-layout-flow wp-block-details-is-layout-flow\"><summary>Monuments aux morts d&rsquo;Orgueil<\/summary>\n<div style=\"height:4px\" aria-hidden=\"true\" class=\"wp-block-spacer\"><\/div>\n\n\n\n<p class=\"has-global-color-14-color has-text-color has-link-color wp-elements-c7eeb9ac39db2ceab5ccfdb0397e23fd\"><em>Les noms sont pr\u00e9sent\u00e9s dans le m\u00eame ordre que sur le monument aux morts<\/em><\/p>\n\n\n\n<div style=\"height:4px\" aria-hidden=\"true\" class=\"wp-block-spacer\"><\/div>\n\n\n\n<details class=\"wp-block-details has-accent-color has-text-color has-link-color wp-elements-1f955eeeebc4402afbb3b5627bc488f4 is-layout-flow wp-block-details-is-layout-flow\"><summary>M\u00c9LET Jean &#8211; 32 ans<\/summary>\n<p>Caporal au 11e R\u00e9giment d&rsquo;Infanterie &#8211; Matricule au recrutement 454 subdivision de Montauban (82).<\/p>\n\n\n\n<p>N\u00e9 le 15\/07\/1882 \u00e0 Varennes (82), il a \u00e9t\u00e9 tu\u00e9 \u00e0 l&rsquo;ennemi le 20\/12\/1914 au bois des Allemands sur la commune d&rsquo;Hurlus (51). Le maire d\u2019orgueil a \u00e9t\u00e9 avis\u00e9 du d\u00e9c\u00e8s par le service comptabilit\u00e9 du 11e R.I. par un courrier dat\u00e9 du 27\/05\/1915.<\/p>\n\n\n\n<p>Son d\u00e9c\u00e8s a \u00e9t\u00e9 transcrit dans les registres de l&rsquo;\u00e9tat-civil de Buzet (31), aujourd&rsquo;hui Buzet-sur-Tarn, le 18\/04\/1916. L\u2019acte de d\u00e9c\u00e8s a \u00e9t\u00e9 envoy\u00e9 au maire d\u2019Orgueil qui l\u2019a transmis au maire de Buzet (31), domicile l\u00e9gal de Jean M\u00c9LET, pour transcription sur les registres d\u2019\u00e9tat-civil de la commune.<\/p>\n\n\n\n<p>Son nom est aussi inscrit sur le monument aux morts de Buzet-sur-Tarn (31). Il est pr\u00e9sent sur le Livre d&rsquo;Or du minist\u00e8re des pensions de la commune d&rsquo;Orgueil (82) et sur celui de la commune de Buzet-sur-Tarn (31).<\/p>\n\n\n\n<p>Fils de Pierre et de Marguerite MURATET, il s&rsquo;est mari\u00e9 \u00e0 Buzet (31) le 19\/02\/1907 avec Gabrielle Marguerite FLAMENC. Sa m\u00e8re est recens\u00e9e en 1909 et 1911 \u00e0 Orgueil (82) chez son gendre Jean LACOSTE \u00e9poux d&rsquo;Antoinette Lucie M\u00c9LET n\u00e9e en 1870 \u00e0 Belmontet (82). Sa m\u00e8re est d\u00e9c\u00e9d\u00e9e \u00e0 Orgueil en f\u00e9vrier 1926. En 1911 il est recens\u00e9 \u00e0 Buzet (31) o\u00f9 il habite avec son \u00e9pouse chez ses beaux-parents au lieu de La Promenade dans le bourg.<\/p>\n\n\n\n<p>Si vous voulez consulter le d\u00e9tail des informations et les copies des sources ayant permis de les collecter, consultez ce fichier <a href=\"https:\/\/orgueil82.jvillain.fr\/wp-content\/uploads\/MPLF\/MELET-Jean.pdf\">pdf<\/a><\/p>\n<\/details>\n\n\n\n<div style=\"height:4px\" aria-hidden=\"true\" class=\"wp-block-spacer\"><\/div>\n\n\n\n<details class=\"wp-block-details has-accent-color has-text-color has-link-color wp-elements-946a2b31595c9c2db6f42b2a69eaedd8 is-layout-flow wp-block-details-is-layout-flow\"><summary>VERNI\u00c8RES Antonin Marius &#8211; 23 ans<\/summary>\n<p>Caporal au 83e R\u00e9giment d&rsquo;Infanterie &#8211; Matricule au recrutement 668 subdivision de Montauban (82).<\/p>\n\n\n\n<p>N\u00e9 le 13\/02\/1893 \u00e0 Rabastens (81), il est mort le 27\/12\/1916 \u00e0 l&rsquo;h\u00f4pital compl\u00e9mentaire 56 de Saumur (49) des suites de maladie cons\u00e9cutive \u00e0 des blessures de guerre re\u00e7ues le 17\/07\/1916. Son fr\u00e8re F\u00e9lix Albin est mort pour la France le 26\/02\/1916.<\/p>\n\n\n\n<p>Son acte de d\u00e9c\u00e8s a semble t il \u00e9t\u00e9 transmis \u00e0 la mairie de Varennes (82) mais n&rsquo;a pas \u00e9t\u00e9 transcrit dans les registres d&rsquo;\u00e9tat-civil de Varennes.<\/p>\n\n\n\n<p>Il repose dans le carr\u00e9 militaire du cimeti\u00e8re de Saumur (49) : carr\u00e9 1, rang 1, tombe 8.<\/p>\n\n\n\n<p>Il est pr\u00e9sent sur le Livre d&rsquo;Or du minist\u00e8re des pensions des communes d&rsquo;Orgueil et de Varennes (82).<\/p>\n\n\n\n<p>Il a \u00e9t\u00e9 incorpor\u00e9 \u00e0 compter du 26\/11\/1913 au 7e R.I., il est pass\u00e9 au 83e R.I. le 21\/06\/1915, il a \u00e9t\u00e9 bless\u00e9 le 17\/07\/1916 \u00e0 Minaucourt (51).<\/p>\n\n\n\n<p>Fils de Jean et de Marie BLANC. En 1893 son p\u00e8re est m\u00e9tayer. A la conscription il est cultivateur et il r\u00e9side \u00e0 Varennes (82) avec ses parents.<\/p>\n\n\n\n<p>Si vous voulez consulter le d\u00e9tail des informations et les copies des sources ayant permis de les collecter, consultez ce fichier <a href=\"https:\/\/orgueil82.jvillain.fr\/wp-content\/uploads\/MPLF\/VERNIERES-Antonin.pdf\">pdf<\/a><\/p>\n<\/details>\n\n\n\n<div style=\"height:4px\" aria-hidden=\"true\" class=\"wp-block-spacer\"><\/div>\n\n\n\n<details class=\"wp-block-details has-accent-color has-text-color has-link-color wp-elements-d69d701d91bb1516af4f673626186517 is-layout-flow wp-block-details-is-layout-flow\"><summary>VERNI\u00c8RES F\u00e9lix Albin &#8211; 19 ans<\/summary>\n<p>Zouave au 9e R\u00e9giment de Marche de Zouaves &#8211; Matricule au recrutement 326 subdivision de Montauban (82).<\/p>\n\n\n\n<p>N\u00e9 le 05\/02\/1897 \u00e0 Garidech (31), il a disparu le 26\/02\/1916 dans le <a href=\"https:\/\/www.memorialgenweb.org\/memorial3\/html\/fr\/resultat_geoportail.php?id_lieu=1266\" target=\"_blank\" rel=\"noreferrer noopener\">secteur de Douaumont (55)<\/a>. Son fr\u00e8re Antonin Marius est mort pour la France le 27\/12\/1916<\/p>\n\n\n\n<p>Son jugement d\u00e9claratif de d\u00e9c\u00e8s a \u00e9t\u00e9 transcrit dans les registres de l&rsquo;\u00e9tat-civil d&rsquo;Orgueil (82) le 29\/06\/1922.<\/p>\n\n\n\n<p>Ses pr\u00e9noms \u00e0 l&rsquo;\u00e9tat-civil sont F\u00e9lix Albin mais il est inscrit sur sa fiche matricule avec Albain comme 2e pr\u00e9nom. Il est inscrit sur le monument aux morts d&rsquo;Orgueil avec le pr\u00e9nom Albain<\/p>\n\n\n\n<p>Il est pr\u00e9sent sur le Livre d&rsquo;Or du minist\u00e8re des pensions de la commune d&rsquo;Orgueil (82).<\/p>\n\n\n\n<p>Il s&rsquo;est engag\u00e9 volontairement pour la dur\u00e9e de la guerre le 15\/07\/1915 \u00e0 la mairie de Montauban au titre du 4e R\u00e9giment de Zouaves, il est pass\u00e9 au 9e R\u00e9giment de Marche de Zouaves le 19\/12\/1915.<\/p>\n\n\n\n<p>Fils de Jean et de Marie BLANC. Son p\u00e8re est cultivateur \u00e0 Garidech en 1897. Il \u00e9tait c\u00e9libataire. Lors de son engagement dans l&rsquo;arm\u00e9e, il r\u00e9side \u00e0 Varennes (82) avec ses parents o\u00f9 il \u00e9tait cultivateur.<\/p>\n\n\n\n<p>Si vous voulez consulter le d\u00e9tail des informations et les copies des sources ayant permis de les collecter, consultez ce fichier <a href=\"https:\/\/orgueil82.jvillain.fr\/wp-content\/uploads\/MPLF\/VERNIERES-Felix.pdf\">pdf<\/a><\/p>\n<\/details>\n\n\n\n<div style=\"height:4px\" aria-hidden=\"true\" class=\"wp-block-spacer\"><\/div>\n\n\n\n<details class=\"wp-block-details has-accent-color has-text-color has-link-color wp-elements-58baecb4590349b6429da62781ed705e is-layout-flow wp-block-details-is-layout-flow\"><summary>EMBIALET Louis &#8211; 34 ans<\/summary>\n<p>Soldat au 153e R\u00e9giment d&rsquo;Infanterie &#8211; Matricule au recrutement 784 subdivision de Montauban (82).<\/p>\n\n\n\n<p>N\u00e9 le 12\/06\/1880 \u00e0 Orgueil (82). Son d\u00e9c\u00e8s a \u00e9t\u00e9 signal\u00e9 \u00e0 la mairie d\u2019Orgueil le 07\/12\/1914 et la famille a \u00e9t\u00e9 avis\u00e9e le 10\/12\/1914. En 1914 les informations re\u00e7ues par la famille indiquaient qu&rsquo;il \u00e9tait d\u00e9c\u00e9d\u00e9 \u00e0 Sailly-au-Bois (62) (lieu de d\u00e9c\u00e8s inscrit sur l&rsquo;acte de naissance de sa fille posthume) et sa fiche matricule indique qu\u2019il est d\u00e9c\u00e9d\u00e9 au Bois de Sailly. Le J.M.O. du r\u00e9giment indique qu\u2019il est d\u00e9c\u00e9d\u00e9 au poste de secours sans pr\u00e9ciser la localisation du poste de secours ni la date du d\u00e9c\u00e8s. Le J.M.O. indique qu\u2019il a \u00e9t\u00e9 inhum\u00e9 au cimeti\u00e8re de Sailly-au-Bois (62) le 26\/10\/1914 tout comme l\u2019avis de d\u00e9c\u00e8s re\u00e7u par la mairie en 1914. Le 01\/11\/1918, pour donner suite \u00e0 la demande de la fourniture d\u2019un avis de d\u00e9c\u00e8s par le maire d\u2019Orgueil, le sous-secr\u00e9taire d\u2019\u00e9tat de l\u2019Administration informe par courrier que la mort du soldat Louis EMBIALET n\u2019a \u00e9t\u00e9 signal\u00e9e par aucun \u00e9tat de pertes \u00e9tabli au front apr\u00e8s le combat et qu\u2019il a donc \u00e9t\u00e9 impossible de r\u00e9diger un acte d\u2019\u00e9tat-civil de d\u00e9c\u00e8s aucun t\u00e9moin n\u2019ayant pu attester formellement le d\u00e9c\u00e8s. Du fait de l\u2019absence d\u2019acte d\u2019\u00e9tat-civil de d\u00e9c\u00e8s, un jugement a \u00e9t\u00e9 rendu en 1920 pour \u00e9tablir un acte formel de d\u00e9c\u00e8s et le tribunal de Castelsarrasin a jug\u00e9 qu&rsquo;il a \u00e9t\u00e9 tu\u00e9 \u00e0 l&rsquo;ennemi le 24\/10\/1914 \u00e0 <a href=\"https:\/\/www.memorialgenweb.org\/memorial3\/html\/fr\/resultat_geoportail.php?id_lieu=198\" target=\"_blank\" rel=\"noreferrer noopener\">H\u00e9buterne (62)<\/a>.<\/p>\n\n\n\n<p>Son jugement d\u00e9claratif de d\u00e9c\u00e8s \u00e9mis par le tribunal de Castelsarrasin (82) le 30\/04\/1920 a \u00e9t\u00e9 transcrit dans les registres d&rsquo;\u00e9tat-civil d&rsquo;Orgueil (82) le 01\/08\/1920.<\/p>\n\n\n\n<p>Inhum\u00e9 en premier lieu au cimeti\u00e8re de Sailly-au-Bois (62), il repose en la n\u00e9cropole nationale La Targette \u00e0 Neuville-Saint-Vaast (62) : carr\u00e9 12, rang 5, tombe 2618.<\/p>\n\n\n\n<p>Il est pr\u00e9sent sur le Livre d&rsquo;Or du minist\u00e8re des pensions de la commune d&rsquo;Orgueil (82).<\/p>\n\n\n\n<p>Soldat de 1re classe le 11\/07\/1903 lors de son temps militaire au 7e R.I., il a \u00e9t\u00e9 mobilis\u00e9 au 15e R.I. puis est pass\u00e9 au 153e R.I..<\/p>\n\n\n\n<p>Fils de Jean Justin et de Catherine FAUROU, il s&rsquo;est mari\u00e9 \u00e0 Labastide-Saint-Pierre (82) le 17\/11\/1912 avec Anne FOISSAC. Il est n\u00e9 au quartier de P\u00e9gat o\u00f9 habitait ses parents. En 1880 son p\u00e8re \u00e9tait propri\u00e9taire et sa m\u00e8re m\u00e9nag\u00e8re. En 1911 il est recens\u00e9 \u00e0 Orgueil chez ses parents. Ils habitent le lieu dit La Rivi\u00e8re. Il est journalier agricole employ\u00e9 chez MALFR\u00c9. Le 16\/12\/1914 nait sa fille Marie Louise au domicile de ses parents lieu dit La Rivi\u00e8re \u00e0 Orgueil (82) o\u00f9 habite son \u00e9pouse.<\/p>\n\n\n\n<p>Si vous voulez consulter le d\u00e9tail des informations et les copies des sources ayant permis de les collecter, consultez ce fichier <a href=\"https:\/\/orgueil82.jvillain.fr\/wp-content\/uploads\/MPLF\/EMBIALET-Louis.pdf\">pdf<\/a><\/p>\n<\/details>\n\n\n\n<div style=\"height:4px\" aria-hidden=\"true\" class=\"wp-block-spacer\"><\/div>\n\n\n\n<details class=\"wp-block-details has-accent-color has-text-color has-link-color wp-elements-fd66404cdce07c144fea0f1d2a72f2b0 is-layout-flow wp-block-details-is-layout-flow\"><summary>FAUR\u00c9 Albert &#8211; 26 ans<\/summary>\n<p>Cavalier au 9e R\u00e9giment de Chasseurs \u00e0 Cheval, 10e escadron &#8211; Matricule au recrutement 370 subdivision de Montauban (82).<\/p>\n\n\n\n<p>N\u00e9 le 30\/07\/1888 \u00e0 Orgueil (82), il est mort en captivit\u00e9 \u00e0 8h45 le 17\/05\/1915 des suites de maladie au Reservelazarett (h\u00f4pital de r\u00e9serve) n\u00b02 (\u00e9cole des gar\u00e7ons) \u00e0 Offenburg, Allemagne. Le maire d\u2019Orgueil a \u00e9t\u00e9 avis\u00e9 du d\u00e9c\u00e8s par un courrier du 9e Chasseurs d\u2019Auch (32) dat\u00e9 du 19\/07\/1915, le maire a inform\u00e9 la famille le 13\/08\/1915.<\/p>\n\n\n\n<p>Son d\u00e9c\u00e8s a \u00e9t\u00e9 transcrit dans les registres d&rsquo;\u00e9tat-civil d&rsquo;Orgueil (82) le 23\/02\/1921.<\/p>\n\n\n\n<p>Il repose en la n\u00e9cropole nationale des prisonniers de guerre fran\u00e7ais \u00e0 Sarrebourg (57) tombe 10874. Inhum\u00e9 en premier lieu tombe 31 au cimeti\u00e8re des prisonniers d&rsquo;Offenburg, son corps a \u00e9t\u00e9 transf\u00e9r\u00e9 en la n\u00e9cropole nationale en 1926.<\/p>\n\n\n\n<p>Il est pr\u00e9sent sur le Livre d&rsquo;Or du minist\u00e8re des pensions de la commune d&rsquo;Orgueil (82).<\/p>\n\n\n\n<p>Fils de Fran\u00e7ois et de Marie VALETTE n\u00e9e \u00e0 Fronton en 1857. Il est n\u00e9 au lieu dit Relance. Il \u00e9tait c\u00e9libataire. En 1888 son p\u00e8re \u00e9tait ma\u00e7on. En 1911 ses parents habitent toujours Relance avec ses deux fr\u00e8res : Pierre (n\u00e9 en 1892) et Jean (n\u00e9 en 1899), son p\u00e8re est toujours ma\u00e7on, Albert n&rsquo;est pas recens\u00e9 sur la commune d&rsquo;Orgueil car au moment du recensement il est au service militaire.<\/p>\n\n\n\n<p>Si vous voulez consulter le d\u00e9tail des informations et les copies des sources ayant permis de les collecter, consultez ce fichier <a href=\"https:\/\/orgueil82.jvillain.fr\/wp-content\/uploads\/MPLF\/FAURE-Albert.pdf\">pdf<\/a><\/p>\n<\/details>\n\n\n\n<div style=\"height:4px\" aria-hidden=\"true\" class=\"wp-block-spacer\"><\/div>\n\n\n\n<details class=\"wp-block-details has-accent-color has-text-color has-link-color wp-elements-fae61c0ffb4c3ad640e62239be3c7421 is-layout-flow wp-block-details-is-layout-flow\"><summary>GIBERT \u00c9tienne &#8211; 25 ans<\/summary>\n<p>Caporal au 15e R\u00e9giment d&rsquo;Infanterie, 1re Compagnie &#8211; Matricule au recrutement 559 subdivision de Montauban (82).<\/p>\n\n\n\n<p>N\u00e9 le 29\/08\/1889 \u00e0 Orgueil (82), il est mort des suites de ses blessures sur le champ de bataille \u00e0 5h00 du matin ou du soir le 20\/06\/1915 au <a href=\"https:\/\/www.memorialgenweb.org\/memorial3\/html\/fr\/resultat_geoportail.php?id_lieu=112\" target=\"_blank\" rel=\"noreferrer noopener\">Mesnil-l\u00e8s-Hurlus (51)<\/a>. Le maire d\u2019Orgueil a \u00e9t\u00e9 avis\u00e9 du d\u00e9c\u00e8s par le d\u00e9p\u00f4t d\u2019Infanterie d\u2019Albi par courrier dat\u00e9 du 17\/07\/1915 et le maire a pr\u00e9venu la famille le 19\/07\/1915.<\/p>\n\n\n\n<p>Son d\u00e9c\u00e8s a \u00e9t\u00e9 transcrit dans les registres d&rsquo;\u00e9tat-civil d&rsquo;Orgueil (82) le 16\/10\/1915.<\/p>\n\n\n\n<p>Il a \u00e9t\u00e9 inhum\u00e9 en premier lier dans le cimeti\u00e8re au Mesnil-l\u00e8s-Hurlus (51).<\/p>\n\n\n\n<p>Il est pr\u00e9sent sur le Livre d&rsquo;Or du minist\u00e8re des pensions de la commune d&rsquo;Orgueil (82).<\/p>\n\n\n\n<p>Il a \u00e9t\u00e9 nomm\u00e9 caporal le 11\/12\/1914.<\/p>\n\n\n\n<p>Fils de Bernard et de Catherine MURATET, il est n\u00e9 au lieu dit La Thoumase (La Thomaze). En 1889 son p\u00e8re \u00e9tait cultivateur. En 1911 il n&rsquo;est pas recens\u00e9 sur la commune d&rsquo;Orgueil car il est au service militaire, ses parents habitent alors au lieu dit Charbonni\u00e8res Quartier de La Thomaze \u00e0 Orgueil avec son fr\u00e8re Fran\u00e7ois (n\u00e9 en 1893) et sa soeur Julie (n\u00e9e en 1900), son p\u00e8re et son fr\u00e8re sont journaliers chez LAUZERAL.<\/p>\n\n\n\n<p>Si vous voulez consulter le d\u00e9tail des informations et les copies des sources ayant permis de les collecter, consultez ce fichier <a href=\"https:\/\/orgueil82.jvillain.fr\/wp-content\/uploads\/MPLF\/GIBERT-Etienne.pdf\">pdf<\/a><\/p>\n<\/details>\n\n\n\n<div style=\"height:4px\" aria-hidden=\"true\" class=\"wp-block-spacer\"><\/div>\n\n\n\n<details class=\"wp-block-details has-accent-color has-text-color has-link-color wp-elements-973f7870b1f63bc8c75c0aa4af041a32 is-layout-flow wp-block-details-is-layout-flow\"><summary>MONTHAGUT Fernand Henri Ferdinand &#8211; 20 ans<\/summary>\n<p>Soldat au 9e R\u00e9giment d&rsquo;Infanterie, 3e compagnie &#8211; Matricule au recrutement 372 subdivision de Montauban (82).<\/p>\n\n\n\n<p>N\u00e9 le 19\/03\/1895 \u00e0 La Cadi\u00e8re (83), il a \u00e9t\u00e9 tu\u00e9 \u00e0 l&rsquo;ennemi le 25\/09\/1915 \u00e0 Achicourt (62). Le maire d\u2019Orgueil a \u00e9t\u00e9 avis\u00e9 du d\u00e9c\u00e8s par le r\u00e9giment par un courrier dat\u00e9 du 19\/10\/1915, la famille a \u00e9t\u00e9 avis\u00e9e par le maire le 23\/10\/1915.<\/p>\n\n\n\n<p>Son d\u00e9c\u00e8s a \u00e9t\u00e9 transcrit \u00e0 Orgueil (82) le 19\/02\/1918.<\/p>\n\n\n\n<p>Il a \u00e9t\u00e9 incorpor\u00e9 \u00e0 compter du 19\/12\/1914 au 7e R.I. et est pass\u00e9 au 9e R.I. le 08\/06\/1915.<\/p>\n\n\n\n<p>Il est pr\u00e9sent sur le Livre d&rsquo;Or du minist\u00e8re des pensions de la commune d&rsquo;Orgueil (82), son nom y est orthographi\u00e9 MONTAGUT. Une plaque comm\u00e9more son souvenir sur la tombe familiale dans le cimeti\u00e8re d&rsquo;Orgueil (82).<\/p>\n\n\n\n<p>Il a \u00e9t\u00e9 inhum\u00e9 en premier lieu au cimeti\u00e8re militaire d&rsquo;Achicourt (62). La mairie d\u2019Orgueil en a \u00e9t\u00e9 avis\u00e9 par un courrier du r\u00e9giment du 28\/01\/1916.<\/p>\n\n\n\n<p>Fils de Fran\u00e7ois et de Marie OLIVIER. En 1895, son p\u00e8re n\u00e9 \u00e0 Orgueil (82) en 1862, \u00e9tait r\u00e9gisseur. Sa m\u00e8re \u00e9tait n\u00e9e \u00e0 Nohic (82). En 1911 il est recens\u00e9 chez ses parents \u00e0 Orgueil avec son fr\u00e8re Armand (n\u00e9 en 1901 \u00e0 Orgueil). Ils habitent au lieu dit Nauzas. Son p\u00e8re est propri\u00e9taire-exploitant, lui est journalier agricole employ\u00e9 par Baptiste GUIRGUY.<\/p>\n\n\n\n<p>Si vous voulez consulter le d\u00e9tail des informations et les copies des sources ayant permis de les collecter, consultez ce fichier <a href=\"https:\/\/orgueil82.jvillain.fr\/wp-content\/uploads\/MPLF\/MONTHAGUT-Fernand.pdf\">pdf<\/a><\/p>\n<\/details>\n\n\n\n<div style=\"height:4px\" aria-hidden=\"true\" class=\"wp-block-spacer\"><\/div>\n\n\n\n<details class=\"wp-block-details has-accent-color has-text-color has-link-color wp-elements-0d47788cfdee0e98bb371afdd9466d4a is-layout-flow wp-block-details-is-layout-flow\"><summary>PENCHENAT Jean Paul &#8211; 29 ans<\/summary>\n<p>Soldat au 148e R\u00e9giment d&rsquo;Infanterie &#8211; Matricule au recrutement 837 subdivision de Montauban (82)<\/p>\n\n\n\n<p>N\u00e9 le 14\/03\/1886 \u00e0 Monclar (82) au lieu dit Villeneuve, il a disparu le 15\/11\/1915 \u00e0 Mrzen en Serbie (aujourd&rsquo;hui en Mac\u00e9doine du Nord). L\u2019avis de d\u00e9c\u00e8s \u00e9mis par le 148e R.I. a \u00e9t\u00e9 envoy\u00e9 \u00e0 la mairie de Monclar-de-Quercy pour avertir le p\u00e8re du soldat \u00e0 Puygaillard-de-Quercy, l\u2019avis a ensuite \u00e9t\u00e9 transf\u00e9r\u00e9 au maire de Varennes qui l\u2019a ensuite envoy\u00e9 au maire d\u2019Orgueil \u00e0 fin de pr\u00e9venir l\u2019\u00e9pouse du soldat, cette derni\u00e8re a \u00e9t\u00e9 pr\u00e9venue le 16\/12\/1915.<\/p>\n\n\n\n<p>Son fr\u00e8re Maffre est mort pour la France le 18\/03\/1915.<\/p>\n\n\n\n<p>Son jugement d\u00e9claratif de d\u00e9c\u00e8s a \u00e9t\u00e9 transcrit sur les registres d&rsquo;\u00e9tat-civil de Varennes (82) le 08\/07\/1921.<\/p>\n\n\n\n<p>Il est pr\u00e9sent sur le Livre d&rsquo;Or du minist\u00e8re des pensions des communes d&rsquo;Orgueil (82) et de Puygaillard-de-Quercy (82). Avec son fr\u00e8re il est inscrit sur le monument aux morts de Puygaillard-de-Quercy (82) o\u00f9 sa m\u00e8re habitait au lieu dit Penchenats en 1910. Sur le monument aux morts d&rsquo;Orgueil il est inscrit avec le pr\u00e9nom Paul.<\/p>\n\n\n\n<p>Il est d\u00e9cor\u00e9 de la m\u00e9daille militaire et est titulaire de la Croix de guerre avec \u00e9toile de bronze.<\/p>\n\n\n\n<p>Le 03\/12\/1914 il est class\u00e9 dans le service auxiliaire, il est rappel\u00e9 le 11\/03\/1915 au 11e R.I., il est class\u00e9 bon pour le service arm\u00e9 le 10\/04\/1915, il passe au 148e R.I. le 23\/10\/1915.<\/p>\n\n\n\n<p>Fils de Jean Maffre et de Fran\u00e7oise CASSAYR\u00c9, il s&rsquo;est mari\u00e9 le 21\/02\/1914 \u00e0 Varennes (82) avec Antonia B\u00c9LOUNAT. En 1907 il \u00e9tait domicili\u00e9 \u00e0 Varennes (82). Au moment de son mariage le 21\/02\/1914 il \u00e9tait domicili\u00e9 \u00e0 Orgueil (82). Son dernier domicile l\u00e9gal est Varennes (82) o\u00f9 il \u00e9tait domestique mais en 1915 son \u00e9pouse habitait Orgueil.<\/p>\n\n\n\n<p>Si vous voulez consulter le d\u00e9tail des informations et les copies des sources ayant permis de les collecter, consultez ce fichier <a href=\"https:\/\/orgueil82.jvillain.fr\/wp-content\/uploads\/MPLF\/PENCHENAT-Jean-Paul.pdf\">pdf<\/a><\/p>\n<\/details>\n\n\n\n<div style=\"height:4px\" aria-hidden=\"true\" class=\"wp-block-spacer\"><\/div>\n\n\n\n<details class=\"wp-block-details has-accent-color has-text-color has-link-color wp-elements-51eb2bc634dff8227443bae49ee60060 is-layout-flow wp-block-details-is-layout-flow\"><summary>TURROQUES Marius Jean &#8211; 20 ans<\/summary>\n<p>Soldat au 78e R\u00e9giment d&rsquo;Infanterie, 2e compagnie &#8211; Matricule au recrutement 380 subdivision de Montauban (82).<\/p>\n\n\n\n<p>N\u00e9 le 14\/03\/1895 \u00e0 Orgueil (82), il a \u00e9t\u00e9 tu\u00e9 \u00e0 l&rsquo;ennemi le 14\/11\/1915 au <a href=\"https:\/\/www.memorialgenweb.org\/memorial3\/html\/fr\/resultat_geoportail.php?id_lieu=200\" target=\"_blank\" rel=\"noreferrer noopener\">Labyrinthe <\/a>sur la commune d&rsquo;\u00c9curie (62). Le maire d\u2019Orgueil a \u00e9t\u00e9 avis\u00e9 du d\u00e9c\u00e8s par le service de comptabilit\u00e9 du 78e R.I. par un courrier dat\u00e9 du 22\/12\/1915, le maire d\u2019Orgueil a avis\u00e9 la famille le 26\/12\/1915.<\/p>\n\n\n\n<p>Son d\u00e9c\u00e8s a \u00e9t\u00e9 transcrit dans les registres d&rsquo;\u00e9tat-civil d&rsquo;Orgueil (82) le 31\/01\/1916.<\/p>\n\n\n\n<p>Il est pr\u00e9sent sur le Livre d&rsquo;Or du minist\u00e8re des pensions de la commune d&rsquo;Orgueil (82).<\/p>\n\n\n\n<p>Il a \u00e9t\u00e9 incorpor\u00e9 le 19\/12\/1914 au 78 r\u00e9giment d&rsquo;Infanterie.<\/p>\n\n\n\n<p>Fils de Jean Antoine et de Marie \u00c9milie TALABOT, il \u00e9tait c\u00e9libataire. En 1911 il habite le lieu dit Gran\u00e8s. Il est domestique chez Jean ALBOUY propri\u00e9taire-cultivateur.<\/p>\n\n\n\n<p>Si vous voulez consulter le d\u00e9tail des informations et les copies des sources ayant permis de les collecter, consultez&nbsp;<a href=\"https:\/\/orgueil82.jvillain.fr\/wp-content\/uploads\/MPLF\/TURROQUES-Marius.pdf\" target=\"_blank\" rel=\"noreferrer noopener\">ce fichier pdf<\/a><\/p>\n<\/details>\n\n\n\n<div style=\"height:4px\" aria-hidden=\"true\" class=\"wp-block-spacer\"><\/div>\n\n\n\n<details class=\"wp-block-details has-accent-color has-text-color has-link-color wp-elements-767a2eb833e49d055c94169896a6d295 is-layout-flow wp-block-details-is-layout-flow\"><summary>LESCURE Paul Albert L\u00e9on &#8211; 30 ans<\/summary>\n<p>Mar\u00e9chal des logis au 57e R\u00e9giment d&rsquo;Artillerie de Campagne, 27e batterie &#8211; Matricule au recrutement 655 subdivision de Montauban (82).<\/p>\n\n\n\n<p>N\u00e9 le 22\/03\/1885 \u00e0 Orgueil (82), il a disparu le 14\/03\/1916 pendant les combats du <a href=\"https:\/\/www.memorialgenweb.org\/memorial3\/html\/fr\/resultat_geoportail.php?id_lieu=24\" target=\"_blank\" rel=\"noreferrer noopener\">Mort-Homme <\/a>dans la Meuse. Le maire d\u2019Orgueil a \u00e9t\u00e9 avis\u00e9 du d\u00e9c\u00e8s par le r\u00e9giment par un courrier dat\u00e9 du 21\/04\/1916 re\u00e7u le 25\/04\/1916 \u00e0 Orgueil.<\/p>\n\n\n\n<p>Son jugement d\u00e9claratif de d\u00e9c\u00e8s rendu par le tribunal de Castelsarrasin (82) le 10\/06\/1921 \u00e0 \u00e9t\u00e9 transcrit dans les registres de l&rsquo;\u00e9tat-civil d&rsquo;Orgueil (82) le 13\/07\/1921.<\/p>\n\n\n\n<p>Il est d\u00e9cor\u00e9 de la Croix de guerre avec \u00e9toile de bronze. Il a \u00e9t\u00e9 cit\u00e9 \u00e0 l\u2019ordre n\u00b0201 de l\u2019artillerie Divisionnaire de la 67e Division d\u2019Infanterie le 22\/03\/1916 : \u00ab\u00a0Sous-officier observateur dans un bois attaqu\u00e9 par l\u2019ennemi le 7-3-1916 a montr\u00e9 beaucoup de courage et de calme sous le bombardement. Envoy\u00e9 le 14 mars en observation aux tranch\u00e9es de premi\u00e8re ligne, a eu une tr\u00e8s belle attitude, a \u00e9t\u00e9 bless\u00e9 et a disparu\u00a0\u00bb<\/p>\n\n\n\n<p>Sur le monument aux morts d&rsquo;Orgueil son pr\u00e9nom grav\u00e9 est Albert. Il est pr\u00e9sent sur le Livre d&rsquo;Or du minist\u00e8re des pensions de la commune d&rsquo;Orgueil (82).<\/p>\n\n\n\n<p>Il avait \u00e9t\u00e9 nomm\u00e9 mar\u00e9chal des logis le 03\/04\/1911 pendant son temps de service militaire au 18e R\u00e9giment d&rsquo;Artillerie.<\/p>\n\n\n\n<p>Fils de Jacques et de Jeanne Marie L\u00e9onie DESPRATS, il \u00e9tait c\u00e9libataire. En 1885 son p\u00e8re \u00e9tait propri\u00e9taire \u00e0 Orgueil (82). A la conscription il \u00e9tait clerc de notaire et il r\u00e9sidait \u00e0 Toulouse. En 1911 il est recens\u00e9 chez ses parents \u00e0 Orgueil. Ils habitent au lieu dit F\u00e9nelon. Dans le recensement de 1911 il est propri\u00e9taire exploitant comme son p\u00e8re.<\/p>\n\n\n\n<p>Si vous voulez consulter le d\u00e9tail des informations et les copies des sources ayant permis de les collecter, consultez ce fichier <a href=\"https:\/\/orgueil82.jvillain.fr\/wp-content\/uploads\/MPLF\/LESCURE-Albert.pdf\">pdf<\/a><\/p>\n<\/details>\n\n\n\n<div style=\"height:4px\" aria-hidden=\"true\" class=\"wp-block-spacer\"><\/div>\n\n\n\n<details class=\"wp-block-details has-accent-color has-text-color has-link-color wp-elements-9d0efad0d28c5c7f8b47245ceffb3dec is-layout-flow wp-block-details-is-layout-flow\"><summary>OUSTRY Pierre &#8211; 32 ans<\/summary>\n<p>Soldat au 80e R\u00e9giment d&rsquo;Infanterie &#8211; Matricule au recrutement 482 subdivision de Montauban (82)<\/p>\n\n\n\n<p>N\u00e9 le 08\/11\/1882 \u00e0 Orgueil (82), il a \u00e9t\u00e9 tu\u00e9 \u00e0 l&rsquo;ennemi le 19\/03\/1915 au Mesnil-l\u00e8s-Hurlus (51). Le maire d\u2019orgueil a \u00e9t\u00e9 avis\u00e9 du d\u00e9c\u00e8s par le r\u00e9giment par un courrier dat\u00e9 du 15\/06\/1916, le maire d\u2019orgueil a avis\u00e9 la famille le 27\/06\/1916.<\/p>\n\n\n\n<p>Son jugement d\u00e9claratif de d\u00e9c\u00e8s \u00e0 \u00e9t\u00e9 transcrit \u00e0 Malakoff (Seine, maintenant Hauts-de-Seine) le 25\/08\/1921.<\/p>\n\n\n\n<p>Son nom est aussi grav\u00e9 sur le monument aux morts de Malakoff (92), il est pr\u00e9sent sur le document pr\u00e9paratoire \u00e0 l&rsquo;\u00e9laboration du Livre d&rsquo;Or du minist\u00e8re des pensions de la commune de Malakoff (92).<\/p>\n\n\n\n<p>Il est d\u00e9cor\u00e9 de la M\u00e9daille militaire et de la Croix de guerre avec \u00e9toile d&rsquo;argent.<\/p>\n\n\n\n<p>Il habitait 34 rue Hoche \u00e0 Malakoff dans le d\u00e9partement de la Seine.<\/p>\n\n\n\n<p>Fils de Justin et de Marie VAL\u00c8S. En 1882 son p\u00e8re \u00e9tait ma\u00e7on et habitait le Bourg. En 1911 ses parents habitent toujours \u00e0 Orgueil avec son fr\u00e8re Marcel (n\u00e9 en 1904) et sa soeur Rachel (n\u00e9e en 1901), son p\u00e8re est toujours ma\u00e7on.<\/p>\n\n\n\n<p>Si vous voulez consulter le d\u00e9tail des informations et les copies des sources ayant permis de les collecter, consultez ce fichier <a href=\"https:\/\/orgueil82.jvillain.fr\/wp-content\/uploads\/MPLF\/OUSTRY-Pierre.pdf\">pdf<\/a><\/p>\n<\/details>\n\n\n\n<div style=\"height:4px\" aria-hidden=\"true\" class=\"wp-block-spacer\"><\/div>\n\n\n\n<details class=\"wp-block-details has-accent-color has-text-color has-link-color wp-elements-da54e4a8a3a177f125aece2136bbf52f is-layout-flow wp-block-details-is-layout-flow\"><summary>ANDRIEU Jean &#8211; 39 ans<\/summary>\n<p>Soldat au 360e R\u00e9giment d&rsquo;Infanterie, 17e compagnie &#8211; Matricule au recrutement 1713 subdivision de Toulouse (31).<\/p>\n\n\n\n<p>N\u00e9 le 29\/10\/1876 \u00e0 Fronton (31) au Quartier de Capdeville, Il a \u00e9t\u00e9 tu\u00e9 \u00e0 l&rsquo;ennemi le 30\/03\/1916 \u00e0 <a href=\"https:\/\/www.memorialgenweb.org\/memorial3\/html\/fr\/resultat_geoportail.php?id_lieu=1200\" target=\"_blank\" rel=\"noreferrer noopener\">Fleury-devant-Douaumont<\/a> (55). La ville de Toulouse qui a re\u00e7u l\u2019avis de d\u00e9c\u00e8s \u00e9mis par le r\u00e9giment, a envoy\u00e9 un courrier au maire d\u2019Orgueil le 26\/06\/1916 \u00e0 fin d\u2019informer son \u00e9pouse du d\u00e9c\u00e8s.<\/p>\n\n\n\n<p>Son d\u00e9c\u00e8s a \u00e9t\u00e9 transcrit dans les registres d&rsquo;\u00e9tat-civil d\u2019Orgueil (82) le 02\/08\/1916<\/p>\n\n\n\n<p>Il est pr\u00e9sent sur le Livre d&rsquo;Or du minist\u00e8re des pensions de la commune d&rsquo;Orgueil (82)<\/p>\n\n\n\n<p>Class\u00e9 services auxiliaires du fait de maladie \u00e0 la conscription, il a \u00e9t\u00e9 class\u00e9 apte au service arm\u00e9 le 16\/12\/1914 et a \u00e9t\u00e9 rappel\u00e9 au 133e R\u00e9giment d&rsquo;Infanterie Territoriale le 25\/01\/1915. Il est pass\u00e9 au 129e R\u00e9giment d&rsquo;Infanterie Territoriale le 27\/04\/1915 puis au 160e R\u00e9giment d&rsquo;Infanterie le 15\/10\/1916.<\/p>\n\n\n\n<p>Fils de Simon et de Fran\u00e7oise BESSI\u00c8RES, il s&rsquo;est mari\u00e9 \u00e0 Orgueil (82) le 04\/02\/1900 avec Jeanne BONHOURE n\u00e9e en 1884 \u00e0 Castelnau-d&rsquo;Estr\u00e9tefonds (31). Quand il se marie, il est cultivateur et il habite \u00e0 Fronton (31). Le 18\/11\/1900 il est enregistr\u00e9 par les autorit\u00e9s militaires comme r\u00e9sidant \u00e0 Orgueil (82).<\/p>\n\n\n\n<p>En 1911 il est recens\u00e9 \u00e0 Orgueil avec son \u00e9pouse. Ils habitent au lieu dit Les Granges. Il est ma\u00eetre-valet chez Lescure. En 1916 son \u00e9pouse habite Orgueil.<\/p>\n\n\n\n<p>Si vous voulez consulter le d\u00e9tail des informations et les copies des sources ayant permis de les collecter, consultez ce fichier <a href=\"https:\/\/orgueil82.jvillain.fr\/wp-content\/uploads\/MPLF\/ANDRIEU-Jean.pdf\">pdf<\/a><\/p>\n<\/details>\n\n\n\n<div style=\"height:4px\" aria-hidden=\"true\" class=\"wp-block-spacer\"><\/div>\n\n\n\n<details class=\"wp-block-details has-accent-color has-text-color has-link-color wp-elements-d10e3dd9ed6de5ebbccca9db237a1639 is-layout-flow wp-block-details-is-layout-flow\"><summary>MAGN\u00c9 Jules &#8211; 39 ans<\/summary>\n<p>Soldat au 164e R\u00e9giment d&rsquo;Infanterie, 6e compagnie &#8211; Matricule au recrutement 449 subdivision de Montauban (82).<\/p>\n\n\n\n<p>N\u00e9 le 10\/02\/1896 \u00e0 Montauban (82), il est mort le 22\/07\/1916 \u00e0 l&rsquo;h\u00f4pital d&rsquo;\u00e9vacuation n\u00b013 de Marcelcave (80) des suites de blessures de guerre re\u00e7ues le 20\/07\/1916 \u00e0 Biaches (Somme).<\/p>\n\n\n\n<p>Son d\u00e9c\u00e8s a \u00e9t\u00e9 transcrit dans les registres d&rsquo;\u00e9tat-civil de Montauban (82) le 18\/11\/1916.<\/p>\n\n\n\n<p>Il repose en la n\u00e9cropole nationale Les Buttes commune de Marcelcave (80) tombe 818.<\/p>\n\n\n\n<p>Son nom est aussi grav\u00e9 sur le monument aux morts de Montauban (82). Il est pr\u00e9sent sur le Livre d&rsquo;Or du minist\u00e8re des pensions de la commune d&rsquo;Orgueil (82) et sur celui de la commune de Montauban (82).<\/p>\n\n\n\n<p>Il est d\u00e9cor\u00e9 de la m\u00e9daille militaire et de la Croix de guerre avec \u00e9toile de bronze.<\/p>\n\n\n\n<p>Il a \u00e9t\u00e9 incorpor\u00e9 \u00e0 compter du 12\/04\/1915 au 81e R\u00e9giment d&rsquo;Infanterie, il est pass\u00e9 au 164e r\u00e9giment d&rsquo;Infanterie le 19\/06\/1916.<\/p>\n\n\n\n<p>Fils de Guillaume et d&rsquo;Antoinette LAUZERIN qui en 1896 \u00e9taient marchands de fa\u00efence domicili\u00e9s \u00e0 Orgueil (82). Il \u00e9tait c\u00e9libataire. En 1911 il est recens\u00e9 \u00e0 Orgueil avec sa m\u00e8re et son fr\u00e8re Jules Simon, ils habitent chez son grand-p\u00e8re maternel Pierre LAUZERIN au Vign\u00e9, lui et sa m\u00e8re sont marchands de fa\u00efence.&nbsp; Il \u00e9tait domicili\u00e9 en dernier lieu Rue Pasteur \u00e0 Montauban (82).<\/p>\n\n\n\n<p>Si vous voulez consulter le d\u00e9tail des informations et les copies des sources ayant permis de les collecter, consultez ce fichier <a href=\"https:\/\/orgueil82.jvillain.fr\/wp-content\/uploads\/MPLF\/MAGNE-Jules.pdf\">pdf<\/a><\/p>\n<\/details>\n\n\n\n<div style=\"height:4px\" aria-hidden=\"true\" class=\"wp-block-spacer\"><\/div>\n\n\n\n<details class=\"wp-block-details has-accent-color has-text-color has-link-color wp-elements-f793221b285a27a31b5913ef05e4720e is-layout-flow wp-block-details-is-layout-flow\"><summary>CALVET Jean &#8211; 36 ans<\/summary>\n<p>Adjudant-chef au 220e R\u00e9giment d&rsquo;Infanterie, 4e compagnie de mitrailleuses &#8211; Matricule au recrutement 564 subdivision de Toulouse (31).<\/p>\n\n\n\n<p>N\u00e9 le 20\/07\/1880 \u00e0 Buzet (31), il a \u00e9t\u00e9 tu\u00e9 \u00e0 l&rsquo;ennemi le 08\/09\/1916 au <a href=\"https:\/\/www.memorialgenweb.org\/memorial3\/html\/fr\/resultat_geoportail.php?id_lieu=55\" target=\"_blank\" rel=\"noreferrer noopener\">bois de Vaux-Chapitre (Meuse)<\/a>. La citation accompagnant sa m\u00e9daille militaire sur le Journal Officiel et l\u2019avis envoy\u00e9 par le r\u00e9giment au maire d\u2019Orgueil par courrier dat\u00e9 du 03\/10\/1916 pour pr\u00e9venir la famille du d\u00e9c\u00e8s indiquent qu&rsquo;il est d\u00e9c\u00e9d\u00e9 \u00e0 Fleury-devant-Douaumont.<\/p>\n\n\n\n<p>Son d\u00e9c\u00e8s a \u00e9t\u00e9 transcrit dans les registres d&rsquo;\u00e9tat-civil d&rsquo;Orgueil (82) le 21\/11\/1916.<\/p>\n\n\n\n<p>Il est d\u00e9cor\u00e9 de la m\u00e9daille militaire et de la croix de guerre avec \u00e9toile de vermeil. Il a \u00e9t\u00e9 cit\u00e9 \u00e0 l&rsquo;ordre n\u00b070 de la Division le 17\/03\/1916<\/p>\n\n\n\n<p>Il est pr\u00e9sent sur le Livre d&rsquo;Or du minist\u00e8re des pensions de la commune d&rsquo;Orgueil (82).<\/p>\n\n\n\n<p>Il a \u00e9t\u00e9 incorpor\u00e9 au 88e R.I. le 15\/11\/1901 et nomm\u00e9 caporal le 06\/12\/1902, il a \u00e9t\u00e9 lib\u00e9r\u00e9 le 18\/09\/1904. Il a \u00e9t\u00e9 mobilis\u00e9 au 14e R.I., il est pass\u00e9 au 20e R.I. le 15\/09\/1914, il a \u00e9t\u00e9 nomm\u00e9 sergent le 11\/10\/1914, adjudant le 28\/04\/1915 et adjudant-chef le 07\/05\/1916.<\/p>\n\n\n\n<p>Fils de Jacques et de C\u00e9cile BASTI\u00c9. Il s&rsquo;est mari\u00e9 \u00e0 Fronton (31) le 05\/10\/1905 avec Adeline Marie SADOUL n\u00e9e \u00e0 Roquemaure (81) et qui habitait alors Fronton (31) avec ses parents.<\/p>\n\n\n\n<p>A la conscription il est cultivateur et habite avec ses parents \u00e0 Bouloc (31). Le 02\/10\/1904 il r\u00e9side \u00e0 Montbartier (82). Le 04\/12\/1904 il r\u00e9side \u00e0 Orgueil (82) o\u00f9 il est domicili\u00e9 le 05\/10\/1905 avec ses parents. Le 06\/12\/1908 il r\u00e9side \u00e0 Corbarieu (82). Le 27\/11\/1910 il r\u00e9side \u00e0 Orgueil (82). En 1911 il est recens\u00e9 \u00e0 Orgueil avec son \u00e9pouse et sa fille Clotilde (n\u00e9e en 1907). Ils habitent au lieu dit Don\u00e8zes. Il est le m\u00e9tayer d&rsquo;\u00c9tienne D&rsquo;HUILIER.<\/p>\n\n\n\n<p>Si vous voulez consulter le d\u00e9tail des informations et les copies des sources ayant permis de les collecter, consultez ce fichier <a href=\"https:\/\/orgueil82.jvillain.fr\/wp-content\/uploads\/MPLF\/CALVET-Jean.pdf\">pdf<\/a><\/p>\n<\/details>\n\n\n\n<div style=\"height:4px\" aria-hidden=\"true\" class=\"wp-block-spacer\"><\/div>\n\n\n\n<details class=\"wp-block-details has-accent-color has-text-color has-link-color wp-elements-d63d61e2636f4648f2282d58578b2370 is-layout-flow wp-block-details-is-layout-flow\"><summary>ORLHIAC Louis &#8211; 32 ans<\/summary>\n<p>Brigadier au 25e r\u00e9giment d&rsquo;Artillerie de Campagne, 7e batterie &#8211; Matricule au recrutement 430 subdivision de Montauban (82).<\/p>\n\n\n\n<p>N\u00e9 le 20\/05\/1895 \u00e0 Saint-Nauphary (82), il est mort le 15\/04\/1917 \u00e0 9h15 du matin des suites de blessures de guerre \u00e0 Dhuizel (02). Le maire d\u2019Orgueil a \u00e9t\u00e9 avis\u00e9 du d\u00e9c\u00e8s par le service de comptabilit\u00e9 du 25e R.A. par un courrier dat\u00e9 du 01\/06\/1917. L\u2019information du lieu d\u2019inhumation a \u00e9t\u00e9 envoy\u00e9e le 18\/06\/1917.<\/p>\n\n\n\n<p>Son d\u00e9c\u00e8s a \u00e9t\u00e9 transcrit sur les registres d&rsquo;\u00e9tat-civil de Labastide-du-Temple (82) le 31\/01\/1918.<\/p>\n\n\n\n<p>Il a \u00e9t\u00e9 inhum\u00e9 en premier lieu au cimeti\u00e8re militaire de Dhuizel (02). Il repose en la n\u00e9cropole nationale de Braine commune de Braine (02) tombe 732.<\/p>\n\n\n\n<p>Il est d\u00e9cor\u00e9 de la m\u00e9daille militaire et de la Croix de guerre.<\/p>\n\n\n\n<p>Il est pr\u00e9sent sur le Livre d&rsquo;Or du minist\u00e8re des pensions de la commune d&rsquo;Orgueil (82).<\/p>\n\n\n\n<p>Il s&rsquo;est engag\u00e9 pour 4 ans le 02\/06\/1913 \u00e0 la mairie de Montauban (num\u00e9ro de Liste Matricule 194) au titre du 1er Escadron du Train des \u00c9quipages Militaires, il a \u00e9t\u00e9 nomm\u00e9 Brigadier le 15\/02\/1914, il est pass\u00e9 au 6e E.T.E.M. le 01\/06\/1915 et est pass\u00e9 au 25e R\u00e9giment d&rsquo;Artillerie le 24\/11\/1915.<\/p>\n\n\n\n<p>Fils de Jean et de Marie BLACHET. Il est n\u00e9 au lieu dit Saint-Aubin o\u00f9 son p\u00e8re \u00e9tait cultivateur. A la conscription il r\u00e9side avec ses parents \u00e0 Labastide-du-Temple (82). Ses parents se sont install\u00e9s \u00e0 Orgueil en 1915.<\/p>\n\n\n\n<p>Si vous voulez consulter le d\u00e9tail des informations et les copies des sources ayant permis de les collecter, consultez ce fichier <a href=\"https:\/\/orgueil82.jvillain.fr\/wp-content\/uploads\/MPLF\/ORLHIAC-Louis.pdf\">pdf<\/a><\/p>\n<\/details>\n\n\n\n<div style=\"height:4px\" aria-hidden=\"true\" class=\"wp-block-spacer\"><\/div>\n\n\n\n<details class=\"wp-block-details has-accent-color has-text-color has-link-color wp-elements-37e1af3bd84d374b068f67b63cb9dc31 is-layout-flow wp-block-details-is-layout-flow\"><summary>SOUBRIER Victor &#8211; 40 ans<\/summary>\n<p>Canonnier servant au 101e R\u00e9giment d&rsquo;Artillerie Lourde Hippomobile, 7e batterie de 155 &#8211; Matricule au recrutement 905 subdivision de Montauban (82).<\/p>\n\n\n\n<p>N\u00e9 le 28\/07\/1877 \u00e0 orgueil (82), il a \u00e9t\u00e9 tu\u00e9 \u00e0 l&rsquo;ennemi le 31\/07\/1917 au <a href=\"https:\/\/www.memorialgenweb.org\/memorial3\/html\/fr\/resultat_geoportail.php?id_lieu=634\" target=\"_blank\" rel=\"noreferrer noopener\">bois de Lamb\u00e9champ<\/a> commune de Montz\u00e9ville (55). Le maire d\u2019Orgueil a \u00e9t\u00e9 avis\u00e9 du d\u00e9c\u00e8s par un courrier du commandant du d\u00e9p\u00f4t du r\u00e9giment en date du 20\/08\/1917.<\/p>\n\n\n\n<p>Son d\u00e9c\u00e8s a \u00e9t\u00e9 transcrit dans les registres de l&rsquo;\u00e9tat-civil d&rsquo;Orgueil (82) le 16\/12\/1917.<\/p>\n\n\n\n<p>Il est d\u00e9cor\u00e9 de la m\u00e9daille militaire et est titulaire de la Croix de guerre avec \u00e9toile de bronze.<\/p>\n\n\n\n<p>Il est pr\u00e9sent sur le Livre d&rsquo;Or du minist\u00e8re des pensions de la commune d&rsquo;Orgueil (82).<\/p>\n\n\n\n<p>Il a \u00e9t\u00e9 class\u00e9 apte service arm\u00e9 le 12\/11\/1914 et rappel\u00e9 le 29\/12\/1914 au 23e R\u00e9giment d&rsquo;Artillerie de Campagne. Il est pass\u00e9 au 7e R\u00e9giment d&rsquo;Artillerie \u00e0 Pied le 16\/06\/1915 et au 101e R\u00e9giment d&rsquo;Artillerie Lourde le 08\/07\/1916.<\/p>\n\n\n\n<p>Fils de Jean et de Jeanne SAL\u00c8S. Il s&rsquo;est mari\u00e9 \u00e0 Orgueil le 17\/04\/1903 avec Marie SOL n\u00e9e \u00e0 Bressols en 1883. En 1877 son p\u00e8re est tonnelier \u00e0 Orgueil. En 1911 il est recens\u00e9 \u00e0 Orgueil avec son \u00e9pouse et sa fille Anna (n\u00e9e en 1896) chez ses parents. Ils habitent au lieu dit La Thomaze. Lui et son p\u00e8re sont propri\u00e9taires exploitants.<\/p>\n\n\n\n<p>Si vous voulez consulter le d\u00e9tail des informations et les copies des sources ayant permis de les collecter, consultez ce fichier <a href=\"https:\/\/orgueil82.jvillain.fr\/wp-content\/uploads\/MPLF\/SOUBRIER-Victor.pdf\">pdf<\/a><\/p>\n<\/details>\n\n\n\n<div style=\"height:4px\" aria-hidden=\"true\" class=\"wp-block-spacer\"><\/div>\n\n\n\n<details class=\"wp-block-details has-accent-color has-text-color has-link-color wp-elements-93bb7d66c3e47982a8963b3cb5caa6ad is-layout-flow wp-block-details-is-layout-flow\"><summary>DUCROS Jean Ernest &#8211; 25 ans<\/summary>\n<p>Soldat au 215e R\u00e9giment d&rsquo;Infanterie, 15e compagnie &#8211; Matricule au recrutement 287 subdivision de Montauban (82).<\/p>\n\n\n\n<p>N\u00e9 le 30\/11\/1891 \u00e0 Orgueil (82), il est mort le 02\/08\/1917 des suites de blessures de guerre au <a href=\"https:\/\/www.memorialgenweb.org\/memorial3\/html\/fr\/resultat_geoportail.php?id_lieu=20\" target=\"_blank\" rel=\"noreferrer noopener\">Chemin des Dames<\/a> au sud-est de Cerny (02) sur le territoire de la commune de Vendresse-et-Troyon (02), le d\u00e9c\u00e8s a \u00e9t\u00e9 constat\u00e9 le 08\/08\/1917. Le maire d\u2019orgueil a \u00e9t\u00e9 avis\u00e9 du d\u00e9c\u00e8s par un courrier en date du 28\/08\/1917.<\/p>\n\n\n\n<p>Son d\u00e9c\u00e8s a \u00e9t\u00e9 transcrit dans les registres d&rsquo;\u00e9tat-civil d&rsquo;Orgueil (82) le 12\/10\/1917.<\/p>\n\n\n\n<p>Il a d&rsquo;abord \u00e9t\u00e9 inhum\u00e9 dans le cimeti\u00e8re militaire d&rsquo;Oeuilly (02) tombe 762.<\/p>\n\n\n\n<p>Il est d\u00e9cor\u00e9 de la M\u00e9daille militaire.<\/p>\n\n\n\n<p>Il est pr\u00e9sent sur le Livre d&rsquo;Or du minist\u00e8re des pensions de la commune d&rsquo;Orgueil (82). Sur le monument aux morts il est inscrit avec le pr\u00e9nom Ernest<\/p>\n\n\n\n<p>Ajourn\u00e9 en 1912, il a \u00e9t\u00e9 incorpor\u00e9 \u00e0 compter du 09\/10\/1913 au 15e R.I..<\/p>\n\n\n\n<p>Fils de Jean et de Marie VIGOUROUX, il est n\u00e9 dans le bourg d&rsquo;Orgueil. En 1891 son p\u00e8re \u00e9tait cultivateur. En 1911 il est recens\u00e9 avec ses parents et sa soeur Maria (n\u00e9e en 1889) \u00e0 Orgueil. Son p\u00e8re est alors propri\u00e9taire-cultivateur et il est cultivateur employ\u00e9 par son p\u00e8re.<\/p>\n\n\n\n<p>Si vous voulez consulter le d\u00e9tail des informations et les copies des sources ayant permis de les collecter, consultez ce fichier <a href=\"https:\/\/orgueil82.jvillain.fr\/wp-content\/uploads\/MPLF\/DUCROS-Jean.pdf\">pdf<\/a><\/p>\n<\/details>\n\n\n\n<div style=\"height:4px\" aria-hidden=\"true\" class=\"wp-block-spacer\"><\/div>\n\n\n\n<details class=\"wp-block-details has-accent-color has-text-color has-link-color wp-elements-1b676dfca4c30fd34399f9edb2b870a1 is-layout-flow wp-block-details-is-layout-flow\"><summary>JOLY Pierre Urbain &#8211; 20 ans<\/summary>\n<p>Soldat au 100e R\u00e9giment d&rsquo;Infanterie, 2e bataillon, 5e compagnie &#8211; Matricule au recrutement 808 subdivision de Montauban (82).<\/p>\n\n\n\n<p>N\u00e9 le 31\/07\/1898 \u00e0 Monclar-de-Quercy (82), il a \u00e9t\u00e9 tu\u00e9 \u00e0 l&rsquo;ennemi le 06\/08\/1918 \u00e0 <a href=\"https:\/\/www.memorialgenweb.org\/memorial3\/html\/fr\/resultat_geoportail.php?id_lieu=120\" target=\"_blank\" rel=\"noreferrer noopener\">La Neuvillette<\/a> (Marne). Le maire d\u2019Orgueil a \u00e9t\u00e9 avis\u00e9 du d\u00e9c\u00e8s par un courrier du minist\u00e8re de la guerre dat\u00e9 du 17\/09\/1918.<\/p>\n\n\n\n<p>Son d\u00e9c\u00e8s a \u00e9t\u00e9 transcrit dans les registres d&rsquo;\u00e9tat-civil d&rsquo;Orgueil (82) le 13\/01\/1919.<\/p>\n\n\n\n<p>Il repose dans le caveau familial au cimeti\u00e8re d&rsquo;Orgueil (82).<\/p>\n\n\n\n<p>Il est d\u00e9cor\u00e9 de la m\u00e9daille militaire et a \u00e9t\u00e9 cit\u00e9.<\/p>\n\n\n\n<p>Il a \u00e9t\u00e9 incorpor\u00e9 \u00e0 compter du 01\/05\/1917 au 7e r\u00e9giment d&rsquo;infanterie, il est pass\u00e9 au 100e r\u00e9giment d&rsquo;infanterie le 15\/03\/1918. Son p\u00e8re a \u00e9t\u00e9 mobilis\u00e9 au 132e r\u00e9giment d&rsquo;infanterie territorial le 04\/08\/1914 et a fait toute la guerre au 11e r\u00e9giment d&rsquo;infanterie<\/p>\n\n\n\n<p>Sur le monument aux morts d&rsquo;Orgueil son pr\u00e9nom grav\u00e9 est Urbain. Il est pr\u00e9sent sur le Livre d&rsquo;Or du minist\u00e8re des pensions de la commune d&rsquo;Orgueil (82).<\/p>\n\n\n\n<p>Fils de Jean Baptiste Paul et d&rsquo;Anne G\u00e9raude RIVAL, il est n\u00e9 au domicile de Baptiste MERCADIER. En 1898 son p\u00e8re, cultivateur \u00e0 Monclar (82), \u00e9tait au service militaire au 11e R\u00e9giment d&rsquo;Infanterie de Montauban (82). Son p\u00e8re est not\u00e9 r\u00e9sidant \u00e0 Orgueil \u00e0 partir du 21\/11\/1913 (sur sa fiche matricule). En 1917 Pierre Urbain r\u00e9side \u00e0 Orgueil avec ses parents.<\/p>\n\n\n\n<p>Si vous voulez consulter le d\u00e9tail des informations et les copies des sources ayant permis de les collecter, consultez ce fichier <a href=\"https:\/\/orgueil82.jvillain.fr\/wp-content\/uploads\/MPLF\/JOLY-Urbain.pdf\">pdf<\/a><\/p>\n\n\n\n<div style=\"height:4px\" aria-hidden=\"true\" class=\"wp-block-spacer\"><\/div>\n\n\n\n<div style=\"height:4px\" aria-hidden=\"true\" class=\"wp-block-spacer\"><\/div>\n<\/details>\n\n\n\n<div style=\"height:4px\" aria-hidden=\"true\" class=\"wp-block-spacer\"><\/div>\n\n\n\n<details class=\"wp-block-details has-accent-color has-text-color has-link-color wp-elements-c1c3ffd4c89b4e02f61a8d69faf840e6 is-layout-flow wp-block-details-is-layout-flow\"><summary>GARRABET Jean Joseph &#8211; 23 ans<\/summary>\n<p>Soldat au 156e R\u00e9giment d&rsquo;Infanterie, 6e compagnie &#8211; Matricule au recrutement 360 subdivision de Montauban (82).<\/p>\n\n\n\n<p>N\u00e9 le 20\/02\/1895 \u00e0 Campsas (82), il a \u00e9t\u00e9 tu\u00e9 \u00e0 l&rsquo;ennemi \u00e0 Saint-Beno\u00eet-en-Wo\u00ebvre (55) le 30\/09\/1918 \u00e0 4h00 du matin. Le maire d\u2019Orgueil a \u00e9t\u00e9 avis\u00e9 du d\u00e9c\u00e8s par un courrier du service de renseignements du 156\/356e R.I. dat\u00e9 du 21\/10\/1918. Le maire a avis\u00e9 la famille le 28\/10\/1918.<\/p>\n\n\n\n<p>Son d\u00e9c\u00e8s a \u00e9t\u00e9 transcrit dans les registres d&rsquo;\u00e9tat-civil d&rsquo;Orgueil (82) le 20\/04\/1919.<\/p>\n\n\n\n<p>Il s&rsquo;est engag\u00e9 volontairement le 15\/07\/1915 pour la dur\u00e9e de la guerre \u00e0 la mairie de Montauban (Liste Matricule num\u00e9ro 66), affect\u00e9 au 14e R.I. il est pass\u00e9 au 156e R.I. le 29\/04\/1916. Il a \u00e9t\u00e9 bless\u00e9 au Chemin des Dames le 20\/05\/1917.<\/p>\n\n\n\n<p>Sur le monument aux morts d&rsquo;Orgueil son pr\u00e9nom grav\u00e9 est Joseph, pr\u00e9nom que l&rsquo;on retrouve dans les recensements. Il est pr\u00e9sent sur le Livre d&rsquo;Or du minist\u00e8re des pensions de la commune d&rsquo;Orgueil (82).<\/p>\n\n\n\n<p>Fils de Pierre et d&rsquo;Eug\u00e9nie GARRIGUES, il \u00e9tait c\u00e9libataire. En 1895 son p\u00e8re \u00e9tait cultivateur et sa m\u00e8re m\u00e9nag\u00e8re. En 1911 il est recens\u00e9 chez parents \u00e0 Orgueil, ils habitent au lieu dit Couderc, son p\u00e8re est fermier et lui m\u00eame est cultivateur.<\/p>\n\n\n\n<p>Si vous voulez consulter le d\u00e9tail des informations et les copies des sources ayant permis de les collecter, consultez ce fichier <a href=\"https:\/\/orgueil82.jvillain.fr\/wp-content\/uploads\/MPLF\/GARRABET-Joseph.pdf\">pdf<\/a><\/p>\n<\/details>\n\n\n\n<div style=\"height:4px\" aria-hidden=\"true\" class=\"wp-block-spacer\"><\/div>\n\n\n\n<details class=\"wp-block-details has-accent-color has-text-color has-link-color wp-elements-c39762d47a8c90cbb301cd0f78e5c1c5 is-layout-flow wp-block-details-is-layout-flow\"><summary>BESSI\u00c8RES Jean Marie &#8211; 21 ans<\/summary>\n<p>Soldat au 80e R\u00e9giment d&rsquo;Infanterie &#8211; Matricule au recrutement 98 subdivision de Toulouse (31).<\/p>\n\n\n\n<p>N\u00e9 le 15\/01\/1893 \u00e0 Fronton (31), il a disparu le 20\/08\/1914 en Moselle (57) pendant les combats de Rorbach-l\u00e8s-Dieuze d&rsquo;apr\u00e8s le jugement de d\u00e9c\u00e8s.<\/p>\n\n\n\n<p>Son jugement d\u00e9claratif de d\u00e9c\u00e8s rendu par le tribunal de Toulouse le 24\/07\/1920 a \u00e9t\u00e9 transcrit dans les registres d&rsquo;\u00e9tat-civil de Villemur (31) le 20\/08\/1920.<\/p>\n\n\n\n<p>Son nom est aussi grav\u00e9 sur les monuments aux morts de Villemur-sur-Tarn (31) et du hameau de Sayrac (31), sur les plaques comm\u00e9moratives de l&rsquo;\u00e9glise de Sayrac et sur le monument du Souvenir Fran\u00e7ais dans le cimeti\u00e8re de Nohic (82). Il est inscrit sur le Livre d&rsquo;Or du minist\u00e8re des pensions des communes d&rsquo;Orgueil (82) et de Villemur-sur-Tarn (31).<\/p>\n\n\n\n<p>Il a \u00e9t\u00e9 incorpor\u00e9 \u00e0 compter du 01\/10\/1913 au 80e R.I. et il est parti en campagne le 07\/08\/1914.<\/p>\n\n\n\n<p>Sur le JMO de son r\u00e9giment il est not\u00e9 disparu le 10\/09\/1914 au <a href=\"https:\/\/www.memorialgenweb.org\/memorial3\/html\/fr\/resultat_geoportail.php?id_lieu=86\" target=\"_blank\" rel=\"noreferrer noopener\">Bois Bareth<\/a> sur la commune de H\u00e9rim\u00e9nil (54) et c&rsquo;est ce qui est indiqu\u00e9 sur la plaque \u00e9maill\u00e9e retrouv\u00e9e sur le monument du souvenir Fran\u00e7ais de Nohic (82) et sur le monument aux morts et la plaque comm\u00e9morative dans l&rsquo;\u00e9glise du hameau de Sayrac (31). Sa fiche matricule indique qu&rsquo;il a disparu au combat de Rorbach \u00e0 H\u00e9rim\u00e9nil le 20\/08\/1914, la date du 10\/09\/1914 a \u00e9t\u00e9 ray\u00e9e et remplac\u00e9e par la date du 20\/08\/1914. Le tribunal a d\u00e9cid\u00e9 qu&rsquo;il avait disparu le 20\/08\/1914 \u00e0 Rorbach-l\u00e8s-Dieuze (57).<\/p>\n\n\n\n<p>Il est titulaire de la M\u00e9daille Militaire et de la Croix de guerre avec \u00e9toile de bronze (J.O.R.F. du 18\/08\/1922).<\/p>\n\n\n\n<p>Fils d&rsquo;Antoine et de P\u00e9tronille FOURNIER, il est n\u00e9 au Quartier du ruisseau \u00e0 Fronton (31) o\u00f9 habitaient ses parents. En 1893 son p\u00e8re \u00e9tait cultivateur et sa m\u00e8re m\u00e9nag\u00e8re.<\/p>\n\n\n\n<p>Au recensement de 1911 et lors de la conscription il habitait avec ses parents le hameau de Sayrac commune de Villemur (31).<\/p>\n\n\n\n<p>Si vous voulez consulter le d\u00e9tail des informations et les copies des sources ayant permis de les collecter, consultez ce fichier <a href=\"https:\/\/orgueil82.jvillain.fr\/wp-content\/uploads\/MPLF\/BESSIERES-Jean-Marie.pdf\">pdf<\/a><\/p>\n<\/details>\n\n\n\n<div style=\"height:4px\" aria-hidden=\"true\" class=\"wp-block-spacer\"><\/div>\n\n\n\n<details class=\"wp-block-details has-accent-color has-text-color has-link-color wp-elements-27c5d78decab95dbd265dcea9dcc03d9 is-layout-flow wp-block-details-is-layout-flow\"><summary>ROUMAGNOU Gr\u00e9goire Jean Pierre &#8211; 47 ans<\/summary>\n<p>Conducteur au 2e Escadron du Train des \u00c9quipages Militaires &#8211; Matricule au recrutement 245 subdivision de Montauban (82).<\/p>\n\n\n\n<p>N\u00e9 le 16\/09\/1869 \u00e0 Belmontet (82) au lieu dit Lagravelle, il est d\u00e9c\u00e9d\u00e9 des suites de maladie non imputable au service le 12\/02\/1917 \u00e0 l&rsquo;h\u00f4pital auxiliaire 49 commune de Lyon (69).<\/p>\n\n\n\n<p>Un extrait du registre des d\u00e9c\u00e8s a \u00e9t\u00e9 transmis \u00e0 la mairie de Mauvezin (32) le 13\/02\/1917.<\/p>\n\n\n\n<p>Ses pr\u00e9noms \u00e0 l&rsquo;\u00e9tat-civil sont Gr\u00e9goire Jean Pierre mais il est inscrit sur le monument aux morts d&rsquo;Orgueil (82) avec le pr\u00e9nom Paulin.<\/p>\n\n\n\n<p>Il a \u00e9t\u00e9 rappel\u00e9 \u00e0 l&rsquo;activit\u00e9 le 19\/04\/1915 au 132e R\u00e9giment d&rsquo;Infanterie Territoriale, il est pass\u00e9 au 2e E.T.E.M. le 17\/10\/1916. Il avait effectu\u00e9 son sevice militaire (1890 \u00e0 1893) dans l&rsquo;Infanterie de Marine, il est d\u00e9cor\u00e9 de la m\u00e9daille comm\u00e9morative du Dahomey, pays o\u00f9 il a combattu de d\u00e9cembre 1892 \u00e0 septembre 1893.<\/p>\n\n\n\n<p>Fils de Fran\u00e7ois et de Marie COSTES, mari\u00e9 avec Marie AMIALETTE. En 1869 son p\u00e8re \u00e9tait ma\u00e7on-charpentier. Il a \u00e9t\u00e9 domicili\u00e9 \u00e0 Orgueil (82) entre 1895 et 1898 et entre 1903 et 1911, sa derni\u00e8re r\u00e9sidence connue est Mauvezin (32). En 1911 il habite le lieu dit Gran\u00e8s \u00e0 Orgueil (82). Il est ma\u00eetre-valet chez Jean ALBOUY propri\u00e9taire-cultivateur. Son \u00e9pouse Marie et sa fille Marie-Jeanne sont ouvri\u00e8res chez Brusson p\u00e2tes alimentaires \u00e0 Villemur (31). Le 1er aout 1914 il r\u00e9side chez madame LESSAN quartier Lestaque \u00e0 Mauvezin (32).<\/p>\n\n\n\n<p>Si vous voulez consulter le d\u00e9tail des informations et les copies des sources ayant permis de les collecter, consultez ce fichier <a href=\"https:\/\/orgueil82.jvillain.fr\/wp-content\/uploads\/MPLF\/ROUMAGNOU-Gregoire.pdf\">pdf<\/a><\/p>\n<\/details>\n\n\n\n<div style=\"height:4px\" aria-hidden=\"true\" class=\"wp-block-spacer\"><\/div>\n\n\n\n<details class=\"wp-block-details has-accent-color has-text-color has-link-color wp-elements-862fcf94e05b7829d6c14a1c0f92a7d8 is-layout-flow wp-block-details-is-layout-flow\"><summary>BLATCH\u00c9 Henri Antoine &#8211; 19 ans<\/summary>\n<p>Artilleur au 411e R\u00e9giment d&rsquo;Artillerie Antia\u00e9rienne.<\/p>\n\n\n\n<p>N\u00e9 le 13\/07\/1923 \u00e0 Orgueil (82), il est mort des suites de blessures de guerre le 08\/11\/1942 \u00e0 l&rsquo;h\u00f4pital d&rsquo;Alger (d\u00e9partement d&rsquo;Alger).<\/p>\n\n\n\n<p>Il repose dans le cimeti\u00e8re communal d&rsquo;Orgueil (82), son corps a \u00e9t\u00e9 rapatri\u00e9 en m\u00e9tropole en 1948.<\/p>\n\n\n\n<p>Il est mort lors du d\u00e9barquement anglo-am\u00e9ricain en Afrique du Nord.<\/p>\n<\/details>\n\n\n\n<div style=\"height:7px\" aria-hidden=\"true\" class=\"wp-block-spacer\"><\/div>\n<\/details>\n\n\n\n<div style=\"height:4px\" aria-hidden=\"true\" class=\"wp-block-spacer\"><\/div>\n\n\n\n<details class=\"wp-block-details is-layout-flow wp-block-details-is-layout-flow\"><summary>Plaque comm\u00e9morative<\/summary>\n<div style=\"height:7px\" aria-hidden=\"true\" class=\"wp-block-spacer\"><\/div>\n\n\n\n<p class=\"has-global-color-14-color has-text-color has-link-color wp-elements-1c6fdf4355f30c536b40106920385d0e\"><em>Un seul nom sur la plaque qui n&rsquo;est pas sur le monument aux morts<\/em><\/p>\n\n\n\n<p><strong>MAZAS Arnaud 32 ans<\/strong><\/p>\n\n\n\n<p>Cavalier au 12e r\u00e9giment de cuirassiers dans la compagnie hors-rang. Matricule au recrutement 130 subdivision de Toulouse (31).<\/p>\n\n\n\n<p>N\u00e9 le 07\/10\/1885 \u00e0 Fronton (31), il a \u00e9t\u00e9 tu\u00e9 le 12\/06\/1918 \u00e0 la lisi\u00e8re du bois nord-ouest de <a href=\"https:\/\/www.memorialgenweb.org\/memorial3\/html\/fr\/resultat_geoportail.php?id_lieu=1024\" target=\"_blank\" rel=\"noreferrer noopener\">Chafosse<\/a> sur le territoire de la commune de Saint-Pierre-Aigle (02).<\/p>\n\n\n\n<p>Son d\u00e9c\u00e8s a \u00e9t\u00e9 transcrit dans les registres de l&rsquo;\u00e9tat-civil de Fronton (31) le 14\/10\/1918.<\/p>\n\n\n\n<p>Son nom est inscrit sur la plaque comm\u00e9morative 1914-1918 de la commune d&rsquo;Orgueil, plaque qui fut semble t il au cimeti\u00e8re du village dans le pass\u00e9. Il est pr\u00e9sent sur le Livre d&rsquo;Or du minist\u00e8re des pensions de la commune de Fronton (31) et sur les deux monuments aux morts et les plaques comm\u00e9moratives de l&rsquo;\u00e9glise de cette commune.<\/p>\n\n\n\n<p>Il a \u00e9t\u00e9 incorpor\u00e9 au 2e r\u00e9giment de dragons le 06\/10\/1906 pour effectuer son service militaire, il a \u00e9t\u00e9 envoy\u00e9 dans la disponibilit\u00e9 le 25\/09\/1908 et le certificat de bonne conduite lui a \u00e9t\u00e9 accord\u00e9. Il a \u00e9t\u00e9 rappel\u00e9 \u00e0 l&rsquo;activit\u00e9 le 05\/08\/1914 au 10e r\u00e9giment de dragons o\u00f9 il est arriv\u00e9 le 12\/08\/1914. Il est parti aux arm\u00e9es le 29\/12\/1914, le 12\/08\/1916 il est pass\u00e9 au 12e r\u00e9giment de cuirassiers qui venait de se transformer en un r\u00e9giment de cuirassiers \u00e0 pied.<\/p>\n\n\n\n<p>Fils de Jean et d&rsquo;Antoinette BOUSQUET, il est n\u00e9 au Quartier du Ruisseau, son p\u00e8re est cultivateur. Il s&rsquo;est mari\u00e9 \u00e0 Orgueil (82) le 28\/11\/1908 avec Antoinette Jos\u00e9phine GARRABET n\u00e9e \u00e0 Orgueil le 15\/09\/1889.<\/p>\n\n\n\n<div style=\"height:11px\" aria-hidden=\"true\" class=\"wp-block-spacer\"><\/div>\n<\/details>\n\n\n\n<div style=\"height:4px\" aria-hidden=\"true\" class=\"wp-block-spacer\"><\/div>\n\n\n\n<details class=\"wp-block-details is-layout-flow wp-block-details-is-layout-flow\"><summary>Livre d&rsquo;or du Minist\u00e8re des Pensions de la commune d&rsquo;Orgueil<\/summary>\n<div style=\"height:6px\" aria-hidden=\"true\" class=\"wp-block-spacer\"><\/div>\n\n\n\n<p class=\"has-global-color-14-color has-text-color has-link-color wp-elements-44d49330630c535c82e729cd0144e0f2\"><em>Deux hommes dont les noms sont dans le Livre d&rsquo;Or n&rsquo;ont pas leur nom grav\u00e9 sur le monument aux morts de la commune<\/em><\/p>\n\n\n\n<div style=\"height:4px\" aria-hidden=\"true\" class=\"wp-block-spacer\"><\/div>\n\n\n\n<details class=\"wp-block-details has-accent-color has-text-color has-link-color wp-elements-61c2d5f530125456cef846a7e89d3fe6 is-layout-flow wp-block-details-is-layout-flow\"><summary>CAMMAS Fran\u00e7ois Baptiste &#8211; 41 ans<\/summary>\n<p>Conducteur au 3e Escadron du Train des \u00c9quipes Militaires, 24e compagnie &#8211; Matricule au recrutement 88 subdivision de Rodez (12).<\/p>\n\n\n\n<p>N\u00e9 le 09\/05\/1875 au hameau de Puech-Testes \u00e0 Pont-de-Salars (12), il est mort des suites de blessures de guerre le 10\/04\/1917 \u00e0 5h40 \u00e0 l&rsquo;h\u00f4pital d&rsquo;\u00e9vacuation 13 commune de Courlandon (51).<\/p>\n\n\n\n<p>Son d\u00e9c\u00e8s a \u00e9t\u00e9 transcrit dans les registres d&rsquo;\u00e9tat-civil d&rsquo;Orgueil (82) le 11\/10\/1917 mais a \u00e9t\u00e9 retransmis \u00e0 la mairie de Fronton o\u00f9 \u00e9tait domicili\u00e9e son \u00e9pouse.<\/p>\n\n\n\n<p>Il repose en la n\u00e9cropole nationale La Maison Bleue commune de Commercy (51) tombe 3781.<\/p>\n\n\n\n<p>Son nom est inscrit sur les deux monuments aux morts de Fronton (31) et sur les plaques comm\u00e9moratives dans l&rsquo;\u00e9glise de Fronton. Il est pr\u00e9sent sur le Livre d&rsquo;Or du minist\u00e8re des pensions de la commune d&rsquo;Orgueil (82).<\/p>\n\n\n\n<p>Il a \u00e9t\u00e9 mobilis\u00e9 le 15\/08\/1914 au 124e R\u00e9giment d&rsquo;Infanterie Territoriale, il est pass\u00e9 au 18e R\u00e9giment d&rsquo;Infanterie Territoriale le 15\/02\/1916, il a \u00e9t\u00e9 bless\u00e9 par \u00e9clats d&rsquo;obus le 01\/05\/1916 \u00e0 Tilloloy (80), suite \u00e0 ses blessures il est d\u00e9clar\u00e9 inapte Infanterie et Artillerie par la commission de r\u00e9forme d&rsquo;\u00c9vreux le 03\/01\/1917, il passse au 2e Escadron du Train des \u00c9quipages le 18\/01\/1917, il est bless\u00e9 gravement par un \u00e9clat d&rsquo;obus le 10\/04\/1917 \u00e0 Verneuil.<\/p>\n\n\n\n<p>Fils d&rsquo;Alexis et de Doroth\u00e9e BRONDEL, il s&rsquo;est mari\u00e9 le 18\/05\/1904 \u00e0 Tr\u00e9mouilles (12) avec Marie Euphrasie Rosalie Valentine LIGNON.<\/p>\n\n\n\n<p>En 1911 il est recens\u00e9 \u00e0 Orgueil avec son \u00e9pouse, sa fille Marie (n\u00e9e en 1904 \u00e0 Rodez (12)) et son fils Fran\u00e7ois (n\u00e9 en 1907 \u00e0 Flavin (12)). Ils habitent au lieu dit Labeille. Il est ma\u00eetre-valet chez Emmanuel LAFONT.<\/p>\n\n\n\n<p>Si vous voulez consulter le d\u00e9tail des informations et les copies des sources ayant permis de les collecter, consultez ce fichier <a href=\"https:\/\/orgueil82.jvillain.fr\/wp-content\/uploads\/MPLF\/CAMMAS-Francois-baptiste.pdf\">pdf<\/a><\/p>\n<\/details>\n\n\n\n<div style=\"height:4px\" aria-hidden=\"true\" class=\"wp-block-spacer\"><\/div>\n\n\n\n<details class=\"wp-block-details has-accent-color has-text-color has-link-color wp-elements-b733ded33c0d0758e5b9e5fb25960600 is-layout-flow wp-block-details-is-layout-flow\"><summary>DELPECH \u00c9tienne Louis Jean Marie &#8211; 45 ans<\/summary>\n<p>Capitaine au 70e R\u00e9giment d&rsquo;Infanterie, 1er bataillon, 2e compagnie &#8211; Matricule au recrutement 758 subdivision de Rodez (12).<\/p>\n\n\n\n<p>N\u00e9 le 19\/08\/1869 \u00e0 Meauzac (82), bless\u00e9 et disparu le 22\/08\/1914 en Belgique. Le tribunal de Castelsarrasin (82) a d\u00e9clar\u00e9 qu&rsquo;il est d\u00e9c\u00e9d\u00e9 des suites de blessures de guerre le 22\/08\/1914 \u00e0 Auvelais (province de Namur). L&rsquo;historique du 70e R.I. indique que \u00ab\u00a0<em>d\u00e8s le 21, la 2e compagnie, laiss\u00e9e au ch\u00e2teau de Taravis\u00e9e, chargeait \u00e0 la ba\u00efonnette avec les zouaves de la 37e division, rivalisant d&rsquo;ardeur avec eux et \u00e9galant leur fougue<\/em>\u00ab\u00a0. Le JMO du 360e R.I. indique que la 2e compagnie rejoint Auvelais le 22\/08\/1914 sans le capitaine DELPECH rest\u00e9 au ch\u00e2teau de Taravis\u00e9e. Le ch\u00e2teau de Taravis\u00e9e est sur la commune de Fosses-la-Ville (Belgique).<\/p>\n\n\n\n<p>Son jugement d\u00e9claratif de d\u00e9c\u00e8s rendu par le tribunal de Castelsarrasin (82) le 10\/10\/1919 a \u00e9t\u00e9 transcrit dans les registres de l&rsquo;\u00e9tat-civil d&rsquo;Orgueil (82) le 20\/11\/1919.<\/p>\n\n\n\n<p>Il repose en la n\u00e9cropole nationale d&rsquo;Auvelais (Belgique) tombe 19.<\/p>\n\n\n\n<p>Il a \u00e9t\u00e9 fait Chevalier de la L\u00e9gion d&rsquo;Honneur le 17\/04\/1920 et est titulaire de la Croix de Guerre avec \u00e9toile d&rsquo;argent. Sa citation \u00e0 l&rsquo;ordre de la division le 19\/10\/1915 rappelle son fait d&rsquo;armes : \u00ab\u00a0<em>le 22 aout 1914 a spontan\u00e9ment entra\u00een\u00e9 sa compagnie \u00e0 l&rsquo;assaut, avec les zouaves, contre de redoutables retranchements ennemis. Bless\u00e9 une premi\u00e8re fois, a continu\u00e9 \u00e0 entra\u00eener ses hommes jusqu&rsquo;au moment o\u00f9 il tomba, frapp\u00e9 mortellement, devant Auvelais<\/em>\u00ab\u00a0<\/p>\n\n\n\n<p>Son nom est inscrit sur le monument aux morts de l&rsquo;I.U.F.M. de Montauban (82) et sur le monument aux morts d&rsquo;Yvignac-la-Tour (22) commune o\u00f9 son p\u00e8re \u00e9tait retir\u00e9. Il est pr\u00e9sent sur le Livre d&rsquo;Or du minist\u00e8re des pensions de la commune d&rsquo;Orgueil (82).<\/p>\n\n\n\n<p>Le 11\/11\/1890 il \u00e9tait instituteur quand il est parti au service militaire, il est nomm\u00e9 caporal le 23\/05\/1891 et sergent fourrier le 16\/04\/1892. Lib\u00e9r\u00e9 du service militaire le 24\/09\/1893, il se rengage pour 5 ans le 14\/11\/1893 au titre du 137e R.I., il est nomm\u00e9 sergent le m\u00eame jour. Il est admis comme \u00e9l\u00e8ve officier \u00e0 l&rsquo;\u00c9cole Militaire d&rsquo;Infanterie le 25\/03\/1895 et il est sous-officier \u00e9l\u00e8ve officier le 04\/04\/1895. Il est nomm\u00e9 sous-lieutenant le 01\/04\/1896 au 15e R.I., lieutenant le 01\/04\/1898, il passe au 41e R.I. le 26\/12\/1905, il est promu capitaine au 70e R.I. le 24\/12\/1910.<\/p>\n\n\n\n<p>Fils d&rsquo;\u00c9tienne et de Marie R\u00c9CHOU, il s&rsquo;est mari\u00e9 le 16\/04\/1902 \u00e0 Paris 9e arrondissement avec Blanche Gabrielle COURCIER n\u00e9e \u00e0 Paris 4e arrondissement le 28\/07\/1879. Quand il s&rsquo;est mari\u00e9 il \u00e9tait lieutenant au 15e R.I. domicili\u00e9 \u00e0 Castelnaudary (11). En 1869 ses parents \u00e9taient instituteurs. Son p\u00e8re a \u00e9t\u00e9 instituteur et secr\u00e9taire de mairie (de 1890 \u00e0 l&rsquo;\u00e9t\u00e9 1899) \u00e0 Orgueil.<\/p>\n\n\n\n<p>Le jugement de d\u00e9c\u00e8s rendu par le tribunal de Castelsarrasin indique qu&rsquo;il \u00e9tait domicili\u00e9 en dernier lieu \u00e0 Orgueil, en fait il \u00e9tait domicili\u00e9 \u00e0 Orgueil avec ses parents \u00e0 son incorporation (11\/11\/1890) et c&rsquo;est le dernier domicile enregistr\u00e9 par les autorit\u00e9s militaires. En 1902 il \u00e9tait r\u00e9sident \u00e0 Castelnaudary (11) garnison du 15e R.I. . En 1907 \u00e0 la naissance de son fils Ren\u00e9 Jacques, il est domicili\u00e9 Boulevard Magenta \u00e0 Rennes (35). En 1911 son fils Ren\u00e9 Jacques (n\u00e9 en 1907 \u00e0 Rennes) est recens\u00e9 \u00e0 Yvignac (22) avec son grand-p\u00e8re \u00c9tienne DELPECH qui s&rsquo;est retir\u00e9 dans cette commune. Son fils Ren\u00e9 Jacques a \u00e9t\u00e9 adopt\u00e9 comme pupille de la nation par un jugement du tribunal civil de Dinan du 18\/10\/1923.<\/p>\n\n\n\n<p>Si vous voulez consulter le d\u00e9tail des informations et les copies des sources ayant permis de les collecter, consultez ce fichier <a href=\"https:\/\/orgueil82.jvillain.fr\/wp-content\/uploads\/MPLF\/DELPECH-Etienne-Louis.pdf\">pdf<\/a><\/p>\n<\/details>\n\n\n\n<div style=\"height:4px\" aria-hidden=\"true\" class=\"wp-block-spacer\"><\/div>\n<\/details>\n\n\n\n<div style=\"height:4px\" aria-hidden=\"true\" class=\"wp-block-spacer\"><\/div>\n\n\n\n<details class=\"wp-block-details is-layout-flow wp-block-details-is-layout-flow\"><summary>Soldats n\u00e9s \u00e0 Orgueil<\/summary>\n<div style=\"height:4px\" aria-hidden=\"true\" class=\"wp-block-spacer\"><\/div>\n\n\n\n<p class=\"has-global-color-14-color has-text-color has-link-color wp-elements-7d597f8905afd5665c8809ea2f3d3ce7\"><em>Soldats n\u00e9s \u00e0 Orgueil qui ne sont ni sur le monument aux morts du village ni sur le Livre d\u2019Or mais qui sont inscrits sur un monument dans une autre commune et soldats natifs d\u2019Orgueil d\u00e9c\u00e9d\u00e9s dans d\u2019autres conflits.<\/em><\/p>\n\n\n\n<div style=\"height:4px\" aria-hidden=\"true\" class=\"wp-block-spacer\"><\/div>\n\n\n\n<details class=\"wp-block-details has-accent-color has-text-color has-link-color wp-elements-3b32a6a981eb65d23d9d4fc033969fc3 is-layout-flow wp-block-details-is-layout-flow\"><summary>BESSI\u00c8RES Jean Pierre &#8211; 26 ans<\/summary>\n<p>Canonnier servant au 18e R\u00e9giment d&rsquo;Artillerie de Campagne &#8211; Matricule au recrutement 333 subdivision de Montauban (82).<\/p>\n\n\n\n<p>N\u00e9 le 01\/02\/1890 \u00e0 Orgueil (82), il a \u00e9t\u00e9 tu\u00e9 \u00e0 l&rsquo;ennemi le 25\/02\/1916 au nord du <a href=\"https:\/\/www.memorialgenweb.org\/memorial3\/html\/fr\/resultat_geoportail.php?id_lieu=146\" target=\"_blank\" rel=\"noreferrer noopener\">ravin de Froideterre <\/a>commune de Bras (55), aujourd&rsquo;hui Bras-sur-Meuse.<\/p>\n\n\n\n<p>Son d\u00e9c\u00e8s a \u00e9t\u00e9 transcrit dans les registres d&rsquo;\u00e9tat-civil de Villemur (31) le 27\/04\/1916.<\/p>\n\n\n\n<p>Son nom est grav\u00e9 sur le monument aux morts et sur la plaque comm\u00e9morative de l&rsquo;\u00e9glise de Villemur-sur-Tarn (31).<\/p>\n\n\n\n<p>Il est d\u00e9cor\u00e9 de la M\u00e9daille militaire.<\/p>\n\n\n\n<p>Fils de Barth\u00e9l\u00e9my et de Claire SOULI\u00c9, il s&rsquo;est mari\u00e9 avec Marie Jeanne GAY. A sa naissance ses parents habitent au lieu des Donn\u00e8zes.<\/p>\n<\/details>\n\n\n\n<div style=\"height:4px\" aria-hidden=\"true\" class=\"wp-block-spacer\"><\/div>\n\n\n\n<details class=\"wp-block-details has-accent-color has-text-color has-link-color wp-elements-d8890bce6d4db6b04f66b0322548c065 is-layout-flow wp-block-details-is-layout-flow\"><summary>BOULET Marcelin &#8211; 35 ans<\/summary>\n<p>Canonnier conducteur au 23e R\u00e9giment d&rsquo;Artillerie de Campagne, 1re section de munitions, 2e compagnie &#8211; Matricule au recrutement 378 subdivision de Montauban (82).<\/p>\n\n\n\n<p>N\u00e9 le 21\/06\/1882 \u00e0 Orgueil (82), il est d\u00e9c\u00e9d\u00e9 le 10\/12\/1917 \u00e0 17h30 \u00e0 l&rsquo;ambulance 6\/7 du centre hospitalier de <a href=\"https:\/\/www.memorialgenweb.org\/memorial3\/html\/fr\/resultat_geoportail.php?id_lieu=38\" target=\"_blank\" rel=\"noreferrer noopener\">Glorieux<\/a> commune de Verdun-sur-Meuse (55) des suites de blessures de guerre.<\/p>\n\n\n\n<p>Son d\u00e9c\u00e8s a \u00e9t\u00e9 transcrit dans les registres d&rsquo;\u00e9tat-civil de Montbeton (82) le 05\/03\/1918.<\/p>\n\n\n\n<p>Son nom est inscrit sur le monument aux morts de Montbeton (82) et sur la plaque comm\u00e9morative du temple des Carmes c\u00f4te de Sapiac \u00e0 Montauban (82)<\/p>\n\n\n\n<p>Il est d\u00e9cor\u00e9 de la Croix de guerre avec une \u00e9toile de bronze.<\/p>\n\n\n\n<p>Il a \u00e9t\u00e9 mobilis\u00e9 au 18e R\u00e9giment d&rsquo;Artillerie et est pess\u00e9 au 23e R.A.C. le 01\/04\/1917.<\/p>\n\n\n\n<p>Fils de Jean et de Marie ALRIC, il s&rsquo;est mari\u00e9 \u00e0 Montauban (82) le 25\/04\/1911 avec Marie Antonia MAYNARD. En 1882 son p\u00e8re \u00e9tait cultivateur \u00e0 Orgueil et sa m\u00e8re \u00e9tait couturi\u00e8re, ils habitaient dans le bourg.<\/p>\n\n\n\n<p>A la conscription il \u00e9tait ma\u00e7on et r\u00e9sidait \u00e0 Montbeton avec ses parents. En 1911 le jour de son mariage il \u00e9tait domicili\u00e9 \u00e0 Montbeton.<\/p>\n<\/details>\n\n\n\n<div style=\"height:4px\" aria-hidden=\"true\" class=\"wp-block-spacer\"><\/div>\n\n\n\n<details class=\"wp-block-details has-accent-color has-text-color has-link-color wp-elements-0e5244cbf3b11a33a1251b622a8d039f is-layout-flow wp-block-details-is-layout-flow\"><summary>DONNADIEU Bernard &#8211; 43 ans<\/summary>\n<p>Soldat au 132e R\u00e9giment d&rsquo;Infanterie Territoriale, 14e compagnie &#8211; Matricule au recrutement 720 subdivision de Montauban (82).<\/p>\n\n\n\n<p>N\u00e9 le 21\/07\/1871 \u00e0 Orgueil (82). Il est mort le 19\/04\/1915 des suites de maladie contract\u00e9e en service \u00e0 l&rsquo;h\u00f4pital mixte de Montauban (82).<\/p>\n\n\n\n<p>Un extrait du registre des d\u00e9c\u00e8s a \u00e9t\u00e9 envoy\u00e9 \u00e0 la mairie de Labastide-Saint-Pierre (82) le 19\/04\/1915. Son d\u00e9c\u00e8s est enregistr\u00e9 sur le registre des d\u00e9c\u00e8s de l&rsquo;\u00e9tat-civil de Montauban (82).<\/p>\n\n\n\n<p>Il repose dans le carr\u00e9 militaire E1 du cimeti\u00e8re de Montauban (82), tombe 9.<\/p>\n\n\n\n<p>Son nom est inscrit sur le monument aux morts et sur la plaque de l&rsquo;\u00e9glise de Labastide-Saint-Pierre (82). Il est pr\u00e9sent sur le Livre d&rsquo;Or du minist\u00e8re des pensions de la commune de Labastide-Saint-Pierre (82)<\/p>\n\n\n\n<p>En 1892, \u00e0 la conscription, il a \u00e9t\u00e9 ajourn\u00e9 pour faiblesse et il a \u00e9t\u00e9 class\u00e9 dans les services auxilaires en 1894. Il sera class\u00e9 service arm\u00e9 par la commission de r\u00e9forme le 18\/11\/1914 et rappel\u00e9 \u00e0 l&rsquo;activit\u00e9 le 21\/03\/1915 au 132e R.I.T.<\/p>\n\n\n\n<p>Fils de Jean et de Marie REYE. Il s&rsquo;est mari\u00e9 le 03\/05\/1895 \u00e0 Villebrumier (82) avec Marie VINCENT. Son p\u00e8re est n\u00e9 \u00e0 Orgueil en 1838. En 1871, ses parents \u00e9taient tous les deux journaliers \u00e0 Orgueil et ils habitaient au hameau des Pujals o\u00f9 il est n\u00e9.<\/p>\n\n\n\n<p>En 1895, quand il se marie, il r\u00e9side avec ses parents \u00e0 Labastide-Saint-Pierre et est cultivateur comme ses parents. En 1911 il habite au lieu dit Laborie \u00e0 Labastide-Saint-Pierre avec son p\u00e8re, son \u00e9pouse et trois enfants (Cl\u00e9mence n\u00e9e en 1898, Marie n\u00e9e en 1903 et Isidore n\u00e9 en 1910). En 1911 il est cultivateur employ\u00e9 par divers patrons.<\/p>\n<\/details>\n\n\n\n<div style=\"height:4px\" aria-hidden=\"true\" class=\"wp-block-spacer\"><\/div>\n\n\n\n<details class=\"wp-block-details has-accent-color has-text-color has-link-color wp-elements-1535ce7e837a5e41e58f1eca07e258fc is-layout-flow wp-block-details-is-layout-flow\"><summary>LAVITRY Jean &#8211; 27 ans<\/summary>\n<p>Soldat au 281e R\u00e9giment d&rsquo;Infanterie &#8211; Matricule au recrutement 747 subdivision de Montauban (82).<\/p>\n\n\n\n<p>N\u00e9 le 07\/12\/1886 \u00e0 Orgueil (82). Il a disparu le 25\/09\/1914 \u00e0 Lesseux (88).<\/p>\n\n\n\n<p>Le jugement d\u00e9claratif de son d\u00e9c\u00e8s prononc\u00e9 le 11\/09\/1920 par le tribunal de Montauban (82), a \u00e9t\u00e9 transcrit dans les registres de l&rsquo;\u00e9tat-civil de Saint-\u00c9tienne-de-Tulmont (82) le 27\/12\/1920.<\/p>\n\n\n\n<p>Son nom est inscrit sur le monument aux morts et sur la plaque de l&rsquo;\u00e9glise de Saint-\u00c9tienne-de-Tulmont (82).<\/p>\n\n\n\n<p>Fils de Jean et de Marie DELPOUY. En 1886 son p\u00e8re \u00e9tait m\u00e9tayer \u00e0 Orgueil. A la conscription il habite \u00e0 L\u00e9ojac-et-Bellegarde (82) avec ses parents. En 1909 il est cultivateur et r\u00e9side dans le bourg de Saint-\u00c9tienne-de-Tulmont (82) avec ses parents et ses fr\u00e8res : Paul (n\u00e9 en 1890), Jules (n\u00e9 en 1894), Albert (n\u00e9 en 1903). En 1911 il est recens\u00e9 avec ses parents et ses fr\u00e8res \u00e0 Saint-\u00c9tienne-de-Tulmont, ils habitent le lieu dit Pouvinies et sont cultivateurs.<\/p>\n<\/details>\n\n\n\n<div style=\"height:4px\" aria-hidden=\"true\" class=\"wp-block-spacer\"><\/div>\n\n\n\n<details class=\"wp-block-details has-accent-color has-text-color has-link-color wp-elements-3dd987d317110b83b6984c547f07b330 is-layout-flow wp-block-details-is-layout-flow\"><summary>TR\u00c9GANT Th\u00e9odore Antonin &#8211; 21 ans<\/summary>\n<p>Canonnier m\u00e9canicien, conducteur de char au 502e R\u00e9giment d&rsquo;Artillerie Sp\u00e9ciale, 6e Bataillon de Chars L\u00e9gers, Compagnie A.S. 317 &#8211; Matricule au recrutement 893 subdivision de Montauban (82).<\/p>\n\n\n\n<p>N\u00e9 le 20\/04\/1897 \u00e0 Orgueil (82). Il a \u00e9t\u00e9 tu\u00e9 par des \u00e9clats d&rsquo;obus le 25\/10\/1918 \u00e0 Saint-Quentin-le-Petit (08) au sud de la <a href=\"https:\/\/www.memorialgenweb.org\/memorial3\/html\/fr\/resultat_geoportail.php?id_lieu=722\" target=\"_blank\" rel=\"noreferrer noopener\">Cote 134<\/a>.<\/p>\n\n\n\n<p>Son d\u00e9c\u00e8s a \u00e9t\u00e9 transcrit dans les registres de l&rsquo;\u00e9tat-civil de Campsas (82) le 24\/08\/1919.<\/p>\n\n\n\n<p>Il repose en la n\u00e9cropole nationale de Rethel (08) tombe 1977.<\/p>\n\n\n\n<p>Son nom est inscrit sur le monument aux morts de Campsas et il est pr\u00e9sent dans le Livre d&rsquo;Or du minist\u00e8re des pensions de Campsas (82).<\/p>\n\n\n\n<p>Il a \u00e9t\u00e9 cit\u00e9 \u00e0 l&rsquo;ordre de la 61e Division d&rsquo;Infanterie et de la Brigade.<\/p>\n\n\n\n<p>Il a \u00e9t\u00e9 incorpor\u00e9 le 11\/01\/1916 au 53e R\u00e9giment d&rsquo;Artillerie de Campagne, il est pass\u00e9 au 4e R\u00e9giment d&rsquo;Artillerie le 01\/04\/1917 puis au 81e R\u00e9giment d&rsquo;Artillerie Lourde le 06\/02\/1918, il a int\u00e9gr\u00e9 le 500e R\u00e9giment d&rsquo;Artillerie d&rsquo;Assaut le 01\/05\/1918.<\/p>\n\n\n\n<p>Fils de Jean et de Jeanne B\u00c9. Il est n\u00e9 au lieu dit La Landelle \u00e0 Orgueil (82) o\u00f9 habitait ses parents en 1897. Il \u00e9tait c\u00e9libataire. En 1917 il habite Campsas avec ses parents.<\/p>\n<\/details>\n\n\n\n<div style=\"height:4px\" aria-hidden=\"true\" class=\"wp-block-spacer\"><\/div>\n\n\n\n<details class=\"wp-block-details has-accent-color has-text-color has-link-color wp-elements-c5bc3b1313e487fb8e4023b4f4619d24 is-layout-flow wp-block-details-is-layout-flow\"><summary>GUIRGUY Guillaume &#8211; 22 ans<\/summary>\n<p>Soldat dans la Garde Nationale Mobile de Tarn-et-Garonne. Num\u00e9ro matricule 85 dans la liste du contingent d\u00e9partemental de la Garde Nationale Mobile (Tarn-et-Garonne, ann\u00e9e 1868).<\/p>\n\n\n\n<p>N\u00e9 le 08\/05\/1848 \u00e0 Orgueil (82). Il est mort des suites de maladie le 09\/11\/1870 \u00e0 l&rsquo;h\u00f4pital de Dijon (21).<\/p>\n\n\n\n<p>Son d\u00e9c\u00e8s a \u00e9t\u00e9 transcrit dans les registres d&rsquo;\u00e9tat-civil d&rsquo;Orgueil (82) le 28\/07\/1874.<\/p>\n\n\n\n<p>Son nom n&rsquo;est inscrit sur aucun monument mais apparait sur une liste d&rsquo;\u00e9tat-civil \u00e9tablie par la ville de Dijon d\u00e9pos\u00e9e au Archives D\u00e9partementales de la C\u00f4te-d&rsquo;Or.<\/p>\n\n\n\n<p>Il est d\u00e9clar\u00e9 propre au service de la garde nationale mobile le 30\/03\/1869 mais est lib\u00e9r\u00e9 du fait de son num\u00e9ro de tirage. Il est affect\u00e9 \u00e0 l&rsquo;Infanterie 2e bataillon 3e compagnie (num\u00e9ro matricule au Corps 2234). Il est rappel\u00e9 \u00e0 l&rsquo;activit\u00e9 le 31\/08\/1870 pour la campagne contre les Allemands. Au moment de son d\u00e9c\u00e8s il \u00e9tait \u00e0 la 7e compagnie du 2e bataillon d&rsquo;infanterie des gardes mobiles du Tarn-et-Garonne.<\/p>\n\n\n\n<p>Fils de Guillaume et de Jeanne BARRAT. En 1848, son p\u00e8re est propri\u00e9taire-cultivateur et habite le bourg d&rsquo;orgueil.<\/p>\n<\/details>\n\n\n\n<div style=\"height:4px\" aria-hidden=\"true\" class=\"wp-block-spacer\"><\/div>\n<\/details>\n","protected":false},"excerpt":{"rendered":"<p>ci-dessous vous avez acc\u00e8s au d\u00e9tail des informations collect\u00e9es pour chacun des soldats morts pour la France qui ont leur noms grav\u00e9 sur le monument aux morts ou la plaque comm\u00e9morative d&rsquo;Orgueil, qui sont inscrits sur le Livre d&rsquo;Or du minist\u00e8re des Pensions de la commune d&rsquo;Orgueil, ou qui sont n\u00e9s \u00e0 Orgueil.<\/p>\n","protected":false},"author":1,"featured_media":0,"parent":1500,"menu_order":1,"comment_status":"closed","ping_status":"closed","template":"","meta":{"_eb_attr":"","pgc_sgb_lightbox_settings":"","footnotes":""},"class_list":["post-1763","page","type-page","status-publish"],"yoast_head":"<!-- This site is optimized with the Yoast SEO plugin v27.5 - https:\/\/yoast.com\/product\/yoast-seo-wordpress\/ -->\n<title>Enfants d&#039;Orgueil morts pour la France - Histoire et historique du village d&#039;Orgueil<\/title>\n<meta name=\"robots\" content=\"index, follow, max-snippet:-1, max-image-preview:large, max-video-preview:-1\" \/>\n<link rel=\"canonical\" href=\"https:\/\/orgueil82.jvillain.fr\/?page_id=1763\" \/>\n<meta property=\"og:locale\" content=\"fr_FR\" \/>\n<meta property=\"og:type\" content=\"article\" \/>\n<meta property=\"og:title\" content=\"Enfants d&#039;Orgueil morts pour la France - Histoire et historique du village d&#039;Orgueil\" \/>\n<meta property=\"og:description\" content=\"ci-dessous vous avez acc\u00e8s au d\u00e9tail des informations collect\u00e9es pour chacun des soldats morts pour la France qui ont leur noms grav\u00e9 sur le monument aux morts ou la plaque comm\u00e9morative d&rsquo;Orgueil, qui sont inscrits sur le Livre d&rsquo;Or du minist\u00e8re des Pensions de la commune d&rsquo;Orgueil, ou qui sont n\u00e9s \u00e0 Orgueil.\" \/>\n<meta property=\"og:url\" content=\"https:\/\/orgueil82.jvillain.fr\/?page_id=1763\" \/>\n<meta property=\"og:site_name\" content=\"Histoire et historique du village d&#039;Orgueil\" \/>\n<meta property=\"article:modified_time\" content=\"2025-09-16T15:46:40+00:00\" \/>\n<meta name=\"twitter:card\" content=\"summary_large_image\" \/>\n<meta name=\"twitter:label1\" content=\"Dur\u00e9e de lecture estim\u00e9e\" \/>\n\t<meta name=\"twitter:data1\" content=\"41 minutes\" \/>\n<script type=\"application\/ld+json\" class=\"yoast-schema-graph\">{\"@context\":\"https:\\\/\\\/schema.org\",\"@graph\":[{\"@type\":\"WebPage\",\"@id\":\"https:\\\/\\\/orgueil82.jvillain.fr\\\/?page_id=1763\",\"url\":\"https:\\\/\\\/orgueil82.jvillain.fr\\\/?page_id=1763\",\"name\":\"Enfants d'Orgueil morts pour la France - Histoire et historique du village d&#039;Orgueil\",\"isPartOf\":{\"@id\":\"https:\\\/\\\/orgueil82.jvillain.fr\\\/#website\"},\"datePublished\":\"2025-09-05T11:41:45+00:00\",\"dateModified\":\"2025-09-16T15:46:40+00:00\",\"breadcrumb\":{\"@id\":\"https:\\\/\\\/orgueil82.jvillain.fr\\\/?page_id=1763#breadcrumb\"},\"inLanguage\":\"fr-FR\",\"potentialAction\":[{\"@type\":\"ReadAction\",\"target\":[\"https:\\\/\\\/orgueil82.jvillain.fr\\\/?page_id=1763\"]}]},{\"@type\":\"BreadcrumbList\",\"@id\":\"https:\\\/\\\/orgueil82.jvillain.fr\\\/?page_id=1763#breadcrumb\",\"itemListElement\":[{\"@type\":\"ListItem\",\"position\":1,\"name\":\"Home\",\"item\":\"https:\\\/\\\/orgueil82.jvillain.fr\\\/\"},{\"@type\":\"ListItem\",\"position\":2,\"name\":\"Histoire et Historique du village d&rsquo;Orgueil\",\"item\":\"https:\\\/\\\/orgueil82.jvillain.fr\\\/\"},{\"@type\":\"ListItem\",\"position\":3,\"name\":\"Monument aux Morts &#8211; Orgueil\",\"item\":\"https:\\\/\\\/orgueil82.jvillain.fr\\\/?page_id=1915\"},{\"@type\":\"ListItem\",\"position\":4,\"name\":\"Morts pour la France\",\"item\":\"https:\\\/\\\/orgueil82.jvillain.fr\\\/?page_id=1500\"},{\"@type\":\"ListItem\",\"position\":5,\"name\":\"Enfants d&rsquo;Orgueil morts pour la France\"}]},{\"@type\":\"WebSite\",\"@id\":\"https:\\\/\\\/orgueil82.jvillain.fr\\\/#website\",\"url\":\"https:\\\/\\\/orgueil82.jvillain.fr\\\/\",\"name\":\"Histoire et historique du village d'Orgueil\",\"description\":\"Vivre \u00e0 Orgueil - Tarn-et-Garonne\",\"publisher\":{\"@id\":\"https:\\\/\\\/orgueil82.jvillain.fr\\\/#organization\"},\"potentialAction\":[{\"@type\":\"SearchAction\",\"target\":{\"@type\":\"EntryPoint\",\"urlTemplate\":\"https:\\\/\\\/orgueil82.jvillain.fr\\\/?s={search_term_string}\"},\"query-input\":{\"@type\":\"PropertyValueSpecification\",\"valueRequired\":true,\"valueName\":\"search_term_string\"}}],\"inLanguage\":\"fr-FR\"},{\"@type\":\"Organization\",\"@id\":\"https:\\\/\\\/orgueil82.jvillain.fr\\\/#organization\",\"name\":\"Histoire et historique du village d'Orgueil\",\"url\":\"https:\\\/\\\/orgueil82.jvillain.fr\\\/\",\"logo\":{\"@type\":\"ImageObject\",\"inLanguage\":\"fr-FR\",\"@id\":\"https:\\\/\\\/orgueil82.jvillain.fr\\\/#\\\/schema\\\/logo\\\/image\\\/\",\"url\":\"https:\\\/\\\/orgueil82.jvillain.fr\\\/wp-content\\\/uploads\\\/Orgueil\\\/orgueil3.gif\",\"contentUrl\":\"https:\\\/\\\/orgueil82.jvillain.fr\\\/wp-content\\\/uploads\\\/Orgueil\\\/orgueil3.gif\",\"width\":93,\"height\":62,\"caption\":\"Histoire et historique du village d'Orgueil\"},\"image\":{\"@id\":\"https:\\\/\\\/orgueil82.jvillain.fr\\\/#\\\/schema\\\/logo\\\/image\\\/\"}}]}<\/script>\n<!-- \/ Yoast SEO plugin. -->","yoast_head_json":{"title":"Enfants d'Orgueil morts pour la France - Histoire et historique du village d&#039;Orgueil","robots":{"index":"index","follow":"follow","max-snippet":"max-snippet:-1","max-image-preview":"max-image-preview:large","max-video-preview":"max-video-preview:-1"},"canonical":"https:\/\/orgueil82.jvillain.fr\/?page_id=1763","og_locale":"fr_FR","og_type":"article","og_title":"Enfants d'Orgueil morts pour la France - Histoire et historique du village d&#039;Orgueil","og_description":"ci-dessous vous avez acc\u00e8s au d\u00e9tail des informations collect\u00e9es pour chacun des soldats morts pour la France qui ont leur noms grav\u00e9 sur le monument aux morts ou la plaque comm\u00e9morative d&rsquo;Orgueil, qui sont inscrits sur le Livre d&rsquo;Or du minist\u00e8re des Pensions de la commune d&rsquo;Orgueil, ou qui sont n\u00e9s \u00e0 Orgueil.","og_url":"https:\/\/orgueil82.jvillain.fr\/?page_id=1763","og_site_name":"Histoire et historique du village d&#039;Orgueil","article_modified_time":"2025-09-16T15:46:40+00:00","twitter_card":"summary_large_image","twitter_misc":{"Dur\u00e9e de lecture estim\u00e9e":"41 minutes"},"schema":{"@context":"https:\/\/schema.org","@graph":[{"@type":"WebPage","@id":"https:\/\/orgueil82.jvillain.fr\/?page_id=1763","url":"https:\/\/orgueil82.jvillain.fr\/?page_id=1763","name":"Enfants d'Orgueil morts pour la France - Histoire et historique du village d&#039;Orgueil","isPartOf":{"@id":"https:\/\/orgueil82.jvillain.fr\/#website"},"datePublished":"2025-09-05T11:41:45+00:00","dateModified":"2025-09-16T15:46:40+00:00","breadcrumb":{"@id":"https:\/\/orgueil82.jvillain.fr\/?page_id=1763#breadcrumb"},"inLanguage":"fr-FR","potentialAction":[{"@type":"ReadAction","target":["https:\/\/orgueil82.jvillain.fr\/?page_id=1763"]}]},{"@type":"BreadcrumbList","@id":"https:\/\/orgueil82.jvillain.fr\/?page_id=1763#breadcrumb","itemListElement":[{"@type":"ListItem","position":1,"name":"Home","item":"https:\/\/orgueil82.jvillain.fr\/"},{"@type":"ListItem","position":2,"name":"Histoire et Historique du village d&rsquo;Orgueil","item":"https:\/\/orgueil82.jvillain.fr\/"},{"@type":"ListItem","position":3,"name":"Monument aux Morts &#8211; Orgueil","item":"https:\/\/orgueil82.jvillain.fr\/?page_id=1915"},{"@type":"ListItem","position":4,"name":"Morts pour la France","item":"https:\/\/orgueil82.jvillain.fr\/?page_id=1500"},{"@type":"ListItem","position":5,"name":"Enfants d&rsquo;Orgueil morts pour la France"}]},{"@type":"WebSite","@id":"https:\/\/orgueil82.jvillain.fr\/#website","url":"https:\/\/orgueil82.jvillain.fr\/","name":"Histoire et historique du village d'Orgueil","description":"Vivre \u00e0 Orgueil - Tarn-et-Garonne","publisher":{"@id":"https:\/\/orgueil82.jvillain.fr\/#organization"},"potentialAction":[{"@type":"SearchAction","target":{"@type":"EntryPoint","urlTemplate":"https:\/\/orgueil82.jvillain.fr\/?s={search_term_string}"},"query-input":{"@type":"PropertyValueSpecification","valueRequired":true,"valueName":"search_term_string"}}],"inLanguage":"fr-FR"},{"@type":"Organization","@id":"https:\/\/orgueil82.jvillain.fr\/#organization","name":"Histoire et historique du village d'Orgueil","url":"https:\/\/orgueil82.jvillain.fr\/","logo":{"@type":"ImageObject","inLanguage":"fr-FR","@id":"https:\/\/orgueil82.jvillain.fr\/#\/schema\/logo\/image\/","url":"https:\/\/orgueil82.jvillain.fr\/wp-content\/uploads\/Orgueil\/orgueil3.gif","contentUrl":"https:\/\/orgueil82.jvillain.fr\/wp-content\/uploads\/Orgueil\/orgueil3.gif","width":93,"height":62,"caption":"Histoire et historique du village d'Orgueil"},"image":{"@id":"https:\/\/orgueil82.jvillain.fr\/#\/schema\/logo\/image\/"}}]}},"featured_image_src":null,"featured_image_src_square":null,"_links":{"self":[{"href":"https:\/\/orgueil82.jvillain.fr\/index.php?rest_route=\/wp\/v2\/pages\/1763","targetHints":{"allow":["GET"]}}],"collection":[{"href":"https:\/\/orgueil82.jvillain.fr\/index.php?rest_route=\/wp\/v2\/pages"}],"about":[{"href":"https:\/\/orgueil82.jvillain.fr\/index.php?rest_route=\/wp\/v2\/types\/page"}],"author":[{"embeddable":true,"href":"https:\/\/orgueil82.jvillain.fr\/index.php?rest_route=\/wp\/v2\/users\/1"}],"replies":[{"embeddable":true,"href":"https:\/\/orgueil82.jvillain.fr\/index.php?rest_route=%2Fwp%2Fv2%2Fcomments&post=1763"}],"version-history":[{"count":0,"href":"https:\/\/orgueil82.jvillain.fr\/index.php?rest_route=\/wp\/v2\/pages\/1763\/revisions"}],"up":[{"embeddable":true,"href":"https:\/\/orgueil82.jvillain.fr\/index.php?rest_route=\/wp\/v2\/pages\/1500"}],"wp:attachment":[{"href":"https:\/\/orgueil82.jvillain.fr\/index.php?rest_route=%2Fwp%2Fv2%2Fmedia&parent=1763"}],"curies":[{"name":"wp","href":"https:\/\/api.w.org\/{rel}","templated":true}]}}