{"id":1915,"date":"2025-09-08T11:35:17","date_gmt":"2025-09-08T09:35:17","guid":{"rendered":"https:\/\/orgueil82.jvillain.fr\/?page_id=1915"},"modified":"2025-09-25T00:04:14","modified_gmt":"2025-09-24T22:04:14","slug":"monument-aux-morts-orgueil","status":"publish","type":"page","link":"https:\/\/orgueil82.jvillain.fr\/?page_id=1915","title":{"rendered":"Monument aux Morts &#8211; Orgueil"},"content":{"rendered":"\n<h2 id=\"un-peu-dhistoire-aux-enfants-dorgueil\" class=\"wp-block-heading has-text-align-center has-accent-color has-text-color has-link-color wp-elements-3010f12201a9b9e8a060c82365bfb645\"><strong>Un peu d&rsquo;Histoire &#8212; Aux Enfants d&rsquo;Orgueil<\/strong><\/h2>\n\n\n\n<p class=\"has-small-font-size\"><em>Article publi\u00e9 dans le bulletin municipal du Village d&rsquo;Orgueil (01\/2005) en introduction d&rsquo;un document sur l&rsquo;histoire des Enfants d&rsquo;Orgueil morts pour la France..<\/em><\/p>\n\n\n\n<p>2004 a \u00e9t\u00e9 une ann\u00e9e de comm\u00e9moration pour les deux grandes guerres du XX \u00e8me si\u00e8cle : il y a 90 ans commen\u00e7ait la \u00ab Grande Guerre de 14-18 \u00bb, et il y 60 ans au mois de juin, les alli\u00e9s d\u00e9barquaient pour lib\u00e9rer le sol Fran\u00e7ais de l\u2019occupant allemand.<br>La commission en charge du bulletin municipal a d\u00e9cid\u00e9, dans sa rubrique histoire, de rendre hommage aux enfants d\u2019Orgueil morts pour la France, \u00e0 ceux qui ont pris part aux diff\u00e9rents conflits du si\u00e8cle pass\u00e9, et aussi \u00e0 ceux, qui plus jeunes, ont v\u00e9cu les moments difficiles de l\u2019occupation.<br>Dans une premi\u00e8re partie nous nous sommes int\u00e9ress\u00e9s au \u00ab monument aux Morts \u00bb, vous trouverez ci-dessous les diff\u00e9rentes d\u00e9lib\u00e9rations des conseils municipaux, quant \u00e0 sa construction (1920) ou \u00e0 son d\u00e9placement (1965) au centre du village (<em><a href=\"https:\/\/village.jvillain.eu\/histoire\/mam2.aspx\">voir la page Histoire de la construction pour cet article<\/a><\/em>)<br>Dans une deuxi\u00e8me partie nous avons essay\u00e9 de retrouver le maximum d\u2019informations sur \u00ab <a href=\"https:\/\/orgueil82.jvillain.fr\/?page_id=1763\">les Enfants d\u2019Orgueil morts pour la France<\/a> \u00bb dont les noms sont inscrits sur notre monument. Nos sources sont : les archives municipales, l\u2019\u00c9tat-Civil, le site Internet du minist\u00e8re de la d\u00e9fense \u00ab M\u00e9moire des hommes \u00bb .  (<em><a href=\"https:\/\/orgueil82.jvillain.fr\/?page_id=1763\">voir la page Enfants d&rsquo;Orgueil morts pour la France<\/a><\/em> <em>pour cet article<\/em>)<br>Les recherches ont \u00e9t\u00e9 longues, mais elles nous ont permis d\u2019accomplir un n\u00e9cessaire devoir de m\u00e9moire envers nos a\u00een\u00e9s.<\/p>\n\n\n\n<p class=\"has-text-align-center\">&#8212;&#8212;&#8212;&#8212;&#8212;&#8212;&#8212;&#8212;&#8212;&#8212;&#8212;&#8212;&#8212;<\/p>\n\n\n\n<p>En 2014 avec le centenaire du d\u00e9but de la grande guerre, beaucoup de municipalit\u00e9s ont r\u00e9nov\u00e9 leurs monuments au morts. L&rsquo;environnement de ces monuments aux morts a beaucoup chang\u00e9 depuis leur construction et les monuments aux morts ont eux m\u00eames quelque fois \u00e9t\u00e9 modifi\u00e9s. Pour le centenaire de 1914 le webmaster a commenc\u00e9 la publication d&rsquo;un album de cartes postales anciennes des monuments aux morts du Tarn-et-Garonne, vous pouvez le parcourir en cliquant <a href=\"https:\/\/goo.gl\/photos\/oX9MGjTKG2J1nitw6\">ICI<\/a>.<\/p>\n\n\n\n<p class=\"has-text-align-center\">&#8212;&#8212;&#8212;&#8212;&#8212;&#8212;&#8212;&#8212;&#8212;&#8212;&#8212;&#8212;&#8212;<\/p>\n\n\n\n<h2 id=\"monument-aux-morts-du-village-curiosite-ou-non\" class=\"wp-block-heading has-accent-color has-text-color has-link-color wp-elements-9df6cb05fbe77b0e31e7d52733f0a024\"><strong>Monument aux morts du village : curiosit\u00e9 ou non ?<\/strong><\/h2>\n\n\n\n<p>En l&rsquo;ann\u00e9e de centenaire du d\u00e9but de la Grande Guerre le monument aux morts du village a \u00e9t\u00e9 toilett\u00e9, les employ\u00e9s communaux l&rsquo;ont nettoy\u00e9 et il a repris des couleurs que le temps, les frimas et la pollution lui avaient enlev\u00e9es. C&rsquo;est l&rsquo;occasion de mettre en avant une particularit\u00e9 de ce monument, particularit\u00e9 rare dans notre d\u00e9partement.<\/p>\n\n\n\n<p>Pour certains c&rsquo;est une erreur, pour d&rsquo;autres c&rsquo;est une injure aux soldats, pour d&rsquo;autres encore une source de rires.&nbsp;<strong>C&rsquo;est quoi cette particularit\u00e9 ?<\/strong>&nbsp;Sur le fronton du monument aux morts du village d&rsquo;Orgueil on lit \u00ab\u00a0Guerre 1914 &#8211; 1919\u00a0\u00bb, comme vous pouvez le voir sur cette vue rapproch\u00e9e du monument :<\/p>\n\n\n<div class=\"wp-block-image\">\n<figure class=\"aligncenter is-resized\"><a href=\"https:\/\/village.jvillain.eu\/histoire\/images\/Orgueil_82_MAM_fronton.JPG\"><img  alt=\"\" style=\"width:166px;height:auto\"\/ class=\"lws-optimize-lazyload\" data-src=\"https:\/\/village.jvillain.eu\/histoire\/images\/Orgueil_82_MAM_fronton.JPG\"><\/a><\/figure>\n<\/div>\n\n\n<p>Bien heureusement pour beaucoup de gens cela n&rsquo;est qu&rsquo;une curiosit\u00e9 et m\u00eame pour pas mal d&rsquo;entre eux ce n&rsquo;est rien de particulier.<br><strong>Cette inscription est elle un cas unique ?<\/strong><br><strong>Non,<\/strong>&nbsp;des centaines de monuments aux morts portent l&rsquo;inscription \u00ab\u00a0guerre de 1914-1919\u00a0\u00bb et il est difficile de d\u00e9nombrer les ouvrages indiquant \u00ab\u00a0premi\u00e8re guerre mondiale : 1914-1919\u00a0\u00bb.<\/p>\n\n\n\n<p>Tout d&rsquo;abord il faut noter que dans les pays anglos-saxons c&rsquo;est l&rsquo;inscription 1914-1918 qui est rare, sur les monuments aux morts on trouve le plus souvent l&rsquo;inscription 1914-1919. Les mus\u00e9es et autres lieux de m\u00e9moire indiquent le plus souvent \u00ab\u00a0First World War &#8211; 1914-1919\u00a0\u00bb. Les italiens disent le plus souvent 1915-1919, 1915 car l&rsquo;Italie est rentr\u00e9e en guerre en 1915.<\/p>\n\n\n\n<p>Et si en France on a l&rsquo;habitude de voir 1914-1918 grav\u00e9 sur les monuments aux morts et plaques comm\u00e9moratives, beaucoup d&rsquo;entre eux&nbsp;portent cette inscription 1914-1919 soulevant dans certains cas les m\u00eames interrogations que chez nous : \u00ab\u00a0<em>pourquoi diable 1914-1919 ?<\/em>\u00ab\u00a0.<\/p>\n\n\n\n<p>Avant d&rsquo;essayer de r\u00e9pondre \u00e0 cette question, donnons quelques exemples de monuments aux morts portant l&rsquo;inscription 1914-1919 (cliquez sur le nom de la ville ou du village pour voir sa fiche et sa photo), on s&rsquo;aper\u00e7oit vite que le monument aux morts d&rsquo;Orgueil n&rsquo;est pas unique :<\/p>\n\n\n\n<ul class=\"wp-block-list\">\n<li>Monument aux morts de&nbsp;<a href=\"https:\/\/monuments-aux-morts.fr\/monuments?detail=156543\" target=\"_blank\" rel=\"noreferrer noopener\">Saven\u00e8s<\/a>&nbsp;(Tarn-et-Garonne)<\/li>\n\n\n\n<li>Monument aux morts de&nbsp;<a href=\"https:\/\/monuments-aux-morts.fr\/monuments?detail=124327\">Castelfranc<\/a>&nbsp;(Lot)<\/li>\n\n\n\n<li><a href=\"https:\/\/inventaire.patrimoines.laregion.fr\/dossier\/IA09000071\" target=\"_blank\" rel=\"noreferrer noopener\">Monument aux morts de Bonnac<\/a>&nbsp;et de&nbsp;<a href=\"http:\/\/www.memorialgenweb.fr\/phototek\/index.php\/09\/10936\" target=\"_blank\" rel=\"noreferrer noopener\">Tauri<\/a><a href=\"https:\/\/www.memorialgenweb.org\/memorial3\/html\/fr\/resultcommune.php?idsource=10936&amp;dpt=09\" target=\"_blank\" rel=\"noreferrer noopener\">g<\/a><a href=\"http:\/\/www.memorialgenweb.fr\/phototek\/index.php\/09\/10936\" target=\"_blank\" rel=\"noreferrer noopener\">nan-Vieux<\/a>&nbsp;(Ari\u00e8ge)<\/li>\n\n\n\n<li>Monument aux morts<a href=\"http:\/\/monumentsmorts.univ-lille3.fr\/monument\/7173\/esparros-dansleglise\/?elm=71\">&nbsp;d&rsquo;E<\/a><a href=\"https:\/\/monuments-aux-morts.fr\/monuments?detail=124844\" target=\"_blank\" rel=\"noreferrer noopener\">s<\/a><a href=\"http:\/\/monumentsmorts.univ-lille3.fr\/monument\/7173\/esparros-dansleglise\/?elm=71\">parros<\/a>&nbsp;(Hautes-Pyr\u00e9n\u00e9es)<\/li>\n\n\n\n<li>Monuments aux morts&nbsp;<a href=\"https:\/\/monuments-aux-morts.fr\/monuments?detail=125755\" target=\"_blank\" rel=\"noreferrer noopener\">de Saint-Rome-de-Tarn<\/a>&nbsp;et du <a href=\"https:\/\/www.memorialgenweb.org\/memorial3\/html\/fr\/resultcommune.php?idsource=15899&amp;dpt=12\">village de Vabre<\/a>&nbsp;(Aveyron)<\/li>\n\n\n\n<li>Dans le d\u00e9partement de la Manche beaucoup de monuments aux morts portent l&rsquo;inscription 1914-1919 :&nbsp;<a href=\"http:\/\/www.memorialgenweb.org\/memorial3\/html\/fr\/resultcommune.php?idsource=51532\" target=\"_blank\" rel=\"noreferrer noopener\">Baudre<\/a>,&nbsp;<a href=\"http:\/\/www.memorialgenweb.org\/memorial3\/html\/fr\/resultcommune.php?idsource=41728\" target=\"_blank\" rel=\"noreferrer noopener\">Belval<\/a>,&nbsp;<a href=\"http:\/\/www.memorialgenweb.org\/memorial3\/html\/fr\/resultcommune.php?idsource=32880\" target=\"_blank\" rel=\"noreferrer noopener\">Parigny<\/a>,<a href=\"http:\/\/www.memorialgenweb.org\/memorial3\/html\/fr\/resultcommune.php?idsource=33026\" target=\"_blank\" rel=\"noreferrer noopener\">&nbsp;Ch\u00e9vreville<\/a>,&nbsp;<a href=\"http:\/\/www.memorialgenweb.org\/memorial3\/html\/fr\/resultcommune.php?idsource=33044\" target=\"_blank\" rel=\"noreferrer noopener\">Fontenay<\/a>,&nbsp;<a href=\"http:\/\/www.memorialgenweb.org\/memorial3\/html\/fr\/resultcommune.php?idsource=41759\" target=\"_blank\" rel=\"noreferrer noopener\">Saint-Amand<\/a>,&nbsp;<a href=\"http:\/\/www.memorialgenweb.org\/memorial3\/html\/fr\/resultcommune.php?idsource=32790\" target=\"_blank\" rel=\"noreferrer noopener\">Martigny<\/a>,&nbsp;<a href=\"http:\/\/www.memorialgenweb.org\/memorial3\/html\/fr\/resultcommune.php?idsource=51536\" target=\"_blank\" rel=\"noreferrer noopener\">B\u00e9rigny<\/a>,&nbsp;<a href=\"http:\/\/www.memorialgenweb.org\/memorial3\/html\/fr\/resultcommune.php?idsource=35576\" target=\"_blank\" rel=\"noreferrer noopener\">Les Pas<\/a>, &#8230;<\/li>\n\n\n\n<li><a href=\"http:\/\/www.memorialgenweb.org\/memorial3\/html\/fr\/resultcommune.php?idsource=55638\" target=\"_blank\" rel=\"noreferrer noopener\">Plaque comm\u00e9morative de la facult\u00e9 de th\u00e9ologie protestante de Montauban\/Montpellier<\/a>&nbsp;&#8211; Montpellier (H\u00e9rault)<\/li>\n\n\n\n<li><a href=\"https:\/\/monuments-aux-morts.fr\/monuments?detail=168936\" target=\"_blank\" rel=\"noreferrer noopener\">Monument aux morts d&rsquo;Aubigny-sur-N\u00e8re<\/a>&nbsp;(Cher)<\/li>\n\n\n\n<li><a href=\"https:\/\/monuments-aux-morts.fr\/monuments?detail=130729\" target=\"_blank\" rel=\"noreferrer noopener\">Monument aux morts de Saint-Germain<\/a>&nbsp;(Ard\u00e8che)<\/li>\n\n\n\n<li><a href=\"https:\/\/monuments-aux-morts.fr\/monuments?detail=163005\" target=\"_blank\" rel=\"noreferrer noopener\">Monument aux morts de Roquebrune-sur-Argens<\/a>&nbsp;(Var)<\/li>\n\n\n\n<li>Dans le d\u00e9partement du Pas-de-Calais on trouve aussi beaucoup d&rsquo;inscription 14-19 : monuments aux morts d&rsquo;<a href=\"https:\/\/monuments-aux-morts.fr\/monuments?detail=121876\" target=\"_blank\" rel=\"noreferrer noopener\">Alembon<\/a>,&nbsp;d&rsquo;<a href=\"https:\/\/monuments-aux-morts.fr\/monuments?detail=121902\" target=\"_blank\" rel=\"noreferrer noopener\">Attin<\/a>, d&rsquo;<a href=\"https:\/\/monuments-aux-morts.fr\/monuments?detail=121906\" target=\"_blank\" rel=\"noreferrer noopener\">Auchy-aux-Bois<\/a>, d&rsquo;<a href=\"https:\/\/monuments-aux-morts.fr\/monuments?detail=121909\" target=\"_blank\" rel=\"noreferrer noopener\">Audincthun<\/a>, d&rsquo;<a href=\"https:\/\/monuments-aux-morts.fr\/monuments?detail=121915\" target=\"_blank\" rel=\"noreferrer noopener\">Aumerval<\/a>, d&rsquo;<a href=\"https:\/\/monuments-aux-morts.fr\/monuments?detail=121917\" target=\"_blank\" rel=\"noreferrer noopener\">Auxi-le-Chateau<\/a>&nbsp;, d&rsquo;<a href=\"https:\/\/monuments-aux-morts.fr\/monuments?detail=121922\" target=\"_blank\" rel=\"noreferrer noopener\">Avroult<\/a>, de&nbsp;<a href=\"https:\/\/monuments-aux-morts.fr\/monuments?detail=121925\" target=\"_blank\" rel=\"noreferrer noopener\">Bailleul-aux-Cornailles<\/a>, de&nbsp;<a href=\"https:\/\/monuments-aux-morts.fr\/monuments?detail=121926\" target=\"_blank\" rel=\"noreferrer noopener\">Bailleul-les-Pernes<\/a>, de&nbsp;<a href=\"https:\/\/monuments-aux-morts.fr\/monuments?detail=121952\" target=\"_blank\" rel=\"noreferrer noopener\">B\u00e9alencourt<\/a>, de&nbsp;<a href=\"https:\/\/monuments-aux-morts.fr\/monuments?detail=122017\" target=\"_blank\" rel=\"noreferrer noopener\">Blangerval-Blangermont<\/a>, de&nbsp;&nbsp;<a href=\"https:\/\/monuments-aux-morts.fr\/monuments?detail=122018\" target=\"_blank\" rel=\"noreferrer noopener\">Blangy-sur-Ternoise<\/a>, de&nbsp;<a href=\"https:\/\/monuments-aux-morts.fr\/monuments?detail=122031\" target=\"_blank\" rel=\"noreferrer noopener\">Bonni\u00e8res<\/a>, de&nbsp;<a href=\"https:\/\/monuments-aux-morts.fr\/monuments?detail=122039\" target=\"_blank\" rel=\"noreferrer noopener\">Bourecq<\/a>, &#8230;<\/li>\n\n\n\n<li>et plein d&rsquo;autres dans d&rsquo;autres d\u00e9partements<\/li>\n<\/ul>\n\n\n\n<p>Donc notre monument aux morts n&rsquo;est pas une exception et dans le Pas de Calais ou la Manche, peu de gens doivent \u00eatre \u00e9tonn\u00e9s de voir 1914-1919. Donc, comme pour les autres communes, ceux qui ont cr\u00e9\u00e9 le monument aux morts de notre village ont pris la d\u00e9cision de mettre cette inscription et ils avaient leurs raisons.&nbsp;<strong>Qu&rsquo;elles peuvent \u00eatre ces raisons ?<\/strong><\/p>\n\n\n\n<p>Dans les pays anglo-saxons la raison la plus souvent donn\u00e9e est que les soldats n&rsquo;ont \u00e9t\u00e9 d\u00e9mobilis\u00e9s qu&rsquo;en 1919 et ont commenc\u00e9 \u00e0 rentrer au pays en 1919, en effet les fusils et les canons se sont quasi totalement tus le 11 novembre 1918, sauf pour le front d&rsquo;Orient, mais les soldats n&rsquo;ont \u00e9t\u00e9 d\u00e9mobilis\u00e9s qu&rsquo;\u00e0 partir de 1919 et pour les classes les plus jeunes tr\u00e8s tard en 1919 et m\u00eame en 1920.<\/p>\n\n\n\n<p><strong><em>La d\u00e9mobilisation, le retour au pays, au village, des survivants est donc une premi\u00e8re explication possible pour inscrire 1914-1919<\/em><\/strong>.<\/p>\n\n\n\n<p>Certains disent que sur certains monuments aux morts, on a inscrit 1914-1919 parce qu&rsquo;il y avait des soldats du village qui combattaient encore en Orient. Le front d&rsquo;Orient a en effet \u00e9t\u00e9 ouvert en 1915 et la guerre des Balkans ne s&rsquo;est arr\u00eat\u00e9e officiellement qu&rsquo;en 1919, des soldats fran\u00e7ais se sont battus et sont morts au combat contre les russes (Russes ou partisans, pas toujours simple de savoir) en 1919. Les combats dans les environs d&rsquo;Odessa (Ukraine) se sont termin\u00e9s en mai 1919 mais l&rsquo;arm\u00e9e d&rsquo;Orient, devenue Arm\u00e9e de Hongrie, est rest\u00e9e dans les territoires de l&rsquo;est pendant une grande partie de 1919 et certains r\u00e9giments int\u00e9gr\u00e9s dans l&rsquo;arm\u00e9e du Danube y resteront jusqu&rsquo;en 1920. D\u00e9but 1920 une arm\u00e9e constitu\u00e9e de soldats am\u00e9ricains, anglais et fran\u00e7ais s&rsquo;est d&rsquo;ailleurs battue avec les russes blancs contre les russes rouges tr\u00e8s au nord de Moscou (jusqu&rsquo;au environ de Mourmansk). En tout cas, les combattants morts sur le front d&rsquo;Orient en 1919 sont morts pour la France pendant la guerre &#8230; 1914-1918 comme l&rsquo;atteste leur fiche matricule.<\/p>\n\n\n\n<p><strong><em>Donc le front d&rsquo;Orient fait que des soldats se sont battus et ont \u00e9t\u00e9 tu\u00e9s \u00e0 l&rsquo;ennemi en 1919, c&rsquo;est une deuxi\u00e8me explication possible pour inscrire 1914-1919.<\/em><\/strong><\/p>\n\n\n\n<p>Certains disent que sur le monument on a inscrit 1914-1919 parce qu&rsquo;il y a dessus des noms de soldats morts en 1919. Pour la plupart des monuments 1914-1919 que j&rsquo;ai regard\u00e9 ce n&rsquo;est pas le cas. Sur le monument aux morts d&rsquo;Orgueil aucun soldat n&rsquo;est mort en 1919. D&rsquo;ailleurs on trouve sur certains monuments aux morts des noms de soldats qui sont morts en 1920 ou m\u00eame plus tard : morts pour la France des suites de blessures pour la plupart. Si la date de d\u00e9c\u00e8s \u00e9tait une raison pour indiquer la date de fin de la guerre, dans ces villages on aurait inscrit 1914-1920. Non, cette explication ne semble pas trop tenir la route.<\/p>\n\n\n\n<p>Et enfin, certains disent que ceux qui ont mis 1914-1919 ont simplement not\u00e9 les dates officielles du d\u00e9but et de la fin de la guerre.&nbsp;<strong>Et oui !<\/strong>&nbsp; L&rsquo;armistice de novembre 1918 n&rsquo;\u00e9tait qu&rsquo;un armistice, \u00e0 tout moment chaque partie pouvait d\u00e9cider de reprendre les combats, il y avait juste un d\u00e9lai de 2 jours \u00e0 respecter. L&rsquo;armistice sign\u00e9 le 11 novembre \u00e9tait valable pour 36 jours seulement. L&rsquo;armistice a \u00e9t\u00e9 prolong\u00e9 deux fois : le 12 d\u00e9cembre 1918 et le 16 janvier 1919. Le 16 f\u00e9vrier 1919 il est reconduit pour une dur\u00e9e illimit\u00e9e. La signature du trait\u00e9 de Versailles met fin aux combats, les soldats peuvent rentrer chez eux, la guerre est finie. Notons cependant que si le 28 juin 1919 \u00e0 Versailles la France et l&rsquo;Allemagne ont sign\u00e9 un trait\u00e9 de paix, ce trait\u00e9 n&rsquo;a \u00e9t\u00e9 promulgu\u00e9 qu&rsquo;en janvier 1920. Et la paix avec l&#8217;empire Austo-Hongrois n&rsquo;a \u00e9t\u00e9 sign\u00e9e que le 10 septembre 1919 (Trait\u00e9 de Saint-Germain-en-Laye). Il faut aussi savoir que la France, par une loi vot\u00e9e le 25 octobre 1919, a d\u00e9clar\u00e9 que la date de fin des hostilit\u00e9s \u00e9tait le 24 octobre 1919.&nbsp;<strong>La date officielle de fin de la premi\u00e8re guerre mondiale pour la France est le 24 octobre 1919<\/strong>. Les livres d&rsquo;or des communes (livres d&rsquo;or du minist\u00e8res des Pensions) devaient recenser tous les morts entre le 2 aout 1914 et le 24 octobre 1919.<\/p>\n\n\n\n<p><strong><em>Donc pour ce qui est des dates officielles, la premi\u00e8re guerre mondiale est la guerre de 1914-1919. Un explication tr\u00e8s plausible pour l&rsquo;inscription 1914-1919 sur certains monuments aux morts.<\/em><\/strong><\/p>\n\n\n\n<p>Pour la grande majorit\u00e9 des fran\u00e7ais la premi\u00e8re guerre mondiale est, et a \u00e9t\u00e9, la guerre 14-18. Ces dates sont rentr\u00e9es dans les esprits et dans l&rsquo;esprit collectif. Et m\u00eame si des soldats se sont battus et sont morts apr\u00e8s le 11 novembre 1918, la signature de l&rsquo;armistice a \u00e9t\u00e9 un soulagement pour des centaines de milliers de familles : mon mari, mon fianc\u00e9, mon fils va rentrer bient\u00f4t, il ne risque plus rien. Malheureusement il rentrera bien tard et quelques fois ne rentrera pas. Mais que ces deux dates 1914 &#8211; 1918 soient devenues les dates de la premi\u00e8re guerre mondiale n&#8217;emp\u00eache absolument pas que la premi\u00e8re guerre mondiale est la guerre 14-19.<\/p>\n\n\n\n<p>Vous voulez en conna\u00eetre plus sur un monument aux morts d&rsquo;un village fran\u00e7ais visitez le site&nbsp;<a href=\"http:\/\/www.memorialgenweb.org\/memorial3\/html\/fr\/index.php\" target=\"_blank\" rel=\"noreferrer noopener\">MemorialGenWeb<\/a>.<\/p>\n","protected":false},"excerpt":{"rendered":"<p>Un peu d&rsquo;Histoire &#8212; Aux Enfants d&rsquo;Orgueil Article publi\u00e9 dans le bulletin municipal du Village d&rsquo;Orgueil (01\/2005) en introduction d&rsquo;un document sur l&rsquo;histoire des Enfants d&rsquo;Orgueil morts pour la France.. 2004 a \u00e9t\u00e9 une ann\u00e9e de comm\u00e9moration pour les deux grandes guerres du XX \u00e8me si\u00e8cle : il y a 90 ans commen\u00e7ait la \u00ab &#8230; <a title=\"Monument aux Morts &#8211; Orgueil\" class=\"read-more\" href=\"https:\/\/orgueil82.jvillain.fr\/?page_id=1915\" aria-label=\"En savoir plus sur Monument aux Morts &#8211; Orgueil\">Lire la suite<\/a><\/p>\n","protected":false},"author":1,"featured_media":0,"parent":707,"menu_order":2,"comment_status":"closed","ping_status":"closed","template":"","meta":{"_eb_attr":"","pgc_sgb_lightbox_settings":"","footnotes":""},"class_list":["post-1915","page","type-page","status-publish"],"yoast_head":"<!-- This site is optimized with the Yoast SEO plugin v27.5 - https:\/\/yoast.com\/product\/yoast-seo-wordpress\/ -->\n<title>Monument aux Morts - Orgueil - Histoire et historique du village d&#039;Orgueil<\/title>\n<meta name=\"robots\" content=\"index, follow, max-snippet:-1, max-image-preview:large, max-video-preview:-1\" \/>\n<link rel=\"canonical\" href=\"https:\/\/orgueil82.jvillain.fr\/?page_id=1915\" \/>\n<meta property=\"og:locale\" content=\"fr_FR\" \/>\n<meta property=\"og:type\" content=\"article\" \/>\n<meta property=\"og:title\" content=\"Monument aux Morts - Orgueil - Histoire et historique du village d&#039;Orgueil\" \/>\n<meta property=\"og:description\" content=\"Un peu d&rsquo;Histoire &#8212; Aux Enfants d&rsquo;Orgueil Article publi\u00e9 dans le bulletin municipal du Village d&rsquo;Orgueil (01\/2005) en introduction d&rsquo;un document sur l&rsquo;histoire des Enfants d&rsquo;Orgueil morts pour la France.. 2004 a \u00e9t\u00e9 une ann\u00e9e de comm\u00e9moration pour les deux grandes guerres du XX \u00e8me si\u00e8cle : il y a 90 ans commen\u00e7ait la \u00ab ... Lire la suite\" \/>\n<meta property=\"og:url\" content=\"https:\/\/orgueil82.jvillain.fr\/?page_id=1915\" \/>\n<meta property=\"og:site_name\" content=\"Histoire et historique du village d&#039;Orgueil\" \/>\n<meta property=\"article:modified_time\" content=\"2025-09-24T22:04:14+00:00\" \/>\n<meta property=\"og:image\" content=\"https:\/\/village.jvillain.eu\/histoire\/images\/Orgueil_82_MAM_fronton.JPG\" \/>\n<meta name=\"twitter:card\" content=\"summary_large_image\" \/>\n<meta name=\"twitter:label1\" content=\"Dur\u00e9e de lecture estim\u00e9e\" \/>\n\t<meta name=\"twitter:data1\" content=\"9 minutes\" \/>\n<script type=\"application\/ld+json\" class=\"yoast-schema-graph\">{\"@context\":\"https:\\\/\\\/schema.org\",\"@graph\":[{\"@type\":\"WebPage\",\"@id\":\"https:\\\/\\\/orgueil82.jvillain.fr\\\/?page_id=1915\",\"url\":\"https:\\\/\\\/orgueil82.jvillain.fr\\\/?page_id=1915\",\"name\":\"Monument aux Morts - Orgueil - Histoire et historique du village d&#039;Orgueil\",\"isPartOf\":{\"@id\":\"https:\\\/\\\/orgueil82.jvillain.fr\\\/#website\"},\"primaryImageOfPage\":{\"@id\":\"https:\\\/\\\/orgueil82.jvillain.fr\\\/?page_id=1915#primaryimage\"},\"image\":{\"@id\":\"https:\\\/\\\/orgueil82.jvillain.fr\\\/?page_id=1915#primaryimage\"},\"thumbnailUrl\":\"https:\\\/\\\/village.jvillain.eu\\\/histoire\\\/images\\\/Orgueil_82_MAM_fronton.JPG\",\"datePublished\":\"2025-09-08T09:35:17+00:00\",\"dateModified\":\"2025-09-24T22:04:14+00:00\",\"breadcrumb\":{\"@id\":\"https:\\\/\\\/orgueil82.jvillain.fr\\\/?page_id=1915#breadcrumb\"},\"inLanguage\":\"fr-FR\",\"potentialAction\":[{\"@type\":\"ReadAction\",\"target\":[\"https:\\\/\\\/orgueil82.jvillain.fr\\\/?page_id=1915\"]}]},{\"@type\":\"ImageObject\",\"inLanguage\":\"fr-FR\",\"@id\":\"https:\\\/\\\/orgueil82.jvillain.fr\\\/?page_id=1915#primaryimage\",\"url\":\"https:\\\/\\\/village.jvillain.eu\\\/histoire\\\/images\\\/Orgueil_82_MAM_fronton.JPG\",\"contentUrl\":\"https:\\\/\\\/village.jvillain.eu\\\/histoire\\\/images\\\/Orgueil_82_MAM_fronton.JPG\"},{\"@type\":\"BreadcrumbList\",\"@id\":\"https:\\\/\\\/orgueil82.jvillain.fr\\\/?page_id=1915#breadcrumb\",\"itemListElement\":[{\"@type\":\"ListItem\",\"position\":1,\"name\":\"Home\",\"item\":\"https:\\\/\\\/orgueil82.jvillain.fr\\\/\"},{\"@type\":\"ListItem\",\"position\":2,\"name\":\"Histoire et Historique du village d&rsquo;Orgueil\",\"item\":\"https:\\\/\\\/orgueil82.jvillain.fr\\\/\"},{\"@type\":\"ListItem\",\"position\":3,\"name\":\"Monument aux Morts &#8211; Orgueil\"}]},{\"@type\":\"WebSite\",\"@id\":\"https:\\\/\\\/orgueil82.jvillain.fr\\\/#website\",\"url\":\"https:\\\/\\\/orgueil82.jvillain.fr\\\/\",\"name\":\"Histoire et historique du village d'Orgueil\",\"description\":\"Vivre \u00e0 Orgueil - Tarn-et-Garonne\",\"publisher\":{\"@id\":\"https:\\\/\\\/orgueil82.jvillain.fr\\\/#organization\"},\"potentialAction\":[{\"@type\":\"SearchAction\",\"target\":{\"@type\":\"EntryPoint\",\"urlTemplate\":\"https:\\\/\\\/orgueil82.jvillain.fr\\\/?s={search_term_string}\"},\"query-input\":{\"@type\":\"PropertyValueSpecification\",\"valueRequired\":true,\"valueName\":\"search_term_string\"}}],\"inLanguage\":\"fr-FR\"},{\"@type\":\"Organization\",\"@id\":\"https:\\\/\\\/orgueil82.jvillain.fr\\\/#organization\",\"name\":\"Histoire et historique du village d'Orgueil\",\"url\":\"https:\\\/\\\/orgueil82.jvillain.fr\\\/\",\"logo\":{\"@type\":\"ImageObject\",\"inLanguage\":\"fr-FR\",\"@id\":\"https:\\\/\\\/orgueil82.jvillain.fr\\\/#\\\/schema\\\/logo\\\/image\\\/\",\"url\":\"https:\\\/\\\/orgueil82.jvillain.fr\\\/wp-content\\\/uploads\\\/Orgueil\\\/orgueil3.gif\",\"contentUrl\":\"https:\\\/\\\/orgueil82.jvillain.fr\\\/wp-content\\\/uploads\\\/Orgueil\\\/orgueil3.gif\",\"width\":93,\"height\":62,\"caption\":\"Histoire et historique du village d'Orgueil\"},\"image\":{\"@id\":\"https:\\\/\\\/orgueil82.jvillain.fr\\\/#\\\/schema\\\/logo\\\/image\\\/\"}}]}<\/script>\n<!-- \/ Yoast SEO plugin. -->","yoast_head_json":{"title":"Monument aux Morts - Orgueil - Histoire et historique du village d&#039;Orgueil","robots":{"index":"index","follow":"follow","max-snippet":"max-snippet:-1","max-image-preview":"max-image-preview:large","max-video-preview":"max-video-preview:-1"},"canonical":"https:\/\/orgueil82.jvillain.fr\/?page_id=1915","og_locale":"fr_FR","og_type":"article","og_title":"Monument aux Morts - Orgueil - Histoire et historique du village d&#039;Orgueil","og_description":"Un peu d&rsquo;Histoire &#8212; Aux Enfants d&rsquo;Orgueil Article publi\u00e9 dans le bulletin municipal du Village d&rsquo;Orgueil (01\/2005) en introduction d&rsquo;un document sur l&rsquo;histoire des Enfants d&rsquo;Orgueil morts pour la France.. 2004 a \u00e9t\u00e9 une ann\u00e9e de comm\u00e9moration pour les deux grandes guerres du XX \u00e8me si\u00e8cle : il y a 90 ans commen\u00e7ait la \u00ab ... Lire la suite","og_url":"https:\/\/orgueil82.jvillain.fr\/?page_id=1915","og_site_name":"Histoire et historique du village d&#039;Orgueil","article_modified_time":"2025-09-24T22:04:14+00:00","og_image":[{"url":"https:\/\/village.jvillain.eu\/histoire\/images\/Orgueil_82_MAM_fronton.JPG","type":"","width":"","height":""}],"twitter_card":"summary_large_image","twitter_misc":{"Dur\u00e9e de lecture estim\u00e9e":"9 minutes"},"schema":{"@context":"https:\/\/schema.org","@graph":[{"@type":"WebPage","@id":"https:\/\/orgueil82.jvillain.fr\/?page_id=1915","url":"https:\/\/orgueil82.jvillain.fr\/?page_id=1915","name":"Monument aux Morts - Orgueil - Histoire et historique du village d&#039;Orgueil","isPartOf":{"@id":"https:\/\/orgueil82.jvillain.fr\/#website"},"primaryImageOfPage":{"@id":"https:\/\/orgueil82.jvillain.fr\/?page_id=1915#primaryimage"},"image":{"@id":"https:\/\/orgueil82.jvillain.fr\/?page_id=1915#primaryimage"},"thumbnailUrl":"https:\/\/village.jvillain.eu\/histoire\/images\/Orgueil_82_MAM_fronton.JPG","datePublished":"2025-09-08T09:35:17+00:00","dateModified":"2025-09-24T22:04:14+00:00","breadcrumb":{"@id":"https:\/\/orgueil82.jvillain.fr\/?page_id=1915#breadcrumb"},"inLanguage":"fr-FR","potentialAction":[{"@type":"ReadAction","target":["https:\/\/orgueil82.jvillain.fr\/?page_id=1915"]}]},{"@type":"ImageObject","inLanguage":"fr-FR","@id":"https:\/\/orgueil82.jvillain.fr\/?page_id=1915#primaryimage","url":"https:\/\/village.jvillain.eu\/histoire\/images\/Orgueil_82_MAM_fronton.JPG","contentUrl":"https:\/\/village.jvillain.eu\/histoire\/images\/Orgueil_82_MAM_fronton.JPG"},{"@type":"BreadcrumbList","@id":"https:\/\/orgueil82.jvillain.fr\/?page_id=1915#breadcrumb","itemListElement":[{"@type":"ListItem","position":1,"name":"Home","item":"https:\/\/orgueil82.jvillain.fr\/"},{"@type":"ListItem","position":2,"name":"Histoire et Historique du village d&rsquo;Orgueil","item":"https:\/\/orgueil82.jvillain.fr\/"},{"@type":"ListItem","position":3,"name":"Monument aux Morts &#8211; Orgueil"}]},{"@type":"WebSite","@id":"https:\/\/orgueil82.jvillain.fr\/#website","url":"https:\/\/orgueil82.jvillain.fr\/","name":"Histoire et historique du village d'Orgueil","description":"Vivre \u00e0 Orgueil - Tarn-et-Garonne","publisher":{"@id":"https:\/\/orgueil82.jvillain.fr\/#organization"},"potentialAction":[{"@type":"SearchAction","target":{"@type":"EntryPoint","urlTemplate":"https:\/\/orgueil82.jvillain.fr\/?s={search_term_string}"},"query-input":{"@type":"PropertyValueSpecification","valueRequired":true,"valueName":"search_term_string"}}],"inLanguage":"fr-FR"},{"@type":"Organization","@id":"https:\/\/orgueil82.jvillain.fr\/#organization","name":"Histoire et historique du village d'Orgueil","url":"https:\/\/orgueil82.jvillain.fr\/","logo":{"@type":"ImageObject","inLanguage":"fr-FR","@id":"https:\/\/orgueil82.jvillain.fr\/#\/schema\/logo\/image\/","url":"https:\/\/orgueil82.jvillain.fr\/wp-content\/uploads\/Orgueil\/orgueil3.gif","contentUrl":"https:\/\/orgueil82.jvillain.fr\/wp-content\/uploads\/Orgueil\/orgueil3.gif","width":93,"height":62,"caption":"Histoire et historique du village d'Orgueil"},"image":{"@id":"https:\/\/orgueil82.jvillain.fr\/#\/schema\/logo\/image\/"}}]}},"featured_image_src":null,"featured_image_src_square":null,"_links":{"self":[{"href":"https:\/\/orgueil82.jvillain.fr\/index.php?rest_route=\/wp\/v2\/pages\/1915","targetHints":{"allow":["GET"]}}],"collection":[{"href":"https:\/\/orgueil82.jvillain.fr\/index.php?rest_route=\/wp\/v2\/pages"}],"about":[{"href":"https:\/\/orgueil82.jvillain.fr\/index.php?rest_route=\/wp\/v2\/types\/page"}],"author":[{"embeddable":true,"href":"https:\/\/orgueil82.jvillain.fr\/index.php?rest_route=\/wp\/v2\/users\/1"}],"replies":[{"embeddable":true,"href":"https:\/\/orgueil82.jvillain.fr\/index.php?rest_route=%2Fwp%2Fv2%2Fcomments&post=1915"}],"version-history":[{"count":0,"href":"https:\/\/orgueil82.jvillain.fr\/index.php?rest_route=\/wp\/v2\/pages\/1915\/revisions"}],"up":[{"embeddable":true,"href":"https:\/\/orgueil82.jvillain.fr\/index.php?rest_route=\/wp\/v2\/pages\/707"}],"wp:attachment":[{"href":"https:\/\/orgueil82.jvillain.fr\/index.php?rest_route=%2Fwp%2Fv2%2Fmedia&parent=1915"}],"curies":[{"name":"wp","href":"https:\/\/api.w.org\/{rel}","templated":true}]}}