{"id":1952,"date":"2025-09-08T13:46:11","date_gmt":"2025-09-08T11:46:11","guid":{"rendered":"https:\/\/orgueil82.jvillain.fr\/?page_id=1952"},"modified":"2025-09-25T00:06:22","modified_gmt":"2025-09-24T22:06:22","slug":"histoire-de-la-construction-du-monument-aux-morts","status":"publish","type":"page","link":"https:\/\/orgueil82.jvillain.fr\/?page_id=1952","title":{"rendered":"Histoire de la construction du monument aux morts"},"content":{"rendered":"\n<p><em>Document sur l&rsquo;histoire des Enfants d&rsquo;Orgueil morts pour la France<\/em> p<em>ubli\u00e9 dans le bulletin municipal du Village d&rsquo;Orgueil (01\/2005)<\/em><\/p>\n\n\n\n<h2 id=\"un-peu-dhistoire-aux-enfants-dorgueil\" class=\"wp-block-heading has-text-align-center has-accent-color has-text-color has-link-color wp-elements-efef67e0b208391b4612886034ad64db\">Un peu d&rsquo;Histoire \u2026 Aux enfants d&rsquo;Orgueil<\/h2>\n\n\n\n<p class=\"has-global-color-14-color has-text-color has-link-color has-medium-font-size wp-elements-880495fb27bea751a17826a803cb7091\"><strong>Cr\u00e9ation d&rsquo;un monument aux morts<\/strong><\/p>\n\n\n\n<p class=\"has-text-align-center\"><em>S\u00e9ance du 29 Mai 1919<\/em><\/p>\n\n\n\n<p>L\u2019an mil neuf cent dix-neuf, le 29 Mai, le Conseil municipal de la commune d\u2019Orgueil, d\u00fbment convoqu\u00e9, s\u2019est r\u00e9uni \u00e0 la Mairie, lieu ordinaire de ses s\u00e9ances, sous la pr\u00e9sidence de Mr. D\u2019Hulier Jean, Adjoint, faisant fonctions de Maire de la commune d\u2019Orgueil.<br>\u00c9taient pr\u00e9sents : Messieurs, Vigouroux Adrien, Laug\u00e9 Jules, Guirguy Baptiste, Carmes Etienne, Lauzeral Jean-Marie et d\u2019Hulier Jean.<br>Absent : Mr. Lescure Jacques.<br>Monsieur Guirguy Baptiste a \u00e9t\u00e9 d\u00e9sign\u00e9 comme secr\u00e9taire.<br>\u2026<br>Le Conseil Municipal d\u00e9sireux de comm\u00e9morer les Enfants d\u2019Orgueil morts pour la France, vote en principe l\u2019\u00e9l\u00e9vation d\u2019un monument en leur honneur, et d\u00e9cide de l\u2019\u00e9difier au cimeti\u00e8re de la commune, au moyen du produit d\u2019une souscription publique et de ressources vot\u00e9es par l\u2019assembl\u00e9e municipale.<\/p>\n\n\n<div class=\"wp-block-image\">\n<figure class=\"aligncenter size-full\"><a href=\"https:\/\/orgueil82.jvillain.fr\/wp-content\/uploads\/Orgueil\/Histoire\/monument-aux-mort\/mortcim.jpg\"><img width=\"472\" height=\"260\"  alt=\"\" class=\"wp-image-1947 lws-optimize-lazyload\"\/ data-src=\"https:\/\/orgueil82.jvillain.fr\/wp-content\/uploads\/Orgueil\/Histoire\/monument-aux-mort\/mortcim.jpg\" srcset=\"https:\/\/orgueil82.jvillain.fr\/wp-content\/uploads\/Orgueil\/Histoire\/monument-aux-mort\/mortcim.jpg 472w, https:\/\/orgueil82.jvillain.fr\/wp-content\/uploads\/Orgueil\/Histoire\/monument-aux-mort\/mortcim-300x165.jpg 300w\" sizes=\"(max-width: 472px) 100vw, 472px\" \/><\/a><figcaption class=\"wp-element-caption\"><em>A sa cr\u00e9ation le monument aux morts \u00e9tait situ\u00e9 au centre du cimeti\u00e8re<\/em><\/figcaption><\/figure>\n<\/div>\n\n\n<p class=\"has-text-align-center\"><em><strong>S\u00e9ance du 22 juin 1919<\/strong><\/em><\/p>\n\n\n\n<p>L\u2019an mil neuf cent dix-neuf, le 22 juin, le Conseil municipal de la commune d\u2019Orgueil, d\u00fbment convoqu\u00e9, s\u2019est r\u00e9uni \u00e0 la mairie, lieu ordinaire de ses s\u00e9ances, sous la pr\u00e9sidence de Mr. D\u2019Hulier Jean, Adjoint, faisant fonctions de Maire de la commune d\u2019Orgueil.<br>\u00c9taient pr\u00e9sents : Messieurs, Vigouroux Adrien, Laug\u00e9 Jules, Guirguy Baptiste, Carmes Etienne, Lauzeral Jean-Marie et d\u2019Hulier Jean.<br>Absent : Mr. Lescure Jacques.<br>Monsieur Guirguy Baptiste a \u00e9t\u00e9 d\u00e9sign\u00e9 comme secr\u00e9taire.<br>\u2026<br>Monsieur le Pr\u00e9sident expose \u00e0 l\u2019assembl\u00e9e que Mme Cougoureux, propri\u00e9taire \u00e0 Lagrange par Beaumarch\u00e9s (Gers), ayant quitt\u00e9 la commune d\u2019Orgueil, sans espoir de retour, serait dispos\u00e9e \u00e0 c\u00e9der, pour le prix de deux cents francs, le caveau de famille qu\u2019elle poss\u00e8de dans le cimeti\u00e8re d\u2019Orgueil. Il fait conna\u00eetre que les restes inhum\u00e9s dans ledit caveau ayant \u00e9t\u00e9 transport\u00e9s au cimeti\u00e8re de Reyni\u00e8s depuis d\u00e9j\u00e0 longtemps, ce monument reste abandonn\u00e9 et sans emploi ; que l\u2019emplacement qu\u2019il occupe conviendrait parfaitement \u00e0 l\u2019\u00e9l\u00e9vation du monument aux Enfants d\u2019Orgueil morts pour la France.<\/p>\n\n\n\n<p>Le Conseil municipal, consid\u00e9rant 1\u00b0 : que les six m\u00e8tres carr\u00e9s du terrain conc\u00e9d\u00e9 \u00e0 Mme Cougoureux, le 26 ao\u00fbt 1878, seraient le meilleur emplacement pour \u00e9difier le monument comm\u00e9morant les Enfants d\u2019Orgueil morts pour la Patrie ; 2\u00b0 : que les mat\u00e9riaux du dit caveau peuvent servir \u00e0 l\u2019\u00e9dification du monument projet\u00e9, d\u00e9cide d\u2019acqu\u00e9rir le tombeau pr\u00e9cit\u00e9 et d\u2019allouer \u00e0 Mme Cougoureux la somme de deux cents francs, \u00e0 savoir : 150 frs pour remboursement du prix de la concession (6 m\u00b2 \u00e0 25 frs l\u2019un) ; 50 frs pour la grille qui entoure le mausol\u00e9e.<br>Demande \u00e0 Monsieur Le Pr\u00e9fet une ouverture de cr\u00e9dit de 275 frs, sur les fonds libres de la commune, tant pour achat du monument que pour droit des pauvres, \u00e0 verser par la commune au Bureau de Bienfaisance, et pour frais divers ; charge Monsieur le Maire de proc\u00e9der aux formalit\u00e9s n\u00e9cessaires et d\u00e9cide que la pr\u00e9sente d\u00e9lib\u00e9ration, approuv\u00e9e, tiendra lieu de titre de recette au receveur du Bureau de Bienfaisance, la somme \u00e0 verser par la commune \u00e9tant cinquante francs.<\/p>\n\n\n\n<div class=\"wp-block-media-text is-stacked-on-mobile\" style=\"grid-template-columns:31% auto\"><figure class=\"wp-block-media-text__media\"><a href=\"https:\/\/orgueil82.jvillain.fr\/wp-content\/uploads\/Orgueil\/Histoire\/monument-aux-mort\/cim1004b.jpg\"><img width=\"492\" height=\"655\"  alt=\"\" class=\"wp-image-1950 size-full lws-optimize-lazyload\"\/ data-src=\"https:\/\/orgueil82.jvillain.fr\/wp-content\/uploads\/Orgueil\/Histoire\/monument-aux-mort\/cim1004b.jpg\" srcset=\"https:\/\/orgueil82.jvillain.fr\/wp-content\/uploads\/Orgueil\/Histoire\/monument-aux-mort\/cim1004b.jpg 492w, https:\/\/orgueil82.jvillain.fr\/wp-content\/uploads\/Orgueil\/Histoire\/monument-aux-mort\/cim1004b-225x300.jpg 225w\" sizes=\"(max-width: 492px) 100vw, 492px\" \/><\/a><\/figure><div class=\"wp-block-media-text__content\">\n<p><strong><em>S\u00e9ance du 27 d\u00e9cembre 1920<\/em><\/strong><\/p>\n\n\n\n<p>\u2026<br>Monsieur le Maire, apr\u00e8s avoir fait conna\u00eetre \u00e0 l\u2019assembl\u00e9e que la souscription organis\u00e9e dans la commune pour l\u2019\u00e9dification d\u2019un monument aux Enfants d\u2019Orgueil Morts pour la France, a produit la somme de 1600 francs, lui soumet les plans et devis du dit monument, dress\u00e9s par le sieur Ferri\u00e9, tailleur de pierres \u00e0 Montauban. Il invite le Conseil \u00e0 donner son avis sur ces documents et le cas \u00e9ch\u00e9ant, l\u2019autoriser, \u00e0 titre de Pr\u00e9sident du Comit\u00e9, \u00e0 traiter de gr\u00e9 \u00e0 gr\u00e9 avec cet entrepreneur pour la r\u00e9alisation de ce projet, dont le co\u00fbt s\u2019\u00e9l\u00e8ve \u00e0 2770 frs.<br>Le Conseil municipal, ou\u00ef l\u2019expos\u00e9 qui pr\u00e9c\u00e8de, apr\u00e8s avoir pris connaissance des plans et devis ci-dessus vis\u00e9s, les approuve dans toute leur \u00e9tendue et autorise Monsieur le Maire, Pr\u00e9sident du Comit\u00e9, \u00e0 traiter de gr\u00e9 \u00e0 gr\u00e9 pour l\u2019ex\u00e9cution de ce travail, avec Mr. Ferri\u00e9, tailleur de pierres \u00e0 Montauban.<br>Dit que le montant de la souscription, soit 1600 francs sera vers\u00e9 \u00e0 la caisse du Tr\u00e9sorier pour servir \u00e0 l\u2019\u00e9dification du monument et que le compl\u00e9ment de la somme n\u00e9cessaire \u00e0 la d\u00e9pense totale, soit 1200 francs sera r\u00e9alis\u00e9 \u00e0 l\u2019aide d\u2019un emprunt remboursable par une imposition extraordinaire qui figurera au budget primitif de 1921 et suivants, et sera vers\u00e9e au Tr\u00e9sorier.<\/p>\n<\/div><\/div>\n\n\n\n<p class=\"has-global-color-14-color has-text-color has-link-color has-medium-font-size wp-elements-5ee1b6712d9496072970a2f7e1326f78\"><strong>D\u00e9placement du Monument aux Morts<\/strong> (1963-1964)<\/p>\n\n\n\n<p class=\"has-text-align-center\"><strong><em>S\u00e9ance du 12 juillet 1963.<\/em><\/strong><\/p>\n\n\n\n<p>L\u2019an mil neuf cent soixante-trois, le douze juillet, \u00e0 21 heures trente, le Conseil Municipal l\u00e9galement convoqu\u00e9 s\u2019est r\u00e9uni \u00e0 la Mairie en s\u00e9ance publique, sous la pr\u00e9sidence de Mr. Cougoureux Andr\u00e9, Maire. Tous les membres \u00e9taient pr\u00e9sents.<br>Mr. Laffon Jean a \u00e9t\u00e9 \u00e9lu secr\u00e9taire.<br>\u2026<br>Le monument sera plac\u00e9 \u00e0 l\u2019angle de la route de Fronton, devant la Mairie. Les travaux de ruissellement du terrain s\u2019effectueront prochainement et le transfert est pr\u00e9vu pour le printemps 1964.<br>\u2026<\/p>\n\n\n\n<p class=\"has-text-align-center\"><strong><em>S\u00e9ance du 29 F\u00e9vrier 1964.<\/em><\/strong><\/p>\n\n\n\n<p>L\u2019an mil neuf cent soixante-quatre, le vingt neuf f\u00e9vrier \u00e0 21 heures, le Conseil Municipal l\u00e9galement convoqu\u00e9 s\u2019est r\u00e9uni \u00e0 la Mairie, en s\u00e9ance publique, sous la pr\u00e9sidence de Mr. Cougoureux Andr\u00e9, Maire.<br>Tous les membres \u00e9taient pr\u00e9sents, sauf Mrs Fauconi\u00e9, Malfr\u00e9, N\u00e9gri\u00e9 et Moisset excus\u00e9s.<br>Mr. Laffon Jean a \u00e9t\u00e9 \u00e9lu secr\u00e9taire.<br>\u2026<br>Le Conseil donne son accord sur les travaux et le transport du Monument, du Cimeti\u00e8re, sur sa nouvelle implantation.<br>Les travaux sont confi\u00e9s \u00e0 Mr. Dagos et le projet \u00e9tabli par les Ponts et Chauss\u00e9es.<br>\u2026<\/p>\n\n\n\n<p class=\"has-text-align-center\"><strong><em>S\u00e9ance du 01 Octobre 1964.<\/em><\/strong><\/p>\n\n\n\n<p>L\u2019an mil neuf cent soixante-quatre, le premier octobre, le Conseil Municipal l\u00e9galement convoqu\u00e9 s\u2019est r\u00e9uni \u00e0 la Mairie sous la pr\u00e9sidence de Mr. Cougoureux Andr\u00e9, Maire. Tous les membres \u00e9taient pr\u00e9sents.<br>Mr. Laffon Jean a \u00e9t\u00e9 \u00e9lu secr\u00e9taire.<br>\u2026<br>Monsieur le Pr\u00e9sident fait conna\u00eetre \u00e0 l\u2019assembl\u00e9e que, vu l\u2019am\u00e9nagement de la place, en face de la Mairie, cet endroit serait tout indiqu\u00e9 pour recevoir le Monument aux Morts.<br>Le Conseil \u00e0 l\u2019unanimit\u00e9 approuve cette proposition. Ainsi le Monument aux Morts serait bien en vue et embellirait le centre du village.<br>Le Conseil autorise Monsieur le Maire \u00e0 s\u2019occuper de cette affaire et lui donne pleins pouvoirs pour signer au nom et pour le compte de la Commune les diff\u00e9rents march\u00e9s \u00e0 intervenir.<br>&#8230;<\/p>\n\n\n\n<p class=\"has-text-align-center\"><strong><em>S\u00e9ance du 28 Novembre 1964.<\/em><\/strong><\/p>\n\n\n\n<p>L\u2019an mil neuf cent soixante quatre, le vingt huit novembre, 21 heures, le Conseil Municipal l\u00e9galement convoqu\u00e9, s\u2019est r\u00e9uni \u00e0 la Mairie en s\u00e9ance publique sous la pr\u00e9sidence de Mr. Cougoureux Andr\u00e9, Maire d\u2019Orgueil.<br>Tous les membres \u00e9taient pr\u00e9sents.<br>Mr. Laffon Jean a \u00e9t\u00e9 \u00e9lu secr\u00e9taire.<br>\u2026<br>Les travaux (de d\u00e9placement du monument aux morts) sont termin\u00e9s et la plantation d\u2019arbustes et de rosiers a \u00e9t\u00e9 confi\u00e9e \u00e0 Mr. Salomon Andr\u00e9.<br>\u2026<\/p>\n\n\n\n<p class=\"has-text-align-center\"><strong><em>S\u00e9ance du 30 juillet 1965.<\/em><\/strong><\/p>\n\n\n\n<p>\u2026<br>Le Conseil enregistre avec plaisir qu\u2019une subvention de 1400 francs lui a \u00e9t\u00e9 accord\u00e9e pour les travaux effectu\u00e9s lors du transfert du Monument aux Morts.<\/p>\n\n\n<div class=\"wp-block-image\">\n<figure class=\"aligncenter size-full\"><a href=\"https:\/\/orgueil82.jvillain.fr\/wp-content\/uploads\/Orgueil\/Histoire\/monument-aux-mort\/monu001.jpg\"><img width=\"655\" height=\"492\"  alt=\"\" class=\"wp-image-1951 lws-optimize-lazyload\"\/ data-src=\"https:\/\/orgueil82.jvillain.fr\/wp-content\/uploads\/Orgueil\/Histoire\/monument-aux-mort\/monu001.jpg\" srcset=\"https:\/\/orgueil82.jvillain.fr\/wp-content\/uploads\/Orgueil\/Histoire\/monument-aux-mort\/monu001.jpg 655w, https:\/\/orgueil82.jvillain.fr\/wp-content\/uploads\/Orgueil\/Histoire\/monument-aux-mort\/monu001-300x225.jpg 300w\" sizes=\"(max-width: 655px) 100vw, 655px\" \/><\/a><figcaption class=\"wp-element-caption\">\u00ab\u00a0Monument aux Morts\u00a0\u00bb &#8211; 2018 (centenaire de l&rsquo;armistice de 1918)<\/figcaption><\/figure>\n<\/div>\n\n\n<div class=\"wp-block-media-text is-stacked-on-mobile\" style=\"grid-template-columns:46% auto\"><figure class=\"wp-block-media-text__media\"><a href=\"https:\/\/orgueil82.jvillain.fr\/wp-content\/uploads\/Orgueil\/Histoire\/monument-aux-mort\/11novmort.jpg\"><img width=\"655\" height=\"492\"  alt=\"\" class=\"wp-image-1948 size-full lws-optimize-lazyload\"\/ data-src=\"https:\/\/orgueil82.jvillain.fr\/wp-content\/uploads\/Orgueil\/Histoire\/monument-aux-mort\/11novmort.jpg\" srcset=\"https:\/\/orgueil82.jvillain.fr\/wp-content\/uploads\/Orgueil\/Histoire\/monument-aux-mort\/11novmort.jpg 655w, https:\/\/orgueil82.jvillain.fr\/wp-content\/uploads\/Orgueil\/Histoire\/monument-aux-mort\/11novmort-300x225.jpg 300w\" sizes=\"(max-width: 655px) 100vw, 655px\" \/><\/a><\/figure><div class=\"wp-block-media-text__content\">\n<p>Il y a donc plus de 80 ans qu\u2019un monument rend hommage aux enfants d\u2019Orgueil \u00ab Morts pour la France \u00bb.<br>Depuis ce temps l\u00e0, chaque ann\u00e9e pour le 08 Mai, le 11 Novembre et la f\u00eate du village, la population d\u2019Orgueil, et en particulier la jeune g\u00e9n\u00e9ration, est invit\u00e9e \u00e0 se recueillir et honorer ceux dont les noms sont grav\u00e9s sur le monument.<br>C\u2019est ainsi que, cette ann\u00e9e encore, pour l\u2019anniversaire de l\u2019armistice de 1918 (cf. photo ci-contre), nombreux \u00e9taient ceux qui \u00e9taient venus \u00e0 la c\u00e9r\u00e9monie du souvenir.<br>Apr\u00e8s le d\u00e9p\u00f4t d\u2019une gerbe, la lecture du message du ministre des anciens combattants par Mr le Maire, la minute de silence, les enfants de l\u2019\u00e9cole publique accompagn\u00e9s de leurs enseignants ont chant\u00e9 (\u00e0 cappella) la \u00ab Marseillaise \u00bb sous la direction de Chantal.<br>Que cette tradition dure pour un indispensable devoir de m\u00e9moire,&nbsp;mais que plus jamais la liste grav\u00e9e sur notre Monument aux Morts ne soit allong\u00e9e.<\/p>\n<\/div><\/div>\n\n\n\n<hr class=\"wp-block-separator has-alpha-channel-opacity\"\/>\n\n\n\n<p class=\"has-global-color-14-color has-text-color has-link-color has-medium-font-size wp-elements-2ebd55792254dd048a441acddc94b3ae\"><strong>2023 &#8211; Nouveau d\u00e9placement du monument aux morts<\/strong><\/p>\n\n\n\n<p>L\u2019emplacement choisi en 1964, malgr\u00e9 les am\u00e9nagements r\u00e9alis\u00e9s en 1998, est devenu au fil du temps de moins en moins s\u00e9curitaire et de plus en plus bruyant compte tenu de l\u2019augmentation du nombre de v\u00e9hicules circulant sur la RD 930.<br>Dans le cadre des travaux d\u2019am\u00e9nagement du centre-bourg, il a \u00e9t\u00e9 act\u00e9 par le conseil municipal que le monument aux morts sera plac\u00e9 sur le nouveau parvis de la mairie.<\/p>\n\n\n<div class=\"wp-block-image\">\n<figure class=\"aligncenter size-full is-resized\"><a href=\"https:\/\/orgueil82.jvillain.fr\/wp-content\/uploads\/Orgueil\/Histoire\/monument-aux-mort\/demenagement\/Image1.jpg\"><img width=\"1291\" height=\"932\"  alt=\"\" class=\"wp-image-1945 lws-optimize-lazyload\" style=\"width:496px;height:auto\"\/ data-src=\"https:\/\/orgueil82.jvillain.fr\/wp-content\/uploads\/Orgueil\/Histoire\/monument-aux-mort\/demenagement\/Image1.jpg\" srcset=\"https:\/\/orgueil82.jvillain.fr\/wp-content\/uploads\/Orgueil\/Histoire\/monument-aux-mort\/demenagement\/Image1.jpg 1291w, https:\/\/orgueil82.jvillain.fr\/wp-content\/uploads\/Orgueil\/Histoire\/monument-aux-mort\/demenagement\/Image1-300x217.jpg 300w, https:\/\/orgueil82.jvillain.fr\/wp-content\/uploads\/Orgueil\/Histoire\/monument-aux-mort\/demenagement\/Image1-768x554.jpg 768w\" sizes=\"(max-width: 1291px) 100vw, 1291px\" \/><\/a><\/figure>\n<\/div>\n\n\n<p>avant de trouver son emplacement d\u00e9finitif, le monument a d\u00fb \u00eatre d\u00e9plac\u00e9 et positionn\u00e9 provisoirement sur l\u2019espace Jean Capellini, devant la salle des f\u00eates. Ce d\u00e9placement a \u00e9t\u00e9 fait le 16 mai 2023, apr\u00e8s une pr\u00e9paration minutieuse par les \u00e9quipes de V\u00e9olia.<\/p>\n\n\n\n<figure class=\"wp-block-gallery aligncenter has-nested-images columns-2 wp-block-gallery-1 is-layout-flex wp-block-gallery-is-layout-flex\">\n<figure data-wp-context=\"{&quot;imageId&quot;:&quot;69f4003c83af0&quot;}\" data-wp-interactive=\"core\/image\" data-wp-key=\"69f4003c83af0\" class=\"wp-block-image size-full wp-lightbox-container\"><img data-wp-class--hide=\"state.isContentHidden\" data-wp-class--show=\"state.isContentVisible\" data-wp-init=\"callbacks.setButtonStyles\" data-wp-on--click=\"actions.showLightbox\" data-wp-on--load=\"callbacks.setButtonStyles\" data-wp-on-window--resize=\"callbacks.setButtonStyles\" data-id=\"1935\"  alt=\"\" class=\"wp-image-1935 lws-optimize-lazyload\"\/ data-src=\"https:\/\/orgueil82.jvillain.fr\/wp-content\/uploads\/Orgueil\/Histoire\/monument-aux-mort\/demenagement\/Image7.jpg\"><button\n\t\t\tclass=\"lightbox-trigger\"\n\t\t\ttype=\"button\"\n\t\t\taria-haspopup=\"dialog\"\n\t\t\taria-label=\"Agrandir\"\n\t\t\tdata-wp-init=\"callbacks.initTriggerButton\"\n\t\t\tdata-wp-on--click=\"actions.showLightbox\"\n\t\t\tdata-wp-style--right=\"state.imageButtonRight\"\n\t\t\tdata-wp-style--top=\"state.imageButtonTop\"\n\t\t>\n\t\t\t<svg xmlns=\"http:\/\/www.w3.org\/2000\/svg\" width=\"12\" height=\"12\" fill=\"none\" viewBox=\"0 0 12 12\">\n\t\t\t\t<path fill=\"#fff\" d=\"M2 0a2 2 0 0 0-2 2v2h1.5V2a.5.5 0 0 1 .5-.5h2V0H2Zm2 10.5H2a.5.5 0 0 1-.5-.5V8H0v2a2 2 0 0 0 2 2h2v-1.5ZM8 12v-1.5h2a.5.5 0 0 0 .5-.5V8H12v2a2 2 0 0 1-2 2H8Zm2-12a2 2 0 0 1 2 2v2h-1.5V2a.5.5 0 0 0-.5-.5H8V0h2Z\" \/>\n\t\t\t<\/svg>\n\t\t<\/button><\/figure>\n\n\n\n<figure data-wp-context=\"{&quot;imageId&quot;:&quot;69f4003c8438f&quot;}\" data-wp-interactive=\"core\/image\" data-wp-key=\"69f4003c8438f\" class=\"wp-block-image size-full wp-lightbox-container\"><img data-wp-class--hide=\"state.isContentHidden\" data-wp-class--show=\"state.isContentVisible\" data-wp-init=\"callbacks.setButtonStyles\" data-wp-on--click=\"actions.showLightbox\" data-wp-on--load=\"callbacks.setButtonStyles\" data-wp-on-window--resize=\"callbacks.setButtonStyles\" data-id=\"1934\"  alt=\"\" class=\"wp-image-1934 lws-optimize-lazyload\"\/ data-src=\"https:\/\/orgueil82.jvillain.fr\/wp-content\/uploads\/Orgueil\/Histoire\/monument-aux-mort\/demenagement\/Image8.jpg\"><button\n\t\t\tclass=\"lightbox-trigger\"\n\t\t\ttype=\"button\"\n\t\t\taria-haspopup=\"dialog\"\n\t\t\taria-label=\"Agrandir\"\n\t\t\tdata-wp-init=\"callbacks.initTriggerButton\"\n\t\t\tdata-wp-on--click=\"actions.showLightbox\"\n\t\t\tdata-wp-style--right=\"state.imageButtonRight\"\n\t\t\tdata-wp-style--top=\"state.imageButtonTop\"\n\t\t>\n\t\t\t<svg xmlns=\"http:\/\/www.w3.org\/2000\/svg\" width=\"12\" height=\"12\" fill=\"none\" viewBox=\"0 0 12 12\">\n\t\t\t\t<path fill=\"#fff\" d=\"M2 0a2 2 0 0 0-2 2v2h1.5V2a.5.5 0 0 1 .5-.5h2V0H2Zm2 10.5H2a.5.5 0 0 1-.5-.5V8H0v2a2 2 0 0 0 2 2h2v-1.5ZM8 12v-1.5h2a.5.5 0 0 0 .5-.5V8H12v2a2 2 0 0 1-2 2H8Zm2-12a2 2 0 0 1 2 2v2h-1.5V2a.5.5 0 0 0-.5-.5H8V0h2Z\" \/>\n\t\t\t<\/svg>\n\t\t<\/button><\/figure>\n\n\n\n<figure data-wp-context=\"{&quot;imageId&quot;:&quot;69f4003c84a1d&quot;}\" data-wp-interactive=\"core\/image\" data-wp-key=\"69f4003c84a1d\" class=\"wp-block-image size-full wp-lightbox-container\"><img data-wp-class--hide=\"state.isContentHidden\" data-wp-class--show=\"state.isContentVisible\" data-wp-init=\"callbacks.setButtonStyles\" data-wp-on--click=\"actions.showLightbox\" data-wp-on--load=\"callbacks.setButtonStyles\" data-wp-on-window--resize=\"callbacks.setButtonStyles\" data-id=\"1944\"  alt=\"\" class=\"wp-image-1944 lws-optimize-lazyload\"\/ data-src=\"https:\/\/orgueil82.jvillain.fr\/wp-content\/uploads\/Orgueil\/Histoire\/monument-aux-mort\/demenagement\/Image10.jpg\"><button\n\t\t\tclass=\"lightbox-trigger\"\n\t\t\ttype=\"button\"\n\t\t\taria-haspopup=\"dialog\"\n\t\t\taria-label=\"Agrandir\"\n\t\t\tdata-wp-init=\"callbacks.initTriggerButton\"\n\t\t\tdata-wp-on--click=\"actions.showLightbox\"\n\t\t\tdata-wp-style--right=\"state.imageButtonRight\"\n\t\t\tdata-wp-style--top=\"state.imageButtonTop\"\n\t\t>\n\t\t\t<svg xmlns=\"http:\/\/www.w3.org\/2000\/svg\" width=\"12\" height=\"12\" fill=\"none\" viewBox=\"0 0 12 12\">\n\t\t\t\t<path fill=\"#fff\" d=\"M2 0a2 2 0 0 0-2 2v2h1.5V2a.5.5 0 0 1 .5-.5h2V0H2Zm2 10.5H2a.5.5 0 0 1-.5-.5V8H0v2a2 2 0 0 0 2 2h2v-1.5ZM8 12v-1.5h2a.5.5 0 0 0 .5-.5V8H12v2a2 2 0 0 1-2 2H8Zm2-12a2 2 0 0 1 2 2v2h-1.5V2a.5.5 0 0 0-.5-.5H8V0h2Z\" \/>\n\t\t\t<\/svg>\n\t\t<\/button><\/figure>\n\n\n\n<figure data-wp-context=\"{&quot;imageId&quot;:&quot;69f4003c85146&quot;}\" data-wp-interactive=\"core\/image\" data-wp-key=\"69f4003c85146\" class=\"wp-block-image size-full wp-lightbox-container\"><img data-wp-class--hide=\"state.isContentHidden\" data-wp-class--show=\"state.isContentVisible\" data-wp-init=\"callbacks.setButtonStyles\" data-wp-on--click=\"actions.showLightbox\" data-wp-on--load=\"callbacks.setButtonStyles\" data-wp-on-window--resize=\"callbacks.setButtonStyles\" data-id=\"1940\"  alt=\"\" class=\"wp-image-1940 lws-optimize-lazyload\"\/ data-src=\"https:\/\/orgueil82.jvillain.fr\/wp-content\/uploads\/Orgueil\/Histoire\/monument-aux-mort\/demenagement\/Image11.jpg\"><button\n\t\t\tclass=\"lightbox-trigger\"\n\t\t\ttype=\"button\"\n\t\t\taria-haspopup=\"dialog\"\n\t\t\taria-label=\"Agrandir\"\n\t\t\tdata-wp-init=\"callbacks.initTriggerButton\"\n\t\t\tdata-wp-on--click=\"actions.showLightbox\"\n\t\t\tdata-wp-style--right=\"state.imageButtonRight\"\n\t\t\tdata-wp-style--top=\"state.imageButtonTop\"\n\t\t>\n\t\t\t<svg xmlns=\"http:\/\/www.w3.org\/2000\/svg\" width=\"12\" height=\"12\" fill=\"none\" viewBox=\"0 0 12 12\">\n\t\t\t\t<path fill=\"#fff\" d=\"M2 0a2 2 0 0 0-2 2v2h1.5V2a.5.5 0 0 1 .5-.5h2V0H2Zm2 10.5H2a.5.5 0 0 1-.5-.5V8H0v2a2 2 0 0 0 2 2h2v-1.5ZM8 12v-1.5h2a.5.5 0 0 0 .5-.5V8H12v2a2 2 0 0 1-2 2H8Zm2-12a2 2 0 0 1 2 2v2h-1.5V2a.5.5 0 0 0-.5-.5H8V0h2Z\" \/>\n\t\t\t<\/svg>\n\t\t<\/button><\/figure>\n<\/figure>\n\n\n\n<div style=\"height:18px\" aria-hidden=\"true\" class=\"wp-block-spacer\"><\/div>\n\n\n\n<p>Le 10 novembre 2023 le monument aux morts a repris son d\u00e9placement pour rejoindre son nouvel emplacement : le parvis de la Mairie.<\/p>\n\n\n\n<figure class=\"wp-block-gallery has-nested-images columns-2 wp-block-gallery-2 is-layout-flex wp-block-gallery-is-layout-flex\">\n<figure class=\"wp-block-image size-large\"><a href=\"https:\/\/orgueil82.jvillain.fr\/wp-content\/uploads\/Orgueil\/Histoire\/monument-aux-mort\/demenagement\/demnov2023\/DSC06471-scaled.jpg\"><img width=\"2048\" height=\"1536\" data-id=\"1998\"  alt=\"\" class=\"wp-image-1998 lws-optimize-lazyload\"\/ data-src=\"https:\/\/orgueil82.jvillain.fr\/wp-content\/uploads\/Orgueil\/Histoire\/monument-aux-mort\/demenagement\/demnov2023\/DSC06471-2048x1536.jpg\" srcset=\"https:\/\/orgueil82.jvillain.fr\/wp-content\/uploads\/Orgueil\/Histoire\/monument-aux-mort\/demenagement\/demnov2023\/DSC06471-2048x1536.jpg 2048w, https:\/\/orgueil82.jvillain.fr\/wp-content\/uploads\/Orgueil\/Histoire\/monument-aux-mort\/demenagement\/demnov2023\/DSC06471-300x225.jpg 300w, https:\/\/orgueil82.jvillain.fr\/wp-content\/uploads\/Orgueil\/Histoire\/monument-aux-mort\/demenagement\/demnov2023\/DSC06471-768x576.jpg 768w, https:\/\/orgueil82.jvillain.fr\/wp-content\/uploads\/Orgueil\/Histoire\/monument-aux-mort\/demenagement\/demnov2023\/DSC06471-1536x1152.jpg 1536w\" sizes=\"(max-width: 2048px) 100vw, 2048px\" \/><\/a><\/figure>\n\n\n\n<figure class=\"wp-block-image size-large\"><a href=\"https:\/\/orgueil82.jvillain.fr\/wp-content\/uploads\/Orgueil\/Histoire\/monument-aux-mort\/demenagement\/demnov2023\/DSC06475-scaled.jpg\"><img width=\"2048\" height=\"1536\" data-id=\"2000\"  alt=\"\" class=\"wp-image-2000 lws-optimize-lazyload\"\/ data-src=\"https:\/\/orgueil82.jvillain.fr\/wp-content\/uploads\/Orgueil\/Histoire\/monument-aux-mort\/demenagement\/demnov2023\/DSC06475-2048x1536.jpg\" srcset=\"https:\/\/orgueil82.jvillain.fr\/wp-content\/uploads\/Orgueil\/Histoire\/monument-aux-mort\/demenagement\/demnov2023\/DSC06475-2048x1536.jpg 2048w, https:\/\/orgueil82.jvillain.fr\/wp-content\/uploads\/Orgueil\/Histoire\/monument-aux-mort\/demenagement\/demnov2023\/DSC06475-300x225.jpg 300w, https:\/\/orgueil82.jvillain.fr\/wp-content\/uploads\/Orgueil\/Histoire\/monument-aux-mort\/demenagement\/demnov2023\/DSC06475-768x576.jpg 768w, https:\/\/orgueil82.jvillain.fr\/wp-content\/uploads\/Orgueil\/Histoire\/monument-aux-mort\/demenagement\/demnov2023\/DSC06475-1536x1152.jpg 1536w\" sizes=\"(max-width: 2048px) 100vw, 2048px\" \/><\/a><\/figure>\n\n\n\n<figure class=\"wp-block-image size-large\"><a href=\"https:\/\/orgueil82.jvillain.fr\/wp-content\/uploads\/Orgueil\/Histoire\/monument-aux-mort\/IMG_3855.jpg\"><img width=\"2016\" height=\"1512\" data-id=\"2003\"  alt=\"\" class=\"wp-image-2003 lws-optimize-lazyload\"\/ data-src=\"https:\/\/orgueil82.jvillain.fr\/wp-content\/uploads\/Orgueil\/Histoire\/monument-aux-mort\/IMG_3855.jpg\" srcset=\"https:\/\/orgueil82.jvillain.fr\/wp-content\/uploads\/Orgueil\/Histoire\/monument-aux-mort\/IMG_3855.jpg 2016w, https:\/\/orgueil82.jvillain.fr\/wp-content\/uploads\/Orgueil\/Histoire\/monument-aux-mort\/IMG_3855-300x225.jpg 300w, https:\/\/orgueil82.jvillain.fr\/wp-content\/uploads\/Orgueil\/Histoire\/monument-aux-mort\/IMG_3855-768x576.jpg 768w, https:\/\/orgueil82.jvillain.fr\/wp-content\/uploads\/Orgueil\/Histoire\/monument-aux-mort\/IMG_3855-1536x1152.jpg 1536w\" sizes=\"(max-width: 2016px) 100vw, 2016px\" \/><\/a><\/figure>\n<\/figure>\n\n\n\n<div style=\"height:11px\" aria-hidden=\"true\" class=\"wp-block-spacer\"><\/div>\n\n\n\n<p>Le monument mis \u00e0 son nouvel emplacement, il a \u00e9t\u00e9 restaur\u00e9, avec l&rsquo;aide financi\u00e8re du Souvenir Fran\u00e7ais et de l&rsquo;ONaC-VG, pendant que les travaux du centre-bourg se poursuivaient.<\/p>\n\n\n\n<p>Le parvis de la mairie \u00e9tant fini, les espaces verts am\u00e9nag\u00e9s, le monument \u00e9tait pr\u00eat \u00e0 retrouver son r\u00f4le de m\u00e9moire bien mis en valeur.<\/p>\n\n\n\n<figure class=\"wp-block-gallery aligncenter has-nested-images columns-2 wp-block-gallery-3 is-layout-flex wp-block-gallery-is-layout-flex\">\n<figure class=\"wp-block-image size-full\"><a href=\"https:\/\/orgueil82.jvillain.fr\/wp-content\/uploads\/Orgueil\/Histoire\/monument-aux-mort\/DSC06651.jpg\"><img width=\"1280\" height=\"960\" data-id=\"1933\"  alt=\"\" class=\"wp-image-1933 lws-optimize-lazyload\"\/ data-src=\"https:\/\/orgueil82.jvillain.fr\/wp-content\/uploads\/Orgueil\/Histoire\/monument-aux-mort\/DSC06651.jpg\" srcset=\"https:\/\/orgueil82.jvillain.fr\/wp-content\/uploads\/Orgueil\/Histoire\/monument-aux-mort\/DSC06651.jpg 1280w, https:\/\/orgueil82.jvillain.fr\/wp-content\/uploads\/Orgueil\/Histoire\/monument-aux-mort\/DSC06651-300x225.jpg 300w, https:\/\/orgueil82.jvillain.fr\/wp-content\/uploads\/Orgueil\/Histoire\/monument-aux-mort\/DSC06651-768x576.jpg 768w\" sizes=\"(max-width: 1280px) 100vw, 1280px\" \/><\/a><\/figure>\n\n\n\n<figure class=\"wp-block-image size-full\"><a href=\"https:\/\/orgueil82.jvillain.fr\/wp-content\/uploads\/Orgueil\/Histoire\/monument-aux-mort\/DSC06653.jpg\"><img width=\"1200\" height=\"900\" data-id=\"1932\"  alt=\"\" class=\"wp-image-1932 lws-optimize-lazyload\"\/ data-src=\"https:\/\/orgueil82.jvillain.fr\/wp-content\/uploads\/Orgueil\/Histoire\/monument-aux-mort\/DSC06653.jpg\" srcset=\"https:\/\/orgueil82.jvillain.fr\/wp-content\/uploads\/Orgueil\/Histoire\/monument-aux-mort\/DSC06653.jpg 1200w, https:\/\/orgueil82.jvillain.fr\/wp-content\/uploads\/Orgueil\/Histoire\/monument-aux-mort\/DSC06653-300x225.jpg 300w, https:\/\/orgueil82.jvillain.fr\/wp-content\/uploads\/Orgueil\/Histoire\/monument-aux-mort\/DSC06653-768x576.jpg 768w\" sizes=\"(max-width: 1200px) 100vw, 1200px\" \/><\/a><\/figure>\n\n\n\n<figure class=\"wp-block-image size-full\"><a href=\"https:\/\/orgueil82.jvillain.fr\/wp-content\/uploads\/Orgueil\/Histoire\/monument-aux-mort\/DSC06649.jpg\"><img width=\"1280\" height=\"960\" data-id=\"1929\"  alt=\"\" class=\"wp-image-1929 lws-optimize-lazyload\"\/ data-src=\"https:\/\/orgueil82.jvillain.fr\/wp-content\/uploads\/Orgueil\/Histoire\/monument-aux-mort\/DSC06649.jpg\" srcset=\"https:\/\/orgueil82.jvillain.fr\/wp-content\/uploads\/Orgueil\/Histoire\/monument-aux-mort\/DSC06649.jpg 1280w, https:\/\/orgueil82.jvillain.fr\/wp-content\/uploads\/Orgueil\/Histoire\/monument-aux-mort\/DSC06649-300x225.jpg 300w, https:\/\/orgueil82.jvillain.fr\/wp-content\/uploads\/Orgueil\/Histoire\/monument-aux-mort\/DSC06649-768x576.jpg 768w\" sizes=\"(max-width: 1280px) 100vw, 1280px\" \/><\/a><\/figure>\n\n\n\n<figure class=\"wp-block-image size-full\"><a href=\"https:\/\/orgueil82.jvillain.fr\/wp-content\/uploads\/Orgueil\/Histoire\/monument-aux-mort\/DSC06655.jpg\"><img width=\"1019\" height=\"960\" data-id=\"1931\"  alt=\"\" class=\"wp-image-1931 lws-optimize-lazyload\"\/ data-src=\"https:\/\/orgueil82.jvillain.fr\/wp-content\/uploads\/Orgueil\/Histoire\/monument-aux-mort\/DSC06655.jpg\" srcset=\"https:\/\/orgueil82.jvillain.fr\/wp-content\/uploads\/Orgueil\/Histoire\/monument-aux-mort\/DSC06655.jpg 1019w, https:\/\/orgueil82.jvillain.fr\/wp-content\/uploads\/Orgueil\/Histoire\/monument-aux-mort\/DSC06655-300x283.jpg 300w, https:\/\/orgueil82.jvillain.fr\/wp-content\/uploads\/Orgueil\/Histoire\/monument-aux-mort\/DSC06655-768x724.jpg 768w\" sizes=\"(max-width: 1019px) 100vw, 1019px\" \/><\/a><\/figure>\n<\/figure>\n\n\n\n<div style=\"height:11px\" aria-hidden=\"true\" class=\"wp-block-spacer\"><\/div>\n\n\n\n<p>Le samedi 1er juin 2024 son nouvel emplacement sera inaugur\u00e9.<\/p>\n\n\n\n<hr class=\"wp-block-separator has-alpha-channel-opacity\"\/>\n\n\n\n<p>Le monument aux morts d&rsquo;Orgueil compte 22 noms. Pour d\u00e9couvrir ces 22 noms et les informations qui les concernent allez sur la page \u00ab\u00a0Morts pour la France\u00a0\u00bb (cliquez <a href=\"https:\/\/orgueil82.jvillain.fr\/?page_id=1500\">ICI<\/a>)<\/p>\n","protected":false},"excerpt":{"rendered":"<p>Document sur l&rsquo;histoire des Enfants d&rsquo;Orgueil morts pour la France publi\u00e9 dans le bulletin municipal du Village d&rsquo;Orgueil (01\/2005) Un peu d&rsquo;Histoire \u2026 Aux enfants d&rsquo;Orgueil Cr\u00e9ation d&rsquo;un monument aux morts S\u00e9ance du 29 Mai 1919 L\u2019an mil neuf cent dix-neuf, le 29 Mai, le Conseil municipal de la commune d\u2019Orgueil, d\u00fbment convoqu\u00e9, s\u2019est r\u00e9uni &#8230; <a title=\"Histoire de la construction du monument aux morts\" class=\"read-more\" href=\"https:\/\/orgueil82.jvillain.fr\/?page_id=1952\" aria-label=\"En savoir plus sur Histoire de la construction du monument aux morts\">Lire la suite<\/a><\/p>\n","protected":false},"author":1,"featured_media":0,"parent":1915,"menu_order":1,"comment_status":"closed","ping_status":"closed","template":"","meta":{"_eb_attr":"","pgc_sgb_lightbox_settings":"","footnotes":""},"class_list":["post-1952","page","type-page","status-publish"],"yoast_head":"<!-- This site is optimized with the Yoast SEO plugin v27.5 - https:\/\/yoast.com\/product\/yoast-seo-wordpress\/ -->\n<title>Histoire de la construction du monument aux morts - Histoire et historique du village d&#039;Orgueil<\/title>\n<meta name=\"robots\" content=\"index, follow, max-snippet:-1, max-image-preview:large, max-video-preview:-1\" \/>\n<link rel=\"canonical\" href=\"https:\/\/orgueil82.jvillain.fr\/?page_id=1952\" \/>\n<meta property=\"og:locale\" content=\"fr_FR\" \/>\n<meta property=\"og:type\" content=\"article\" \/>\n<meta property=\"og:title\" content=\"Histoire de la construction du monument aux morts - Histoire et historique du village d&#039;Orgueil\" \/>\n<meta property=\"og:description\" content=\"Document sur l&rsquo;histoire des Enfants d&rsquo;Orgueil morts pour la France publi\u00e9 dans le bulletin municipal du Village d&rsquo;Orgueil (01\/2005) Un peu d&rsquo;Histoire \u2026 Aux enfants d&rsquo;Orgueil Cr\u00e9ation d&rsquo;un monument aux morts S\u00e9ance du 29 Mai 1919 L\u2019an mil neuf cent dix-neuf, le 29 Mai, le Conseil municipal de la commune d\u2019Orgueil, d\u00fbment convoqu\u00e9, s\u2019est r\u00e9uni ... Lire la suite\" \/>\n<meta property=\"og:url\" content=\"https:\/\/orgueil82.jvillain.fr\/?page_id=1952\" \/>\n<meta property=\"og:site_name\" content=\"Histoire et historique du village d&#039;Orgueil\" \/>\n<meta property=\"article:modified_time\" content=\"2025-09-24T22:06:22+00:00\" \/>\n<meta property=\"og:image\" content=\"https:\/\/orgueil82.jvillain.fr\/wp-content\/uploads\/Orgueil\/Histoire\/monument-aux-mort\/mortcim.jpg\" \/>\n\t<meta property=\"og:image:width\" content=\"472\" \/>\n\t<meta property=\"og:image:height\" content=\"260\" \/>\n\t<meta property=\"og:image:type\" content=\"image\/jpeg\" \/>\n<meta name=\"twitter:card\" content=\"summary_large_image\" \/>\n<meta name=\"twitter:label1\" content=\"Dur\u00e9e de lecture estim\u00e9e\" \/>\n\t<meta name=\"twitter:data1\" content=\"12 minutes\" \/>\n<script type=\"application\/ld+json\" class=\"yoast-schema-graph\">{\"@context\":\"https:\\\/\\\/schema.org\",\"@graph\":[{\"@type\":\"WebPage\",\"@id\":\"https:\\\/\\\/orgueil82.jvillain.fr\\\/?page_id=1952\",\"url\":\"https:\\\/\\\/orgueil82.jvillain.fr\\\/?page_id=1952\",\"name\":\"Histoire de la construction du monument aux morts - Histoire et historique du village d&#039;Orgueil\",\"isPartOf\":{\"@id\":\"https:\\\/\\\/orgueil82.jvillain.fr\\\/#website\"},\"primaryImageOfPage\":{\"@id\":\"https:\\\/\\\/orgueil82.jvillain.fr\\\/?page_id=1952#primaryimage\"},\"image\":{\"@id\":\"https:\\\/\\\/orgueil82.jvillain.fr\\\/?page_id=1952#primaryimage\"},\"thumbnailUrl\":\"https:\\\/\\\/orgueil82.jvillain.fr\\\/wp-content\\\/uploads\\\/Orgueil\\\/Histoire\\\/monument-aux-mort\\\/mortcim.jpg\",\"datePublished\":\"2025-09-08T11:46:11+00:00\",\"dateModified\":\"2025-09-24T22:06:22+00:00\",\"breadcrumb\":{\"@id\":\"https:\\\/\\\/orgueil82.jvillain.fr\\\/?page_id=1952#breadcrumb\"},\"inLanguage\":\"fr-FR\",\"potentialAction\":[{\"@type\":\"ReadAction\",\"target\":[\"https:\\\/\\\/orgueil82.jvillain.fr\\\/?page_id=1952\"]}]},{\"@type\":\"ImageObject\",\"inLanguage\":\"fr-FR\",\"@id\":\"https:\\\/\\\/orgueil82.jvillain.fr\\\/?page_id=1952#primaryimage\",\"url\":\"https:\\\/\\\/orgueil82.jvillain.fr\\\/wp-content\\\/uploads\\\/Orgueil\\\/Histoire\\\/monument-aux-mort\\\/mortcim.jpg\",\"contentUrl\":\"https:\\\/\\\/orgueil82.jvillain.fr\\\/wp-content\\\/uploads\\\/Orgueil\\\/Histoire\\\/monument-aux-mort\\\/mortcim.jpg\",\"width\":472,\"height\":260},{\"@type\":\"BreadcrumbList\",\"@id\":\"https:\\\/\\\/orgueil82.jvillain.fr\\\/?page_id=1952#breadcrumb\",\"itemListElement\":[{\"@type\":\"ListItem\",\"position\":1,\"name\":\"Home\",\"item\":\"https:\\\/\\\/orgueil82.jvillain.fr\\\/\"},{\"@type\":\"ListItem\",\"position\":2,\"name\":\"Histoire et Historique du village d&rsquo;Orgueil\",\"item\":\"https:\\\/\\\/orgueil82.jvillain.fr\\\/\"},{\"@type\":\"ListItem\",\"position\":3,\"name\":\"Monument aux Morts &#8211; Orgueil\",\"item\":\"https:\\\/\\\/orgueil82.jvillain.fr\\\/?page_id=1915\"},{\"@type\":\"ListItem\",\"position\":4,\"name\":\"Histoire de la construction du monument aux morts\"}]},{\"@type\":\"WebSite\",\"@id\":\"https:\\\/\\\/orgueil82.jvillain.fr\\\/#website\",\"url\":\"https:\\\/\\\/orgueil82.jvillain.fr\\\/\",\"name\":\"Histoire et historique du village d'Orgueil\",\"description\":\"Vivre \u00e0 Orgueil - Tarn-et-Garonne\",\"publisher\":{\"@id\":\"https:\\\/\\\/orgueil82.jvillain.fr\\\/#organization\"},\"potentialAction\":[{\"@type\":\"SearchAction\",\"target\":{\"@type\":\"EntryPoint\",\"urlTemplate\":\"https:\\\/\\\/orgueil82.jvillain.fr\\\/?s={search_term_string}\"},\"query-input\":{\"@type\":\"PropertyValueSpecification\",\"valueRequired\":true,\"valueName\":\"search_term_string\"}}],\"inLanguage\":\"fr-FR\"},{\"@type\":\"Organization\",\"@id\":\"https:\\\/\\\/orgueil82.jvillain.fr\\\/#organization\",\"name\":\"Histoire et historique du village d'Orgueil\",\"url\":\"https:\\\/\\\/orgueil82.jvillain.fr\\\/\",\"logo\":{\"@type\":\"ImageObject\",\"inLanguage\":\"fr-FR\",\"@id\":\"https:\\\/\\\/orgueil82.jvillain.fr\\\/#\\\/schema\\\/logo\\\/image\\\/\",\"url\":\"https:\\\/\\\/orgueil82.jvillain.fr\\\/wp-content\\\/uploads\\\/Orgueil\\\/orgueil3.gif\",\"contentUrl\":\"https:\\\/\\\/orgueil82.jvillain.fr\\\/wp-content\\\/uploads\\\/Orgueil\\\/orgueil3.gif\",\"width\":93,\"height\":62,\"caption\":\"Histoire et historique du village d'Orgueil\"},\"image\":{\"@id\":\"https:\\\/\\\/orgueil82.jvillain.fr\\\/#\\\/schema\\\/logo\\\/image\\\/\"}}]}<\/script>\n<!-- \/ Yoast SEO plugin. -->","yoast_head_json":{"title":"Histoire de la construction du monument aux morts - Histoire et historique du village d&#039;Orgueil","robots":{"index":"index","follow":"follow","max-snippet":"max-snippet:-1","max-image-preview":"max-image-preview:large","max-video-preview":"max-video-preview:-1"},"canonical":"https:\/\/orgueil82.jvillain.fr\/?page_id=1952","og_locale":"fr_FR","og_type":"article","og_title":"Histoire de la construction du monument aux morts - Histoire et historique du village d&#039;Orgueil","og_description":"Document sur l&rsquo;histoire des Enfants d&rsquo;Orgueil morts pour la France publi\u00e9 dans le bulletin municipal du Village d&rsquo;Orgueil (01\/2005) Un peu d&rsquo;Histoire \u2026 Aux enfants d&rsquo;Orgueil Cr\u00e9ation d&rsquo;un monument aux morts S\u00e9ance du 29 Mai 1919 L\u2019an mil neuf cent dix-neuf, le 29 Mai, le Conseil municipal de la commune d\u2019Orgueil, d\u00fbment convoqu\u00e9, s\u2019est r\u00e9uni ... Lire la suite","og_url":"https:\/\/orgueil82.jvillain.fr\/?page_id=1952","og_site_name":"Histoire et historique du village d&#039;Orgueil","article_modified_time":"2025-09-24T22:06:22+00:00","og_image":[{"width":472,"height":260,"url":"https:\/\/orgueil82.jvillain.fr\/wp-content\/uploads\/Orgueil\/Histoire\/monument-aux-mort\/mortcim.jpg","type":"image\/jpeg"}],"twitter_card":"summary_large_image","twitter_misc":{"Dur\u00e9e de lecture estim\u00e9e":"12 minutes"},"schema":{"@context":"https:\/\/schema.org","@graph":[{"@type":"WebPage","@id":"https:\/\/orgueil82.jvillain.fr\/?page_id=1952","url":"https:\/\/orgueil82.jvillain.fr\/?page_id=1952","name":"Histoire de la construction du monument aux morts - Histoire et historique du village d&#039;Orgueil","isPartOf":{"@id":"https:\/\/orgueil82.jvillain.fr\/#website"},"primaryImageOfPage":{"@id":"https:\/\/orgueil82.jvillain.fr\/?page_id=1952#primaryimage"},"image":{"@id":"https:\/\/orgueil82.jvillain.fr\/?page_id=1952#primaryimage"},"thumbnailUrl":"https:\/\/orgueil82.jvillain.fr\/wp-content\/uploads\/Orgueil\/Histoire\/monument-aux-mort\/mortcim.jpg","datePublished":"2025-09-08T11:46:11+00:00","dateModified":"2025-09-24T22:06:22+00:00","breadcrumb":{"@id":"https:\/\/orgueil82.jvillain.fr\/?page_id=1952#breadcrumb"},"inLanguage":"fr-FR","potentialAction":[{"@type":"ReadAction","target":["https:\/\/orgueil82.jvillain.fr\/?page_id=1952"]}]},{"@type":"ImageObject","inLanguage":"fr-FR","@id":"https:\/\/orgueil82.jvillain.fr\/?page_id=1952#primaryimage","url":"https:\/\/orgueil82.jvillain.fr\/wp-content\/uploads\/Orgueil\/Histoire\/monument-aux-mort\/mortcim.jpg","contentUrl":"https:\/\/orgueil82.jvillain.fr\/wp-content\/uploads\/Orgueil\/Histoire\/monument-aux-mort\/mortcim.jpg","width":472,"height":260},{"@type":"BreadcrumbList","@id":"https:\/\/orgueil82.jvillain.fr\/?page_id=1952#breadcrumb","itemListElement":[{"@type":"ListItem","position":1,"name":"Home","item":"https:\/\/orgueil82.jvillain.fr\/"},{"@type":"ListItem","position":2,"name":"Histoire et Historique du village d&rsquo;Orgueil","item":"https:\/\/orgueil82.jvillain.fr\/"},{"@type":"ListItem","position":3,"name":"Monument aux Morts &#8211; Orgueil","item":"https:\/\/orgueil82.jvillain.fr\/?page_id=1915"},{"@type":"ListItem","position":4,"name":"Histoire de la construction du monument aux morts"}]},{"@type":"WebSite","@id":"https:\/\/orgueil82.jvillain.fr\/#website","url":"https:\/\/orgueil82.jvillain.fr\/","name":"Histoire et historique du village d'Orgueil","description":"Vivre \u00e0 Orgueil - Tarn-et-Garonne","publisher":{"@id":"https:\/\/orgueil82.jvillain.fr\/#organization"},"potentialAction":[{"@type":"SearchAction","target":{"@type":"EntryPoint","urlTemplate":"https:\/\/orgueil82.jvillain.fr\/?s={search_term_string}"},"query-input":{"@type":"PropertyValueSpecification","valueRequired":true,"valueName":"search_term_string"}}],"inLanguage":"fr-FR"},{"@type":"Organization","@id":"https:\/\/orgueil82.jvillain.fr\/#organization","name":"Histoire et historique du village d'Orgueil","url":"https:\/\/orgueil82.jvillain.fr\/","logo":{"@type":"ImageObject","inLanguage":"fr-FR","@id":"https:\/\/orgueil82.jvillain.fr\/#\/schema\/logo\/image\/","url":"https:\/\/orgueil82.jvillain.fr\/wp-content\/uploads\/Orgueil\/orgueil3.gif","contentUrl":"https:\/\/orgueil82.jvillain.fr\/wp-content\/uploads\/Orgueil\/orgueil3.gif","width":93,"height":62,"caption":"Histoire et historique du village d'Orgueil"},"image":{"@id":"https:\/\/orgueil82.jvillain.fr\/#\/schema\/logo\/image\/"}}]}},"featured_image_src":null,"featured_image_src_square":null,"_links":{"self":[{"href":"https:\/\/orgueil82.jvillain.fr\/index.php?rest_route=\/wp\/v2\/pages\/1952","targetHints":{"allow":["GET"]}}],"collection":[{"href":"https:\/\/orgueil82.jvillain.fr\/index.php?rest_route=\/wp\/v2\/pages"}],"about":[{"href":"https:\/\/orgueil82.jvillain.fr\/index.php?rest_route=\/wp\/v2\/types\/page"}],"author":[{"embeddable":true,"href":"https:\/\/orgueil82.jvillain.fr\/index.php?rest_route=\/wp\/v2\/users\/1"}],"replies":[{"embeddable":true,"href":"https:\/\/orgueil82.jvillain.fr\/index.php?rest_route=%2Fwp%2Fv2%2Fcomments&post=1952"}],"version-history":[{"count":0,"href":"https:\/\/orgueil82.jvillain.fr\/index.php?rest_route=\/wp\/v2\/pages\/1952\/revisions"}],"up":[{"embeddable":true,"href":"https:\/\/orgueil82.jvillain.fr\/index.php?rest_route=\/wp\/v2\/pages\/1915"}],"wp:attachment":[{"href":"https:\/\/orgueil82.jvillain.fr\/index.php?rest_route=%2Fwp%2Fv2%2Fmedia&parent=1952"}],"curies":[{"name":"wp","href":"https:\/\/api.w.org\/{rel}","templated":true}]}}