{"id":218,"date":"2024-07-31T22:27:42","date_gmt":"2024-07-31T22:27:42","guid":{"rendered":"https:\/\/nouveaujvsite-yjztqadu3t.live-website.com\/?page_id=218"},"modified":"2025-09-25T00:11:43","modified_gmt":"2025-09-24T22:11:43","slug":"orgueil-eglise-saint-ferreol","status":"publish","type":"page","link":"https:\/\/orgueil82.jvillain.fr\/?page_id=218","title":{"rendered":"\u00c9glise saint Ferr\u00e9ol"},"content":{"rendered":"\n<div class=\"wp-block-media-text is-stacked-on-mobile\" style=\"grid-template-columns:15% auto\"><figure class=\"wp-block-media-text__media\"><a href=\"https:\/\/orgueil82.jvillain.fr\/wp-content\/uploads\/\u00c9glise_Saint-Ferr\u00e9ol\/DSC06659-rotated-1.jpg\"><img width=\"960\" height=\"1280\"  alt=\"\" class=\"wp-image-78 size-full lws-optimize-lazyload\"\/ data-src=\"https:\/\/orgueil82.jvillain.fr\/wp-content\/uploads\/\u00c9glise_Saint-Ferr\u00e9ol\/DSC06659-rotated-1.jpg\" srcset=\"https:\/\/orgueil82.jvillain.fr\/wp-content\/uploads\/\u00c9glise_Saint-Ferr\u00e9ol\/DSC06659-rotated-1.jpg 960w, https:\/\/orgueil82.jvillain.fr\/wp-content\/uploads\/\u00c9glise_Saint-Ferr\u00e9ol\/DSC06659-rotated-1-225x300.jpg 225w, https:\/\/orgueil82.jvillain.fr\/wp-content\/uploads\/\u00c9glise_Saint-Ferr\u00e9ol\/DSC06659-rotated-1-768x1024.jpg 768w\" sizes=\"(max-width: 960px) 100vw, 960px\" \/><\/a><\/figure><div class=\"wp-block-media-text__content\">\n<p>L\u2019\u00e9glise est en plein centre du bourg , une petite porte lat\u00e9rale est situ\u00e9e cot\u00e9 de la mairie.<br><\/p>\n\n\n\n<p>Pour vous garer prenez la rue du Bourg (juste apr\u00e8s la mairie \u00e0 gauche en venant de Labastide-Saint-Pierre), longez la place de la mairie et utilisez le parking de la salle des f\u00eates qui est juste derri\u00e8re l\u2019\u00e9glise.&nbsp;<\/p>\n<\/div><\/div>\n\n\n\n<div style=\"height:15px\" aria-hidden=\"true\" class=\"wp-block-spacer\"><\/div>\n\n\n\n<div class=\"wp-block-buttons has-custom-font-size has-small-font-size is-layout-flex wp-block-buttons-is-layout-flex\">\n<div class=\"wp-block-button\" style=\"font-style:normal;font-weight:800\"><a class=\"wp-block-button__link has-vertclairorg-background-color has-background wp-element-button\" href=\"https:\/\/orgueil82.jvillain.fr\/?page_id=230\">Historique \u00e9glise<\/a><\/div>\n\n\n\n<div class=\"wp-block-button\" style=\"font-style:italic;font-weight:800\"><a class=\"wp-block-button__link has-vertclairorg-background-color has-background wp-element-button\" href=\"https:\/\/orgueil82.jvillain.fr\/?page_id=293\">Saint Ferr\u00e9ol<\/a><\/div>\n\n\n\n<div class=\"wp-block-button\" style=\"font-style:normal;font-weight:800\"><a class=\"wp-block-button__link has-vertclairorg-background-color has-background wp-element-button\" href=\"https:\/\/orgueil82.jvillain.fr\/?page_id=728\">L&rsquo;int\u00e9rieur de l&rsquo;\u00e9glise<\/a><\/div>\n<\/div>\n\n\n\n<div style=\"height:15px\" aria-hidden=\"true\" class=\"wp-block-spacer\"><\/div>\n\n\n\n<p>Les prochaines Messes dans cette \u00e9glise : cliquez <a href=\"https:\/\/ensemble-paroissial-reynies.fr\/?page_id=239\" target=\"_blank\" rel=\"noreferrer noopener\">ICI<\/a><\/p>\n\n\n\n<hr class=\"wp-block-separator has-alpha-channel-opacity\"\/>\n\n\n\n<pre class=\"wp-block-preformatted has-base-background-color has-background has-medium-font-size\"><strong>\u00c9glise Saint-Ferr\u00e9ol<\/strong><br>353 Grand Rue 82370 Orgueil, France<br>coordonn\u00e9es GPS : 43.904809 , 1.410457<br><\/pre>\n\n\n\n<div class=\"wp-block-group is-nowrap is-layout-flex wp-container-core-group-is-layout-ad2f72ca wp-block-group-is-layout-flex\">\n<figure class=\"wp-block-image size-full is-resized\"><a href=\"https:\/\/orgueil82.jvillain.fr\/wp-content\/uploads\/\u00c9glise_Saint-Ferr\u00e9ol\/cropped-DSC06656.jpg\"><img  alt=\"\" class=\"wp-image-89 lws-optimize-lazyload\" style=\"width:258px;height:auto\"\/ data-src=\"https:\/\/orgueil82.jvillain.fr\/wp-content\/uploads\/\u00c9glise_Saint-Ferr\u00e9ol\/cropped-DSC06656.jpg\"><\/a><\/figure>\n\n\n\n<iframe width=\"800\" height=\"400\" frameborder=\"0\" scrolling=\"no\" marginheight=\"0\" marginwidth=\"0\" sandbox=\"allow-forms allow-scripts allow-same-origin\"  allowfullscreen class=\"lws-optimize-lazyload\" data-src=\"https:\/\/www.geoportail.gouv.fr\/embed\/visu.html?c=1.4110921014517417,43.904890694045775&#038;z=18&#038;l0=ORTHOIMAGERY.ORTHOPHOTOS::GEOPORTAIL:OGC:WMTS(1;h)&#038;l1=GEOGRAPHICALGRIDSYSTEMS.MAPS.BDUNI.J1::GEOPORTAIL:OGC:WMTS(1)&#038;d2=3934237(1)&#038;permalink=yes\"><\/iframe>\n<\/div>\n\n\n\n<div style=\"height:12px\" aria-hidden=\"true\" class=\"wp-block-spacer\"><\/div>\n\n\n\n<hr class=\"wp-block-separator has-alpha-channel-opacity\"\/>\n","protected":false},"excerpt":{"rendered":"<p>L\u2019\u00e9glise est en plein centre du bourg , une petite porte lat\u00e9rale est situ\u00e9e cot\u00e9 de la mairie. Pour vous garer prenez la rue du Bourg (juste apr\u00e8s la mairie \u00e0 gauche en venant de Labastide-Saint-Pierre), longez la place de la mairie et utilisez le parking de la salle des f\u00eates qui est juste derri\u00e8re &#8230; <a title=\"\u00c9glise saint Ferr\u00e9ol\" class=\"read-more\" href=\"https:\/\/orgueil82.jvillain.fr\/?page_id=218\" aria-label=\"En savoir plus sur \u00c9glise saint Ferr\u00e9ol\">Lire la suite<\/a><\/p>\n","protected":false},"author":1,"featured_media":0,"parent":707,"menu_order":10,"comment_status":"closed","ping_status":"closed","template":"","meta":{"_eb_attr":"","pgc_sgb_lightbox_settings":"","footnotes":""},"class_list":["post-218","page","type-page","status-publish"],"yoast_head":"<!-- This site is optimized with the Yoast SEO plugin v27.5 - https:\/\/yoast.com\/product\/yoast-seo-wordpress\/ -->\n<title>\u00c9glise saint Ferr\u00e9ol - Histoire et historique du village d&#039;Orgueil<\/title>\n<meta name=\"robots\" content=\"index, follow, max-snippet:-1, max-image-preview:large, max-video-preview:-1\" \/>\n<link rel=\"canonical\" href=\"https:\/\/orgueil82.jvillain.fr\/?page_id=218\" \/>\n<meta property=\"og:locale\" content=\"fr_FR\" \/>\n<meta property=\"og:type\" content=\"article\" \/>\n<meta property=\"og:title\" content=\"\u00c9glise saint Ferr\u00e9ol - Histoire et historique du village d&#039;Orgueil\" \/>\n<meta property=\"og:description\" content=\"L\u2019\u00e9glise est en plein centre du bourg , une petite porte lat\u00e9rale est situ\u00e9e cot\u00e9 de la mairie. Pour vous garer prenez la rue du Bourg (juste apr\u00e8s la mairie \u00e0 gauche en venant de Labastide-Saint-Pierre), longez la place de la mairie et utilisez le parking de la salle des f\u00eates qui est juste derri\u00e8re ... Lire la suite\" \/>\n<meta property=\"og:url\" content=\"https:\/\/orgueil82.jvillain.fr\/?page_id=218\" \/>\n<meta property=\"og:site_name\" content=\"Histoire et historique du village d&#039;Orgueil\" \/>\n<meta property=\"article:modified_time\" content=\"2025-09-24T22:11:43+00:00\" \/>\n<meta name=\"twitter:card\" content=\"summary_large_image\" \/>\n<meta name=\"twitter:label1\" content=\"Dur\u00e9e de lecture estim\u00e9e\" \/>\n\t<meta name=\"twitter:data1\" content=\"2 minutes\" \/>\n<script type=\"application\/ld+json\" class=\"yoast-schema-graph\">{\"@context\":\"https:\\\/\\\/schema.org\",\"@graph\":[{\"@type\":\"WebPage\",\"@id\":\"https:\\\/\\\/orgueil82.jvillain.fr\\\/?page_id=218\",\"url\":\"https:\\\/\\\/orgueil82.jvillain.fr\\\/?page_id=218\",\"name\":\"\u00c9glise saint Ferr\u00e9ol - Histoire et historique du village d&#039;Orgueil\",\"isPartOf\":{\"@id\":\"https:\\\/\\\/orgueil82.jvillain.fr\\\/#website\"},\"datePublished\":\"2024-07-31T22:27:42+00:00\",\"dateModified\":\"2025-09-24T22:11:43+00:00\",\"breadcrumb\":{\"@id\":\"https:\\\/\\\/orgueil82.jvillain.fr\\\/?page_id=218#breadcrumb\"},\"inLanguage\":\"fr-FR\",\"potentialAction\":[{\"@type\":\"ReadAction\",\"target\":[\"https:\\\/\\\/orgueil82.jvillain.fr\\\/?page_id=218\"]}]},{\"@type\":\"BreadcrumbList\",\"@id\":\"https:\\\/\\\/orgueil82.jvillain.fr\\\/?page_id=218#breadcrumb\",\"itemListElement\":[{\"@type\":\"ListItem\",\"position\":1,\"name\":\"Home\",\"item\":\"https:\\\/\\\/orgueil82.jvillain.fr\\\/\"},{\"@type\":\"ListItem\",\"position\":2,\"name\":\"Histoire et Historique du village d&rsquo;Orgueil\",\"item\":\"https:\\\/\\\/orgueil82.jvillain.fr\\\/\"},{\"@type\":\"ListItem\",\"position\":3,\"name\":\"\u00c9glise saint Ferr\u00e9ol\"}]},{\"@type\":\"WebSite\",\"@id\":\"https:\\\/\\\/orgueil82.jvillain.fr\\\/#website\",\"url\":\"https:\\\/\\\/orgueil82.jvillain.fr\\\/\",\"name\":\"Histoire et historique du village d'Orgueil\",\"description\":\"Vivre \u00e0 Orgueil - Tarn-et-Garonne\",\"publisher\":{\"@id\":\"https:\\\/\\\/orgueil82.jvillain.fr\\\/#organization\"},\"potentialAction\":[{\"@type\":\"SearchAction\",\"target\":{\"@type\":\"EntryPoint\",\"urlTemplate\":\"https:\\\/\\\/orgueil82.jvillain.fr\\\/?s={search_term_string}\"},\"query-input\":{\"@type\":\"PropertyValueSpecification\",\"valueRequired\":true,\"valueName\":\"search_term_string\"}}],\"inLanguage\":\"fr-FR\"},{\"@type\":\"Organization\",\"@id\":\"https:\\\/\\\/orgueil82.jvillain.fr\\\/#organization\",\"name\":\"Histoire et historique du village d'Orgueil\",\"url\":\"https:\\\/\\\/orgueil82.jvillain.fr\\\/\",\"logo\":{\"@type\":\"ImageObject\",\"inLanguage\":\"fr-FR\",\"@id\":\"https:\\\/\\\/orgueil82.jvillain.fr\\\/#\\\/schema\\\/logo\\\/image\\\/\",\"url\":\"https:\\\/\\\/orgueil82.jvillain.fr\\\/wp-content\\\/uploads\\\/Orgueil\\\/orgueil3.gif\",\"contentUrl\":\"https:\\\/\\\/orgueil82.jvillain.fr\\\/wp-content\\\/uploads\\\/Orgueil\\\/orgueil3.gif\",\"width\":93,\"height\":62,\"caption\":\"Histoire et historique du village d'Orgueil\"},\"image\":{\"@id\":\"https:\\\/\\\/orgueil82.jvillain.fr\\\/#\\\/schema\\\/logo\\\/image\\\/\"}}]}<\/script>\n<!-- \/ Yoast SEO plugin. -->","yoast_head_json":{"title":"\u00c9glise saint Ferr\u00e9ol - Histoire et historique du village d&#039;Orgueil","robots":{"index":"index","follow":"follow","max-snippet":"max-snippet:-1","max-image-preview":"max-image-preview:large","max-video-preview":"max-video-preview:-1"},"canonical":"https:\/\/orgueil82.jvillain.fr\/?page_id=218","og_locale":"fr_FR","og_type":"article","og_title":"\u00c9glise saint Ferr\u00e9ol - Histoire et historique du village d&#039;Orgueil","og_description":"L\u2019\u00e9glise est en plein centre du bourg , une petite porte lat\u00e9rale est situ\u00e9e cot\u00e9 de la mairie. Pour vous garer prenez la rue du Bourg (juste apr\u00e8s la mairie \u00e0 gauche en venant de Labastide-Saint-Pierre), longez la place de la mairie et utilisez le parking de la salle des f\u00eates qui est juste derri\u00e8re ... Lire la suite","og_url":"https:\/\/orgueil82.jvillain.fr\/?page_id=218","og_site_name":"Histoire et historique du village d&#039;Orgueil","article_modified_time":"2025-09-24T22:11:43+00:00","twitter_card":"summary_large_image","twitter_misc":{"Dur\u00e9e de lecture estim\u00e9e":"2 minutes"},"schema":{"@context":"https:\/\/schema.org","@graph":[{"@type":"WebPage","@id":"https:\/\/orgueil82.jvillain.fr\/?page_id=218","url":"https:\/\/orgueil82.jvillain.fr\/?page_id=218","name":"\u00c9glise saint Ferr\u00e9ol - Histoire et historique du village d&#039;Orgueil","isPartOf":{"@id":"https:\/\/orgueil82.jvillain.fr\/#website"},"datePublished":"2024-07-31T22:27:42+00:00","dateModified":"2025-09-24T22:11:43+00:00","breadcrumb":{"@id":"https:\/\/orgueil82.jvillain.fr\/?page_id=218#breadcrumb"},"inLanguage":"fr-FR","potentialAction":[{"@type":"ReadAction","target":["https:\/\/orgueil82.jvillain.fr\/?page_id=218"]}]},{"@type":"BreadcrumbList","@id":"https:\/\/orgueil82.jvillain.fr\/?page_id=218#breadcrumb","itemListElement":[{"@type":"ListItem","position":1,"name":"Home","item":"https:\/\/orgueil82.jvillain.fr\/"},{"@type":"ListItem","position":2,"name":"Histoire et Historique du village d&rsquo;Orgueil","item":"https:\/\/orgueil82.jvillain.fr\/"},{"@type":"ListItem","position":3,"name":"\u00c9glise saint Ferr\u00e9ol"}]},{"@type":"WebSite","@id":"https:\/\/orgueil82.jvillain.fr\/#website","url":"https:\/\/orgueil82.jvillain.fr\/","name":"Histoire et historique du village d'Orgueil","description":"Vivre \u00e0 Orgueil - Tarn-et-Garonne","publisher":{"@id":"https:\/\/orgueil82.jvillain.fr\/#organization"},"potentialAction":[{"@type":"SearchAction","target":{"@type":"EntryPoint","urlTemplate":"https:\/\/orgueil82.jvillain.fr\/?s={search_term_string}"},"query-input":{"@type":"PropertyValueSpecification","valueRequired":true,"valueName":"search_term_string"}}],"inLanguage":"fr-FR"},{"@type":"Organization","@id":"https:\/\/orgueil82.jvillain.fr\/#organization","name":"Histoire et historique du village d'Orgueil","url":"https:\/\/orgueil82.jvillain.fr\/","logo":{"@type":"ImageObject","inLanguage":"fr-FR","@id":"https:\/\/orgueil82.jvillain.fr\/#\/schema\/logo\/image\/","url":"https:\/\/orgueil82.jvillain.fr\/wp-content\/uploads\/Orgueil\/orgueil3.gif","contentUrl":"https:\/\/orgueil82.jvillain.fr\/wp-content\/uploads\/Orgueil\/orgueil3.gif","width":93,"height":62,"caption":"Histoire et historique du village d'Orgueil"},"image":{"@id":"https:\/\/orgueil82.jvillain.fr\/#\/schema\/logo\/image\/"}}]}},"featured_image_src":null,"featured_image_src_square":null,"_links":{"self":[{"href":"https:\/\/orgueil82.jvillain.fr\/index.php?rest_route=\/wp\/v2\/pages\/218","targetHints":{"allow":["GET"]}}],"collection":[{"href":"https:\/\/orgueil82.jvillain.fr\/index.php?rest_route=\/wp\/v2\/pages"}],"about":[{"href":"https:\/\/orgueil82.jvillain.fr\/index.php?rest_route=\/wp\/v2\/types\/page"}],"author":[{"embeddable":true,"href":"https:\/\/orgueil82.jvillain.fr\/index.php?rest_route=\/wp\/v2\/users\/1"}],"replies":[{"embeddable":true,"href":"https:\/\/orgueil82.jvillain.fr\/index.php?rest_route=%2Fwp%2Fv2%2Fcomments&post=218"}],"version-history":[{"count":0,"href":"https:\/\/orgueil82.jvillain.fr\/index.php?rest_route=\/wp\/v2\/pages\/218\/revisions"}],"up":[{"embeddable":true,"href":"https:\/\/orgueil82.jvillain.fr\/index.php?rest_route=\/wp\/v2\/pages\/707"}],"wp:attachment":[{"href":"https:\/\/orgueil82.jvillain.fr\/index.php?rest_route=%2Fwp%2Fv2%2Fmedia&parent=218"}],"curies":[{"name":"wp","href":"https:\/\/api.w.org\/{rel}","templated":true}]}}