{"id":2457,"date":"2025-09-22T00:24:55","date_gmt":"2025-09-21T22:24:55","guid":{"rendered":"https:\/\/orgueil82.jvillain.fr\/?page_id=2457"},"modified":"2025-09-22T00:48:13","modified_gmt":"2025-09-21T22:48:13","slug":"ceremonies-et-souvenirs-avant-2024","status":"publish","type":"page","link":"https:\/\/orgueil82.jvillain.fr\/?page_id=2457","title":{"rendered":"C\u00e9r\u00e9monies et souvenirs avant 2024"},"content":{"rendered":"\n<h1 class=\"wp-block-heading has-accent-color has-text-color has-link-color wp-elements-13ba40ea1fa76a068927e11c0a1dfd09\" id=\"Hautpage\">Un peu d&rsquo;Histoire \u2026 Aux enfants d&rsquo;Orgueil<\/h1>\n\n\n\n<p>Les c\u00e9r\u00e9monies au monument aux morts de 2004 \u00e0 2023<\/p>\n\n\n<h2 class=\"simpletoc-title\">Sommaire<\/h2>\n<ul class=\"simpletoc-list\">\n\n<li><a href=\"#11nov2023\">Comm\u00e9moration du 11 novembre &#8211; Samedi 22 novembre 2023<\/a>\n\n<\/li>\n<li><a href=\"#08mai2023\">Comm\u00e9moration du 8 mai &#8211; Lundi 8 mai 2023<\/a>\n\n<\/li>\n<li><a href=\"#11nov2022\">Comm\u00e9moration du 11 novembre&nbsp;&#8211; Vendredi 11 novembre 2022<\/a>\n\n<\/li>\n<li><a href=\"#11nov2021\">Comm\u00e9moration du 11 novembre &#8211; Jeudi 11 novembre 2021<\/a>\n\n<\/li>\n<li><a href=\"#08mai2021\">Comm\u00e9moration du 8 mai &#8211;  Samedi 8 mai 2021<\/a>\n\n<\/li>\n<li><a href=\"#11nov2020\">Comm\u00e9moration du 11 novembre &#8211;  Jeudi 11 novembre 2020<\/a>\n\n<\/li>\n<li><a href=\"#08mai2020\">Comm\u00e9moration du 8 mai &#8211; 8 mai 2020<\/a>\n\n<\/li>\n<li><a href=\"#11nov2019\">Comm\u00e9moration du 11 novembre &#8211; 11 novembre 2019<\/a>\n\n<\/li>\n<li><a href=\"#08mai2019\">Comm\u00e9moration du 8 mai &#8211; 74e anniversaire de la fin de la seconde guerre mondiale &#8211; Mercredi 8 mai 2019<\/a>\n\n<\/li>\n<li><a href=\"#23mars2019\">C\u00e9l\u00e9bration du souvenir et du recueillement \u00e0 la m\u00e9moire des victimes civiles et militaires de la guerre d&rsquo;Alg\u00e9rie et des combats en Tunisie et au Maroc &#8211; Samedi 23 mars 2019<\/a>\n\n<\/li>\n<li><a href=\"#10nov2018\">Centenaire de la signature de l&rsquo;armistice de 1918 &#8211; Samedi 10 novembre 2018<\/a>\n\n<\/li>\n<li><a href=\"#08mai2018\">Comm\u00e9moration du 8 mai &#8211; Mardi 8 mai 2018<\/a>\n\n<\/li>\n<li><a href=\"#11nov2017\">Comm\u00e9moration du 11 novembre &#8211; Samedi 11 novembre 2017<\/a>\n\n<\/li>\n<li><a href=\"#08mai2017\">Comm\u00e9moration du 8 mai &#8211; Lundi 8 mai 2017<\/a>\n\n<\/li>\n<li><a href=\"#11nov2016\">Comm\u00e9moration du 11 novembre &#8211; 11 novembre 2016<\/a>\n\n<\/li>\n<li><a href=\"#18sept2016\">F\u00eate du village &#8211; Dimanche 18 septembre 2016<\/a>\n\n<\/li>\n<li><a href=\"#08mai2016\">Comm\u00e9moration du 8 mai &#8211; Dimanche 8 mai 2016<\/a>\n\n<\/li>\n<li><a href=\"#11nov2015\">Comm\u00e9moration du 11 novembre &#8211; 11 novembre 2015<\/a>\n\n<\/li>\n<li><a href=\"#08mai2015\">Comm\u00e9moration du 8 mai &#8211; 8 mai 2015<\/a>\n\n<\/li>\n<li><a href=\"#11nov2014\">Comm\u00e9moration du 11 novembre &#8211; 11 novembre 2014<\/a>\n\n<\/li>\n<li><a href=\"#11nov2013\">Comm\u00e9moration du 11 novembre &#8211; Dimanche 10 novembre 2013<\/a>\n\n<\/li>\n<li><a href=\"#08mai2013\">Comm\u00e9moration du 8 mai &#8211; Dimanche 12 mai 2013<\/a>\n\n<\/li>\n<li><a href=\"#11nov2012\">Comm\u00e9moration du 11 novembre &#8211; 11 novembre 2012<\/a>\n\n<\/li>\n<li><a href=\"#11nov2011\">Comm\u00e9moration du 11 novembre &#8211; Dimanche 11 novembre 2011<\/a>\n\n<\/li>\n<li><a href=\"#21aout2011\">Comm\u00e9moration f\u00eate du village &#8211; Dimanche 21 ao\u00fbt 2011<\/a>\n\n<\/li>\n<li><a href=\"#11nov2010\">Comm\u00e9moration du 11 novembre &#8211; 11 novembre 2010<\/a>\n\n<\/li>\n<li><a href=\"#11nov2009\">Comm\u00e9moration du 11 novembre &#8211; Dimanche 8 novembre 2009<\/a>\n\n<\/li>\n<li><a href=\"#8mai2009\">Comm\u00e9moration du 8 mai &#8211; Dimanche 10 mai 2009<\/a>\n\n<\/li>\n<li><a href=\"#11nov2008\">Comm\u00e9moration du 11 novembre &#8211; 11 novembre 2008<\/a>\n\n<\/li>\n<li><a href=\"#8mai2008\">Comm\u00e9moration du 8 mai &#8211; Dimanche 11 mai 2008<\/a>\n\n<\/li>\n<li><a href=\"#18juin2005\">Comm\u00e9moration du 18 juin &#8211; Dimanche 18 juin 2005<\/a>\n\n<\/li>\n<li><a href=\"#11nov2004\">Comm\u00e9moration du 11 novembre &#8211; Dimanche 14 novembre 2004<\/a>\n<\/li><\/ul>\n\n\n<hr class=\"wp-block-separator has-alpha-channel-opacity\"\/>\n\n\n\n<h2 class=\"wp-block-heading has-global-color-14-color has-text-color has-link-color wp-elements-2f9ee244fd0d62bcfa0c4a98d8784825\" id=\"11nov2023\" style=\"font-style:normal;font-weight:600\"><span id=\"bppb-heading-anchor-2\"><\/span>Comm\u00e9moration du 11 novembre &#8211; Samedi 22 novembre 2023<\/h2>\n\n\n\n<p>Monsieur le Maire et le conseil municipal avaient donn\u00e9 rendez vous \u00e0 la population \u00e0 11h00 ce samedi 11 novembre 2023 pour rendre hommage aux morts pour la France.<\/p>\n\n\n<div class=\"wp-block-image\">\n<figure class=\"aligncenter size-large is-resized\"><a href=\"https:\/\/orgueil82.jvillain.fr\/wp-content\/uploads\/C\u00e9r\u00e9monies_MaM\/11nov2023\/DSC06481-scaled.jpg\"><img width=\"2048\" height=\"1536\"  alt=\"\" class=\"wp-image-2432 lws-optimize-lazyload\" style=\"width:436px;height:auto\"\/ data-src=\"https:\/\/orgueil82.jvillain.fr\/wp-content\/uploads\/C\u00e9r\u00e9monies_MaM\/11nov2023\/DSC06481-2048x1536.jpg\" srcset=\"https:\/\/orgueil82.jvillain.fr\/wp-content\/uploads\/C\u00e9r\u00e9monies_MaM\/11nov2023\/DSC06481-2048x1536.jpg 2048w, https:\/\/orgueil82.jvillain.fr\/wp-content\/uploads\/C\u00e9r\u00e9monies_MaM\/11nov2023\/DSC06481-300x225.jpg 300w, https:\/\/orgueil82.jvillain.fr\/wp-content\/uploads\/C\u00e9r\u00e9monies_MaM\/11nov2023\/DSC06481-768x576.jpg 768w, https:\/\/orgueil82.jvillain.fr\/wp-content\/uploads\/C\u00e9r\u00e9monies_MaM\/11nov2023\/DSC06481-1536x1152.jpg 1536w\" sizes=\"(max-width: 2048px) 100vw, 2048px\" \/><\/a><\/figure>\n<\/div>\n\n\n<p>La c\u00e9r\u00e9monie s&rsquo;est d\u00e9roul\u00e9e \u00e0 l&rsquo;\u00e9cole primaire du village devant la plaque m\u00e9morielle communale 1914-1918. Monsieur le Maire dans son allocution de bienvenue a indiqu\u00e9 que l&rsquo;ann\u00e9e prochaine la c\u00e9r\u00e9monie se tiendrait de nouveau devant le monument aux morts du village devant le batiment mairie flambant neuf, en effet, regardez l&rsquo;article suivant sur cette page, le monument aux morts a rejoint hier son emplacement d\u00e9finitif.<\/p>\n\n\n\n<p>Monsieur Willy Authesserre, Maire d&rsquo;Orgueil, d\u00e9bute la c\u00e9r\u00e9monie par un rappel des diff\u00e9rentes parties de la c\u00e9r\u00e9monie : lecture d&rsquo;un texte propos\u00e9 par l&rsquo;ONACVG pour le centenaire de la flamme du soldat inconnu, la lecture du message de Monsieur S\u00e9bastien LECORNU, ministre des Arm\u00e9es et de Madame Patricia MIRALL\u00c8S, secr\u00e9taire d\u2019\u00c9tat aupr\u00e8s du ministre des Arm\u00e9es, charg\u00e9e des Anciens combattants et de la M\u00e9moire,&nbsp;l&rsquo;appel des morts pour la France du village, l&rsquo;appel des morts pour la France de l&rsquo;ann\u00e9e 2023, d\u00e9p\u00f4t d&rsquo;une gerbe, d\u00e9port de lumigons pour comm\u00e9morer le centenaire de la flamme du soldat inconnu, la minute de silence, la sonnerie aux morts, la Marseillaise, &#8230; et le verre de l&rsquo;amiti\u00e9 autour de plateaux gourmands pr\u00e9par\u00e9s par les Saveurs du Carretou.:<\/p>\n\n\n\n<figure class=\"wp-block-gallery aligncenter has-nested-images columns-4 wp-block-gallery-1 is-layout-flex wp-block-gallery-is-layout-flex\">\n<figure class=\"wp-block-image size-large\"><a href=\"https:\/\/orgueil82.jvillain.fr\/wp-content\/uploads\/C\u00e9r\u00e9monies_MaM\/11nov2023\/DSC06489-scaled.jpg\"><img width=\"2048\" height=\"1536\" data-id=\"2431\"  alt=\"\" class=\"wp-image-2431 lws-optimize-lazyload\"\/ data-src=\"https:\/\/orgueil82.jvillain.fr\/wp-content\/uploads\/C\u00e9r\u00e9monies_MaM\/11nov2023\/DSC06489-2048x1536.jpg\" srcset=\"https:\/\/orgueil82.jvillain.fr\/wp-content\/uploads\/C\u00e9r\u00e9monies_MaM\/11nov2023\/DSC06489-2048x1536.jpg 2048w, https:\/\/orgueil82.jvillain.fr\/wp-content\/uploads\/C\u00e9r\u00e9monies_MaM\/11nov2023\/DSC06489-300x225.jpg 300w, https:\/\/orgueil82.jvillain.fr\/wp-content\/uploads\/C\u00e9r\u00e9monies_MaM\/11nov2023\/DSC06489-768x576.jpg 768w, https:\/\/orgueil82.jvillain.fr\/wp-content\/uploads\/C\u00e9r\u00e9monies_MaM\/11nov2023\/DSC06489-1536x1152.jpg 1536w\" sizes=\"(max-width: 2048px) 100vw, 2048px\" \/><\/a><\/figure>\n\n\n\n<figure class=\"wp-block-image size-large\"><a href=\"https:\/\/orgueil82.jvillain.fr\/wp-content\/uploads\/C\u00e9r\u00e9monies_MaM\/11nov2023\/DSC06492-scaled.jpg\"><img width=\"2048\" height=\"1536\" data-id=\"2433\"  alt=\"\" class=\"wp-image-2433 lws-optimize-lazyload\"\/ data-src=\"https:\/\/orgueil82.jvillain.fr\/wp-content\/uploads\/C\u00e9r\u00e9monies_MaM\/11nov2023\/DSC06492-2048x1536.jpg\" srcset=\"https:\/\/orgueil82.jvillain.fr\/wp-content\/uploads\/C\u00e9r\u00e9monies_MaM\/11nov2023\/DSC06492-2048x1536.jpg 2048w, https:\/\/orgueil82.jvillain.fr\/wp-content\/uploads\/C\u00e9r\u00e9monies_MaM\/11nov2023\/DSC06492-300x225.jpg 300w, https:\/\/orgueil82.jvillain.fr\/wp-content\/uploads\/C\u00e9r\u00e9monies_MaM\/11nov2023\/DSC06492-768x576.jpg 768w, https:\/\/orgueil82.jvillain.fr\/wp-content\/uploads\/C\u00e9r\u00e9monies_MaM\/11nov2023\/DSC06492-1536x1152.jpg 1536w\" sizes=\"(max-width: 2048px) 100vw, 2048px\" \/><\/a><\/figure>\n\n\n\n<figure class=\"wp-block-image size-large\"><a href=\"https:\/\/orgueil82.jvillain.fr\/wp-content\/uploads\/C\u00e9r\u00e9monies_MaM\/11nov2023\/DSC06493-scaled.jpg\"><img width=\"2048\" height=\"1536\" data-id=\"2439\"  alt=\"\" class=\"wp-image-2439 lws-optimize-lazyload\"\/ data-src=\"https:\/\/orgueil82.jvillain.fr\/wp-content\/uploads\/C\u00e9r\u00e9monies_MaM\/11nov2023\/DSC06493-2048x1536.jpg\" srcset=\"https:\/\/orgueil82.jvillain.fr\/wp-content\/uploads\/C\u00e9r\u00e9monies_MaM\/11nov2023\/DSC06493-2048x1536.jpg 2048w, https:\/\/orgueil82.jvillain.fr\/wp-content\/uploads\/C\u00e9r\u00e9monies_MaM\/11nov2023\/DSC06493-300x225.jpg 300w, https:\/\/orgueil82.jvillain.fr\/wp-content\/uploads\/C\u00e9r\u00e9monies_MaM\/11nov2023\/DSC06493-768x576.jpg 768w, https:\/\/orgueil82.jvillain.fr\/wp-content\/uploads\/C\u00e9r\u00e9monies_MaM\/11nov2023\/DSC06493-1536x1152.jpg 1536w\" sizes=\"(max-width: 2048px) 100vw, 2048px\" \/><\/a><\/figure>\n\n\n\n<figure class=\"wp-block-image size-large\"><a href=\"https:\/\/orgueil82.jvillain.fr\/wp-content\/uploads\/C\u00e9r\u00e9monies_MaM\/11nov2023\/DSC06510-scaled.jpg\"><img width=\"2048\" height=\"1536\" data-id=\"2447\"  alt=\"\" class=\"wp-image-2447 lws-optimize-lazyload\"\/ data-src=\"https:\/\/orgueil82.jvillain.fr\/wp-content\/uploads\/C\u00e9r\u00e9monies_MaM\/11nov2023\/DSC06510-2048x1536.jpg\" srcset=\"https:\/\/orgueil82.jvillain.fr\/wp-content\/uploads\/C\u00e9r\u00e9monies_MaM\/11nov2023\/DSC06510-2048x1536.jpg 2048w, https:\/\/orgueil82.jvillain.fr\/wp-content\/uploads\/C\u00e9r\u00e9monies_MaM\/11nov2023\/DSC06510-300x225.jpg 300w, https:\/\/orgueil82.jvillain.fr\/wp-content\/uploads\/C\u00e9r\u00e9monies_MaM\/11nov2023\/DSC06510-768x576.jpg 768w, https:\/\/orgueil82.jvillain.fr\/wp-content\/uploads\/C\u00e9r\u00e9monies_MaM\/11nov2023\/DSC06510-1536x1152.jpg 1536w\" sizes=\"(max-width: 2048px) 100vw, 2048px\" \/><\/a><\/figure>\n<\/figure>\n\n\n\n<p>Puis les enfants de l&rsquo;\u00e9cole lisent le texte \u00ab\u00a0100 ans de la flamme sous l&rsquo;arc de triomphe\u00a0\u00bb (pour lire le texte cliquez&nbsp;<a href=\"http:\/\/flamme.pdf\">ICI<\/a>)<\/p>\n\n\n\n<figure class=\"wp-block-gallery has-nested-images columns-default wp-block-gallery-2 is-layout-flex wp-block-gallery-is-layout-flex\">\n<figure class=\"wp-block-image size-large\"><a href=\"https:\/\/orgueil82.jvillain.fr\/wp-content\/uploads\/C\u00e9r\u00e9monies_MaM\/11nov2023\/DSC06501-scaled.jpg\"><img width=\"2048\" height=\"1536\" data-id=\"2429\"  alt=\"\" class=\"wp-image-2429 lws-optimize-lazyload\"\/ data-src=\"https:\/\/orgueil82.jvillain.fr\/wp-content\/uploads\/C\u00e9r\u00e9monies_MaM\/11nov2023\/DSC06501-2048x1536.jpg\" srcset=\"https:\/\/orgueil82.jvillain.fr\/wp-content\/uploads\/C\u00e9r\u00e9monies_MaM\/11nov2023\/DSC06501-2048x1536.jpg 2048w, https:\/\/orgueil82.jvillain.fr\/wp-content\/uploads\/C\u00e9r\u00e9monies_MaM\/11nov2023\/DSC06501-300x225.jpg 300w, https:\/\/orgueil82.jvillain.fr\/wp-content\/uploads\/C\u00e9r\u00e9monies_MaM\/11nov2023\/DSC06501-768x576.jpg 768w, https:\/\/orgueil82.jvillain.fr\/wp-content\/uploads\/C\u00e9r\u00e9monies_MaM\/11nov2023\/DSC06501-1536x1152.jpg 1536w\" sizes=\"(max-width: 2048px) 100vw, 2048px\" \/><\/a><\/figure>\n\n\n\n<figure class=\"wp-block-image size-large\"><a href=\"https:\/\/orgueil82.jvillain.fr\/wp-content\/uploads\/C\u00e9r\u00e9monies_MaM\/11nov2023\/DSC06502-scaled.jpg\"><img width=\"2048\" height=\"1536\" data-id=\"2428\"  alt=\"\" class=\"wp-image-2428 lws-optimize-lazyload\"\/ data-src=\"https:\/\/orgueil82.jvillain.fr\/wp-content\/uploads\/C\u00e9r\u00e9monies_MaM\/11nov2023\/DSC06502-2048x1536.jpg\" srcset=\"https:\/\/orgueil82.jvillain.fr\/wp-content\/uploads\/C\u00e9r\u00e9monies_MaM\/11nov2023\/DSC06502-2048x1536.jpg 2048w, https:\/\/orgueil82.jvillain.fr\/wp-content\/uploads\/C\u00e9r\u00e9monies_MaM\/11nov2023\/DSC06502-300x225.jpg 300w, https:\/\/orgueil82.jvillain.fr\/wp-content\/uploads\/C\u00e9r\u00e9monies_MaM\/11nov2023\/DSC06502-768x576.jpg 768w, https:\/\/orgueil82.jvillain.fr\/wp-content\/uploads\/C\u00e9r\u00e9monies_MaM\/11nov2023\/DSC06502-1536x1152.jpg 1536w\" sizes=\"(max-width: 2048px) 100vw, 2048px\" \/><\/a><\/figure>\n<\/figure>\n\n\n\n<p>Ensuite madame Alexandra Pinaud-Verdier, adjointe au maire d\u00e9l\u00e9gu\u00e9e \u00e0 l&rsquo;\u00e9cole, l&rsquo;enfance et la jeunesse, proc\u00e8de \u00e0 la lecture du message de Monsieur S\u00e9bastien LECORNU, ministre des Arm\u00e9es et de Madame Patricia MIRALL\u00c8S, secr\u00e9taire d\u2019\u00c9tat aupr\u00e8s du ministre des Arm\u00e9es, charg\u00e9e des Anciens combattants et de la M\u00e9moire (pour lire le message cliquez<a href=\"https:\/\/www.drome.gouv.fr\/Media\/Fichiers\/2023-11-11_message-pour-l-Armistice-de-19182\" target=\"_blank\" rel=\"noreferrer noopener\">&nbsp;ICI<\/a>)<\/p>\n\n\n\n<figure class=\"wp-block-gallery aligncenter has-nested-images columns-default wp-block-gallery-3 is-layout-flex wp-block-gallery-is-layout-flex\">\n<figure class=\"wp-block-image size-large\"><a href=\"https:\/\/orgueil82.jvillain.fr\/wp-content\/uploads\/C\u00e9r\u00e9monies_MaM\/11nov2023\/DSC06505-scaled.jpg\"><img width=\"2048\" height=\"1536\" data-id=\"2434\"  alt=\"\" class=\"wp-image-2434 lws-optimize-lazyload\"\/ data-src=\"https:\/\/orgueil82.jvillain.fr\/wp-content\/uploads\/C\u00e9r\u00e9monies_MaM\/11nov2023\/DSC06505-2048x1536.jpg\" srcset=\"https:\/\/orgueil82.jvillain.fr\/wp-content\/uploads\/C\u00e9r\u00e9monies_MaM\/11nov2023\/DSC06505-2048x1536.jpg 2048w, https:\/\/orgueil82.jvillain.fr\/wp-content\/uploads\/C\u00e9r\u00e9monies_MaM\/11nov2023\/DSC06505-300x225.jpg 300w, https:\/\/orgueil82.jvillain.fr\/wp-content\/uploads\/C\u00e9r\u00e9monies_MaM\/11nov2023\/DSC06505-768x576.jpg 768w, https:\/\/orgueil82.jvillain.fr\/wp-content\/uploads\/C\u00e9r\u00e9monies_MaM\/11nov2023\/DSC06505-1536x1152.jpg 1536w\" sizes=\"(max-width: 2048px) 100vw, 2048px\" \/><\/a><\/figure>\n\n\n\n<figure class=\"wp-block-image size-large\"><a href=\"https:\/\/orgueil82.jvillain.fr\/wp-content\/uploads\/C\u00e9r\u00e9monies_MaM\/11nov2023\/DSC06511-scaled.jpg\"><img width=\"2048\" height=\"1536\" data-id=\"2443\"  alt=\"\" class=\"wp-image-2443 lws-optimize-lazyload\"\/ data-src=\"https:\/\/orgueil82.jvillain.fr\/wp-content\/uploads\/C\u00e9r\u00e9monies_MaM\/11nov2023\/DSC06511-2048x1536.jpg\" srcset=\"https:\/\/orgueil82.jvillain.fr\/wp-content\/uploads\/C\u00e9r\u00e9monies_MaM\/11nov2023\/DSC06511-2048x1536.jpg 2048w, https:\/\/orgueil82.jvillain.fr\/wp-content\/uploads\/C\u00e9r\u00e9monies_MaM\/11nov2023\/DSC06511-300x225.jpg 300w, https:\/\/orgueil82.jvillain.fr\/wp-content\/uploads\/C\u00e9r\u00e9monies_MaM\/11nov2023\/DSC06511-768x576.jpg 768w, https:\/\/orgueil82.jvillain.fr\/wp-content\/uploads\/C\u00e9r\u00e9monies_MaM\/11nov2023\/DSC06511-1536x1152.jpg 1536w\" sizes=\"(max-width: 2048px) 100vw, 2048px\" \/><\/a><\/figure>\n<\/figure>\n\n\n\n<p>Apr\u00e8s la lecture des ces deux textes, les enfants font l&rsquo;appel des morts pour la France du village<\/p>\n\n\n\n<figure class=\"wp-block-gallery aligncenter has-nested-images columns-4 wp-block-gallery-4 is-layout-flex wp-block-gallery-is-layout-flex\">\n<figure class=\"wp-block-image size-large\"><a href=\"https:\/\/orgueil82.jvillain.fr\/wp-content\/uploads\/C\u00e9r\u00e9monies_MaM\/11nov2023\/DSC06512-scaled.jpg\"><img width=\"2048\" height=\"1536\" data-id=\"2449\"  alt=\"\" class=\"wp-image-2449 lws-optimize-lazyload\"\/ data-src=\"https:\/\/orgueil82.jvillain.fr\/wp-content\/uploads\/C\u00e9r\u00e9monies_MaM\/11nov2023\/DSC06512-2048x1536.jpg\" srcset=\"https:\/\/orgueil82.jvillain.fr\/wp-content\/uploads\/C\u00e9r\u00e9monies_MaM\/11nov2023\/DSC06512-2048x1536.jpg 2048w, https:\/\/orgueil82.jvillain.fr\/wp-content\/uploads\/C\u00e9r\u00e9monies_MaM\/11nov2023\/DSC06512-300x225.jpg 300w, https:\/\/orgueil82.jvillain.fr\/wp-content\/uploads\/C\u00e9r\u00e9monies_MaM\/11nov2023\/DSC06512-768x576.jpg 768w, https:\/\/orgueil82.jvillain.fr\/wp-content\/uploads\/C\u00e9r\u00e9monies_MaM\/11nov2023\/DSC06512-1536x1152.jpg 1536w\" sizes=\"(max-width: 2048px) 100vw, 2048px\" \/><\/a><\/figure>\n\n\n\n<figure class=\"wp-block-image size-large\"><a href=\"https:\/\/orgueil82.jvillain.fr\/wp-content\/uploads\/C\u00e9r\u00e9monies_MaM\/11nov2023\/DSC06517-scaled.jpg\"><img width=\"2048\" height=\"1536\" data-id=\"2446\"  alt=\"\" class=\"wp-image-2446 lws-optimize-lazyload\"\/ data-src=\"https:\/\/orgueil82.jvillain.fr\/wp-content\/uploads\/C\u00e9r\u00e9monies_MaM\/11nov2023\/DSC06517-2048x1536.jpg\" srcset=\"https:\/\/orgueil82.jvillain.fr\/wp-content\/uploads\/C\u00e9r\u00e9monies_MaM\/11nov2023\/DSC06517-2048x1536.jpg 2048w, https:\/\/orgueil82.jvillain.fr\/wp-content\/uploads\/C\u00e9r\u00e9monies_MaM\/11nov2023\/DSC06517-300x225.jpg 300w, https:\/\/orgueil82.jvillain.fr\/wp-content\/uploads\/C\u00e9r\u00e9monies_MaM\/11nov2023\/DSC06517-768x576.jpg 768w, https:\/\/orgueil82.jvillain.fr\/wp-content\/uploads\/C\u00e9r\u00e9monies_MaM\/11nov2023\/DSC06517-1536x1152.jpg 1536w\" sizes=\"(max-width: 2048px) 100vw, 2048px\" \/><\/a><\/figure>\n\n\n\n<figure class=\"wp-block-image size-large\"><a href=\"https:\/\/orgueil82.jvillain.fr\/wp-content\/uploads\/C\u00e9r\u00e9monies_MaM\/11nov2023\/DSC06519-scaled.jpg\"><img width=\"2048\" height=\"1536\" data-id=\"2442\"  alt=\"\" class=\"wp-image-2442 lws-optimize-lazyload\"\/ data-src=\"https:\/\/orgueil82.jvillain.fr\/wp-content\/uploads\/C\u00e9r\u00e9monies_MaM\/11nov2023\/DSC06519-2048x1536.jpg\" srcset=\"https:\/\/orgueil82.jvillain.fr\/wp-content\/uploads\/C\u00e9r\u00e9monies_MaM\/11nov2023\/DSC06519-2048x1536.jpg 2048w, https:\/\/orgueil82.jvillain.fr\/wp-content\/uploads\/C\u00e9r\u00e9monies_MaM\/11nov2023\/DSC06519-300x225.jpg 300w, https:\/\/orgueil82.jvillain.fr\/wp-content\/uploads\/C\u00e9r\u00e9monies_MaM\/11nov2023\/DSC06519-768x576.jpg 768w, https:\/\/orgueil82.jvillain.fr\/wp-content\/uploads\/C\u00e9r\u00e9monies_MaM\/11nov2023\/DSC06519-1536x1152.jpg 1536w\" sizes=\"(max-width: 2048px) 100vw, 2048px\" \/><\/a><\/figure>\n\n\n\n<figure class=\"wp-block-image size-large\"><a href=\"https:\/\/orgueil82.jvillain.fr\/wp-content\/uploads\/C\u00e9r\u00e9monies_MaM\/11nov2023\/DSC06518-scaled.jpg\"><img width=\"2048\" height=\"1536\" data-id=\"2441\"  alt=\"\" class=\"wp-image-2441 lws-optimize-lazyload\"\/ data-src=\"https:\/\/orgueil82.jvillain.fr\/wp-content\/uploads\/C\u00e9r\u00e9monies_MaM\/11nov2023\/DSC06518-2048x1536.jpg\" srcset=\"https:\/\/orgueil82.jvillain.fr\/wp-content\/uploads\/C\u00e9r\u00e9monies_MaM\/11nov2023\/DSC06518-2048x1536.jpg 2048w, https:\/\/orgueil82.jvillain.fr\/wp-content\/uploads\/C\u00e9r\u00e9monies_MaM\/11nov2023\/DSC06518-300x225.jpg 300w, https:\/\/orgueil82.jvillain.fr\/wp-content\/uploads\/C\u00e9r\u00e9monies_MaM\/11nov2023\/DSC06518-768x576.jpg 768w, https:\/\/orgueil82.jvillain.fr\/wp-content\/uploads\/C\u00e9r\u00e9monies_MaM\/11nov2023\/DSC06518-1536x1152.jpg 1536w\" sizes=\"(max-width: 2048px) 100vw, 2048px\" \/><\/a><\/figure>\n<\/figure>\n\n\n\n<p>Monsieur le maire fait l&rsquo;appel des morts pour la France de l&rsquo;ann\u00e9e 2023 (militaires morts en op\u00e9ration)<\/p>\n\n\n<div class=\"wp-block-image\">\n<figure class=\"aligncenter size-large is-resized\"><a href=\"https:\/\/orgueil82.jvillain.fr\/wp-content\/uploads\/C\u00e9r\u00e9monies_MaM\/11nov2023\/DSC06522-scaled.jpg\"><img width=\"2048\" height=\"1536\"  alt=\"\" class=\"wp-image-2455 lws-optimize-lazyload\" style=\"width:364px;height:auto\"\/ data-src=\"https:\/\/orgueil82.jvillain.fr\/wp-content\/uploads\/C\u00e9r\u00e9monies_MaM\/11nov2023\/DSC06522-2048x1536.jpg\" srcset=\"https:\/\/orgueil82.jvillain.fr\/wp-content\/uploads\/C\u00e9r\u00e9monies_MaM\/11nov2023\/DSC06522-2048x1536.jpg 2048w, https:\/\/orgueil82.jvillain.fr\/wp-content\/uploads\/C\u00e9r\u00e9monies_MaM\/11nov2023\/DSC06522-300x225.jpg 300w, https:\/\/orgueil82.jvillain.fr\/wp-content\/uploads\/C\u00e9r\u00e9monies_MaM\/11nov2023\/DSC06522-768x576.jpg 768w, https:\/\/orgueil82.jvillain.fr\/wp-content\/uploads\/C\u00e9r\u00e9monies_MaM\/11nov2023\/DSC06522-1536x1152.jpg 1536w\" sizes=\"(max-width: 2048px) 100vw, 2048px\" \/><\/a><\/figure>\n<\/div>\n\n\n<p>Monsieur le Maire d\u00e9pose la gerbe au pied de la plaque m\u00e9morielle<\/p>\n\n\n\n<figure class=\"wp-block-gallery has-nested-images columns-default wp-block-gallery-5 is-layout-flex wp-block-gallery-is-layout-flex\">\n<figure class=\"wp-block-image size-large\"><a href=\"https:\/\/orgueil82.jvillain.fr\/wp-content\/uploads\/C\u00e9r\u00e9monies_MaM\/11nov2023\/DSC06524-scaled.jpg\"><img width=\"2048\" height=\"1536\" data-id=\"2438\"  alt=\"\" class=\"wp-image-2438 lws-optimize-lazyload\"\/ data-src=\"https:\/\/orgueil82.jvillain.fr\/wp-content\/uploads\/C\u00e9r\u00e9monies_MaM\/11nov2023\/DSC06524-2048x1536.jpg\" srcset=\"https:\/\/orgueil82.jvillain.fr\/wp-content\/uploads\/C\u00e9r\u00e9monies_MaM\/11nov2023\/DSC06524-2048x1536.jpg 2048w, https:\/\/orgueil82.jvillain.fr\/wp-content\/uploads\/C\u00e9r\u00e9monies_MaM\/11nov2023\/DSC06524-300x225.jpg 300w, https:\/\/orgueil82.jvillain.fr\/wp-content\/uploads\/C\u00e9r\u00e9monies_MaM\/11nov2023\/DSC06524-768x576.jpg 768w, https:\/\/orgueil82.jvillain.fr\/wp-content\/uploads\/C\u00e9r\u00e9monies_MaM\/11nov2023\/DSC06524-1536x1152.jpg 1536w\" sizes=\"(max-width: 2048px) 100vw, 2048px\" \/><\/a><\/figure>\n\n\n\n<figure class=\"wp-block-image size-large\"><a href=\"https:\/\/orgueil82.jvillain.fr\/wp-content\/uploads\/C\u00e9r\u00e9monies_MaM\/11nov2023\/DSC06525-scaled.jpg\"><img width=\"2048\" height=\"1536\" data-id=\"2436\"  alt=\"\" class=\"wp-image-2436 lws-optimize-lazyload\"\/ data-src=\"https:\/\/orgueil82.jvillain.fr\/wp-content\/uploads\/C\u00e9r\u00e9monies_MaM\/11nov2023\/DSC06525-2048x1536.jpg\" srcset=\"https:\/\/orgueil82.jvillain.fr\/wp-content\/uploads\/C\u00e9r\u00e9monies_MaM\/11nov2023\/DSC06525-2048x1536.jpg 2048w, https:\/\/orgueil82.jvillain.fr\/wp-content\/uploads\/C\u00e9r\u00e9monies_MaM\/11nov2023\/DSC06525-300x225.jpg 300w, https:\/\/orgueil82.jvillain.fr\/wp-content\/uploads\/C\u00e9r\u00e9monies_MaM\/11nov2023\/DSC06525-768x576.jpg 768w, https:\/\/orgueil82.jvillain.fr\/wp-content\/uploads\/C\u00e9r\u00e9monies_MaM\/11nov2023\/DSC06525-1536x1152.jpg 1536w\" sizes=\"(max-width: 2048px) 100vw, 2048px\" \/><\/a><\/figure>\n<\/figure>\n\n\n\n<p>Les enfants d\u00e9posent des lumignons et des lampes temp\u00eates, flammes symboliques porteuses de m\u00e9moire des combattants morts pour la France lors de tous les conflits contemporains<\/p>\n\n\n\n<figure class=\"wp-block-gallery has-nested-images columns-default wp-block-gallery-6 is-layout-flex wp-block-gallery-is-layout-flex\">\n<figure class=\"wp-block-image size-large\"><a href=\"https:\/\/orgueil82.jvillain.fr\/wp-content\/uploads\/C\u00e9r\u00e9monies_MaM\/11nov2023\/DSC06528-scaled.jpg\"><img width=\"2048\" height=\"1536\" data-id=\"2445\"  alt=\"\" class=\"wp-image-2445 lws-optimize-lazyload\"\/ data-src=\"https:\/\/orgueil82.jvillain.fr\/wp-content\/uploads\/C\u00e9r\u00e9monies_MaM\/11nov2023\/DSC06528-2048x1536.jpg\" srcset=\"https:\/\/orgueil82.jvillain.fr\/wp-content\/uploads\/C\u00e9r\u00e9monies_MaM\/11nov2023\/DSC06528-2048x1536.jpg 2048w, https:\/\/orgueil82.jvillain.fr\/wp-content\/uploads\/C\u00e9r\u00e9monies_MaM\/11nov2023\/DSC06528-300x225.jpg 300w, https:\/\/orgueil82.jvillain.fr\/wp-content\/uploads\/C\u00e9r\u00e9monies_MaM\/11nov2023\/DSC06528-768x576.jpg 768w, https:\/\/orgueil82.jvillain.fr\/wp-content\/uploads\/C\u00e9r\u00e9monies_MaM\/11nov2023\/DSC06528-1536x1152.jpg 1536w\" sizes=\"(max-width: 2048px) 100vw, 2048px\" \/><\/a><\/figure>\n\n\n\n<figure class=\"wp-block-image size-large\"><a href=\"https:\/\/orgueil82.jvillain.fr\/wp-content\/uploads\/C\u00e9r\u00e9monies_MaM\/11nov2023\/DSC06530-scaled.jpg\"><img width=\"2048\" height=\"1536\" data-id=\"2450\"  alt=\"\" class=\"wp-image-2450 lws-optimize-lazyload\"\/ data-src=\"https:\/\/orgueil82.jvillain.fr\/wp-content\/uploads\/C\u00e9r\u00e9monies_MaM\/11nov2023\/DSC06530-2048x1536.jpg\" srcset=\"https:\/\/orgueil82.jvillain.fr\/wp-content\/uploads\/C\u00e9r\u00e9monies_MaM\/11nov2023\/DSC06530-2048x1536.jpg 2048w, https:\/\/orgueil82.jvillain.fr\/wp-content\/uploads\/C\u00e9r\u00e9monies_MaM\/11nov2023\/DSC06530-300x225.jpg 300w, https:\/\/orgueil82.jvillain.fr\/wp-content\/uploads\/C\u00e9r\u00e9monies_MaM\/11nov2023\/DSC06530-768x576.jpg 768w, https:\/\/orgueil82.jvillain.fr\/wp-content\/uploads\/C\u00e9r\u00e9monies_MaM\/11nov2023\/DSC06530-1536x1152.jpg 1536w\" sizes=\"(max-width: 2048px) 100vw, 2048px\" \/><\/a><\/figure>\n\n\n\n<figure class=\"wp-block-image size-large\"><a href=\"https:\/\/orgueil82.jvillain.fr\/wp-content\/uploads\/C\u00e9r\u00e9monies_MaM\/11nov2023\/DSC06531-scaled.jpg\"><img width=\"2048\" height=\"1536\" data-id=\"2453\"  alt=\"\" class=\"wp-image-2453 lws-optimize-lazyload\"\/ data-src=\"https:\/\/orgueil82.jvillain.fr\/wp-content\/uploads\/C\u00e9r\u00e9monies_MaM\/11nov2023\/DSC06531-2048x1536.jpg\" srcset=\"https:\/\/orgueil82.jvillain.fr\/wp-content\/uploads\/C\u00e9r\u00e9monies_MaM\/11nov2023\/DSC06531-2048x1536.jpg 2048w, https:\/\/orgueil82.jvillain.fr\/wp-content\/uploads\/C\u00e9r\u00e9monies_MaM\/11nov2023\/DSC06531-300x225.jpg 300w, https:\/\/orgueil82.jvillain.fr\/wp-content\/uploads\/C\u00e9r\u00e9monies_MaM\/11nov2023\/DSC06531-768x576.jpg 768w, https:\/\/orgueil82.jvillain.fr\/wp-content\/uploads\/C\u00e9r\u00e9monies_MaM\/11nov2023\/DSC06531-1536x1152.jpg 1536w\" sizes=\"(max-width: 2048px) 100vw, 2048px\" \/><\/a><\/figure>\n<\/figure>\n\n\n\n<p>Apr\u00e8s ce geste symbolique, Monsieur le Maire invite l&rsquo;assembl\u00e9e \u00e0 respecter une minute de silence. Ensuite la sonnerie aux morts va retentir<\/p>\n\n\n<div class=\"wp-block-image\">\n<figure class=\"aligncenter size-large is-resized\"><a href=\"https:\/\/orgueil82.jvillain.fr\/wp-content\/uploads\/C\u00e9r\u00e9monies_MaM\/11nov2023\/DSC06533-scaled.jpg\"><img width=\"2048\" height=\"1536\"  alt=\"\" class=\"wp-image-2444 lws-optimize-lazyload\" style=\"width:351px;height:auto\"\/ data-src=\"https:\/\/orgueil82.jvillain.fr\/wp-content\/uploads\/C\u00e9r\u00e9monies_MaM\/11nov2023\/DSC06533-2048x1536.jpg\" srcset=\"https:\/\/orgueil82.jvillain.fr\/wp-content\/uploads\/C\u00e9r\u00e9monies_MaM\/11nov2023\/DSC06533-2048x1536.jpg 2048w, https:\/\/orgueil82.jvillain.fr\/wp-content\/uploads\/C\u00e9r\u00e9monies_MaM\/11nov2023\/DSC06533-300x225.jpg 300w, https:\/\/orgueil82.jvillain.fr\/wp-content\/uploads\/C\u00e9r\u00e9monies_MaM\/11nov2023\/DSC06533-768x576.jpg 768w, https:\/\/orgueil82.jvillain.fr\/wp-content\/uploads\/C\u00e9r\u00e9monies_MaM\/11nov2023\/DSC06533-1536x1152.jpg 1536w\" sizes=\"(max-width: 2048px) 100vw, 2048px\" \/><\/a><\/figure>\n<\/div>\n\n\n<p>puis la Marseillaise s&rsquo;\u00e9l\u00e8ve dans le ciel.<\/p>\n\n\n\n<figure class=\"wp-block-gallery aligncenter has-nested-images columns-default wp-block-gallery-7 is-layout-flex wp-block-gallery-is-layout-flex\">\n<figure class=\"wp-block-image size-large\"><a href=\"https:\/\/orgueil82.jvillain.fr\/wp-content\/uploads\/C\u00e9r\u00e9monies_MaM\/11nov2023\/DSC06538-scaled.jpg\"><img width=\"2048\" height=\"1536\" data-id=\"2440\"  alt=\"\" class=\"wp-image-2440 lws-optimize-lazyload\"\/ data-src=\"https:\/\/orgueil82.jvillain.fr\/wp-content\/uploads\/C\u00e9r\u00e9monies_MaM\/11nov2023\/DSC06538-2048x1536.jpg\" srcset=\"https:\/\/orgueil82.jvillain.fr\/wp-content\/uploads\/C\u00e9r\u00e9monies_MaM\/11nov2023\/DSC06538-2048x1536.jpg 2048w, https:\/\/orgueil82.jvillain.fr\/wp-content\/uploads\/C\u00e9r\u00e9monies_MaM\/11nov2023\/DSC06538-300x225.jpg 300w, https:\/\/orgueil82.jvillain.fr\/wp-content\/uploads\/C\u00e9r\u00e9monies_MaM\/11nov2023\/DSC06538-768x576.jpg 768w, https:\/\/orgueil82.jvillain.fr\/wp-content\/uploads\/C\u00e9r\u00e9monies_MaM\/11nov2023\/DSC06538-1536x1152.jpg 1536w\" sizes=\"(max-width: 2048px) 100vw, 2048px\" \/><\/a><\/figure>\n\n\n\n<figure class=\"wp-block-image size-large\"><a href=\"https:\/\/orgueil82.jvillain.fr\/wp-content\/uploads\/C\u00e9r\u00e9monies_MaM\/11nov2023\/DSC06539-scaled.jpg\"><img width=\"2048\" height=\"1536\" data-id=\"2437\"  alt=\"\" class=\"wp-image-2437 lws-optimize-lazyload\"\/ data-src=\"https:\/\/orgueil82.jvillain.fr\/wp-content\/uploads\/C\u00e9r\u00e9monies_MaM\/11nov2023\/DSC06539-2048x1536.jpg\" srcset=\"https:\/\/orgueil82.jvillain.fr\/wp-content\/uploads\/C\u00e9r\u00e9monies_MaM\/11nov2023\/DSC06539-2048x1536.jpg 2048w, https:\/\/orgueil82.jvillain.fr\/wp-content\/uploads\/C\u00e9r\u00e9monies_MaM\/11nov2023\/DSC06539-300x225.jpg 300w, https:\/\/orgueil82.jvillain.fr\/wp-content\/uploads\/C\u00e9r\u00e9monies_MaM\/11nov2023\/DSC06539-768x576.jpg 768w, https:\/\/orgueil82.jvillain.fr\/wp-content\/uploads\/C\u00e9r\u00e9monies_MaM\/11nov2023\/DSC06539-1536x1152.jpg 1536w\" sizes=\"(max-width: 2048px) 100vw, 2048px\" \/><\/a><\/figure>\n\n\n\n<figure class=\"wp-block-image size-large\"><a href=\"https:\/\/orgueil82.jvillain.fr\/wp-content\/uploads\/C\u00e9r\u00e9monies_MaM\/11nov2023\/DSC06543-scaled.jpg\"><img width=\"2048\" height=\"1536\" data-id=\"2448\"  alt=\"\" class=\"wp-image-2448 lws-optimize-lazyload\"\/ data-src=\"https:\/\/orgueil82.jvillain.fr\/wp-content\/uploads\/C\u00e9r\u00e9monies_MaM\/11nov2023\/DSC06543-2048x1536.jpg\" srcset=\"https:\/\/orgueil82.jvillain.fr\/wp-content\/uploads\/C\u00e9r\u00e9monies_MaM\/11nov2023\/DSC06543-2048x1536.jpg 2048w, https:\/\/orgueil82.jvillain.fr\/wp-content\/uploads\/C\u00e9r\u00e9monies_MaM\/11nov2023\/DSC06543-300x225.jpg 300w, https:\/\/orgueil82.jvillain.fr\/wp-content\/uploads\/C\u00e9r\u00e9monies_MaM\/11nov2023\/DSC06543-768x576.jpg 768w, https:\/\/orgueil82.jvillain.fr\/wp-content\/uploads\/C\u00e9r\u00e9monies_MaM\/11nov2023\/DSC06543-1536x1152.jpg 1536w\" sizes=\"(max-width: 2048px) 100vw, 2048px\" \/><\/a><\/figure>\n<\/figure>\n\n\n\n<p>La c\u00e9r\u00e9monie s&rsquo;ach\u00e8ve, Monsieur le Maire va saluer les porte-drapeaux et les pompiers.<\/p>\n\n\n\n<figure class=\"wp-block-gallery aligncenter has-nested-images columns-default wp-block-gallery-8 is-layout-flex wp-block-gallery-is-layout-flex\">\n<figure class=\"wp-block-image size-large\"><a href=\"https:\/\/orgueil82.jvillain.fr\/wp-content\/uploads\/C\u00e9r\u00e9monies_MaM\/11nov2023\/DSC06546-scaled.jpg\"><img width=\"2048\" height=\"1536\" data-id=\"2454\"  alt=\"\" class=\"wp-image-2454 lws-optimize-lazyload\"\/ data-src=\"https:\/\/orgueil82.jvillain.fr\/wp-content\/uploads\/C\u00e9r\u00e9monies_MaM\/11nov2023\/DSC06546-2048x1536.jpg\" srcset=\"https:\/\/orgueil82.jvillain.fr\/wp-content\/uploads\/C\u00e9r\u00e9monies_MaM\/11nov2023\/DSC06546-2048x1536.jpg 2048w, https:\/\/orgueil82.jvillain.fr\/wp-content\/uploads\/C\u00e9r\u00e9monies_MaM\/11nov2023\/DSC06546-300x225.jpg 300w, https:\/\/orgueil82.jvillain.fr\/wp-content\/uploads\/C\u00e9r\u00e9monies_MaM\/11nov2023\/DSC06546-768x576.jpg 768w, https:\/\/orgueil82.jvillain.fr\/wp-content\/uploads\/C\u00e9r\u00e9monies_MaM\/11nov2023\/DSC06546-1536x1152.jpg 1536w\" sizes=\"(max-width: 2048px) 100vw, 2048px\" \/><\/a><\/figure>\n\n\n\n<figure class=\"wp-block-image size-large\"><a href=\"https:\/\/orgueil82.jvillain.fr\/wp-content\/uploads\/C\u00e9r\u00e9monies_MaM\/11nov2023\/DSC06547-scaled.jpg\"><img width=\"2048\" height=\"1536\" data-id=\"2452\"  alt=\"\" class=\"wp-image-2452 lws-optimize-lazyload\"\/ data-src=\"https:\/\/orgueil82.jvillain.fr\/wp-content\/uploads\/C\u00e9r\u00e9monies_MaM\/11nov2023\/DSC06547-2048x1536.jpg\" srcset=\"https:\/\/orgueil82.jvillain.fr\/wp-content\/uploads\/C\u00e9r\u00e9monies_MaM\/11nov2023\/DSC06547-2048x1536.jpg 2048w, https:\/\/orgueil82.jvillain.fr\/wp-content\/uploads\/C\u00e9r\u00e9monies_MaM\/11nov2023\/DSC06547-300x225.jpg 300w, https:\/\/orgueil82.jvillain.fr\/wp-content\/uploads\/C\u00e9r\u00e9monies_MaM\/11nov2023\/DSC06547-768x576.jpg 768w, https:\/\/orgueil82.jvillain.fr\/wp-content\/uploads\/C\u00e9r\u00e9monies_MaM\/11nov2023\/DSC06547-1536x1152.jpg 1536w\" sizes=\"(max-width: 2048px) 100vw, 2048px\" \/><\/a><\/figure>\n\n\n\n<figure class=\"wp-block-image size-large\"><a href=\"https:\/\/orgueil82.jvillain.fr\/wp-content\/uploads\/C\u00e9r\u00e9monies_MaM\/11nov2023\/DSC06549-scaled.jpg\"><img width=\"2048\" height=\"1536\" data-id=\"2451\"  alt=\"\" class=\"wp-image-2451 lws-optimize-lazyload\"\/ data-src=\"https:\/\/orgueil82.jvillain.fr\/wp-content\/uploads\/C\u00e9r\u00e9monies_MaM\/11nov2023\/DSC06549-2048x1536.jpg\" srcset=\"https:\/\/orgueil82.jvillain.fr\/wp-content\/uploads\/C\u00e9r\u00e9monies_MaM\/11nov2023\/DSC06549-2048x1536.jpg 2048w, https:\/\/orgueil82.jvillain.fr\/wp-content\/uploads\/C\u00e9r\u00e9monies_MaM\/11nov2023\/DSC06549-300x225.jpg 300w, https:\/\/orgueil82.jvillain.fr\/wp-content\/uploads\/C\u00e9r\u00e9monies_MaM\/11nov2023\/DSC06549-768x576.jpg 768w, https:\/\/orgueil82.jvillain.fr\/wp-content\/uploads\/C\u00e9r\u00e9monies_MaM\/11nov2023\/DSC06549-1536x1152.jpg 1536w\" sizes=\"(max-width: 2048px) 100vw, 2048px\" \/><\/a><\/figure>\n<\/figure>\n\n\n\n<p>Monsieur le maire a ensuite invit\u00e9 tous les participants \u00e0 se r\u00e9unir autour du buffet pour partager le verre de l&rsquo;amiti\u00e9.<\/p>\n\n\n\n<p>Diaporama des photos prises pendant la c\u00e9r\u00e9monie :<\/p>\n\n\n\n<figure class=\"wp-block-embed is-type-video is-provider-youtube wp-block-embed-youtube wp-embed-aspect-16-9 wp-has-aspect-ratio\"><div class=\"wp-block-embed__wrapper\">\n<iframe title=\"Orgueil (82) - C\u00e9r\u00e9monie du 11 novembre 2023\" width=\"1200\" height=\"675\"  frameborder=\"0\" allow=\"accelerometer; autoplay; clipboard-write; encrypted-media; gyroscope; picture-in-picture; web-share\" referrerpolicy=\"strict-origin-when-cross-origin\" allowfullscreen class=\"lws-optimize-lazyload\" data-src=\"https:\/\/www.youtube.com\/embed\/CV2_waKV2pU?feature=oembed\"><\/iframe>\n<\/div><\/figure>\n\n\n\n<div style=\"height:24px\" aria-hidden=\"true\" class=\"wp-block-spacer\"><\/div>\n\n\n\n<p>La plaque m\u00e9morielle n&rsquo;est install\u00e9e que temporairement devant l&rsquo;entr\u00e9e de l&rsquo;\u00e9cole, apr\u00e8s la c\u00e9r\u00e9monie elle a \u00e9t\u00e9 remis\u00e9e et la gerbe d\u00e9pos\u00e9e \u00e0 son pied a \u00e9t\u00e9 port\u00e9e au cimeti\u00e8re du village, pos\u00e9e sur le socle de la croix au centre du cimeti\u00e8re pour rendre hommage aux morts pour la France qui y reposent dans des caveaux familiaux.<\/p>\n\n\n\n<figure class=\"wp-block-gallery aligncenter has-nested-images columns-default wp-block-gallery-9 is-layout-flex wp-block-gallery-is-layout-flex\">\n<figure class=\"wp-block-image size-large\"><a href=\"https:\/\/orgueil82.jvillain.fr\/wp-content\/uploads\/C\u00e9r\u00e9monies_MaM\/11nov2023\/DSC06551-scaled.jpg\"><img width=\"2048\" height=\"1536\" data-id=\"2430\"  alt=\"\" class=\"wp-image-2430 lws-optimize-lazyload\"\/ data-src=\"https:\/\/orgueil82.jvillain.fr\/wp-content\/uploads\/C\u00e9r\u00e9monies_MaM\/11nov2023\/DSC06551-2048x1536.jpg\" srcset=\"https:\/\/orgueil82.jvillain.fr\/wp-content\/uploads\/C\u00e9r\u00e9monies_MaM\/11nov2023\/DSC06551-2048x1536.jpg 2048w, https:\/\/orgueil82.jvillain.fr\/wp-content\/uploads\/C\u00e9r\u00e9monies_MaM\/11nov2023\/DSC06551-300x225.jpg 300w, https:\/\/orgueil82.jvillain.fr\/wp-content\/uploads\/C\u00e9r\u00e9monies_MaM\/11nov2023\/DSC06551-768x576.jpg 768w, https:\/\/orgueil82.jvillain.fr\/wp-content\/uploads\/C\u00e9r\u00e9monies_MaM\/11nov2023\/DSC06551-1536x1152.jpg 1536w\" sizes=\"(max-width: 2048px) 100vw, 2048px\" \/><\/a><\/figure>\n\n\n\n<figure class=\"wp-block-image size-large\"><a href=\"https:\/\/orgueil82.jvillain.fr\/wp-content\/uploads\/C\u00e9r\u00e9monies_MaM\/11nov2023\/Resized_20231111_132411.jpg\"><img width=\"720\" height=\"960\" data-id=\"2456\"  alt=\"\" class=\"wp-image-2456 lws-optimize-lazyload\"\/ data-src=\"https:\/\/orgueil82.jvillain.fr\/wp-content\/uploads\/C\u00e9r\u00e9monies_MaM\/11nov2023\/Resized_20231111_132411.jpg\" srcset=\"https:\/\/orgueil82.jvillain.fr\/wp-content\/uploads\/C\u00e9r\u00e9monies_MaM\/11nov2023\/Resized_20231111_132411.jpg 720w, https:\/\/orgueil82.jvillain.fr\/wp-content\/uploads\/C\u00e9r\u00e9monies_MaM\/11nov2023\/Resized_20231111_132411-225x300.jpg 225w\" sizes=\"(max-width: 720px) 100vw, 720px\" \/><\/a><\/figure>\n<\/figure>\n\n\n\n<p><a href=\"#hautpage\">Retour en haut de la page<\/a><\/p>\n\n\n\n<hr class=\"wp-block-separator has-alpha-channel-opacity\"\/>\n\n\n\n<h2 class=\"wp-block-heading has-global-color-14-color has-text-color has-link-color wp-elements-65b64a09e62d77652f68aa9df93d5046\" id=\"08mai2023\" style=\"font-style:normal;font-weight:600\"><span id=\"bppb-heading-anchor-2\"><\/span>Comm\u00e9moration du 8 mai &#8211; Lundi 8 mai 2023<\/h2>\n\n\n\n<p>La municipalit\u00e9 avait invit\u00e9 les habitants \u00e0 participer \u00e0 la traditionnelle c\u00e9r\u00e9monie du 8 mai. Exceptionnellement cette c\u00e9r\u00e9monie ne pouvait se tenir au pied du monument aux morts du village, en effet les travaux du centre bourg (r\u00e9fection de la mairie, mise en place de nouvelles chauss\u00e9es, ..) rendaient impossible l&rsquo;acc\u00e8s au monument aux morts comme on peut le voir sur la photo ci-dessous prise le 7 mai 2023 :<\/p>\n\n\n<div class=\"wp-block-image\">\n<figure class=\"aligncenter size-full is-resized\"><a href=\"https:\/\/orgueil82.jvillain.fr\/wp-content\/uploads\/Orgueil\/Histoire\/monument-aux-mort\/demenagement\/IMG_3444.jpg\"><img width=\"1512\" height=\"1469\"  alt=\"\" class=\"wp-image-1984 lws-optimize-lazyload\" style=\"width:306px;height:auto\"\/ data-src=\"https:\/\/orgueil82.jvillain.fr\/wp-content\/uploads\/Orgueil\/Histoire\/monument-aux-mort\/demenagement\/IMG_3444.jpg\" srcset=\"https:\/\/orgueil82.jvillain.fr\/wp-content\/uploads\/Orgueil\/Histoire\/monument-aux-mort\/demenagement\/IMG_3444.jpg 1512w, https:\/\/orgueil82.jvillain.fr\/wp-content\/uploads\/Orgueil\/Histoire\/monument-aux-mort\/demenagement\/IMG_3444-300x291.jpg 300w, https:\/\/orgueil82.jvillain.fr\/wp-content\/uploads\/Orgueil\/Histoire\/monument-aux-mort\/demenagement\/IMG_3444-768x746.jpg 768w\" sizes=\"(max-width: 1512px) 100vw, 1512px\" \/><\/a><\/figure>\n<\/div>\n\n\n<p>La c\u00e9r\u00e9monie s&rsquo;est donc tenue devant l&rsquo;entr\u00e9e du groupe scolaire. Pour l&rsquo;occasion la plaque comm\u00e9morative 14-18 retrouv\u00e9e dans le grenier des b\u00e2timents de la mairie avait \u00e9t\u00e9 amen\u00e9e sur ce lieu de c\u00e9r\u00e9monie inhabituel.<\/p>\n\n\n<div class=\"wp-block-image\">\n<figure class=\"aligncenter size-full is-resized\"><a href=\"https:\/\/orgueil82.jvillain.fr\/wp-content\/uploads\/C\u00e9r\u00e9monies_MaM\/08mai2023\/8mai2023a1-rotated.jpg\"><img width=\"450\" height=\"600\"  alt=\"\" class=\"wp-image-2424 lws-optimize-lazyload\" style=\"width:206px;height:auto\"\/ data-src=\"https:\/\/orgueil82.jvillain.fr\/wp-content\/uploads\/C\u00e9r\u00e9monies_MaM\/08mai2023\/8mai2023a1-rotated.jpg\" srcset=\"https:\/\/orgueil82.jvillain.fr\/wp-content\/uploads\/C\u00e9r\u00e9monies_MaM\/08mai2023\/8mai2023a1-rotated.jpg 450w, https:\/\/orgueil82.jvillain.fr\/wp-content\/uploads\/C\u00e9r\u00e9monies_MaM\/08mai2023\/8mai2023a1-225x300.jpg 225w\" sizes=\"(max-width: 450px) 100vw, 450px\" \/><\/a><\/figure>\n<\/div>\n\n\n<p>Cette plaque, qui \u00e9tait autrefois dans le cimeti\u00e8re du village, comporte tous les noms des soldats qui sont sur le monument aux morts sauf Henri BLATCH\u00c9 mort pour la France en 1942. Sur cette plaque il y a un nom qui n&rsquo;est pas sur le monument aux morts du village : Arnaud MAZAS. N\u00e9 et habitant \u00e0 Fronton (31), il s&rsquo;\u00e9tait mari\u00e9 \u00e0 Orgueil le 28\/11\/1908 avec Antoinette Jos\u00e9phine GARRABET. Cavalier au 12e r\u00e9giment de cuirassiers, il est mort pour la France le 12\/06\/1918 au plateau de Chafosse dans l&rsquo;Aisne. Son nom est grav\u00e9 sur&nbsp;<a href=\"https:\/\/www.memorialgenweb.org\/memorial3\/html\/fr\/complementbis.php?id=6615008\" target=\"_blank\" rel=\"noreferrer noopener\">les m\u00e9moriaux de la commune de Fronton (31)<\/a>, il est inscrit sur le Livre d&rsquo;Or de cette commune.<\/p>\n\n\n\n<p>La c\u00e9r\u00e9monie avait lieu \u00e0 11h30, peu de monde, h\u00e9las, s&rsquo;\u00e9tait d\u00e9plac\u00e9. Les pr\u00e9paratifs ont bien s\u00fbr commenc\u00e9 bien avant<\/p>\n\n\n<div class=\"wp-block-image\">\n<figure class=\"aligncenter size-full is-resized\"><a href=\"https:\/\/orgueil82.jvillain.fr\/wp-content\/uploads\/C\u00e9r\u00e9monies_MaM\/08mai2023\/8mai2023a2.jpg\"><img width=\"800\" height=\"600\"  alt=\"\" class=\"wp-image-2413 lws-optimize-lazyload\" style=\"width:352px;height:auto\"\/ data-src=\"https:\/\/orgueil82.jvillain.fr\/wp-content\/uploads\/C\u00e9r\u00e9monies_MaM\/08mai2023\/8mai2023a2.jpg\" srcset=\"https:\/\/orgueil82.jvillain.fr\/wp-content\/uploads\/C\u00e9r\u00e9monies_MaM\/08mai2023\/8mai2023a2.jpg 800w, https:\/\/orgueil82.jvillain.fr\/wp-content\/uploads\/C\u00e9r\u00e9monies_MaM\/08mai2023\/8mai2023a2-300x225.jpg 300w, https:\/\/orgueil82.jvillain.fr\/wp-content\/uploads\/C\u00e9r\u00e9monies_MaM\/08mai2023\/8mai2023a2-768x576.jpg 768w\" sizes=\"(max-width: 800px) 100vw, 800px\" \/><\/a><figcaption class=\"wp-element-caption\">mise en place de la table du vin d&rsquo;honneur<\/figcaption><\/figure>\n<\/div>\n\n\n<figure class=\"wp-block-gallery has-nested-images columns-default wp-block-gallery-10 is-layout-flex wp-block-gallery-is-layout-flex\">\n<figure class=\"wp-block-image size-large\"><a href=\"https:\/\/orgueil82.jvillain.fr\/wp-content\/uploads\/C\u00e9r\u00e9monies_MaM\/08mai2023\/8mai2023a3.jpg\"><img width=\"1067\" height=\"800\" data-id=\"2425\"  alt=\"\" class=\"wp-image-2425 lws-optimize-lazyload\"\/ data-src=\"https:\/\/orgueil82.jvillain.fr\/wp-content\/uploads\/C\u00e9r\u00e9monies_MaM\/08mai2023\/8mai2023a3.jpg\" srcset=\"https:\/\/orgueil82.jvillain.fr\/wp-content\/uploads\/C\u00e9r\u00e9monies_MaM\/08mai2023\/8mai2023a3.jpg 1067w, https:\/\/orgueil82.jvillain.fr\/wp-content\/uploads\/C\u00e9r\u00e9monies_MaM\/08mai2023\/8mai2023a3-300x225.jpg 300w, https:\/\/orgueil82.jvillain.fr\/wp-content\/uploads\/C\u00e9r\u00e9monies_MaM\/08mai2023\/8mai2023a3-768x576.jpg 768w\" sizes=\"(max-width: 1067px) 100vw, 1067px\" \/><\/a><\/figure>\n\n\n\n<figure class=\"wp-block-image size-large\"><a href=\"https:\/\/orgueil82.jvillain.fr\/wp-content\/uploads\/C\u00e9r\u00e9monies_MaM\/08mai2023\/8mai2023a4.jpg\"><img width=\"1067\" height=\"800\" data-id=\"2423\"  alt=\"\" class=\"wp-image-2423 lws-optimize-lazyload\"\/ data-src=\"https:\/\/orgueil82.jvillain.fr\/wp-content\/uploads\/C\u00e9r\u00e9monies_MaM\/08mai2023\/8mai2023a4.jpg\" srcset=\"https:\/\/orgueil82.jvillain.fr\/wp-content\/uploads\/C\u00e9r\u00e9monies_MaM\/08mai2023\/8mai2023a4.jpg 1067w, https:\/\/orgueil82.jvillain.fr\/wp-content\/uploads\/C\u00e9r\u00e9monies_MaM\/08mai2023\/8mai2023a4-300x225.jpg 300w, https:\/\/orgueil82.jvillain.fr\/wp-content\/uploads\/C\u00e9r\u00e9monies_MaM\/08mai2023\/8mai2023a4-768x576.jpg 768w\" sizes=\"(max-width: 1067px) 100vw, 1067px\" \/><\/a><\/figure>\n\n\n\n<figure class=\"wp-block-image size-large\"><a href=\"https:\/\/orgueil82.jvillain.fr\/wp-content\/uploads\/C\u00e9r\u00e9monies_MaM\/08mai2023\/8mai2023a6.jpg\"><img width=\"800\" height=\"600\" data-id=\"2412\"  alt=\"\" class=\"wp-image-2412 lws-optimize-lazyload\"\/ data-src=\"https:\/\/orgueil82.jvillain.fr\/wp-content\/uploads\/C\u00e9r\u00e9monies_MaM\/08mai2023\/8mai2023a6.jpg\" srcset=\"https:\/\/orgueil82.jvillain.fr\/wp-content\/uploads\/C\u00e9r\u00e9monies_MaM\/08mai2023\/8mai2023a6.jpg 800w, https:\/\/orgueil82.jvillain.fr\/wp-content\/uploads\/C\u00e9r\u00e9monies_MaM\/08mai2023\/8mai2023a6-300x225.jpg 300w, https:\/\/orgueil82.jvillain.fr\/wp-content\/uploads\/C\u00e9r\u00e9monies_MaM\/08mai2023\/8mai2023a6-768x576.jpg 768w\" sizes=\"(max-width: 800px) 100vw, 800px\" \/><\/a><\/figure>\n<\/figure>\n\n\n\n<p>Dans l&rsquo;assistance, on pouvait remarquer la pr\u00e9sence de Claude Vigouroux maire de Reyni\u00e8s venu en voisin.<\/p>\n\n\n\n<p>A 11h30, Monsieur Willy Authesserre, maire d&rsquo;Orgueil, entour\u00e9 des \u00e9lus, a d\u00e9marr\u00e9 la c\u00e9r\u00e9monie par un petit discours de bienvenue dans lequel il a remerci\u00e9 tous les pr\u00e9sents notamment les membres de la chorale&nbsp;<a href=\"http:\/\/chordaria.fr\/\" target=\"_blank\" rel=\"noreferrer noopener\">ChordAria<\/a>&nbsp;qui allaient interpr\u00e9ter deux chants et faire monter la Marseillaise dans le ciel Orgueillois.<\/p>\n\n\n<div class=\"wp-block-image\">\n<figure class=\"aligncenter size-full is-resized\"><a href=\"https:\/\/orgueil82.jvillain.fr\/wp-content\/uploads\/C\u00e9r\u00e9monies_MaM\/08mai2023\/8mai2023ch1.jpg\"><img width=\"1067\" height=\"800\"  alt=\"\" class=\"wp-image-2422 lws-optimize-lazyload\" style=\"width:408px;height:auto\"\/ data-src=\"https:\/\/orgueil82.jvillain.fr\/wp-content\/uploads\/C\u00e9r\u00e9monies_MaM\/08mai2023\/8mai2023ch1.jpg\" srcset=\"https:\/\/orgueil82.jvillain.fr\/wp-content\/uploads\/C\u00e9r\u00e9monies_MaM\/08mai2023\/8mai2023ch1.jpg 1067w, https:\/\/orgueil82.jvillain.fr\/wp-content\/uploads\/C\u00e9r\u00e9monies_MaM\/08mai2023\/8mai2023ch1-300x225.jpg 300w, https:\/\/orgueil82.jvillain.fr\/wp-content\/uploads\/C\u00e9r\u00e9monies_MaM\/08mai2023\/8mai2023ch1-768x576.jpg 768w\" sizes=\"(max-width: 1067px) 100vw, 1067px\" \/><\/a><figcaption class=\"wp-element-caption\">&nbsp;La chorale ChordAria<\/figcaption><\/figure>\n<\/div>\n\n\n<p>Monsieur le Maire a rappel\u00e9 que la c\u00e9r\u00e9monie ne pouvait se tenir devant le monument aux morts du village du fait des travaux du centre bourg, il a indiqu\u00e9 que tr\u00e8s bient\u00f4t le monument sera d\u00e9plac\u00e9, son nouvel emplacement permettra une meilleure mise en valeur et une plus grande s\u00e9curit\u00e9 pour la tenue des c\u00e9r\u00e9monies.<\/p>\n\n\n<div class=\"wp-block-image\">\n<figure class=\"aligncenter size-full is-resized\"><a href=\"https:\/\/orgueil82.jvillain.fr\/wp-content\/uploads\/C\u00e9r\u00e9monies_MaM\/08mai2023\/8mai2023c1.jpg\"><img width=\"800\" height=\"600\"  alt=\"\" class=\"wp-image-2416 lws-optimize-lazyload\" style=\"width:436px;height:auto\"\/ data-src=\"https:\/\/orgueil82.jvillain.fr\/wp-content\/uploads\/C\u00e9r\u00e9monies_MaM\/08mai2023\/8mai2023c1.jpg\" srcset=\"https:\/\/orgueil82.jvillain.fr\/wp-content\/uploads\/C\u00e9r\u00e9monies_MaM\/08mai2023\/8mai2023c1.jpg 800w, https:\/\/orgueil82.jvillain.fr\/wp-content\/uploads\/C\u00e9r\u00e9monies_MaM\/08mai2023\/8mai2023c1-300x225.jpg 300w, https:\/\/orgueil82.jvillain.fr\/wp-content\/uploads\/C\u00e9r\u00e9monies_MaM\/08mai2023\/8mai2023c1-768x576.jpg 768w\" sizes=\"(max-width: 800px) 100vw, 800px\" \/><\/a><\/figure>\n<\/div>\n\n\n<p>Monsieur le maire a ensuite lu le message de Monsieur S\u00e9bastien Lecornu, ministre des Arm\u00e9es et de Madame Patricia Miralles, secr\u00e9taire d&rsquo;\u00c9tat aux Anciens Combattants et \u00e0 la M\u00e9moire (pour lire ce message cliquez&nbsp;<a href=\"https:\/\/www.oise.gouv.fr\/Actualites\/Commemoration-de-la-victoire-du-8-mai-1945-8-mai-2023\" target=\"_blank\" rel=\"noreferrer noopener\">ICI<\/a>).<\/p>\n\n\n<div class=\"wp-block-image\">\n<figure class=\"aligncenter size-full is-resized\"><a href=\"https:\/\/orgueil82.jvillain.fr\/wp-content\/uploads\/C\u00e9r\u00e9monies_MaM\/08mai2023\/8mai2023c2.jpg\"><img width=\"800\" height=\"600\"  alt=\"\" class=\"wp-image-2414 lws-optimize-lazyload\" style=\"width:379px;height:auto\"\/ data-src=\"https:\/\/orgueil82.jvillain.fr\/wp-content\/uploads\/C\u00e9r\u00e9monies_MaM\/08mai2023\/8mai2023c2.jpg\" srcset=\"https:\/\/orgueil82.jvillain.fr\/wp-content\/uploads\/C\u00e9r\u00e9monies_MaM\/08mai2023\/8mai2023c2.jpg 800w, https:\/\/orgueil82.jvillain.fr\/wp-content\/uploads\/C\u00e9r\u00e9monies_MaM\/08mai2023\/8mai2023c2-300x225.jpg 300w, https:\/\/orgueil82.jvillain.fr\/wp-content\/uploads\/C\u00e9r\u00e9monies_MaM\/08mai2023\/8mai2023c2-768x576.jpg 768w\" sizes=\"(max-width: 800px) 100vw, 800px\" \/><\/a><\/figure>\n<\/div>\n\n\n<p>A la fin du message, la chorale ChordAria a interpr\u00e9t\u00e9 Le Chant des Partisans puis le Chant des Marais (Hymne europ\u00e9en de la D\u00e9portation).<\/p>\n\n\n<div class=\"wp-block-image\">\n<figure class=\"aligncenter size-full is-resized\"><a href=\"https:\/\/orgueil82.jvillain.fr\/wp-content\/uploads\/C\u00e9r\u00e9monies_MaM\/08mai2023\/8mai2023c3.jpg\"><img width=\"800\" height=\"600\"  alt=\"\" class=\"wp-image-2421 lws-optimize-lazyload\" style=\"width:419px;height:auto\"\/ data-src=\"https:\/\/orgueil82.jvillain.fr\/wp-content\/uploads\/C\u00e9r\u00e9monies_MaM\/08mai2023\/8mai2023c3.jpg\" srcset=\"https:\/\/orgueil82.jvillain.fr\/wp-content\/uploads\/C\u00e9r\u00e9monies_MaM\/08mai2023\/8mai2023c3.jpg 800w, https:\/\/orgueil82.jvillain.fr\/wp-content\/uploads\/C\u00e9r\u00e9monies_MaM\/08mai2023\/8mai2023c3-300x225.jpg 300w, https:\/\/orgueil82.jvillain.fr\/wp-content\/uploads\/C\u00e9r\u00e9monies_MaM\/08mai2023\/8mai2023c3-768x576.jpg 768w\" sizes=\"(max-width: 800px) 100vw, 800px\" \/><\/a><\/figure>\n<\/div>\n\n\n<p>&nbsp;<em>Pour \u00e9couter l&rsquo;interpr\u00e9tation de ces deux chants cliquez sur les deux images ci-apr\u00e8s<\/em>.<\/p>\n\n\n\n<figure class=\"wp-block-embed aligncenter is-type-video is-provider-youtube wp-block-embed-youtube wp-embed-aspect-16-9 wp-has-aspect-ratio\"><div class=\"wp-block-embed__wrapper\">\n<iframe title=\"8 mai 2023 - Orgueil (82) - Chant des partisans\" width=\"1200\" height=\"675\"  frameborder=\"0\" allow=\"accelerometer; autoplay; clipboard-write; encrypted-media; gyroscope; picture-in-picture; web-share\" referrerpolicy=\"strict-origin-when-cross-origin\" allowfullscreen class=\"lws-optimize-lazyload\" data-src=\"https:\/\/www.youtube.com\/embed\/k0urgjeu5IE?feature=oembed\"><\/iframe>\n<\/div><\/figure>\n\n\n\n<div style=\"height:17px\" aria-hidden=\"true\" class=\"wp-block-spacer\"><\/div>\n\n\n\n<figure class=\"wp-block-embed aligncenter is-type-video is-provider-youtube wp-block-embed-youtube wp-embed-aspect-16-9 wp-has-aspect-ratio\"><div class=\"wp-block-embed__wrapper\">\n<iframe title=\"8 mai 2023 - Orgueil (82) - Le chant des Marais\" width=\"1200\" height=\"675\"  frameborder=\"0\" allow=\"accelerometer; autoplay; clipboard-write; encrypted-media; gyroscope; picture-in-picture; web-share\" referrerpolicy=\"strict-origin-when-cross-origin\" allowfullscreen class=\"lws-optimize-lazyload\" data-src=\"https:\/\/www.youtube.com\/embed\/qiydb0e9Suk?feature=oembed\"><\/iframe>\n<\/div><\/figure>\n\n\n\n<div style=\"height:10px\" aria-hidden=\"true\" class=\"wp-block-spacer\"><\/div>\n\n\n\n<p>Apr\u00e8s ces deux tr\u00e8s belles interpr\u00e9tations, une gerbe a \u00e9t\u00e9 d\u00e9pos\u00e9e au pied de la plaque comm\u00e9morative \u00ab\u00a0Aux enfants d&rsquo;Orgueil morts pour la France\u00a0\u00bb par Madame Dominique Gaspard adjointe au maire et Monsieur le Maire.<\/p>\n\n\n\n<figure class=\"wp-block-gallery aligncenter has-nested-images columns-default wp-block-gallery-11 is-layout-flex wp-block-gallery-is-layout-flex\">\n<figure class=\"wp-block-image size-medium\"><a href=\"https:\/\/orgueil82.jvillain.fr\/wp-content\/uploads\/C\u00e9r\u00e9monies_MaM\/08mai2023\/8mai2023g1-rotated.jpg\"><img width=\"225\" height=\"300\" data-id=\"2408\"  alt=\"\" class=\"wp-image-2408 lws-optimize-lazyload\"\/ data-src=\"https:\/\/orgueil82.jvillain.fr\/wp-content\/uploads\/C\u00e9r\u00e9monies_MaM\/08mai2023\/8mai2023g1-225x300.jpg\" srcset=\"https:\/\/orgueil82.jvillain.fr\/wp-content\/uploads\/C\u00e9r\u00e9monies_MaM\/08mai2023\/8mai2023g1-225x300.jpg 225w, https:\/\/orgueil82.jvillain.fr\/wp-content\/uploads\/C\u00e9r\u00e9monies_MaM\/08mai2023\/8mai2023g1-rotated.jpg 450w\" sizes=\"(max-width: 225px) 100vw, 225px\" \/><\/a><\/figure>\n\n\n\n<figure class=\"wp-block-image size-medium\"><a href=\"https:\/\/orgueil82.jvillain.fr\/wp-content\/uploads\/C\u00e9r\u00e9monies_MaM\/08mai2023\/8mai2023g2.jpg\"><img width=\"300\" height=\"225\" data-id=\"2411\"  alt=\"\" class=\"wp-image-2411 lws-optimize-lazyload\"\/ data-src=\"https:\/\/orgueil82.jvillain.fr\/wp-content\/uploads\/C\u00e9r\u00e9monies_MaM\/08mai2023\/8mai2023g2-300x225.jpg\" srcset=\"https:\/\/orgueil82.jvillain.fr\/wp-content\/uploads\/C\u00e9r\u00e9monies_MaM\/08mai2023\/8mai2023g2-300x225.jpg 300w, https:\/\/orgueil82.jvillain.fr\/wp-content\/uploads\/C\u00e9r\u00e9monies_MaM\/08mai2023\/8mai2023g2-768x576.jpg 768w, https:\/\/orgueil82.jvillain.fr\/wp-content\/uploads\/C\u00e9r\u00e9monies_MaM\/08mai2023\/8mai2023g2.jpg 800w\" sizes=\"(max-width: 300px) 100vw, 300px\" \/><\/a><\/figure>\n<\/figure>\n\n\n\n<p>Monsieur le maire a alors fait respecter une minute de silence, puis la sonnerie aux morts a retenti dans le silence du recueillement.<\/p>\n\n\n\n<figure class=\"wp-block-gallery has-nested-images columns-default wp-block-gallery-12 is-layout-flex wp-block-gallery-is-layout-flex\">\n<figure class=\"wp-block-image size-medium\"><a href=\"https:\/\/orgueil82.jvillain.fr\/wp-content\/uploads\/C\u00e9r\u00e9monies_MaM\/08mai2023\/8mai2023c6.jpg\"><img width=\"300\" height=\"225\" data-id=\"2419\"  alt=\"\" class=\"wp-image-2419 lws-optimize-lazyload\"\/ data-src=\"https:\/\/orgueil82.jvillain.fr\/wp-content\/uploads\/C\u00e9r\u00e9monies_MaM\/08mai2023\/8mai2023c6-300x225.jpg\" srcset=\"https:\/\/orgueil82.jvillain.fr\/wp-content\/uploads\/C\u00e9r\u00e9monies_MaM\/08mai2023\/8mai2023c6-300x225.jpg 300w, https:\/\/orgueil82.jvillain.fr\/wp-content\/uploads\/C\u00e9r\u00e9monies_MaM\/08mai2023\/8mai2023c6-768x576.jpg 768w, https:\/\/orgueil82.jvillain.fr\/wp-content\/uploads\/C\u00e9r\u00e9monies_MaM\/08mai2023\/8mai2023c6.jpg 800w\" sizes=\"(max-width: 300px) 100vw, 300px\" \/><\/a><\/figure>\n\n\n\n<figure class=\"wp-block-image size-medium\"><a href=\"https:\/\/orgueil82.jvillain.fr\/wp-content\/uploads\/C\u00e9r\u00e9monies_MaM\/08mai2023\/8mai2023c5.jpg\"><img width=\"300\" height=\"225\" data-id=\"2409\"  alt=\"\" class=\"wp-image-2409 lws-optimize-lazyload\"\/ data-src=\"https:\/\/orgueil82.jvillain.fr\/wp-content\/uploads\/C\u00e9r\u00e9monies_MaM\/08mai2023\/8mai2023c5-300x225.jpg\" srcset=\"https:\/\/orgueil82.jvillain.fr\/wp-content\/uploads\/C\u00e9r\u00e9monies_MaM\/08mai2023\/8mai2023c5-300x225.jpg 300w, https:\/\/orgueil82.jvillain.fr\/wp-content\/uploads\/C\u00e9r\u00e9monies_MaM\/08mai2023\/8mai2023c5-768x576.jpg 768w, https:\/\/orgueil82.jvillain.fr\/wp-content\/uploads\/C\u00e9r\u00e9monies_MaM\/08mai2023\/8mai2023c5.jpg 800w\" sizes=\"(max-width: 300px) 100vw, 300px\" \/><\/a><\/figure>\n<\/figure>\n\n\n\n<p>La chorale ChordAria a ensuite entonn\u00e9 la Marseillaise (<em>pour \u00e9couter cette Marseillaise cliquez sur l&rsquo;image ci-dessous<\/em>)<\/p>\n\n\n\n<figure class=\"wp-block-embed is-type-video is-provider-youtube wp-block-embed-youtube wp-embed-aspect-16-9 wp-has-aspect-ratio\"><div class=\"wp-block-embed__wrapper\">\n<iframe title=\"8 mai 2023 - Orgueil (82) - La Marseillaise\" width=\"1200\" height=\"675\"  frameborder=\"0\" allow=\"accelerometer; autoplay; clipboard-write; encrypted-media; gyroscope; picture-in-picture; web-share\" referrerpolicy=\"strict-origin-when-cross-origin\" allowfullscreen class=\"lws-optimize-lazyload\" data-src=\"https:\/\/www.youtube.com\/embed\/vvClRU9kyME?feature=oembed\"><\/iframe>\n<\/div><\/figure>\n\n\n\n<div style=\"height:15px\" aria-hidden=\"true\" class=\"wp-block-spacer\"><\/div>\n\n\n<div class=\"wp-block-image\">\n<figure class=\"aligncenter size-full is-resized\"><a href=\"https:\/\/orgueil82.jvillain.fr\/wp-content\/uploads\/C\u00e9r\u00e9monies_MaM\/08mai2023\/8mai2023c4.jpg\"><img width=\"800\" height=\"600\"  alt=\"\" class=\"wp-image-2417 lws-optimize-lazyload\" style=\"width:374px;height:auto\"\/ data-src=\"https:\/\/orgueil82.jvillain.fr\/wp-content\/uploads\/C\u00e9r\u00e9monies_MaM\/08mai2023\/8mai2023c4.jpg\" srcset=\"https:\/\/orgueil82.jvillain.fr\/wp-content\/uploads\/C\u00e9r\u00e9monies_MaM\/08mai2023\/8mai2023c4.jpg 800w, https:\/\/orgueil82.jvillain.fr\/wp-content\/uploads\/C\u00e9r\u00e9monies_MaM\/08mai2023\/8mai2023c4-300x225.jpg 300w, https:\/\/orgueil82.jvillain.fr\/wp-content\/uploads\/C\u00e9r\u00e9monies_MaM\/08mai2023\/8mai2023c4-768x576.jpg 768w\" sizes=\"(max-width: 800px) 100vw, 800px\" \/><\/a><\/figure>\n<\/div>\n\n\n<p>Apr\u00e8s cette vibrante Marseillaise, Monsieur le Maire est all\u00e9 saluer les portes-drapeaux du village.<\/p>\n\n\n\n<figure class=\"wp-block-gallery aligncenter has-nested-images columns-default wp-block-gallery-13 is-layout-flex wp-block-gallery-is-layout-flex\">\n<figure class=\"wp-block-image size-large\"><a href=\"https:\/\/orgueil82.jvillain.fr\/wp-content\/uploads\/C\u00e9r\u00e9monies_MaM\/08mai2023\/8mai2023c7.jpg\"><img width=\"800\" height=\"600\" data-id=\"2410\"  alt=\"\" class=\"wp-image-2410 lws-optimize-lazyload\"\/ data-src=\"https:\/\/orgueil82.jvillain.fr\/wp-content\/uploads\/C\u00e9r\u00e9monies_MaM\/08mai2023\/8mai2023c7.jpg\" srcset=\"https:\/\/orgueil82.jvillain.fr\/wp-content\/uploads\/C\u00e9r\u00e9monies_MaM\/08mai2023\/8mai2023c7.jpg 800w, https:\/\/orgueil82.jvillain.fr\/wp-content\/uploads\/C\u00e9r\u00e9monies_MaM\/08mai2023\/8mai2023c7-300x225.jpg 300w, https:\/\/orgueil82.jvillain.fr\/wp-content\/uploads\/C\u00e9r\u00e9monies_MaM\/08mai2023\/8mai2023c7-768x576.jpg 768w\" sizes=\"(max-width: 800px) 100vw, 800px\" \/><\/a><\/figure>\n\n\n\n<figure class=\"wp-block-image size-large\"><a href=\"https:\/\/orgueil82.jvillain.fr\/wp-content\/uploads\/C\u00e9r\u00e9monies_MaM\/08mai2023\/8mai2023c8.jpg\"><img width=\"800\" height=\"600\" data-id=\"2415\"  alt=\"\" class=\"wp-image-2415 lws-optimize-lazyload\"\/ data-src=\"https:\/\/orgueil82.jvillain.fr\/wp-content\/uploads\/C\u00e9r\u00e9monies_MaM\/08mai2023\/8mai2023c8.jpg\" srcset=\"https:\/\/orgueil82.jvillain.fr\/wp-content\/uploads\/C\u00e9r\u00e9monies_MaM\/08mai2023\/8mai2023c8.jpg 800w, https:\/\/orgueil82.jvillain.fr\/wp-content\/uploads\/C\u00e9r\u00e9monies_MaM\/08mai2023\/8mai2023c8-300x225.jpg 300w, https:\/\/orgueil82.jvillain.fr\/wp-content\/uploads\/C\u00e9r\u00e9monies_MaM\/08mai2023\/8mai2023c8-768x576.jpg 768w\" sizes=\"(max-width: 800px) 100vw, 800px\" \/><\/a><\/figure>\n<\/figure>\n\n\n\n<p>puis il a invit\u00e9 toute l&rsquo;assistance \u00e0 s&rsquo;approcher des tables o\u00f9 a \u00e9t\u00e9 servi un vin d&rsquo;honneur, un moment d&rsquo;\u00e9change convivial.<\/p>\n\n\n\n<figure class=\"wp-block-gallery has-nested-images columns-default wp-block-gallery-14 is-layout-flex wp-block-gallery-is-layout-flex\">\n<figure class=\"wp-block-image size-large\"><a href=\"https:\/\/orgueil82.jvillain.fr\/wp-content\/uploads\/C\u00e9r\u00e9monies_MaM\/08mai2023\/8mai2023p1.jpg\"><img width=\"800\" height=\"600\" data-id=\"2418\"  alt=\"\" class=\"wp-image-2418 lws-optimize-lazyload\"\/ data-src=\"https:\/\/orgueil82.jvillain.fr\/wp-content\/uploads\/C\u00e9r\u00e9monies_MaM\/08mai2023\/8mai2023p1.jpg\" srcset=\"https:\/\/orgueil82.jvillain.fr\/wp-content\/uploads\/C\u00e9r\u00e9monies_MaM\/08mai2023\/8mai2023p1.jpg 800w, https:\/\/orgueil82.jvillain.fr\/wp-content\/uploads\/C\u00e9r\u00e9monies_MaM\/08mai2023\/8mai2023p1-300x225.jpg 300w, https:\/\/orgueil82.jvillain.fr\/wp-content\/uploads\/C\u00e9r\u00e9monies_MaM\/08mai2023\/8mai2023p1-768x576.jpg 768w\" sizes=\"(max-width: 800px) 100vw, 800px\" \/><\/a><\/figure>\n\n\n\n<figure class=\"wp-block-image size-large\"><a href=\"https:\/\/orgueil82.jvillain.fr\/wp-content\/uploads\/C\u00e9r\u00e9monies_MaM\/08mai2023\/8mai2023p2-scaled.jpg\"><img width=\"2048\" height=\"1536\" data-id=\"2426\"  alt=\"\" class=\"wp-image-2426 lws-optimize-lazyload\"\/ data-src=\"https:\/\/orgueil82.jvillain.fr\/wp-content\/uploads\/C\u00e9r\u00e9monies_MaM\/08mai2023\/8mai2023p2-2048x1536.jpg\" srcset=\"https:\/\/orgueil82.jvillain.fr\/wp-content\/uploads\/C\u00e9r\u00e9monies_MaM\/08mai2023\/8mai2023p2-2048x1536.jpg 2048w, https:\/\/orgueil82.jvillain.fr\/wp-content\/uploads\/C\u00e9r\u00e9monies_MaM\/08mai2023\/8mai2023p2-300x225.jpg 300w, https:\/\/orgueil82.jvillain.fr\/wp-content\/uploads\/C\u00e9r\u00e9monies_MaM\/08mai2023\/8mai2023p2-768x576.jpg 768w, https:\/\/orgueil82.jvillain.fr\/wp-content\/uploads\/C\u00e9r\u00e9monies_MaM\/08mai2023\/8mai2023p2-1536x1152.jpg 1536w\" sizes=\"(max-width: 2048px) 100vw, 2048px\" \/><\/a><\/figure>\n<\/figure>\n\n\n\n<p>Merci \u00e0 tous ceux qui ont pr\u00e9par\u00e9 cette c\u00e9r\u00e9monie, merci \u00e0 tous ceux qui ont particip\u00e9 \u00e0 cette c\u00e9r\u00e9monie de m\u00e9moire.<\/p>\n\n\n\n<p><a href=\"#hautpage\">Retour en haut de la page<\/a><\/p>\n\n\n\n<hr class=\"wp-block-separator has-alpha-channel-opacity\"\/>\n\n\n\n<h2 class=\"wp-block-heading has-global-color-14-color has-text-color has-link-color wp-elements-3cdc95b33f470914fd8f3f0f7716a77d\" id=\"11nov2022\" style=\"font-style:normal;font-weight:600\">Comm\u00e9moration du 11 novembre &#8211; Vendredi 11 novembre 2022<\/h2>\n\n\n\n<p>La municipalit\u00e9 avait invit\u00e9 les habitants \u00e0 participer \u00e0 la traditionnelle c\u00e9r\u00e9monie du 11 novembre devant le monument aux morts ce vendredi 11 novembre \u00e0 11h15. C&rsquo;est par un beau soleil et une temp\u00e9rature printani\u00e8re que cette c\u00e9r\u00e9monie s&rsquo;est d\u00e9roul\u00e9e.<\/p>\n\n\n\n<p>Comme chaque ann\u00e9e des enfants des \u00e9coles, leurs parents et des professeurs \u00e9taient pr\u00e9sents. Outre une partie des \u00e9lus de la commune, Claude Vigouroux, maire de Reyni\u00e8s, \u00e9tait venu en voisin pour participer \u00e0 cette c\u00e9r\u00e9monie du souvenir.<\/p>\n\n\n\n<figure class=\"wp-block-gallery aligncenter has-nested-images columns-default wp-block-gallery-15 is-layout-flex wp-block-gallery-is-layout-flex\">\n<figure class=\"wp-block-image size-large\"><a href=\"https:\/\/orgueil82.jvillain.fr\/wp-content\/uploads\/C\u00e9r\u00e9monies_MaM\/11nov2022\/11nov2022a0001.jpg\"><img width=\"1824\" height=\"1368\" data-id=\"2390\"  alt=\"\" class=\"wp-image-2390 lws-optimize-lazyload\"\/ data-src=\"https:\/\/orgueil82.jvillain.fr\/wp-content\/uploads\/C\u00e9r\u00e9monies_MaM\/11nov2022\/11nov2022a0001.jpg\" srcset=\"https:\/\/orgueil82.jvillain.fr\/wp-content\/uploads\/C\u00e9r\u00e9monies_MaM\/11nov2022\/11nov2022a0001.jpg 1824w, https:\/\/orgueil82.jvillain.fr\/wp-content\/uploads\/C\u00e9r\u00e9monies_MaM\/11nov2022\/11nov2022a0001-300x225.jpg 300w, https:\/\/orgueil82.jvillain.fr\/wp-content\/uploads\/C\u00e9r\u00e9monies_MaM\/11nov2022\/11nov2022a0001-768x576.jpg 768w, https:\/\/orgueil82.jvillain.fr\/wp-content\/uploads\/C\u00e9r\u00e9monies_MaM\/11nov2022\/11nov2022a0001-1536x1152.jpg 1536w\" sizes=\"(max-width: 1824px) 100vw, 1824px\" \/><\/a><\/figure>\n\n\n\n<figure class=\"wp-block-image size-large\"><a href=\"https:\/\/orgueil82.jvillain.fr\/wp-content\/uploads\/C\u00e9r\u00e9monies_MaM\/11nov2022\/11nov2022b0001.jpg\"><img width=\"1824\" height=\"1368\" data-id=\"2389\"  alt=\"\" class=\"wp-image-2389 lws-optimize-lazyload\"\/ data-src=\"https:\/\/orgueil82.jvillain.fr\/wp-content\/uploads\/C\u00e9r\u00e9monies_MaM\/11nov2022\/11nov2022b0001.jpg\" srcset=\"https:\/\/orgueil82.jvillain.fr\/wp-content\/uploads\/C\u00e9r\u00e9monies_MaM\/11nov2022\/11nov2022b0001.jpg 1824w, https:\/\/orgueil82.jvillain.fr\/wp-content\/uploads\/C\u00e9r\u00e9monies_MaM\/11nov2022\/11nov2022b0001-300x225.jpg 300w, https:\/\/orgueil82.jvillain.fr\/wp-content\/uploads\/C\u00e9r\u00e9monies_MaM\/11nov2022\/11nov2022b0001-768x576.jpg 768w, https:\/\/orgueil82.jvillain.fr\/wp-content\/uploads\/C\u00e9r\u00e9monies_MaM\/11nov2022\/11nov2022b0001-1536x1152.jpg 1536w\" sizes=\"(max-width: 1824px) 100vw, 1824px\" \/><\/a><\/figure>\n\n\n\n<figure class=\"wp-block-image size-large\"><a href=\"https:\/\/orgueil82.jvillain.fr\/wp-content\/uploads\/C\u00e9r\u00e9monies_MaM\/11nov2022\/11nov2022c0001.jpg\"><img width=\"1824\" height=\"1368\" data-id=\"2391\"  alt=\"\" class=\"wp-image-2391 lws-optimize-lazyload\"\/ data-src=\"https:\/\/orgueil82.jvillain.fr\/wp-content\/uploads\/C\u00e9r\u00e9monies_MaM\/11nov2022\/11nov2022c0001.jpg\" srcset=\"https:\/\/orgueil82.jvillain.fr\/wp-content\/uploads\/C\u00e9r\u00e9monies_MaM\/11nov2022\/11nov2022c0001.jpg 1824w, https:\/\/orgueil82.jvillain.fr\/wp-content\/uploads\/C\u00e9r\u00e9monies_MaM\/11nov2022\/11nov2022c0001-300x225.jpg 300w, https:\/\/orgueil82.jvillain.fr\/wp-content\/uploads\/C\u00e9r\u00e9monies_MaM\/11nov2022\/11nov2022c0001-768x576.jpg 768w, https:\/\/orgueil82.jvillain.fr\/wp-content\/uploads\/C\u00e9r\u00e9monies_MaM\/11nov2022\/11nov2022c0001-1536x1152.jpg 1536w\" sizes=\"(max-width: 1824px) 100vw, 1824px\" \/><\/a><\/figure>\n<\/figure>\n\n\n\n<p>Tout \u00e9tant en place, monsieur Willy Autheserre, maire d&rsquo;Orgueil, introduisait la c\u00e9r\u00e9moine en indiquant le d\u00e9roulement.<\/p>\n\n\n\n<figure class=\"wp-block-gallery aligncenter has-nested-images columns-default wp-block-gallery-16 is-layout-flex wp-block-gallery-is-layout-flex\">\n<figure class=\"wp-block-image size-large\"><a href=\"https:\/\/orgueil82.jvillain.fr\/wp-content\/uploads\/C\u00e9r\u00e9monies_MaM\/11nov2022\/11nov2022d0001.jpg\"><img width=\"1824\" height=\"1368\" data-id=\"2396\"  alt=\"\" class=\"wp-image-2396 lws-optimize-lazyload\"\/ data-src=\"https:\/\/orgueil82.jvillain.fr\/wp-content\/uploads\/C\u00e9r\u00e9monies_MaM\/11nov2022\/11nov2022d0001.jpg\" srcset=\"https:\/\/orgueil82.jvillain.fr\/wp-content\/uploads\/C\u00e9r\u00e9monies_MaM\/11nov2022\/11nov2022d0001.jpg 1824w, https:\/\/orgueil82.jvillain.fr\/wp-content\/uploads\/C\u00e9r\u00e9monies_MaM\/11nov2022\/11nov2022d0001-300x225.jpg 300w, https:\/\/orgueil82.jvillain.fr\/wp-content\/uploads\/C\u00e9r\u00e9monies_MaM\/11nov2022\/11nov2022d0001-768x576.jpg 768w, https:\/\/orgueil82.jvillain.fr\/wp-content\/uploads\/C\u00e9r\u00e9monies_MaM\/11nov2022\/11nov2022d0001-1536x1152.jpg 1536w\" sizes=\"(max-width: 1824px) 100vw, 1824px\" \/><\/a><\/figure>\n\n\n\n<figure class=\"wp-block-image size-large\"><a href=\"https:\/\/orgueil82.jvillain.fr\/wp-content\/uploads\/C\u00e9r\u00e9monies_MaM\/11nov2022\/11nov2022e0001.jpg\"><img width=\"1824\" height=\"1368\" data-id=\"2393\"  alt=\"\" class=\"wp-image-2393 lws-optimize-lazyload\"\/ data-src=\"https:\/\/orgueil82.jvillain.fr\/wp-content\/uploads\/C\u00e9r\u00e9monies_MaM\/11nov2022\/11nov2022e0001.jpg\" srcset=\"https:\/\/orgueil82.jvillain.fr\/wp-content\/uploads\/C\u00e9r\u00e9monies_MaM\/11nov2022\/11nov2022e0001.jpg 1824w, https:\/\/orgueil82.jvillain.fr\/wp-content\/uploads\/C\u00e9r\u00e9monies_MaM\/11nov2022\/11nov2022e0001-300x225.jpg 300w, https:\/\/orgueil82.jvillain.fr\/wp-content\/uploads\/C\u00e9r\u00e9monies_MaM\/11nov2022\/11nov2022e0001-768x576.jpg 768w, https:\/\/orgueil82.jvillain.fr\/wp-content\/uploads\/C\u00e9r\u00e9monies_MaM\/11nov2022\/11nov2022e0001-1536x1152.jpg 1536w\" sizes=\"(max-width: 1824px) 100vw, 1824px\" \/><\/a><\/figure>\n<\/figure>\n\n\n\n<p>Pour d\u00e9buter les enfants de l&rsquo;\u00e9cole ont lu des lettres de poilus.<\/p>\n\n\n<div class=\"wp-block-image\">\n<figure class=\"aligncenter size-full is-resized\"><a href=\"https:\/\/orgueil82.jvillain.fr\/wp-content\/uploads\/C\u00e9r\u00e9monies_MaM\/11nov2022\/11nov2022g0001.jpg\"><img width=\"1824\" height=\"1368\"  alt=\"\" class=\"wp-image-2395 lws-optimize-lazyload\" style=\"width:449px;height:auto\"\/ data-src=\"https:\/\/orgueil82.jvillain.fr\/wp-content\/uploads\/C\u00e9r\u00e9monies_MaM\/11nov2022\/11nov2022g0001.jpg\" srcset=\"https:\/\/orgueil82.jvillain.fr\/wp-content\/uploads\/C\u00e9r\u00e9monies_MaM\/11nov2022\/11nov2022g0001.jpg 1824w, https:\/\/orgueil82.jvillain.fr\/wp-content\/uploads\/C\u00e9r\u00e9monies_MaM\/11nov2022\/11nov2022g0001-300x225.jpg 300w, https:\/\/orgueil82.jvillain.fr\/wp-content\/uploads\/C\u00e9r\u00e9monies_MaM\/11nov2022\/11nov2022g0001-768x576.jpg 768w, https:\/\/orgueil82.jvillain.fr\/wp-content\/uploads\/C\u00e9r\u00e9monies_MaM\/11nov2022\/11nov2022g0001-1536x1152.jpg 1536w\" sizes=\"(max-width: 1824px) 100vw, 1824px\" \/><\/a><\/figure>\n<\/div>\n\n\n<p>Puis Madame Alexandra Pinaud-Verdier, adjointe d\u00e9l\u00e9gu\u00e9e \u00e0 l&rsquo;\u00e9cole l&rsquo;enfance et la jeunesse, a lu le message de Monsieur S\u00e9batsien Lecornu, ministre des Arm\u00e9es, et de Madame Patricia Mirrall\u00e8s, secr\u00e9taire d&rsquo;\u00e9tat aux Anciens Combattants et \u00e0 la M\u00e9moire (cliquez<a href=\"https:\/\/orgueil82.jvillain.fr\/wp-content\/uploads\/C\u00e9r\u00e9monies_MaM\/11nov2022\/Message-SL-PM-11-novembre-2022.pdf\" target=\"_blank\" rel=\"noreferrer noopener\">&nbsp;ICI<\/a>&nbsp;pour acc\u00e9der au message).<\/p>\n\n\n<div class=\"wp-block-image\">\n<figure class=\"aligncenter size-full\"><a href=\"https:\/\/orgueil82.jvillain.fr\/wp-content\/uploads\/C\u00e9r\u00e9monies_MaM\/11nov2022\/11nov2022h0001.jpg\"><img width=\"1824\" height=\"1368\"  alt=\"\" class=\"wp-image-2403 lws-optimize-lazyload\"\/ data-src=\"https:\/\/orgueil82.jvillain.fr\/wp-content\/uploads\/C\u00e9r\u00e9monies_MaM\/11nov2022\/11nov2022h0001.jpg\" srcset=\"https:\/\/orgueil82.jvillain.fr\/wp-content\/uploads\/C\u00e9r\u00e9monies_MaM\/11nov2022\/11nov2022h0001.jpg 1824w, https:\/\/orgueil82.jvillain.fr\/wp-content\/uploads\/C\u00e9r\u00e9monies_MaM\/11nov2022\/11nov2022h0001-300x225.jpg 300w, https:\/\/orgueil82.jvillain.fr\/wp-content\/uploads\/C\u00e9r\u00e9monies_MaM\/11nov2022\/11nov2022h0001-768x576.jpg 768w, https:\/\/orgueil82.jvillain.fr\/wp-content\/uploads\/C\u00e9r\u00e9monies_MaM\/11nov2022\/11nov2022h0001-1536x1152.jpg 1536w\" sizes=\"(max-width: 1824px) 100vw, 1824px\" \/><\/a><figcaption class=\"wp-element-caption\">                               <\/figcaption><\/figure>\n<\/div>\n\n\n<p>Le message lu, les enfants de l&rsquo;\u00e9cole ont proc\u00e9d\u00e9 \u00e0 l&rsquo;appel des morts. Les 22 noms grav\u00e9s sur le monument aux morts du village ont \u00e9t\u00e9 lus, avec chaque nom, les enfants indiquaient l&rsquo;\u00e2ge et le lieu de d\u00e9c\u00e8s du soldat.<\/p>\n\n\n\n<figure class=\"wp-block-gallery aligncenter has-nested-images columns-default wp-block-gallery-17 is-layout-flex wp-block-gallery-is-layout-flex\">\n<figure class=\"wp-block-image size-large\"><a href=\"https:\/\/orgueil82.jvillain.fr\/wp-content\/uploads\/C\u00e9r\u00e9monies_MaM\/11nov2022\/11nov2022i0001.jpg\"><img width=\"1824\" height=\"1368\" data-id=\"2397\"  alt=\"\" class=\"wp-image-2397 lws-optimize-lazyload\"\/ data-src=\"https:\/\/orgueil82.jvillain.fr\/wp-content\/uploads\/C\u00e9r\u00e9monies_MaM\/11nov2022\/11nov2022i0001.jpg\" srcset=\"https:\/\/orgueil82.jvillain.fr\/wp-content\/uploads\/C\u00e9r\u00e9monies_MaM\/11nov2022\/11nov2022i0001.jpg 1824w, https:\/\/orgueil82.jvillain.fr\/wp-content\/uploads\/C\u00e9r\u00e9monies_MaM\/11nov2022\/11nov2022i0001-300x225.jpg 300w, https:\/\/orgueil82.jvillain.fr\/wp-content\/uploads\/C\u00e9r\u00e9monies_MaM\/11nov2022\/11nov2022i0001-768x576.jpg 768w, https:\/\/orgueil82.jvillain.fr\/wp-content\/uploads\/C\u00e9r\u00e9monies_MaM\/11nov2022\/11nov2022i0001-1536x1152.jpg 1536w\" sizes=\"(max-width: 1824px) 100vw, 1824px\" \/><\/a><\/figure>\n\n\n\n<figure class=\"wp-block-image size-large\"><a href=\"https:\/\/orgueil82.jvillain.fr\/wp-content\/uploads\/C\u00e9r\u00e9monies_MaM\/11nov2022\/11nov2022j0001.jpg\"><img width=\"1824\" height=\"1368\" data-id=\"2399\"  alt=\"\" class=\"wp-image-2399 lws-optimize-lazyload\"\/ data-src=\"https:\/\/orgueil82.jvillain.fr\/wp-content\/uploads\/C\u00e9r\u00e9monies_MaM\/11nov2022\/11nov2022j0001.jpg\" srcset=\"https:\/\/orgueil82.jvillain.fr\/wp-content\/uploads\/C\u00e9r\u00e9monies_MaM\/11nov2022\/11nov2022j0001.jpg 1824w, https:\/\/orgueil82.jvillain.fr\/wp-content\/uploads\/C\u00e9r\u00e9monies_MaM\/11nov2022\/11nov2022j0001-300x225.jpg 300w, https:\/\/orgueil82.jvillain.fr\/wp-content\/uploads\/C\u00e9r\u00e9monies_MaM\/11nov2022\/11nov2022j0001-768x576.jpg 768w, https:\/\/orgueil82.jvillain.fr\/wp-content\/uploads\/C\u00e9r\u00e9monies_MaM\/11nov2022\/11nov2022j0001-1536x1152.jpg 1536w\" sizes=\"(max-width: 1824px) 100vw, 1824px\" \/><\/a><\/figure>\n\n\n\n<figure class=\"wp-block-image size-large\"><a href=\"https:\/\/orgueil82.jvillain.fr\/wp-content\/uploads\/C\u00e9r\u00e9monies_MaM\/11nov2022\/11nov2022k0001.jpg\"><img width=\"1824\" height=\"1368\" data-id=\"2392\"  alt=\"\" class=\"wp-image-2392 lws-optimize-lazyload\"\/ data-src=\"https:\/\/orgueil82.jvillain.fr\/wp-content\/uploads\/C\u00e9r\u00e9monies_MaM\/11nov2022\/11nov2022k0001.jpg\" srcset=\"https:\/\/orgueil82.jvillain.fr\/wp-content\/uploads\/C\u00e9r\u00e9monies_MaM\/11nov2022\/11nov2022k0001.jpg 1824w, https:\/\/orgueil82.jvillain.fr\/wp-content\/uploads\/C\u00e9r\u00e9monies_MaM\/11nov2022\/11nov2022k0001-300x225.jpg 300w, https:\/\/orgueil82.jvillain.fr\/wp-content\/uploads\/C\u00e9r\u00e9monies_MaM\/11nov2022\/11nov2022k0001-768x576.jpg 768w, https:\/\/orgueil82.jvillain.fr\/wp-content\/uploads\/C\u00e9r\u00e9monies_MaM\/11nov2022\/11nov2022k0001-1536x1152.jpg 1536w\" sizes=\"(max-width: 1824px) 100vw, 1824px\" \/><\/a><\/figure>\n<\/figure>\n\n\n\n<p>Pendant l&rsquo;appel des morts, trois enfants ont d\u00e9pos\u00e9 trois lumignons : un bleu, un blanc et un rouge au pied du monument aux morts.<\/p>\n\n\n\n<p>A la fin de l&rsquo;appel des morts, monsieur le maire a proc\u00e9d\u00e9 \u00e0 l&rsquo;appel des soldats ayant re\u00e7u la mention Mort pour la France depuis le 11 novembre 2021 :<\/p>\n\n\n\n<ul class=\"wp-block-list\">\n<li>Mar\u00e9chal des logis-chef Adrien Pierre Qu\u00e9lin du 4e r\u00e9giment de chasseurs, 29 ans, mort pour la France le 12\/10\/2021 \u00e0 Tombouctou (Mali)<\/li>\n\n\n\n<li>Brigadier-chef Alexandre Alain G\u00e9rard Martin du 54e r\u00e9giment d&rsquo;artillerie, 24 ans, mort pour la France le 22\/01\/2022 \u00e0 Gao (Mali)<\/li>\n<\/ul>\n\n\n\n<p>Une gerbe fut alors d\u00e9pos\u00e9e par monsieur le maire accompagn\u00e9 de deux enfants.<\/p>\n\n\n\n<figure class=\"wp-block-gallery has-nested-images columns-default wp-block-gallery-18 is-layout-flex wp-block-gallery-is-layout-flex\">\n<figure class=\"wp-block-image size-large\"><a href=\"https:\/\/orgueil82.jvillain.fr\/wp-content\/uploads\/C\u00e9r\u00e9monies_MaM\/11nov2022\/11nov2022l0001.jpg\"><img width=\"1824\" height=\"1368\" data-id=\"2402\"  alt=\"\" class=\"wp-image-2402 lws-optimize-lazyload\"\/ data-src=\"https:\/\/orgueil82.jvillain.fr\/wp-content\/uploads\/C\u00e9r\u00e9monies_MaM\/11nov2022\/11nov2022l0001.jpg\" srcset=\"https:\/\/orgueil82.jvillain.fr\/wp-content\/uploads\/C\u00e9r\u00e9monies_MaM\/11nov2022\/11nov2022l0001.jpg 1824w, https:\/\/orgueil82.jvillain.fr\/wp-content\/uploads\/C\u00e9r\u00e9monies_MaM\/11nov2022\/11nov2022l0001-300x225.jpg 300w, https:\/\/orgueil82.jvillain.fr\/wp-content\/uploads\/C\u00e9r\u00e9monies_MaM\/11nov2022\/11nov2022l0001-768x576.jpg 768w, https:\/\/orgueil82.jvillain.fr\/wp-content\/uploads\/C\u00e9r\u00e9monies_MaM\/11nov2022\/11nov2022l0001-1536x1152.jpg 1536w\" sizes=\"(max-width: 1824px) 100vw, 1824px\" \/><\/a><\/figure>\n\n\n\n<figure class=\"wp-block-image size-large\"><a href=\"https:\/\/orgueil82.jvillain.fr\/wp-content\/uploads\/C\u00e9r\u00e9monies_MaM\/11nov2022\/11nov2022m0001.jpg\"><img width=\"1824\" height=\"1368\" data-id=\"2401\"  alt=\"\" class=\"wp-image-2401 lws-optimize-lazyload\"\/ data-src=\"https:\/\/orgueil82.jvillain.fr\/wp-content\/uploads\/C\u00e9r\u00e9monies_MaM\/11nov2022\/11nov2022m0001.jpg\" srcset=\"https:\/\/orgueil82.jvillain.fr\/wp-content\/uploads\/C\u00e9r\u00e9monies_MaM\/11nov2022\/11nov2022m0001.jpg 1824w, https:\/\/orgueil82.jvillain.fr\/wp-content\/uploads\/C\u00e9r\u00e9monies_MaM\/11nov2022\/11nov2022m0001-300x225.jpg 300w, https:\/\/orgueil82.jvillain.fr\/wp-content\/uploads\/C\u00e9r\u00e9monies_MaM\/11nov2022\/11nov2022m0001-768x576.jpg 768w, https:\/\/orgueil82.jvillain.fr\/wp-content\/uploads\/C\u00e9r\u00e9monies_MaM\/11nov2022\/11nov2022m0001-1536x1152.jpg 1536w\" sizes=\"(max-width: 1824px) 100vw, 1824px\" \/><\/a><\/figure>\n<\/figure>\n\n\n\n<p>Une longue minute de silence permit \u00e0 tous de penser \u00e0 ceux qui ont donn\u00e9 leur vie pour la libert\u00e9. Puis la sonnerie \u00ab\u00a0Aux morts\u00a0\u00bb resonna suivie de la Marseillaise.<\/p>\n\n\n\n<figure class=\"wp-block-gallery aligncenter has-nested-images columns-2 wp-block-gallery-19 is-layout-flex wp-block-gallery-is-layout-flex\">\n<figure class=\"wp-block-image size-large\"><a href=\"https:\/\/orgueil82.jvillain.fr\/wp-content\/uploads\/C\u00e9r\u00e9monies_MaM\/11nov2022\/11nov2022n0001.jpg\"><img width=\"1824\" height=\"1368\" data-id=\"2394\"  alt=\"\" class=\"wp-image-2394 lws-optimize-lazyload\"\/ data-src=\"https:\/\/orgueil82.jvillain.fr\/wp-content\/uploads\/C\u00e9r\u00e9monies_MaM\/11nov2022\/11nov2022n0001.jpg\" srcset=\"https:\/\/orgueil82.jvillain.fr\/wp-content\/uploads\/C\u00e9r\u00e9monies_MaM\/11nov2022\/11nov2022n0001.jpg 1824w, https:\/\/orgueil82.jvillain.fr\/wp-content\/uploads\/C\u00e9r\u00e9monies_MaM\/11nov2022\/11nov2022n0001-300x225.jpg 300w, https:\/\/orgueil82.jvillain.fr\/wp-content\/uploads\/C\u00e9r\u00e9monies_MaM\/11nov2022\/11nov2022n0001-768x576.jpg 768w, https:\/\/orgueil82.jvillain.fr\/wp-content\/uploads\/C\u00e9r\u00e9monies_MaM\/11nov2022\/11nov2022n0001-1536x1152.jpg 1536w\" sizes=\"(max-width: 1824px) 100vw, 1824px\" \/><\/a><\/figure>\n\n\n\n<figure class=\"wp-block-image size-large\"><a href=\"https:\/\/orgueil82.jvillain.fr\/wp-content\/uploads\/C\u00e9r\u00e9monies_MaM\/11nov2022\/11nov2022o0001.jpg\"><img width=\"1824\" height=\"1368\" data-id=\"2404\"  alt=\"\" class=\"wp-image-2404 lws-optimize-lazyload\"\/ data-src=\"https:\/\/orgueil82.jvillain.fr\/wp-content\/uploads\/C\u00e9r\u00e9monies_MaM\/11nov2022\/11nov2022o0001.jpg\" srcset=\"https:\/\/orgueil82.jvillain.fr\/wp-content\/uploads\/C\u00e9r\u00e9monies_MaM\/11nov2022\/11nov2022o0001.jpg 1824w, https:\/\/orgueil82.jvillain.fr\/wp-content\/uploads\/C\u00e9r\u00e9monies_MaM\/11nov2022\/11nov2022o0001-300x225.jpg 300w, https:\/\/orgueil82.jvillain.fr\/wp-content\/uploads\/C\u00e9r\u00e9monies_MaM\/11nov2022\/11nov2022o0001-768x576.jpg 768w, https:\/\/orgueil82.jvillain.fr\/wp-content\/uploads\/C\u00e9r\u00e9monies_MaM\/11nov2022\/11nov2022o0001-1536x1152.jpg 1536w\" sizes=\"(max-width: 1824px) 100vw, 1824px\" \/><\/a><\/figure>\n\n\n\n<figure class=\"wp-block-image size-large\"><a href=\"https:\/\/orgueil82.jvillain.fr\/wp-content\/uploads\/C\u00e9r\u00e9monies_MaM\/11nov2022\/11nov2022p0001.jpg\"><img width=\"1824\" height=\"1368\" data-id=\"2400\"  alt=\"\" class=\"wp-image-2400 lws-optimize-lazyload\"\/ data-src=\"https:\/\/orgueil82.jvillain.fr\/wp-content\/uploads\/C\u00e9r\u00e9monies_MaM\/11nov2022\/11nov2022p0001.jpg\" srcset=\"https:\/\/orgueil82.jvillain.fr\/wp-content\/uploads\/C\u00e9r\u00e9monies_MaM\/11nov2022\/11nov2022p0001.jpg 1824w, https:\/\/orgueil82.jvillain.fr\/wp-content\/uploads\/C\u00e9r\u00e9monies_MaM\/11nov2022\/11nov2022p0001-300x225.jpg 300w, https:\/\/orgueil82.jvillain.fr\/wp-content\/uploads\/C\u00e9r\u00e9monies_MaM\/11nov2022\/11nov2022p0001-768x576.jpg 768w, https:\/\/orgueil82.jvillain.fr\/wp-content\/uploads\/C\u00e9r\u00e9monies_MaM\/11nov2022\/11nov2022p0001-1536x1152.jpg 1536w\" sizes=\"(max-width: 1824px) 100vw, 1824px\" \/><\/a><\/figure>\n\n\n\n<figure class=\"wp-block-image size-large\"><a href=\"https:\/\/orgueil82.jvillain.fr\/wp-content\/uploads\/C\u00e9r\u00e9monies_MaM\/11nov2022\/11nov2022q0001.jpg\"><img width=\"1824\" height=\"1368\" data-id=\"2405\"  alt=\"\" class=\"wp-image-2405 lws-optimize-lazyload\"\/ data-src=\"https:\/\/orgueil82.jvillain.fr\/wp-content\/uploads\/C\u00e9r\u00e9monies_MaM\/11nov2022\/11nov2022q0001.jpg\" srcset=\"https:\/\/orgueil82.jvillain.fr\/wp-content\/uploads\/C\u00e9r\u00e9monies_MaM\/11nov2022\/11nov2022q0001.jpg 1824w, https:\/\/orgueil82.jvillain.fr\/wp-content\/uploads\/C\u00e9r\u00e9monies_MaM\/11nov2022\/11nov2022q0001-300x225.jpg 300w, https:\/\/orgueil82.jvillain.fr\/wp-content\/uploads\/C\u00e9r\u00e9monies_MaM\/11nov2022\/11nov2022q0001-768x576.jpg 768w, https:\/\/orgueil82.jvillain.fr\/wp-content\/uploads\/C\u00e9r\u00e9monies_MaM\/11nov2022\/11nov2022q0001-1536x1152.jpg 1536w\" sizes=\"(max-width: 1824px) 100vw, 1824px\" \/><\/a><\/figure>\n<\/figure>\n\n\n\n<p>Pour clore la c\u00e9r\u00e9monie, monsiieur le maire est all\u00e9 saluer le porte drapeau, monsieur Robert Fioretti<\/p>\n\n\n<div class=\"wp-block-image\">\n<figure class=\"aligncenter size-full is-resized\"><a href=\"https:\/\/orgueil82.jvillain.fr\/wp-content\/uploads\/C\u00e9r\u00e9monies_MaM\/11nov2022\/11nov2022r0001.jpg\"><img width=\"1824\" height=\"1368\"  alt=\"\" class=\"wp-image-2406 lws-optimize-lazyload\" style=\"width:476px;height:auto\"\/ data-src=\"https:\/\/orgueil82.jvillain.fr\/wp-content\/uploads\/C\u00e9r\u00e9monies_MaM\/11nov2022\/11nov2022r0001.jpg\" srcset=\"https:\/\/orgueil82.jvillain.fr\/wp-content\/uploads\/C\u00e9r\u00e9monies_MaM\/11nov2022\/11nov2022r0001.jpg 1824w, https:\/\/orgueil82.jvillain.fr\/wp-content\/uploads\/C\u00e9r\u00e9monies_MaM\/11nov2022\/11nov2022r0001-300x225.jpg 300w, https:\/\/orgueil82.jvillain.fr\/wp-content\/uploads\/C\u00e9r\u00e9monies_MaM\/11nov2022\/11nov2022r0001-768x576.jpg 768w, https:\/\/orgueil82.jvillain.fr\/wp-content\/uploads\/C\u00e9r\u00e9monies_MaM\/11nov2022\/11nov2022r0001-1536x1152.jpg 1536w\" sizes=\"(max-width: 1824px) 100vw, 1824px\" \/><\/a><\/figure>\n<\/div>\n\n\n<p>puis il invita l&rsquo;assistance a aller partager le verrre de l&rsquo;amiti\u00e9 \u00e0 la salle Jean Capellini.<\/p>\n\n\n\n<p>Merci \u00e0 la municipalit\u00e9 pour l&rsquo;organisation de la c\u00e9r\u00e9monie, aux professeurs des \u00e9coles et aux enfants d&rsquo;avoir particip\u00e9 activement et \u00e0 tous ceux qui sont venus assister \u00e0 la c\u00e9r\u00e9monie<\/p>\n\n\n\n<p><a href=\"#hautpage\">Retour en haut de la page<\/a><\/p>\n\n\n\n<hr class=\"wp-block-separator has-alpha-channel-opacity\"\/>\n\n\n\n<h2 class=\"wp-block-heading has-global-color-14-color has-text-color has-link-color wp-elements-d48805fb8cff9a8603b50d1ed0206e43\" id=\"11nov2021\" style=\"font-style:normal;font-weight:600\">Comm\u00e9moration du 11 novembre &#8211; Jeudi 11 novembre 2021<\/h2>\n\n\n\n<p>Ce jeudi 11 novembre \u00e9tait organis\u00e9 par la municipalit\u00e9 la c\u00e9r\u00e9monie du 11 novembre. Le 11 novembre c\u00e9l\u00e8bre \u00e0 la fois l&rsquo;Armistice du 11 novembre 1918, la Comm\u00e9moration de la Victoire et de la Paix et, depuis 2012, l&rsquo;Hommage \u00e0 tous les morts pour la France.<\/p>\n\n\n\n<p>Cette ann\u00e9e cette c\u00e9r\u00e9monie avait une particularit\u00e9 : cela faisait 2 ans que les diff\u00e9rentes c\u00e9r\u00e9monies du souvenir se tenaient sans public pour cause d&rsquo;\u00e9pid\u00e9mie, aujourd&rsquo;hui la c\u00e9r\u00e9monie avait de nouveau une assistance fournie. En plus des citoyens d&rsquo;Orgueil, on pouvait voir dans l&rsquo;assistance : une d\u00e9l\u00e9gation des sapeurs-pompiers du centre de secours de Villebrumier, les enfants des \u00e9coles et leurs professeurs, les \u00e9lus municipaux, les pr\u00e9sidents des associations du village, et les membres de l&rsquo;ensemble vocal ChordAria. Et bien sur Marcel CARRERE, le porte-drapeau du village, \u00e9tait pr\u00e9sent accompagn\u00e9 d&rsquo;un ami porte-drapeau et de monsieur Robert Fioretti.<\/p>\n\n\n\n<figure class=\"wp-block-gallery aligncenter has-nested-images columns-2 wp-block-gallery-20 is-layout-flex wp-block-gallery-is-layout-flex\">\n<figure class=\"wp-block-image size-large\"><a href=\"https:\/\/orgueil82.jvillain.fr\/wp-content\/uploads\/C\u00e9r\u00e9monies_MaM\/11nov2021\/11nov20210001.jpg\"><img width=\"1824\" height=\"1368\" data-id=\"2372\"  alt=\"\" class=\"wp-image-2372 lws-optimize-lazyload\"\/ data-src=\"https:\/\/orgueil82.jvillain.fr\/wp-content\/uploads\/C\u00e9r\u00e9monies_MaM\/11nov2021\/11nov20210001.jpg\" srcset=\"https:\/\/orgueil82.jvillain.fr\/wp-content\/uploads\/C\u00e9r\u00e9monies_MaM\/11nov2021\/11nov20210001.jpg 1824w, https:\/\/orgueil82.jvillain.fr\/wp-content\/uploads\/C\u00e9r\u00e9monies_MaM\/11nov2021\/11nov20210001-300x225.jpg 300w, https:\/\/orgueil82.jvillain.fr\/wp-content\/uploads\/C\u00e9r\u00e9monies_MaM\/11nov2021\/11nov20210001-768x576.jpg 768w, https:\/\/orgueil82.jvillain.fr\/wp-content\/uploads\/C\u00e9r\u00e9monies_MaM\/11nov2021\/11nov20210001-1536x1152.jpg 1536w\" sizes=\"(max-width: 1824px) 100vw, 1824px\" \/><\/a><\/figure>\n\n\n\n<figure class=\"wp-block-image size-large\"><a href=\"https:\/\/orgueil82.jvillain.fr\/wp-content\/uploads\/C\u00e9r\u00e9monies_MaM\/11nov2021\/11nov20210002.jpg\"><img width=\"1824\" height=\"1368\" data-id=\"2363\"  alt=\"\" class=\"wp-image-2363 lws-optimize-lazyload\"\/ data-src=\"https:\/\/orgueil82.jvillain.fr\/wp-content\/uploads\/C\u00e9r\u00e9monies_MaM\/11nov2021\/11nov20210002.jpg\" srcset=\"https:\/\/orgueil82.jvillain.fr\/wp-content\/uploads\/C\u00e9r\u00e9monies_MaM\/11nov2021\/11nov20210002.jpg 1824w, https:\/\/orgueil82.jvillain.fr\/wp-content\/uploads\/C\u00e9r\u00e9monies_MaM\/11nov2021\/11nov20210002-300x225.jpg 300w, https:\/\/orgueil82.jvillain.fr\/wp-content\/uploads\/C\u00e9r\u00e9monies_MaM\/11nov2021\/11nov20210002-768x576.jpg 768w, https:\/\/orgueil82.jvillain.fr\/wp-content\/uploads\/C\u00e9r\u00e9monies_MaM\/11nov2021\/11nov20210002-1536x1152.jpg 1536w\" sizes=\"(max-width: 1824px) 100vw, 1824px\" \/><\/a><\/figure>\n\n\n\n<figure class=\"wp-block-image size-large\"><a href=\"https:\/\/orgueil82.jvillain.fr\/wp-content\/uploads\/C\u00e9r\u00e9monies_MaM\/11nov2021\/11nov20210003.jpg\"><img width=\"1824\" height=\"1368\" data-id=\"2369\"  alt=\"\" class=\"wp-image-2369 lws-optimize-lazyload\"\/ data-src=\"https:\/\/orgueil82.jvillain.fr\/wp-content\/uploads\/C\u00e9r\u00e9monies_MaM\/11nov2021\/11nov20210003.jpg\" srcset=\"https:\/\/orgueil82.jvillain.fr\/wp-content\/uploads\/C\u00e9r\u00e9monies_MaM\/11nov2021\/11nov20210003.jpg 1824w, https:\/\/orgueil82.jvillain.fr\/wp-content\/uploads\/C\u00e9r\u00e9monies_MaM\/11nov2021\/11nov20210003-300x225.jpg 300w, https:\/\/orgueil82.jvillain.fr\/wp-content\/uploads\/C\u00e9r\u00e9monies_MaM\/11nov2021\/11nov20210003-768x576.jpg 768w, https:\/\/orgueil82.jvillain.fr\/wp-content\/uploads\/C\u00e9r\u00e9monies_MaM\/11nov2021\/11nov20210003-1536x1152.jpg 1536w\" sizes=\"(max-width: 1824px) 100vw, 1824px\" \/><\/a><\/figure>\n\n\n\n<figure class=\"wp-block-image size-large\"><a href=\"https:\/\/orgueil82.jvillain.fr\/wp-content\/uploads\/C\u00e9r\u00e9monies_MaM\/11nov2021\/11nov20210004.jpg\"><img width=\"1824\" height=\"1368\" data-id=\"2371\"  alt=\"\" class=\"wp-image-2371 lws-optimize-lazyload\"\/ data-src=\"https:\/\/orgueil82.jvillain.fr\/wp-content\/uploads\/C\u00e9r\u00e9monies_MaM\/11nov2021\/11nov20210004.jpg\" srcset=\"https:\/\/orgueil82.jvillain.fr\/wp-content\/uploads\/C\u00e9r\u00e9monies_MaM\/11nov2021\/11nov20210004.jpg 1824w, https:\/\/orgueil82.jvillain.fr\/wp-content\/uploads\/C\u00e9r\u00e9monies_MaM\/11nov2021\/11nov20210004-300x225.jpg 300w, https:\/\/orgueil82.jvillain.fr\/wp-content\/uploads\/C\u00e9r\u00e9monies_MaM\/11nov2021\/11nov20210004-768x576.jpg 768w, https:\/\/orgueil82.jvillain.fr\/wp-content\/uploads\/C\u00e9r\u00e9monies_MaM\/11nov2021\/11nov20210004-1536x1152.jpg 1536w\" sizes=\"(max-width: 1824px) 100vw, 1824px\" \/><\/a><\/figure>\n<\/figure>\n\n\n\n<p>La mise en place des portes-drapeaux et de la foule s&rsquo;est effectu\u00e9e en \u00e9coutant la chorale ChordAria interpr\u00e9ter le Chant des Marais.<\/p>\n\n\n\n<figure class=\"wp-block-gallery aligncenter has-nested-images columns-2 wp-block-gallery-21 is-layout-flex wp-block-gallery-is-layout-flex\">\n<figure class=\"wp-block-image size-large\"><a href=\"https:\/\/orgueil82.jvillain.fr\/wp-content\/uploads\/C\u00e9r\u00e9monies_MaM\/11nov2021\/11nov2021a0001.jpg\"><img width=\"1824\" height=\"1368\" data-id=\"2375\"  alt=\"\" class=\"wp-image-2375 lws-optimize-lazyload\"\/ data-src=\"https:\/\/orgueil82.jvillain.fr\/wp-content\/uploads\/C\u00e9r\u00e9monies_MaM\/11nov2021\/11nov2021a0001.jpg\" srcset=\"https:\/\/orgueil82.jvillain.fr\/wp-content\/uploads\/C\u00e9r\u00e9monies_MaM\/11nov2021\/11nov2021a0001.jpg 1824w, https:\/\/orgueil82.jvillain.fr\/wp-content\/uploads\/C\u00e9r\u00e9monies_MaM\/11nov2021\/11nov2021a0001-300x225.jpg 300w, https:\/\/orgueil82.jvillain.fr\/wp-content\/uploads\/C\u00e9r\u00e9monies_MaM\/11nov2021\/11nov2021a0001-768x576.jpg 768w, https:\/\/orgueil82.jvillain.fr\/wp-content\/uploads\/C\u00e9r\u00e9monies_MaM\/11nov2021\/11nov2021a0001-1536x1152.jpg 1536w\" sizes=\"(max-width: 1824px) 100vw, 1824px\" \/><\/a><\/figure>\n\n\n\n<figure class=\"wp-block-image size-large\"><a href=\"https:\/\/orgueil82.jvillain.fr\/wp-content\/uploads\/C\u00e9r\u00e9monies_MaM\/11nov2021\/11nov2021a0004.jpg\"><img width=\"1824\" height=\"1368\" data-id=\"2365\"  alt=\"\" class=\"wp-image-2365 lws-optimize-lazyload\"\/ data-src=\"https:\/\/orgueil82.jvillain.fr\/wp-content\/uploads\/C\u00e9r\u00e9monies_MaM\/11nov2021\/11nov2021a0004.jpg\" srcset=\"https:\/\/orgueil82.jvillain.fr\/wp-content\/uploads\/C\u00e9r\u00e9monies_MaM\/11nov2021\/11nov2021a0004.jpg 1824w, https:\/\/orgueil82.jvillain.fr\/wp-content\/uploads\/C\u00e9r\u00e9monies_MaM\/11nov2021\/11nov2021a0004-300x225.jpg 300w, https:\/\/orgueil82.jvillain.fr\/wp-content\/uploads\/C\u00e9r\u00e9monies_MaM\/11nov2021\/11nov2021a0004-768x576.jpg 768w, https:\/\/orgueil82.jvillain.fr\/wp-content\/uploads\/C\u00e9r\u00e9monies_MaM\/11nov2021\/11nov2021a0004-1536x1152.jpg 1536w\" sizes=\"(max-width: 1824px) 100vw, 1824px\" \/><\/a><\/figure>\n\n\n\n<figure class=\"wp-block-image size-large\"><a href=\"https:\/\/orgueil82.jvillain.fr\/wp-content\/uploads\/C\u00e9r\u00e9monies_MaM\/11nov2021\/11nov2021a0005.jpg\"><img width=\"1824\" height=\"1368\" data-id=\"2357\"  alt=\"\" class=\"wp-image-2357 lws-optimize-lazyload\"\/ data-src=\"https:\/\/orgueil82.jvillain.fr\/wp-content\/uploads\/C\u00e9r\u00e9monies_MaM\/11nov2021\/11nov2021a0005.jpg\" srcset=\"https:\/\/orgueil82.jvillain.fr\/wp-content\/uploads\/C\u00e9r\u00e9monies_MaM\/11nov2021\/11nov2021a0005.jpg 1824w, https:\/\/orgueil82.jvillain.fr\/wp-content\/uploads\/C\u00e9r\u00e9monies_MaM\/11nov2021\/11nov2021a0005-300x225.jpg 300w, https:\/\/orgueil82.jvillain.fr\/wp-content\/uploads\/C\u00e9r\u00e9monies_MaM\/11nov2021\/11nov2021a0005-768x576.jpg 768w, https:\/\/orgueil82.jvillain.fr\/wp-content\/uploads\/C\u00e9r\u00e9monies_MaM\/11nov2021\/11nov2021a0005-1536x1152.jpg 1536w\" sizes=\"(max-width: 1824px) 100vw, 1824px\" \/><\/a><\/figure>\n\n\n\n<figure class=\"wp-block-image size-large\"><a href=\"https:\/\/orgueil82.jvillain.fr\/wp-content\/uploads\/C\u00e9r\u00e9monies_MaM\/11nov2021\/11nov2021a0002.jpg\"><img width=\"1824\" height=\"1368\" data-id=\"2368\"  alt=\"\" class=\"wp-image-2368 lws-optimize-lazyload\"\/ data-src=\"https:\/\/orgueil82.jvillain.fr\/wp-content\/uploads\/C\u00e9r\u00e9monies_MaM\/11nov2021\/11nov2021a0002.jpg\" srcset=\"https:\/\/orgueil82.jvillain.fr\/wp-content\/uploads\/C\u00e9r\u00e9monies_MaM\/11nov2021\/11nov2021a0002.jpg 1824w, https:\/\/orgueil82.jvillain.fr\/wp-content\/uploads\/C\u00e9r\u00e9monies_MaM\/11nov2021\/11nov2021a0002-300x225.jpg 300w, https:\/\/orgueil82.jvillain.fr\/wp-content\/uploads\/C\u00e9r\u00e9monies_MaM\/11nov2021\/11nov2021a0002-768x576.jpg 768w, https:\/\/orgueil82.jvillain.fr\/wp-content\/uploads\/C\u00e9r\u00e9monies_MaM\/11nov2021\/11nov2021a0002-1536x1152.jpg 1536w\" sizes=\"(max-width: 1824px) 100vw, 1824px\" \/><\/a><\/figure>\n<\/figure>\n\n\n\n<p>A la fin du chant monsieur Willy Authesserre, maire d&rsquo;Orgueil, a adress\u00e9 un mot de bienvenue et a donn\u00e9 le d\u00e9roulement de la c\u00e9r\u00e9monie.<\/p>\n\n\n<div class=\"wp-block-image\">\n<figure class=\"aligncenter size-full is-resized\"><a href=\"https:\/\/orgueil82.jvillain.fr\/wp-content\/uploads\/C\u00e9r\u00e9monies_MaM\/11nov2021\/11nov2021b0001.jpg\"><img width=\"1824\" height=\"1368\"  alt=\"\" class=\"wp-image-2360 lws-optimize-lazyload\" style=\"width:339px;height:auto\"\/ data-src=\"https:\/\/orgueil82.jvillain.fr\/wp-content\/uploads\/C\u00e9r\u00e9monies_MaM\/11nov2021\/11nov2021b0001.jpg\" srcset=\"https:\/\/orgueil82.jvillain.fr\/wp-content\/uploads\/C\u00e9r\u00e9monies_MaM\/11nov2021\/11nov2021b0001.jpg 1824w, https:\/\/orgueil82.jvillain.fr\/wp-content\/uploads\/C\u00e9r\u00e9monies_MaM\/11nov2021\/11nov2021b0001-300x225.jpg 300w, https:\/\/orgueil82.jvillain.fr\/wp-content\/uploads\/C\u00e9r\u00e9monies_MaM\/11nov2021\/11nov2021b0001-768x576.jpg 768w, https:\/\/orgueil82.jvillain.fr\/wp-content\/uploads\/C\u00e9r\u00e9monies_MaM\/11nov2021\/11nov2021b0001-1536x1152.jpg 1536w\" sizes=\"(max-width: 1824px) 100vw, 1824px\" \/><\/a><\/figure>\n<\/div>\n\n\n<p>Pour entrer dans la c\u00e9r\u00e9monie la chorale ChordAria a interpr\u00eat\u00e9 le Chant des Partisans.<\/p>\n\n\n<div class=\"wp-block-image\">\n<figure class=\"aligncenter size-full is-resized\"><a href=\"https:\/\/orgueil82.jvillain.fr\/wp-content\/uploads\/C\u00e9r\u00e9monies_MaM\/11nov2021\/11nov2021b0002.jpg\"><img width=\"1824\" height=\"1368\"  alt=\"\" class=\"wp-image-2370 lws-optimize-lazyload\" style=\"width:377px;height:auto\"\/ data-src=\"https:\/\/orgueil82.jvillain.fr\/wp-content\/uploads\/C\u00e9r\u00e9monies_MaM\/11nov2021\/11nov2021b0002.jpg\" srcset=\"https:\/\/orgueil82.jvillain.fr\/wp-content\/uploads\/C\u00e9r\u00e9monies_MaM\/11nov2021\/11nov2021b0002.jpg 1824w, https:\/\/orgueil82.jvillain.fr\/wp-content\/uploads\/C\u00e9r\u00e9monies_MaM\/11nov2021\/11nov2021b0002-300x225.jpg 300w, https:\/\/orgueil82.jvillain.fr\/wp-content\/uploads\/C\u00e9r\u00e9monies_MaM\/11nov2021\/11nov2021b0002-768x576.jpg 768w, https:\/\/orgueil82.jvillain.fr\/wp-content\/uploads\/C\u00e9r\u00e9monies_MaM\/11nov2021\/11nov2021b0002-1536x1152.jpg 1536w\" sizes=\"(max-width: 1824px) 100vw, 1824px\" \/><\/a><\/figure>\n<\/div>\n\n\n<p>Ensuite des enfants de l&rsquo;\u00e9cole ont lu la lettre d&rsquo;un poilu.<\/p>\n\n\n<div class=\"wp-block-image\">\n<figure class=\"aligncenter size-full is-resized\"><a href=\"https:\/\/orgueil82.jvillain.fr\/wp-content\/uploads\/C\u00e9r\u00e9monies_MaM\/11nov2021\/11nov2021b0003.jpg\"><img width=\"1824\" height=\"1368\"  alt=\"\" class=\"wp-image-2379 lws-optimize-lazyload\" style=\"width:351px;height:auto\"\/ data-src=\"https:\/\/orgueil82.jvillain.fr\/wp-content\/uploads\/C\u00e9r\u00e9monies_MaM\/11nov2021\/11nov2021b0003.jpg\" srcset=\"https:\/\/orgueil82.jvillain.fr\/wp-content\/uploads\/C\u00e9r\u00e9monies_MaM\/11nov2021\/11nov2021b0003.jpg 1824w, https:\/\/orgueil82.jvillain.fr\/wp-content\/uploads\/C\u00e9r\u00e9monies_MaM\/11nov2021\/11nov2021b0003-300x225.jpg 300w, https:\/\/orgueil82.jvillain.fr\/wp-content\/uploads\/C\u00e9r\u00e9monies_MaM\/11nov2021\/11nov2021b0003-768x576.jpg 768w, https:\/\/orgueil82.jvillain.fr\/wp-content\/uploads\/C\u00e9r\u00e9monies_MaM\/11nov2021\/11nov2021b0003-1536x1152.jpg 1536w\" sizes=\"(max-width: 1824px) 100vw, 1824px\" \/><\/a><\/figure>\n<\/div>\n\n\n<p>Apr\u00e8s cette lecture \u00e9mouvante, madame Alexandra Pinaud-Verdier, adjointe au maire en charge de l&rsquo;enfance et de la jeunesse, a lu le message de madame Genevi\u00e8ve DARRIEUSSECQ, ministre d\u00e9l\u00e9gu\u00e9e aupr\u00e8s de la Ministre des Arm\u00e9es, charg\u00e9e de la M\u00e9moire et des Anciens Combattants (Cliquez&nbsp;<a href=\"https:\/\/orgueil82.jvillain.fr\/wp-content\/uploads\/C\u00e9r\u00e9monies_MaM\/11nov2021\/message_2021_journee_nationale_du_11_novembre-1.pdf\" target=\"_blank\" rel=\"noreferrer noopener\">ICI<\/a>&nbsp;pour lire ce message).<\/p>\n\n\n<div class=\"wp-block-image\">\n<figure class=\"aligncenter size-full is-resized\"><a href=\"https:\/\/orgueil82.jvillain.fr\/wp-content\/uploads\/C\u00e9r\u00e9monies_MaM\/11nov2021\/11nov2021b0004.jpg\"><img width=\"1824\" height=\"1368\"  alt=\"\" class=\"wp-image-2382 lws-optimize-lazyload\" style=\"width:335px;height:auto\"\/ data-src=\"https:\/\/orgueil82.jvillain.fr\/wp-content\/uploads\/C\u00e9r\u00e9monies_MaM\/11nov2021\/11nov2021b0004.jpg\" srcset=\"https:\/\/orgueil82.jvillain.fr\/wp-content\/uploads\/C\u00e9r\u00e9monies_MaM\/11nov2021\/11nov2021b0004.jpg 1824w, https:\/\/orgueil82.jvillain.fr\/wp-content\/uploads\/C\u00e9r\u00e9monies_MaM\/11nov2021\/11nov2021b0004-300x225.jpg 300w, https:\/\/orgueil82.jvillain.fr\/wp-content\/uploads\/C\u00e9r\u00e9monies_MaM\/11nov2021\/11nov2021b0004-768x576.jpg 768w, https:\/\/orgueil82.jvillain.fr\/wp-content\/uploads\/C\u00e9r\u00e9monies_MaM\/11nov2021\/11nov2021b0004-1536x1152.jpg 1536w\" sizes=\"(max-width: 1824px) 100vw, 1824px\" \/><\/a><\/figure>\n<\/div>\n\n\n<p>Et ce fut l&rsquo;appel des morts pour la France du village par les enfants de l&rsquo;\u00e9cole : les 22 noms qui sont grav\u00e9s sur le monument sont lus, un par un, lentement, chaque nom est suivi de l&rsquo;\u00e2ge du soldat mort pour la France &#8230;&nbsp; (<em>pour d\u00e9couvrir plus d&rsquo;informations sur ces soldats allez sur&nbsp;<\/em><a href=\"https:\/\/orgueil82.jvillain.fr\/?page_id=1763\" target=\"_blank\" rel=\"noreferrer noopener\"><em>cette page<\/em><\/a>). Pendant l&rsquo;appel des morts 3 lumignons : un bleu, un blanc et un rouge, furent d\u00e9pos\u00e9s par les enfants au pied du monument, hommage \u00e0 ces jeunes gens qui ont donn\u00e9 leurs vies pour la Patrie.<\/p>\n\n\n\n<figure class=\"wp-block-gallery aligncenter has-nested-images columns-default wp-block-gallery-22 is-layout-flex wp-block-gallery-is-layout-flex\">\n<figure class=\"wp-block-image size-full\"><a href=\"https:\/\/orgueil82.jvillain.fr\/wp-content\/uploads\/C\u00e9r\u00e9monies_MaM\/11nov2021\/11nov2021d0001.jpg\"><img width=\"1824\" height=\"1368\" data-id=\"2380\"  alt=\"\" class=\"wp-image-2380 lws-optimize-lazyload\"\/ data-src=\"https:\/\/orgueil82.jvillain.fr\/wp-content\/uploads\/C\u00e9r\u00e9monies_MaM\/11nov2021\/11nov2021d0001.jpg\" srcset=\"https:\/\/orgueil82.jvillain.fr\/wp-content\/uploads\/C\u00e9r\u00e9monies_MaM\/11nov2021\/11nov2021d0001.jpg 1824w, https:\/\/orgueil82.jvillain.fr\/wp-content\/uploads\/C\u00e9r\u00e9monies_MaM\/11nov2021\/11nov2021d0001-300x225.jpg 300w, https:\/\/orgueil82.jvillain.fr\/wp-content\/uploads\/C\u00e9r\u00e9monies_MaM\/11nov2021\/11nov2021d0001-768x576.jpg 768w, https:\/\/orgueil82.jvillain.fr\/wp-content\/uploads\/C\u00e9r\u00e9monies_MaM\/11nov2021\/11nov2021d0001-1536x1152.jpg 1536w\" sizes=\"(max-width: 1824px) 100vw, 1824px\" \/><\/a><\/figure>\n\n\n\n<figure class=\"wp-block-image size-full\"><a href=\"https:\/\/orgueil82.jvillain.fr\/wp-content\/uploads\/C\u00e9r\u00e9monies_MaM\/11nov2021\/11nov2021d0002.jpg\"><img width=\"1824\" height=\"1368\" data-id=\"2364\"  alt=\"\" class=\"wp-image-2364 lws-optimize-lazyload\"\/ data-src=\"https:\/\/orgueil82.jvillain.fr\/wp-content\/uploads\/C\u00e9r\u00e9monies_MaM\/11nov2021\/11nov2021d0002.jpg\" srcset=\"https:\/\/orgueil82.jvillain.fr\/wp-content\/uploads\/C\u00e9r\u00e9monies_MaM\/11nov2021\/11nov2021d0002.jpg 1824w, https:\/\/orgueil82.jvillain.fr\/wp-content\/uploads\/C\u00e9r\u00e9monies_MaM\/11nov2021\/11nov2021d0002-300x225.jpg 300w, https:\/\/orgueil82.jvillain.fr\/wp-content\/uploads\/C\u00e9r\u00e9monies_MaM\/11nov2021\/11nov2021d0002-768x576.jpg 768w, https:\/\/orgueil82.jvillain.fr\/wp-content\/uploads\/C\u00e9r\u00e9monies_MaM\/11nov2021\/11nov2021d0002-1536x1152.jpg 1536w\" sizes=\"(max-width: 1824px) 100vw, 1824px\" \/><\/a><\/figure>\n\n\n\n<figure class=\"wp-block-image size-full\"><a href=\"https:\/\/orgueil82.jvillain.fr\/wp-content\/uploads\/C\u00e9r\u00e9monies_MaM\/11nov2021\/11nov2021d0003.jpg\"><img width=\"1824\" height=\"1368\" data-id=\"2378\"  alt=\"\" class=\"wp-image-2378 lws-optimize-lazyload\"\/ data-src=\"https:\/\/orgueil82.jvillain.fr\/wp-content\/uploads\/C\u00e9r\u00e9monies_MaM\/11nov2021\/11nov2021d0003.jpg\" srcset=\"https:\/\/orgueil82.jvillain.fr\/wp-content\/uploads\/C\u00e9r\u00e9monies_MaM\/11nov2021\/11nov2021d0003.jpg 1824w, https:\/\/orgueil82.jvillain.fr\/wp-content\/uploads\/C\u00e9r\u00e9monies_MaM\/11nov2021\/11nov2021d0003-300x225.jpg 300w, https:\/\/orgueil82.jvillain.fr\/wp-content\/uploads\/C\u00e9r\u00e9monies_MaM\/11nov2021\/11nov2021d0003-768x576.jpg 768w, https:\/\/orgueil82.jvillain.fr\/wp-content\/uploads\/C\u00e9r\u00e9monies_MaM\/11nov2021\/11nov2021d0003-1536x1152.jpg 1536w\" sizes=\"(max-width: 1824px) 100vw, 1824px\" \/><\/a><\/figure>\n\n\n\n<figure class=\"wp-block-image size-full\"><a href=\"https:\/\/orgueil82.jvillain.fr\/wp-content\/uploads\/C\u00e9r\u00e9monies_MaM\/11nov2021\/11nov2021d0004.jpg\"><img width=\"1824\" height=\"1368\" data-id=\"2384\"  alt=\"\" class=\"wp-image-2384 lws-optimize-lazyload\"\/ data-src=\"https:\/\/orgueil82.jvillain.fr\/wp-content\/uploads\/C\u00e9r\u00e9monies_MaM\/11nov2021\/11nov2021d0004.jpg\" srcset=\"https:\/\/orgueil82.jvillain.fr\/wp-content\/uploads\/C\u00e9r\u00e9monies_MaM\/11nov2021\/11nov2021d0004.jpg 1824w, https:\/\/orgueil82.jvillain.fr\/wp-content\/uploads\/C\u00e9r\u00e9monies_MaM\/11nov2021\/11nov2021d0004-300x225.jpg 300w, https:\/\/orgueil82.jvillain.fr\/wp-content\/uploads\/C\u00e9r\u00e9monies_MaM\/11nov2021\/11nov2021d0004-768x576.jpg 768w, https:\/\/orgueil82.jvillain.fr\/wp-content\/uploads\/C\u00e9r\u00e9monies_MaM\/11nov2021\/11nov2021d0004-1536x1152.jpg 1536w\" sizes=\"(max-width: 1824px) 100vw, 1824px\" \/><\/a><\/figure>\n\n\n\n<figure class=\"wp-block-image size-full\"><a href=\"https:\/\/orgueil82.jvillain.fr\/wp-content\/uploads\/C\u00e9r\u00e9monies_MaM\/11nov2021\/11nov2021d0005.jpg\"><img width=\"1824\" height=\"1368\" data-id=\"2385\"  alt=\"\" class=\"wp-image-2385 lws-optimize-lazyload\"\/ data-src=\"https:\/\/orgueil82.jvillain.fr\/wp-content\/uploads\/C\u00e9r\u00e9monies_MaM\/11nov2021\/11nov2021d0005.jpg\" srcset=\"https:\/\/orgueil82.jvillain.fr\/wp-content\/uploads\/C\u00e9r\u00e9monies_MaM\/11nov2021\/11nov2021d0005.jpg 1824w, https:\/\/orgueil82.jvillain.fr\/wp-content\/uploads\/C\u00e9r\u00e9monies_MaM\/11nov2021\/11nov2021d0005-300x225.jpg 300w, https:\/\/orgueil82.jvillain.fr\/wp-content\/uploads\/C\u00e9r\u00e9monies_MaM\/11nov2021\/11nov2021d0005-768x576.jpg 768w, https:\/\/orgueil82.jvillain.fr\/wp-content\/uploads\/C\u00e9r\u00e9monies_MaM\/11nov2021\/11nov2021d0005-1536x1152.jpg 1536w\" sizes=\"(max-width: 1824px) 100vw, 1824px\" \/><\/a><\/figure>\n\n\n\n<figure class=\"wp-block-image size-full\"><a href=\"https:\/\/orgueil82.jvillain.fr\/wp-content\/uploads\/C\u00e9r\u00e9monies_MaM\/11nov2021\/11nov2021d0006.jpg\"><img width=\"1824\" height=\"1368\" data-id=\"2386\"  alt=\"\" class=\"wp-image-2386 lws-optimize-lazyload\"\/ data-src=\"https:\/\/orgueil82.jvillain.fr\/wp-content\/uploads\/C\u00e9r\u00e9monies_MaM\/11nov2021\/11nov2021d0006.jpg\" srcset=\"https:\/\/orgueil82.jvillain.fr\/wp-content\/uploads\/C\u00e9r\u00e9monies_MaM\/11nov2021\/11nov2021d0006.jpg 1824w, https:\/\/orgueil82.jvillain.fr\/wp-content\/uploads\/C\u00e9r\u00e9monies_MaM\/11nov2021\/11nov2021d0006-300x225.jpg 300w, https:\/\/orgueil82.jvillain.fr\/wp-content\/uploads\/C\u00e9r\u00e9monies_MaM\/11nov2021\/11nov2021d0006-768x576.jpg 768w, https:\/\/orgueil82.jvillain.fr\/wp-content\/uploads\/C\u00e9r\u00e9monies_MaM\/11nov2021\/11nov2021d0006-1536x1152.jpg 1536w\" sizes=\"(max-width: 1824px) 100vw, 1824px\" \/><\/a><\/figure>\n<\/figure>\n\n\n\n<p>Monsieur le maire a repris la parole pour proc\u00e9der \u00e0 la lecture des soldats morts pour la France depuis le 11 novembre 2020 :<\/p>\n\n\n\n<ul class=\"wp-block-list\">\n<li>Colonel S\u00e9bastien BOTTA, Arm\u00e9e de l&rsquo;Air, mort pour la France le 12\/11\/2020 \u00e0 Sharm-El-Sheikh (\u00c9gypte)<\/li>\n\n\n\n<li>Brigadier Dorian \u00c9ric Daniel ISSAKHANIAN, 1er r\u00e9giment de chasseurs, mort pour la France le 28\/12\/2020 \u00e0 Hombori au Mali<\/li>\n\n\n\n<li>Mar\u00e9chal des logis Tanerii Teuira K\u00e9vin MAURI, 1er r\u00e9giment de chasseurs, mort pour la France le 28\/12\/2020 \u00e0 Hombori au Mali<\/li>\n\n\n\n<li>Brigadier Quentin Xavier Guy PAUCHET, 1er r\u00e9giment de chasseurs, mort pour la France le 28\/12\/2020 \u00e0 Hombori au Mali<\/li>\n\n\n\n<li>Sergent Maxime Julien Joseph BLASCO, 7e bataillon de chasseurs alpins,, mort pour la France le 24\/09\/2021 \u00e0 N&rsquo;Daki au Mali<\/li>\n\n\n\n<li>Sergent-chef Yvonne HUYNH, 2e r\u00e9giment de hussards, morte pour la France le 02\/01\/2021 \u00e0 M\u00e9naka au Mali<\/li>\n\n\n\n<li>Mar\u00e9chal des logis Adrien QU\u00c9LIN, 4e r\u00e9giment de chasseurs, mort pour la France le 12\/10\/2021 \u00e0 Tombouctou au Mali<\/li>\n\n\n\n<li>Brigadier-chef Yvonne HUYNH, 2e r\u00e9giment de hussards, mort pour la France le 02\/01\/2021 \u00e0 M\u00e9naka au Mali<\/li>\n<\/ul>\n\n\n\n<p>Apr\u00e8s cet hommage, monsieur le maire accompagn\u00e9 de deux enfants a d\u00e9pos\u00e9 une gerbe au pied du monument aux morts.<\/p>\n\n\n\n<figure class=\"wp-block-gallery aligncenter has-nested-images columns-default wp-block-gallery-23 is-layout-flex wp-block-gallery-is-layout-flex\">\n<figure class=\"wp-block-image size-full\"><a href=\"https:\/\/orgueil82.jvillain.fr\/wp-content\/uploads\/C\u00e9r\u00e9monies_MaM\/11nov2021\/11nov2021e0001.jpg\"><img width=\"1824\" height=\"1368\" data-id=\"2381\"  alt=\"\" class=\"wp-image-2381 lws-optimize-lazyload\"\/ data-src=\"https:\/\/orgueil82.jvillain.fr\/wp-content\/uploads\/C\u00e9r\u00e9monies_MaM\/11nov2021\/11nov2021e0001.jpg\" srcset=\"https:\/\/orgueil82.jvillain.fr\/wp-content\/uploads\/C\u00e9r\u00e9monies_MaM\/11nov2021\/11nov2021e0001.jpg 1824w, https:\/\/orgueil82.jvillain.fr\/wp-content\/uploads\/C\u00e9r\u00e9monies_MaM\/11nov2021\/11nov2021e0001-300x225.jpg 300w, https:\/\/orgueil82.jvillain.fr\/wp-content\/uploads\/C\u00e9r\u00e9monies_MaM\/11nov2021\/11nov2021e0001-768x576.jpg 768w, https:\/\/orgueil82.jvillain.fr\/wp-content\/uploads\/C\u00e9r\u00e9monies_MaM\/11nov2021\/11nov2021e0001-1536x1152.jpg 1536w\" sizes=\"(max-width: 1824px) 100vw, 1824px\" \/><\/a><\/figure>\n\n\n\n<figure class=\"wp-block-image size-full\"><a href=\"https:\/\/orgueil82.jvillain.fr\/wp-content\/uploads\/C\u00e9r\u00e9monies_MaM\/11nov2021\/11nov2021e0002.jpg\"><img width=\"1824\" height=\"1368\" data-id=\"2377\"  alt=\"\" class=\"wp-image-2377 lws-optimize-lazyload\"\/ data-src=\"https:\/\/orgueil82.jvillain.fr\/wp-content\/uploads\/C\u00e9r\u00e9monies_MaM\/11nov2021\/11nov2021e0002.jpg\" srcset=\"https:\/\/orgueil82.jvillain.fr\/wp-content\/uploads\/C\u00e9r\u00e9monies_MaM\/11nov2021\/11nov2021e0002.jpg 1824w, https:\/\/orgueil82.jvillain.fr\/wp-content\/uploads\/C\u00e9r\u00e9monies_MaM\/11nov2021\/11nov2021e0002-300x225.jpg 300w, https:\/\/orgueil82.jvillain.fr\/wp-content\/uploads\/C\u00e9r\u00e9monies_MaM\/11nov2021\/11nov2021e0002-768x576.jpg 768w, https:\/\/orgueil82.jvillain.fr\/wp-content\/uploads\/C\u00e9r\u00e9monies_MaM\/11nov2021\/11nov2021e0002-1536x1152.jpg 1536w\" sizes=\"(max-width: 1824px) 100vw, 1824px\" \/><\/a><\/figure>\n\n\n\n<figure class=\"wp-block-image size-full\"><a href=\"https:\/\/orgueil82.jvillain.fr\/wp-content\/uploads\/C\u00e9r\u00e9monies_MaM\/11nov2021\/11nov2021e0003.jpg\"><img width=\"1824\" height=\"1368\" data-id=\"2358\"  alt=\"\" class=\"wp-image-2358 lws-optimize-lazyload\"\/ data-src=\"https:\/\/orgueil82.jvillain.fr\/wp-content\/uploads\/C\u00e9r\u00e9monies_MaM\/11nov2021\/11nov2021e0003.jpg\" srcset=\"https:\/\/orgueil82.jvillain.fr\/wp-content\/uploads\/C\u00e9r\u00e9monies_MaM\/11nov2021\/11nov2021e0003.jpg 1824w, https:\/\/orgueil82.jvillain.fr\/wp-content\/uploads\/C\u00e9r\u00e9monies_MaM\/11nov2021\/11nov2021e0003-300x225.jpg 300w, https:\/\/orgueil82.jvillain.fr\/wp-content\/uploads\/C\u00e9r\u00e9monies_MaM\/11nov2021\/11nov2021e0003-768x576.jpg 768w, https:\/\/orgueil82.jvillain.fr\/wp-content\/uploads\/C\u00e9r\u00e9monies_MaM\/11nov2021\/11nov2021e0003-1536x1152.jpg 1536w\" sizes=\"(max-width: 1824px) 100vw, 1824px\" \/><\/a><\/figure>\n<\/figure>\n\n\n\n<p>Ce fut alors la minute de silence en hommage \u00e0 tous les morts de toutes les guerres &#8230; puis la Marseillaise interpr\u00eat\u00e9e par la chroale ChordAria a jaillit dans le ciel.<\/p>\n\n\n\n<figure class=\"wp-block-gallery aligncenter has-nested-images columns-2 wp-block-gallery-24 is-layout-flex wp-block-gallery-is-layout-flex\">\n<figure class=\"wp-block-image size-full\"><a href=\"https:\/\/orgueil82.jvillain.fr\/wp-content\/uploads\/C\u00e9r\u00e9monies_MaM\/11nov2021\/11nov2021e0004.jpg\"><img width=\"1824\" height=\"1368\" data-id=\"2376\"  alt=\"\" class=\"wp-image-2376 lws-optimize-lazyload\"\/ data-src=\"https:\/\/orgueil82.jvillain.fr\/wp-content\/uploads\/C\u00e9r\u00e9monies_MaM\/11nov2021\/11nov2021e0004.jpg\" srcset=\"https:\/\/orgueil82.jvillain.fr\/wp-content\/uploads\/C\u00e9r\u00e9monies_MaM\/11nov2021\/11nov2021e0004.jpg 1824w, https:\/\/orgueil82.jvillain.fr\/wp-content\/uploads\/C\u00e9r\u00e9monies_MaM\/11nov2021\/11nov2021e0004-300x225.jpg 300w, https:\/\/orgueil82.jvillain.fr\/wp-content\/uploads\/C\u00e9r\u00e9monies_MaM\/11nov2021\/11nov2021e0004-768x576.jpg 768w, https:\/\/orgueil82.jvillain.fr\/wp-content\/uploads\/C\u00e9r\u00e9monies_MaM\/11nov2021\/11nov2021e0004-1536x1152.jpg 1536w\" sizes=\"(max-width: 1824px) 100vw, 1824px\" \/><\/a><\/figure>\n\n\n\n<figure class=\"wp-block-image size-full\"><a href=\"https:\/\/orgueil82.jvillain.fr\/wp-content\/uploads\/C\u00e9r\u00e9monies_MaM\/11nov2021\/11nov2021e0005.jpg\"><img width=\"1824\" height=\"1368\" data-id=\"2366\"  alt=\"\" class=\"wp-image-2366 lws-optimize-lazyload\"\/ data-src=\"https:\/\/orgueil82.jvillain.fr\/wp-content\/uploads\/C\u00e9r\u00e9monies_MaM\/11nov2021\/11nov2021e0005.jpg\" srcset=\"https:\/\/orgueil82.jvillain.fr\/wp-content\/uploads\/C\u00e9r\u00e9monies_MaM\/11nov2021\/11nov2021e0005.jpg 1824w, https:\/\/orgueil82.jvillain.fr\/wp-content\/uploads\/C\u00e9r\u00e9monies_MaM\/11nov2021\/11nov2021e0005-300x225.jpg 300w, https:\/\/orgueil82.jvillain.fr\/wp-content\/uploads\/C\u00e9r\u00e9monies_MaM\/11nov2021\/11nov2021e0005-768x576.jpg 768w, https:\/\/orgueil82.jvillain.fr\/wp-content\/uploads\/C\u00e9r\u00e9monies_MaM\/11nov2021\/11nov2021e0005-1536x1152.jpg 1536w\" sizes=\"(max-width: 1824px) 100vw, 1824px\" \/><\/a><\/figure>\n\n\n\n<figure class=\"wp-block-image size-full\"><a href=\"https:\/\/orgueil82.jvillain.fr\/wp-content\/uploads\/C\u00e9r\u00e9monies_MaM\/11nov2021\/11nov2021e0006.jpg\"><img width=\"1824\" height=\"1368\" data-id=\"2361\"  alt=\"\" class=\"wp-image-2361 lws-optimize-lazyload\"\/ data-src=\"https:\/\/orgueil82.jvillain.fr\/wp-content\/uploads\/C\u00e9r\u00e9monies_MaM\/11nov2021\/11nov2021e0006.jpg\" srcset=\"https:\/\/orgueil82.jvillain.fr\/wp-content\/uploads\/C\u00e9r\u00e9monies_MaM\/11nov2021\/11nov2021e0006.jpg 1824w, https:\/\/orgueil82.jvillain.fr\/wp-content\/uploads\/C\u00e9r\u00e9monies_MaM\/11nov2021\/11nov2021e0006-300x225.jpg 300w, https:\/\/orgueil82.jvillain.fr\/wp-content\/uploads\/C\u00e9r\u00e9monies_MaM\/11nov2021\/11nov2021e0006-768x576.jpg 768w, https:\/\/orgueil82.jvillain.fr\/wp-content\/uploads\/C\u00e9r\u00e9monies_MaM\/11nov2021\/11nov2021e0006-1536x1152.jpg 1536w\" sizes=\"(max-width: 1824px) 100vw, 1824px\" \/><\/a><\/figure>\n\n\n\n<figure class=\"wp-block-image size-full\"><a href=\"https:\/\/orgueil82.jvillain.fr\/wp-content\/uploads\/C\u00e9r\u00e9monies_MaM\/11nov2021\/11nov2021e0007.jpg\"><img width=\"1824\" height=\"1368\" data-id=\"2359\"  alt=\"\" class=\"wp-image-2359 lws-optimize-lazyload\"\/ data-src=\"https:\/\/orgueil82.jvillain.fr\/wp-content\/uploads\/C\u00e9r\u00e9monies_MaM\/11nov2021\/11nov2021e0007.jpg\" srcset=\"https:\/\/orgueil82.jvillain.fr\/wp-content\/uploads\/C\u00e9r\u00e9monies_MaM\/11nov2021\/11nov2021e0007.jpg 1824w, https:\/\/orgueil82.jvillain.fr\/wp-content\/uploads\/C\u00e9r\u00e9monies_MaM\/11nov2021\/11nov2021e0007-300x225.jpg 300w, https:\/\/orgueil82.jvillain.fr\/wp-content\/uploads\/C\u00e9r\u00e9monies_MaM\/11nov2021\/11nov2021e0007-768x576.jpg 768w, https:\/\/orgueil82.jvillain.fr\/wp-content\/uploads\/C\u00e9r\u00e9monies_MaM\/11nov2021\/11nov2021e0007-1536x1152.jpg 1536w\" sizes=\"(max-width: 1824px) 100vw, 1824px\" \/><\/a><\/figure>\n<\/figure>\n\n\n\n<p>La c\u00e9r\u00e9monie est termin\u00e9e, monsieur le maire va saluer les portes drapeaux et il invite toute l&rsquo;assitance \u00e0 un vin d&rsquo;honneur offert par la muncipalit\u00e9 au caf\u00e9 Chez Ricou.&nbsp;<\/p>\n\n\n\n<figure class=\"wp-block-gallery aligncenter has-nested-images columns-default wp-block-gallery-25 is-layout-flex wp-block-gallery-is-layout-flex\">\n<figure class=\"wp-block-image size-full\"><a href=\"https:\/\/orgueil82.jvillain.fr\/wp-content\/uploads\/C\u00e9r\u00e9monies_MaM\/11nov2021\/11nov2021f0001.jpg\"><img width=\"1824\" height=\"1368\" data-id=\"2362\"  alt=\"\" class=\"wp-image-2362 lws-optimize-lazyload\"\/ data-src=\"https:\/\/orgueil82.jvillain.fr\/wp-content\/uploads\/C\u00e9r\u00e9monies_MaM\/11nov2021\/11nov2021f0001.jpg\" srcset=\"https:\/\/orgueil82.jvillain.fr\/wp-content\/uploads\/C\u00e9r\u00e9monies_MaM\/11nov2021\/11nov2021f0001.jpg 1824w, https:\/\/orgueil82.jvillain.fr\/wp-content\/uploads\/C\u00e9r\u00e9monies_MaM\/11nov2021\/11nov2021f0001-300x225.jpg 300w, https:\/\/orgueil82.jvillain.fr\/wp-content\/uploads\/C\u00e9r\u00e9monies_MaM\/11nov2021\/11nov2021f0001-768x576.jpg 768w, https:\/\/orgueil82.jvillain.fr\/wp-content\/uploads\/C\u00e9r\u00e9monies_MaM\/11nov2021\/11nov2021f0001-1536x1152.jpg 1536w\" sizes=\"(max-width: 1824px) 100vw, 1824px\" \/><\/a><\/figure>\n\n\n\n<figure class=\"wp-block-image size-full\"><a href=\"https:\/\/orgueil82.jvillain.fr\/wp-content\/uploads\/C\u00e9r\u00e9monies_MaM\/11nov2021\/11nov2021f0002.jpg\"><img width=\"1824\" height=\"1368\" data-id=\"2373\"  alt=\"\" class=\"wp-image-2373 lws-optimize-lazyload\"\/ data-src=\"https:\/\/orgueil82.jvillain.fr\/wp-content\/uploads\/C\u00e9r\u00e9monies_MaM\/11nov2021\/11nov2021f0002.jpg\" srcset=\"https:\/\/orgueil82.jvillain.fr\/wp-content\/uploads\/C\u00e9r\u00e9monies_MaM\/11nov2021\/11nov2021f0002.jpg 1824w, https:\/\/orgueil82.jvillain.fr\/wp-content\/uploads\/C\u00e9r\u00e9monies_MaM\/11nov2021\/11nov2021f0002-300x225.jpg 300w, https:\/\/orgueil82.jvillain.fr\/wp-content\/uploads\/C\u00e9r\u00e9monies_MaM\/11nov2021\/11nov2021f0002-768x576.jpg 768w, https:\/\/orgueil82.jvillain.fr\/wp-content\/uploads\/C\u00e9r\u00e9monies_MaM\/11nov2021\/11nov2021f0002-1536x1152.jpg 1536w\" sizes=\"(max-width: 1824px) 100vw, 1824px\" \/><\/a><\/figure>\n\n\n\n<figure class=\"wp-block-image size-full\"><a href=\"https:\/\/orgueil82.jvillain.fr\/wp-content\/uploads\/C\u00e9r\u00e9monies_MaM\/11nov2021\/11nov2021f0003.jpg\"><img width=\"1824\" height=\"1368\" data-id=\"2367\"  alt=\"\" class=\"wp-image-2367 lws-optimize-lazyload\"\/ data-src=\"https:\/\/orgueil82.jvillain.fr\/wp-content\/uploads\/C\u00e9r\u00e9monies_MaM\/11nov2021\/11nov2021f0003.jpg\" srcset=\"https:\/\/orgueil82.jvillain.fr\/wp-content\/uploads\/C\u00e9r\u00e9monies_MaM\/11nov2021\/11nov2021f0003.jpg 1824w, https:\/\/orgueil82.jvillain.fr\/wp-content\/uploads\/C\u00e9r\u00e9monies_MaM\/11nov2021\/11nov2021f0003-300x225.jpg 300w, https:\/\/orgueil82.jvillain.fr\/wp-content\/uploads\/C\u00e9r\u00e9monies_MaM\/11nov2021\/11nov2021f0003-768x576.jpg 768w, https:\/\/orgueil82.jvillain.fr\/wp-content\/uploads\/C\u00e9r\u00e9monies_MaM\/11nov2021\/11nov2021f0003-1536x1152.jpg 1536w\" sizes=\"(max-width: 1824px) 100vw, 1824px\" \/><\/a><\/figure>\n<\/figure>\n\n\n\n<p>Merci \u00e0 la muncipalit\u00e9, aux portes-drapeaux, aux enfants des \u00e9coles et \u00e0 leur professeurs, \u00e0 l&rsquo;ensemble vocal ChordAria pour cette c\u00e9r\u00e9monie. Merci \u00e0 tous ceux qui sont venus assister.<\/p>\n\n\n<div class=\"wp-block-image\">\n<figure class=\"aligncenter size-full is-resized\"><a href=\"https:\/\/orgueil82.jvillain.fr\/wp-content\/uploads\/C\u00e9r\u00e9monies_MaM\/11nov2021\/11nov2021f0004.jpg\"><img width=\"1824\" height=\"1368\"  alt=\"\" class=\"wp-image-2383 lws-optimize-lazyload\" style=\"width:387px;height:auto\"\/ data-src=\"https:\/\/orgueil82.jvillain.fr\/wp-content\/uploads\/C\u00e9r\u00e9monies_MaM\/11nov2021\/11nov2021f0004.jpg\" srcset=\"https:\/\/orgueil82.jvillain.fr\/wp-content\/uploads\/C\u00e9r\u00e9monies_MaM\/11nov2021\/11nov2021f0004.jpg 1824w, https:\/\/orgueil82.jvillain.fr\/wp-content\/uploads\/C\u00e9r\u00e9monies_MaM\/11nov2021\/11nov2021f0004-300x225.jpg 300w, https:\/\/orgueil82.jvillain.fr\/wp-content\/uploads\/C\u00e9r\u00e9monies_MaM\/11nov2021\/11nov2021f0004-768x576.jpg 768w, https:\/\/orgueil82.jvillain.fr\/wp-content\/uploads\/C\u00e9r\u00e9monies_MaM\/11nov2021\/11nov2021f0004-1536x1152.jpg 1536w\" sizes=\"(max-width: 1824px) 100vw, 1824px\" \/><\/a><\/figure>\n<\/div>\n\n\n<p><a href=\"#hautpage\">Retour en haut de la page<\/a><\/p>\n\n\n\n<hr class=\"wp-block-separator has-alpha-channel-opacity\"\/>\n\n\n\n<h2 class=\"wp-block-heading has-global-color-14-color has-text-color has-link-color wp-elements-3de78ff276f52b02dbf47443eb9843d2\" id=\"08mai2021\" style=\"font-style:normal;font-weight:600\">Comm\u00e9moration du 8 mai &#8211;  Samedi 8 mai 2021<\/h2>\n\n\n\n<p>Encore une fois les pr\u00e9cautions sanitaires li\u00e9es \u00e0 l&rsquo;\u00e9pid\u00e9mie de la COVid-19 ont fait que la traditionnelle c\u00e9r\u00e9monie au monument aux morts pour la c\u00e9l\u00e9bration du 8 mai 1945 s&rsquo;est tenue sans public.<\/p>\n\n\n<div class=\"wp-block-image\">\n<figure class=\"aligncenter size-large is-resized\"><a href=\"https:\/\/orgueil82.jvillain.fr\/wp-content\/uploads\/C\u00e9r\u00e9monies_MaM\/08mai2021\/2021mai08a1.jpg\"><img width=\"2048\" height=\"1536\"  alt=\"\" class=\"wp-image-2345 lws-optimize-lazyload\" style=\"width:494px;height:auto\"\/ data-src=\"https:\/\/orgueil82.jvillain.fr\/wp-content\/uploads\/C\u00e9r\u00e9monies_MaM\/08mai2021\/2021mai08a1-2048x1536.jpg\" srcset=\"https:\/\/orgueil82.jvillain.fr\/wp-content\/uploads\/C\u00e9r\u00e9monies_MaM\/08mai2021\/2021mai08a1-2048x1536.jpg 2048w, https:\/\/orgueil82.jvillain.fr\/wp-content\/uploads\/C\u00e9r\u00e9monies_MaM\/08mai2021\/2021mai08a1-300x225.jpg 300w, https:\/\/orgueil82.jvillain.fr\/wp-content\/uploads\/C\u00e9r\u00e9monies_MaM\/08mai2021\/2021mai08a1-768x576.jpg 768w, https:\/\/orgueil82.jvillain.fr\/wp-content\/uploads\/C\u00e9r\u00e9monies_MaM\/08mai2021\/2021mai08a1-1536x1152.jpg 1536w\" sizes=\"(max-width: 2048px) 100vw, 2048px\" \/><\/a><\/figure>\n<\/div>\n\n\n<p>C&rsquo;est sous un beau soleil que monsieur Willy AUTHESERRE, mairie d&rsquo;Orgueil, accompagn\u00e9 de 8 \u00e9lus (madame Dominique GASPARD, messieurs Thierry PASSERA, Pierrick PORTE et&nbsp; Marc PUJOL, mesdames Antonella RIVERA, Alexandra PINAUD-VERDIER et Catherine VILLAIN) et de notre porte-drapeau Marcel CARR\u00c8RE, a men\u00e9 la c\u00e9r\u00e9monie.<\/p>\n\n\n<div class=\"wp-block-image\">\n<figure class=\"aligncenter size-large is-resized\"><a href=\"https:\/\/orgueil82.jvillain.fr\/wp-content\/uploads\/C\u00e9r\u00e9monies_MaM\/08mai2021\/2021mai08a0.jpg\"><img width=\"2048\" height=\"1536\"  alt=\"\" class=\"wp-image-2347 lws-optimize-lazyload\" style=\"width:508px;height:auto\"\/ data-src=\"https:\/\/orgueil82.jvillain.fr\/wp-content\/uploads\/C\u00e9r\u00e9monies_MaM\/08mai2021\/2021mai08a0-2048x1536.jpg\" srcset=\"https:\/\/orgueil82.jvillain.fr\/wp-content\/uploads\/C\u00e9r\u00e9monies_MaM\/08mai2021\/2021mai08a0-2048x1536.jpg 2048w, https:\/\/orgueil82.jvillain.fr\/wp-content\/uploads\/C\u00e9r\u00e9monies_MaM\/08mai2021\/2021mai08a0-300x225.jpg 300w, https:\/\/orgueil82.jvillain.fr\/wp-content\/uploads\/C\u00e9r\u00e9monies_MaM\/08mai2021\/2021mai08a0-768x576.jpg 768w, https:\/\/orgueil82.jvillain.fr\/wp-content\/uploads\/C\u00e9r\u00e9monies_MaM\/08mai2021\/2021mai08a0-1536x1152.jpg 1536w\" sizes=\"(max-width: 2048px) 100vw, 2048px\" \/><\/a><\/figure>\n<\/div>\n\n\n<p>La mise en place est simple, il faut cependant respecter la distanciation, monsieur le maire donne les directives.<\/p>\n\n\n\n<figure class=\"wp-block-gallery aligncenter has-nested-images columns-default is-cropped wp-block-gallery-26 is-layout-flex wp-block-gallery-is-layout-flex\">\n<figure class=\"wp-block-image size-large\"><a href=\"https:\/\/orgueil82.jvillain.fr\/wp-content\/uploads\/C\u00e9r\u00e9monies_MaM\/08mai2021\/2021mai08a.jpg\"><img width=\"2048\" height=\"1536\" data-id=\"2346\"  alt=\"\" class=\"wp-image-2346 lws-optimize-lazyload\"\/ data-src=\"https:\/\/orgueil82.jvillain.fr\/wp-content\/uploads\/C\u00e9r\u00e9monies_MaM\/08mai2021\/2021mai08a-2048x1536.jpg\" srcset=\"https:\/\/orgueil82.jvillain.fr\/wp-content\/uploads\/C\u00e9r\u00e9monies_MaM\/08mai2021\/2021mai08a-2048x1536.jpg 2048w, https:\/\/orgueil82.jvillain.fr\/wp-content\/uploads\/C\u00e9r\u00e9monies_MaM\/08mai2021\/2021mai08a-300x225.jpg 300w, https:\/\/orgueil82.jvillain.fr\/wp-content\/uploads\/C\u00e9r\u00e9monies_MaM\/08mai2021\/2021mai08a-768x576.jpg 768w, https:\/\/orgueil82.jvillain.fr\/wp-content\/uploads\/C\u00e9r\u00e9monies_MaM\/08mai2021\/2021mai08a-1536x1152.jpg 1536w\" sizes=\"(max-width: 2048px) 100vw, 2048px\" \/><\/a><\/figure>\n\n\n\n<figure class=\"wp-block-image size-large\"><a href=\"https:\/\/orgueil82.jvillain.fr\/wp-content\/uploads\/C\u00e9r\u00e9monies_MaM\/08mai2021\/2021mai08c-rotated.jpg\"><img width=\"1536\" height=\"2048\" data-id=\"2349\"  alt=\"\" class=\"wp-image-2349 lws-optimize-lazyload\"\/ data-src=\"https:\/\/orgueil82.jvillain.fr\/wp-content\/uploads\/C\u00e9r\u00e9monies_MaM\/08mai2021\/2021mai08c-1536x2048.jpg\" srcset=\"https:\/\/orgueil82.jvillain.fr\/wp-content\/uploads\/C\u00e9r\u00e9monies_MaM\/08mai2021\/2021mai08c-1536x2048.jpg 1536w, https:\/\/orgueil82.jvillain.fr\/wp-content\/uploads\/C\u00e9r\u00e9monies_MaM\/08mai2021\/2021mai08c-225x300.jpg 225w, https:\/\/orgueil82.jvillain.fr\/wp-content\/uploads\/C\u00e9r\u00e9monies_MaM\/08mai2021\/2021mai08c-768x1024.jpg 768w, https:\/\/orgueil82.jvillain.fr\/wp-content\/uploads\/C\u00e9r\u00e9monies_MaM\/08mai2021\/2021mai08c-1152x1536.jpg 1152w, https:\/\/orgueil82.jvillain.fr\/wp-content\/uploads\/C\u00e9r\u00e9monies_MaM\/08mai2021\/2021mai08c-rotated.jpg 1732w\" sizes=\"(max-width: 1536px) 100vw, 1536px\" \/><\/a><\/figure>\n<\/figure>\n\n\n\n<p>Tout le monde \u00e9tant \u00e0 sa place, la c\u00e9r\u00e9monie peut commencer.<\/p>\n\n\n\n<figure class=\"wp-block-gallery aligncenter has-nested-images columns-default is-cropped wp-block-gallery-27 is-layout-flex wp-block-gallery-is-layout-flex\">\n<figure class=\"wp-block-image size-full\"><a href=\"https:\/\/orgueil82.jvillain.fr\/wp-content\/uploads\/C\u00e9r\u00e9monies_MaM\/08mai2021\/2021mai08a0.jpg\"><img width=\"2309\" height=\"1732\" data-id=\"2347\"  alt=\"\" class=\"wp-image-2347 lws-optimize-lazyload\"\/ data-src=\"https:\/\/orgueil82.jvillain.fr\/wp-content\/uploads\/C\u00e9r\u00e9monies_MaM\/08mai2021\/2021mai08a0.jpg\" srcset=\"https:\/\/orgueil82.jvillain.fr\/wp-content\/uploads\/C\u00e9r\u00e9monies_MaM\/08mai2021\/2021mai08a0.jpg 2309w, https:\/\/orgueil82.jvillain.fr\/wp-content\/uploads\/C\u00e9r\u00e9monies_MaM\/08mai2021\/2021mai08a0-300x225.jpg 300w, https:\/\/orgueil82.jvillain.fr\/wp-content\/uploads\/C\u00e9r\u00e9monies_MaM\/08mai2021\/2021mai08a0-2048x1536.jpg 2048w, https:\/\/orgueil82.jvillain.fr\/wp-content\/uploads\/C\u00e9r\u00e9monies_MaM\/08mai2021\/2021mai08a0-768x576.jpg 768w, https:\/\/orgueil82.jvillain.fr\/wp-content\/uploads\/C\u00e9r\u00e9monies_MaM\/08mai2021\/2021mai08a0-1536x1152.jpg 1536w\" sizes=\"(max-width: 2309px) 100vw, 2309px\" \/><\/a><\/figure>\n\n\n\n<figure class=\"wp-block-image size-full\"><a href=\"https:\/\/orgueil82.jvillain.fr\/wp-content\/uploads\/C\u00e9r\u00e9monies_MaM\/08mai2021\/2021mai08d.jpg\"><img width=\"1022\" height=\"1744\" data-id=\"2350\"  alt=\"\" class=\"wp-image-2350 lws-optimize-lazyload\"\/ data-src=\"https:\/\/orgueil82.jvillain.fr\/wp-content\/uploads\/C\u00e9r\u00e9monies_MaM\/08mai2021\/2021mai08d.jpg\" srcset=\"https:\/\/orgueil82.jvillain.fr\/wp-content\/uploads\/C\u00e9r\u00e9monies_MaM\/08mai2021\/2021mai08d.jpg 1022w, https:\/\/orgueil82.jvillain.fr\/wp-content\/uploads\/C\u00e9r\u00e9monies_MaM\/08mai2021\/2021mai08d-176x300.jpg 176w, https:\/\/orgueil82.jvillain.fr\/wp-content\/uploads\/C\u00e9r\u00e9monies_MaM\/08mai2021\/2021mai08d-768x1311.jpg 768w, https:\/\/orgueil82.jvillain.fr\/wp-content\/uploads\/C\u00e9r\u00e9monies_MaM\/08mai2021\/2021mai08d-900x1536.jpg 900w\" sizes=\"(max-width: 1022px) 100vw, 1022px\" \/><\/a><\/figure>\n<\/figure>\n\n\n\n<p>Monsieur le maire lit le&nbsp;<strong>message de Madame Genevi\u00e8ve DARRIEUSSECQ, ministre d\u00e9l\u00e9gu\u00e9e aupr\u00e8s de la ministre des Arm\u00e9es, charg\u00e9e de la m\u00e9moire et des anciens combattants&nbsp;:<\/strong><\/p>\n\n\n\n<p class=\"has-base-3-background-color has-background\">\u00ab 8 mai 1945. Par deux fois, l\u2019Allemagne a sign\u00e9 sa capitulation sans condition. Pour l\u2019Europe, la d\u00e9livrance est l\u00e0, la guerre est finie. Enfin. Apr\u00e8s tant de souffrances et de d\u00e9solations, apr\u00e8s tant d\u2019esp\u00e9rances et de luttes acharn\u00e9es. M\u00eame les \u00e9preuves les plus douloureuses ont une fin. M\u00eame les temp\u00eates les plus d\u00e9vastatrices s\u2019ach\u00e8vent.&nbsp;<br>Une joie boulevers\u00e9e emplit les c\u0153urs, les drapeaux ornent les fen\u00eatres, les embrassades se noient dans la liesse populaire. Derri\u00e8re les larmes de joie, celles de la peine affleurent. Personne n\u2019oublie les villes ruin\u00e9es, les vies d\u00e9vast\u00e9es, personne n\u2019oublie que l\u2019humanit\u00e9 a pay\u00e9 le plus lourd tribut de son histoire. Notre monde en fut \u00e0 jamais chang\u00e9. La Seconde Guerre mondiale est une rupture pour notre civilisation qui se sait, encore davantage, fragile et mortelle.&nbsp;<br>Soixante-seize ans plus tard,&nbsp;reli\u00e9s par notre m\u00e9moire commune et \u00e9pris de la m\u00eame reconnaissance, nous nous unissons par la pens\u00e9e et par notre hommage pour saluer le souvenir de celles et ceux qui ont combattu et abattu le fl\u00e9au nazi.<br>Pour notre pays, rien ne fut simple, ce combat prit de nombreux visages et la victoire mille chemins. Malgr\u00e9 les ardents soldats de Moncornet, d\u2019Abbeville, des Alpes, de Saumur et tous \u00ab&nbsp;ceux de 40&nbsp;\u00bb, l\u2019ombre de l\u2019occupation, de la division puis de la collaboration a jet\u00e9 son voile obscur sur la France.<br>Il y a 80 ans, en 1941, les flambeaux de la R\u00e9sistance brillaient d\u00e9j\u00e0. Le flot du refus et de l\u2019esp\u00e9rance montait tandis que la r\u00e9pression forgeait son funeste souvenir \u00e0 Chateaubriant, au camp de Souge ou au Mont-Val\u00e9rien. La France libre recevait les ralliements des territoires ultramarins et poursuivait son inlassable \u00e9pop\u00e9e. Dans les sables de Koufra, elle nouait un pacte avec la victoire et par la voix du colonel Leclerc regardait d\u00e9j\u00e0 vers Strasbourg. A l\u2019instar d\u2019Hubert Germain,&nbsp;dernier des compagnons de la Lib\u00e9ration, ce fut toute une jeunesse ardente et r\u00e9sistante qui refusa la d\u00e9faite et l\u2019asservissement, qui refusa de servir les desseins de l\u2019occupant. Tous, ils ont permis \u00e0 la France de s\u2019asseoir \u00e0 la table des vainqueurs.<br>Cela fut rendu possible par le combat acharn\u00e9 des arm\u00e9es fran\u00e7aises et des arm\u00e9es alli\u00e9es, par les Forces Fran\u00e7aises Libres qui jamais ne cess\u00e8rent la lutte, par le d\u00e9vouement des r\u00e9sistants de l\u2019int\u00e9rieur, par chaque Fran\u00e7aise et Fran\u00e7ais qui a refus\u00e9 l\u2019abaissement de la France et la n\u00e9gation de ses valeurs. Notre gratitude demeure ind\u00e9fectible \u00bb.<\/p>\n\n\n\n<figure class=\"wp-block-embed is-type-video is-provider-youtube wp-block-embed-youtube wp-embed-aspect-16-9 wp-has-aspect-ratio\"><div class=\"wp-block-embed__wrapper\">\n<iframe title=\"8 mai 2021 - Orgueil (82)\" width=\"1200\" height=\"675\"  frameborder=\"0\" allow=\"accelerometer; autoplay; clipboard-write; encrypted-media; gyroscope; picture-in-picture; web-share\" referrerpolicy=\"strict-origin-when-cross-origin\" allowfullscreen class=\"lws-optimize-lazyload\" data-src=\"https:\/\/www.youtube.com\/embed\/sYYuTRdRETg?feature=oembed\"><\/iframe>\n<\/div><\/figure>\n\n\n\n<p>La lecture termin\u00e9e, monsieur le maire et monsieur Pierrick PORTE ont d\u00e9pos\u00e9 une gerbe au pied du monument aux morts.<\/p>\n\n\n\n<figure class=\"wp-block-gallery aligncenter has-nested-images columns-default is-cropped wp-block-gallery-28 is-layout-flex wp-block-gallery-is-layout-flex\">\n<figure class=\"wp-block-image size-full\"><a href=\"https:\/\/orgueil82.jvillain.fr\/wp-content\/uploads\/C\u00e9r\u00e9monies_MaM\/08mai2021\/2021mai08e.jpg\"><img width=\"2309\" height=\"1732\" data-id=\"2348\"  alt=\"\" class=\"wp-image-2348 lws-optimize-lazyload\"\/ data-src=\"https:\/\/orgueil82.jvillain.fr\/wp-content\/uploads\/C\u00e9r\u00e9monies_MaM\/08mai2021\/2021mai08e.jpg\" srcset=\"https:\/\/orgueil82.jvillain.fr\/wp-content\/uploads\/C\u00e9r\u00e9monies_MaM\/08mai2021\/2021mai08e.jpg 2309w, https:\/\/orgueil82.jvillain.fr\/wp-content\/uploads\/C\u00e9r\u00e9monies_MaM\/08mai2021\/2021mai08e-300x225.jpg 300w, https:\/\/orgueil82.jvillain.fr\/wp-content\/uploads\/C\u00e9r\u00e9monies_MaM\/08mai2021\/2021mai08e-2048x1536.jpg 2048w, https:\/\/orgueil82.jvillain.fr\/wp-content\/uploads\/C\u00e9r\u00e9monies_MaM\/08mai2021\/2021mai08e-768x576.jpg 768w, https:\/\/orgueil82.jvillain.fr\/wp-content\/uploads\/C\u00e9r\u00e9monies_MaM\/08mai2021\/2021mai08e-1536x1152.jpg 1536w\" sizes=\"(max-width: 2309px) 100vw, 2309px\" \/><\/a><\/figure>\n\n\n\n<figure class=\"wp-block-image size-full\"><a href=\"https:\/\/orgueil82.jvillain.fr\/wp-content\/uploads\/C\u00e9r\u00e9monies_MaM\/08mai2021\/2021mai08f.jpg\"><img width=\"2309\" height=\"1732\" data-id=\"2352\"  alt=\"\" class=\"wp-image-2352 lws-optimize-lazyload\"\/ data-src=\"https:\/\/orgueil82.jvillain.fr\/wp-content\/uploads\/C\u00e9r\u00e9monies_MaM\/08mai2021\/2021mai08f.jpg\" srcset=\"https:\/\/orgueil82.jvillain.fr\/wp-content\/uploads\/C\u00e9r\u00e9monies_MaM\/08mai2021\/2021mai08f.jpg 2309w, https:\/\/orgueil82.jvillain.fr\/wp-content\/uploads\/C\u00e9r\u00e9monies_MaM\/08mai2021\/2021mai08f-300x225.jpg 300w, https:\/\/orgueil82.jvillain.fr\/wp-content\/uploads\/C\u00e9r\u00e9monies_MaM\/08mai2021\/2021mai08f-2048x1536.jpg 2048w, https:\/\/orgueil82.jvillain.fr\/wp-content\/uploads\/C\u00e9r\u00e9monies_MaM\/08mai2021\/2021mai08f-768x576.jpg 768w, https:\/\/orgueil82.jvillain.fr\/wp-content\/uploads\/C\u00e9r\u00e9monies_MaM\/08mai2021\/2021mai08f-1536x1152.jpg 1536w\" sizes=\"(max-width: 2309px) 100vw, 2309px\" \/><\/a><\/figure>\n<\/figure>\n\n\n\n<p>Ensuite, dans le ciel sans nuages, la sonnerie Aux Morts a retenti &#8230; suivie de notre hymne national.<\/p>\n\n\n\n<p>Monsieur le maire est ensuite all\u00e9 saluer le porte-drapeau et a remerci\u00e9 les participants.<\/p>\n\n\n\n<p>Rendez vous pour la c\u00e9r\u00e9monie du 11 novembre 2021, esp\u00e9rons qu&rsquo;elle sera ouverte au public.<\/p>\n\n\n\n<p><a href=\"#hautpage\">Retour en haut de la page<\/a><\/p>\n\n\n\n<hr class=\"wp-block-separator has-alpha-channel-opacity\"\/>\n\n\n\n<h2 class=\"wp-block-heading has-global-color-14-color has-text-color has-link-color wp-elements-54904dd5e33e52d2e99b316a9b5ebda9\" id=\"11nov2020\" style=\"font-style:normal;font-weight:600\">Comm\u00e9moration du 11 novembre &#8211;  Jeudi 11 novembre 2020<\/h2>\n\n\n\n<p>Ce jeudi 11 novembre \u00e9tait organis\u00e9 par la municipalit\u00e9 la c\u00e9r\u00e9monie du 11 novembre. Le 11 novembre c\u00e9l\u00e8bre \u00e0 la fois l&rsquo;Armistice du 11 novembre 1918, la Comm\u00e9moration de la Victoire et de la Paix et, depuis 2012, l&rsquo;Hommage \u00e0 tous les morts pour la France.<\/p>\n\n\n\n<p>Du fait du confinement li\u00e9 \u00e0 la pand\u00e9mie, les c\u00e9r\u00e9monies pour la journ\u00e9e nationale de comm\u00e9moration de la Victoire et de la Paix Hommage \u00e0 tous les \u00ab\u00a0Morts pour la France\u00a0\u00bb ont eu lieu sans public et en pr\u00e9sence de moins de 10 personnes.<\/p>\n\n\n\n<p>Donc cette ann\u00e9e pas de piquet d&rsquo;honneur, pas d&rsquo;enfants des \u00e9coles pour chanter la Marseille et faire l&rsquo;appel des morts, pas de personalit\u00e9s, &#8230; mais l&rsquo;hommage aux morts a bien eu lieu.<\/p>\n\n\n\n<p>La c\u00e9r\u00e9monie s&rsquo;est tenue au monument aux morts \u00e0 11h30. Monsieur le Maire, des adjoints et des \u00e9lus et le porte-drapeau du village ont \u00e9t\u00e9 les repr\u00e9sentants de toute la population pour cet hommage au enfants d&rsquo;Orgueil morts pour la France et pour tous les morts pour la France.<\/p>\n\n\n<div class=\"wp-block-image\">\n<figure class=\"aligncenter size-full is-resized\"><a href=\"https:\/\/orgueil82.jvillain.fr\/wp-content\/uploads\/C\u00e9r\u00e9monies_MaM\/11nov2020\/11nov20200001.jpg\"><img width=\"1949\" height=\"878\"  alt=\"\" class=\"wp-image-2342 lws-optimize-lazyload\" style=\"width:706px;height:auto\"\/ data-src=\"https:\/\/orgueil82.jvillain.fr\/wp-content\/uploads\/C\u00e9r\u00e9monies_MaM\/11nov2020\/11nov20200001.jpg\" srcset=\"https:\/\/orgueil82.jvillain.fr\/wp-content\/uploads\/C\u00e9r\u00e9monies_MaM\/11nov2020\/11nov20200001.jpg 1949w, https:\/\/orgueil82.jvillain.fr\/wp-content\/uploads\/C\u00e9r\u00e9monies_MaM\/11nov2020\/11nov20200001-300x135.jpg 300w, https:\/\/orgueil82.jvillain.fr\/wp-content\/uploads\/C\u00e9r\u00e9monies_MaM\/11nov2020\/11nov20200001-768x346.jpg 768w, https:\/\/orgueil82.jvillain.fr\/wp-content\/uploads\/C\u00e9r\u00e9monies_MaM\/11nov2020\/11nov20200001-1536x692.jpg 1536w\" sizes=\"(max-width: 1949px) 100vw, 1949px\" \/><\/a><\/figure>\n<\/div>\n\n\n<p>Monsieur&nbsp;Willy AUTHESSERRE, maire d&rsquo;Orgueil, a d\u00e9but\u00e9 la c\u00e9r\u00e9monie en lisant le message de madame Genevi\u00e8ve DARRIEUSSECQ ministre d\u00e9l\u00e9gu\u00e9e aupr\u00e8s de la ministre aux arm\u00e9es charg\u00e9e des anciens combattants. (vous pouvez lire ce message en cliquant<a href=\"https:\/\/orgueil82.jvillain.fr\/wp-content\/uploads\/C\u00e9r\u00e9monies_MaM\/11nov2020\/message_2020_journee_nationale_du_11_novembre.pdf\" target=\"_blank\" rel=\"noreferrer noopener\">&nbsp;ICI<\/a>)<\/p>\n\n\n\n<p>Ensuite monsieur Yann DREZEN, 1er adjoint, a proc\u00e9d\u00e9 \u00e0 l&rsquo;appel des morts en lisant lentement les 22 noms grav\u00e9s sur le monument&nbsp; aux morts du village (<a href=\"https:\/\/orgueil82.jvillain.fr\/?page_id=1500\" target=\"_blank\" rel=\"noreferrer noopener\">cliquez ici pour connaitre qui sont les soldats dont les noms sont grav\u00e9s sur le monument<\/a>). Et comme il est maintenant d&rsquo;usage il a ensuite proc\u00e9d\u00e9 \u00e0 la lecture des noms des 20 soldats fran\u00e7ais qui ont donn\u00e9 leur vie dans l&rsquo;ann\u00e9e \u00e9coul\u00e9e et ont re\u00e7u la mention mort pour la France :<\/p>\n\n\n\n<ul class=\"wp-block-list\">\n<li>Chef de bataillon Cl\u00e9ment FRISON-ROCHE, 5e r\u00e9giment d&rsquo;h\u00e9licopt\u00e8res de combat (5e RHC), mort pour la France ;<br>Chef de bataillon Benjamin GIREUD, 5e r\u00e9giment d&rsquo;h\u00e9licopt\u00e8res de combat (5e RHC), mort pour la France ;<br>Chef d\u2019escadrons Nicolas M\u00c9GARD, 5e r\u00e9giment d&rsquo;h\u00e9licopt\u00e8res de combat (5e RHC), mort pour la France ;<br>Capitaine Pierre-Emmanuel BOCKEL, 5e r\u00e9giment d&rsquo;h\u00e9licopt\u00e8res de combat (5e RHC), mort pour la France ;<br>Capitaine Alex MORISSE, 5e r\u00e9giment d&rsquo;h\u00e9licopt\u00e8res de combat (5e RHC), mort pour la France ;<br>Major Julien CARETTE, 5e r\u00e9giment d&rsquo;h\u00e9licopt\u00e8res de combat (5e RHC), mort pour la France ;<br>Mar\u00e9chal des logis Romain SALLES DE SAINT-PAUL, 5e r\u00e9giment d&rsquo;h\u00e9licopt\u00e8res de combat (5e RHC), mort pour la France ;<br>Chef d\u2019escadrons Romain CHOMEL de JARNIEU, 4e r\u00e9giment de chasseurs (4e RCH), mort pour la France ;<br>Adjudant Alexandre PROTIN, 4e r\u00e9giment de chasseurs (4e RCH), mort pour la France ;<br>Mar\u00e9chal des logis-chef Valentin DUVAL, 4e r\u00e9giment de chasseurs (4e RCH), mort pour la France ;<br>Mar\u00e9chal des logis-chef Antoine SERRE, 4e r\u00e9giment de chasseurs (4e RCH), mort pour la France ;<br>Adjudant J\u00e9r\u00e9my LEUSIE, 93e r\u00e9giment d&rsquo;artillerie de montagne (93e RAM), mort pour la France ;<br>Adjudant Andre\u00ef JOUK, 2e r\u00e9giment \u00e9tranger de g\u00e9nie (2e REG), mort pour la France ;<br>Caporal-chef Volodymyr RYBONTCHOUK, 1er r\u00e9giment \u00e9tranger de g\u00e9nie (1er REG), mort pour la France ;<br>Brigadier-chef Dmytro MARTYNYOUK, 1er r\u00e9giment \u00e9tranger de cavalerie (1er REC), mort pour la France ;<br>Brigadier K\u00e9vin CL\u00c9MENT, 1er r\u00e9giment \u00e9tranger de cavalerie (1er REC), mort pour la France ;<br>Brigadier Tojohasina RAZAFINTSALAMA, 1er r\u00e9giment de hussards parachutistes (1er RHP), mort pour la France ;<br>Mar\u00e9chal des logis Andy FILA, 14e r\u00e9giment d\u2019infanterie et de soutien logistique parachutiste (14e RISLP), mort pour la France ;<br>Mar\u00e9chal des logis S.T, 1er r\u00e9giment de hussards parachutistes (1er RHP), mort pour la France ;<br>Brigadier Arnaud VOLP\u00c9,&nbsp;1er r\u00e9giment de hussards parachutistes (1er RHP),&nbsp;mort pour la France.<\/li>\n<\/ul>\n\n\n\n<p><em>18 d&rsquo;entre eux sont morts au Mali (op\u00e9ration Barkane), 1 a \u00e9t\u00e9 bless\u00e9 au Mali (op\u00e9ration Barkane) et est d\u00e9c\u00e9d\u00e9 \u00e0 l&rsquo;H\u00f4pital Percy \u00e0 Clamart (92) et un est d\u00e9c\u00e9d\u00e9 au Liban (Op\u00e9ration Daman)<\/em><\/p>\n\n\n\n<p>Ensuite monsieur le maire a d\u00e9pos\u00e9 une gerbe devant le monument aux morts. Une minute de silence a \u00e9t\u00e9 respect\u00e9e puis la sonnerie aux morts a retenti. Ensuite La Marseillaise est mont\u00e9e dans le ciel.<\/p>\n\n\n\n<p>Apr\u00e8s avoir salu\u00e9 le porte-drapeau, monsieur le maire a clos la c\u00e9r\u00e9monie.<\/p>\n\n\n\n<p><a href=\"#hautpage\">Retour en haut de la page<\/a><\/p>\n\n\n\n<hr class=\"wp-block-separator has-alpha-channel-opacity\"\/>\n\n\n\n<h2 class=\"wp-block-heading has-global-color-14-color has-text-color has-link-color wp-elements-1b52a654216972155011a39f7e1d2d23\" id=\"08mai2020\" style=\"font-style:normal;font-weight:600\">Comm\u00e9moration du 8 mai &#8211; 8 mai 2020<\/h2>\n\n\n\n<p>Du fait du confinement li\u00e9 \u00e0 la pand\u00e9mie, les c\u00e9r\u00e9monies de comm\u00e9moration de la Victoire du 8 mai 1945 ne pouvaient \u00eatre publiques. Les maires \u00e9taient autoris\u00e9s \u00e0 organiser une c\u00e9r\u00e9monie avec un nombre tr\u00e8s r\u00e9duit d&rsquo;\u00e9lus, en respectant les distances de s\u00e9curit\u00e9, et sans inviter ni porte-drapeau ni association d&rsquo;anciens combattants ni la population.<\/p>\n\n\n<div class=\"wp-block-image\">\n<figure class=\"aligncenter size-full is-resized\"><a href=\"https:\/\/orgueil82.jvillain.fr\/wp-content\/uploads\/C\u00e9r\u00e9monies_MaM\/08mai2020\/8mai20020b.jpg\"><img width=\"686\" height=\"348\"  alt=\"\" class=\"wp-image-2332 lws-optimize-lazyload\" style=\"width:442px;height:auto\"\/ data-src=\"https:\/\/orgueil82.jvillain.fr\/wp-content\/uploads\/C\u00e9r\u00e9monies_MaM\/08mai2020\/8mai20020b.jpg\" srcset=\"https:\/\/orgueil82.jvillain.fr\/wp-content\/uploads\/C\u00e9r\u00e9monies_MaM\/08mai2020\/8mai20020b.jpg 686w, https:\/\/orgueil82.jvillain.fr\/wp-content\/uploads\/C\u00e9r\u00e9monies_MaM\/08mai2020\/8mai20020b-300x152.jpg 300w\" sizes=\"(max-width: 686px) 100vw, 686px\" \/><\/a><\/figure>\n<\/div>\n\n\n<p>C&rsquo;est donc un petit comit\u00e9 d&rsquo;\u00e9lus qui a comm\u00e9mor\u00e9 la Victoire du 8 mai 1945 au monument aux morts aujourd&rsquo;hui 8 mai 2020 \u00e0 11h30.<\/p>\n\n\n<div class=\"wp-block-image\">\n<figure class=\"aligncenter size-full is-resized\"><a href=\"https:\/\/orgueil82.jvillain.fr\/wp-content\/uploads\/C\u00e9r\u00e9monies_MaM\/08mai2020\/8mai20020e.jpg\"><img width=\"611\" height=\"402\"  alt=\"\" class=\"wp-image-2335 lws-optimize-lazyload\" style=\"width:413px;height:auto\"\/ data-src=\"https:\/\/orgueil82.jvillain.fr\/wp-content\/uploads\/C\u00e9r\u00e9monies_MaM\/08mai2020\/8mai20020e.jpg\" srcset=\"https:\/\/orgueil82.jvillain.fr\/wp-content\/uploads\/C\u00e9r\u00e9monies_MaM\/08mai2020\/8mai20020e.jpg 611w, https:\/\/orgueil82.jvillain.fr\/wp-content\/uploads\/C\u00e9r\u00e9monies_MaM\/08mai2020\/8mai20020e-300x197.jpg 300w\" sizes=\"(max-width: 611px) 100vw, 611px\" \/><\/a><\/figure>\n<\/div>\n\n\n<p>Madame Catherine VILLAIN, maire de la commune, et monsieur Willy Autheserre, adjoint au maire en charge des \u00e9coles et de la petite enfance ont pr\u00e9sid\u00e9 la c\u00e9r\u00e9monie.<\/p>\n\n\n<div class=\"wp-block-image\">\n<figure class=\"aligncenter size-full is-resized\"><a href=\"https:\/\/orgueil82.jvillain.fr\/wp-content\/uploads\/C\u00e9r\u00e9monies_MaM\/08mai2020\/8mai20020c.jpg\"><img width=\"800\" height=\"450\"  alt=\"\" class=\"wp-image-2330 lws-optimize-lazyload\" style=\"width:551px;height:auto\"\/ data-src=\"https:\/\/orgueil82.jvillain.fr\/wp-content\/uploads\/C\u00e9r\u00e9monies_MaM\/08mai2020\/8mai20020c.jpg\" srcset=\"https:\/\/orgueil82.jvillain.fr\/wp-content\/uploads\/C\u00e9r\u00e9monies_MaM\/08mai2020\/8mai20020c.jpg 800w, https:\/\/orgueil82.jvillain.fr\/wp-content\/uploads\/C\u00e9r\u00e9monies_MaM\/08mai2020\/8mai20020c-300x169.jpg 300w, https:\/\/orgueil82.jvillain.fr\/wp-content\/uploads\/C\u00e9r\u00e9monies_MaM\/08mai2020\/8mai20020c-768x432.jpg 768w\" sizes=\"(max-width: 800px) 100vw, 800px\" \/><\/a><\/figure>\n<\/div>\n\n\n<p>La mise en place a \u00e9t\u00e9 simple, n&rsquo;\u00e9taient pr\u00e9sents que les adjoints et les \u00e9lus ayant une d\u00e9l\u00e9gation. Chacun s&rsquo;est plac\u00e9 \u00e0 distance de ses voisins.<\/p>\n\n\n\n<figure class=\"wp-block-gallery has-nested-images columns-default wp-block-gallery-29 is-layout-flex wp-block-gallery-is-layout-flex\">\n<figure class=\"wp-block-image size-large\"><a href=\"https:\/\/orgueil82.jvillain.fr\/wp-content\/uploads\/C\u00e9r\u00e9monies_MaM\/08mai2020\/8mai20020d.jpg\"><img width=\"800\" height=\"450\" data-id=\"2333\"  alt=\"\" class=\"wp-image-2333 lws-optimize-lazyload\"\/ data-src=\"https:\/\/orgueil82.jvillain.fr\/wp-content\/uploads\/C\u00e9r\u00e9monies_MaM\/08mai2020\/8mai20020d.jpg\" srcset=\"https:\/\/orgueil82.jvillain.fr\/wp-content\/uploads\/C\u00e9r\u00e9monies_MaM\/08mai2020\/8mai20020d.jpg 800w, https:\/\/orgueil82.jvillain.fr\/wp-content\/uploads\/C\u00e9r\u00e9monies_MaM\/08mai2020\/8mai20020d-300x169.jpg 300w, https:\/\/orgueil82.jvillain.fr\/wp-content\/uploads\/C\u00e9r\u00e9monies_MaM\/08mai2020\/8mai20020d-768x432.jpg 768w\" sizes=\"(max-width: 800px) 100vw, 800px\" \/><\/a><\/figure>\n\n\n\n<figure class=\"wp-block-image size-large\"><a href=\"https:\/\/orgueil82.jvillain.fr\/wp-content\/uploads\/C\u00e9r\u00e9monies_MaM\/08mai2020\/8mai20020f.jpg\"><img width=\"800\" height=\"450\" data-id=\"2334\"  alt=\"\" class=\"wp-image-2334 lws-optimize-lazyload\"\/ data-src=\"https:\/\/orgueil82.jvillain.fr\/wp-content\/uploads\/C\u00e9r\u00e9monies_MaM\/08mai2020\/8mai20020f.jpg\" srcset=\"https:\/\/orgueil82.jvillain.fr\/wp-content\/uploads\/C\u00e9r\u00e9monies_MaM\/08mai2020\/8mai20020f.jpg 800w, https:\/\/orgueil82.jvillain.fr\/wp-content\/uploads\/C\u00e9r\u00e9monies_MaM\/08mai2020\/8mai20020f-300x169.jpg 300w, https:\/\/orgueil82.jvillain.fr\/wp-content\/uploads\/C\u00e9r\u00e9monies_MaM\/08mai2020\/8mai20020f-768x432.jpg 768w\" sizes=\"(max-width: 800px) 100vw, 800px\" \/><\/a><\/figure>\n<\/figure>\n\n\n\n<p>Mr Willy Autheserre a lu le message de monsieur Emmanuel Macron Pr\u00e9sident de la R\u00e9publique (<a href=\"https:\/\/orgueil82.jvillain.fr\/wp-content\/uploads\/C\u00e9r\u00e9monies_MaM\/08mai2020\/Message-PR-8-mai.pdf\" target=\"_blank\" rel=\"noreferrer noopener\">cliquez ici pour voir une copie du message<\/a>), un entrainement pour les prochaines c\u00e9r\u00e9monies qu&rsquo;il devrait pr\u00e9sider en tant que maire.<\/p>\n\n\n\n<figure class=\"wp-block-gallery has-nested-images columns-default wp-block-gallery-30 is-layout-flex wp-block-gallery-is-layout-flex\">\n<figure class=\"wp-block-image size-full\"><a href=\"https:\/\/orgueil82.jvillain.fr\/wp-content\/uploads\/C\u00e9r\u00e9monies_MaM\/08mai2020\/8mai20020g.jpg\"><img width=\"314\" height=\"344\" data-id=\"2339\"  alt=\"\" class=\"wp-image-2339 lws-optimize-lazyload\"\/ data-src=\"https:\/\/orgueil82.jvillain.fr\/wp-content\/uploads\/C\u00e9r\u00e9monies_MaM\/08mai2020\/8mai20020g.jpg\" srcset=\"https:\/\/orgueil82.jvillain.fr\/wp-content\/uploads\/C\u00e9r\u00e9monies_MaM\/08mai2020\/8mai20020g.jpg 314w, https:\/\/orgueil82.jvillain.fr\/wp-content\/uploads\/C\u00e9r\u00e9monies_MaM\/08mai2020\/8mai20020g-274x300.jpg 274w\" sizes=\"(max-width: 314px) 100vw, 314px\" \/><\/a><\/figure>\n\n\n\n<figure class=\"wp-block-image size-full\"><a href=\"https:\/\/orgueil82.jvillain.fr\/wp-content\/uploads\/C\u00e9r\u00e9monies_MaM\/08mai2020\/8mai20020a.jpg\"><img width=\"800\" height=\"450\" data-id=\"2331\"  alt=\"\" class=\"wp-image-2331 lws-optimize-lazyload\"\/ data-src=\"https:\/\/orgueil82.jvillain.fr\/wp-content\/uploads\/C\u00e9r\u00e9monies_MaM\/08mai2020\/8mai20020a.jpg\" srcset=\"https:\/\/orgueil82.jvillain.fr\/wp-content\/uploads\/C\u00e9r\u00e9monies_MaM\/08mai2020\/8mai20020a.jpg 800w, https:\/\/orgueil82.jvillain.fr\/wp-content\/uploads\/C\u00e9r\u00e9monies_MaM\/08mai2020\/8mai20020a-300x169.jpg 300w, https:\/\/orgueil82.jvillain.fr\/wp-content\/uploads\/C\u00e9r\u00e9monies_MaM\/08mai2020\/8mai20020a-768x432.jpg 768w\" sizes=\"(max-width: 800px) 100vw, 800px\" \/><\/a><\/figure>\n<\/figure>\n\n\n\n<p>Ensuite madame Annie Robert, adjointe en charge des associations et de l&rsquo;animation, a d\u00e9pos\u00e9 une gerbe au pied du monument aux morts. Cette gerbe avait \u00e9t\u00e9 confectionn\u00e9e par son \u00e9poux, Philippe, avec les fleurs cueillies dans le jardin de Jos\u00e9phine Fauconni\u00e9.<\/p>\n\n\n<div class=\"wp-block-image\">\n<figure class=\"aligncenter size-full is-resized\"><a href=\"https:\/\/orgueil82.jvillain.fr\/wp-content\/uploads\/C\u00e9r\u00e9monies_MaM\/08mai2020\/hmai20020i.jpg\"><img width=\"800\" height=\"450\"  alt=\"\" class=\"wp-image-2336 lws-optimize-lazyload\" style=\"width:465px;height:auto\"\/ data-src=\"https:\/\/orgueil82.jvillain.fr\/wp-content\/uploads\/C\u00e9r\u00e9monies_MaM\/08mai2020\/hmai20020i.jpg\" srcset=\"https:\/\/orgueil82.jvillain.fr\/wp-content\/uploads\/C\u00e9r\u00e9monies_MaM\/08mai2020\/hmai20020i.jpg 800w, https:\/\/orgueil82.jvillain.fr\/wp-content\/uploads\/C\u00e9r\u00e9monies_MaM\/08mai2020\/hmai20020i-300x169.jpg 300w, https:\/\/orgueil82.jvillain.fr\/wp-content\/uploads\/C\u00e9r\u00e9monies_MaM\/08mai2020\/hmai20020i-768x432.jpg 768w\" sizes=\"(max-width: 800px) 100vw, 800px\" \/><\/a><\/figure>\n<\/div>\n\n\n<p>Puis la sonnerie aux morts est mont\u00e9e dans le ciel suivie d&rsquo;une retentissante Marseillaise.<\/p>\n\n\n\n<figure class=\"wp-block-gallery aligncenter has-nested-images columns-default wp-block-gallery-31 is-layout-flex wp-block-gallery-is-layout-flex\">\n<figure class=\"wp-block-image size-large\"><a href=\"https:\/\/orgueil82.jvillain.fr\/wp-content\/uploads\/C\u00e9r\u00e9monies_MaM\/08mai2020\/hmai20020h.jpg\"><img width=\"693\" height=\"449\" data-id=\"2337\"  alt=\"\" class=\"wp-image-2337 lws-optimize-lazyload\"\/ data-src=\"https:\/\/orgueil82.jvillain.fr\/wp-content\/uploads\/C\u00e9r\u00e9monies_MaM\/08mai2020\/hmai20020h.jpg\" srcset=\"https:\/\/orgueil82.jvillain.fr\/wp-content\/uploads\/C\u00e9r\u00e9monies_MaM\/08mai2020\/hmai20020h.jpg 693w, https:\/\/orgueil82.jvillain.fr\/wp-content\/uploads\/C\u00e9r\u00e9monies_MaM\/08mai2020\/hmai20020h-300x194.jpg 300w\" sizes=\"(max-width: 693px) 100vw, 693px\" \/><\/a><\/figure>\n\n\n\n<figure class=\"wp-block-image size-large\"><a href=\"https:\/\/orgueil82.jvillain.fr\/wp-content\/uploads\/C\u00e9r\u00e9monies_MaM\/08mai2020\/hmai20020g.jpg\"><img width=\"800\" height=\"450\" data-id=\"2329\"  alt=\"\" class=\"wp-image-2329 lws-optimize-lazyload\"\/ data-src=\"https:\/\/orgueil82.jvillain.fr\/wp-content\/uploads\/C\u00e9r\u00e9monies_MaM\/08mai2020\/hmai20020g.jpg\" srcset=\"https:\/\/orgueil82.jvillain.fr\/wp-content\/uploads\/C\u00e9r\u00e9monies_MaM\/08mai2020\/hmai20020g.jpg 800w, https:\/\/orgueil82.jvillain.fr\/wp-content\/uploads\/C\u00e9r\u00e9monies_MaM\/08mai2020\/hmai20020g-300x169.jpg 300w, https:\/\/orgueil82.jvillain.fr\/wp-content\/uploads\/C\u00e9r\u00e9monies_MaM\/08mai2020\/hmai20020g-768x432.jpg 768w\" sizes=\"(max-width: 800px) 100vw, 800px\" \/><\/a><\/figure>\n<\/figure>\n\n\n\n<p>Cette ann\u00e9e, pas de vin d&rsquo;honneur, mais les \u00e9lus pr\u00e9sents ont pris le temps d&rsquo;\u00e9changer quelques informations en respectant la distanciation sanitaire requise avant de regagner leur lieu de vie, beaucoup d&rsquo;entre eux continueront cet apr\u00e8s-midi la distribution des masques r\u00e9utilisables dont la distribution a commenc\u00e9 hier.<\/p>\n\n\n\n<p>Merci \u00e0 la municipalit\u00e9 pour avoir organis\u00e9 cette c\u00e9r\u00e9monie n\u00e9cessaire au devoir de m\u00e9moire. Merci aux adjoints et d\u00e9l\u00e9gu\u00e9s d&rsquo;\u00eatre venus. Un merci plus particulier \u00e0 Annie et Philippe Robert pour la confection de la gerbe et la d\u00e9coration florale et merci \u00e0 Mamie Jos\u00e9 pour avoir fourni les fleurs de son jardin. Et n&rsquo;oublions pas de remercier Marc Pujol, premier adjoint, pour la gestion de la sonorisation et des&nbsp; musiques.<\/p>\n\n\n\n<p><a href=\"#hautpage\">Retour en haut de la page<\/a><\/p>\n\n\n\n<hr class=\"wp-block-separator has-alpha-channel-opacity\"\/>\n\n\n\n<h2 class=\"wp-block-heading has-global-color-14-color has-text-color has-link-color wp-elements-03632fff173e0541b9e144e07f31b4c9\" id=\"11nov2019\" style=\"font-style:normal;font-weight:600\">Comm\u00e9moration du 11 novembre &#8211; 11 novembre 2019<\/h2>\n\n\n<div class=\"wp-block-image\">\n<figure class=\"aligncenter size-full is-resized\"><a href=\"https:\/\/orgueil82.jvillain.fr\/wp-content\/uploads\/C\u00e9r\u00e9monies_MaM\/11nov2019\/a0000.jpg\"><img width=\"1824\" height=\"1368\"  alt=\"\" class=\"wp-image-2268 lws-optimize-lazyload\" style=\"width:422px;height:auto\"\/ data-src=\"https:\/\/orgueil82.jvillain.fr\/wp-content\/uploads\/C\u00e9r\u00e9monies_MaM\/11nov2019\/a0000.jpg\" srcset=\"https:\/\/orgueil82.jvillain.fr\/wp-content\/uploads\/C\u00e9r\u00e9monies_MaM\/11nov2019\/a0000.jpg 1824w, https:\/\/orgueil82.jvillain.fr\/wp-content\/uploads\/C\u00e9r\u00e9monies_MaM\/11nov2019\/a0000-300x225.jpg 300w, https:\/\/orgueil82.jvillain.fr\/wp-content\/uploads\/C\u00e9r\u00e9monies_MaM\/11nov2019\/a0000-768x576.jpg 768w, https:\/\/orgueil82.jvillain.fr\/wp-content\/uploads\/C\u00e9r\u00e9monies_MaM\/11nov2019\/a0000-1536x1152.jpg 1536w\" sizes=\"(max-width: 1824px) 100vw, 1824px\" \/><\/a><\/figure>\n<\/div>\n\n\n<p>Le 11 novembre c\u00e9l\u00e8bre \u00e0 la fois l&rsquo;Armistice du 11 novembre 1918, la Comm\u00e9moration de la Victoire et de la Paix et l&rsquo;Hommage \u00e0 tous les morts pour la France. Cette ann\u00e9e \u00e0 Orgueil il y avat aussi un \u00e9v\u00e8nement particulier :<strong>&nbsp;la pose sur le monument aux morts d&rsquo;une plaque \u00e0 la m\u00e9moire des soldats morts en op\u00e9rations ext\u00e9rieures<\/strong>. <br>Pour cette occasion&nbsp;le G\u00e9n\u00e9ral de Division (2S) Henri SZWED, enfant du pays, \u00e9tait pr\u00e9sent. Le 17e R\u00e9giment du G\u00e9nie Parachutiste avait d\u00e9tach\u00e9 un piquet d&rsquo;honneur et il y avait : des repr\u00e9sentants militaires, du Corps des pompiers, de la gendarmerie, des associations d&rsquo;anciens combattants et du souvenir, des associations du village&#8230; Le maire de Labastide-Saint-Pierre, J\u00e9r\u00f4me BEQ, repr\u00e9sentait le conseil d\u00e9partemental, le maire de Nohic,&nbsp;madame Nadine Guillemot, avait r\u00e9pondu pr\u00e9sent \u00e0 l&rsquo;invitation lanc\u00e9e par la municipalit\u00e9 ainsi que le cur\u00e9 de la paroisse et les associations du village &#8230; Les enfants des \u00e9coles avec leurs professeurs avaient brav\u00e9s les \u00e9l\u00e9ments pour participer. Et bien sur il y avait les citoyens d&rsquo;orgueil arm\u00e9s de leurs parapluies car le temps \u00e9tait, malheureusement, plus qu&rsquo;humide.<\/p>\n\n\n\n<figure class=\"wp-block-gallery has-nested-images columns-default wp-block-gallery-32 is-layout-flex wp-block-gallery-is-layout-flex\">\n<figure class=\"wp-block-image size-full\"><a href=\"https:\/\/orgueil82.jvillain.fr\/wp-content\/uploads\/C\u00e9r\u00e9monies_MaM\/11nov2019\/a0009.jpg\"><img width=\"1824\" height=\"1368\" data-id=\"2324\"  alt=\"\" class=\"wp-image-2324 lws-optimize-lazyload\"\/ data-src=\"https:\/\/orgueil82.jvillain.fr\/wp-content\/uploads\/C\u00e9r\u00e9monies_MaM\/11nov2019\/a0009.jpg\" srcset=\"https:\/\/orgueil82.jvillain.fr\/wp-content\/uploads\/C\u00e9r\u00e9monies_MaM\/11nov2019\/a0009.jpg 1824w, https:\/\/orgueil82.jvillain.fr\/wp-content\/uploads\/C\u00e9r\u00e9monies_MaM\/11nov2019\/a0009-300x225.jpg 300w, https:\/\/orgueil82.jvillain.fr\/wp-content\/uploads\/C\u00e9r\u00e9monies_MaM\/11nov2019\/a0009-768x576.jpg 768w, https:\/\/orgueil82.jvillain.fr\/wp-content\/uploads\/C\u00e9r\u00e9monies_MaM\/11nov2019\/a0009-1536x1152.jpg 1536w\" sizes=\"(max-width: 1824px) 100vw, 1824px\" \/><\/a><\/figure>\n\n\n\n<figure class=\"wp-block-image size-full\"><a href=\"https:\/\/orgueil82.jvillain.fr\/wp-content\/uploads\/C\u00e9r\u00e9monies_MaM\/11nov2019\/av0000.jpg\"><img width=\"1824\" height=\"1368\" data-id=\"2326\"  alt=\"\" class=\"wp-image-2326 lws-optimize-lazyload\"\/ data-src=\"https:\/\/orgueil82.jvillain.fr\/wp-content\/uploads\/C\u00e9r\u00e9monies_MaM\/11nov2019\/av0000.jpg\" srcset=\"https:\/\/orgueil82.jvillain.fr\/wp-content\/uploads\/C\u00e9r\u00e9monies_MaM\/11nov2019\/av0000.jpg 1824w, https:\/\/orgueil82.jvillain.fr\/wp-content\/uploads\/C\u00e9r\u00e9monies_MaM\/11nov2019\/av0000-300x225.jpg 300w, https:\/\/orgueil82.jvillain.fr\/wp-content\/uploads\/C\u00e9r\u00e9monies_MaM\/11nov2019\/av0000-768x576.jpg 768w, https:\/\/orgueil82.jvillain.fr\/wp-content\/uploads\/C\u00e9r\u00e9monies_MaM\/11nov2019\/av0000-1536x1152.jpg 1536w\" sizes=\"(max-width: 1824px) 100vw, 1824px\" \/><\/a><\/figure>\n<\/figure>\n\n\n\n<p>D\u00e8s 16h45 la mise en place commence :<\/p>\n\n\n\n<p>Le piquet d&rsquo;honneur du 17e R.G.P. \u00e0 gauche du monument. Ce piquet d&rsquo;honneur \u00e9tait command\u00e9 par un sous-officier qui habite \u00e0 Orgueil.<\/p>\n\n\n\n<figure class=\"wp-block-gallery has-nested-images columns-default wp-block-gallery-33 is-layout-flex wp-block-gallery-is-layout-flex\">\n<figure class=\"wp-block-image size-full\"><a href=\"https:\/\/orgueil82.jvillain.fr\/wp-content\/uploads\/C\u00e9r\u00e9monies_MaM\/11nov2019\/a0001.jpg\"><img width=\"1824\" height=\"1368\" data-id=\"2261\"  alt=\"\" class=\"wp-image-2261 lws-optimize-lazyload\"\/ data-src=\"https:\/\/orgueil82.jvillain.fr\/wp-content\/uploads\/C\u00e9r\u00e9monies_MaM\/11nov2019\/a0001.jpg\" srcset=\"https:\/\/orgueil82.jvillain.fr\/wp-content\/uploads\/C\u00e9r\u00e9monies_MaM\/11nov2019\/a0001.jpg 1824w, https:\/\/orgueil82.jvillain.fr\/wp-content\/uploads\/C\u00e9r\u00e9monies_MaM\/11nov2019\/a0001-300x225.jpg 300w, https:\/\/orgueil82.jvillain.fr\/wp-content\/uploads\/C\u00e9r\u00e9monies_MaM\/11nov2019\/a0001-768x576.jpg 768w, https:\/\/orgueil82.jvillain.fr\/wp-content\/uploads\/C\u00e9r\u00e9monies_MaM\/11nov2019\/a0001-1536x1152.jpg 1536w\" sizes=\"(max-width: 1824px) 100vw, 1824px\" \/><\/a><\/figure>\n\n\n\n<figure class=\"wp-block-image size-full\"><a href=\"https:\/\/orgueil82.jvillain.fr\/wp-content\/uploads\/C\u00e9r\u00e9monies_MaM\/11nov2019\/a0005.jpg\"><img width=\"1824\" height=\"1368\" data-id=\"2288\"  alt=\"\" class=\"wp-image-2288 lws-optimize-lazyload\"\/ data-src=\"https:\/\/orgueil82.jvillain.fr\/wp-content\/uploads\/C\u00e9r\u00e9monies_MaM\/11nov2019\/a0005.jpg\" srcset=\"https:\/\/orgueil82.jvillain.fr\/wp-content\/uploads\/C\u00e9r\u00e9monies_MaM\/11nov2019\/a0005.jpg 1824w, https:\/\/orgueil82.jvillain.fr\/wp-content\/uploads\/C\u00e9r\u00e9monies_MaM\/11nov2019\/a0005-300x225.jpg 300w, https:\/\/orgueil82.jvillain.fr\/wp-content\/uploads\/C\u00e9r\u00e9monies_MaM\/11nov2019\/a0005-768x576.jpg 768w, https:\/\/orgueil82.jvillain.fr\/wp-content\/uploads\/C\u00e9r\u00e9monies_MaM\/11nov2019\/a0005-1536x1152.jpg 1536w\" sizes=\"(max-width: 1824px) 100vw, 1824px\" \/><\/a><\/figure>\n<\/figure>\n\n\n\n<p>Les portes-drapeaux devant le monument.<\/p>\n\n\n\n<figure class=\"wp-block-gallery has-nested-images columns-4 wp-block-gallery-34 is-layout-flex wp-block-gallery-is-layout-flex\">\n<figure class=\"wp-block-image size-full\"><a href=\"https:\/\/orgueil82.jvillain.fr\/wp-content\/uploads\/C\u00e9r\u00e9monies_MaM\/11nov2019\/a0003.jpg\"><img width=\"1824\" height=\"1368\" data-id=\"2264\"  alt=\"\" class=\"wp-image-2264 lws-optimize-lazyload\"\/ data-src=\"https:\/\/orgueil82.jvillain.fr\/wp-content\/uploads\/C\u00e9r\u00e9monies_MaM\/11nov2019\/a0003.jpg\" srcset=\"https:\/\/orgueil82.jvillain.fr\/wp-content\/uploads\/C\u00e9r\u00e9monies_MaM\/11nov2019\/a0003.jpg 1824w, https:\/\/orgueil82.jvillain.fr\/wp-content\/uploads\/C\u00e9r\u00e9monies_MaM\/11nov2019\/a0003-300x225.jpg 300w, https:\/\/orgueil82.jvillain.fr\/wp-content\/uploads\/C\u00e9r\u00e9monies_MaM\/11nov2019\/a0003-768x576.jpg 768w, https:\/\/orgueil82.jvillain.fr\/wp-content\/uploads\/C\u00e9r\u00e9monies_MaM\/11nov2019\/a0003-1536x1152.jpg 1536w\" sizes=\"(max-width: 1824px) 100vw, 1824px\" \/><\/a><\/figure>\n\n\n\n<figure class=\"wp-block-image size-full\"><a href=\"https:\/\/orgueil82.jvillain.fr\/wp-content\/uploads\/C\u00e9r\u00e9monies_MaM\/11nov2019\/a0004.jpg\"><img width=\"1824\" height=\"1368\" data-id=\"2285\"  alt=\"\" class=\"wp-image-2285 lws-optimize-lazyload\"\/ data-src=\"https:\/\/orgueil82.jvillain.fr\/wp-content\/uploads\/C\u00e9r\u00e9monies_MaM\/11nov2019\/a0004.jpg\" srcset=\"https:\/\/orgueil82.jvillain.fr\/wp-content\/uploads\/C\u00e9r\u00e9monies_MaM\/11nov2019\/a0004.jpg 1824w, https:\/\/orgueil82.jvillain.fr\/wp-content\/uploads\/C\u00e9r\u00e9monies_MaM\/11nov2019\/a0004-300x225.jpg 300w, https:\/\/orgueil82.jvillain.fr\/wp-content\/uploads\/C\u00e9r\u00e9monies_MaM\/11nov2019\/a0004-768x576.jpg 768w, https:\/\/orgueil82.jvillain.fr\/wp-content\/uploads\/C\u00e9r\u00e9monies_MaM\/11nov2019\/a0004-1536x1152.jpg 1536w\" sizes=\"(max-width: 1824px) 100vw, 1824px\" \/><\/a><\/figure>\n\n\n\n<figure class=\"wp-block-image size-full\"><a href=\"https:\/\/orgueil82.jvillain.fr\/wp-content\/uploads\/C\u00e9r\u00e9monies_MaM\/11nov2019\/a0006.jpg\"><img width=\"1824\" height=\"1368\" data-id=\"2325\"  alt=\"\" class=\"wp-image-2325 lws-optimize-lazyload\"\/ data-src=\"https:\/\/orgueil82.jvillain.fr\/wp-content\/uploads\/C\u00e9r\u00e9monies_MaM\/11nov2019\/a0006.jpg\" srcset=\"https:\/\/orgueil82.jvillain.fr\/wp-content\/uploads\/C\u00e9r\u00e9monies_MaM\/11nov2019\/a0006.jpg 1824w, https:\/\/orgueil82.jvillain.fr\/wp-content\/uploads\/C\u00e9r\u00e9monies_MaM\/11nov2019\/a0006-300x225.jpg 300w, https:\/\/orgueil82.jvillain.fr\/wp-content\/uploads\/C\u00e9r\u00e9monies_MaM\/11nov2019\/a0006-768x576.jpg 768w, https:\/\/orgueil82.jvillain.fr\/wp-content\/uploads\/C\u00e9r\u00e9monies_MaM\/11nov2019\/a0006-1536x1152.jpg 1536w\" sizes=\"(max-width: 1824px) 100vw, 1824px\" \/><\/a><\/figure>\n\n\n\n<figure class=\"wp-block-image size-full\"><a href=\"https:\/\/orgueil82.jvillain.fr\/wp-content\/uploads\/C\u00e9r\u00e9monies_MaM\/11nov2019\/a0007.jpg\"><img width=\"1824\" height=\"1368\" data-id=\"2282\"  alt=\"\" class=\"wp-image-2282 lws-optimize-lazyload\"\/ data-src=\"https:\/\/orgueil82.jvillain.fr\/wp-content\/uploads\/C\u00e9r\u00e9monies_MaM\/11nov2019\/a0007.jpg\" srcset=\"https:\/\/orgueil82.jvillain.fr\/wp-content\/uploads\/C\u00e9r\u00e9monies_MaM\/11nov2019\/a0007.jpg 1824w, https:\/\/orgueil82.jvillain.fr\/wp-content\/uploads\/C\u00e9r\u00e9monies_MaM\/11nov2019\/a0007-300x225.jpg 300w, https:\/\/orgueil82.jvillain.fr\/wp-content\/uploads\/C\u00e9r\u00e9monies_MaM\/11nov2019\/a0007-768x576.jpg 768w, https:\/\/orgueil82.jvillain.fr\/wp-content\/uploads\/C\u00e9r\u00e9monies_MaM\/11nov2019\/a0007-1536x1152.jpg 1536w\" sizes=\"(max-width: 1824px) 100vw, 1824px\" \/><\/a><\/figure>\n<\/figure>\n\n\n\n<p>Les repr\u00e9sentants des pompiers&#8230; des militaires<\/p>\n\n\n<div class=\"wp-block-image\">\n<figure class=\"aligncenter size-full is-resized\"><a href=\"https:\/\/orgueil82.jvillain.fr\/wp-content\/uploads\/C\u00e9r\u00e9monies_MaM\/11nov2019\/a0010.jpg\"><img width=\"1824\" height=\"1368\"  alt=\"\" class=\"wp-image-2310 lws-optimize-lazyload\" style=\"width:400px;height:auto\"\/ data-src=\"https:\/\/orgueil82.jvillain.fr\/wp-content\/uploads\/C\u00e9r\u00e9monies_MaM\/11nov2019\/a0010.jpg\" srcset=\"https:\/\/orgueil82.jvillain.fr\/wp-content\/uploads\/C\u00e9r\u00e9monies_MaM\/11nov2019\/a0010.jpg 1824w, https:\/\/orgueil82.jvillain.fr\/wp-content\/uploads\/C\u00e9r\u00e9monies_MaM\/11nov2019\/a0010-300x225.jpg 300w, https:\/\/orgueil82.jvillain.fr\/wp-content\/uploads\/C\u00e9r\u00e9monies_MaM\/11nov2019\/a0010-768x576.jpg 768w, https:\/\/orgueil82.jvillain.fr\/wp-content\/uploads\/C\u00e9r\u00e9monies_MaM\/11nov2019\/a0010-1536x1152.jpg 1536w\" sizes=\"(max-width: 1824px) 100vw, 1824px\" \/><\/a><\/figure>\n<\/div>\n\n\n<p>Les repr\u00e9sentants des associations des anciens combattants et du Souvenir Fran\u00e7ais.<\/p>\n\n\n<div class=\"wp-block-image\">\n<figure class=\"aligncenter size-full is-resized\"><a href=\"https:\/\/orgueil82.jvillain.fr\/wp-content\/uploads\/C\u00e9r\u00e9monies_MaM\/11nov2019\/av0001.jpg\"><img width=\"1824\" height=\"1368\"  alt=\"\" class=\"wp-image-2327 lws-optimize-lazyload\" style=\"width:380px;height:auto\"\/ data-src=\"https:\/\/orgueil82.jvillain.fr\/wp-content\/uploads\/C\u00e9r\u00e9monies_MaM\/11nov2019\/av0001.jpg\" srcset=\"https:\/\/orgueil82.jvillain.fr\/wp-content\/uploads\/C\u00e9r\u00e9monies_MaM\/11nov2019\/av0001.jpg 1824w, https:\/\/orgueil82.jvillain.fr\/wp-content\/uploads\/C\u00e9r\u00e9monies_MaM\/11nov2019\/av0001-300x225.jpg 300w, https:\/\/orgueil82.jvillain.fr\/wp-content\/uploads\/C\u00e9r\u00e9monies_MaM\/11nov2019\/av0001-768x576.jpg 768w, https:\/\/orgueil82.jvillain.fr\/wp-content\/uploads\/C\u00e9r\u00e9monies_MaM\/11nov2019\/av0001-1536x1152.jpg 1536w\" sizes=\"(max-width: 1824px) 100vw, 1824px\" \/><\/a><\/figure>\n<\/div>\n\n\n<p>la foule<\/p>\n\n\n<div class=\"wp-block-image\">\n<figure class=\"aligncenter size-full is-resized\"><a href=\"https:\/\/orgueil82.jvillain.fr\/wp-content\/uploads\/C\u00e9r\u00e9monies_MaM\/11nov2019\/a0002.jpg\"><img width=\"1824\" height=\"1368\"  alt=\"\" class=\"wp-image-2265 lws-optimize-lazyload\" style=\"width:384px;height:auto\"\/ data-src=\"https:\/\/orgueil82.jvillain.fr\/wp-content\/uploads\/C\u00e9r\u00e9monies_MaM\/11nov2019\/a0002.jpg\" srcset=\"https:\/\/orgueil82.jvillain.fr\/wp-content\/uploads\/C\u00e9r\u00e9monies_MaM\/11nov2019\/a0002.jpg 1824w, https:\/\/orgueil82.jvillain.fr\/wp-content\/uploads\/C\u00e9r\u00e9monies_MaM\/11nov2019\/a0002-300x225.jpg 300w, https:\/\/orgueil82.jvillain.fr\/wp-content\/uploads\/C\u00e9r\u00e9monies_MaM\/11nov2019\/a0002-768x576.jpg 768w, https:\/\/orgueil82.jvillain.fr\/wp-content\/uploads\/C\u00e9r\u00e9monies_MaM\/11nov2019\/a0002-1536x1152.jpg 1536w\" sizes=\"(max-width: 1824px) 100vw, 1824px\" \/><\/a><\/figure>\n<\/div>\n\n\n<p><strong>Et les officiels,<\/strong> derniers \u00e0 se placer : madame Catherine VILLAIN, maire d&rsquo;Orgueil, le G\u00e9n\u00e9ral de Division (2S) Henri SZWED, le Colonel Philippe BARDET, commandant de la Base de D\u00e9fense Montauban-Agen d\u00e9l\u00e9gu\u00e9 militaire d\u00e9partemental du Tarn-et-Garonne commandant d&rsquo;armes de la Place de Montauban, monsieur J\u00e9r\u00f4me BEQ conseiller d\u00e9partemental maire de Labastide-Saint-Pierre, le capitaine DE LA TORRE (OSI) repr\u00e9sentant le chef de corps du 17e R.G.P., l&rsquo;adjudant de gendarmerie S\u00e9bastien VAUCHERET repr\u00e9sentant le commandant de la brigade de Gendarmerie de Grisolles Villebrumier.<\/p>\n\n\n\n<figure class=\"wp-block-gallery aligncenter has-nested-images columns-default wp-block-gallery-35 is-layout-flex wp-block-gallery-is-layout-flex\">\n<figure class=\"wp-block-image size-full\"><a href=\"https:\/\/orgueil82.jvillain.fr\/wp-content\/uploads\/C\u00e9r\u00e9monies_MaM\/11nov2019\/ava0001.jpg\"><img width=\"768\" height=\"558\" data-id=\"2271\"  alt=\"\" class=\"wp-image-2271 lws-optimize-lazyload\"\/ data-src=\"https:\/\/orgueil82.jvillain.fr\/wp-content\/uploads\/C\u00e9r\u00e9monies_MaM\/11nov2019\/ava0001.jpg\" srcset=\"https:\/\/orgueil82.jvillain.fr\/wp-content\/uploads\/C\u00e9r\u00e9monies_MaM\/11nov2019\/ava0001.jpg 768w, https:\/\/orgueil82.jvillain.fr\/wp-content\/uploads\/C\u00e9r\u00e9monies_MaM\/11nov2019\/ava0001-300x218.jpg 300w\" sizes=\"(max-width: 768px) 100vw, 768px\" \/><\/a><\/figure>\n\n\n\n<figure class=\"wp-block-image size-full\"><a href=\"https:\/\/orgueil82.jvillain.fr\/wp-content\/uploads\/C\u00e9r\u00e9monies_MaM\/11nov2019\/rgp0001.jpg\"><img width=\"800\" height=\"533\" data-id=\"2305\"  alt=\"\" class=\"wp-image-2305 lws-optimize-lazyload\"\/ data-src=\"https:\/\/orgueil82.jvillain.fr\/wp-content\/uploads\/C\u00e9r\u00e9monies_MaM\/11nov2019\/rgp0001.jpg\" srcset=\"https:\/\/orgueil82.jvillain.fr\/wp-content\/uploads\/C\u00e9r\u00e9monies_MaM\/11nov2019\/rgp0001.jpg 800w, https:\/\/orgueil82.jvillain.fr\/wp-content\/uploads\/C\u00e9r\u00e9monies_MaM\/11nov2019\/rgp0001-300x200.jpg 300w, https:\/\/orgueil82.jvillain.fr\/wp-content\/uploads\/C\u00e9r\u00e9monies_MaM\/11nov2019\/rgp0001-768x512.jpg 768w, https:\/\/orgueil82.jvillain.fr\/wp-content\/uploads\/C\u00e9r\u00e9monies_MaM\/11nov2019\/rgp0001-600x400.jpg 600w\" sizes=\"(max-width: 800px) 100vw, 800px\" \/><\/a><\/figure>\n\n\n\n<figure class=\"wp-block-image size-full\"><a href=\"https:\/\/orgueil82.jvillain.fr\/wp-content\/uploads\/C\u00e9r\u00e9monies_MaM\/11nov2019\/a0011.jpg\"><img width=\"1824\" height=\"1368\" data-id=\"2323\"  alt=\"\" class=\"wp-image-2323 lws-optimize-lazyload\"\/ data-src=\"https:\/\/orgueil82.jvillain.fr\/wp-content\/uploads\/C\u00e9r\u00e9monies_MaM\/11nov2019\/a0011.jpg\" srcset=\"https:\/\/orgueil82.jvillain.fr\/wp-content\/uploads\/C\u00e9r\u00e9monies_MaM\/11nov2019\/a0011.jpg 1824w, https:\/\/orgueil82.jvillain.fr\/wp-content\/uploads\/C\u00e9r\u00e9monies_MaM\/11nov2019\/a0011-300x225.jpg 300w, https:\/\/orgueil82.jvillain.fr\/wp-content\/uploads\/C\u00e9r\u00e9monies_MaM\/11nov2019\/a0011-768x576.jpg 768w, https:\/\/orgueil82.jvillain.fr\/wp-content\/uploads\/C\u00e9r\u00e9monies_MaM\/11nov2019\/a0011-1536x1152.jpg 1536w\" sizes=\"(max-width: 1824px) 100vw, 1824px\" \/><\/a><\/figure>\n<\/figure>\n\n\n\n<p>Tout le monde est en place, la c\u00e9r\u00e9monie peut commencer<\/p>\n\n\n\n<p>Madame Catherine VILLAIN maire d&rsquo;Orgueil et le g\u00e9n\u00e9ral de Division (2S) Henri SZWED vont inaugurer la plaque en hommage aux soldats morts en Op\u00e9rations Ext\u00e9rieures.<br>Tout d&rsquo;abord madame le maire explique pourquoi cette plaque est maintenant scell\u00e9e sur le monument aux morts du village (Cliquez&nbsp;<a href=\"https:\/\/orgueil82.jvillain.fr\/wp-content\/uploads\/C\u00e9r\u00e9monies_MaM\/11nov2019\/Discours-inauguration-plaque-OPEX-ORGUEIL.pdf\">ICI<\/a>&nbsp;pour lire le discours de madame le Maire).<\/p>\n\n\n<div class=\"pgc-sgb-cb wp-block-pgcsimplygalleryblock-slider \" data-gallery-id=\"84014913\"style=&quot;min-height:460px&quot;><div class=\"sgb-preloader\" id=\"pr_84014913\">\n\t<div class=\"sgb-square\" style=\"background:#d4d4d4\"><\/div>\n\t<div class=\"sgb-square\" style=\"background:#d4d4d4\"><\/div>\n\t<div class=\"sgb-square\" style=\"background:#d4d4d4\"><\/div>\n\t<div class=\"sgb-square\" style=\"background:#d4d4d4\"><\/div><\/div><div class=\"simply-gallery-amp pgc_sgb_slider \"><noscript><div class=\"sgb-gallery\"><div class=\"sgb-item\"><a href=\"https:\/\/orgueil82.jvillain.fr\/?attachment_id=2321\" target=\"_blank\"><img alt=\"\" width=\"300\" height=\"225\" loading=\"lazy\"  srcset=\"https:\/\/orgueil82.jvillain.fr\/wp-content\/uploads\/C\u00e9r\u00e9monies_MaM\/11nov2019\/a0012-300x225.jpg 300w,https:\/\/orgueil82.jvillain.fr\/wp-content\/uploads\/C\u00e9r\u00e9monies_MaM\/11nov2019\/a0012.jpg 1824w\" sizes=\"auto, 250px\"\/ class=\"lws-optimize-lazyload\" data-src=\"https:\/\/orgueil82.jvillain.fr\/wp-content\/uploads\/C\u00e9r\u00e9monies_MaM\/11nov2019\/a0012-300x225.jpg\"><\/a><div class=\"sgb-item-caption\"><em>                               <\/em><\/div><\/div><div class=\"sgb-item\"><a href=\"https:\/\/orgueil82.jvillain.fr\/?attachment_id=2318\" target=\"_blank\"><img alt=\"\" width=\"300\" height=\"225\" loading=\"lazy\"  srcset=\"https:\/\/orgueil82.jvillain.fr\/wp-content\/uploads\/C\u00e9r\u00e9monies_MaM\/11nov2019\/a0013-300x225.jpg 300w,https:\/\/orgueil82.jvillain.fr\/wp-content\/uploads\/C\u00e9r\u00e9monies_MaM\/11nov2019\/a0013.jpg 1824w\" sizes=\"auto, 250px\"\/ class=\"lws-optimize-lazyload\" data-src=\"https:\/\/orgueil82.jvillain.fr\/wp-content\/uploads\/C\u00e9r\u00e9monies_MaM\/11nov2019\/a0013-300x225.jpg\"><\/a><div class=\"sgb-item-caption\"><em>                               <\/em><\/div><\/div><div class=\"sgb-item\"><a href=\"https:\/\/orgueil82.jvillain.fr\/?attachment_id=2266\" target=\"_blank\"><img alt=\"\" width=\"300\" height=\"148\" loading=\"lazy\"  srcset=\"https:\/\/orgueil82.jvillain.fr\/wp-content\/uploads\/C\u00e9r\u00e9monies_MaM\/11nov2019\/ava0002-300x148.jpg 300w,https:\/\/orgueil82.jvillain.fr\/wp-content\/uploads\/C\u00e9r\u00e9monies_MaM\/11nov2019\/ava0002.jpg 768w\" sizes=\"auto, 250px\"\/ class=\"lws-optimize-lazyload\" data-src=\"https:\/\/orgueil82.jvillain.fr\/wp-content\/uploads\/C\u00e9r\u00e9monies_MaM\/11nov2019\/ava0002-300x148.jpg\"><\/a><div class=\"sgb-item-caption\"><em>                               <\/em><\/div><\/div><div class=\"sgb-item\"><a href=\"https:\/\/orgueil82.jvillain.fr\/?attachment_id=2301\" target=\"_blank\"><img alt=\"\" width=\"200\" height=\"300\" loading=\"lazy\"  srcset=\"https:\/\/orgueil82.jvillain.fr\/wp-content\/uploads\/C\u00e9r\u00e9monies_MaM\/11nov2019\/rgp0002-200x300.jpg 200w,https:\/\/orgueil82.jvillain.fr\/wp-content\/uploads\/C\u00e9r\u00e9monies_MaM\/11nov2019\/rgp0002.jpg 533w\" sizes=\"auto, 250px\"\/ class=\"lws-optimize-lazyload\" data-src=\"https:\/\/orgueil82.jvillain.fr\/wp-content\/uploads\/C\u00e9r\u00e9monies_MaM\/11nov2019\/rgp0002-200x300.jpg\"><\/a><div class=\"sgb-item-caption\"><em>                               <\/em><\/div><\/div><div class=\"sgb-item\"><a href=\"https:\/\/orgueil82.jvillain.fr\/?attachment_id=2315\" target=\"_blank\"><img alt=\"\" width=\"300\" height=\"200\" loading=\"lazy\"  srcset=\"https:\/\/orgueil82.jvillain.fr\/wp-content\/uploads\/C\u00e9r\u00e9monies_MaM\/11nov2019\/rgp0003-300x200.jpg 300w,https:\/\/orgueil82.jvillain.fr\/wp-content\/uploads\/C\u00e9r\u00e9monies_MaM\/11nov2019\/rgp0003.jpg 800w\" sizes=\"auto, 250px\"\/ class=\"lws-optimize-lazyload\" data-src=\"https:\/\/orgueil82.jvillain.fr\/wp-content\/uploads\/C\u00e9r\u00e9monies_MaM\/11nov2019\/rgp0003-300x200.jpg\"><\/a><div class=\"sgb-item-caption\"><em>                               <\/em><\/div><\/div><\/div><\/noscript><\/div><script type=\"application\/json\" class=\"sgb-data\">{\"collectionThumbRecomendedWidth\":150,\"captions\":false,\"collectionThumbSubMenuDownload\":false,\"sliderMaxHeight\":460,\"sliderAdminWidth\":1120,\"responsiveHeight\":true,\"galleryType\":\"pgc_sgb_slider\",\"galleryId\":\"84014913\",\"images\":[{\"id\":2321,\"title\":\"a0012\",\"url\":\"https:\/\/orgueil82.jvillain.fr\/wp-content\/uploads\/C\u00e9r\u00e9monies_MaM\/11nov2019\/a0012.jpg\",\"link\":\"https:\/\/orgueil82.jvillain.fr\/?attachment_id=2321\",\"alt\":\"\",\"description\":\"\",\"caption\":\"                               \",\"mime\":\"image\/jpeg\",\"type\":\"image\",\"width\":1824,\"height\":1368,\"sizes\":{\"thumbnail\":{\"height\":150,\"width\":150,\"url\":\"https:\/\/orgueil82.jvillain.fr\/wp-content\/uploads\/C\u00e9r\u00e9monies_MaM\/11nov2019\/a0012-150x150.jpg\",\"orientation\":\"landscape\"},\"medium\":{\"height\":225,\"width\":300,\"url\":\"https:\/\/orgueil82.jvillain.fr\/wp-content\/uploads\/C\u00e9r\u00e9monies_MaM\/11nov2019\/a0012-300x225.jpg\",\"orientation\":\"landscape\"},\"full\":{\"url\":\"https:\/\/orgueil82.jvillain.fr\/wp-content\/uploads\/C\u00e9r\u00e9monies_MaM\/11nov2019\/a0012.jpg\",\"height\":1368,\"width\":1824,\"orientation\":\"landscape\"}},\"imageMeta\":{\"aperture\":\"4.5\",\"credit\":\"\",\"camera\":\"DSC-HX5V\",\"caption\":\"\",\"created_timestamp\":\"1573495214\",\"copyright\":\"\",\"focal_length\":\"9.44\",\"iso\":\"800\",\"shutter_speed\":\"0.016666666666667\",\"title\":\"\",\"orientation\":\"1\",\"keywords\":[]},\"meta\":false,\"postlink\":\"https:\/\/orgueil82.jvillain.fr\/?attachment_id=2321\"},{\"id\":2318,\"title\":\"a0013\",\"url\":\"https:\/\/orgueil82.jvillain.fr\/wp-content\/uploads\/C\u00e9r\u00e9monies_MaM\/11nov2019\/a0013.jpg\",\"link\":\"https:\/\/orgueil82.jvillain.fr\/?attachment_id=2318\",\"alt\":\"\",\"description\":\"\",\"caption\":\"                               \",\"mime\":\"image\/jpeg\",\"type\":\"image\",\"width\":1824,\"height\":1368,\"sizes\":{\"thumbnail\":{\"height\":150,\"width\":150,\"url\":\"https:\/\/orgueil82.jvillain.fr\/wp-content\/uploads\/C\u00e9r\u00e9monies_MaM\/11nov2019\/a0013-150x150.jpg\",\"orientation\":\"landscape\"},\"medium\":{\"height\":225,\"width\":300,\"url\":\"https:\/\/orgueil82.jvillain.fr\/wp-content\/uploads\/C\u00e9r\u00e9monies_MaM\/11nov2019\/a0013-300x225.jpg\",\"orientation\":\"landscape\"},\"full\":{\"url\":\"https:\/\/orgueil82.jvillain.fr\/wp-content\/uploads\/C\u00e9r\u00e9monies_MaM\/11nov2019\/a0013.jpg\",\"height\":1368,\"width\":1824,\"orientation\":\"landscape\"}},\"imageMeta\":{\"aperture\":\"4.5\",\"credit\":\"\",\"camera\":\"DSC-HX5V\",\"caption\":\"\",\"created_timestamp\":\"1573495256\",\"copyright\":\"\",\"focal_length\":\"9.44\",\"iso\":\"400\",\"shutter_speed\":\"0.016666666666667\",\"title\":\"\",\"orientation\":\"1\",\"keywords\":[]},\"meta\":false,\"postlink\":\"https:\/\/orgueil82.jvillain.fr\/?attachment_id=2318\"},{\"id\":2266,\"title\":\"ava0002\",\"url\":\"https:\/\/orgueil82.jvillain.fr\/wp-content\/uploads\/C\u00e9r\u00e9monies_MaM\/11nov2019\/ava0002.jpg\",\"link\":\"https:\/\/orgueil82.jvillain.fr\/?attachment_id=2266\",\"alt\":\"\",\"description\":\"\",\"caption\":\"                               \",\"mime\":\"image\/jpeg\",\"type\":\"image\",\"width\":768,\"height\":379,\"sizes\":{\"thumbnail\":{\"height\":150,\"width\":150,\"url\":\"https:\/\/orgueil82.jvillain.fr\/wp-content\/uploads\/C\u00e9r\u00e9monies_MaM\/11nov2019\/ava0002-150x150.jpg\",\"orientation\":\"landscape\"},\"medium\":{\"height\":148,\"width\":300,\"url\":\"https:\/\/orgueil82.jvillain.fr\/wp-content\/uploads\/C\u00e9r\u00e9monies_MaM\/11nov2019\/ava0002-300x148.jpg\",\"orientation\":\"landscape\"},\"full\":{\"url\":\"https:\/\/orgueil82.jvillain.fr\/wp-content\/uploads\/C\u00e9r\u00e9monies_MaM\/11nov2019\/ava0002.jpg\",\"height\":379,\"width\":768,\"orientation\":\"landscape\"}},\"imageMeta\":{\"aperture\":\"0\",\"credit\":\"\",\"camera\":\"PlayMemories Home\",\"caption\":\"\",\"created_timestamp\":\"1573564056\",\"copyright\":\"\",\"focal_length\":\"0\",\"iso\":\"0\",\"shutter_speed\":\"0\",\"title\":\"\",\"orientation\":\"1\",\"keywords\":[]},\"meta\":false,\"postlink\":\"https:\/\/orgueil82.jvillain.fr\/?attachment_id=2266\"},{\"id\":2301,\"title\":\"rgp0002\",\"url\":\"https:\/\/orgueil82.jvillain.fr\/wp-content\/uploads\/C\u00e9r\u00e9monies_MaM\/11nov2019\/rgp0002.jpg\",\"link\":\"https:\/\/orgueil82.jvillain.fr\/?attachment_id=2301\",\"alt\":\"\",\"description\":\"\",\"caption\":\"                               \",\"mime\":\"image\/jpeg\",\"type\":\"image\",\"width\":533,\"height\":800,\"sizes\":{\"thumbnail\":{\"height\":150,\"width\":150,\"url\":\"https:\/\/orgueil82.jvillain.fr\/wp-content\/uploads\/C\u00e9r\u00e9monies_MaM\/11nov2019\/rgp0002-150x150.jpg\",\"orientation\":\"landscape\"},\"medium\":{\"height\":300,\"width\":200,\"url\":\"https:\/\/orgueil82.jvillain.fr\/wp-content\/uploads\/C\u00e9r\u00e9monies_MaM\/11nov2019\/rgp0002-200x300.jpg\",\"orientation\":\"portrait\"},\"full\":{\"url\":\"https:\/\/orgueil82.jvillain.fr\/wp-content\/uploads\/C\u00e9r\u00e9monies_MaM\/11nov2019\/rgp0002.jpg\",\"height\":800,\"width\":533,\"orientation\":\"portrait\"}},\"imageMeta\":{\"aperture\":\"5.6\",\"credit\":\"Picasa\",\"camera\":\"NIKON D7100\",\"caption\":\"\",\"created_timestamp\":\"1573494508\",\"copyright\":\"\",\"focal_length\":\"300\",\"iso\":\"4000\",\"shutter_speed\":\"0.005\",\"title\":\"\",\"orientation\":\"1\",\"keywords\":[]},\"meta\":false,\"postlink\":\"https:\/\/orgueil82.jvillain.fr\/?attachment_id=2301\"},{\"id\":2315,\"title\":\"rgp0003\",\"url\":\"https:\/\/orgueil82.jvillain.fr\/wp-content\/uploads\/C\u00e9r\u00e9monies_MaM\/11nov2019\/rgp0003.jpg\",\"link\":\"https:\/\/orgueil82.jvillain.fr\/?attachment_id=2315\",\"alt\":\"\",\"description\":\"\",\"caption\":\"                               \",\"mime\":\"image\/jpeg\",\"type\":\"image\",\"width\":800,\"height\":533,\"sizes\":{\"thumbnail\":{\"height\":150,\"width\":150,\"url\":\"https:\/\/orgueil82.jvillain.fr\/wp-content\/uploads\/C\u00e9r\u00e9monies_MaM\/11nov2019\/rgp0003-150x150.jpg\",\"orientation\":\"landscape\"},\"medium\":{\"height\":200,\"width\":300,\"url\":\"https:\/\/orgueil82.jvillain.fr\/wp-content\/uploads\/C\u00e9r\u00e9monies_MaM\/11nov2019\/rgp0003-300x200.jpg\",\"orientation\":\"landscape\"},\"full\":{\"url\":\"https:\/\/orgueil82.jvillain.fr\/wp-content\/uploads\/C\u00e9r\u00e9monies_MaM\/11nov2019\/rgp0003.jpg\",\"height\":533,\"width\":800,\"orientation\":\"landscape\"}},\"imageMeta\":{\"aperture\":\"3.5\",\"credit\":\"Picasa\",\"camera\":\"NIKON D7100\",\"caption\":\"\",\"created_timestamp\":\"1573494651\",\"copyright\":\"\",\"focal_length\":\"18\",\"iso\":\"4000\",\"shutter_speed\":\"0.004\",\"title\":\"\",\"orientation\":\"1\",\"keywords\":[]},\"meta\":false,\"postlink\":\"https:\/\/orgueil82.jvillain.fr\/?attachment_id=2315\"}],\"sliderItemTitleEnable\":false,\"sliderSlideshowAutoStart\":true,\"sliderSlideshowDelay\":6,\"itemsMetaDataCollection\":[]}<\/script><script>(function(){if(window.PGC_SGB && window.PGC_SGB.searcher){window.PGC_SGB.searcher.initBlocks()}})()<\/script><\/div>\n\n\n<p>Le g\u00e9n\u00e9ral Henri SZWED et madame le Maire d\u00e9voilent la plaque d&rsquo;hommage aux soldats morts pour la France au son de la Marche des soldats de Robert Bruce.<\/p>\n\n\n\n<figure class=\"wp-block-gallery aligncenter has-nested-images columns-2 wp-block-gallery-36 is-layout-flex wp-block-gallery-is-layout-flex\">\n<figure class=\"wp-block-image size-full\"><a href=\"https:\/\/orgueil82.jvillain.fr\/wp-content\/uploads\/C\u00e9r\u00e9monies_MaM\/11nov2019\/a0014.jpg\"><img width=\"960\" height=\"540\" data-id=\"2267\"  alt=\"\" class=\"wp-image-2267 lws-optimize-lazyload\"\/ data-src=\"https:\/\/orgueil82.jvillain.fr\/wp-content\/uploads\/C\u00e9r\u00e9monies_MaM\/11nov2019\/a0014.jpg\" srcset=\"https:\/\/orgueil82.jvillain.fr\/wp-content\/uploads\/C\u00e9r\u00e9monies_MaM\/11nov2019\/a0014.jpg 960w, https:\/\/orgueil82.jvillain.fr\/wp-content\/uploads\/C\u00e9r\u00e9monies_MaM\/11nov2019\/a0014-300x169.jpg 300w, https:\/\/orgueil82.jvillain.fr\/wp-content\/uploads\/C\u00e9r\u00e9monies_MaM\/11nov2019\/a0014-768x432.jpg 768w\" sizes=\"(max-width: 960px) 100vw, 960px\" \/><\/a><\/figure>\n\n\n\n<figure class=\"wp-block-image size-full\"><a href=\"https:\/\/orgueil82.jvillain.fr\/wp-content\/uploads\/C\u00e9r\u00e9monies_MaM\/11nov2019\/a0015.jpg\"><img width=\"960\" height=\"540\" data-id=\"2269\"  alt=\"\" class=\"wp-image-2269 lws-optimize-lazyload\"\/ data-src=\"https:\/\/orgueil82.jvillain.fr\/wp-content\/uploads\/C\u00e9r\u00e9monies_MaM\/11nov2019\/a0015.jpg\" srcset=\"https:\/\/orgueil82.jvillain.fr\/wp-content\/uploads\/C\u00e9r\u00e9monies_MaM\/11nov2019\/a0015.jpg 960w, https:\/\/orgueil82.jvillain.fr\/wp-content\/uploads\/C\u00e9r\u00e9monies_MaM\/11nov2019\/a0015-300x169.jpg 300w, https:\/\/orgueil82.jvillain.fr\/wp-content\/uploads\/C\u00e9r\u00e9monies_MaM\/11nov2019\/a0015-768x432.jpg 768w\" sizes=\"(max-width: 960px) 100vw, 960px\" \/><\/a><\/figure>\n\n\n\n<figure class=\"wp-block-image size-full\"><a href=\"https:\/\/orgueil82.jvillain.fr\/wp-content\/uploads\/C\u00e9r\u00e9monies_MaM\/11nov2019\/rgp0004.jpg\"><img width=\"800\" height=\"533\" data-id=\"2304\"  alt=\"\" class=\"wp-image-2304 lws-optimize-lazyload\"\/ data-src=\"https:\/\/orgueil82.jvillain.fr\/wp-content\/uploads\/C\u00e9r\u00e9monies_MaM\/11nov2019\/rgp0004.jpg\" srcset=\"https:\/\/orgueil82.jvillain.fr\/wp-content\/uploads\/C\u00e9r\u00e9monies_MaM\/11nov2019\/rgp0004.jpg 800w, https:\/\/orgueil82.jvillain.fr\/wp-content\/uploads\/C\u00e9r\u00e9monies_MaM\/11nov2019\/rgp0004-300x200.jpg 300w, https:\/\/orgueil82.jvillain.fr\/wp-content\/uploads\/C\u00e9r\u00e9monies_MaM\/11nov2019\/rgp0004-768x512.jpg 768w, https:\/\/orgueil82.jvillain.fr\/wp-content\/uploads\/C\u00e9r\u00e9monies_MaM\/11nov2019\/rgp0004-600x400.jpg 600w\" sizes=\"(max-width: 800px) 100vw, 800px\" \/><\/a><\/figure>\n<\/figure>\n\n\n\n<p>Apr\u00e8s un temps de recueillement devant le monument o\u00f9 la plaque est maintenant bien visible, le g\u00e9n\u00e9ral et madame le maire regagnent leur place dans le dispositif.<\/p>\n\n\n\n<figure class=\"wp-block-gallery aligncenter has-nested-images columns-default wp-block-gallery-37 is-layout-flex wp-block-gallery-is-layout-flex\">\n<figure class=\"wp-block-image size-full\"><a href=\"https:\/\/orgueil82.jvillain.fr\/wp-content\/uploads\/C\u00e9r\u00e9monies_MaM\/11nov2019\/a0016.jpg\"><img width=\"960\" height=\"540\" data-id=\"2274\"  alt=\"\" class=\"wp-image-2274 lws-optimize-lazyload\"\/ data-src=\"https:\/\/orgueil82.jvillain.fr\/wp-content\/uploads\/C\u00e9r\u00e9monies_MaM\/11nov2019\/a0016.jpg\" srcset=\"https:\/\/orgueil82.jvillain.fr\/wp-content\/uploads\/C\u00e9r\u00e9monies_MaM\/11nov2019\/a0016.jpg 960w, https:\/\/orgueil82.jvillain.fr\/wp-content\/uploads\/C\u00e9r\u00e9monies_MaM\/11nov2019\/a0016-300x169.jpg 300w, https:\/\/orgueil82.jvillain.fr\/wp-content\/uploads\/C\u00e9r\u00e9monies_MaM\/11nov2019\/a0016-768x432.jpg 768w\" sizes=\"(max-width: 960px) 100vw, 960px\" \/><\/a><\/figure>\n\n\n\n<figure class=\"wp-block-image size-full\"><a href=\"https:\/\/orgueil82.jvillain.fr\/wp-content\/uploads\/C\u00e9r\u00e9monies_MaM\/11nov2019\/c0014.jpg\"><img width=\"960\" height=\"540\" data-id=\"2314\"  alt=\"\" class=\"wp-image-2314 lws-optimize-lazyload\"\/ data-src=\"https:\/\/orgueil82.jvillain.fr\/wp-content\/uploads\/C\u00e9r\u00e9monies_MaM\/11nov2019\/c0014.jpg\" srcset=\"https:\/\/orgueil82.jvillain.fr\/wp-content\/uploads\/C\u00e9r\u00e9monies_MaM\/11nov2019\/c0014.jpg 960w, https:\/\/orgueil82.jvillain.fr\/wp-content\/uploads\/C\u00e9r\u00e9monies_MaM\/11nov2019\/c0014-300x169.jpg 300w, https:\/\/orgueil82.jvillain.fr\/wp-content\/uploads\/C\u00e9r\u00e9monies_MaM\/11nov2019\/c0014-768x432.jpg 768w\" sizes=\"(max-width: 960px) 100vw, 960px\" \/><\/a><\/figure>\n<\/figure>\n\n\n\n<p><strong><em>La deuxi\u00e8me partie de la c\u00e9r\u00e9monie va commencer<\/em><\/strong> : la c\u00e9r\u00e9monie de comm\u00e9moration de l&rsquo;Armistice du 11 novembre 1918, la Comm\u00e9moration de la Victoire et de la Paix et l&rsquo;Hommage \u00e0 tous les morts pour la France.<\/p>\n\n\n\n<p>Monsieur Willy AUTHESSERRE, adjoint au maire en charge de l&rsquo;enfance et de la jeunesse, pr\u00e9sente le d\u00e9roulement de la c\u00e9r\u00e9monie.<\/p>\n\n\n\n<p>Les \u00e9l\u00e8ves de l&rsquo;\u00e9cole d&rsquo;Orgueil lisent un extrait d&rsquo;une lettre d&rsquo;un poilu. :<\/p>\n\n\n<div class=\"wp-block-image\">\n<figure class=\"aligncenter size-full is-resized\"><a href=\"https:\/\/orgueil82.jvillain.fr\/wp-content\/uploads\/C\u00e9r\u00e9monies_MaM\/11nov2019\/extraitlettrepoilu.jpg\"><img width=\"1232\" height=\"683\"  alt=\"\" class=\"wp-image-2309 lws-optimize-lazyload\" style=\"width:460px;height:auto\"\/ data-src=\"https:\/\/orgueil82.jvillain.fr\/wp-content\/uploads\/C\u00e9r\u00e9monies_MaM\/11nov2019\/extraitlettrepoilu.jpg\" srcset=\"https:\/\/orgueil82.jvillain.fr\/wp-content\/uploads\/C\u00e9r\u00e9monies_MaM\/11nov2019\/extraitlettrepoilu.jpg 1232w, https:\/\/orgueil82.jvillain.fr\/wp-content\/uploads\/C\u00e9r\u00e9monies_MaM\/11nov2019\/extraitlettrepoilu-300x166.jpg 300w, https:\/\/orgueil82.jvillain.fr\/wp-content\/uploads\/C\u00e9r\u00e9monies_MaM\/11nov2019\/extraitlettrepoilu-768x426.jpg 768w\" sizes=\"(max-width: 1232px) 100vw, 1232px\" \/><\/a><\/figure>\n<\/div>\n\n\n<p>Madame le maire lit ensuite le message de madame Genevi\u00e8ve DARRIEUSSECQ, Secr\u00e9taire d&rsquo;\u00c9tat aupr\u00e8s de la Ministre des Arm\u00e9es (Cliquez&nbsp;<a href=\"https:\/\/orgueil82.jvillain.fr\/wp-content\/uploads\/C\u00e9r\u00e9monies_MaM\/11nov2019\/Message-national-11-novembre-2019.pdf\" target=\"_blank\" rel=\"noreferrer noopener\">ICI<\/a>&nbsp;pour lire ce message).<\/p>\n\n\n\n<figure class=\"wp-block-gallery aligncenter has-nested-images columns-default wp-block-gallery-38 is-layout-flex wp-block-gallery-is-layout-flex\">\n<figure class=\"wp-block-image size-full\"><a href=\"https:\/\/orgueil82.jvillain.fr\/wp-content\/uploads\/C\u00e9r\u00e9monies_MaM\/11nov2019\/b0000.jpg\"><img width=\"960\" height=\"540\" data-id=\"2270\"  alt=\"\" class=\"wp-image-2270 lws-optimize-lazyload\"\/ data-src=\"https:\/\/orgueil82.jvillain.fr\/wp-content\/uploads\/C\u00e9r\u00e9monies_MaM\/11nov2019\/b0000.jpg\" srcset=\"https:\/\/orgueil82.jvillain.fr\/wp-content\/uploads\/C\u00e9r\u00e9monies_MaM\/11nov2019\/b0000.jpg 960w, https:\/\/orgueil82.jvillain.fr\/wp-content\/uploads\/C\u00e9r\u00e9monies_MaM\/11nov2019\/b0000-300x169.jpg 300w, https:\/\/orgueil82.jvillain.fr\/wp-content\/uploads\/C\u00e9r\u00e9monies_MaM\/11nov2019\/b0000-768x432.jpg 768w\" sizes=\"(max-width: 960px) 100vw, 960px\" \/><\/a><\/figure>\n\n\n\n<figure class=\"wp-block-image size-full\"><a href=\"https:\/\/orgueil82.jvillain.fr\/wp-content\/uploads\/C\u00e9r\u00e9monies_MaM\/11nov2019\/rgp0005.jpg\"><img width=\"800\" height=\"533\" data-id=\"2291\"  alt=\"\" class=\"wp-image-2291 lws-optimize-lazyload\"\/ data-src=\"https:\/\/orgueil82.jvillain.fr\/wp-content\/uploads\/C\u00e9r\u00e9monies_MaM\/11nov2019\/rgp0005.jpg\" srcset=\"https:\/\/orgueil82.jvillain.fr\/wp-content\/uploads\/C\u00e9r\u00e9monies_MaM\/11nov2019\/rgp0005.jpg 800w, https:\/\/orgueil82.jvillain.fr\/wp-content\/uploads\/C\u00e9r\u00e9monies_MaM\/11nov2019\/rgp0005-300x200.jpg 300w, https:\/\/orgueil82.jvillain.fr\/wp-content\/uploads\/C\u00e9r\u00e9monies_MaM\/11nov2019\/rgp0005-768x512.jpg 768w, https:\/\/orgueil82.jvillain.fr\/wp-content\/uploads\/C\u00e9r\u00e9monies_MaM\/11nov2019\/rgp0005-600x400.jpg 600w\" sizes=\"(max-width: 800px) 100vw, 800px\" \/><\/a><\/figure>\n\n\n\n<figure class=\"wp-block-image size-full\"><a href=\"https:\/\/orgueil82.jvillain.fr\/wp-content\/uploads\/C\u00e9r\u00e9monies_MaM\/11nov2019\/b0001.jpg\"><img width=\"960\" height=\"540\" data-id=\"2263\"  alt=\"\" class=\"wp-image-2263 lws-optimize-lazyload\"\/ data-src=\"https:\/\/orgueil82.jvillain.fr\/wp-content\/uploads\/C\u00e9r\u00e9monies_MaM\/11nov2019\/b0001.jpg\" srcset=\"https:\/\/orgueil82.jvillain.fr\/wp-content\/uploads\/C\u00e9r\u00e9monies_MaM\/11nov2019\/b0001.jpg 960w, https:\/\/orgueil82.jvillain.fr\/wp-content\/uploads\/C\u00e9r\u00e9monies_MaM\/11nov2019\/b0001-300x169.jpg 300w, https:\/\/orgueil82.jvillain.fr\/wp-content\/uploads\/C\u00e9r\u00e9monies_MaM\/11nov2019\/b0001-768x432.jpg 768w\" sizes=\"(max-width: 960px) 100vw, 960px\" \/><\/a><\/figure>\n<\/figure>\n\n\n\n<p>Maintenant c&rsquo;est l&rsquo;Appel des Morts pour la France du village par les enfants de l&rsquo;\u00e9cole : les 22 noms qui sont grav\u00e9s sur le monument sont lus, un par un, lentement, chaque nom est suivi de l&rsquo;\u00e2ge du soldat mort pour la France &#8230;<\/p>\n\n\n\n<figure class=\"wp-block-gallery has-nested-images columns-default wp-block-gallery-39 is-layout-flex wp-block-gallery-is-layout-flex\">\n<figure class=\"wp-block-image size-full\"><a href=\"https:\/\/orgueil82.jvillain.fr\/wp-content\/uploads\/C\u00e9r\u00e9monies_MaM\/11nov2019\/b0004.jpg\"><img width=\"960\" height=\"540\" data-id=\"2275\"  alt=\"\" class=\"wp-image-2275 lws-optimize-lazyload\"\/ data-src=\"https:\/\/orgueil82.jvillain.fr\/wp-content\/uploads\/C\u00e9r\u00e9monies_MaM\/11nov2019\/b0004.jpg\" srcset=\"https:\/\/orgueil82.jvillain.fr\/wp-content\/uploads\/C\u00e9r\u00e9monies_MaM\/11nov2019\/b0004.jpg 960w, https:\/\/orgueil82.jvillain.fr\/wp-content\/uploads\/C\u00e9r\u00e9monies_MaM\/11nov2019\/b0004-300x169.jpg 300w, https:\/\/orgueil82.jvillain.fr\/wp-content\/uploads\/C\u00e9r\u00e9monies_MaM\/11nov2019\/b0004-768x432.jpg 768w\" sizes=\"(max-width: 960px) 100vw, 960px\" \/><\/a><\/figure>\n\n\n\n<figure class=\"wp-block-image size-full\"><a href=\"https:\/\/orgueil82.jvillain.fr\/wp-content\/uploads\/C\u00e9r\u00e9monies_MaM\/11nov2019\/b0003.jpg\"><img width=\"960\" height=\"540\" data-id=\"2272\"  alt=\"\" class=\"wp-image-2272 lws-optimize-lazyload\"\/ data-src=\"https:\/\/orgueil82.jvillain.fr\/wp-content\/uploads\/C\u00e9r\u00e9monies_MaM\/11nov2019\/b0003.jpg\" srcset=\"https:\/\/orgueil82.jvillain.fr\/wp-content\/uploads\/C\u00e9r\u00e9monies_MaM\/11nov2019\/b0003.jpg 960w, https:\/\/orgueil82.jvillain.fr\/wp-content\/uploads\/C\u00e9r\u00e9monies_MaM\/11nov2019\/b0003-300x169.jpg 300w, https:\/\/orgueil82.jvillain.fr\/wp-content\/uploads\/C\u00e9r\u00e9monies_MaM\/11nov2019\/b0003-768x432.jpg 768w\" sizes=\"(max-width: 960px) 100vw, 960px\" \/><\/a><\/figure>\n<\/figure>\n\n\n\n<p>Comme il est maintenant de tradition, il est proc\u00e9d\u00e9 \u00e0 l&rsquo;appel des morts pour la France de l&rsquo;ann\u00e9e 2019. Monsieur Willy AUTHESERRE lit lentement les 5 noms des soldats qui ont perdu la vie en op\u00e9rations ext\u00e9rieures cette ann\u00e9e :<\/p>\n\n\n\n<ul class=\"wp-block-list\">\n<li>Premier ma\u00eetre Alain BERTONCELLO, commando Hubert, mort pour la France au Burkina-fasso le 10 mai 2019,<\/li>\n\n\n\n<li>Premier ma\u00eetre C\u00e9dric de PIERREPONT, commando Hubert, mort pour la France au Burkina-Fasso, le 10 mai 2019,<\/li>\n\n\n\n<li>M\u00e9decin principal Marc LEYCURAS, 14e centre m\u00e9dical des arm\u00e9es, mort pour la France au Mali le 02 avril 2019<\/li>\n\n\n\n<li>Brigadier Erwann POTIER, 501e r\u00e9giment de chars de combat, mort pour la France \u00e0 Rouen (France) le 21 mai 2019 des suites de blessures re\u00e7ues au Liban<\/li>\n\n\n\n<li>Brigadier-chef Ronan POINTEAU, 1er r\u00e9giment de Spahis, mort pour la France au Mali le 02 novembre 2019.<\/li>\n<\/ul>\n\n\n\n<p>Pour chacun de ces soldats, un enfant de l&rsquo;\u00e9cole est all\u00e9 d\u00e9poser un lumignon devant le monument aux morts, cette petite flamme s&rsquo;\u00e9levant en souvenir de leur sacrifice.<\/p>\n\n\n\n<figure class=\"wp-block-gallery aligncenter has-nested-images columns-default wp-block-gallery-40 is-layout-flex wp-block-gallery-is-layout-flex\">\n<figure class=\"wp-block-image size-full\"><a href=\"https:\/\/orgueil82.jvillain.fr\/wp-content\/uploads\/C\u00e9r\u00e9monies_MaM\/11nov2019\/b0006.jpg\"><img width=\"960\" height=\"540\" data-id=\"2294\"  alt=\"\" class=\"wp-image-2294 lws-optimize-lazyload\"\/ data-src=\"https:\/\/orgueil82.jvillain.fr\/wp-content\/uploads\/C\u00e9r\u00e9monies_MaM\/11nov2019\/b0006.jpg\" srcset=\"https:\/\/orgueil82.jvillain.fr\/wp-content\/uploads\/C\u00e9r\u00e9monies_MaM\/11nov2019\/b0006.jpg 960w, https:\/\/orgueil82.jvillain.fr\/wp-content\/uploads\/C\u00e9r\u00e9monies_MaM\/11nov2019\/b0006-300x169.jpg 300w, https:\/\/orgueil82.jvillain.fr\/wp-content\/uploads\/C\u00e9r\u00e9monies_MaM\/11nov2019\/b0006-768x432.jpg 768w\" sizes=\"(max-width: 960px) 100vw, 960px\" \/><\/a><\/figure>\n\n\n\n<figure class=\"wp-block-image size-full\"><a href=\"https:\/\/orgueil82.jvillain.fr\/wp-content\/uploads\/C\u00e9r\u00e9monies_MaM\/11nov2019\/b0007.jpg\"><img width=\"960\" height=\"540\" data-id=\"2277\"  alt=\"\" class=\"wp-image-2277 lws-optimize-lazyload\"\/ data-src=\"https:\/\/orgueil82.jvillain.fr\/wp-content\/uploads\/C\u00e9r\u00e9monies_MaM\/11nov2019\/b0007.jpg\" srcset=\"https:\/\/orgueil82.jvillain.fr\/wp-content\/uploads\/C\u00e9r\u00e9monies_MaM\/11nov2019\/b0007.jpg 960w, https:\/\/orgueil82.jvillain.fr\/wp-content\/uploads\/C\u00e9r\u00e9monies_MaM\/11nov2019\/b0007-300x169.jpg 300w, https:\/\/orgueil82.jvillain.fr\/wp-content\/uploads\/C\u00e9r\u00e9monies_MaM\/11nov2019\/b0007-768x432.jpg 768w\" sizes=\"(max-width: 960px) 100vw, 960px\" \/><\/a><\/figure>\n<\/figure>\n\n\n\n<p>Vient alors le moment de d\u00e9poser les gerbes au pied du monument aux morts. Le g\u00e9n\u00e9ral Henri SZWED et le conseiller d\u00e9partemental J\u00e9r\u00f4me BEQ d\u00e9posent la gerbe du Conseil D\u00e9partemental.<\/p>\n\n\n\n<figure class=\"wp-block-gallery aligncenter has-nested-images columns-2 wp-block-gallery-41 is-layout-flex wp-block-gallery-is-layout-flex\">\n<figure class=\"wp-block-image size-full\"><a href=\"https:\/\/orgueil82.jvillain.fr\/wp-content\/uploads\/C\u00e9r\u00e9monies_MaM\/11nov2019\/rgp0006.jpg\"><img width=\"800\" height=\"533\" data-id=\"2320\"  alt=\"\" class=\"wp-image-2320 lws-optimize-lazyload\"\/ data-src=\"https:\/\/orgueil82.jvillain.fr\/wp-content\/uploads\/C\u00e9r\u00e9monies_MaM\/11nov2019\/rgp0006.jpg\" srcset=\"https:\/\/orgueil82.jvillain.fr\/wp-content\/uploads\/C\u00e9r\u00e9monies_MaM\/11nov2019\/rgp0006.jpg 800w, https:\/\/orgueil82.jvillain.fr\/wp-content\/uploads\/C\u00e9r\u00e9monies_MaM\/11nov2019\/rgp0006-300x200.jpg 300w, https:\/\/orgueil82.jvillain.fr\/wp-content\/uploads\/C\u00e9r\u00e9monies_MaM\/11nov2019\/rgp0006-768x512.jpg 768w, https:\/\/orgueil82.jvillain.fr\/wp-content\/uploads\/C\u00e9r\u00e9monies_MaM\/11nov2019\/rgp0006-600x400.jpg 600w\" sizes=\"(max-width: 800px) 100vw, 800px\" \/><\/a><\/figure>\n\n\n\n<figure class=\"wp-block-image size-full\"><a href=\"https:\/\/orgueil82.jvillain.fr\/wp-content\/uploads\/C\u00e9r\u00e9monies_MaM\/11nov2019\/rgp0007.jpg\"><img width=\"800\" height=\"533\" data-id=\"2317\"  alt=\"\" class=\"wp-image-2317 lws-optimize-lazyload\"\/ data-src=\"https:\/\/orgueil82.jvillain.fr\/wp-content\/uploads\/C\u00e9r\u00e9monies_MaM\/11nov2019\/rgp0007.jpg\" srcset=\"https:\/\/orgueil82.jvillain.fr\/wp-content\/uploads\/C\u00e9r\u00e9monies_MaM\/11nov2019\/rgp0007.jpg 800w, https:\/\/orgueil82.jvillain.fr\/wp-content\/uploads\/C\u00e9r\u00e9monies_MaM\/11nov2019\/rgp0007-300x200.jpg 300w, https:\/\/orgueil82.jvillain.fr\/wp-content\/uploads\/C\u00e9r\u00e9monies_MaM\/11nov2019\/rgp0007-768x512.jpg 768w, https:\/\/orgueil82.jvillain.fr\/wp-content\/uploads\/C\u00e9r\u00e9monies_MaM\/11nov2019\/rgp0007-600x400.jpg 600w\" sizes=\"(max-width: 800px) 100vw, 800px\" \/><\/a><\/figure>\n\n\n\n<figure class=\"wp-block-image size-full\"><a href=\"https:\/\/orgueil82.jvillain.fr\/wp-content\/uploads\/C\u00e9r\u00e9monies_MaM\/11nov2019\/c0002.jpg\"><img width=\"960\" height=\"540\" data-id=\"2295\"  alt=\"\" class=\"wp-image-2295 lws-optimize-lazyload\"\/ data-src=\"https:\/\/orgueil82.jvillain.fr\/wp-content\/uploads\/C\u00e9r\u00e9monies_MaM\/11nov2019\/c0002.jpg\" srcset=\"https:\/\/orgueil82.jvillain.fr\/wp-content\/uploads\/C\u00e9r\u00e9monies_MaM\/11nov2019\/c0002.jpg 960w, https:\/\/orgueil82.jvillain.fr\/wp-content\/uploads\/C\u00e9r\u00e9monies_MaM\/11nov2019\/c0002-300x169.jpg 300w, https:\/\/orgueil82.jvillain.fr\/wp-content\/uploads\/C\u00e9r\u00e9monies_MaM\/11nov2019\/c0002-768x432.jpg 768w\" sizes=\"(max-width: 960px) 100vw, 960px\" \/><\/a><\/figure>\n\n\n\n<figure class=\"wp-block-image size-full\"><a href=\"https:\/\/orgueil82.jvillain.fr\/wp-content\/uploads\/C\u00e9r\u00e9monies_MaM\/11nov2019\/c0001.jpg\"><img width=\"960\" height=\"540\" data-id=\"2278\"  alt=\"\" class=\"wp-image-2278 lws-optimize-lazyload\"\/ data-src=\"https:\/\/orgueil82.jvillain.fr\/wp-content\/uploads\/C\u00e9r\u00e9monies_MaM\/11nov2019\/c0001.jpg\" srcset=\"https:\/\/orgueil82.jvillain.fr\/wp-content\/uploads\/C\u00e9r\u00e9monies_MaM\/11nov2019\/c0001.jpg 960w, https:\/\/orgueil82.jvillain.fr\/wp-content\/uploads\/C\u00e9r\u00e9monies_MaM\/11nov2019\/c0001-300x169.jpg 300w, https:\/\/orgueil82.jvillain.fr\/wp-content\/uploads\/C\u00e9r\u00e9monies_MaM\/11nov2019\/c0001-768x432.jpg 768w\" sizes=\"(max-width: 960px) 100vw, 960px\" \/><\/a><\/figure>\n<\/figure>\n\n\n\n<p>Puis le Colonel Philippe BARDET, d\u00e9l\u00e9gu\u00e9 militaire d\u00e9partemental, et madame le Maire d\u00e9posent la gerbe du conseil municipal.<\/p>\n\n\n\n<figure class=\"wp-block-gallery aligncenter has-nested-images columns-default wp-block-gallery-42 is-layout-flex wp-block-gallery-is-layout-flex\">\n<figure class=\"wp-block-image size-full\"><a href=\"https:\/\/orgueil82.jvillain.fr\/wp-content\/uploads\/C\u00e9r\u00e9monies_MaM\/11nov2019\/c0003.jpg\"><img width=\"960\" height=\"540\" data-id=\"2279\"  alt=\"\" class=\"wp-image-2279 lws-optimize-lazyload\"\/ data-src=\"https:\/\/orgueil82.jvillain.fr\/wp-content\/uploads\/C\u00e9r\u00e9monies_MaM\/11nov2019\/c0003.jpg\" srcset=\"https:\/\/orgueil82.jvillain.fr\/wp-content\/uploads\/C\u00e9r\u00e9monies_MaM\/11nov2019\/c0003.jpg 960w, https:\/\/orgueil82.jvillain.fr\/wp-content\/uploads\/C\u00e9r\u00e9monies_MaM\/11nov2019\/c0003-300x169.jpg 300w, https:\/\/orgueil82.jvillain.fr\/wp-content\/uploads\/C\u00e9r\u00e9monies_MaM\/11nov2019\/c0003-768x432.jpg 768w\" sizes=\"(max-width: 960px) 100vw, 960px\" \/><\/a><\/figure>\n\n\n\n<figure class=\"wp-block-image size-full\"><a href=\"https:\/\/orgueil82.jvillain.fr\/wp-content\/uploads\/C\u00e9r\u00e9monies_MaM\/11nov2019\/c0004.jpg\"><img width=\"960\" height=\"540\" data-id=\"2289\"  alt=\"\" class=\"wp-image-2289 lws-optimize-lazyload\"\/ data-src=\"https:\/\/orgueil82.jvillain.fr\/wp-content\/uploads\/C\u00e9r\u00e9monies_MaM\/11nov2019\/c0004.jpg\" srcset=\"https:\/\/orgueil82.jvillain.fr\/wp-content\/uploads\/C\u00e9r\u00e9monies_MaM\/11nov2019\/c0004.jpg 960w, https:\/\/orgueil82.jvillain.fr\/wp-content\/uploads\/C\u00e9r\u00e9monies_MaM\/11nov2019\/c0004-300x169.jpg 300w, https:\/\/orgueil82.jvillain.fr\/wp-content\/uploads\/C\u00e9r\u00e9monies_MaM\/11nov2019\/c0004-768x432.jpg 768w\" sizes=\"(max-width: 960px) 100vw, 960px\" \/><\/a><\/figure>\n<\/figure>\n\n\n\n<p>Le g\u00e9n\u00e9ral SZWED commande alors : \u00ab\u00a0Aux morts\u00a0\u00bb, et la sonnerie aux morts s&rsquo;\u00e9l\u00e8ve dans la pluie. Elle est suivie d&rsquo;une minute de silence, le moment pour tous de se recueillir en la m\u00e9moire de ceux qui ont donn\u00e9 leurs vies pour la patrie, hier, et aujourd&rsquo;hui.<\/p>\n\n\n\n<figure class=\"wp-block-gallery has-nested-images columns-default wp-block-gallery-43 is-layout-flex wp-block-gallery-is-layout-flex\">\n<figure class=\"wp-block-image size-full\"><a href=\"https:\/\/orgueil82.jvillain.fr\/wp-content\/uploads\/C\u00e9r\u00e9monies_MaM\/11nov2019\/c0005.jpg\"><img width=\"960\" height=\"540\" data-id=\"2281\"  alt=\"\" class=\"wp-image-2281 lws-optimize-lazyload\"\/ data-src=\"https:\/\/orgueil82.jvillain.fr\/wp-content\/uploads\/C\u00e9r\u00e9monies_MaM\/11nov2019\/c0005.jpg\" srcset=\"https:\/\/orgueil82.jvillain.fr\/wp-content\/uploads\/C\u00e9r\u00e9monies_MaM\/11nov2019\/c0005.jpg 960w, https:\/\/orgueil82.jvillain.fr\/wp-content\/uploads\/C\u00e9r\u00e9monies_MaM\/11nov2019\/c0005-300x169.jpg 300w, https:\/\/orgueil82.jvillain.fr\/wp-content\/uploads\/C\u00e9r\u00e9monies_MaM\/11nov2019\/c0005-768x432.jpg 768w\" sizes=\"(max-width: 960px) 100vw, 960px\" \/><\/a><\/figure>\n\n\n\n<figure class=\"wp-block-image size-full\"><a href=\"https:\/\/orgueil82.jvillain.fr\/wp-content\/uploads\/C\u00e9r\u00e9monies_MaM\/11nov2019\/c0006.jpg\"><img width=\"960\" height=\"540\" data-id=\"2283\"  alt=\"\" class=\"wp-image-2283 lws-optimize-lazyload\"\/ data-src=\"https:\/\/orgueil82.jvillain.fr\/wp-content\/uploads\/C\u00e9r\u00e9monies_MaM\/11nov2019\/c0006.jpg\" srcset=\"https:\/\/orgueil82.jvillain.fr\/wp-content\/uploads\/C\u00e9r\u00e9monies_MaM\/11nov2019\/c0006.jpg 960w, https:\/\/orgueil82.jvillain.fr\/wp-content\/uploads\/C\u00e9r\u00e9monies_MaM\/11nov2019\/c0006-300x169.jpg 300w, https:\/\/orgueil82.jvillain.fr\/wp-content\/uploads\/C\u00e9r\u00e9monies_MaM\/11nov2019\/c0006-768x432.jpg 768w\" sizes=\"(max-width: 960px) 100vw, 960px\" \/><\/a><\/figure>\n\n\n\n<figure class=\"wp-block-image size-full\"><a href=\"https:\/\/orgueil82.jvillain.fr\/wp-content\/uploads\/C\u00e9r\u00e9monies_MaM\/11nov2019\/c0007.jpg\"><img width=\"960\" height=\"540\" data-id=\"2273\"  alt=\"\" class=\"wp-image-2273 lws-optimize-lazyload\"\/ data-src=\"https:\/\/orgueil82.jvillain.fr\/wp-content\/uploads\/C\u00e9r\u00e9monies_MaM\/11nov2019\/c0007.jpg\" srcset=\"https:\/\/orgueil82.jvillain.fr\/wp-content\/uploads\/C\u00e9r\u00e9monies_MaM\/11nov2019\/c0007.jpg 960w, https:\/\/orgueil82.jvillain.fr\/wp-content\/uploads\/C\u00e9r\u00e9monies_MaM\/11nov2019\/c0007-300x169.jpg 300w, https:\/\/orgueil82.jvillain.fr\/wp-content\/uploads\/C\u00e9r\u00e9monies_MaM\/11nov2019\/c0007-768x432.jpg 768w\" sizes=\"(max-width: 960px) 100vw, 960px\" \/><\/a><\/figure>\n<\/figure>\n\n\n\n<p>Chantal FAUCONNI\u00c9 fait alors entonner La Marseillaise aux enfants de l&rsquo;\u00e9cole<\/p>\n\n\n<div class=\"wp-block-image\">\n<figure class=\"aligncenter size-full is-resized\"><a href=\"https:\/\/orgueil82.jvillain.fr\/wp-content\/uploads\/C\u00e9r\u00e9monies_MaM\/11nov2019\/c0008.jpg\"><img width=\"960\" height=\"540\"  alt=\"\" class=\"wp-image-2287 lws-optimize-lazyload\" style=\"width:530px;height:auto\"\/ data-src=\"https:\/\/orgueil82.jvillain.fr\/wp-content\/uploads\/C\u00e9r\u00e9monies_MaM\/11nov2019\/c0008.jpg\" srcset=\"https:\/\/orgueil82.jvillain.fr\/wp-content\/uploads\/C\u00e9r\u00e9monies_MaM\/11nov2019\/c0008.jpg 960w, https:\/\/orgueil82.jvillain.fr\/wp-content\/uploads\/C\u00e9r\u00e9monies_MaM\/11nov2019\/c0008-300x169.jpg 300w, https:\/\/orgueil82.jvillain.fr\/wp-content\/uploads\/C\u00e9r\u00e9monies_MaM\/11nov2019\/c0008-768x432.jpg 768w\" sizes=\"(max-width: 960px) 100vw, 960px\" \/><\/a><\/figure>\n<\/div>\n\n\n<figure class=\"wp-block-gallery aligncenter has-nested-images columns-default wp-block-gallery-44 is-layout-flex wp-block-gallery-is-layout-flex\">\n<figure class=\"wp-block-image size-full\"><a href=\"https:\/\/orgueil82.jvillain.fr\/wp-content\/uploads\/C\u00e9r\u00e9monies_MaM\/11nov2019\/c0009.jpg\"><img width=\"960\" height=\"540\" data-id=\"2276\"  alt=\"\" class=\"wp-image-2276 lws-optimize-lazyload\"\/ data-src=\"https:\/\/orgueil82.jvillain.fr\/wp-content\/uploads\/C\u00e9r\u00e9monies_MaM\/11nov2019\/c0009.jpg\" srcset=\"https:\/\/orgueil82.jvillain.fr\/wp-content\/uploads\/C\u00e9r\u00e9monies_MaM\/11nov2019\/c0009.jpg 960w, https:\/\/orgueil82.jvillain.fr\/wp-content\/uploads\/C\u00e9r\u00e9monies_MaM\/11nov2019\/c0009-300x169.jpg 300w, https:\/\/orgueil82.jvillain.fr\/wp-content\/uploads\/C\u00e9r\u00e9monies_MaM\/11nov2019\/c0009-768x432.jpg 768w\" sizes=\"(max-width: 960px) 100vw, 960px\" \/><\/a><\/figure>\n\n\n\n<figure class=\"wp-block-image size-full\"><a href=\"https:\/\/orgueil82.jvillain.fr\/wp-content\/uploads\/C\u00e9r\u00e9monies_MaM\/11nov2019\/c0010.jpg\"><img width=\"960\" height=\"540\" data-id=\"2280\"  alt=\"\" class=\"wp-image-2280 lws-optimize-lazyload\"\/ data-src=\"https:\/\/orgueil82.jvillain.fr\/wp-content\/uploads\/C\u00e9r\u00e9monies_MaM\/11nov2019\/c0010.jpg\" srcset=\"https:\/\/orgueil82.jvillain.fr\/wp-content\/uploads\/C\u00e9r\u00e9monies_MaM\/11nov2019\/c0010.jpg 960w, https:\/\/orgueil82.jvillain.fr\/wp-content\/uploads\/C\u00e9r\u00e9monies_MaM\/11nov2019\/c0010-300x169.jpg 300w, https:\/\/orgueil82.jvillain.fr\/wp-content\/uploads\/C\u00e9r\u00e9monies_MaM\/11nov2019\/c0010-768x432.jpg 768w\" sizes=\"(max-width: 960px) 100vw, 960px\" \/><\/a><\/figure>\n<\/figure>\n\n\n\n<p>Vient ensuite le moment pour les officiels de remercier les portes drapeaux et le piquet d&rsquo;Honneur.<\/p>\n\n\n<div class=\"pgc-sgb-cb wp-block-pgcsimplygalleryblock-slider \" data-gallery-id=\"84836487\"style=&quot;min-height:460px&quot;><div class=\"sgb-preloader\" id=\"pr_84836487\">\n\t<div class=\"sgb-square\" style=\"background:#d4d4d4\"><\/div>\n\t<div class=\"sgb-square\" style=\"background:#d4d4d4\"><\/div>\n\t<div class=\"sgb-square\" style=\"background:#d4d4d4\"><\/div>\n\t<div class=\"sgb-square\" style=\"background:#d4d4d4\"><\/div><\/div><div class=\"simply-gallery-amp pgc_sgb_slider \"><noscript><div class=\"sgb-gallery\"><div class=\"sgb-item\"><a href=\"https:\/\/orgueil82.jvillain.fr\/?attachment_id=2306\" target=\"_blank\"><img alt=\"\" width=\"300\" height=\"200\" loading=\"lazy\"  srcset=\"https:\/\/orgueil82.jvillain.fr\/wp-content\/uploads\/C\u00e9r\u00e9monies_MaM\/11nov2019\/rgp0008-300x200.jpg 300w,https:\/\/orgueil82.jvillain.fr\/wp-content\/uploads\/C\u00e9r\u00e9monies_MaM\/11nov2019\/rgp0008.jpg 800w\" sizes=\"auto, 250px\"\/ class=\"lws-optimize-lazyload\" data-src=\"https:\/\/orgueil82.jvillain.fr\/wp-content\/uploads\/C\u00e9r\u00e9monies_MaM\/11nov2019\/rgp0008-300x200.jpg\"><\/a><div class=\"sgb-item-caption\"><em>                               <\/em><\/div><\/div><div class=\"sgb-item\"><a href=\"https:\/\/orgueil82.jvillain.fr\/?attachment_id=2290\" target=\"_blank\"><img alt=\"\" width=\"300\" height=\"169\" loading=\"lazy\"  srcset=\"https:\/\/orgueil82.jvillain.fr\/wp-content\/uploads\/C\u00e9r\u00e9monies_MaM\/11nov2019\/c0012-300x169.jpg 300w,https:\/\/orgueil82.jvillain.fr\/wp-content\/uploads\/C\u00e9r\u00e9monies_MaM\/11nov2019\/c0012.jpg 960w\" sizes=\"auto, 250px\"\/ class=\"lws-optimize-lazyload\" data-src=\"https:\/\/orgueil82.jvillain.fr\/wp-content\/uploads\/C\u00e9r\u00e9monies_MaM\/11nov2019\/c0012-300x169.jpg\"><\/a><div class=\"sgb-item-caption\"><em>                               <\/em><\/div><\/div><div class=\"sgb-item\"><a href=\"https:\/\/orgueil82.jvillain.fr\/?attachment_id=2286\" target=\"_blank\"><img alt=\"\" width=\"300\" height=\"169\" loading=\"lazy\"  srcset=\"https:\/\/orgueil82.jvillain.fr\/wp-content\/uploads\/C\u00e9r\u00e9monies_MaM\/11nov2019\/c0011-300x169.jpg 300w,https:\/\/orgueil82.jvillain.fr\/wp-content\/uploads\/C\u00e9r\u00e9monies_MaM\/11nov2019\/c0011.jpg 960w\" sizes=\"auto, 250px\"\/ class=\"lws-optimize-lazyload\" data-src=\"https:\/\/orgueil82.jvillain.fr\/wp-content\/uploads\/C\u00e9r\u00e9monies_MaM\/11nov2019\/c0011-300x169.jpg\"><\/a><div class=\"sgb-item-caption\"><em>                               <\/em><\/div><\/div><div class=\"sgb-item\"><a href=\"https:\/\/orgueil82.jvillain.fr\/?attachment_id=2298\" target=\"_blank\"><img alt=\"\" width=\"300\" height=\"169\" loading=\"lazy\"  srcset=\"https:\/\/orgueil82.jvillain.fr\/wp-content\/uploads\/C\u00e9r\u00e9monies_MaM\/11nov2019\/c0013-300x169.jpg 300w,https:\/\/orgueil82.jvillain.fr\/wp-content\/uploads\/C\u00e9r\u00e9monies_MaM\/11nov2019\/c0013.jpg 960w\" sizes=\"auto, 250px\"\/ class=\"lws-optimize-lazyload\" data-src=\"https:\/\/orgueil82.jvillain.fr\/wp-content\/uploads\/C\u00e9r\u00e9monies_MaM\/11nov2019\/c0013-300x169.jpg\"><\/a><div class=\"sgb-item-caption\"><em>                               <\/em><\/div><\/div><div class=\"sgb-item\"><a href=\"https:\/\/orgueil82.jvillain.fr\/?attachment_id=2262\" target=\"_blank\"><img alt=\"\" width=\"300\" height=\"194\" loading=\"lazy\"  srcset=\"https:\/\/orgueil82.jvillain.fr\/wp-content\/uploads\/C\u00e9r\u00e9monies_MaM\/11nov2019\/rgpa0001-300x194.jpg 300w,https:\/\/orgueil82.jvillain.fr\/wp-content\/uploads\/C\u00e9r\u00e9monies_MaM\/11nov2019\/rgpa0001.jpg 640w\" sizes=\"auto, 250px\"\/ class=\"lws-optimize-lazyload\" data-src=\"https:\/\/orgueil82.jvillain.fr\/wp-content\/uploads\/C\u00e9r\u00e9monies_MaM\/11nov2019\/rgpa0001-300x194.jpg\"><\/a><div class=\"sgb-item-caption\"><em>                               <\/em><\/div><\/div><\/div><\/noscript><\/div><script type=\"application\/json\" class=\"sgb-data\">{\"collectionThumbRecomendedWidth\":150,\"captions\":false,\"sliderMaxHeight\":460,\"sliderAdminWidth\":1120,\"responsiveHeight\":true,\"autoPlay\":true,\"galleryType\":\"pgc_sgb_slider\",\"galleryId\":\"84836487\",\"images\":[{\"id\":2306,\"title\":\"rgp0008\",\"url\":\"https:\/\/orgueil82.jvillain.fr\/wp-content\/uploads\/C\u00e9r\u00e9monies_MaM\/11nov2019\/rgp0008.jpg\",\"link\":\"https:\/\/orgueil82.jvillain.fr\/?attachment_id=2306\",\"alt\":\"\",\"description\":\"\",\"caption\":\"                               \",\"mime\":\"image\/jpeg\",\"type\":\"image\",\"width\":800,\"height\":533,\"sizes\":{\"thumbnail\":{\"height\":150,\"width\":150,\"url\":\"https:\/\/orgueil82.jvillain.fr\/wp-content\/uploads\/C\u00e9r\u00e9monies_MaM\/11nov2019\/rgp0008-150x150.jpg\",\"orientation\":\"landscape\"},\"medium\":{\"height\":200,\"width\":300,\"url\":\"https:\/\/orgueil82.jvillain.fr\/wp-content\/uploads\/C\u00e9r\u00e9monies_MaM\/11nov2019\/rgp0008-300x200.jpg\",\"orientation\":\"landscape\"},\"full\":{\"url\":\"https:\/\/orgueil82.jvillain.fr\/wp-content\/uploads\/C\u00e9r\u00e9monies_MaM\/11nov2019\/rgp0008.jpg\",\"height\":533,\"width\":800,\"orientation\":\"landscape\"}},\"imageMeta\":{\"aperture\":\"4\",\"credit\":\"Picasa\",\"camera\":\"NIKON D7100\",\"caption\":\"\",\"created_timestamp\":\"1573496018\",\"copyright\":\"\",\"focal_length\":\"26\",\"iso\":\"6400\",\"shutter_speed\":\"0.00625\",\"title\":\"\",\"orientation\":\"1\",\"keywords\":[]},\"meta\":false,\"postlink\":\"https:\/\/orgueil82.jvillain.fr\/?attachment_id=2306\"},{\"id\":2290,\"title\":\"c0012\",\"url\":\"https:\/\/orgueil82.jvillain.fr\/wp-content\/uploads\/C\u00e9r\u00e9monies_MaM\/11nov2019\/c0012.jpg\",\"link\":\"https:\/\/orgueil82.jvillain.fr\/?attachment_id=2290\",\"alt\":\"\",\"description\":\"\",\"caption\":\"                               \",\"mime\":\"image\/jpeg\",\"type\":\"image\",\"width\":960,\"height\":540,\"sizes\":{\"thumbnail\":{\"height\":150,\"width\":150,\"url\":\"https:\/\/orgueil82.jvillain.fr\/wp-content\/uploads\/C\u00e9r\u00e9monies_MaM\/11nov2019\/c0012-150x150.jpg\",\"orientation\":\"landscape\"},\"medium\":{\"height\":169,\"width\":300,\"url\":\"https:\/\/orgueil82.jvillain.fr\/wp-content\/uploads\/C\u00e9r\u00e9monies_MaM\/11nov2019\/c0012-300x169.jpg\",\"orientation\":\"landscape\"},\"full\":{\"url\":\"https:\/\/orgueil82.jvillain.fr\/wp-content\/uploads\/C\u00e9r\u00e9monies_MaM\/11nov2019\/c0012.jpg\",\"height\":540,\"width\":960,\"orientation\":\"landscape\"}},\"imageMeta\":{\"aperture\":\"4.5\",\"credit\":\"\",\"camera\":\"DSC-HX5V\",\"caption\":\"\",\"created_timestamp\":\"1573496818\",\"copyright\":\"\",\"focal_length\":\"10.09\",\"iso\":\"800\",\"shutter_speed\":\"0.076923076923077\",\"title\":\"\",\"orientation\":\"1\",\"keywords\":[]},\"meta\":false,\"postlink\":\"https:\/\/orgueil82.jvillain.fr\/?attachment_id=2290\"},{\"id\":2286,\"title\":\"c0011\",\"url\":\"https:\/\/orgueil82.jvillain.fr\/wp-content\/uploads\/C\u00e9r\u00e9monies_MaM\/11nov2019\/c0011.jpg\",\"link\":\"https:\/\/orgueil82.jvillain.fr\/?attachment_id=2286\",\"alt\":\"\",\"description\":\"\",\"caption\":\"                               \",\"mime\":\"image\/jpeg\",\"type\":\"image\",\"width\":960,\"height\":540,\"sizes\":{\"thumbnail\":{\"height\":150,\"width\":150,\"url\":\"https:\/\/orgueil82.jvillain.fr\/wp-content\/uploads\/C\u00e9r\u00e9monies_MaM\/11nov2019\/c0011-150x150.jpg\",\"orientation\":\"landscape\"},\"medium\":{\"height\":169,\"width\":300,\"url\":\"https:\/\/orgueil82.jvillain.fr\/wp-content\/uploads\/C\u00e9r\u00e9monies_MaM\/11nov2019\/c0011-300x169.jpg\",\"orientation\":\"landscape\"},\"full\":{\"url\":\"https:\/\/orgueil82.jvillain.fr\/wp-content\/uploads\/C\u00e9r\u00e9monies_MaM\/11nov2019\/c0011.jpg\",\"height\":540,\"width\":960,\"orientation\":\"landscape\"}},\"imageMeta\":{\"aperture\":\"4.5\",\"credit\":\"\",\"camera\":\"DSC-HX5V\",\"caption\":\"\",\"created_timestamp\":\"1573496808\",\"copyright\":\"\",\"focal_length\":\"8.27\",\"iso\":\"800\",\"shutter_speed\":\"0.076923076923077\",\"title\":\"\",\"orientation\":\"1\",\"keywords\":[]},\"meta\":false,\"postlink\":\"https:\/\/orgueil82.jvillain.fr\/?attachment_id=2286\"},{\"id\":2298,\"title\":\"c0013\",\"url\":\"https:\/\/orgueil82.jvillain.fr\/wp-content\/uploads\/C\u00e9r\u00e9monies_MaM\/11nov2019\/c0013.jpg\",\"link\":\"https:\/\/orgueil82.jvillain.fr\/?attachment_id=2298\",\"alt\":\"\",\"description\":\"\",\"caption\":\"                               \",\"mime\":\"image\/jpeg\",\"type\":\"image\",\"width\":960,\"height\":540,\"sizes\":{\"thumbnail\":{\"height\":150,\"width\":150,\"url\":\"https:\/\/orgueil82.jvillain.fr\/wp-content\/uploads\/C\u00e9r\u00e9monies_MaM\/11nov2019\/c0013-150x150.jpg\",\"orientation\":\"landscape\"},\"medium\":{\"height\":169,\"width\":300,\"url\":\"https:\/\/orgueil82.jvillain.fr\/wp-content\/uploads\/C\u00e9r\u00e9monies_MaM\/11nov2019\/c0013-300x169.jpg\",\"orientation\":\"landscape\"},\"full\":{\"url\":\"https:\/\/orgueil82.jvillain.fr\/wp-content\/uploads\/C\u00e9r\u00e9monies_MaM\/11nov2019\/c0013.jpg\",\"height\":540,\"width\":960,\"orientation\":\"landscape\"}},\"imageMeta\":{\"aperture\":\"3.5\",\"credit\":\"\",\"camera\":\"DSC-HX5V\",\"caption\":\"\",\"created_timestamp\":\"1573496921\",\"copyright\":\"\",\"focal_length\":\"4.26\",\"iso\":\"400\",\"shutter_speed\":\"0.066666666666667\",\"title\":\"\",\"orientation\":\"1\",\"keywords\":[]},\"meta\":false,\"postlink\":\"https:\/\/orgueil82.jvillain.fr\/?attachment_id=2298\"},{\"id\":2262,\"title\":\"rgpa0001\",\"url\":\"https:\/\/orgueil82.jvillain.fr\/wp-content\/uploads\/C\u00e9r\u00e9monies_MaM\/11nov2019\/rgpa0001.jpg\",\"link\":\"https:\/\/orgueil82.jvillain.fr\/?attachment_id=2262\",\"alt\":\"\",\"description\":\"\",\"caption\":\"                               \",\"mime\":\"image\/jpeg\",\"type\":\"image\",\"width\":640,\"height\":414,\"sizes\":{\"thumbnail\":{\"height\":150,\"width\":150,\"url\":\"https:\/\/orgueil82.jvillain.fr\/wp-content\/uploads\/C\u00e9r\u00e9monies_MaM\/11nov2019\/rgpa0001-150x150.jpg\",\"orientation\":\"landscape\"},\"medium\":{\"height\":194,\"width\":300,\"url\":\"https:\/\/orgueil82.jvillain.fr\/wp-content\/uploads\/C\u00e9r\u00e9monies_MaM\/11nov2019\/rgpa0001-300x194.jpg\",\"orientation\":\"landscape\"},\"full\":{\"url\":\"https:\/\/orgueil82.jvillain.fr\/wp-content\/uploads\/C\u00e9r\u00e9monies_MaM\/11nov2019\/rgpa0001.jpg\",\"height\":414,\"width\":640,\"orientation\":\"landscape\"}},\"imageMeta\":{\"aperture\":\"0\",\"credit\":\"\",\"camera\":\"PlayMemories Home\",\"caption\":\"\",\"created_timestamp\":\"1573739110\",\"copyright\":\"\",\"focal_length\":\"0\",\"iso\":\"0\",\"shutter_speed\":\"0\",\"title\":\"\",\"orientation\":\"1\",\"keywords\":[]},\"meta\":false,\"postlink\":\"https:\/\/orgueil82.jvillain.fr\/?attachment_id=2262\"}],\"sliderItemTitleEnable\":false,\"sliderSlideshowAutoStart\":true,\"sliderSlideshowDelay\":6,\"itemsMetaDataCollection\":[]}<\/script><script>(function(){if(window.PGC_SGB && window.PGC_SGB.searcher){window.PGC_SGB.searcher.initBlocks()}})()<\/script><\/div>\n\n\n<p>La nuit est tomb\u00e9e, le monument \u00e9clair\u00e9 en Bleu Blanc Rouge a fi\u00e8re allure, il restera \u00e9clair\u00e9 toute la nuit.<\/p>\n\n\n\n<figure class=\"wp-block-gallery aligncenter has-nested-images columns-default wp-block-gallery-45 is-layout-flex wp-block-gallery-is-layout-flex\">\n<figure class=\"wp-block-image size-full\"><a href=\"https:\/\/orgueil82.jvillain.fr\/wp-content\/uploads\/C\u00e9r\u00e9monies_MaM\/11nov2019\/c0015.jpg\"><img width=\"540\" height=\"960\" data-id=\"2322\"  alt=\"\" class=\"wp-image-2322 lws-optimize-lazyload\"\/ data-src=\"https:\/\/orgueil82.jvillain.fr\/wp-content\/uploads\/C\u00e9r\u00e9monies_MaM\/11nov2019\/c0015.jpg\" srcset=\"https:\/\/orgueil82.jvillain.fr\/wp-content\/uploads\/C\u00e9r\u00e9monies_MaM\/11nov2019\/c0015.jpg 540w, https:\/\/orgueil82.jvillain.fr\/wp-content\/uploads\/C\u00e9r\u00e9monies_MaM\/11nov2019\/c0015-169x300.jpg 169w\" sizes=\"(max-width: 540px) 100vw, 540px\" \/><\/a><\/figure>\n\n\n\n<figure class=\"wp-block-image size-full\"><a href=\"https:\/\/orgueil82.jvillain.fr\/wp-content\/uploads\/C\u00e9r\u00e9monies_MaM\/11nov2019\/c0016.jpg\"><img width=\"960\" height=\"540\" data-id=\"2307\"  alt=\"\" class=\"wp-image-2307 lws-optimize-lazyload\"\/ data-src=\"https:\/\/orgueil82.jvillain.fr\/wp-content\/uploads\/C\u00e9r\u00e9monies_MaM\/11nov2019\/c0016.jpg\" srcset=\"https:\/\/orgueil82.jvillain.fr\/wp-content\/uploads\/C\u00e9r\u00e9monies_MaM\/11nov2019\/c0016.jpg 960w, https:\/\/orgueil82.jvillain.fr\/wp-content\/uploads\/C\u00e9r\u00e9monies_MaM\/11nov2019\/c0016-300x169.jpg 300w, https:\/\/orgueil82.jvillain.fr\/wp-content\/uploads\/C\u00e9r\u00e9monies_MaM\/11nov2019\/c0016-768x432.jpg 768w\" sizes=\"(max-width: 960px) 100vw, 960px\" \/><\/a><\/figure>\n<\/figure>\n\n\n\n<p>Tout le monde se dirige vers la salle des f\u00eates o\u00f9 attend le vin d&rsquo;honneur. Les portes-drapeaux posent leurs drapeaux, on enl\u00e8ve les vestes de pluie, &#8230;<\/p>\n\n\n<div class=\"wp-block-image\">\n<figure class=\"aligncenter size-full\"><a href=\"https:\/\/orgueil82.jvillain.fr\/wp-content\/uploads\/C\u00e9r\u00e9monies_MaM\/11nov2019\/d0002.jpg\"><img width=\"960\" height=\"540\"  alt=\"\" class=\"wp-image-2299 lws-optimize-lazyload\"\/ data-src=\"https:\/\/orgueil82.jvillain.fr\/wp-content\/uploads\/C\u00e9r\u00e9monies_MaM\/11nov2019\/d0002.jpg\" srcset=\"https:\/\/orgueil82.jvillain.fr\/wp-content\/uploads\/C\u00e9r\u00e9monies_MaM\/11nov2019\/d0002.jpg 960w, https:\/\/orgueil82.jvillain.fr\/wp-content\/uploads\/C\u00e9r\u00e9monies_MaM\/11nov2019\/d0002-300x169.jpg 300w, https:\/\/orgueil82.jvillain.fr\/wp-content\/uploads\/C\u00e9r\u00e9monies_MaM\/11nov2019\/d0002-768x432.jpg 768w\" sizes=\"(max-width: 960px) 100vw, 960px\" \/><\/a><\/figure>\n<\/div>\n\n<div class=\"wp-block-image\">\n<figure class=\"aligncenter size-full is-resized\"><a href=\"https:\/\/orgueil82.jvillain.fr\/wp-content\/uploads\/C\u00e9r\u00e9monies_MaM\/11nov2019\/d0001.jpg\"><img width=\"960\" height=\"540\"  alt=\"\" class=\"wp-image-2296 lws-optimize-lazyload\" style=\"width:650px;height:auto\"\/ data-src=\"https:\/\/orgueil82.jvillain.fr\/wp-content\/uploads\/C\u00e9r\u00e9monies_MaM\/11nov2019\/d0001.jpg\" srcset=\"https:\/\/orgueil82.jvillain.fr\/wp-content\/uploads\/C\u00e9r\u00e9monies_MaM\/11nov2019\/d0001.jpg 960w, https:\/\/orgueil82.jvillain.fr\/wp-content\/uploads\/C\u00e9r\u00e9monies_MaM\/11nov2019\/d0001-300x169.jpg 300w, https:\/\/orgueil82.jvillain.fr\/wp-content\/uploads\/C\u00e9r\u00e9monies_MaM\/11nov2019\/d0001-768x432.jpg 768w\" sizes=\"(max-width: 960px) 100vw, 960px\" \/><\/a><\/figure>\n<\/div>\n\n\n<p>C&rsquo;est le moment, au sec et au chaud, pour madame le Maire de remercier toutes les personnes pr\u00e9sentes et ceux qui ont pr\u00e9par\u00e9 cette c\u00e9r\u00e9monie et d&rsquo;expliquer sa joie et sa fiert\u00e9 que son fr\u00e8re, le G\u00e9n\u00e9ral de Division (2S) Henri SZWED, ait accept\u00e9 de venir inaugurer cette plaque en m\u00e9moire des soldats morts en op\u00e9rations ext\u00e9rieures.<\/p>\n\n\n\n<figure class=\"wp-block-gallery aligncenter has-nested-images columns-default wp-block-gallery-46 is-layout-flex wp-block-gallery-is-layout-flex\">\n<figure class=\"wp-block-image size-full\"><a href=\"https:\/\/orgueil82.jvillain.fr\/wp-content\/uploads\/C\u00e9r\u00e9monies_MaM\/11nov2019\/d0005.jpg\"><img width=\"960\" height=\"540\" data-id=\"2300\"  alt=\"\" class=\"wp-image-2300 lws-optimize-lazyload\"\/ data-src=\"https:\/\/orgueil82.jvillain.fr\/wp-content\/uploads\/C\u00e9r\u00e9monies_MaM\/11nov2019\/d0005.jpg\" srcset=\"https:\/\/orgueil82.jvillain.fr\/wp-content\/uploads\/C\u00e9r\u00e9monies_MaM\/11nov2019\/d0005.jpg 960w, https:\/\/orgueil82.jvillain.fr\/wp-content\/uploads\/C\u00e9r\u00e9monies_MaM\/11nov2019\/d0005-300x169.jpg 300w, https:\/\/orgueil82.jvillain.fr\/wp-content\/uploads\/C\u00e9r\u00e9monies_MaM\/11nov2019\/d0005-768x432.jpg 768w\" sizes=\"(max-width: 960px) 100vw, 960px\" \/><\/a><\/figure>\n\n\n\n<figure class=\"wp-block-image size-full\"><a href=\"https:\/\/orgueil82.jvillain.fr\/wp-content\/uploads\/C\u00e9r\u00e9monies_MaM\/11nov2019\/d0006.jpg\"><img width=\"960\" height=\"540\" data-id=\"2316\"  alt=\"\" class=\"wp-image-2316 lws-optimize-lazyload\"\/ data-src=\"https:\/\/orgueil82.jvillain.fr\/wp-content\/uploads\/C\u00e9r\u00e9monies_MaM\/11nov2019\/d0006.jpg\" srcset=\"https:\/\/orgueil82.jvillain.fr\/wp-content\/uploads\/C\u00e9r\u00e9monies_MaM\/11nov2019\/d0006.jpg 960w, https:\/\/orgueil82.jvillain.fr\/wp-content\/uploads\/C\u00e9r\u00e9monies_MaM\/11nov2019\/d0006-300x169.jpg 300w, https:\/\/orgueil82.jvillain.fr\/wp-content\/uploads\/C\u00e9r\u00e9monies_MaM\/11nov2019\/d0006-768x432.jpg 768w\" sizes=\"(max-width: 960px) 100vw, 960px\" \/><\/a><\/figure>\n<\/figure>\n\n\n\n<p>Elle passe ensuite la parole au Colonel Philippe BARDET, d\u00e9l\u00e9gu\u00e9 militaire d\u00e9partemental<\/p>\n\n\n\n<figure class=\"wp-block-gallery has-nested-images columns-default wp-block-gallery-47 is-layout-flex wp-block-gallery-is-layout-flex\">\n<figure class=\"wp-block-image size-full\"><a href=\"https:\/\/orgueil82.jvillain.fr\/wp-content\/uploads\/C\u00e9r\u00e9monies_MaM\/11nov2019\/d0007.jpg\"><img width=\"960\" height=\"540\" data-id=\"2308\"  alt=\"\" class=\"wp-image-2308 lws-optimize-lazyload\"\/ data-src=\"https:\/\/orgueil82.jvillain.fr\/wp-content\/uploads\/C\u00e9r\u00e9monies_MaM\/11nov2019\/d0007.jpg\" srcset=\"https:\/\/orgueil82.jvillain.fr\/wp-content\/uploads\/C\u00e9r\u00e9monies_MaM\/11nov2019\/d0007.jpg 960w, https:\/\/orgueil82.jvillain.fr\/wp-content\/uploads\/C\u00e9r\u00e9monies_MaM\/11nov2019\/d0007-300x169.jpg 300w, https:\/\/orgueil82.jvillain.fr\/wp-content\/uploads\/C\u00e9r\u00e9monies_MaM\/11nov2019\/d0007-768x432.jpg 768w\" sizes=\"(max-width: 960px) 100vw, 960px\" \/><\/a><\/figure>\n\n\n\n<figure class=\"wp-block-image size-full\"><a href=\"https:\/\/orgueil82.jvillain.fr\/wp-content\/uploads\/C\u00e9r\u00e9monies_MaM\/11nov2019\/d0008.jpg\"><img width=\"960\" height=\"540\" data-id=\"2313\"  alt=\"\" class=\"wp-image-2313 lws-optimize-lazyload\"\/ data-src=\"https:\/\/orgueil82.jvillain.fr\/wp-content\/uploads\/C\u00e9r\u00e9monies_MaM\/11nov2019\/d0008.jpg\" srcset=\"https:\/\/orgueil82.jvillain.fr\/wp-content\/uploads\/C\u00e9r\u00e9monies_MaM\/11nov2019\/d0008.jpg 960w, https:\/\/orgueil82.jvillain.fr\/wp-content\/uploads\/C\u00e9r\u00e9monies_MaM\/11nov2019\/d0008-300x169.jpg 300w, https:\/\/orgueil82.jvillain.fr\/wp-content\/uploads\/C\u00e9r\u00e9monies_MaM\/11nov2019\/d0008-768x432.jpg 768w\" sizes=\"(max-width: 960px) 100vw, 960px\" \/><\/a><\/figure>\n<\/figure>\n\n\n\n<p>Puis \u00e0 J\u00e9r\u00f4me BEQ, maire de Labastide-Saint-Pierre, conseiller d\u00e9partemental<\/p>\n\n\n\n<figure class=\"wp-block-gallery aligncenter has-nested-images columns-default wp-block-gallery-48 is-layout-flex wp-block-gallery-is-layout-flex\">\n<figure class=\"wp-block-image size-full\"><a href=\"https:\/\/orgueil82.jvillain.fr\/wp-content\/uploads\/C\u00e9r\u00e9monies_MaM\/11nov2019\/d0011.jpg\"><img width=\"960\" height=\"540\" data-id=\"2303\"  alt=\"\" class=\"wp-image-2303 lws-optimize-lazyload\"\/ data-src=\"https:\/\/orgueil82.jvillain.fr\/wp-content\/uploads\/C\u00e9r\u00e9monies_MaM\/11nov2019\/d0011.jpg\" srcset=\"https:\/\/orgueil82.jvillain.fr\/wp-content\/uploads\/C\u00e9r\u00e9monies_MaM\/11nov2019\/d0011.jpg 960w, https:\/\/orgueil82.jvillain.fr\/wp-content\/uploads\/C\u00e9r\u00e9monies_MaM\/11nov2019\/d0011-300x169.jpg 300w, https:\/\/orgueil82.jvillain.fr\/wp-content\/uploads\/C\u00e9r\u00e9monies_MaM\/11nov2019\/d0011-768x432.jpg 768w\" sizes=\"(max-width: 960px) 100vw, 960px\" \/><\/a><\/figure>\n\n\n\n<figure class=\"wp-block-image size-full\"><a href=\"https:\/\/orgueil82.jvillain.fr\/wp-content\/uploads\/C\u00e9r\u00e9monies_MaM\/11nov2019\/d0013.jpg\"><img width=\"960\" height=\"540\" data-id=\"2311\"  alt=\"\" class=\"wp-image-2311 lws-optimize-lazyload\"\/ data-src=\"https:\/\/orgueil82.jvillain.fr\/wp-content\/uploads\/C\u00e9r\u00e9monies_MaM\/11nov2019\/d0013.jpg\" srcset=\"https:\/\/orgueil82.jvillain.fr\/wp-content\/uploads\/C\u00e9r\u00e9monies_MaM\/11nov2019\/d0013.jpg 960w, https:\/\/orgueil82.jvillain.fr\/wp-content\/uploads\/C\u00e9r\u00e9monies_MaM\/11nov2019\/d0013-300x169.jpg 300w, https:\/\/orgueil82.jvillain.fr\/wp-content\/uploads\/C\u00e9r\u00e9monies_MaM\/11nov2019\/d0013-768x432.jpg 768w\" sizes=\"(max-width: 960px) 100vw, 960px\" \/><\/a><\/figure>\n<\/figure>\n\n\n\n<p>et enfin au G\u00e9n\u00e9ral SZWED qui exprimera sa joie d&rsquo;\u00eatre pr\u00e9sent pour cette c\u00e9r\u00e9monie en pr\u00e9sence d&rsquo;anciens camarades de classe et d&rsquo;anciens compagnons d&rsquo;armes et de sa famille et de repr\u00e9sentants du 17e R.G.P. dont il fut le chef de Corps.<\/p>\n\n\n\n<figure class=\"wp-block-gallery aligncenter has-nested-images columns-4 wp-block-gallery-49 is-layout-flex wp-block-gallery-is-layout-flex\">\n<figure class=\"wp-block-image size-full\"><a href=\"https:\/\/orgueil82.jvillain.fr\/wp-content\/uploads\/C\u00e9r\u00e9monies_MaM\/11nov2019\/d0015.jpg\"><img width=\"540\" height=\"960\" data-id=\"2302\"  alt=\"\" class=\"wp-image-2302 lws-optimize-lazyload\"\/ data-src=\"https:\/\/orgueil82.jvillain.fr\/wp-content\/uploads\/C\u00e9r\u00e9monies_MaM\/11nov2019\/d0015.jpg\" srcset=\"https:\/\/orgueil82.jvillain.fr\/wp-content\/uploads\/C\u00e9r\u00e9monies_MaM\/11nov2019\/d0015.jpg 540w, https:\/\/orgueil82.jvillain.fr\/wp-content\/uploads\/C\u00e9r\u00e9monies_MaM\/11nov2019\/d0015-169x300.jpg 169w\" sizes=\"(max-width: 540px) 100vw, 540px\" \/><\/a><\/figure>\n\n\n\n<figure class=\"wp-block-image size-full\"><a href=\"https:\/\/orgueil82.jvillain.fr\/wp-content\/uploads\/C\u00e9r\u00e9monies_MaM\/11nov2019\/d0014.jpg\"><img width=\"960\" height=\"540\" data-id=\"2297\"  alt=\"\" class=\"wp-image-2297 lws-optimize-lazyload\"\/ data-src=\"https:\/\/orgueil82.jvillain.fr\/wp-content\/uploads\/C\u00e9r\u00e9monies_MaM\/11nov2019\/d0014.jpg\" srcset=\"https:\/\/orgueil82.jvillain.fr\/wp-content\/uploads\/C\u00e9r\u00e9monies_MaM\/11nov2019\/d0014.jpg 960w, https:\/\/orgueil82.jvillain.fr\/wp-content\/uploads\/C\u00e9r\u00e9monies_MaM\/11nov2019\/d0014-300x169.jpg 300w, https:\/\/orgueil82.jvillain.fr\/wp-content\/uploads\/C\u00e9r\u00e9monies_MaM\/11nov2019\/d0014-768x432.jpg 768w\" sizes=\"(max-width: 960px) 100vw, 960px\" \/><\/a><\/figure>\n\n\n\n<figure class=\"wp-block-image size-full\"><a href=\"https:\/\/orgueil82.jvillain.fr\/wp-content\/uploads\/C\u00e9r\u00e9monies_MaM\/11nov2019\/d0016.jpg\"><img width=\"960\" height=\"540\" data-id=\"2292\"  alt=\"\" class=\"wp-image-2292 lws-optimize-lazyload\"\/ data-src=\"https:\/\/orgueil82.jvillain.fr\/wp-content\/uploads\/C\u00e9r\u00e9monies_MaM\/11nov2019\/d0016.jpg\" srcset=\"https:\/\/orgueil82.jvillain.fr\/wp-content\/uploads\/C\u00e9r\u00e9monies_MaM\/11nov2019\/d0016.jpg 960w, https:\/\/orgueil82.jvillain.fr\/wp-content\/uploads\/C\u00e9r\u00e9monies_MaM\/11nov2019\/d0016-300x169.jpg 300w, https:\/\/orgueil82.jvillain.fr\/wp-content\/uploads\/C\u00e9r\u00e9monies_MaM\/11nov2019\/d0016-768x432.jpg 768w\" sizes=\"(max-width: 960px) 100vw, 960px\" \/><\/a><\/figure>\n\n\n\n<figure class=\"wp-block-image size-full\"><a href=\"https:\/\/orgueil82.jvillain.fr\/wp-content\/uploads\/C\u00e9r\u00e9monies_MaM\/11nov2019\/p0001.jpg\"><img width=\"768\" height=\"432\" data-id=\"2293\"  alt=\"\" class=\"wp-image-2293 lws-optimize-lazyload\"\/ data-src=\"https:\/\/orgueil82.jvillain.fr\/wp-content\/uploads\/C\u00e9r\u00e9monies_MaM\/11nov2019\/p0001.jpg\" srcset=\"https:\/\/orgueil82.jvillain.fr\/wp-content\/uploads\/C\u00e9r\u00e9monies_MaM\/11nov2019\/p0001.jpg 768w, https:\/\/orgueil82.jvillain.fr\/wp-content\/uploads\/C\u00e9r\u00e9monies_MaM\/11nov2019\/p0001-300x169.jpg 300w\" sizes=\"(max-width: 768px) 100vw, 768px\" \/><\/a><\/figure>\n<\/figure>\n\n\n\n<p>Et, les discours finis, tous les pr\u00e9sents ont pu boire un verre et se restaurer en discutant.<\/p>\n\n\n\n<p>Merci au conseil municipal de cette initiative d&rsquo;apposer une plaque \u00e0 la m\u00e9moire des soldats morts en Op\u00e9rations Ext\u00e9rieures.<\/p>\n\n\n\n<p>Merci aux \u00e9lus pour la pr\u00e9paration de l&rsquo;\u00e9v\u00e8nement. Merci aux enseignants et aux enfants des \u00e9coles de toujours r\u00e9pondre pr\u00e9sent pour participer \u00e0 cette c\u00e9r\u00e9monie du 11 novembre. Merci aux associations d&rsquo;avoir \u00e9t\u00e9 pr\u00e9sents, aux citoyens d&rsquo;avoir brav\u00e9 la pluie, &#8230;<\/p>\n\n\n\n<p>Merci aux diverses autorit\u00e9s militaires et civiles, aux portes-drapeaux, aux associations d&rsquo;anciens combattants, au repr\u00e9sentant du Souvenir Fran\u00e7ais d&rsquo;avoir affront\u00e9 la pluie pour cette c\u00e9r\u00e9monie. Merci au Colonel commandant le 17e R.G.P. de s&rsquo;\u00eatre fait repr\u00e9sent\u00e9 et d&rsquo;avoir d\u00e9tach\u00e9 un piquet d&rsquo;Honneur et merci aux membres de ce piquet d&rsquo;Honneur. Merci au club des ain\u00e9s pour le pr\u00eat de la sono, et \u00e0 la soci\u00e9t\u00e9 BOE qui a illumin\u00e9 le monument des trois couleurs de la France.<\/p>\n\n\n\n<p>Bref merci \u00e0 tous d&rsquo;avoir oeuvr\u00e9 \u00e0 la r\u00e9ussite de cette c\u00e9r\u00e9monie.<\/p>\n\n\n\n<p><em>Merci aux photographes dont les photos sont venues compl\u00e9ter les miennes: communication du 17e R.G.P. (capitaine Philippe Gousset), et monsieur Francis Bruot<\/em><\/p>\n\n\n\n<p><a href=\"#hautpage\">Retour en haut de la page<\/a><\/p>\n\n\n\n<hr class=\"wp-block-separator has-alpha-channel-opacity\"\/>\n\n\n\n<h2 class=\"wp-block-heading has-global-color-14-color has-text-color has-link-color wp-elements-c5ec24bbfcca54976d85526b97cb7d74\" id=\"08mai2019\" style=\"font-style:normal;font-weight:600\">Comm\u00e9moration du 8 mai &#8211; 74e anniversaire de la fin de la seconde guerre mondiale &#8211; Mercredi 8 mai 2019<\/h2>\n\n\n\n<p>La municipalit\u00e9 avait organis\u00e9 une c\u00e9r\u00e9monie pour la comm\u00e9moration du 8 mai, c\u00e9r\u00e9monie suivie comme d&rsquo;habitude du verre de l&rsquo;amiti\u00e9 au caf\u00e9 du village.<\/p>\n\n\n\n<p>Le 74e anniversaire de la capitulation de l&rsquo;Allemagne n&rsquo;a pas attir\u00e9 foule, nous n&rsquo;\u00e9tions qu&rsquo;une petite quarantaine devant le monument aux morts. Le temps mena\u00e7ant, quelques gouttes de pluie avant le d\u00e9but de la c\u00e9r\u00e9monie, a fait place \u00e0 une \u00e9claircie et nous avons eu droit \u00e0 un peu de soleil pour \u00e9couter le discours et nous recueillir en souvenir de ceux qui ont donn\u00e9 leur vie pour la libert\u00e9 et de ceux qui ont \u00e9t\u00e9 pers\u00e9cut\u00e9s pendant ce conflit.<\/p>\n\n\n\n<p>A 10h30 madame Catherine Villain, marie d&rsquo;Orgueil, a pris la parole pour inviter tout le monde \u00e0 se rassembler devant le monument.<\/p>\n\n\n<div class=\"pgc-sgb-cb wp-block-pgcsimplygalleryblock-slider \" data-gallery-id=\"62669111\"style=&quot;min-height:440px&quot;><div class=\"sgb-preloader\" id=\"pr_62669111\">\n\t<div class=\"sgb-square\" style=\"background:#d4d4d4\"><\/div>\n\t<div class=\"sgb-square\" style=\"background:#d4d4d4\"><\/div>\n\t<div class=\"sgb-square\" style=\"background:#d4d4d4\"><\/div>\n\t<div class=\"sgb-square\" style=\"background:#d4d4d4\"><\/div><\/div><div class=\"simply-gallery-amp pgc_sgb_slider \"><noscript><div class=\"sgb-gallery\"><div class=\"sgb-item\"><a href=\"https:\/\/orgueil82.jvillain.fr\/?attachment_id=2249\" target=\"_blank\"><img alt=\"\" width=\"300\" height=\"169\" loading=\"lazy\"  srcset=\"https:\/\/orgueil82.jvillain.fr\/wp-content\/uploads\/C\u00e9r\u00e9monies_MaM\/08mai2019\/8mai2019a0002-300x169.jpg 300w,https:\/\/orgueil82.jvillain.fr\/wp-content\/uploads\/C\u00e9r\u00e9monies_MaM\/08mai2019\/8mai2019a0002.jpg 1152w\" sizes=\"auto, 250px\"\/ class=\"lws-optimize-lazyload\" data-src=\"https:\/\/orgueil82.jvillain.fr\/wp-content\/uploads\/C\u00e9r\u00e9monies_MaM\/08mai2019\/8mai2019a0002-300x169.jpg\"><\/a><div class=\"sgb-item-caption\"><em>                               <\/em><\/div><\/div><div class=\"sgb-item\"><a href=\"https:\/\/orgueil82.jvillain.fr\/?attachment_id=2250\" target=\"_blank\"><img alt=\"\" width=\"300\" height=\"169\" loading=\"lazy\"  srcset=\"https:\/\/orgueil82.jvillain.fr\/wp-content\/uploads\/C\u00e9r\u00e9monies_MaM\/08mai2019\/8mai2019a0003-300x169.jpg 300w,https:\/\/orgueil82.jvillain.fr\/wp-content\/uploads\/C\u00e9r\u00e9monies_MaM\/08mai2019\/8mai2019a0003.jpg 1152w\" sizes=\"auto, 250px\"\/ class=\"lws-optimize-lazyload\" data-src=\"https:\/\/orgueil82.jvillain.fr\/wp-content\/uploads\/C\u00e9r\u00e9monies_MaM\/08mai2019\/8mai2019a0003-300x169.jpg\"><\/a><div class=\"sgb-item-caption\"><em>                               <\/em><\/div><\/div><div class=\"sgb-item\"><a href=\"https:\/\/orgueil82.jvillain.fr\/?attachment_id=2245\" target=\"_blank\"><img alt=\"\" width=\"300\" height=\"169\" loading=\"lazy\"  srcset=\"https:\/\/orgueil82.jvillain.fr\/wp-content\/uploads\/C\u00e9r\u00e9monies_MaM\/08mai2019\/8mai2019a0005-300x169.jpg 300w,https:\/\/orgueil82.jvillain.fr\/wp-content\/uploads\/C\u00e9r\u00e9monies_MaM\/08mai2019\/8mai2019a0005.jpg 1152w\" sizes=\"auto, 250px\"\/ class=\"lws-optimize-lazyload\" data-src=\"https:\/\/orgueil82.jvillain.fr\/wp-content\/uploads\/C\u00e9r\u00e9monies_MaM\/08mai2019\/8mai2019a0005-300x169.jpg\"><\/a><div class=\"sgb-item-caption\"><em>                               <\/em><\/div><\/div><div class=\"sgb-item\"><a href=\"https:\/\/orgueil82.jvillain.fr\/?attachment_id=2253\" target=\"_blank\"><img alt=\"\" width=\"169\" height=\"300\" loading=\"lazy\"  srcset=\"https:\/\/orgueil82.jvillain.fr\/wp-content\/uploads\/C\u00e9r\u00e9monies_MaM\/08mai2019\/8mai2019a0007-169x300.jpg 169w,https:\/\/orgueil82.jvillain.fr\/wp-content\/uploads\/C\u00e9r\u00e9monies_MaM\/08mai2019\/8mai2019a0007.jpg 648w\" sizes=\"auto, 250px\"\/ class=\"lws-optimize-lazyload\" data-src=\"https:\/\/orgueil82.jvillain.fr\/wp-content\/uploads\/C\u00e9r\u00e9monies_MaM\/08mai2019\/8mai2019a0007-169x300.jpg\"><\/a><div class=\"sgb-item-caption\"><em>                               <\/em><\/div><\/div><div class=\"sgb-item\"><a href=\"https:\/\/orgueil82.jvillain.fr\/?attachment_id=2246\" target=\"_blank\"><img alt=\"\" width=\"169\" height=\"300\" loading=\"lazy\"  srcset=\"https:\/\/orgueil82.jvillain.fr\/wp-content\/uploads\/C\u00e9r\u00e9monies_MaM\/08mai2019\/8mai2019a0009-169x300.jpg 169w,https:\/\/orgueil82.jvillain.fr\/wp-content\/uploads\/C\u00e9r\u00e9monies_MaM\/08mai2019\/8mai2019a0009.jpg 648w\" sizes=\"auto, 250px\"\/ class=\"lws-optimize-lazyload\" data-src=\"https:\/\/orgueil82.jvillain.fr\/wp-content\/uploads\/C\u00e9r\u00e9monies_MaM\/08mai2019\/8mai2019a0009-169x300.jpg\"><\/a><div class=\"sgb-item-caption\"><em>                               <\/em><\/div><\/div><\/div><\/noscript><\/div><script type=\"application\/json\" class=\"sgb-data\">{\"collectionThumbRecomendedWidth\":150,\"captions\":false,\"collectionThumbSubMenuDownload\":false,\"sliderMaxHeight\":440,\"sliderAdminWidth\":940,\"responsiveHeight\":true,\"galleryType\":\"pgc_sgb_slider\",\"galleryId\":\"62669111\",\"images\":[{\"id\":2249,\"title\":\"8mai2019a0002\",\"url\":\"https:\/\/orgueil82.jvillain.fr\/wp-content\/uploads\/C\u00e9r\u00e9monies_MaM\/08mai2019\/8mai2019a0002.jpg\",\"link\":\"https:\/\/orgueil82.jvillain.fr\/?attachment_id=2249\",\"alt\":\"\",\"description\":\"\",\"caption\":\"                               \",\"mime\":\"image\/jpeg\",\"type\":\"image\",\"width\":1152,\"height\":648,\"sizes\":{\"thumbnail\":{\"height\":150,\"width\":150,\"url\":\"https:\/\/orgueil82.jvillain.fr\/wp-content\/uploads\/C\u00e9r\u00e9monies_MaM\/08mai2019\/8mai2019a0002-150x150.jpg\",\"orientation\":\"landscape\"},\"medium\":{\"height\":169,\"width\":300,\"url\":\"https:\/\/orgueil82.jvillain.fr\/wp-content\/uploads\/C\u00e9r\u00e9monies_MaM\/08mai2019\/8mai2019a0002-300x169.jpg\",\"orientation\":\"landscape\"},\"full\":{\"url\":\"https:\/\/orgueil82.jvillain.fr\/wp-content\/uploads\/C\u00e9r\u00e9monies_MaM\/08mai2019\/8mai2019a0002.jpg\",\"height\":648,\"width\":1152,\"orientation\":\"landscape\"}},\"imageMeta\":{\"aperture\":\"8\",\"credit\":\"\",\"camera\":\"DSC-HX5V\",\"caption\":\"\",\"created_timestamp\":\"1557311510\",\"copyright\":\"\",\"focal_length\":\"4.25\",\"iso\":\"125\",\"shutter_speed\":\"0.005\",\"title\":\"\",\"orientation\":\"1\",\"keywords\":[]},\"meta\":false,\"postlink\":\"https:\/\/orgueil82.jvillain.fr\/?attachment_id=2249\"},{\"id\":2250,\"title\":\"8mai2019a0003\",\"url\":\"https:\/\/orgueil82.jvillain.fr\/wp-content\/uploads\/C\u00e9r\u00e9monies_MaM\/08mai2019\/8mai2019a0003.jpg\",\"link\":\"https:\/\/orgueil82.jvillain.fr\/?attachment_id=2250\",\"alt\":\"\",\"description\":\"\",\"caption\":\"                               \",\"mime\":\"image\/jpeg\",\"type\":\"image\",\"width\":1152,\"height\":648,\"sizes\":{\"thumbnail\":{\"height\":150,\"width\":150,\"url\":\"https:\/\/orgueil82.jvillain.fr\/wp-content\/uploads\/C\u00e9r\u00e9monies_MaM\/08mai2019\/8mai2019a0003-150x150.jpg\",\"orientation\":\"landscape\"},\"medium\":{\"height\":169,\"width\":300,\"url\":\"https:\/\/orgueil82.jvillain.fr\/wp-content\/uploads\/C\u00e9r\u00e9monies_MaM\/08mai2019\/8mai2019a0003-300x169.jpg\",\"orientation\":\"landscape\"},\"full\":{\"url\":\"https:\/\/orgueil82.jvillain.fr\/wp-content\/uploads\/C\u00e9r\u00e9monies_MaM\/08mai2019\/8mai2019a0003.jpg\",\"height\":648,\"width\":1152,\"orientation\":\"landscape\"}},\"imageMeta\":{\"aperture\":\"8\",\"credit\":\"\",\"camera\":\"DSC-HX5V\",\"caption\":\"\",\"created_timestamp\":\"1557311527\",\"copyright\":\"\",\"focal_length\":\"4.25\",\"iso\":\"125\",\"shutter_speed\":\"0.005\",\"title\":\"\",\"orientation\":\"1\",\"keywords\":[]},\"meta\":false,\"postlink\":\"https:\/\/orgueil82.jvillain.fr\/?attachment_id=2250\"},{\"id\":2245,\"title\":\"8mai2019a0005\",\"url\":\"https:\/\/orgueil82.jvillain.fr\/wp-content\/uploads\/C\u00e9r\u00e9monies_MaM\/08mai2019\/8mai2019a0005.jpg\",\"link\":\"https:\/\/orgueil82.jvillain.fr\/?attachment_id=2245\",\"alt\":\"\",\"description\":\"\",\"caption\":\"                               \",\"mime\":\"image\/jpeg\",\"type\":\"image\",\"width\":1152,\"height\":648,\"sizes\":{\"thumbnail\":{\"height\":150,\"width\":150,\"url\":\"https:\/\/orgueil82.jvillain.fr\/wp-content\/uploads\/C\u00e9r\u00e9monies_MaM\/08mai2019\/8mai2019a0005-150x150.jpg\",\"orientation\":\"landscape\"},\"medium\":{\"height\":169,\"width\":300,\"url\":\"https:\/\/orgueil82.jvillain.fr\/wp-content\/uploads\/C\u00e9r\u00e9monies_MaM\/08mai2019\/8mai2019a0005-300x169.jpg\",\"orientation\":\"landscape\"},\"full\":{\"url\":\"https:\/\/orgueil82.jvillain.fr\/wp-content\/uploads\/C\u00e9r\u00e9monies_MaM\/08mai2019\/8mai2019a0005.jpg\",\"height\":648,\"width\":1152,\"orientation\":\"landscape\"}},\"imageMeta\":{\"aperture\":\"9\",\"credit\":\"\",\"camera\":\"DSC-HX5V\",\"caption\":\"\",\"created_timestamp\":\"1557311562\",\"copyright\":\"\",\"focal_length\":\"5.93\",\"iso\":\"125\",\"shutter_speed\":\"0.01\",\"title\":\"\",\"orientation\":\"1\",\"keywords\":[]},\"meta\":false,\"postlink\":\"https:\/\/orgueil82.jvillain.fr\/?attachment_id=2245\"},{\"id\":2253,\"title\":\"8mai2019a0007\",\"url\":\"https:\/\/orgueil82.jvillain.fr\/wp-content\/uploads\/C\u00e9r\u00e9monies_MaM\/08mai2019\/8mai2019a0007.jpg\",\"link\":\"https:\/\/orgueil82.jvillain.fr\/?attachment_id=2253\",\"alt\":\"\",\"description\":\"\",\"caption\":\"                               \",\"mime\":\"image\/jpeg\",\"type\":\"image\",\"width\":648,\"height\":1152,\"sizes\":{\"thumbnail\":{\"height\":150,\"width\":150,\"url\":\"https:\/\/orgueil82.jvillain.fr\/wp-content\/uploads\/C\u00e9r\u00e9monies_MaM\/08mai2019\/8mai2019a0007-150x150.jpg\",\"orientation\":\"landscape\"},\"medium\":{\"height\":300,\"width\":169,\"url\":\"https:\/\/orgueil82.jvillain.fr\/wp-content\/uploads\/C\u00e9r\u00e9monies_MaM\/08mai2019\/8mai2019a0007-169x300.jpg\",\"orientation\":\"portrait\"},\"full\":{\"url\":\"https:\/\/orgueil82.jvillain.fr\/wp-content\/uploads\/C\u00e9r\u00e9monies_MaM\/08mai2019\/8mai2019a0007.jpg\",\"height\":1152,\"width\":648,\"orientation\":\"portrait\"}},\"imageMeta\":{\"aperture\":\"10\",\"credit\":\"\",\"camera\":\"DSC-HX5V\",\"caption\":\"\",\"created_timestamp\":\"1557311609\",\"copyright\":\"\",\"focal_length\":\"7.58\",\"iso\":\"125\",\"shutter_speed\":\"0.005\",\"title\":\"\",\"orientation\":\"1\",\"keywords\":[]},\"meta\":false,\"postlink\":\"https:\/\/orgueil82.jvillain.fr\/?attachment_id=2253\"},{\"id\":2246,\"title\":\"8mai2019a0009\",\"url\":\"https:\/\/orgueil82.jvillain.fr\/wp-content\/uploads\/C\u00e9r\u00e9monies_MaM\/08mai2019\/8mai2019a0009.jpg\",\"link\":\"https:\/\/orgueil82.jvillain.fr\/?attachment_id=2246\",\"alt\":\"\",\"description\":\"\",\"caption\":\"                               \",\"mime\":\"image\/jpeg\",\"type\":\"image\",\"width\":648,\"height\":1152,\"sizes\":{\"thumbnail\":{\"height\":150,\"width\":150,\"url\":\"https:\/\/orgueil82.jvillain.fr\/wp-content\/uploads\/C\u00e9r\u00e9monies_MaM\/08mai2019\/8mai2019a0009-150x150.jpg\",\"orientation\":\"landscape\"},\"medium\":{\"height\":300,\"width\":169,\"url\":\"https:\/\/orgueil82.jvillain.fr\/wp-content\/uploads\/C\u00e9r\u00e9monies_MaM\/08mai2019\/8mai2019a0009-169x300.jpg\",\"orientation\":\"portrait\"},\"full\":{\"url\":\"https:\/\/orgueil82.jvillain.fr\/wp-content\/uploads\/C\u00e9r\u00e9monies_MaM\/08mai2019\/8mai2019a0009.jpg\",\"height\":1152,\"width\":648,\"orientation\":\"portrait\"}},\"imageMeta\":{\"aperture\":\"10\",\"credit\":\"\",\"camera\":\"DSC-HX5V\",\"caption\":\"\",\"created_timestamp\":\"1557311732\",\"copyright\":\"\",\"focal_length\":\"13.44\",\"iso\":\"160\",\"shutter_speed\":\"0.00625\",\"title\":\"\",\"orientation\":\"1\",\"keywords\":[]},\"meta\":false,\"postlink\":\"https:\/\/orgueil82.jvillain.fr\/?attachment_id=2246\"}],\"sliderItemTitleEnable\":false,\"sliderSlideshowAutoStart\":true,\"sliderSlideshowDelay\":6,\"itemsMetaDataCollection\":[]}<\/script><script>(function(){if(window.PGC_SGB && window.PGC_SGB.searcher){window.PGC_SGB.searcher.initBlocks()}})()<\/script><\/div>\n\n\n<p>Madame le maire commence la c\u00e9r\u00e9monie en lisant le message de Genevi\u00e8ve DARRIEUSSECQ secr\u00e9taire d&rsquo;\u00e9tat aupr\u00e8s de la ministre des Arm\u00e9es (vous pouvez t\u00e9l\u00e9charger une copie de ce message en cliquant&nbsp;<a href=\"https:\/\/orgueil82.jvillain.fr\/wp-content\/uploads\/C\u00e9r\u00e9monies_MaM\/08mai2019\/Messagesecetat.pdf\" target=\"_blank\" rel=\"noreferrer noopener\">ICI<\/a>).<\/p>\n\n\n\n<figure class=\"wp-block-gallery aligncenter has-nested-images columns-default wp-block-gallery-50 is-layout-flex wp-block-gallery-is-layout-flex\">\n<figure class=\"wp-block-image size-full\"><a href=\"https:\/\/orgueil82.jvillain.fr\/wp-content\/uploads\/C\u00e9r\u00e9monies_MaM\/08mai2019\/8mai2019a0010.jpg\"><img width=\"1152\" height=\"648\" data-id=\"2243\"  alt=\"\" class=\"wp-image-2243 lws-optimize-lazyload\"\/ data-src=\"https:\/\/orgueil82.jvillain.fr\/wp-content\/uploads\/C\u00e9r\u00e9monies_MaM\/08mai2019\/8mai2019a0010.jpg\" srcset=\"https:\/\/orgueil82.jvillain.fr\/wp-content\/uploads\/C\u00e9r\u00e9monies_MaM\/08mai2019\/8mai2019a0010.jpg 1152w, https:\/\/orgueil82.jvillain.fr\/wp-content\/uploads\/C\u00e9r\u00e9monies_MaM\/08mai2019\/8mai2019a0010-300x169.jpg 300w, https:\/\/orgueil82.jvillain.fr\/wp-content\/uploads\/C\u00e9r\u00e9monies_MaM\/08mai2019\/8mai2019a0010-768x432.jpg 768w\" sizes=\"(max-width: 1152px) 100vw, 1152px\" \/><\/a><\/figure>\n\n\n\n<figure class=\"wp-block-image size-full\"><a href=\"https:\/\/orgueil82.jvillain.fr\/wp-content\/uploads\/C\u00e9r\u00e9monies_MaM\/08mai2019\/8mai2019a0011.jpg\"><img width=\"648\" height=\"1152\" data-id=\"2258\"  alt=\"\" class=\"wp-image-2258 lws-optimize-lazyload\"\/ data-src=\"https:\/\/orgueil82.jvillain.fr\/wp-content\/uploads\/C\u00e9r\u00e9monies_MaM\/08mai2019\/8mai2019a0011.jpg\" srcset=\"https:\/\/orgueil82.jvillain.fr\/wp-content\/uploads\/C\u00e9r\u00e9monies_MaM\/08mai2019\/8mai2019a0011.jpg 648w, https:\/\/orgueil82.jvillain.fr\/wp-content\/uploads\/C\u00e9r\u00e9monies_MaM\/08mai2019\/8mai2019a0011-169x300.jpg 169w\" sizes=\"(max-width: 648px) 100vw, 648px\" \/><\/a><\/figure>\n\n\n\n<figure class=\"wp-block-image size-full\"><a href=\"https:\/\/orgueil82.jvillain.fr\/wp-content\/uploads\/C\u00e9r\u00e9monies_MaM\/08mai2019\/8mai2019a0012.jpg\"><img width=\"648\" height=\"1152\" data-id=\"2257\"  alt=\"\" class=\"wp-image-2257 lws-optimize-lazyload\"\/ data-src=\"https:\/\/orgueil82.jvillain.fr\/wp-content\/uploads\/C\u00e9r\u00e9monies_MaM\/08mai2019\/8mai2019a0012.jpg\" srcset=\"https:\/\/orgueil82.jvillain.fr\/wp-content\/uploads\/C\u00e9r\u00e9monies_MaM\/08mai2019\/8mai2019a0012.jpg 648w, https:\/\/orgueil82.jvillain.fr\/wp-content\/uploads\/C\u00e9r\u00e9monies_MaM\/08mai2019\/8mai2019a0012-169x300.jpg 169w\" sizes=\"(max-width: 648px) 100vw, 648px\" \/><\/a><\/figure>\n<\/figure>\n\n\n\n<p>Apr\u00e8s le discours, madame le maire et monsieur Simonin ont d\u00e9pos\u00e9 une gerbe au pied du monument aux morts.<\/p>\n\n\n<div class=\"wp-block-image\">\n<figure class=\"aligncenter size-full is-resized\"><a href=\"https:\/\/orgueil82.jvillain.fr\/wp-content\/uploads\/C\u00e9r\u00e9monies_MaM\/08mai2019\/8mai2019a0013.jpg\"><img width=\"1152\" height=\"648\"  alt=\"\" class=\"wp-image-2255 lws-optimize-lazyload\" style=\"width:474px;height:auto\"\/ data-src=\"https:\/\/orgueil82.jvillain.fr\/wp-content\/uploads\/C\u00e9r\u00e9monies_MaM\/08mai2019\/8mai2019a0013.jpg\" srcset=\"https:\/\/orgueil82.jvillain.fr\/wp-content\/uploads\/C\u00e9r\u00e9monies_MaM\/08mai2019\/8mai2019a0013.jpg 1152w, https:\/\/orgueil82.jvillain.fr\/wp-content\/uploads\/C\u00e9r\u00e9monies_MaM\/08mai2019\/8mai2019a0013-300x169.jpg 300w, https:\/\/orgueil82.jvillain.fr\/wp-content\/uploads\/C\u00e9r\u00e9monies_MaM\/08mai2019\/8mai2019a0013-768x432.jpg 768w\" sizes=\"(max-width: 1152px) 100vw, 1152px\" \/><\/a><\/figure>\n<\/div>\n\n\n<p>Ensuite la sonnerie \u00ab\u00a0Aux Morts\u00a0\u00bb a retenti dans le ciel clair.<\/p>\n\n\n\n<figure class=\"wp-block-embed is-type-video is-provider-youtube wp-block-embed-youtube wp-embed-aspect-16-9 wp-has-aspect-ratio\"><div class=\"wp-block-embed__wrapper\">\n<iframe title=\"8 mai 2019 - Orgueil (82)\" width=\"1200\" height=\"675\"  frameborder=\"0\" allow=\"accelerometer; autoplay; clipboard-write; encrypted-media; gyroscope; picture-in-picture; web-share\" referrerpolicy=\"strict-origin-when-cross-origin\" allowfullscreen class=\"lws-optimize-lazyload\" data-src=\"https:\/\/www.youtube.com\/embed\/_8V2WmjyGZw?feature=oembed\"><\/iframe>\n<\/div><\/figure>\n\n\n\n<p>Le drapeau du village s&rsquo;est inclin\u00e9, &#8230; et dans le silence qui a suivi la sonnerie tous les participants ont pu penser \u00e0 tous ces morts qui ont leurs noms sur des monuments dans le monde entier pour que tous se souviennent.<\/p>\n\n\n\n<p>Apr\u00e8s ce silence, c&rsquo;est la marseillaise qui redresse tout le monde et qui envahit l&rsquo;espace<\/p>\n\n\n\n<figure class=\"wp-block-embed is-type-video is-provider-youtube wp-block-embed-youtube wp-embed-aspect-16-9 wp-has-aspect-ratio\"><div class=\"wp-block-embed__wrapper\">\n<iframe title=\"8 mai 2019 - Orgueil (82)\" width=\"1200\" height=\"675\"  frameborder=\"0\" allow=\"accelerometer; autoplay; clipboard-write; encrypted-media; gyroscope; picture-in-picture; web-share\" referrerpolicy=\"strict-origin-when-cross-origin\" allowfullscreen class=\"lws-optimize-lazyload\" data-src=\"https:\/\/www.youtube.com\/embed\/PE8C9cAHcIM?feature=oembed\"><\/iframe>\n<\/div><\/figure>\n\n\n\n<p>La c\u00e9r\u00e9monie est termin\u00e9e, madame le maire et monsieur Simonin vont saluer notre porte-drapeau.<\/p>\n\n\n\n<figure class=\"wp-block-gallery aligncenter has-nested-images columns-default wp-block-gallery-51 is-layout-flex wp-block-gallery-is-layout-flex\">\n<figure class=\"wp-block-image size-full\"><a href=\"https:\/\/orgueil82.jvillain.fr\/wp-content\/uploads\/C\u00e9r\u00e9monies_MaM\/08mai2019\/8mai2019a0015.jpg\"><img width=\"1152\" height=\"648\" data-id=\"2254\"  alt=\"\" class=\"wp-image-2254 lws-optimize-lazyload\"\/ data-src=\"https:\/\/orgueil82.jvillain.fr\/wp-content\/uploads\/C\u00e9r\u00e9monies_MaM\/08mai2019\/8mai2019a0015.jpg\" srcset=\"https:\/\/orgueil82.jvillain.fr\/wp-content\/uploads\/C\u00e9r\u00e9monies_MaM\/08mai2019\/8mai2019a0015.jpg 1152w, https:\/\/orgueil82.jvillain.fr\/wp-content\/uploads\/C\u00e9r\u00e9monies_MaM\/08mai2019\/8mai2019a0015-300x169.jpg 300w, https:\/\/orgueil82.jvillain.fr\/wp-content\/uploads\/C\u00e9r\u00e9monies_MaM\/08mai2019\/8mai2019a0015-768x432.jpg 768w\" sizes=\"(max-width: 1152px) 100vw, 1152px\" \/><\/a><\/figure>\n\n\n\n<figure class=\"wp-block-image size-full\"><a href=\"https:\/\/orgueil82.jvillain.fr\/wp-content\/uploads\/C\u00e9r\u00e9monies_MaM\/08mai2019\/8mai2019a0016.jpg\"><img width=\"1152\" height=\"648\" data-id=\"2248\"  alt=\"\" class=\"wp-image-2248 lws-optimize-lazyload\"\/ data-src=\"https:\/\/orgueil82.jvillain.fr\/wp-content\/uploads\/C\u00e9r\u00e9monies_MaM\/08mai2019\/8mai2019a0016.jpg\" srcset=\"https:\/\/orgueil82.jvillain.fr\/wp-content\/uploads\/C\u00e9r\u00e9monies_MaM\/08mai2019\/8mai2019a0016.jpg 1152w, https:\/\/orgueil82.jvillain.fr\/wp-content\/uploads\/C\u00e9r\u00e9monies_MaM\/08mai2019\/8mai2019a0016-300x169.jpg 300w, https:\/\/orgueil82.jvillain.fr\/wp-content\/uploads\/C\u00e9r\u00e9monies_MaM\/08mai2019\/8mai2019a0016-768x432.jpg 768w\" sizes=\"(max-width: 1152px) 100vw, 1152px\" \/><\/a><\/figure>\n<\/figure>\n\n\n\n<p>Madame le maire rappelle alors qu&rsquo;un verre de l&rsquo;amiti\u00e9 attend tout les participants au caf\u00e9, &#8230; tout le monde papote et rejoint lentement le caf\u00e9 o\u00f9 les conversations vont continuer encore assez longtemps en trinquant.<\/p>\n\n\n\n<p>Merci \u00e0 la municipalit\u00e9, aux \u00e9lus, \u00e0 Marcel Carr\u00e8re (notre porte-drapeau), pour l&rsquo;organisation de la c\u00e9r\u00e9monie. Merci \u00e0 tous ceux qui sont venus participer, marquant par leur pr\u00e9sence leur attachement \u00e0 ces manifestations du souvenir. Merci \u00e0 ceux qui se sont excus\u00e9s ne pouvant \u00eatre pr\u00e9sents.<\/p>\n\n\n\n<p><a href=\"#hautpage\">Retour en haut de la page<\/a><\/p>\n\n\n\n<hr class=\"wp-block-separator has-alpha-channel-opacity\"\/>\n\n\n\n<h2 class=\"wp-block-heading has-global-color-14-color has-text-color has-link-color wp-elements-427e179ea297d5c766dfd8ffce10e5ff\" id=\"23mars2019\" style=\"font-style:normal;font-weight:600\">C\u00e9l\u00e9bration du souvenir et du recueillement \u00e0 la m\u00e9moire des victimes civiles et militaires de la guerre d&rsquo;Alg\u00e9rie et des combats en Tunisie et au Maroc &#8211; Samedi 23 mars 2019<\/h2>\n\n\n\n<p>Comme chaque ann\u00e9e le comit\u00e9 cantonal de Grisolles de la F\u00e9d\u00e9ration Nationale des Anciens Combattants en Alg\u00e9rie, Maroc et Tunisie organisait une journ\u00e9e du souvenir et du recueillement \u00e0 la m\u00e9moire des victimes civiles et militaires de la guerre d&rsquo;Alg\u00e9rie et des conflits en Afrique du Nord, cette journ\u00e9e s&rsquo;inscrit dans les comm\u00e9morations du 19 mars 1962. Et cette ann\u00e9e c&rsquo;\u00e9tait le village d&rsquo;Orgueil qui avait la chance d&rsquo;\u00eatre le lieu d&rsquo;accueil de cette journ\u00e9e.<\/p>\n\n\n\n<p>Pr\u00e9par\u00e9e de longue date par le pr\u00e9sident du comit\u00e9 d\u00e9partemental et le bureau en collaboration avec la municipalit\u00e9, cette journ\u00e9e a eu lieu sous un tr\u00e8s beau soleil. Plus de 150 personnes ont particip\u00e9 \u00e0 la journ\u00e9e.<\/p>\n\n\n\n<p>La journ\u00e9e a d\u00e9marr\u00e9 par une messe c\u00e9l\u00e9br\u00e9e par le p\u00e8re Osinski cur\u00e9 de l&rsquo;Ensemble Paroissial Sainte-Anne de Reyni\u00e8s. Tr\u00e8s belle c\u00e9r\u00e9monie anim\u00e9e \u00e0 l&rsquo;orgue par Chantal et aux Chants par Julien. Regroup\u00e9s dans la chapelle saint-Joseph, les chanteurs et chanteuses des diff\u00e9rentes paroisses ont accompagn\u00e9 avec choeur la foule pour faire monter les chants vers le Seigneur.<\/p>\n\n\n<div class=\"pgc-sgb-cb wp-block-pgcsimplygalleryblock-justified \" data-gallery-id=\"65e29111\"><div class=\"sgb-preloader\" id=\"pr_65e29111\">\n\t<div class=\"sgb-square\" style=\"background:#d4d4d4\"><\/div>\n\t<div class=\"sgb-square\" style=\"background:#d4d4d4\"><\/div>\n\t<div class=\"sgb-square\" style=\"background:#d4d4d4\"><\/div>\n\t<div class=\"sgb-square\" style=\"background:#d4d4d4\"><\/div><\/div><div class=\"simply-gallery-amp pgc_sgb_slider \"><noscript><div class=\"sgb-gallery\"><div class=\"sgb-item\"><a href=\"https:\/\/orgueil82.jvillain.fr\/?attachment_id=2240\" target=\"_blank\"><img alt=\"\" width=\"300\" height=\"169\" loading=\"lazy\"  srcset=\"https:\/\/orgueil82.jvillain.fr\/wp-content\/uploads\/C\u00e9r\u00e9monies_MaM\/23mars2019\/orgeuil_23mars20190001-300x169.jpg 300w,https:\/\/orgueil82.jvillain.fr\/wp-content\/uploads\/C\u00e9r\u00e9monies_MaM\/23mars2019\/orgeuil_23mars20190001.jpg 800w\" sizes=\"auto, 250px\"\/ class=\"lws-optimize-lazyload\" data-src=\"https:\/\/orgueil82.jvillain.fr\/wp-content\/uploads\/C\u00e9r\u00e9monies_MaM\/23mars2019\/orgeuil_23mars20190001-300x169.jpg\"><\/a><div class=\"sgb-item-caption\"><em>                               <\/em><\/div><\/div><div class=\"sgb-item\"><a href=\"https:\/\/orgueil82.jvillain.fr\/?attachment_id=2237\" target=\"_blank\"><img alt=\"\" width=\"300\" height=\"169\" loading=\"lazy\"  srcset=\"https:\/\/orgueil82.jvillain.fr\/wp-content\/uploads\/C\u00e9r\u00e9monies_MaM\/23mars2019\/orgeuil_23mars20190002-300x169.jpg 300w,https:\/\/orgueil82.jvillain.fr\/wp-content\/uploads\/C\u00e9r\u00e9monies_MaM\/23mars2019\/orgeuil_23mars20190002.jpg 800w\" sizes=\"auto, 250px\"\/ class=\"lws-optimize-lazyload\" data-src=\"https:\/\/orgueil82.jvillain.fr\/wp-content\/uploads\/C\u00e9r\u00e9monies_MaM\/23mars2019\/orgeuil_23mars20190002-300x169.jpg\"><\/a><div class=\"sgb-item-caption\"><em>                               <\/em><\/div><\/div><div class=\"sgb-item\"><a href=\"https:\/\/orgueil82.jvillain.fr\/?attachment_id=2239\" target=\"_blank\"><img alt=\"\" width=\"300\" height=\"169\" loading=\"lazy\"  srcset=\"https:\/\/orgueil82.jvillain.fr\/wp-content\/uploads\/C\u00e9r\u00e9monies_MaM\/23mars2019\/orgeuil_23mars20190003-300x169.jpg 300w,https:\/\/orgueil82.jvillain.fr\/wp-content\/uploads\/C\u00e9r\u00e9monies_MaM\/23mars2019\/orgeuil_23mars20190003.jpg 800w\" sizes=\"auto, 250px\"\/ class=\"lws-optimize-lazyload\" data-src=\"https:\/\/orgueil82.jvillain.fr\/wp-content\/uploads\/C\u00e9r\u00e9monies_MaM\/23mars2019\/orgeuil_23mars20190003-300x169.jpg\"><\/a><div class=\"sgb-item-caption\"><em>                               <\/em><\/div><\/div><div class=\"sgb-item\"><a href=\"https:\/\/orgueil82.jvillain.fr\/?attachment_id=2223\" target=\"_blank\"><img alt=\"\" width=\"300\" height=\"169\" loading=\"lazy\"  srcset=\"https:\/\/orgueil82.jvillain.fr\/wp-content\/uploads\/C\u00e9r\u00e9monies_MaM\/23mars2019\/orgeuil_23mars20190004-300x169.jpg 300w,https:\/\/orgueil82.jvillain.fr\/wp-content\/uploads\/C\u00e9r\u00e9monies_MaM\/23mars2019\/orgeuil_23mars20190004.jpg 800w\" sizes=\"auto, 250px\"\/ class=\"lws-optimize-lazyload\" data-src=\"https:\/\/orgueil82.jvillain.fr\/wp-content\/uploads\/C\u00e9r\u00e9monies_MaM\/23mars2019\/orgeuil_23mars20190004-300x169.jpg\"><\/a><div class=\"sgb-item-caption\"><em>                               <\/em><\/div><\/div><div class=\"sgb-item\"><a href=\"https:\/\/orgueil82.jvillain.fr\/?attachment_id=2234\" target=\"_blank\"><img alt=\"\" width=\"300\" height=\"169\" loading=\"lazy\"  srcset=\"https:\/\/orgueil82.jvillain.fr\/wp-content\/uploads\/C\u00e9r\u00e9monies_MaM\/23mars2019\/orgeuil_23mars20190006-300x169.jpg 300w,https:\/\/orgueil82.jvillain.fr\/wp-content\/uploads\/C\u00e9r\u00e9monies_MaM\/23mars2019\/orgeuil_23mars20190006.jpg 800w\" sizes=\"auto, 250px\"\/ class=\"lws-optimize-lazyload\" data-src=\"https:\/\/orgueil82.jvillain.fr\/wp-content\/uploads\/C\u00e9r\u00e9monies_MaM\/23mars2019\/orgeuil_23mars20190006-300x169.jpg\"><\/a><div class=\"sgb-item-caption\"><em>                               <\/em><\/div><\/div><\/div><\/noscript><\/div><script type=\"application\/json\" class=\"sgb-data\">{\"collectionThumbRecomendedHeight\":150,\"collectionThumbMiniScreenScale\":true,\"captions\":false,\"captionHAlign\":\"bottom\",\"collectionThumbSubMenuDownload\":false,\"galleryType\":\"pgc_sgb_justified\",\"galleryId\":\"65e29111\",\"images\":[{\"id\":2240,\"title\":\"orgeuil_23mars20190001\",\"url\":\"https:\/\/orgueil82.jvillain.fr\/wp-content\/uploads\/C\u00e9r\u00e9monies_MaM\/23mars2019\/orgeuil_23mars20190001.jpg\",\"link\":\"https:\/\/orgueil82.jvillain.fr\/?attachment_id=2240\",\"alt\":\"\",\"description\":\"\",\"caption\":\"                               \",\"mime\":\"image\/jpeg\",\"type\":\"image\",\"width\":800,\"height\":450,\"sizes\":{\"thumbnail\":{\"height\":150,\"width\":150,\"url\":\"https:\/\/orgueil82.jvillain.fr\/wp-content\/uploads\/C\u00e9r\u00e9monies_MaM\/23mars2019\/orgeuil_23mars20190001-150x150.jpg\",\"orientation\":\"landscape\"},\"medium\":{\"height\":169,\"width\":300,\"url\":\"https:\/\/orgueil82.jvillain.fr\/wp-content\/uploads\/C\u00e9r\u00e9monies_MaM\/23mars2019\/orgeuil_23mars20190001-300x169.jpg\",\"orientation\":\"landscape\"},\"full\":{\"url\":\"https:\/\/orgueil82.jvillain.fr\/wp-content\/uploads\/C\u00e9r\u00e9monies_MaM\/23mars2019\/orgeuil_23mars20190001.jpg\",\"height\":450,\"width\":800,\"orientation\":\"landscape\"}},\"imageMeta\":{\"aperture\":\"4.5\",\"credit\":\"\",\"camera\":\"DSC-HX5V\",\"caption\":\"\",\"created_timestamp\":\"1553343127\",\"copyright\":\"\",\"focal_length\":\"9.24\",\"iso\":\"800\",\"shutter_speed\":\"0.066666666666667\",\"title\":\"\",\"orientation\":\"1\",\"keywords\":[]},\"meta\":false,\"postlink\":\"https:\/\/orgueil82.jvillain.fr\/?attachment_id=2240\"},{\"id\":2237,\"title\":\"orgeuil_23mars20190002\",\"url\":\"https:\/\/orgueil82.jvillain.fr\/wp-content\/uploads\/C\u00e9r\u00e9monies_MaM\/23mars2019\/orgeuil_23mars20190002.jpg\",\"link\":\"https:\/\/orgueil82.jvillain.fr\/?attachment_id=2237\",\"alt\":\"\",\"description\":\"\",\"caption\":\"                               \",\"mime\":\"image\/jpeg\",\"type\":\"image\",\"width\":800,\"height\":450,\"sizes\":{\"thumbnail\":{\"height\":150,\"width\":150,\"url\":\"https:\/\/orgueil82.jvillain.fr\/wp-content\/uploads\/C\u00e9r\u00e9monies_MaM\/23mars2019\/orgeuil_23mars20190002-150x150.jpg\",\"orientation\":\"landscape\"},\"medium\":{\"height\":169,\"width\":300,\"url\":\"https:\/\/orgueil82.jvillain.fr\/wp-content\/uploads\/C\u00e9r\u00e9monies_MaM\/23mars2019\/orgeuil_23mars20190002-300x169.jpg\",\"orientation\":\"landscape\"},\"full\":{\"url\":\"https:\/\/orgueil82.jvillain.fr\/wp-content\/uploads\/C\u00e9r\u00e9monies_MaM\/23mars2019\/orgeuil_23mars20190002.jpg\",\"height\":450,\"width\":800,\"orientation\":\"landscape\"}},\"imageMeta\":{\"aperture\":\"3.5\",\"credit\":\"\",\"camera\":\"DSC-HX5V\",\"caption\":\"\",\"created_timestamp\":\"1553340543\",\"copyright\":\"\",\"focal_length\":\"4.25\",\"iso\":\"400\",\"shutter_speed\":\"0.066666666666667\",\"title\":\"\",\"orientation\":\"1\",\"keywords\":[]},\"meta\":false,\"postlink\":\"https:\/\/orgueil82.jvillain.fr\/?attachment_id=2237\"},{\"id\":2239,\"title\":\"orgeuil_23mars20190003\",\"url\":\"https:\/\/orgueil82.jvillain.fr\/wp-content\/uploads\/C\u00e9r\u00e9monies_MaM\/23mars2019\/orgeuil_23mars20190003.jpg\",\"link\":\"https:\/\/orgueil82.jvillain.fr\/?attachment_id=2239\",\"alt\":\"\",\"description\":\"\",\"caption\":\"                               \",\"mime\":\"image\/jpeg\",\"type\":\"image\",\"width\":800,\"height\":450,\"sizes\":{\"thumbnail\":{\"height\":150,\"width\":150,\"url\":\"https:\/\/orgueil82.jvillain.fr\/wp-content\/uploads\/C\u00e9r\u00e9monies_MaM\/23mars2019\/orgeuil_23mars20190003-150x150.jpg\",\"orientation\":\"landscape\"},\"medium\":{\"height\":169,\"width\":300,\"url\":\"https:\/\/orgueil82.jvillain.fr\/wp-content\/uploads\/C\u00e9r\u00e9monies_MaM\/23mars2019\/orgeuil_23mars20190003-300x169.jpg\",\"orientation\":\"landscape\"},\"full\":{\"url\":\"https:\/\/orgueil82.jvillain.fr\/wp-content\/uploads\/C\u00e9r\u00e9monies_MaM\/23mars2019\/orgeuil_23mars20190003.jpg\",\"height\":450,\"width\":800,\"orientation\":\"landscape\"}},\"imageMeta\":{\"aperture\":\"4.5\",\"credit\":\"\",\"camera\":\"DSC-HX5V\",\"caption\":\"\",\"created_timestamp\":\"1553343780\",\"copyright\":\"\",\"focal_length\":\"7.91\",\"iso\":\"400\",\"shutter_speed\":\"0.1\",\"title\":\"\",\"orientation\":\"1\",\"keywords\":[]},\"meta\":false,\"postlink\":\"https:\/\/orgueil82.jvillain.fr\/?attachment_id=2239\"},{\"id\":2223,\"title\":\"orgeuil_23mars20190004\",\"url\":\"https:\/\/orgueil82.jvillain.fr\/wp-content\/uploads\/C\u00e9r\u00e9monies_MaM\/23mars2019\/orgeuil_23mars20190004.jpg\",\"link\":\"https:\/\/orgueil82.jvillain.fr\/?attachment_id=2223\",\"alt\":\"\",\"description\":\"\",\"caption\":\"                               \",\"mime\":\"image\/jpeg\",\"type\":\"image\",\"width\":800,\"height\":450,\"sizes\":{\"thumbnail\":{\"height\":150,\"width\":150,\"url\":\"https:\/\/orgueil82.jvillain.fr\/wp-content\/uploads\/C\u00e9r\u00e9monies_MaM\/23mars2019\/orgeuil_23mars20190004-150x150.jpg\",\"orientation\":\"landscape\"},\"medium\":{\"height\":169,\"width\":300,\"url\":\"https:\/\/orgueil82.jvillain.fr\/wp-content\/uploads\/C\u00e9r\u00e9monies_MaM\/23mars2019\/orgeuil_23mars20190004-300x169.jpg\",\"orientation\":\"landscape\"},\"full\":{\"url\":\"https:\/\/orgueil82.jvillain.fr\/wp-content\/uploads\/C\u00e9r\u00e9monies_MaM\/23mars2019\/orgeuil_23mars20190004.jpg\",\"height\":450,\"width\":800,\"orientation\":\"landscape\"}},\"imageMeta\":{\"aperture\":\"8\",\"credit\":\"\",\"camera\":\"DSC-HX5V\",\"caption\":\"\",\"created_timestamp\":\"1553343822\",\"copyright\":\"\",\"focal_length\":\"4.25\",\"iso\":\"125\",\"shutter_speed\":\"0.004\",\"title\":\"\",\"orientation\":\"1\",\"keywords\":[]},\"meta\":false,\"postlink\":\"https:\/\/orgueil82.jvillain.fr\/?attachment_id=2223\"},{\"id\":2234,\"title\":\"orgeuil_23mars20190006\",\"url\":\"https:\/\/orgueil82.jvillain.fr\/wp-content\/uploads\/C\u00e9r\u00e9monies_MaM\/23mars2019\/orgeuil_23mars20190006.jpg\",\"link\":\"https:\/\/orgueil82.jvillain.fr\/?attachment_id=2234\",\"alt\":\"\",\"description\":\"\",\"caption\":\"                               \",\"mime\":\"image\/jpeg\",\"type\":\"image\",\"width\":800,\"height\":450,\"sizes\":{\"thumbnail\":{\"height\":150,\"width\":150,\"url\":\"https:\/\/orgueil82.jvillain.fr\/wp-content\/uploads\/C\u00e9r\u00e9monies_MaM\/23mars2019\/orgeuil_23mars20190006-150x150.jpg\",\"orientation\":\"landscape\"},\"medium\":{\"height\":169,\"width\":300,\"url\":\"https:\/\/orgueil82.jvillain.fr\/wp-content\/uploads\/C\u00e9r\u00e9monies_MaM\/23mars2019\/orgeuil_23mars20190006-300x169.jpg\",\"orientation\":\"landscape\"},\"full\":{\"url\":\"https:\/\/orgueil82.jvillain.fr\/wp-content\/uploads\/C\u00e9r\u00e9monies_MaM\/23mars2019\/orgeuil_23mars20190006.jpg\",\"height\":450,\"width\":800,\"orientation\":\"landscape\"}},\"imageMeta\":{\"aperture\":\"10\",\"credit\":\"\",\"camera\":\"DSC-HX5V\",\"caption\":\"\",\"created_timestamp\":\"1553343905\",\"copyright\":\"\",\"focal_length\":\"10.09\",\"iso\":\"125\",\"shutter_speed\":\"0.005\",\"title\":\"\",\"orientation\":\"1\",\"keywords\":[]},\"meta\":false,\"postlink\":\"https:\/\/orgueil82.jvillain.fr\/?attachment_id=2234\"}],\"sliderItemTitleFontSize\":24,\"sliderSlideshowAutoStart\":true,\"sliderSlideshowDelay\":6,\"itemsMetaDataCollection\":[]}<\/script><script>(function(){if(window.PGC_SGB && window.PGC_SGB.searcher){window.PGC_SGB.searcher.initBlocks()}})()<\/script><\/div>\n\n\n<p>Apr\u00e8s la Messe avait lieu une c\u00e9r\u00e9monie au monument aux morts du village avec discours et d\u00e9p\u00f4ts de gerbes.<\/p>\n\n\n<div class=\"wp-block-image\">\n<figure class=\"aligncenter size-full is-resized\"><a href=\"https:\/\/orgueil82.jvillain.fr\/wp-content\/uploads\/C\u00e9r\u00e9monies_MaM\/23mars2019\/orgeuil_23mars20190007.jpg\"><img width=\"800\" height=\"450\"  alt=\"\" class=\"wp-image-2231 lws-optimize-lazyload\" style=\"width:414px;height:auto\"\/ data-src=\"https:\/\/orgueil82.jvillain.fr\/wp-content\/uploads\/C\u00e9r\u00e9monies_MaM\/23mars2019\/orgeuil_23mars20190007.jpg\" srcset=\"https:\/\/orgueil82.jvillain.fr\/wp-content\/uploads\/C\u00e9r\u00e9monies_MaM\/23mars2019\/orgeuil_23mars20190007.jpg 800w, https:\/\/orgueil82.jvillain.fr\/wp-content\/uploads\/C\u00e9r\u00e9monies_MaM\/23mars2019\/orgeuil_23mars20190007-300x169.jpg 300w, https:\/\/orgueil82.jvillain.fr\/wp-content\/uploads\/C\u00e9r\u00e9monies_MaM\/23mars2019\/orgeuil_23mars20190007-768x432.jpg 768w\" sizes=\"(max-width: 800px) 100vw, 800px\" \/><\/a><\/figure>\n<\/div>\n\n\n<p>Les portes drapeaux \u00e9taient pr\u00e9sents pendant la messe et au monument.<\/p>\n\n\n\n<figure class=\"wp-block-gallery aligncenter has-nested-images columns-default wp-block-gallery-52 is-layout-flex wp-block-gallery-is-layout-flex\">\n<figure class=\"wp-block-image size-full\"><a href=\"https:\/\/orgueil82.jvillain.fr\/wp-content\/uploads\/C\u00e9r\u00e9monies_MaM\/23mars2019\/orgeuil_23mars20190008.jpg\"><img width=\"800\" height=\"450\" data-id=\"2230\"  alt=\"\" class=\"wp-image-2230 lws-optimize-lazyload\"\/ data-src=\"https:\/\/orgueil82.jvillain.fr\/wp-content\/uploads\/C\u00e9r\u00e9monies_MaM\/23mars2019\/orgeuil_23mars20190008.jpg\" srcset=\"https:\/\/orgueil82.jvillain.fr\/wp-content\/uploads\/C\u00e9r\u00e9monies_MaM\/23mars2019\/orgeuil_23mars20190008.jpg 800w, https:\/\/orgueil82.jvillain.fr\/wp-content\/uploads\/C\u00e9r\u00e9monies_MaM\/23mars2019\/orgeuil_23mars20190008-300x169.jpg 300w, https:\/\/orgueil82.jvillain.fr\/wp-content\/uploads\/C\u00e9r\u00e9monies_MaM\/23mars2019\/orgeuil_23mars20190008-768x432.jpg 768w\" sizes=\"(max-width: 800px) 100vw, 800px\" \/><\/a><\/figure>\n\n\n\n<figure class=\"wp-block-image size-full\"><a href=\"https:\/\/orgueil82.jvillain.fr\/wp-content\/uploads\/C\u00e9r\u00e9monies_MaM\/23mars2019\/orgeuil_23mars20190016.jpg\"><img width=\"800\" height=\"450\" data-id=\"2232\"  alt=\"\" class=\"wp-image-2232 lws-optimize-lazyload\"\/ data-src=\"https:\/\/orgueil82.jvillain.fr\/wp-content\/uploads\/C\u00e9r\u00e9monies_MaM\/23mars2019\/orgeuil_23mars20190016.jpg\" srcset=\"https:\/\/orgueil82.jvillain.fr\/wp-content\/uploads\/C\u00e9r\u00e9monies_MaM\/23mars2019\/orgeuil_23mars20190016.jpg 800w, https:\/\/orgueil82.jvillain.fr\/wp-content\/uploads\/C\u00e9r\u00e9monies_MaM\/23mars2019\/orgeuil_23mars20190016-300x169.jpg 300w, https:\/\/orgueil82.jvillain.fr\/wp-content\/uploads\/C\u00e9r\u00e9monies_MaM\/23mars2019\/orgeuil_23mars20190016-768x432.jpg 768w\" sizes=\"(max-width: 800px) 100vw, 800px\" \/><\/a><\/figure>\n<\/figure>\n\n\n\n<p>Monsieur Marcel CORNIER, pr\u00e9sident cantonal de la FNACA, a d\u00e9but\u00e9 la c\u00e9r\u00e9monie en lisant le message de la FNACA. Ensuite madame Catherine VILLAIN, maire d&rsquo;Orgueil, a donn\u00e9 lecture du message de Genevi\u00e8ve DARRIEUSSECQ secr\u00e9taire d&rsquo;\u00e9tat aupr\u00e8s de la ministre des Arm\u00e9es (vous pouvez t\u00e9l\u00e9charger une copie de ce message en cliquant&nbsp;<a href=\"https:\/\/orgueil82.jvillain.fr\/wp-content\/uploads\/C\u00e9r\u00e9monies_MaM\/23mars2019\/message_journee_nationale_19_mars_2019.pdf\">ICI<\/a>).<\/p>\n\n\n<div class=\"wp-block-image\">\n<figure class=\"aligncenter size-full is-resized\"><a href=\"https:\/\/orgueil82.jvillain.fr\/wp-content\/uploads\/C\u00e9r\u00e9monies_MaM\/23mars2019\/orgeuil_23mars20190010.jpg\"><img width=\"800\" height=\"450\"  alt=\"\" class=\"wp-image-2229 lws-optimize-lazyload\" style=\"width:428px;height:auto\"\/ data-src=\"https:\/\/orgueil82.jvillain.fr\/wp-content\/uploads\/C\u00e9r\u00e9monies_MaM\/23mars2019\/orgeuil_23mars20190010.jpg\" srcset=\"https:\/\/orgueil82.jvillain.fr\/wp-content\/uploads\/C\u00e9r\u00e9monies_MaM\/23mars2019\/orgeuil_23mars20190010.jpg 800w, https:\/\/orgueil82.jvillain.fr\/wp-content\/uploads\/C\u00e9r\u00e9monies_MaM\/23mars2019\/orgeuil_23mars20190010-300x169.jpg 300w, https:\/\/orgueil82.jvillain.fr\/wp-content\/uploads\/C\u00e9r\u00e9monies_MaM\/23mars2019\/orgeuil_23mars20190010-768x432.jpg 768w\" sizes=\"(max-width: 800px) 100vw, 800px\" \/><\/a><\/figure>\n<\/div>\n\n\n<p>Puis monsieur CORNIER passait la parole \u00e0 madame NEGRE pr\u00e9sidente de la communaut\u00e9 de communes.<\/p>\n\n\n<div class=\"wp-block-image\">\n<figure class=\"aligncenter size-full is-resized\"><a href=\"https:\/\/orgueil82.jvillain.fr\/wp-content\/uploads\/C\u00e9r\u00e9monies_MaM\/23mars2019\/orgeuil_23mars20190011.jpg\"><img width=\"800\" height=\"450\"  alt=\"\" class=\"wp-image-2228 lws-optimize-lazyload\" style=\"width:425px;height:auto\"\/ data-src=\"https:\/\/orgueil82.jvillain.fr\/wp-content\/uploads\/C\u00e9r\u00e9monies_MaM\/23mars2019\/orgeuil_23mars20190011.jpg\" srcset=\"https:\/\/orgueil82.jvillain.fr\/wp-content\/uploads\/C\u00e9r\u00e9monies_MaM\/23mars2019\/orgeuil_23mars20190011.jpg 800w, https:\/\/orgueil82.jvillain.fr\/wp-content\/uploads\/C\u00e9r\u00e9monies_MaM\/23mars2019\/orgeuil_23mars20190011-300x169.jpg 300w, https:\/\/orgueil82.jvillain.fr\/wp-content\/uploads\/C\u00e9r\u00e9monies_MaM\/23mars2019\/orgeuil_23mars20190011-768x432.jpg 768w\" sizes=\"(max-width: 800px) 100vw, 800px\" \/><\/a><\/figure>\n<\/div>\n\n\n<p>Ce fut ensuite le d\u00e9p\u00f4t des gerbes, une premi\u00e8re par la FNACA et une seconde par madame le maire et monsieur CORNIER.<\/p>\n\n\n\n<figure class=\"wp-block-gallery aligncenter has-nested-images columns-default wp-block-gallery-53 is-layout-flex wp-block-gallery-is-layout-flex\">\n<figure class=\"wp-block-image size-full\"><a href=\"https:\/\/orgueil82.jvillain.fr\/wp-content\/uploads\/C\u00e9r\u00e9monies_MaM\/23mars2019\/orgeuil_23mars20190012.jpg\"><img width=\"800\" height=\"450\" data-id=\"2233\"  alt=\"\" class=\"wp-image-2233 lws-optimize-lazyload\"\/ data-src=\"https:\/\/orgueil82.jvillain.fr\/wp-content\/uploads\/C\u00e9r\u00e9monies_MaM\/23mars2019\/orgeuil_23mars20190012.jpg\" srcset=\"https:\/\/orgueil82.jvillain.fr\/wp-content\/uploads\/C\u00e9r\u00e9monies_MaM\/23mars2019\/orgeuil_23mars20190012.jpg 800w, https:\/\/orgueil82.jvillain.fr\/wp-content\/uploads\/C\u00e9r\u00e9monies_MaM\/23mars2019\/orgeuil_23mars20190012-300x169.jpg 300w, https:\/\/orgueil82.jvillain.fr\/wp-content\/uploads\/C\u00e9r\u00e9monies_MaM\/23mars2019\/orgeuil_23mars20190012-768x432.jpg 768w\" sizes=\"(max-width: 800px) 100vw, 800px\" \/><\/a><\/figure>\n\n\n\n<figure class=\"wp-block-image size-full\"><a href=\"https:\/\/orgueil82.jvillain.fr\/wp-content\/uploads\/C\u00e9r\u00e9monies_MaM\/23mars2019\/orgeuil_23mars20190013.jpg\"><img width=\"800\" height=\"450\" data-id=\"2224\"  alt=\"\" class=\"wp-image-2224 lws-optimize-lazyload\"\/ data-src=\"https:\/\/orgueil82.jvillain.fr\/wp-content\/uploads\/C\u00e9r\u00e9monies_MaM\/23mars2019\/orgeuil_23mars20190013.jpg\" srcset=\"https:\/\/orgueil82.jvillain.fr\/wp-content\/uploads\/C\u00e9r\u00e9monies_MaM\/23mars2019\/orgeuil_23mars20190013.jpg 800w, https:\/\/orgueil82.jvillain.fr\/wp-content\/uploads\/C\u00e9r\u00e9monies_MaM\/23mars2019\/orgeuil_23mars20190013-300x169.jpg 300w, https:\/\/orgueil82.jvillain.fr\/wp-content\/uploads\/C\u00e9r\u00e9monies_MaM\/23mars2019\/orgeuil_23mars20190013-768x432.jpg 768w\" sizes=\"(max-width: 800px) 100vw, 800px\" \/><\/a><\/figure>\n<\/figure>\n\n\n\n<p>Apr\u00e8s le d\u00e9p\u00f4t des gerbes ce fut le moment de recueillement avec la sonnerie aux morts suivie d&rsquo;une vibrante Marseillaise.<\/p>\n\n\n\n<figure class=\"wp-block-gallery aligncenter has-nested-images columns-default wp-block-gallery-54 is-layout-flex wp-block-gallery-is-layout-flex\">\n<figure class=\"wp-block-image size-full\"><a href=\"https:\/\/orgueil82.jvillain.fr\/wp-content\/uploads\/C\u00e9r\u00e9monies_MaM\/23mars2019\/orgeuil_23mars20190014.jpg\"><img width=\"800\" height=\"450\" data-id=\"2241\"  alt=\"\" class=\"wp-image-2241 lws-optimize-lazyload\"\/ data-src=\"https:\/\/orgueil82.jvillain.fr\/wp-content\/uploads\/C\u00e9r\u00e9monies_MaM\/23mars2019\/orgeuil_23mars20190014.jpg\" srcset=\"https:\/\/orgueil82.jvillain.fr\/wp-content\/uploads\/C\u00e9r\u00e9monies_MaM\/23mars2019\/orgeuil_23mars20190014.jpg 800w, https:\/\/orgueil82.jvillain.fr\/wp-content\/uploads\/C\u00e9r\u00e9monies_MaM\/23mars2019\/orgeuil_23mars20190014-300x169.jpg 300w, https:\/\/orgueil82.jvillain.fr\/wp-content\/uploads\/C\u00e9r\u00e9monies_MaM\/23mars2019\/orgeuil_23mars20190014-768x432.jpg 768w\" sizes=\"(max-width: 800px) 100vw, 800px\" \/><\/a><\/figure>\n\n\n\n<figure class=\"wp-block-image size-full\"><a href=\"https:\/\/orgueil82.jvillain.fr\/wp-content\/uploads\/C\u00e9r\u00e9monies_MaM\/23mars2019\/orgeuil_23mars20190015.jpg\"><img width=\"800\" height=\"450\" data-id=\"2235\"  alt=\"\" class=\"wp-image-2235 lws-optimize-lazyload\"\/ data-src=\"https:\/\/orgueil82.jvillain.fr\/wp-content\/uploads\/C\u00e9r\u00e9monies_MaM\/23mars2019\/orgeuil_23mars20190015.jpg\" srcset=\"https:\/\/orgueil82.jvillain.fr\/wp-content\/uploads\/C\u00e9r\u00e9monies_MaM\/23mars2019\/orgeuil_23mars20190015.jpg 800w, https:\/\/orgueil82.jvillain.fr\/wp-content\/uploads\/C\u00e9r\u00e9monies_MaM\/23mars2019\/orgeuil_23mars20190015-300x169.jpg 300w, https:\/\/orgueil82.jvillain.fr\/wp-content\/uploads\/C\u00e9r\u00e9monies_MaM\/23mars2019\/orgeuil_23mars20190015-768x432.jpg 768w\" sizes=\"(max-width: 800px) 100vw, 800px\" \/><\/a><\/figure>\n<\/figure>\n\n\n\n<p>La c\u00e9r\u00e9monie presque termin\u00e9e, Monsieur CORNIER, le Maire d&rsquo;Orgueil et les maires pr\u00e9sents sont all\u00e9s saluer les portes-drapeaux.<\/p>\n\n\n<div class=\"wp-block-image\">\n<figure class=\"aligncenter size-full is-resized\"><a href=\"https:\/\/orgueil82.jvillain.fr\/wp-content\/uploads\/C\u00e9r\u00e9monies_MaM\/23mars2019\/orgeuil_23mars20190016.jpg\"><img width=\"800\" height=\"450\"  alt=\"\" class=\"wp-image-2232 lws-optimize-lazyload\" style=\"width:372px;height:auto\"\/ data-src=\"https:\/\/orgueil82.jvillain.fr\/wp-content\/uploads\/C\u00e9r\u00e9monies_MaM\/23mars2019\/orgeuil_23mars20190016.jpg\" srcset=\"https:\/\/orgueil82.jvillain.fr\/wp-content\/uploads\/C\u00e9r\u00e9monies_MaM\/23mars2019\/orgeuil_23mars20190016.jpg 800w, https:\/\/orgueil82.jvillain.fr\/wp-content\/uploads\/C\u00e9r\u00e9monies_MaM\/23mars2019\/orgeuil_23mars20190016-300x169.jpg 300w, https:\/\/orgueil82.jvillain.fr\/wp-content\/uploads\/C\u00e9r\u00e9monies_MaM\/23mars2019\/orgeuil_23mars20190016-768x432.jpg 768w\" sizes=\"(max-width: 800px) 100vw, 800px\" \/><\/a><\/figure>\n<\/div>\n\n\n<p>A la fin de la c\u00e9r\u00e9monie, tous les participants \u00e9taient invit\u00e9s \u00e0 venir partage un verre de l&rsquo;amiti\u00e9 \u00e0 la salle des f\u00eates.<\/p>\n\n\n\n<figure class=\"wp-block-gallery aligncenter has-nested-images columns-default wp-block-gallery-55 is-layout-flex wp-block-gallery-is-layout-flex\">\n<figure class=\"wp-block-image size-full\"><a href=\"https:\/\/orgueil82.jvillain.fr\/wp-content\/uploads\/C\u00e9r\u00e9monies_MaM\/23mars2019\/orgeuil_23mars20190017.jpg\"><img width=\"800\" height=\"450\" data-id=\"2236\"  alt=\"\" class=\"wp-image-2236 lws-optimize-lazyload\"\/ data-src=\"https:\/\/orgueil82.jvillain.fr\/wp-content\/uploads\/C\u00e9r\u00e9monies_MaM\/23mars2019\/orgeuil_23mars20190017.jpg\" srcset=\"https:\/\/orgueil82.jvillain.fr\/wp-content\/uploads\/C\u00e9r\u00e9monies_MaM\/23mars2019\/orgeuil_23mars20190017.jpg 800w, https:\/\/orgueil82.jvillain.fr\/wp-content\/uploads\/C\u00e9r\u00e9monies_MaM\/23mars2019\/orgeuil_23mars20190017-300x169.jpg 300w, https:\/\/orgueil82.jvillain.fr\/wp-content\/uploads\/C\u00e9r\u00e9monies_MaM\/23mars2019\/orgeuil_23mars20190017-768x432.jpg 768w\" sizes=\"(max-width: 800px) 100vw, 800px\" \/><\/a><\/figure>\n\n\n\n<figure class=\"wp-block-image size-full\"><a href=\"https:\/\/orgueil82.jvillain.fr\/wp-content\/uploads\/C\u00e9r\u00e9monies_MaM\/23mars2019\/orgeuil_23mars20190019.jpg\"><img width=\"800\" height=\"450\" data-id=\"2225\"  alt=\"\" class=\"wp-image-2225 lws-optimize-lazyload\"\/ data-src=\"https:\/\/orgueil82.jvillain.fr\/wp-content\/uploads\/C\u00e9r\u00e9monies_MaM\/23mars2019\/orgeuil_23mars20190019.jpg\" srcset=\"https:\/\/orgueil82.jvillain.fr\/wp-content\/uploads\/C\u00e9r\u00e9monies_MaM\/23mars2019\/orgeuil_23mars20190019.jpg 800w, https:\/\/orgueil82.jvillain.fr\/wp-content\/uploads\/C\u00e9r\u00e9monies_MaM\/23mars2019\/orgeuil_23mars20190019-300x169.jpg 300w, https:\/\/orgueil82.jvillain.fr\/wp-content\/uploads\/C\u00e9r\u00e9monies_MaM\/23mars2019\/orgeuil_23mars20190019-768x432.jpg 768w\" sizes=\"(max-width: 800px) 100vw, 800px\" \/><\/a><\/figure>\n<\/figure>\n\n\n\n<p>Et la journ\u00e9e n&rsquo;\u00e9tait pas termin\u00e9e, un repas convivial anim\u00e9 par le Groupe Musical Michel Cabaret a permis \u00e0 tous de se retrouver pour discuter et \u00e9changer des souvenirs, et de danser entre les plats et une grande partie de l&rsquo;apr\u00e8s-midi.<\/p>\n\n\n\n<figure class=\"wp-block-gallery aligncenter has-nested-images columns-default wp-block-gallery-56 is-layout-flex wp-block-gallery-is-layout-flex\">\n<figure class=\"wp-block-image size-full\"><a href=\"https:\/\/orgueil82.jvillain.fr\/wp-content\/uploads\/C\u00e9r\u00e9monies_MaM\/23mars2019\/orgeuil_23mars20190022.jpg\"><img width=\"800\" height=\"450\" data-id=\"2221\"  alt=\"\" class=\"wp-image-2221 lws-optimize-lazyload\"\/ data-src=\"https:\/\/orgueil82.jvillain.fr\/wp-content\/uploads\/C\u00e9r\u00e9monies_MaM\/23mars2019\/orgeuil_23mars20190022.jpg\" srcset=\"https:\/\/orgueil82.jvillain.fr\/wp-content\/uploads\/C\u00e9r\u00e9monies_MaM\/23mars2019\/orgeuil_23mars20190022.jpg 800w, https:\/\/orgueil82.jvillain.fr\/wp-content\/uploads\/C\u00e9r\u00e9monies_MaM\/23mars2019\/orgeuil_23mars20190022-300x169.jpg 300w, https:\/\/orgueil82.jvillain.fr\/wp-content\/uploads\/C\u00e9r\u00e9monies_MaM\/23mars2019\/orgeuil_23mars20190022-768x432.jpg 768w\" sizes=\"(max-width: 800px) 100vw, 800px\" \/><\/a><\/figure>\n\n\n\n<figure class=\"wp-block-image size-full\"><a href=\"https:\/\/orgueil82.jvillain.fr\/wp-content\/uploads\/C\u00e9r\u00e9monies_MaM\/23mars2019\/orgeuil_23mars20190018.jpg\"><img width=\"800\" height=\"450\" data-id=\"2227\"  alt=\"\" class=\"wp-image-2227 lws-optimize-lazyload\"\/ data-src=\"https:\/\/orgueil82.jvillain.fr\/wp-content\/uploads\/C\u00e9r\u00e9monies_MaM\/23mars2019\/orgeuil_23mars20190018.jpg\" srcset=\"https:\/\/orgueil82.jvillain.fr\/wp-content\/uploads\/C\u00e9r\u00e9monies_MaM\/23mars2019\/orgeuil_23mars20190018.jpg 800w, https:\/\/orgueil82.jvillain.fr\/wp-content\/uploads\/C\u00e9r\u00e9monies_MaM\/23mars2019\/orgeuil_23mars20190018-300x169.jpg 300w, https:\/\/orgueil82.jvillain.fr\/wp-content\/uploads\/C\u00e9r\u00e9monies_MaM\/23mars2019\/orgeuil_23mars20190018-768x432.jpg 768w\" sizes=\"(max-width: 800px) 100vw, 800px\" \/><\/a><\/figure>\n<\/figure>\n\n\n\n<p>F\u00e9licitations a tout ceux qui ont \u0153uvr\u00e9 \u00e0 l&rsquo;organisation et \u00e0 la r\u00e9ussite de cette journ\u00e9e : le pr\u00e9sident du comit\u00e9 cantonal de la FNACA, le bureau et les membres de la FNACA, la municipalit\u00e9 d&rsquo;orgueil (merci aux \u00e9lus qui ont donn\u00e9 de leurs temps pour assurer la sonorisation et la s\u00e9curit\u00e9 pendant la c\u00e9r\u00e9monie au monument aux morts, et pour pr\u00e9parer et servir le verre de l&rsquo;amiti\u00e9), aux gendarmes qui malgr\u00e9 les contraintes de service \u00e9taient pr\u00e9sents au cas o\u00f9, \u00e0 Chantal Julien Nadine qui ont pr\u00e9par\u00e9 et anim\u00e9 la messe, aux paroissiens et paroissiennes venus chanter pour que la messe soit joyeuse, au P\u00e8re Osinski pour la c\u00e9l\u00e9bration et pour son hom\u00e9lie pleine de sagesse, aux musiciens qui ont anim\u00e9 le repas et l&rsquo;apr\u00e8s-midi, au traiteur et aux personnes qui ont assur\u00e9 le service pendant le repas et \u00e0 tout ceux qui de pr\u00e8s ou de loin ont contribu\u00e9 \u00e0 faire de cette journ\u00e9e une belle journ\u00e9e. Et bien sur merci \u00e0 tous ceux r\u00e9pondu pr\u00e9sents pour participer \u00e0 cette journ\u00e9e de m\u00e9moire<\/p>\n\n\n\n<p><a href=\"#hautpage\">Retour en haut de la page<\/a><\/p>\n\n\n\n<hr class=\"wp-block-separator has-alpha-channel-opacity\"\/>\n\n\n\n<h2 class=\"wp-block-heading has-global-color-14-color has-text-color has-link-color wp-elements-fd90ae4e9f3471371d3addbfc7ff1def\" id=\"10nov2018\" style=\"font-style:normal;font-weight:600\">Centenaire de la signature de l&rsquo;armistice de 1918 &#8211; Samedi 10 novembre 2018<\/h2>\n\n\n\n<p>Le Samedi 10 novembre, la municipalit\u00e9 d&rsquo;Orgueil c\u00e9l\u00e9brait la signature de l&rsquo;armistice sign\u00e9e le 11 novembre 1918. Pour cet anniversaire elle avait organis\u00e9 une exposition-conf\u00e9rence dans la salle des f\u00eates suivie d&rsquo;une c\u00e9r\u00e9monie du souvenir devant le monument aux morts du village.<\/p>\n\n\n\n<figure class=\"wp-block-gallery aligncenter has-nested-images columns-default wp-block-gallery-57 is-layout-flex wp-block-gallery-is-layout-flex\">\n<figure class=\"wp-block-image size-full\"><a href=\"https:\/\/orgueil82.jvillain.fr\/wp-content\/uploads\/C\u00e9r\u00e9monies_MaM\/11nov2018\/201811a.jpg\"><img width=\"960\" height=\"540\" data-id=\"2213\"  alt=\"\" class=\"wp-image-2213 lws-optimize-lazyload\"\/ data-src=\"https:\/\/orgueil82.jvillain.fr\/wp-content\/uploads\/C\u00e9r\u00e9monies_MaM\/11nov2018\/201811a.jpg\" srcset=\"https:\/\/orgueil82.jvillain.fr\/wp-content\/uploads\/C\u00e9r\u00e9monies_MaM\/11nov2018\/201811a.jpg 960w, https:\/\/orgueil82.jvillain.fr\/wp-content\/uploads\/C\u00e9r\u00e9monies_MaM\/11nov2018\/201811a-300x169.jpg 300w, https:\/\/orgueil82.jvillain.fr\/wp-content\/uploads\/C\u00e9r\u00e9monies_MaM\/11nov2018\/201811a-768x432.jpg 768w\" sizes=\"(max-width: 960px) 100vw, 960px\" \/><\/a><\/figure>\n\n\n\n<figure class=\"wp-block-image size-full\"><a href=\"https:\/\/orgueil82.jvillain.fr\/wp-content\/uploads\/C\u00e9r\u00e9monies_MaM\/11nov2018\/201811b.jpg\"><img width=\"960\" height=\"540\" data-id=\"2208\"  alt=\"\" class=\"wp-image-2208 lws-optimize-lazyload\"\/ data-src=\"https:\/\/orgueil82.jvillain.fr\/wp-content\/uploads\/C\u00e9r\u00e9monies_MaM\/11nov2018\/201811b.jpg\" srcset=\"https:\/\/orgueil82.jvillain.fr\/wp-content\/uploads\/C\u00e9r\u00e9monies_MaM\/11nov2018\/201811b.jpg 960w, https:\/\/orgueil82.jvillain.fr\/wp-content\/uploads\/C\u00e9r\u00e9monies_MaM\/11nov2018\/201811b-300x169.jpg 300w, https:\/\/orgueil82.jvillain.fr\/wp-content\/uploads\/C\u00e9r\u00e9monies_MaM\/11nov2018\/201811b-768x432.jpg 768w\" sizes=\"(max-width: 960px) 100vw, 960px\" \/><\/a><\/figure>\n<\/figure>\n\n\n\n<p>La petite exposition avait \u00e9t\u00e9 mise en place d\u00e8s le vendredi 9 car les classes de CM1-CM2 de l&rsquo;\u00e9cole du village ont pu profiter d&rsquo;une conf\u00e9rence\/discussion adapt\u00e9e faite par monsieur Guy JAMME, et&nbsp; ils ont pu visiter l&rsquo;exposition et poser des questions sur les divers objets pr\u00e9sent\u00e9s et sur les soldats pr\u00e9sents sur le monument aux morts du village.<\/p>\n\n\n<div class=\"wp-block-image\">\n<figure class=\"aligncenter size-large is-resized\"><a href=\"https:\/\/orgueil82.jvillain.fr\/wp-content\/uploads\/C\u00e9r\u00e9monies_MaM\/11nov2018\/DSCN1134-scaled.jpg\"><img width=\"2048\" height=\"1536\"  alt=\"\" class=\"wp-image-2216 lws-optimize-lazyload\" style=\"width:351px;height:auto\"\/ data-src=\"https:\/\/orgueil82.jvillain.fr\/wp-content\/uploads\/C\u00e9r\u00e9monies_MaM\/11nov2018\/DSCN1134-2048x1536.jpg\" srcset=\"https:\/\/orgueil82.jvillain.fr\/wp-content\/uploads\/C\u00e9r\u00e9monies_MaM\/11nov2018\/DSCN1134-2048x1536.jpg 2048w, https:\/\/orgueil82.jvillain.fr\/wp-content\/uploads\/C\u00e9r\u00e9monies_MaM\/11nov2018\/DSCN1134-300x225.jpg 300w, https:\/\/orgueil82.jvillain.fr\/wp-content\/uploads\/C\u00e9r\u00e9monies_MaM\/11nov2018\/DSCN1134-768x576.jpg 768w, https:\/\/orgueil82.jvillain.fr\/wp-content\/uploads\/C\u00e9r\u00e9monies_MaM\/11nov2018\/DSCN1134-1536x1152.jpg 1536w\" sizes=\"(max-width: 2048px) 100vw, 2048px\" \/><\/a><\/figure>\n<\/div>\n\n\n<p>Et les enfants ont beaucoup particip\u00e9 pendant la conf\u00e9rence en posant des questions et en cherchant les r\u00e9ponses aux questions pos\u00e9es par le conf\u00e9rencier.<\/p>\n\n\n<div class=\"wp-block-image\">\n<figure class=\"aligncenter size-large is-resized\"><a href=\"https:\/\/orgueil82.jvillain.fr\/wp-content\/uploads\/C\u00e9r\u00e9monies_MaM\/11nov2018\/DSCN1129-scaled.jpg\"><img width=\"2048\" height=\"1536\"  alt=\"\" class=\"wp-image-2214 lws-optimize-lazyload\" style=\"width:361px;height:auto\"\/ data-src=\"https:\/\/orgueil82.jvillain.fr\/wp-content\/uploads\/C\u00e9r\u00e9monies_MaM\/11nov2018\/DSCN1129-2048x1536.jpg\" srcset=\"https:\/\/orgueil82.jvillain.fr\/wp-content\/uploads\/C\u00e9r\u00e9monies_MaM\/11nov2018\/DSCN1129-2048x1536.jpg 2048w, https:\/\/orgueil82.jvillain.fr\/wp-content\/uploads\/C\u00e9r\u00e9monies_MaM\/11nov2018\/DSCN1129-300x225.jpg 300w, https:\/\/orgueil82.jvillain.fr\/wp-content\/uploads\/C\u00e9r\u00e9monies_MaM\/11nov2018\/DSCN1129-768x576.jpg 768w, https:\/\/orgueil82.jvillain.fr\/wp-content\/uploads\/C\u00e9r\u00e9monies_MaM\/11nov2018\/DSCN1129-1536x1152.jpg 1536w\" sizes=\"(max-width: 2048px) 100vw, 2048px\" \/><\/a><\/figure>\n<\/div>\n\n\n<p>Le samedi 10 novembre la salle des f\u00eates a \u00e9t\u00e9 ouverte \u00e0 14h00 et une cinquantaine de personne est venu visiter l&rsquo;exposition.<\/p>\n\n\n<div class=\"wp-block-image\">\n<figure class=\"aligncenter size-large is-resized\"><a href=\"https:\/\/orgueil82.jvillain.fr\/wp-content\/uploads\/C\u00e9r\u00e9monies_MaM\/11nov2018\/DSCN1154-scaled.jpg\"><img width=\"2048\" height=\"1536\"  alt=\"\" class=\"wp-image-2215 lws-optimize-lazyload\" style=\"width:377px;height:auto\"\/ data-src=\"https:\/\/orgueil82.jvillain.fr\/wp-content\/uploads\/C\u00e9r\u00e9monies_MaM\/11nov2018\/DSCN1154-2048x1536.jpg\" srcset=\"https:\/\/orgueil82.jvillain.fr\/wp-content\/uploads\/C\u00e9r\u00e9monies_MaM\/11nov2018\/DSCN1154-2048x1536.jpg 2048w, https:\/\/orgueil82.jvillain.fr\/wp-content\/uploads\/C\u00e9r\u00e9monies_MaM\/11nov2018\/DSCN1154-300x225.jpg 300w, https:\/\/orgueil82.jvillain.fr\/wp-content\/uploads\/C\u00e9r\u00e9monies_MaM\/11nov2018\/DSCN1154-768x576.jpg 768w, https:\/\/orgueil82.jvillain.fr\/wp-content\/uploads\/C\u00e9r\u00e9monies_MaM\/11nov2018\/DSCN1154-1536x1152.jpg 1536w\" sizes=\"(max-width: 2048px) 100vw, 2048px\" \/><\/a><\/figure>\n<\/div>\n\n\n<p>A 15h00 Monsieur Guy Jamme a d\u00e9but\u00e9 sa conf\u00e9rence qui parle des aspects de la grande guerre dans le Tarn-et-Garonne, sujet int\u00e9ressant.<\/p>\n\n\n\n<figure class=\"wp-block-gallery aligncenter has-nested-images columns-default wp-block-gallery-58 is-layout-flex wp-block-gallery-is-layout-flex\">\n<figure class=\"wp-block-image size-full\"><a href=\"https:\/\/orgueil82.jvillain.fr\/wp-content\/uploads\/C\u00e9r\u00e9monies_MaM\/11nov2018\/DSCN1147-scaled.jpg\"><img width=\"2560\" height=\"1920\" data-id=\"2217\"  alt=\"\" class=\"wp-image-2217 lws-optimize-lazyload\"\/ data-src=\"https:\/\/orgueil82.jvillain.fr\/wp-content\/uploads\/C\u00e9r\u00e9monies_MaM\/11nov2018\/DSCN1147-scaled.jpg\" srcset=\"https:\/\/orgueil82.jvillain.fr\/wp-content\/uploads\/C\u00e9r\u00e9monies_MaM\/11nov2018\/DSCN1147-scaled.jpg 2560w, https:\/\/orgueil82.jvillain.fr\/wp-content\/uploads\/C\u00e9r\u00e9monies_MaM\/11nov2018\/DSCN1147-300x225.jpg 300w, https:\/\/orgueil82.jvillain.fr\/wp-content\/uploads\/C\u00e9r\u00e9monies_MaM\/11nov2018\/DSCN1147-2048x1536.jpg 2048w, https:\/\/orgueil82.jvillain.fr\/wp-content\/uploads\/C\u00e9r\u00e9monies_MaM\/11nov2018\/DSCN1147-768x576.jpg 768w, https:\/\/orgueil82.jvillain.fr\/wp-content\/uploads\/C\u00e9r\u00e9monies_MaM\/11nov2018\/DSCN1147-1536x1152.jpg 1536w\" sizes=\"(max-width: 2560px) 100vw, 2560px\" \/><\/a><\/figure>\n\n\n\n<figure class=\"wp-block-image size-full\"><a href=\"https:\/\/orgueil82.jvillain.fr\/wp-content\/uploads\/C\u00e9r\u00e9monies_MaM\/11nov2018\/DSCN1161-scaled.jpg\"><img width=\"2560\" height=\"1920\" data-id=\"2218\"  alt=\"\" class=\"wp-image-2218 lws-optimize-lazyload\"\/ data-src=\"https:\/\/orgueil82.jvillain.fr\/wp-content\/uploads\/C\u00e9r\u00e9monies_MaM\/11nov2018\/DSCN1161-scaled.jpg\" srcset=\"https:\/\/orgueil82.jvillain.fr\/wp-content\/uploads\/C\u00e9r\u00e9monies_MaM\/11nov2018\/DSCN1161-scaled.jpg 2560w, https:\/\/orgueil82.jvillain.fr\/wp-content\/uploads\/C\u00e9r\u00e9monies_MaM\/11nov2018\/DSCN1161-300x225.jpg 300w, https:\/\/orgueil82.jvillain.fr\/wp-content\/uploads\/C\u00e9r\u00e9monies_MaM\/11nov2018\/DSCN1161-2048x1536.jpg 2048w, https:\/\/orgueil82.jvillain.fr\/wp-content\/uploads\/C\u00e9r\u00e9monies_MaM\/11nov2018\/DSCN1161-768x576.jpg 768w, https:\/\/orgueil82.jvillain.fr\/wp-content\/uploads\/C\u00e9r\u00e9monies_MaM\/11nov2018\/DSCN1161-1536x1152.jpg 1536w\" sizes=\"(max-width: 2560px) 100vw, 2560px\" \/><\/a><\/figure>\n<\/figure>\n\n\n\n<p>Cette conf\u00e9rence a \u00e9t\u00e9 suivie d&rsquo;une pr\u00e9sentation sur le monument aux morts du village et sur les soldats inscrits sur le monument d\u00e9livr\u00e9e par monsieur Jacques Villain (si vous voulez voir cette pr\u00e9sentation cliquez&nbsp;<a href=\"https:\/\/orgueil82.jvillain.fr\/wp-content\/uploads\/C\u00e9r\u00e9monies_MaM\/11nov2018\/mamorgueil.mp4\" target=\"_blank\" rel=\"noreferrer noopener\">ici<\/a>).<\/p>\n\n\n\n<p>Les pr\u00e9sentations se sont termin\u00e9es vers 17h00 ce qui a laiss\u00e9 un peu de temps aux personnes pr\u00e9sentes pour \u00e9changer avec les conf\u00e9renciers et pour continuer \u00e0 regarder les divers objets et documents expos\u00e9s.<\/p>\n\n\n\n<p>Puis vers 17h15 la salle s&rsquo;est vid\u00e9e pour que tous puissent se rendre devant le monument aux morts o\u00f9 attendaient d\u00e9j\u00e0 des enfants des \u00e9coles avec leurs professeures et d&rsquo;autres citoyens d&rsquo;Orgueil.<\/p>\n\n\n<div class=\"wp-block-image\">\n<figure class=\"aligncenter size-full is-resized\"><a href=\"https:\/\/orgueil82.jvillain.fr\/wp-content\/uploads\/C\u00e9r\u00e9monies_MaM\/11nov2018\/201811c.jpg.jpg\"><img width=\"960\" height=\"540\"  alt=\"\" class=\"wp-image-2212 lws-optimize-lazyload\" style=\"width:439px;height:auto\"\/ data-src=\"https:\/\/orgueil82.jvillain.fr\/wp-content\/uploads\/C\u00e9r\u00e9monies_MaM\/11nov2018\/201811c.jpg.jpg\" srcset=\"https:\/\/orgueil82.jvillain.fr\/wp-content\/uploads\/C\u00e9r\u00e9monies_MaM\/11nov2018\/201811c.jpg.jpg 960w, https:\/\/orgueil82.jvillain.fr\/wp-content\/uploads\/C\u00e9r\u00e9monies_MaM\/11nov2018\/201811c.jpg-300x169.jpg 300w, https:\/\/orgueil82.jvillain.fr\/wp-content\/uploads\/C\u00e9r\u00e9monies_MaM\/11nov2018\/201811c.jpg-768x432.jpg 768w\" sizes=\"(max-width: 960px) 100vw, 960px\" \/><\/a><\/figure>\n<\/div>\n\n\n<p>A 17h30 tout \u00e9tant en place, madame Catherine VILLAIN, maire d&rsquo;Orgueil, d\u00e9butait la c\u00e9r\u00e9monie en remerciant les personnes ayant travaill\u00e9 pour organiser l&rsquo;exposition et la c\u00e9r\u00e9monie : monsieur Guy Jamme, les enfants et leurs enseignantes, le personnel communal, les \u00e9lus, les portes-drapeaux et bien s\u00fbr toutes les personnes pr\u00e9sentes : monsieur Fernand Gongora repr\u00e9sentant du Souvenir Fran\u00e7ais, monsieur Simonin, les pr\u00e9sidents d&rsquo;associations, tous les citoyens du village pr\u00e9sents&#8230;.<br>Puis elle expliqua le d\u00e9roulement de la c\u00e9r\u00e9monie o\u00f9 les enfants des \u00e9coles avaient un r\u00f4le important.<\/p>\n\n\n\n<figure class=\"wp-block-gallery aligncenter has-nested-images columns-default wp-block-gallery-59 is-layout-flex wp-block-gallery-is-layout-flex\">\n<figure class=\"wp-block-image size-full\"><a href=\"https:\/\/orgueil82.jvillain.fr\/wp-content\/uploads\/C\u00e9r\u00e9monies_MaM\/11nov2018\/201811d.jpg\"><img width=\"768\" height=\"432\" data-id=\"2205\"  alt=\"\" class=\"wp-image-2205 lws-optimize-lazyload\"\/ data-src=\"https:\/\/orgueil82.jvillain.fr\/wp-content\/uploads\/C\u00e9r\u00e9monies_MaM\/11nov2018\/201811d.jpg\" srcset=\"https:\/\/orgueil82.jvillain.fr\/wp-content\/uploads\/C\u00e9r\u00e9monies_MaM\/11nov2018\/201811d.jpg 768w, https:\/\/orgueil82.jvillain.fr\/wp-content\/uploads\/C\u00e9r\u00e9monies_MaM\/11nov2018\/201811d-300x169.jpg 300w\" sizes=\"(max-width: 768px) 100vw, 768px\" \/><\/a><\/figure>\n\n\n\n<figure class=\"wp-block-image size-full\"><a href=\"https:\/\/orgueil82.jvillain.fr\/wp-content\/uploads\/C\u00e9r\u00e9monies_MaM\/11nov2018\/201811e.jpg\"><img width=\"768\" height=\"432\" data-id=\"2198\"  alt=\"\" class=\"wp-image-2198 lws-optimize-lazyload\"\/ data-src=\"https:\/\/orgueil82.jvillain.fr\/wp-content\/uploads\/C\u00e9r\u00e9monies_MaM\/11nov2018\/201811e.jpg\" srcset=\"https:\/\/orgueil82.jvillain.fr\/wp-content\/uploads\/C\u00e9r\u00e9monies_MaM\/11nov2018\/201811e.jpg 768w, https:\/\/orgueil82.jvillain.fr\/wp-content\/uploads\/C\u00e9r\u00e9monies_MaM\/11nov2018\/201811e-300x169.jpg 300w\" sizes=\"(max-width: 768px) 100vw, 768px\" \/><\/a><\/figure>\n\n\n\n<figure class=\"wp-block-image size-full\"><a href=\"https:\/\/orgueil82.jvillain.fr\/wp-content\/uploads\/C\u00e9r\u00e9monies_MaM\/11nov2018\/201811f.jpg\"><img width=\"768\" height=\"432\" data-id=\"2202\"  alt=\"\" class=\"wp-image-2202 lws-optimize-lazyload\"\/ data-src=\"https:\/\/orgueil82.jvillain.fr\/wp-content\/uploads\/C\u00e9r\u00e9monies_MaM\/11nov2018\/201811f.jpg\" srcset=\"https:\/\/orgueil82.jvillain.fr\/wp-content\/uploads\/C\u00e9r\u00e9monies_MaM\/11nov2018\/201811f.jpg 768w, https:\/\/orgueil82.jvillain.fr\/wp-content\/uploads\/C\u00e9r\u00e9monies_MaM\/11nov2018\/201811f-300x169.jpg 300w\" sizes=\"(max-width: 768px) 100vw, 768px\" \/><\/a><\/figure>\n<\/figure>\n\n\n\n<p>La cr\u00e9monie a d\u00e9but\u00e9 par la lecture par les enfants de la lettre envoy\u00e9e par un poilu du village :&nbsp;<a href=\"https:\/\/orgueil82.jvillain.fr\/wp-content\/uploads\/C\u00e9r\u00e9monies_MaM\/11nov2018\/lettre-francois-LAUZERAL-fiche.pdf\" target=\"_blank\" rel=\"noreferrer noopener\">Fran\u00e7ois Lauzeral<\/a>, beau-fr\u00e8re d&rsquo;\u00c9tienne Gibert pr\u00e9sent sur le monument, et dont la famille habite toujours le village.<\/p>\n\n\n<div class=\"wp-block-image\">\n<figure class=\"aligncenter size-full is-resized\"><a href=\"https:\/\/orgueil82.jvillain.fr\/wp-content\/uploads\/C\u00e9r\u00e9monies_MaM\/11nov2018\/201811g.jpg\"><img width=\"768\" height=\"432\"  alt=\"\" class=\"wp-image-2211 lws-optimize-lazyload\" style=\"width:379px;height:auto\"\/ data-src=\"https:\/\/orgueil82.jvillain.fr\/wp-content\/uploads\/C\u00e9r\u00e9monies_MaM\/11nov2018\/201811g.jpg\" srcset=\"https:\/\/orgueil82.jvillain.fr\/wp-content\/uploads\/C\u00e9r\u00e9monies_MaM\/11nov2018\/201811g.jpg 768w, https:\/\/orgueil82.jvillain.fr\/wp-content\/uploads\/C\u00e9r\u00e9monies_MaM\/11nov2018\/201811g-300x169.jpg 300w\" sizes=\"(max-width: 768px) 100vw, 768px\" \/><\/a><\/figure>\n<\/div>\n\n\n<p>Apr\u00e8s la lecture de la lettre de Fran\u00e7ois Lauzeral, madame le maire a lu le message du Pr\u00e9sident de la R\u00e9publique \u00e0 l&rsquo;occasion du centenaire de l&rsquo;Armistice de 1918.<\/p>\n\n\n\n<figure class=\"wp-block-gallery aligncenter has-nested-images columns-default wp-block-gallery-60 is-layout-flex wp-block-gallery-is-layout-flex\">\n<figure class=\"wp-block-image size-full\"><a href=\"https:\/\/orgueil82.jvillain.fr\/wp-content\/uploads\/C\u00e9r\u00e9monies_MaM\/11nov2018\/201811h.jpg\"><img width=\"432\" height=\"768\" data-id=\"2204\"  alt=\"\" class=\"wp-image-2204 lws-optimize-lazyload\"\/ data-src=\"https:\/\/orgueil82.jvillain.fr\/wp-content\/uploads\/C\u00e9r\u00e9monies_MaM\/11nov2018\/201811h.jpg\" srcset=\"https:\/\/orgueil82.jvillain.fr\/wp-content\/uploads\/C\u00e9r\u00e9monies_MaM\/11nov2018\/201811h.jpg 432w, https:\/\/orgueil82.jvillain.fr\/wp-content\/uploads\/C\u00e9r\u00e9monies_MaM\/11nov2018\/201811h-169x300.jpg 169w\" sizes=\"(max-width: 432px) 100vw, 432px\" \/><\/a><\/figure>\n\n\n\n<figure class=\"wp-block-image size-full\"><a href=\"https:\/\/orgueil82.jvillain.fr\/wp-content\/uploads\/C\u00e9r\u00e9monies_MaM\/11nov2018\/201811i.jpg\"><img width=\"768\" height=\"432\" data-id=\"2203\"  alt=\"\" class=\"wp-image-2203 lws-optimize-lazyload\"\/ data-src=\"https:\/\/orgueil82.jvillain.fr\/wp-content\/uploads\/C\u00e9r\u00e9monies_MaM\/11nov2018\/201811i.jpg\" srcset=\"https:\/\/orgueil82.jvillain.fr\/wp-content\/uploads\/C\u00e9r\u00e9monies_MaM\/11nov2018\/201811i.jpg 768w, https:\/\/orgueil82.jvillain.fr\/wp-content\/uploads\/C\u00e9r\u00e9monies_MaM\/11nov2018\/201811i-300x169.jpg 300w\" sizes=\"(max-width: 768px) 100vw, 768px\" \/><\/a><\/figure>\n\n\n\n<figure class=\"wp-block-image size-full\"><a href=\"https:\/\/orgueil82.jvillain.fr\/wp-content\/uploads\/C\u00e9r\u00e9monies_MaM\/11nov2018\/201811j.jpg\"><img width=\"768\" height=\"432\" data-id=\"2201\"  alt=\"\" class=\"wp-image-2201 lws-optimize-lazyload\"\/ data-src=\"https:\/\/orgueil82.jvillain.fr\/wp-content\/uploads\/C\u00e9r\u00e9monies_MaM\/11nov2018\/201811j.jpg\" srcset=\"https:\/\/orgueil82.jvillain.fr\/wp-content\/uploads\/C\u00e9r\u00e9monies_MaM\/11nov2018\/201811j.jpg 768w, https:\/\/orgueil82.jvillain.fr\/wp-content\/uploads\/C\u00e9r\u00e9monies_MaM\/11nov2018\/201811j-300x169.jpg 300w\" sizes=\"(max-width: 768px) 100vw, 768px\" \/><\/a><\/figure>\n<\/figure>\n\n\n\n<p>Apr\u00e8s la lecture de ce message les enfants des \u00e9coles ont proc\u00e9d\u00e9 \u00e0 l&rsquo;appel des morts. Des enfants ont lu chacun des 22 noms pr\u00e9sents sur le monument aux morts en ajoutant apr\u00e8s chaque nom \u00e0 quel \u00e2ge le poilu \u00e9tait d\u00e9c\u00e9d\u00e9 et o\u00f9 il \u00e9tait d\u00e9c\u00e9d\u00e9. Pendant cet appel d&rsquo;autres enfants ont pos\u00e9 des lumignons devant le monument aux morts : des lumignons blancs bleus et rouges en m\u00e9moire des ces soldats morts loin de chez eux pour la d\u00e9fense du drapeau fran\u00e7ais.<\/p>\n\n\n\n<figure class=\"wp-block-gallery aligncenter has-nested-images columns-default wp-block-gallery-61 is-layout-flex wp-block-gallery-is-layout-flex\">\n<figure class=\"wp-block-image size-full\"><a href=\"https:\/\/orgueil82.jvillain.fr\/wp-content\/uploads\/C\u00e9r\u00e9monies_MaM\/11nov2018\/201811k.jpg\"><img width=\"768\" height=\"432\" data-id=\"2199\"  alt=\"\" class=\"wp-image-2199 lws-optimize-lazyload\"\/ data-src=\"https:\/\/orgueil82.jvillain.fr\/wp-content\/uploads\/C\u00e9r\u00e9monies_MaM\/11nov2018\/201811k.jpg\" srcset=\"https:\/\/orgueil82.jvillain.fr\/wp-content\/uploads\/C\u00e9r\u00e9monies_MaM\/11nov2018\/201811k.jpg 768w, https:\/\/orgueil82.jvillain.fr\/wp-content\/uploads\/C\u00e9r\u00e9monies_MaM\/11nov2018\/201811k-300x169.jpg 300w\" sizes=\"(max-width: 768px) 100vw, 768px\" \/><\/a><\/figure>\n\n\n\n<figure class=\"wp-block-image size-full\"><a href=\"https:\/\/orgueil82.jvillain.fr\/wp-content\/uploads\/C\u00e9r\u00e9monies_MaM\/11nov2018\/201811l.jpg\"><img width=\"768\" height=\"432\" data-id=\"2209\"  alt=\"\" class=\"wp-image-2209 lws-optimize-lazyload\"\/ data-src=\"https:\/\/orgueil82.jvillain.fr\/wp-content\/uploads\/C\u00e9r\u00e9monies_MaM\/11nov2018\/201811l.jpg\" srcset=\"https:\/\/orgueil82.jvillain.fr\/wp-content\/uploads\/C\u00e9r\u00e9monies_MaM\/11nov2018\/201811l.jpg 768w, https:\/\/orgueil82.jvillain.fr\/wp-content\/uploads\/C\u00e9r\u00e9monies_MaM\/11nov2018\/201811l-300x169.jpg 300w\" sizes=\"(max-width: 768px) 100vw, 768px\" \/><\/a><\/figure>\n<\/figure>\n\n\n\n<p>Apr\u00e8s l&rsquo;appel des morts, comme cela avait \u00e9t\u00e9 demand\u00e9 par la Pr\u00e9sidence de la r\u00e9publique, madame le maire a proc\u00e9d\u00e9 \u00e0 l&rsquo;appel des 3 soldats morts pour la France cette ann\u00e9e :<\/p>\n\n\n\n<ul class=\"wp-block-list\">\n<li> l&rsquo;adjudant \u00c9milien MOUGIN du 1er r\u00e9giment de Spahis mort pour la France au Mali le 21 f\u00e9vrier 2018 \u00e0 l&rsquo;\u00e2ge de 32 ans p\u00e8re de 2 enfants<\/li>\n\n\n\n<li>le mar\u00e9chal des logis Timoth\u00e9 DERNONCOURT du 1er R\u00e9giment de Spahis mort pour la France au Mali le 21 f\u00e9vrier 2018 \u00e0 l&rsquo;\u00e2ge de 33 ans<\/li>\n\n\n\n<li>le caporal Bogusz POCHYLSKI du 2e R\u00e9giment \u00c9tranger d&rsquo;Infanterie mort pour la France en Irak le 21 mars 2018 \u00e0 l&rsquo;\u00e2ge de 31 ans<\/li>\n<\/ul>\n\n\n\n<p>Apr\u00e8s cet appel des morts, monsieur Willy Authesserre, adjoint au maire en charge de l&rsquo;Enfance et de la Jeunesse, et des enfants ont d\u00e9pos\u00e9 une gerbe au pied du monument aux morts.<\/p>\n\n\n<div class=\"wp-block-image\">\n<figure class=\"aligncenter size-full is-resized\"><a href=\"https:\/\/orgueil82.jvillain.fr\/wp-content\/uploads\/C\u00e9r\u00e9monies_MaM\/11nov2018\/201811m.jpg\"><img width=\"768\" height=\"432\"  alt=\"\" class=\"wp-image-2206 lws-optimize-lazyload\" style=\"width:350px;height:auto\"\/ data-src=\"https:\/\/orgueil82.jvillain.fr\/wp-content\/uploads\/C\u00e9r\u00e9monies_MaM\/11nov2018\/201811m.jpg\" srcset=\"https:\/\/orgueil82.jvillain.fr\/wp-content\/uploads\/C\u00e9r\u00e9monies_MaM\/11nov2018\/201811m.jpg 768w, https:\/\/orgueil82.jvillain.fr\/wp-content\/uploads\/C\u00e9r\u00e9monies_MaM\/11nov2018\/201811m-300x169.jpg 300w\" sizes=\"(max-width: 768px) 100vw, 768px\" \/><\/a><\/figure>\n<\/div>\n\n\n<p>C&rsquo;est alors qu&rsquo;a retenti la sonnerie aux morts. Puis ce fut la minute de silence.<\/p>\n\n\n\n<figure class=\"wp-block-gallery aligncenter has-nested-images columns-default wp-block-gallery-62 is-layout-flex wp-block-gallery-is-layout-flex\">\n<figure class=\"wp-block-image size-full\"><a href=\"https:\/\/orgueil82.jvillain.fr\/wp-content\/uploads\/C\u00e9r\u00e9monies_MaM\/11nov2018\/201811n.jpg\"><img width=\"768\" height=\"432\" data-id=\"2207\"  alt=\"\" class=\"wp-image-2207 lws-optimize-lazyload\"\/ data-src=\"https:\/\/orgueil82.jvillain.fr\/wp-content\/uploads\/C\u00e9r\u00e9monies_MaM\/11nov2018\/201811n.jpg\" srcset=\"https:\/\/orgueil82.jvillain.fr\/wp-content\/uploads\/C\u00e9r\u00e9monies_MaM\/11nov2018\/201811n.jpg 768w, https:\/\/orgueil82.jvillain.fr\/wp-content\/uploads\/C\u00e9r\u00e9monies_MaM\/11nov2018\/201811n-300x169.jpg 300w\" sizes=\"(max-width: 768px) 100vw, 768px\" \/><\/a><\/figure>\n\n\n\n<figure class=\"wp-block-image size-full\"><a href=\"https:\/\/orgueil82.jvillain.fr\/wp-content\/uploads\/C\u00e9r\u00e9monies_MaM\/11nov2018\/201811o.jpg\"><img width=\"768\" height=\"432\" data-id=\"2200\"  alt=\"\" class=\"wp-image-2200 lws-optimize-lazyload\"\/ data-src=\"https:\/\/orgueil82.jvillain.fr\/wp-content\/uploads\/C\u00e9r\u00e9monies_MaM\/11nov2018\/201811o.jpg\" srcset=\"https:\/\/orgueil82.jvillain.fr\/wp-content\/uploads\/C\u00e9r\u00e9monies_MaM\/11nov2018\/201811o.jpg 768w, https:\/\/orgueil82.jvillain.fr\/wp-content\/uploads\/C\u00e9r\u00e9monies_MaM\/11nov2018\/201811o-300x169.jpg 300w\" sizes=\"(max-width: 768px) 100vw, 768px\" \/><\/a><\/figure>\n<\/figure>\n\n\n\n<p>Apr\u00e8s la minute de silence les enfants des \u00c9coles ont entonn\u00e9 la Marseillaise, une Marseillaise qui a retenti dans la nuit tombante pour rappeler \u00e0 tous la fiert\u00e9 de servir la France.<\/p>\n\n\n\n<p>La c\u00e9r\u00e9monie se termine, madame le maire et monsieur Simonin sont all\u00e9s saluer les portes-drapeaux<\/p>\n\n\n<div class=\"wp-block-image\">\n<figure class=\"aligncenter size-full is-resized\"><a href=\"https:\/\/orgueil82.jvillain.fr\/wp-content\/uploads\/C\u00e9r\u00e9monies_MaM\/11nov2018\/201811p.jpg\"><img width=\"768\" height=\"432\"  alt=\"\" class=\"wp-image-2210 lws-optimize-lazyload\" style=\"width:354px;height:auto\"\/ data-src=\"https:\/\/orgueil82.jvillain.fr\/wp-content\/uploads\/C\u00e9r\u00e9monies_MaM\/11nov2018\/201811p.jpg\" srcset=\"https:\/\/orgueil82.jvillain.fr\/wp-content\/uploads\/C\u00e9r\u00e9monies_MaM\/11nov2018\/201811p.jpg 768w, https:\/\/orgueil82.jvillain.fr\/wp-content\/uploads\/C\u00e9r\u00e9monies_MaM\/11nov2018\/201811p-300x169.jpg 300w\" sizes=\"(max-width: 768px) 100vw, 768px\" \/><\/a><\/figure>\n<\/div>\n\n\n<p>puis madame le maire invitait tout le monde \u00e0 venir partager le verre de l&rsquo;amiti\u00e9 \u00e0 l&rsquo;Orgueil caf\u00e9.<\/p>\n\n\n\n<p>D\u00e9but\u00e9e alors qu&rsquo;il faisait jour, la c\u00e9r\u00e9monie s&rsquo;est termin\u00e9e la nuit, quasiment tomb\u00e9e. Dans cette demi p\u00e9nombre les lumignons bleu-blanc-rouge illuminaient le monument aux morts<\/p>\n\n\n<div class=\"wp-block-image\">\n<figure class=\"aligncenter size-full is-resized\"><a href=\"https:\/\/orgueil82.jvillain.fr\/wp-content\/uploads\/C\u00e9r\u00e9monies_MaM\/11nov2018\/mamlanuit1.jpg\"><img width=\"382\" height=\"508\"  alt=\"\" class=\"wp-image-2195 lws-optimize-lazyload\" style=\"width:220px;height:auto\"\/ data-src=\"https:\/\/orgueil82.jvillain.fr\/wp-content\/uploads\/C\u00e9r\u00e9monies_MaM\/11nov2018\/mamlanuit1.jpg\" srcset=\"https:\/\/orgueil82.jvillain.fr\/wp-content\/uploads\/C\u00e9r\u00e9monies_MaM\/11nov2018\/mamlanuit1.jpg 382w, https:\/\/orgueil82.jvillain.fr\/wp-content\/uploads\/C\u00e9r\u00e9monies_MaM\/11nov2018\/mamlanuit1-226x300.jpg 226w\" sizes=\"(max-width: 382px) 100vw, 382px\" \/><\/a><\/figure>\n<\/div>\n\n\n<p>et les v\u00e9hicules qui passent sur la d\u00e9partementale ont pu admirer cette illumination pendant une grande partie de la nuit.<\/p>\n\n\n<div class=\"wp-block-image\">\n<figure class=\"aligncenter size-full is-resized\"><a href=\"https:\/\/orgueil82.jvillain.fr\/wp-content\/uploads\/C\u00e9r\u00e9monies_MaM\/11nov2018\/mamlanuit2.jpg\"><img width=\"752\" height=\"459\"  alt=\"\" class=\"wp-image-2194 lws-optimize-lazyload\" style=\"width:478px;height:auto\"\/ data-src=\"https:\/\/orgueil82.jvillain.fr\/wp-content\/uploads\/C\u00e9r\u00e9monies_MaM\/11nov2018\/mamlanuit2.jpg\" srcset=\"https:\/\/orgueil82.jvillain.fr\/wp-content\/uploads\/C\u00e9r\u00e9monies_MaM\/11nov2018\/mamlanuit2.jpg 752w, https:\/\/orgueil82.jvillain.fr\/wp-content\/uploads\/C\u00e9r\u00e9monies_MaM\/11nov2018\/mamlanuit2-300x183.jpg 300w\" sizes=\"(max-width: 752px) 100vw, 752px\" \/><\/a><\/figure>\n<\/div>\n\n\n<p>Merci \u00e0 la municipalit\u00e9, notamment \u00e0 l&rsquo;adjointe au maire qui a organis\u00e9 l&rsquo;exposition-conf\u00e9rence, et \u00e0 tous ceux qui ont contribu\u00e9 au succ\u00e8s de cette journ\u00e9e de comm\u00e9moration.<\/p>\n\n\n\n<p>Merci aux enseignantes et \u00e0 la directrice de l&rsquo;\u00e9cole pour avoir pr\u00e9par\u00e9 avec les \u00e9l\u00e8ves la c\u00e9r\u00e9monie et merci aux enfants d&rsquo;\u00eatre venu participer (et \u00e0 leur parents de les avoir amen\u00e9).<\/p>\n\n\n\n<p>Merci aux porte-drapeaux de s&rsquo;\u00eatre mobilis\u00e9s pour la c\u00e9r\u00e9monie.<\/p>\n\n\n\n<p>Merci \u00e0 tous ceux qui ont fait l&rsquo;effort de venir \u00e0 la c\u00e9r\u00e9monie.<\/p>\n\n\n\n<p><a href=\"#hautpage\">Retour en haut de la page<\/a><\/p>\n\n\n\n<hr class=\"wp-block-separator has-alpha-channel-opacity\"\/>\n\n\n\n<h2 class=\"wp-block-heading has-global-color-14-color has-text-color has-link-color wp-elements-f20d1ad6524f3b54de2bb694cd4ea723\" id=\"08mai2018\" style=\"font-style:normal;font-weight:600\">Comm\u00e9moration du 8 mai &#8211; Mardi 8 mai 2018<\/h2>\n\n\n\n<p>La comm\u00e9moration du 8 mai 1945 a eu lieu le mardi 8 mai 2018 \u00e0 11h00 devant le monument aux morts du village.<\/p>\n\n\n\n<p>Le temps \u00e9tait tr\u00e8s maussade et cette c\u00e9r\u00e9monie n&rsquo;a pas attir\u00e9 la foule, une trentaine de personnes se sont d\u00e9plac\u00e9s dont quelques enfants. Merci \u00e0 eux d&rsquo;avoir fait l&rsquo;effort de venir \u00e0 cette br\u00e8ve c\u00e9r\u00e9monie.<\/p>\n\n\n<div class=\"wp-block-image\">\n<figure class=\"aligncenter size-full is-resized\"><a href=\"https:\/\/orgueil82.jvillain.fr\/wp-content\/uploads\/C\u00e9r\u00e9monies_MaM\/08mai2018\/08mai2018_1.jpg\"><img width=\"1276\" height=\"957\"  alt=\"\" class=\"wp-image-2191 lws-optimize-lazyload\" style=\"width:332px;height:auto\"\/ data-src=\"https:\/\/orgueil82.jvillain.fr\/wp-content\/uploads\/C\u00e9r\u00e9monies_MaM\/08mai2018\/08mai2018_1.jpg\" srcset=\"https:\/\/orgueil82.jvillain.fr\/wp-content\/uploads\/C\u00e9r\u00e9monies_MaM\/08mai2018\/08mai2018_1.jpg 1276w, https:\/\/orgueil82.jvillain.fr\/wp-content\/uploads\/C\u00e9r\u00e9monies_MaM\/08mai2018\/08mai2018_1-300x225.jpg 300w, https:\/\/orgueil82.jvillain.fr\/wp-content\/uploads\/C\u00e9r\u00e9monies_MaM\/08mai2018\/08mai2018_1-768x576.jpg 768w\" sizes=\"(max-width: 1276px) 100vw, 1276px\" \/><\/a><\/figure>\n<\/div>\n\n\n<p>Apr\u00e8s avoir demand\u00e9 \u00e0 l&rsquo;assistance de se regrouper, madame Catherine VILLAIN, maire du village, a d\u00e9but\u00e9 la c\u00e9r\u00e9monie en lisant la communication de madame Genevi\u00e8ve DARRIEUSECQ secr\u00e9taire d&rsquo;\u00e9tat aupr\u00e8s de la ministre des Arm\u00e9es.<\/p>\n\n\n\n<figure class=\"wp-block-gallery aligncenter has-nested-images columns-default wp-block-gallery-63 is-layout-flex wp-block-gallery-is-layout-flex\">\n<figure class=\"wp-block-image size-full\"><a href=\"https:\/\/orgueil82.jvillain.fr\/wp-content\/uploads\/C\u00e9r\u00e9monies_MaM\/08mai2018\/08mai2018_2.jpg\"><img width=\"1276\" height=\"957\" data-id=\"2188\"  alt=\"\" class=\"wp-image-2188 lws-optimize-lazyload\"\/ data-src=\"https:\/\/orgueil82.jvillain.fr\/wp-content\/uploads\/C\u00e9r\u00e9monies_MaM\/08mai2018\/08mai2018_2.jpg\" srcset=\"https:\/\/orgueil82.jvillain.fr\/wp-content\/uploads\/C\u00e9r\u00e9monies_MaM\/08mai2018\/08mai2018_2.jpg 1276w, https:\/\/orgueil82.jvillain.fr\/wp-content\/uploads\/C\u00e9r\u00e9monies_MaM\/08mai2018\/08mai2018_2-300x225.jpg 300w, https:\/\/orgueil82.jvillain.fr\/wp-content\/uploads\/C\u00e9r\u00e9monies_MaM\/08mai2018\/08mai2018_2-768x576.jpg 768w\" sizes=\"(max-width: 1276px) 100vw, 1276px\" \/><\/a><\/figure>\n\n\n\n<figure class=\"wp-block-image size-full\"><a href=\"https:\/\/orgueil82.jvillain.fr\/wp-content\/uploads\/C\u00e9r\u00e9monies_MaM\/08mai2018\/08mai2018_3.jpg\"><img width=\"1276\" height=\"957\" data-id=\"2192\"  alt=\"\" class=\"wp-image-2192 lws-optimize-lazyload\"\/ data-src=\"https:\/\/orgueil82.jvillain.fr\/wp-content\/uploads\/C\u00e9r\u00e9monies_MaM\/08mai2018\/08mai2018_3.jpg\" srcset=\"https:\/\/orgueil82.jvillain.fr\/wp-content\/uploads\/C\u00e9r\u00e9monies_MaM\/08mai2018\/08mai2018_3.jpg 1276w, https:\/\/orgueil82.jvillain.fr\/wp-content\/uploads\/C\u00e9r\u00e9monies_MaM\/08mai2018\/08mai2018_3-300x225.jpg 300w, https:\/\/orgueil82.jvillain.fr\/wp-content\/uploads\/C\u00e9r\u00e9monies_MaM\/08mai2018\/08mai2018_3-768x576.jpg 768w\" sizes=\"(max-width: 1276px) 100vw, 1276px\" \/><\/a><\/figure>\n<\/figure>\n\n\n\n<p>Apr\u00e8s la lecture, madame le Maire et monsieur SIMONIN ont d\u00e9pos\u00e9 une gerbe au pied du monument aux morts.<\/p>\n\n\n\n<figure class=\"wp-block-gallery aligncenter has-nested-images columns-default wp-block-gallery-64 is-layout-flex wp-block-gallery-is-layout-flex\">\n<figure class=\"wp-block-image size-medium\"><a href=\"https:\/\/orgueil82.jvillain.fr\/wp-content\/uploads\/C\u00e9r\u00e9monies_MaM\/08mai2018\/08mai2018_4.jpg\"><img width=\"300\" height=\"225\" data-id=\"2187\"  alt=\"\" class=\"wp-image-2187 lws-optimize-lazyload\"\/ data-src=\"https:\/\/orgueil82.jvillain.fr\/wp-content\/uploads\/C\u00e9r\u00e9monies_MaM\/08mai2018\/08mai2018_4-300x225.jpg\" srcset=\"https:\/\/orgueil82.jvillain.fr\/wp-content\/uploads\/C\u00e9r\u00e9monies_MaM\/08mai2018\/08mai2018_4-300x225.jpg 300w, https:\/\/orgueil82.jvillain.fr\/wp-content\/uploads\/C\u00e9r\u00e9monies_MaM\/08mai2018\/08mai2018_4-768x576.jpg 768w, https:\/\/orgueil82.jvillain.fr\/wp-content\/uploads\/C\u00e9r\u00e9monies_MaM\/08mai2018\/08mai2018_4.jpg 1276w\" sizes=\"(max-width: 300px) 100vw, 300px\" \/><\/a><\/figure>\n\n\n\n<figure class=\"wp-block-image size-medium\"><a href=\"https:\/\/orgueil82.jvillain.fr\/wp-content\/uploads\/C\u00e9r\u00e9monies_MaM\/08mai2018\/08mai2018_5.jpg\"><img width=\"300\" height=\"225\" data-id=\"2190\"  alt=\"\" class=\"wp-image-2190 lws-optimize-lazyload\"\/ data-src=\"https:\/\/orgueil82.jvillain.fr\/wp-content\/uploads\/C\u00e9r\u00e9monies_MaM\/08mai2018\/08mai2018_5-300x225.jpg\" srcset=\"https:\/\/orgueil82.jvillain.fr\/wp-content\/uploads\/C\u00e9r\u00e9monies_MaM\/08mai2018\/08mai2018_5-300x225.jpg 300w, https:\/\/orgueil82.jvillain.fr\/wp-content\/uploads\/C\u00e9r\u00e9monies_MaM\/08mai2018\/08mai2018_5-768x576.jpg 768w, https:\/\/orgueil82.jvillain.fr\/wp-content\/uploads\/C\u00e9r\u00e9monies_MaM\/08mai2018\/08mai2018_5.jpg 1276w\" sizes=\"(max-width: 300px) 100vw, 300px\" \/><\/a><\/figure>\n<\/figure>\n\n\n\n<p>Apr\u00e8s le d\u00e9p\u00f4t de la gerbe, la sonnerie aux morts a retenti et s&rsquo;est poursuivie par une minute de silence pour laisser \u00e0 tous le temps de se recueillir et d&rsquo;avoir une pens\u00e9e pour ceux qui ont donn\u00e9 leurs vies pour la libert\u00e9.<\/p>\n\n\n<div class=\"wp-block-image\">\n<figure class=\"aligncenter size-full is-resized\"><a href=\"https:\/\/orgueil82.jvillain.fr\/wp-content\/uploads\/C\u00e9r\u00e9monies_MaM\/08mai2018\/08mai2018_6.jpg\"><img width=\"1276\" height=\"957\"  alt=\"\" class=\"wp-image-2189 lws-optimize-lazyload\" style=\"width:377px;height:auto\"\/ data-src=\"https:\/\/orgueil82.jvillain.fr\/wp-content\/uploads\/C\u00e9r\u00e9monies_MaM\/08mai2018\/08mai2018_6.jpg\" srcset=\"https:\/\/orgueil82.jvillain.fr\/wp-content\/uploads\/C\u00e9r\u00e9monies_MaM\/08mai2018\/08mai2018_6.jpg 1276w, https:\/\/orgueil82.jvillain.fr\/wp-content\/uploads\/C\u00e9r\u00e9monies_MaM\/08mai2018\/08mai2018_6-300x225.jpg 300w, https:\/\/orgueil82.jvillain.fr\/wp-content\/uploads\/C\u00e9r\u00e9monies_MaM\/08mai2018\/08mai2018_6-768x576.jpg 768w\" sizes=\"(max-width: 1276px) 100vw, 1276px\" \/><\/a><\/figure>\n<\/div>\n\n\n<p>Et puis, l&rsquo;hymne national s&rsquo;est \u00e9lev\u00e9 dans l&rsquo;air humide avant que madame le Maire et Monsieur SIMONIN n&rsquo;aillent saluer le porte-drapeau cl\u00f4turant ainsi la c\u00e9r\u00e9monie.<\/p>\n\n\n\n<p>Tous les participants ont \u00e9t\u00e9 invit\u00e9s par madame le Maire \u00e0 partager le verre de l&rsquo;amiti\u00e9 \u00e0 l&rsquo;Orgueil Caf\u00e9, les conversations ont ainsi reprise autour d&rsquo;un verre d&rsquo;ap\u00e9ritif \u00e0 l&rsquo;abri des intemp\u00e9ries.<\/p>\n\n\n\n<p>Merci \u00e0 tout ceux qui ont particip\u00e9 \u00e0 cette c\u00e9r\u00e9monie, merci \u00e0 monsieur Robert FIORETTI pour avoir port\u00e9 le drapeau du village, merci \u00e0 la municipalit\u00e9 pour l&rsquo;organisation de la c\u00e9r\u00e9monie.<\/p>\n\n\n\n<p><a href=\"#hautpage\">Retour en haut de la page<\/a><\/p>\n\n\n\n<hr class=\"wp-block-separator has-alpha-channel-opacity\"\/>\n\n\n\n<h2 class=\"wp-block-heading has-global-color-14-color has-text-color has-link-color wp-elements-72376c784de962fe54c152d912fafb5b\" id=\"11nov2017\" style=\"font-style:normal;font-weight:600\">Comm\u00e9moration du 11 novembre &#8211; Samedi 11 novembre 2017<\/h2>\n\n\n\n<p>La comm\u00e9moration de la Victoire et de la paix et l&rsquo;hommage aux morts pour la France a eu lieu le samedi 11 novembre 2017 \u00e0 11h30 devant le monument aux morts du village avec le concours des enfants de l&rsquo;\u00e9cole d&rsquo;Orgueil.<\/p>\n\n\n<div class=\"wp-block-image\">\n<figure class=\"aligncenter size-full is-resized\"><a href=\"https:\/\/orgueil82.jvillain.fr\/wp-content\/uploads\/C\u00e9r\u00e9monies_MaM\/11nov2017\/11nov2017_c.jpg\"><img width=\"1276\" height=\"957\"  alt=\"\" class=\"wp-image-2166 lws-optimize-lazyload\" style=\"width:316px;height:auto\"\/ data-src=\"https:\/\/orgueil82.jvillain.fr\/wp-content\/uploads\/C\u00e9r\u00e9monies_MaM\/11nov2017\/11nov2017_c.jpg\" srcset=\"https:\/\/orgueil82.jvillain.fr\/wp-content\/uploads\/C\u00e9r\u00e9monies_MaM\/11nov2017\/11nov2017_c.jpg 1276w, https:\/\/orgueil82.jvillain.fr\/wp-content\/uploads\/C\u00e9r\u00e9monies_MaM\/11nov2017\/11nov2017_c-300x225.jpg 300w, https:\/\/orgueil82.jvillain.fr\/wp-content\/uploads\/C\u00e9r\u00e9monies_MaM\/11nov2017\/11nov2017_c-768x576.jpg 768w\" sizes=\"(max-width: 1276px) 100vw, 1276px\" \/><\/a><\/figure>\n<\/div>\n\n\n<p>Comme chaque ann\u00e9e le monument aux morts \u00e9tait bien fleuri et les drapeaux flottaient au vent.<br>Le temps \u00e9tait tr\u00e8s humide mais le crachin s&rsquo;est calm\u00e9 le temps de la c\u00e9r\u00e9monie et la c\u00e9r\u00e9monie a pu se d\u00e9rouler sans sortir les parapluies.<\/p>\n\n\n<div class=\"wp-block-image\">\n<figure class=\"aligncenter size-full is-resized\"><a href=\"https:\/\/orgueil82.jvillain.fr\/wp-content\/uploads\/C\u00e9r\u00e9monies_MaM\/11nov2017\/11nov2017_e.jpg\"><img width=\"1276\" height=\"957\"  alt=\"\" class=\"wp-image-2167 lws-optimize-lazyload\" style=\"width:367px;height:auto\"\/ data-src=\"https:\/\/orgueil82.jvillain.fr\/wp-content\/uploads\/C\u00e9r\u00e9monies_MaM\/11nov2017\/11nov2017_e.jpg\" srcset=\"https:\/\/orgueil82.jvillain.fr\/wp-content\/uploads\/C\u00e9r\u00e9monies_MaM\/11nov2017\/11nov2017_e.jpg 1276w, https:\/\/orgueil82.jvillain.fr\/wp-content\/uploads\/C\u00e9r\u00e9monies_MaM\/11nov2017\/11nov2017_e-300x225.jpg 300w, https:\/\/orgueil82.jvillain.fr\/wp-content\/uploads\/C\u00e9r\u00e9monies_MaM\/11nov2017\/11nov2017_e-768x576.jpg 768w\" sizes=\"(max-width: 1276px) 100vw, 1276px\" \/><\/a><\/figure>\n<\/div>\n\n\n<p>Madame le maire a tout d&rsquo;abord rappel\u00e9 le d\u00e9roulement de la c\u00e9r\u00e9monie :<\/p>\n\n\n\n<ul class=\"wp-block-list\">\n<li>&nbsp;lecture du message de madame la Secr\u00e9taire d&rsquo;\u00c9tat aupr\u00e8s de la ministre des arm\u00e9es,<\/li>\n\n\n\n<li>lecture par les enfants des \u00e9coles de deux lettres de poilus,<\/li>\n\n\n\n<li>d\u00e9p\u00f4t d&rsquo;une gerbe par l&rsquo;adjoint au maire d\u00e9l\u00e9gu\u00e9 \u00e0 l&rsquo;\u00e9cole l&rsquo;enfance et la jeunesse et deux enfants,<\/li>\n\n\n\n<li>appel des morts,<\/li>\n\n\n\n<li>minute de silence,<\/li>\n\n\n\n<li>et pour terminer La marseillaise.<\/li>\n<\/ul>\n\n\n\n<p>La foule s&rsquo;est alors resserr\u00e9e devant le monument aux morts.<\/p>\n\n\n\n<figure class=\"wp-block-gallery aligncenter has-nested-images columns-default wp-block-gallery-65 is-layout-flex wp-block-gallery-is-layout-flex\">\n<figure class=\"wp-block-image size-full\"><a href=\"https:\/\/orgueil82.jvillain.fr\/?attachment_id=2168\"><img width=\"1276\" height=\"957\" data-id=\"2168\"  alt=\"\" class=\"wp-image-2168 lws-optimize-lazyload\"\/ data-src=\"https:\/\/orgueil82.jvillain.fr\/wp-content\/uploads\/C\u00e9r\u00e9monies_MaM\/11nov2017\/11nov2017_i.jpg\" srcset=\"https:\/\/orgueil82.jvillain.fr\/wp-content\/uploads\/C\u00e9r\u00e9monies_MaM\/11nov2017\/11nov2017_i.jpg 1276w, https:\/\/orgueil82.jvillain.fr\/wp-content\/uploads\/C\u00e9r\u00e9monies_MaM\/11nov2017\/11nov2017_i-300x225.jpg 300w, https:\/\/orgueil82.jvillain.fr\/wp-content\/uploads\/C\u00e9r\u00e9monies_MaM\/11nov2017\/11nov2017_i-768x576.jpg 768w\" sizes=\"(max-width: 1276px) 100vw, 1276px\" \/><\/a><\/figure>\n\n\n\n<figure class=\"wp-block-image size-full\"><a href=\"https:\/\/orgueil82.jvillain.fr\/?attachment_id=2169\"><img width=\"1276\" height=\"957\" data-id=\"2169\"  alt=\"\" class=\"wp-image-2169 lws-optimize-lazyload\"\/ data-src=\"https:\/\/orgueil82.jvillain.fr\/wp-content\/uploads\/C\u00e9r\u00e9monies_MaM\/11nov2017\/11nov2017_j.jpg\" srcset=\"https:\/\/orgueil82.jvillain.fr\/wp-content\/uploads\/C\u00e9r\u00e9monies_MaM\/11nov2017\/11nov2017_j.jpg 1276w, https:\/\/orgueil82.jvillain.fr\/wp-content\/uploads\/C\u00e9r\u00e9monies_MaM\/11nov2017\/11nov2017_j-300x225.jpg 300w, https:\/\/orgueil82.jvillain.fr\/wp-content\/uploads\/C\u00e9r\u00e9monies_MaM\/11nov2017\/11nov2017_j-768x576.jpg 768w\" sizes=\"(max-width: 1276px) 100vw, 1276px\" \/><\/a><\/figure>\n<\/figure>\n\n\n\n<p>Madame le maire a donc d\u00e9but\u00e9 la c\u00e9r\u00e9monie en lisant le message de Madame Genevi\u00e8ve DARRIEUSECQ, Secr\u00e9taire d&rsquo;\u00c9tat aupr\u00e8s de la ministre des arm\u00e9es, pour cette comm\u00e9moration de la Victoire et de la paix et l&rsquo;hommage \u00e0 tous les Morts pour la France. (pour lire le message de madame la Secr\u00e9taire d&rsquo;\u00c9tat cliquez&nbsp;<a href=\"https:\/\/orgueil82.jvillain.fr\/wp-content\/uploads\/C\u00e9r\u00e9monies_MaM\/11nov2017\/Lettre-et-message-11-novembre-2017.pdf\" target=\"_blank\" rel=\"noreferrer noopener\">ICI<\/a>).<\/p>\n\n\n<div class=\"pgc-sgb-cb wp-block-pgcsimplygalleryblock-slider \" data-gallery-id=\"ffb41099\"style=&quot;min-height:420px&quot;><div class=\"sgb-preloader\" id=\"pr_ffb41099\">\n\t<div class=\"sgb-square\" style=\"background:#d4d4d4\"><\/div>\n\t<div class=\"sgb-square\" style=\"background:#d4d4d4\"><\/div>\n\t<div class=\"sgb-square\" style=\"background:#d4d4d4\"><\/div>\n\t<div class=\"sgb-square\" style=\"background:#d4d4d4\"><\/div><\/div><div class=\"simply-gallery-amp pgc_sgb_slider \"><noscript><div class=\"sgb-gallery\"><div class=\"sgb-item\"><a href=\"https:\/\/orgueil82.jvillain.fr\/?attachment_id=2170\" target=\"_blank\"><img alt=\"\" width=\"300\" height=\"225\" loading=\"lazy\"  srcset=\"https:\/\/orgueil82.jvillain.fr\/wp-content\/uploads\/C\u00e9r\u00e9monies_MaM\/11nov2017\/11nov2017_m-300x225.jpg 300w,https:\/\/orgueil82.jvillain.fr\/wp-content\/uploads\/C\u00e9r\u00e9monies_MaM\/11nov2017\/11nov2017_m.jpg 1276w\" sizes=\"auto, 250px\"\/ class=\"lws-optimize-lazyload\" data-src=\"https:\/\/orgueil82.jvillain.fr\/wp-content\/uploads\/C\u00e9r\u00e9monies_MaM\/11nov2017\/11nov2017_m-300x225.jpg\"><\/a><\/div><div class=\"sgb-item\"><a href=\"https:\/\/orgueil82.jvillain.fr\/?attachment_id=2177\" target=\"_blank\"><img alt=\"\" width=\"300\" height=\"225\" loading=\"lazy\"  srcset=\"https:\/\/orgueil82.jvillain.fr\/wp-content\/uploads\/C\u00e9r\u00e9monies_MaM\/11nov2017\/11nov2017_n-300x225.jpg 300w,https:\/\/orgueil82.jvillain.fr\/wp-content\/uploads\/C\u00e9r\u00e9monies_MaM\/11nov2017\/11nov2017_n.jpg 1276w\" sizes=\"auto, 250px\"\/ class=\"lws-optimize-lazyload\" data-src=\"https:\/\/orgueil82.jvillain.fr\/wp-content\/uploads\/C\u00e9r\u00e9monies_MaM\/11nov2017\/11nov2017_n-300x225.jpg\"><\/a><\/div><div class=\"sgb-item\"><a href=\"https:\/\/orgueil82.jvillain.fr\/?attachment_id=2172\" target=\"_blank\"><img alt=\"\" width=\"300\" height=\"225\" loading=\"lazy\"  srcset=\"https:\/\/orgueil82.jvillain.fr\/wp-content\/uploads\/C\u00e9r\u00e9monies_MaM\/11nov2017\/11nov2017_o-300x225.jpg 300w,https:\/\/orgueil82.jvillain.fr\/wp-content\/uploads\/C\u00e9r\u00e9monies_MaM\/11nov2017\/11nov2017_o.jpg 1276w\" sizes=\"auto, 250px\"\/ class=\"lws-optimize-lazyload\" data-src=\"https:\/\/orgueil82.jvillain.fr\/wp-content\/uploads\/C\u00e9r\u00e9monies_MaM\/11nov2017\/11nov2017_o-300x225.jpg\"><\/a><\/div><div class=\"sgb-item\"><a href=\"https:\/\/orgueil82.jvillain.fr\/?attachment_id=2174\" target=\"_blank\"><img alt=\"\" width=\"300\" height=\"225\" loading=\"lazy\"  srcset=\"https:\/\/orgueil82.jvillain.fr\/wp-content\/uploads\/C\u00e9r\u00e9monies_MaM\/11nov2017\/11nov2017_p-300x225.jpg 300w,https:\/\/orgueil82.jvillain.fr\/wp-content\/uploads\/C\u00e9r\u00e9monies_MaM\/11nov2017\/11nov2017_p.jpg 1276w\" sizes=\"auto, 250px\"\/ class=\"lws-optimize-lazyload\" data-src=\"https:\/\/orgueil82.jvillain.fr\/wp-content\/uploads\/C\u00e9r\u00e9monies_MaM\/11nov2017\/11nov2017_p-300x225.jpg\"><\/a><\/div><div class=\"sgb-item\"><a href=\"https:\/\/orgueil82.jvillain.fr\/?attachment_id=2175\" target=\"_blank\"><img alt=\"\" width=\"300\" height=\"225\" loading=\"lazy\"  srcset=\"https:\/\/orgueil82.jvillain.fr\/wp-content\/uploads\/C\u00e9r\u00e9monies_MaM\/11nov2017\/11nov2017_q-300x225.jpg 300w,https:\/\/orgueil82.jvillain.fr\/wp-content\/uploads\/C\u00e9r\u00e9monies_MaM\/11nov2017\/11nov2017_q.jpg 1276w\" sizes=\"auto, 250px\"\/ class=\"lws-optimize-lazyload\" data-src=\"https:\/\/orgueil82.jvillain.fr\/wp-content\/uploads\/C\u00e9r\u00e9monies_MaM\/11nov2017\/11nov2017_q-300x225.jpg\"><\/a><\/div><div class=\"sgb-item\"><a href=\"https:\/\/orgueil82.jvillain.fr\/?attachment_id=2176\" target=\"_blank\"><img alt=\"\" width=\"300\" height=\"225\" loading=\"lazy\"  srcset=\"https:\/\/orgueil82.jvillain.fr\/wp-content\/uploads\/C\u00e9r\u00e9monies_MaM\/11nov2017\/11nov2017_r-300x225.jpg 300w,https:\/\/orgueil82.jvillain.fr\/wp-content\/uploads\/C\u00e9r\u00e9monies_MaM\/11nov2017\/11nov2017_r.jpg 1276w\" sizes=\"auto, 250px\"\/ class=\"lws-optimize-lazyload\" data-src=\"https:\/\/orgueil82.jvillain.fr\/wp-content\/uploads\/C\u00e9r\u00e9monies_MaM\/11nov2017\/11nov2017_r-300x225.jpg\"><\/a><\/div><div class=\"sgb-item\"><a href=\"https:\/\/orgueil82.jvillain.fr\/?attachment_id=2173\" target=\"_blank\"><img alt=\"\" width=\"300\" height=\"225\" loading=\"lazy\"  srcset=\"https:\/\/orgueil82.jvillain.fr\/wp-content\/uploads\/C\u00e9r\u00e9monies_MaM\/11nov2017\/11nov2017_s-300x225.jpg 300w,https:\/\/orgueil82.jvillain.fr\/wp-content\/uploads\/C\u00e9r\u00e9monies_MaM\/11nov2017\/11nov2017_s.jpg 1276w\" sizes=\"auto, 250px\"\/ class=\"lws-optimize-lazyload\" data-src=\"https:\/\/orgueil82.jvillain.fr\/wp-content\/uploads\/C\u00e9r\u00e9monies_MaM\/11nov2017\/11nov2017_s-300x225.jpg\"><\/a><\/div><div class=\"sgb-item\"><a href=\"https:\/\/orgueil82.jvillain.fr\/?attachment_id=2171\" target=\"_blank\"><img alt=\"\" width=\"300\" height=\"225\" loading=\"lazy\"  srcset=\"https:\/\/orgueil82.jvillain.fr\/wp-content\/uploads\/C\u00e9r\u00e9monies_MaM\/11nov2017\/11nov2017_t-300x225.jpg 300w,https:\/\/orgueil82.jvillain.fr\/wp-content\/uploads\/C\u00e9r\u00e9monies_MaM\/11nov2017\/11nov2017_t.jpg 1276w\" sizes=\"auto, 250px\"\/ class=\"lws-optimize-lazyload\" data-src=\"https:\/\/orgueil82.jvillain.fr\/wp-content\/uploads\/C\u00e9r\u00e9monies_MaM\/11nov2017\/11nov2017_t-300x225.jpg\"><\/a><\/div><\/div><\/noscript><\/div><script type=\"application\/json\" class=\"sgb-data\">{\"collectionThumbRecomendedWidth\":150,\"externalLinkDefName\":\"Voir plus\",\"captions\":false,\"captionHAlign\":\"bottom\",\"collectionThumbSubMenuDownload\":false,\"sliderMaxHeight\":420,\"sliderAdminWidth\":1120,\"responsiveHeight\":true,\"collectionColumns\":2,\"autoPlay\":true,\"autoPlayDelay\":6,\"galleryType\":\"pgc_sgb_slider\",\"galleryId\":\"ffb41099\",\"images\":[{\"id\":2170,\"title\":\"11nov2017_m\",\"url\":\"https:\/\/orgueil82.jvillain.fr\/wp-content\/uploads\/C\u00e9r\u00e9monies_MaM\/11nov2017\/11nov2017_m.jpg\",\"link\":\"https:\/\/orgueil82.jvillain.fr\/?attachment_id=2170\",\"alt\":\"\",\"description\":\"\",\"caption\":\"\",\"mime\":\"image\/jpeg\",\"type\":\"image\",\"width\":1276,\"height\":957,\"sizes\":{\"thumbnail\":{\"height\":150,\"width\":150,\"url\":\"https:\/\/orgueil82.jvillain.fr\/wp-content\/uploads\/C\u00e9r\u00e9monies_MaM\/11nov2017\/11nov2017_m-150x150.jpg\",\"orientation\":\"landscape\"},\"medium\":{\"height\":225,\"width\":300,\"url\":\"https:\/\/orgueil82.jvillain.fr\/wp-content\/uploads\/C\u00e9r\u00e9monies_MaM\/11nov2017\/11nov2017_m-300x225.jpg\",\"orientation\":\"landscape\"},\"full\":{\"url\":\"https:\/\/orgueil82.jvillain.fr\/wp-content\/uploads\/C\u00e9r\u00e9monies_MaM\/11nov2017\/11nov2017_m.jpg\",\"height\":957,\"width\":1276,\"orientation\":\"landscape\"}},\"imageMeta\":{\"aperture\":\"4.5\",\"credit\":\"\",\"camera\":\"DSC-HX5V\",\"caption\":\"\",\"created_timestamp\":\"1510403872\",\"copyright\":\"\",\"focal_length\":\"11.26\",\"iso\":\"320\",\"shutter_speed\":\"0.004\",\"title\":\"\",\"orientation\":\"1\",\"keywords\":[]},\"meta\":false,\"postlink\":\"https:\/\/orgueil82.jvillain.fr\/?attachment_id=2170\"},{\"id\":2177,\"title\":\"11nov2017_n\",\"url\":\"https:\/\/orgueil82.jvillain.fr\/wp-content\/uploads\/C\u00e9r\u00e9monies_MaM\/11nov2017\/11nov2017_n.jpg\",\"link\":\"https:\/\/orgueil82.jvillain.fr\/?attachment_id=2177\",\"alt\":\"\",\"description\":\"\",\"caption\":\"\",\"mime\":\"image\/jpeg\",\"type\":\"image\",\"width\":1276,\"height\":957,\"sizes\":{\"thumbnail\":{\"height\":150,\"width\":150,\"url\":\"https:\/\/orgueil82.jvillain.fr\/wp-content\/uploads\/C\u00e9r\u00e9monies_MaM\/11nov2017\/11nov2017_n-150x150.jpg\",\"orientation\":\"landscape\"},\"medium\":{\"height\":225,\"width\":300,\"url\":\"https:\/\/orgueil82.jvillain.fr\/wp-content\/uploads\/C\u00e9r\u00e9monies_MaM\/11nov2017\/11nov2017_n-300x225.jpg\",\"orientation\":\"landscape\"},\"full\":{\"url\":\"https:\/\/orgueil82.jvillain.fr\/wp-content\/uploads\/C\u00e9r\u00e9monies_MaM\/11nov2017\/11nov2017_n.jpg\",\"height\":957,\"width\":1276,\"orientation\":\"landscape\"}},\"imageMeta\":{\"aperture\":\"4.5\",\"credit\":\"\",\"camera\":\"DSC-HX5V\",\"caption\":\"\",\"created_timestamp\":\"1510403905\",\"copyright\":\"\",\"focal_length\":\"11.26\",\"iso\":\"125\",\"shutter_speed\":\"0.01\",\"title\":\"\",\"orientation\":\"1\",\"keywords\":[]},\"meta\":false,\"postlink\":\"https:\/\/orgueil82.jvillain.fr\/?attachment_id=2177\"},{\"id\":2172,\"title\":\"11nov2017_o\",\"url\":\"https:\/\/orgueil82.jvillain.fr\/wp-content\/uploads\/C\u00e9r\u00e9monies_MaM\/11nov2017\/11nov2017_o.jpg\",\"link\":\"https:\/\/orgueil82.jvillain.fr\/?attachment_id=2172\",\"alt\":\"\",\"description\":\"\",\"caption\":\"\",\"mime\":\"image\/jpeg\",\"type\":\"image\",\"width\":1276,\"height\":957,\"sizes\":{\"thumbnail\":{\"height\":150,\"width\":150,\"url\":\"https:\/\/orgueil82.jvillain.fr\/wp-content\/uploads\/C\u00e9r\u00e9monies_MaM\/11nov2017\/11nov2017_o-150x150.jpg\",\"orientation\":\"landscape\"},\"medium\":{\"height\":225,\"width\":300,\"url\":\"https:\/\/orgueil82.jvillain.fr\/wp-content\/uploads\/C\u00e9r\u00e9monies_MaM\/11nov2017\/11nov2017_o-300x225.jpg\",\"orientation\":\"landscape\"},\"full\":{\"url\":\"https:\/\/orgueil82.jvillain.fr\/wp-content\/uploads\/C\u00e9r\u00e9monies_MaM\/11nov2017\/11nov2017_o.jpg\",\"height\":957,\"width\":1276,\"orientation\":\"landscape\"}},\"imageMeta\":{\"aperture\":\"5\",\"credit\":\"\",\"camera\":\"DSC-HX5V\",\"caption\":\"\",\"created_timestamp\":\"1510403929\",\"copyright\":\"\",\"focal_length\":\"17.51\",\"iso\":\"500\",\"shutter_speed\":\"0.004\",\"title\":\"\",\"orientation\":\"1\",\"keywords\":[]},\"meta\":false,\"postlink\":\"https:\/\/orgueil82.jvillain.fr\/?attachment_id=2172\"},{\"id\":2174,\"title\":\"11nov2017_p\",\"url\":\"https:\/\/orgueil82.jvillain.fr\/wp-content\/uploads\/C\u00e9r\u00e9monies_MaM\/11nov2017\/11nov2017_p.jpg\",\"link\":\"https:\/\/orgueil82.jvillain.fr\/?attachment_id=2174\",\"alt\":\"\",\"description\":\"\",\"caption\":\"\",\"mime\":\"image\/jpeg\",\"type\":\"image\",\"width\":1276,\"height\":957,\"sizes\":{\"thumbnail\":{\"height\":150,\"width\":150,\"url\":\"https:\/\/orgueil82.jvillain.fr\/wp-content\/uploads\/C\u00e9r\u00e9monies_MaM\/11nov2017\/11nov2017_p-150x150.jpg\",\"orientation\":\"landscape\"},\"medium\":{\"height\":225,\"width\":300,\"url\":\"https:\/\/orgueil82.jvillain.fr\/wp-content\/uploads\/C\u00e9r\u00e9monies_MaM\/11nov2017\/11nov2017_p-300x225.jpg\",\"orientation\":\"landscape\"},\"full\":{\"url\":\"https:\/\/orgueil82.jvillain.fr\/wp-content\/uploads\/C\u00e9r\u00e9monies_MaM\/11nov2017\/11nov2017_p.jpg\",\"height\":957,\"width\":1276,\"orientation\":\"landscape\"}},\"imageMeta\":{\"aperture\":\"5\",\"credit\":\"\",\"camera\":\"DSC-HX5V\",\"caption\":\"\",\"created_timestamp\":\"1510403949\",\"copyright\":\"\",\"focal_length\":\"17.51\",\"iso\":\"400\",\"shutter_speed\":\"0.008\",\"title\":\"\",\"orientation\":\"1\",\"keywords\":[]},\"meta\":false,\"postlink\":\"https:\/\/orgueil82.jvillain.fr\/?attachment_id=2174\"},{\"id\":2175,\"title\":\"11nov2017_q\",\"url\":\"https:\/\/orgueil82.jvillain.fr\/wp-content\/uploads\/C\u00e9r\u00e9monies_MaM\/11nov2017\/11nov2017_q.jpg\",\"link\":\"https:\/\/orgueil82.jvillain.fr\/?attachment_id=2175\",\"alt\":\"\",\"description\":\"\",\"caption\":\"\",\"mime\":\"image\/jpeg\",\"type\":\"image\",\"width\":1276,\"height\":957,\"sizes\":{\"thumbnail\":{\"height\":150,\"width\":150,\"url\":\"https:\/\/orgueil82.jvillain.fr\/wp-content\/uploads\/C\u00e9r\u00e9monies_MaM\/11nov2017\/11nov2017_q-150x150.jpg\",\"orientation\":\"landscape\"},\"medium\":{\"height\":225,\"width\":300,\"url\":\"https:\/\/orgueil82.jvillain.fr\/wp-content\/uploads\/C\u00e9r\u00e9monies_MaM\/11nov2017\/11nov2017_q-300x225.jpg\",\"orientation\":\"landscape\"},\"full\":{\"url\":\"https:\/\/orgueil82.jvillain.fr\/wp-content\/uploads\/C\u00e9r\u00e9monies_MaM\/11nov2017\/11nov2017_q.jpg\",\"height\":957,\"width\":1276,\"orientation\":\"landscape\"}},\"imageMeta\":{\"aperture\":\"5\",\"credit\":\"\",\"camera\":\"DSC-HX5V\",\"caption\":\"\",\"created_timestamp\":\"1510403997\",\"copyright\":\"\",\"focal_length\":\"17.51\",\"iso\":\"640\",\"shutter_speed\":\"0.004\",\"title\":\"\",\"orientation\":\"1\",\"keywords\":[]},\"meta\":false,\"postlink\":\"https:\/\/orgueil82.jvillain.fr\/?attachment_id=2175\"},{\"id\":2176,\"title\":\"11nov2017_r\",\"url\":\"https:\/\/orgueil82.jvillain.fr\/wp-content\/uploads\/C\u00e9r\u00e9monies_MaM\/11nov2017\/11nov2017_r.jpg\",\"link\":\"https:\/\/orgueil82.jvillain.fr\/?attachment_id=2176\",\"alt\":\"\",\"description\":\"\",\"caption\":\"\",\"mime\":\"image\/jpeg\",\"type\":\"image\",\"width\":1276,\"height\":957,\"sizes\":{\"thumbnail\":{\"height\":150,\"width\":150,\"url\":\"https:\/\/orgueil82.jvillain.fr\/wp-content\/uploads\/C\u00e9r\u00e9monies_MaM\/11nov2017\/11nov2017_r-150x150.jpg\",\"orientation\":\"landscape\"},\"medium\":{\"height\":225,\"width\":300,\"url\":\"https:\/\/orgueil82.jvillain.fr\/wp-content\/uploads\/C\u00e9r\u00e9monies_MaM\/11nov2017\/11nov2017_r-300x225.jpg\",\"orientation\":\"landscape\"},\"full\":{\"url\":\"https:\/\/orgueil82.jvillain.fr\/wp-content\/uploads\/C\u00e9r\u00e9monies_MaM\/11nov2017\/11nov2017_r.jpg\",\"height\":957,\"width\":1276,\"orientation\":\"landscape\"}},\"imageMeta\":{\"aperture\":\"5\",\"credit\":\"\",\"camera\":\"DSC-HX5V\",\"caption\":\"\",\"created_timestamp\":\"1510404034\",\"copyright\":\"\",\"focal_length\":\"17.51\",\"iso\":\"250\",\"shutter_speed\":\"0.008\",\"title\":\"\",\"orientation\":\"1\",\"keywords\":[]},\"meta\":false,\"postlink\":\"https:\/\/orgueil82.jvillain.fr\/?attachment_id=2176\"},{\"id\":2173,\"title\":\"11nov2017_s\",\"url\":\"https:\/\/orgueil82.jvillain.fr\/wp-content\/uploads\/C\u00e9r\u00e9monies_MaM\/11nov2017\/11nov2017_s.jpg\",\"link\":\"https:\/\/orgueil82.jvillain.fr\/?attachment_id=2173\",\"alt\":\"\",\"description\":\"\",\"caption\":\"\",\"mime\":\"image\/jpeg\",\"type\":\"image\",\"width\":1276,\"height\":957,\"sizes\":{\"thumbnail\":{\"height\":150,\"width\":150,\"url\":\"https:\/\/orgueil82.jvillain.fr\/wp-content\/uploads\/C\u00e9r\u00e9monies_MaM\/11nov2017\/11nov2017_s-150x150.jpg\",\"orientation\":\"landscape\"},\"medium\":{\"height\":225,\"width\":300,\"url\":\"https:\/\/orgueil82.jvillain.fr\/wp-content\/uploads\/C\u00e9r\u00e9monies_MaM\/11nov2017\/11nov2017_s-300x225.jpg\",\"orientation\":\"landscape\"},\"full\":{\"url\":\"https:\/\/orgueil82.jvillain.fr\/wp-content\/uploads\/C\u00e9r\u00e9monies_MaM\/11nov2017\/11nov2017_s.jpg\",\"height\":957,\"width\":1276,\"orientation\":\"landscape\"}},\"imageMeta\":{\"aperture\":\"5\",\"credit\":\"\",\"camera\":\"DSC-HX5V\",\"caption\":\"\",\"created_timestamp\":\"1510404063\",\"copyright\":\"\",\"focal_length\":\"17.51\",\"iso\":\"320\",\"shutter_speed\":\"0.00625\",\"title\":\"\",\"orientation\":\"1\",\"keywords\":[]},\"meta\":false,\"postlink\":\"https:\/\/orgueil82.jvillain.fr\/?attachment_id=2173\"},{\"id\":2171,\"title\":\"11nov2017_t\",\"url\":\"https:\/\/orgueil82.jvillain.fr\/wp-content\/uploads\/C\u00e9r\u00e9monies_MaM\/11nov2017\/11nov2017_t.jpg\",\"link\":\"https:\/\/orgueil82.jvillain.fr\/?attachment_id=2171\",\"alt\":\"\",\"description\":\"\",\"caption\":\"\",\"mime\":\"image\/jpeg\",\"type\":\"image\",\"width\":1276,\"height\":957,\"sizes\":{\"thumbnail\":{\"height\":150,\"width\":150,\"url\":\"https:\/\/orgueil82.jvillain.fr\/wp-content\/uploads\/C\u00e9r\u00e9monies_MaM\/11nov2017\/11nov2017_t-150x150.jpg\",\"orientation\":\"landscape\"},\"medium\":{\"height\":225,\"width\":300,\"url\":\"https:\/\/orgueil82.jvillain.fr\/wp-content\/uploads\/C\u00e9r\u00e9monies_MaM\/11nov2017\/11nov2017_t-300x225.jpg\",\"orientation\":\"landscape\"},\"full\":{\"url\":\"https:\/\/orgueil82.jvillain.fr\/wp-content\/uploads\/C\u00e9r\u00e9monies_MaM\/11nov2017\/11nov2017_t.jpg\",\"height\":957,\"width\":1276,\"orientation\":\"landscape\"}},\"imageMeta\":{\"aperture\":\"5\",\"credit\":\"\",\"camera\":\"DSC-HX5V\",\"caption\":\"\",\"created_timestamp\":\"1510404104\",\"copyright\":\"\",\"focal_length\":\"17.51\",\"iso\":\"640\",\"shutter_speed\":\"0.004\",\"title\":\"\",\"orientation\":\"1\",\"keywords\":[]},\"meta\":false,\"postlink\":\"https:\/\/orgueil82.jvillain.fr\/?attachment_id=2171\"}],\"sliderItemTitleEnable\":false,\"sliderSlideshowAutoStart\":true,\"sliderSlideshowDelay\":6,\"itemsMetaDataCollection\":[]}<\/script><script>(function(){if(window.PGC_SGB && window.PGC_SGB.searcher){window.PGC_SGB.searcher.initBlocks()}})()<\/script><\/div>\n\n\n<p>Apr\u00e8s avoir lu ce message, madame le maire a pass\u00e9 le micro \u00e0 madame Laurence BRUL\u00c9, directrice de l&rsquo;\u00e9cole d&rsquo;Orgueil. Un groupe d&rsquo;enfants a alors lu deux lettres de poilus, t\u00e9moignages poignants de la duret\u00e9 de la guerre. (pour lire les deux lettres lues par les enfants cliquez&nbsp;<a href=\"https:\/\/orgueil82.jvillain.fr\/wp-content\/uploads\/C\u00e9r\u00e9monies_MaM\/11nov2017\/lettres-de-poilus-11nov2017-ecole-orgueil.pdf\" target=\"_blank\" rel=\"noreferrer noopener\">ICI<\/a>)<\/p>\n\n\n\n<figure class=\"wp-block-gallery aligncenter has-nested-images columns-default wp-block-gallery-66 is-layout-flex wp-block-gallery-is-layout-flex\">\n<figure class=\"wp-block-image size-full\"><a href=\"https:\/\/orgueil82.jvillain.fr\/wp-content\/uploads\/C\u00e9r\u00e9monies_MaM\/11nov2017\/11nov2017_u.jpg\"><img width=\"1276\" height=\"957\" data-id=\"2178\"  alt=\"\" class=\"wp-image-2178 lws-optimize-lazyload\"\/ data-src=\"https:\/\/orgueil82.jvillain.fr\/wp-content\/uploads\/C\u00e9r\u00e9monies_MaM\/11nov2017\/11nov2017_u.jpg\" srcset=\"https:\/\/orgueil82.jvillain.fr\/wp-content\/uploads\/C\u00e9r\u00e9monies_MaM\/11nov2017\/11nov2017_u.jpg 1276w, https:\/\/orgueil82.jvillain.fr\/wp-content\/uploads\/C\u00e9r\u00e9monies_MaM\/11nov2017\/11nov2017_u-300x225.jpg 300w, https:\/\/orgueil82.jvillain.fr\/wp-content\/uploads\/C\u00e9r\u00e9monies_MaM\/11nov2017\/11nov2017_u-768x576.jpg 768w\" sizes=\"(max-width: 1276px) 100vw, 1276px\" \/><\/a><\/figure>\n\n\n\n<figure class=\"wp-block-image size-full\"><a href=\"https:\/\/orgueil82.jvillain.fr\/wp-content\/uploads\/C\u00e9r\u00e9monies_MaM\/11nov2017\/11nov2017_v.jpg\"><img width=\"1276\" height=\"957\" data-id=\"2179\"  alt=\"\" class=\"wp-image-2179 lws-optimize-lazyload\"\/ data-src=\"https:\/\/orgueil82.jvillain.fr\/wp-content\/uploads\/C\u00e9r\u00e9monies_MaM\/11nov2017\/11nov2017_v.jpg\" srcset=\"https:\/\/orgueil82.jvillain.fr\/wp-content\/uploads\/C\u00e9r\u00e9monies_MaM\/11nov2017\/11nov2017_v.jpg 1276w, https:\/\/orgueil82.jvillain.fr\/wp-content\/uploads\/C\u00e9r\u00e9monies_MaM\/11nov2017\/11nov2017_v-300x225.jpg 300w, https:\/\/orgueil82.jvillain.fr\/wp-content\/uploads\/C\u00e9r\u00e9monies_MaM\/11nov2017\/11nov2017_v-768x576.jpg 768w\" sizes=\"(max-width: 1276px) 100vw, 1276px\" \/><\/a><\/figure>\n\n\n\n<figure class=\"wp-block-image size-full\"><a href=\"https:\/\/orgueil82.jvillain.fr\/wp-content\/uploads\/C\u00e9r\u00e9monies_MaM\/11nov2017\/11nov2017_w.jpg\"><img width=\"1276\" height=\"957\" data-id=\"2180\"  alt=\"\" class=\"wp-image-2180 lws-optimize-lazyload\"\/ data-src=\"https:\/\/orgueil82.jvillain.fr\/wp-content\/uploads\/C\u00e9r\u00e9monies_MaM\/11nov2017\/11nov2017_w.jpg\" srcset=\"https:\/\/orgueil82.jvillain.fr\/wp-content\/uploads\/C\u00e9r\u00e9monies_MaM\/11nov2017\/11nov2017_w.jpg 1276w, https:\/\/orgueil82.jvillain.fr\/wp-content\/uploads\/C\u00e9r\u00e9monies_MaM\/11nov2017\/11nov2017_w-300x225.jpg 300w, https:\/\/orgueil82.jvillain.fr\/wp-content\/uploads\/C\u00e9r\u00e9monies_MaM\/11nov2017\/11nov2017_w-768x576.jpg 768w\" sizes=\"(max-width: 1276px) 100vw, 1276px\" \/><\/a><\/figure>\n<\/figure>\n\n\n\n<p>Ensuite, monsieur Willy AUTHESERRE, adjoint d\u00e9l\u00e9gu\u00e9 \u00e0 l&rsquo;\u00e9cole, l&rsquo;enfance et la jeunesse a pris par la main deux enfants de l&rsquo;\u00e9cole pour aller chercher la gerbe de fleurs et la d\u00e9poser solennellement au pied du monument aux morts.<\/p>\n\n\n<div class=\"wp-block-image\">\n<figure class=\"aligncenter size-full is-resized\"><a href=\"https:\/\/orgueil82.jvillain.fr\/wp-content\/uploads\/C\u00e9r\u00e9monies_MaM\/11nov2017\/11nov2017_x.jpg\"><img width=\"1276\" height=\"957\"  alt=\"\" class=\"wp-image-2182 lws-optimize-lazyload\" style=\"width:372px;height:auto\"\/ data-src=\"https:\/\/orgueil82.jvillain.fr\/wp-content\/uploads\/C\u00e9r\u00e9monies_MaM\/11nov2017\/11nov2017_x.jpg\" srcset=\"https:\/\/orgueil82.jvillain.fr\/wp-content\/uploads\/C\u00e9r\u00e9monies_MaM\/11nov2017\/11nov2017_x.jpg 1276w, https:\/\/orgueil82.jvillain.fr\/wp-content\/uploads\/C\u00e9r\u00e9monies_MaM\/11nov2017\/11nov2017_x-300x225.jpg 300w, https:\/\/orgueil82.jvillain.fr\/wp-content\/uploads\/C\u00e9r\u00e9monies_MaM\/11nov2017\/11nov2017_x-768x576.jpg 768w\" sizes=\"(max-width: 1276px) 100vw, 1276px\" \/><\/a><\/figure>\n<\/div>\n\n\n<p>Madame le maire a ensuite fait l&rsquo;appel des morts pour la France du village dont les noms sont grav\u00e9s sur le monument aux morts. Apr\u00e8s chaque nom de ces jeunes hommes qui ont donn\u00e9 leurs vies pour la patrie, un vibrant \u00ab\u00a0mort pour la France\u00a0\u00bb a \u00e9t\u00e9 pouss\u00e9 par toutes les personnes pr\u00e9sentes.<\/p>\n\n\n\n<p>Madame le maire invitait alors \u00e0 respecter une minute de silence en hommage aux morts de toutes les guerres, des victimes des op\u00e9rations ext\u00e9rieures et des victimes des attentats.<\/p>\n\n\n\n<p>Apr\u00e8s cette minute de silence, les enfants de l&rsquo;\u00e9cole ont entonn\u00e9 La Marseillaise et ils ont \u00e9t\u00e9 rejoints par la foule pour faire monter cet hymne national dans le ciel du village, hommage chantant \u00e0 nos morts.<\/p>\n\n\n<div class=\"wp-block-image\">\n<figure class=\"aligncenter size-full is-resized\"><a href=\"https:\/\/orgueil82.jvillain.fr\/wp-content\/uploads\/C\u00e9r\u00e9monies_MaM\/11nov2017\/11nov2017_y.jpg\"><img width=\"1276\" height=\"957\"  alt=\"\" class=\"wp-image-2183 lws-optimize-lazyload\" style=\"width:433px;height:auto\"\/ data-src=\"https:\/\/orgueil82.jvillain.fr\/wp-content\/uploads\/C\u00e9r\u00e9monies_MaM\/11nov2017\/11nov2017_y.jpg\" srcset=\"https:\/\/orgueil82.jvillain.fr\/wp-content\/uploads\/C\u00e9r\u00e9monies_MaM\/11nov2017\/11nov2017_y.jpg 1276w, https:\/\/orgueil82.jvillain.fr\/wp-content\/uploads\/C\u00e9r\u00e9monies_MaM\/11nov2017\/11nov2017_y-300x225.jpg 300w, https:\/\/orgueil82.jvillain.fr\/wp-content\/uploads\/C\u00e9r\u00e9monies_MaM\/11nov2017\/11nov2017_y-768x576.jpg 768w\" sizes=\"(max-width: 1276px) 100vw, 1276px\" \/><\/a><\/figure>\n<\/div>\n\n\n<p>Madame le maire est ensuite saluer monsieur Marcel CARRERE porte-drapeau du village<\/p>\n\n\n<div class=\"wp-block-image\">\n<figure class=\"aligncenter size-full is-resized\"><a href=\"https:\/\/orgueil82.jvillain.fr\/wp-content\/uploads\/C\u00e9r\u00e9monies_MaM\/11nov2017\/11nov2017_z.jpg\"><img width=\"1276\" height=\"957\"  alt=\"\" class=\"wp-image-2184 lws-optimize-lazyload\" style=\"width:479px;height:auto\"\/ data-src=\"https:\/\/orgueil82.jvillain.fr\/wp-content\/uploads\/C\u00e9r\u00e9monies_MaM\/11nov2017\/11nov2017_z.jpg\" srcset=\"https:\/\/orgueil82.jvillain.fr\/wp-content\/uploads\/C\u00e9r\u00e9monies_MaM\/11nov2017\/11nov2017_z.jpg 1276w, https:\/\/orgueil82.jvillain.fr\/wp-content\/uploads\/C\u00e9r\u00e9monies_MaM\/11nov2017\/11nov2017_z-300x225.jpg 300w, https:\/\/orgueil82.jvillain.fr\/wp-content\/uploads\/C\u00e9r\u00e9monies_MaM\/11nov2017\/11nov2017_z-768x576.jpg 768w\" sizes=\"(max-width: 1276px) 100vw, 1276px\" \/><\/a><\/figure>\n<\/div>\n\n\n<p>et a ensuite invit\u00e9 toutes les personnes pr\u00e9sentes \u00e0 venir partager un verre de l&rsquo;amiti\u00e9 \u00e0 l&rsquo;Orgueil Caf\u00e9.<\/p>\n\n\n\n<p>Nous sommes donc all\u00e9s discuter et \u00e9changer en prenant un ap\u00e9ritif, c&rsquo;\u00e9tait la bonne heure !<\/p>\n\n\n\n<p>Belle c\u00e9r\u00e9monie. Merci \u00e0 tous ceux qui l&rsquo;ont pr\u00e9par\u00e9, merci aux enseignants et aux enfants de l&rsquo;\u00e9cole d&rsquo;Orgueil pour leur participation, toujours appr\u00e9ci\u00e9e et qui montre que le devoir de m\u00e9moire se perp\u00e9tue.<\/p>\n\n\n\n<p><a href=\"#hautpage\">Retour en haut de la page<\/a><\/p>\n\n\n\n<hr class=\"wp-block-separator has-alpha-channel-opacity\"\/>\n\n\n\n<h2 class=\"wp-block-heading has-global-color-14-color has-text-color has-link-color wp-elements-f2f1295e821a5404b6c75767c3e59d0f\" id=\"08mai2017\" style=\"font-style:normal;font-weight:600\">Comm\u00e9moration du 8 mai &#8211; Lundi 8 mai 2017<\/h2>\n\n\n\n<p>Comme il est d&rsquo;usage une c\u00e9r\u00e9monie au monument aux morts a eu lieu pour c\u00e9l\u00e9brer la victoire de 1945. Peu de monde malheureusement pour cette c\u00e9r\u00e9monie. Remercions tout ceux qui ont fait un effort pour \u00eatre pr\u00e9sent.<\/p>\n\n\n<div class=\"wp-block-image\">\n<figure class=\"aligncenter size-full is-resized\"><a href=\"https:\/\/orgueil82.jvillain.fr\/wp-content\/uploads\/C\u00e9r\u00e9monies_MaM\/08mai2017\/8mai2017a1.jpg\"><img width=\"912\" height=\"684\"  alt=\"\" class=\"wp-image-2161 lws-optimize-lazyload\" style=\"width:276px;height:auto\"\/ data-src=\"https:\/\/orgueil82.jvillain.fr\/wp-content\/uploads\/C\u00e9r\u00e9monies_MaM\/08mai2017\/8mai2017a1.jpg\" srcset=\"https:\/\/orgueil82.jvillain.fr\/wp-content\/uploads\/C\u00e9r\u00e9monies_MaM\/08mai2017\/8mai2017a1.jpg 912w, https:\/\/orgueil82.jvillain.fr\/wp-content\/uploads\/C\u00e9r\u00e9monies_MaM\/08mai2017\/8mai2017a1-300x225.jpg 300w, https:\/\/orgueil82.jvillain.fr\/wp-content\/uploads\/C\u00e9r\u00e9monies_MaM\/08mai2017\/8mai2017a1-768x576.jpg 768w\" sizes=\"(max-width: 912px) 100vw, 912px\" \/><\/a><\/figure>\n<\/div>\n\n\n<p>Madame Catherine VILLAIN, maire de la commune, a commenc\u00e9 la c\u00e9r\u00e9monie par la lecteur du message du Secr\u00e9taire d&rsquo;\u00c9tat aupr\u00e8s du ministre de la d\u00e9fense en chage des anciens combattants er de la m\u00e9moire. Un texte tr\u00e8s int\u00e9ressant rappellant que la libert\u00e9 de la France a \u00e9t\u00e9 obtenue par des fran\u00e7ais et des non fran\u00e7ais venus du monde entier, de toute origine et de toute culture (pour lire le message cliquez<a href=\"https:\/\/orgueil82.jvillain.fr\/wp-content\/uploads\/C\u00e9r\u00e9monies_MaM\/08mai2017\/Message-8-mai-2017.pdf\" target=\"_blank\" rel=\"noreferrer noopener\">&nbsp;ICI<\/a>&nbsp;(fichier pdf)).<\/p>\n\n\n<div class=\"wp-block-image\">\n<figure class=\"aligncenter size-full is-resized\"><a href=\"https:\/\/orgueil82.jvillain.fr\/wp-content\/uploads\/C\u00e9r\u00e9monies_MaM\/08mai2017\/8mai2017a2.jpg\"><img width=\"912\" height=\"684\"  alt=\"\" class=\"wp-image-2162 lws-optimize-lazyload\" style=\"width:319px;height:auto\"\/ data-src=\"https:\/\/orgueil82.jvillain.fr\/wp-content\/uploads\/C\u00e9r\u00e9monies_MaM\/08mai2017\/8mai2017a2.jpg\" srcset=\"https:\/\/orgueil82.jvillain.fr\/wp-content\/uploads\/C\u00e9r\u00e9monies_MaM\/08mai2017\/8mai2017a2.jpg 912w, https:\/\/orgueil82.jvillain.fr\/wp-content\/uploads\/C\u00e9r\u00e9monies_MaM\/08mai2017\/8mai2017a2-300x225.jpg 300w, https:\/\/orgueil82.jvillain.fr\/wp-content\/uploads\/C\u00e9r\u00e9monies_MaM\/08mai2017\/8mai2017a2-768x576.jpg 768w\" sizes=\"(max-width: 912px) 100vw, 912px\" \/><\/a><\/figure>\n<\/div>\n\n\n<p>Apr\u00e8s la lecture de ce message une gerbe a \u00e9t\u00e9 d\u00e9pos\u00e9e au pied du monument aux morts par 2 \u00e9lus.<\/p>\n\n\n\n<figure class=\"wp-block-gallery aligncenter has-nested-images columns-default wp-block-gallery-67 is-layout-flex wp-block-gallery-is-layout-flex\">\n<figure class=\"wp-block-image size-full\"><a href=\"https:\/\/orgueil82.jvillain.fr\/wp-content\/uploads\/C\u00e9r\u00e9monies_MaM\/08mai2017\/8mai2017a3.jpg\"><img width=\"912\" height=\"684\" data-id=\"2159\"  alt=\"\" class=\"wp-image-2159 lws-optimize-lazyload\"\/ data-src=\"https:\/\/orgueil82.jvillain.fr\/wp-content\/uploads\/C\u00e9r\u00e9monies_MaM\/08mai2017\/8mai2017a3.jpg\" srcset=\"https:\/\/orgueil82.jvillain.fr\/wp-content\/uploads\/C\u00e9r\u00e9monies_MaM\/08mai2017\/8mai2017a3.jpg 912w, https:\/\/orgueil82.jvillain.fr\/wp-content\/uploads\/C\u00e9r\u00e9monies_MaM\/08mai2017\/8mai2017a3-300x225.jpg 300w, https:\/\/orgueil82.jvillain.fr\/wp-content\/uploads\/C\u00e9r\u00e9monies_MaM\/08mai2017\/8mai2017a3-768x576.jpg 768w\" sizes=\"(max-width: 912px) 100vw, 912px\" \/><\/a><\/figure>\n\n\n\n<figure class=\"wp-block-image size-full\"><a href=\"https:\/\/orgueil82.jvillain.fr\/wp-content\/uploads\/C\u00e9r\u00e9monies_MaM\/08mai2017\/8mai2017a4.jpg\"><img width=\"912\" height=\"684\" data-id=\"2160\"  alt=\"\" class=\"wp-image-2160 lws-optimize-lazyload\"\/ data-src=\"https:\/\/orgueil82.jvillain.fr\/wp-content\/uploads\/C\u00e9r\u00e9monies_MaM\/08mai2017\/8mai2017a4.jpg\" srcset=\"https:\/\/orgueil82.jvillain.fr\/wp-content\/uploads\/C\u00e9r\u00e9monies_MaM\/08mai2017\/8mai2017a4.jpg 912w, https:\/\/orgueil82.jvillain.fr\/wp-content\/uploads\/C\u00e9r\u00e9monies_MaM\/08mai2017\/8mai2017a4-300x225.jpg 300w, https:\/\/orgueil82.jvillain.fr\/wp-content\/uploads\/C\u00e9r\u00e9monies_MaM\/08mai2017\/8mai2017a4-768x576.jpg 768w\" sizes=\"(max-width: 912px) 100vw, 912px\" \/><\/a><\/figure>\n<\/figure>\n\n\n\n<p>Puis la sonnerie aux morts a retenti pour c\u00e9l\u00e9brer la m\u00e9moire de tous ceux qui ont perdu la vie dans ce conflit, qu&rsquo;ils soient militaires ou civils.<\/p>\n\n\n<div class=\"wp-block-image\">\n<figure class=\"aligncenter size-full is-resized\"><a href=\"https:\/\/orgueil82.jvillain.fr\/wp-content\/uploads\/C\u00e9r\u00e9monies_MaM\/08mai2017\/8mai2017a5.jpg\"><img width=\"912\" height=\"684\"  alt=\"\" class=\"wp-image-2163 lws-optimize-lazyload\" style=\"width:391px;height:auto\"\/ data-src=\"https:\/\/orgueil82.jvillain.fr\/wp-content\/uploads\/C\u00e9r\u00e9monies_MaM\/08mai2017\/8mai2017a5.jpg\" srcset=\"https:\/\/orgueil82.jvillain.fr\/wp-content\/uploads\/C\u00e9r\u00e9monies_MaM\/08mai2017\/8mai2017a5.jpg 912w, https:\/\/orgueil82.jvillain.fr\/wp-content\/uploads\/C\u00e9r\u00e9monies_MaM\/08mai2017\/8mai2017a5-300x225.jpg 300w, https:\/\/orgueil82.jvillain.fr\/wp-content\/uploads\/C\u00e9r\u00e9monies_MaM\/08mai2017\/8mai2017a5-768x576.jpg 768w\" sizes=\"(max-width: 912px) 100vw, 912px\" \/><\/a><\/figure>\n<\/div>\n\n\n<p>Apr\u00e8s la sonnerie aux morts la Marseillaise a empli le ciel bien ensoleill\u00e9 de cette soir\u00e9e de mai.<\/p>\n\n\n<div class=\"wp-block-image\">\n<figure class=\"aligncenter size-full is-resized\"><a href=\"https:\/\/orgueil82.jvillain.fr\/wp-content\/uploads\/C\u00e9r\u00e9monies_MaM\/08mai2017\/8mai2017a6.jpg\"><img width=\"912\" height=\"684\"  alt=\"\" class=\"wp-image-2164 lws-optimize-lazyload\" style=\"width:399px;height:auto\"\/ data-src=\"https:\/\/orgueil82.jvillain.fr\/wp-content\/uploads\/C\u00e9r\u00e9monies_MaM\/08mai2017\/8mai2017a6.jpg\" srcset=\"https:\/\/orgueil82.jvillain.fr\/wp-content\/uploads\/C\u00e9r\u00e9monies_MaM\/08mai2017\/8mai2017a6.jpg 912w, https:\/\/orgueil82.jvillain.fr\/wp-content\/uploads\/C\u00e9r\u00e9monies_MaM\/08mai2017\/8mai2017a6-300x225.jpg 300w, https:\/\/orgueil82.jvillain.fr\/wp-content\/uploads\/C\u00e9r\u00e9monies_MaM\/08mai2017\/8mai2017a6-768x576.jpg 768w\" sizes=\"(max-width: 912px) 100vw, 912px\" \/><\/a><\/figure>\n<\/div>\n\n\n<p>Apr\u00e8s avoir salu\u00e9 notre porte-drapeau, madame le Maire a remerci\u00e9 toutes les personnes pr\u00e9sentes et les a invit\u00e9 \u00e0 venir prendre le verre de l&rsquo;amiti\u00e9 au caf\u00e9 du village.<\/p>\n\n\n\n<p><a href=\"#hautpage\">Retour en haut de la page<\/a><\/p>\n\n\n\n<hr class=\"wp-block-separator has-alpha-channel-opacity\"\/>\n\n\n\n<h2 class=\"wp-block-heading has-global-color-14-color has-text-color has-link-color wp-elements-7a50279cc19055a8221ad937ceb39831\" id=\"11nov2016\" style=\"font-style:normal;font-weight:600\">Comm\u00e9moration du 11 novembre &#8211; 11 novembre 2016<\/h2>\n\n\n\n<p>Comme chaque ann\u00e9e en ce jour de 11 novembre avait lieu \u00e0 11h00 une c\u00e9r\u00e9monie du souvenir devant le monument aux morts du village.<br>Chaque ann\u00e9e pour le 11 novembre nous avons la pr\u00e9sence d&rsquo;enfants de l&rsquo;\u00e9cole du village. Cette ann\u00e9e madame le maire avait pr\u00e9par\u00e9 la c\u00e9r\u00e9monie avec madame la directrice de l&rsquo;\u00e9cole et madame le professeur en charges des classes de CM pour que les enfants puissent participer plus \u00e9troitement \u00e0 la c\u00e9r\u00e9monie.<br>Pour cela les enfants du CM2, dans le cadre du programme d&rsquo;histoire un peu chamboul\u00e9 pour l&rsquo;occasion,&nbsp;<strong>ont \u00e9tudi\u00e9 des lettres de poilus et certaines ont \u00e9t\u00e9 lues pendant la c\u00e9r\u00e9monie<\/strong>.<br>Toujours pour la c\u00e9r\u00e9monie, les \u00e9l\u00e8ves de CM1 et CM2 ont effectu\u00e9 des recherches sur internet (sur le site M\u00e9moire des Hommes) pour pr\u00e9parer une fiche sur chacun des soldats inscrit sur le monument aux morts du village. Il y a 22 soldats inscrits, 21 pour le conflit 14-18 et 1 pour le conflit 39-45.&nbsp;<strong>Avec cette fiche les enfants ont particip\u00e9 \u00e0 l&rsquo;appel des morts qui se fait lors de la c\u00e9r\u00e9monie<\/strong>&nbsp;: madame le maire a lu le nom de chacun des soldats inscrits sur le monument aux morts et au lieu de juste dire \u00ab\u00a0mort pour la France\u00a0\u00bb avec la foule, un enfant a, pour chaque soldat, dit \u00ab\u00a0mort pour la france\u00a0\u00bb et donn\u00e9 le grade, la date de naissance, la date de d\u00e9c\u00e8s, l&rsquo;\u00e2ge au moment du d\u00e9c\u00e8s et le d\u00e9partement de d\u00e9c\u00e8s.<br>Ces jeunes gens qui sont inscrits sur le monument ont tout d&rsquo;un coup \u00e9t\u00e9 plus pr\u00e9sents et beaucoup de personnes de l&rsquo;assistance se sont rendus compte de leur jeunesse au moment o\u00f9 ils sont d\u00e9c\u00e9d\u00e9s.<\/p>\n\n\n\n<p>La muncipalit\u00e9 avait invit\u00e9 les associations, les anciens combattants, les parents d&rsquo;\u00e9l\u00e8ves et toute la population. Plus de monde que d&rsquo;habitude a r\u00e9pondu \u00e0 cette invitation et c&rsquo;est donc une assembl\u00e9e fournie qui a honor\u00e9 les morts de notre village.<\/p>\n\n\n\n<p><strong><em>La c\u00e9r\u00e9monie<\/em><\/strong><\/p>\n\n\n\n<p>Comme on le voit sur l&rsquo;horloge de l&rsquo;\u00e9glise nous sommes encore dans la phase de pr\u00e9paration, les gens commencent \u00e0 arriver, les enfants r\u00e9visent, les poign\u00e9es de main et les embrassades pr\u00e9c\u00e8dent l&rsquo;\u00e9change de nouvelles. Et le monument aux morts bien fleuri attend &#8230;<\/p>\n\n\n<div class=\"pgc-sgb-cb wp-block-pgcsimplygalleryblock-masonry \" data-gallery-id=\"9d436502\"><div class=\"sgb-preloader\" id=\"pr_9d436502\">\n\t<div class=\"sgb-square\" style=\"background:#d4d4d4\"><\/div>\n\t<div class=\"sgb-square\" style=\"background:#d4d4d4\"><\/div>\n\t<div class=\"sgb-square\" style=\"background:#d4d4d4\"><\/div>\n\t<div class=\"sgb-square\" style=\"background:#d4d4d4\"><\/div><\/div><div class=\"simply-gallery-amp pgc_sgb_slider \"><noscript><div class=\"sgb-gallery\"><div class=\"sgb-item\"><a href=\"https:\/\/orgueil82.jvillain.fr\/?attachment_id=2146\" target=\"_blank\"><img alt=\"\" width=\"300\" height=\"225\" loading=\"lazy\"  srcset=\"https:\/\/orgueil82.jvillain.fr\/wp-content\/uploads\/C\u00e9r\u00e9monies_MaM\/11nov2016\/misenp1-300x225.jpg 300w,https:\/\/orgueil82.jvillain.fr\/wp-content\/uploads\/C\u00e9r\u00e9monies_MaM\/11nov2016\/misenp1.jpg 912w\" sizes=\"auto, 250px\"\/ class=\"lws-optimize-lazyload\" data-src=\"https:\/\/orgueil82.jvillain.fr\/wp-content\/uploads\/C\u00e9r\u00e9monies_MaM\/11nov2016\/misenp1-300x225.jpg\"><\/a><div class=\"sgb-item-caption\"><em>  <\/em><\/div><\/div><div class=\"sgb-item\"><a href=\"https:\/\/orgueil82.jvillain.fr\/?attachment_id=2149\" target=\"_blank\"><img alt=\"\" width=\"300\" height=\"225\" loading=\"lazy\"  srcset=\"https:\/\/orgueil82.jvillain.fr\/wp-content\/uploads\/C\u00e9r\u00e9monies_MaM\/11nov2016\/misenp4-300x225.jpg 300w,https:\/\/orgueil82.jvillain.fr\/wp-content\/uploads\/C\u00e9r\u00e9monies_MaM\/11nov2016\/misenp4.jpg 912w\" sizes=\"auto, 250px\"\/ class=\"lws-optimize-lazyload\" data-src=\"https:\/\/orgueil82.jvillain.fr\/wp-content\/uploads\/C\u00e9r\u00e9monies_MaM\/11nov2016\/misenp4-300x225.jpg\"><\/a><\/div><div class=\"sgb-item\"><a href=\"https:\/\/orgueil82.jvillain.fr\/?attachment_id=2143\" target=\"_blank\"><img alt=\"\" width=\"300\" height=\"225\" loading=\"lazy\"  srcset=\"https:\/\/orgueil82.jvillain.fr\/wp-content\/uploads\/C\u00e9r\u00e9monies_MaM\/11nov2016\/misenp5-300x225.jpg 300w,https:\/\/orgueil82.jvillain.fr\/wp-content\/uploads\/C\u00e9r\u00e9monies_MaM\/11nov2016\/misenp5.jpg 912w\" sizes=\"auto, 250px\"\/ class=\"lws-optimize-lazyload\" data-src=\"https:\/\/orgueil82.jvillain.fr\/wp-content\/uploads\/C\u00e9r\u00e9monies_MaM\/11nov2016\/misenp5-300x225.jpg\"><\/a><\/div><div class=\"sgb-item\"><a href=\"https:\/\/orgueil82.jvillain.fr\/?attachment_id=2154\" target=\"_blank\"><img alt=\"\" width=\"300\" height=\"225\" loading=\"lazy\"  srcset=\"https:\/\/orgueil82.jvillain.fr\/wp-content\/uploads\/C\u00e9r\u00e9monies_MaM\/11nov2016\/misenp2-300x225.jpg 300w,https:\/\/orgueil82.jvillain.fr\/wp-content\/uploads\/C\u00e9r\u00e9monies_MaM\/11nov2016\/misenp2.jpg 912w\" sizes=\"auto, 250px\"\/ class=\"lws-optimize-lazyload\" data-src=\"https:\/\/orgueil82.jvillain.fr\/wp-content\/uploads\/C\u00e9r\u00e9monies_MaM\/11nov2016\/misenp2-300x225.jpg\"><\/a><\/div><\/div><\/noscript><\/div><script type=\"application\/json\" class=\"sgb-data\">{\"collectionColumns\":2,\"collectionThumbRecomendedWidth\":150,\"captions\":false,\"collectionThumbSubMenuDownload\":false,\"galleryType\":\"pgc_sgb_masonry\",\"galleryId\":\"9d436502\",\"images\":[{\"id\":2146,\"title\":\"misenp1\",\"url\":\"https:\/\/orgueil82.jvillain.fr\/wp-content\/uploads\/C\u00e9r\u00e9monies_MaM\/11nov2016\/misenp1.jpg\",\"link\":\"https:\/\/orgueil82.jvillain.fr\/?attachment_id=2146\",\"alt\":\"\",\"description\":\"\",\"caption\":\"  \",\"mime\":\"image\/jpeg\",\"type\":\"image\",\"width\":912,\"height\":684,\"sizes\":{\"thumbnail\":{\"height\":150,\"width\":150,\"url\":\"https:\/\/orgueil82.jvillain.fr\/wp-content\/uploads\/C\u00e9r\u00e9monies_MaM\/11nov2016\/misenp1-150x150.jpg\",\"orientation\":\"landscape\"},\"medium\":{\"height\":225,\"width\":300,\"url\":\"https:\/\/orgueil82.jvillain.fr\/wp-content\/uploads\/C\u00e9r\u00e9monies_MaM\/11nov2016\/misenp1-300x225.jpg\",\"orientation\":\"landscape\"},\"full\":{\"url\":\"https:\/\/orgueil82.jvillain.fr\/wp-content\/uploads\/C\u00e9r\u00e9monies_MaM\/11nov2016\/misenp1.jpg\",\"height\":684,\"width\":912,\"orientation\":\"landscape\"}},\"imageMeta\":{\"aperture\":\"3.5\",\"credit\":\"\",\"camera\":\"DSC-HX5V\",\"caption\":\"\",\"created_timestamp\":\"1478865364\",\"copyright\":\"\",\"focal_length\":\"4.25\",\"iso\":\"125\",\"shutter_speed\":\"0.0025\",\"title\":\"\",\"orientation\":\"1\",\"keywords\":[]},\"meta\":false,\"postlink\":\"https:\/\/orgueil82.jvillain.fr\/?attachment_id=2146\"},{\"id\":2149,\"title\":\"misenp4\",\"url\":\"https:\/\/orgueil82.jvillain.fr\/wp-content\/uploads\/C\u00e9r\u00e9monies_MaM\/11nov2016\/misenp4.jpg\",\"link\":\"https:\/\/orgueil82.jvillain.fr\/?attachment_id=2149\",\"alt\":\"\",\"description\":\"\",\"caption\":\"\",\"mime\":\"image\/jpeg\",\"type\":\"image\",\"width\":912,\"height\":684,\"sizes\":{\"thumbnail\":{\"height\":150,\"width\":150,\"url\":\"https:\/\/orgueil82.jvillain.fr\/wp-content\/uploads\/C\u00e9r\u00e9monies_MaM\/11nov2016\/misenp4-150x150.jpg\",\"orientation\":\"landscape\"},\"medium\":{\"height\":225,\"width\":300,\"url\":\"https:\/\/orgueil82.jvillain.fr\/wp-content\/uploads\/C\u00e9r\u00e9monies_MaM\/11nov2016\/misenp4-300x225.jpg\",\"orientation\":\"landscape\"},\"full\":{\"url\":\"https:\/\/orgueil82.jvillain.fr\/wp-content\/uploads\/C\u00e9r\u00e9monies_MaM\/11nov2016\/misenp4.jpg\",\"height\":684,\"width\":912,\"orientation\":\"landscape\"}},\"imageMeta\":{\"aperture\":\"3.5\",\"credit\":\"\",\"camera\":\"DSC-HX5V\",\"caption\":\"\",\"created_timestamp\":\"1478865467\",\"copyright\":\"\",\"focal_length\":\"4.25\",\"iso\":\"125\",\"shutter_speed\":\"0.0025\",\"title\":\"\",\"orientation\":\"1\",\"keywords\":[]},\"meta\":false,\"postlink\":\"https:\/\/orgueil82.jvillain.fr\/?attachment_id=2149\"},{\"id\":2143,\"title\":\"misenp5\",\"url\":\"https:\/\/orgueil82.jvillain.fr\/wp-content\/uploads\/C\u00e9r\u00e9monies_MaM\/11nov2016\/misenp5.jpg\",\"link\":\"https:\/\/orgueil82.jvillain.fr\/?attachment_id=2143\",\"alt\":\"\",\"description\":\"\",\"caption\":\"\",\"mime\":\"image\/jpeg\",\"type\":\"image\",\"width\":912,\"height\":684,\"sizes\":{\"thumbnail\":{\"height\":150,\"width\":150,\"url\":\"https:\/\/orgueil82.jvillain.fr\/wp-content\/uploads\/C\u00e9r\u00e9monies_MaM\/11nov2016\/misenp5-150x150.jpg\",\"orientation\":\"landscape\"},\"medium\":{\"height\":225,\"width\":300,\"url\":\"https:\/\/orgueil82.jvillain.fr\/wp-content\/uploads\/C\u00e9r\u00e9monies_MaM\/11nov2016\/misenp5-300x225.jpg\",\"orientation\":\"landscape\"},\"full\":{\"url\":\"https:\/\/orgueil82.jvillain.fr\/wp-content\/uploads\/C\u00e9r\u00e9monies_MaM\/11nov2016\/misenp5.jpg\",\"height\":684,\"width\":912,\"orientation\":\"landscape\"}},\"imageMeta\":{\"aperture\":\"3.5\",\"credit\":\"\",\"camera\":\"DSC-HX5V\",\"caption\":\"\",\"created_timestamp\":\"1478865483\",\"copyright\":\"\",\"focal_length\":\"4.25\",\"iso\":\"125\",\"shutter_speed\":\"0.0025\",\"title\":\"\",\"orientation\":\"1\",\"keywords\":[]},\"meta\":false,\"postlink\":\"https:\/\/orgueil82.jvillain.fr\/?attachment_id=2143\"},{\"id\":2154,\"title\":\"misenp2\",\"url\":\"https:\/\/orgueil82.jvillain.fr\/wp-content\/uploads\/C\u00e9r\u00e9monies_MaM\/11nov2016\/misenp2.jpg\",\"link\":\"https:\/\/orgueil82.jvillain.fr\/?attachment_id=2154\",\"alt\":\"\",\"description\":\"\",\"caption\":\"\",\"mime\":\"image\/jpeg\",\"type\":\"image\",\"width\":912,\"height\":684,\"sizes\":{\"thumbnail\":{\"height\":150,\"width\":150,\"url\":\"https:\/\/orgueil82.jvillain.fr\/wp-content\/uploads\/C\u00e9r\u00e9monies_MaM\/11nov2016\/misenp2-150x150.jpg\",\"orientation\":\"landscape\"},\"medium\":{\"height\":225,\"width\":300,\"url\":\"https:\/\/orgueil82.jvillain.fr\/wp-content\/uploads\/C\u00e9r\u00e9monies_MaM\/11nov2016\/misenp2-300x225.jpg\",\"orientation\":\"landscape\"},\"full\":{\"url\":\"https:\/\/orgueil82.jvillain.fr\/wp-content\/uploads\/C\u00e9r\u00e9monies_MaM\/11nov2016\/misenp2.jpg\",\"height\":684,\"width\":912,\"orientation\":\"landscape\"}},\"imageMeta\":{\"aperture\":\"4.5\",\"credit\":\"\",\"camera\":\"DSC-HX5V\",\"caption\":\"\",\"created_timestamp\":\"1478865373\",\"copyright\":\"\",\"focal_length\":\"8.08\",\"iso\":\"125\",\"shutter_speed\":\"0.004\",\"title\":\"\",\"orientation\":\"1\",\"keywords\":[]},\"meta\":false,\"postlink\":\"https:\/\/orgueil82.jvillain.fr\/?attachment_id=2154\"}],\"sliderItemTitleEnable\":false,\"sliderSlideshowAutoStart\":true,\"sliderSlideshowDelay\":6,\"itemsMetaDataCollection\":[]}<\/script><script>(function(){if(window.PGC_SGB && window.PGC_SGB.searcher){window.PGC_SGB.searcher.initBlocks()}})()<\/script><\/div>\n\n\n<p>\u00c0 11h00 madame le maire prend la parole pour expliquer le d\u00e9roulement de la c\u00e9r\u00e9monie, tout le monde \u00e9coute en se mettant en place et en se regroupant.<\/p>\n\n\n\n<figure class=\"wp-block-gallery aligncenter has-nested-images columns-default wp-block-gallery-68 is-layout-flex wp-block-gallery-is-layout-flex\">\n<figure class=\"wp-block-image size-full\"><a href=\"https:\/\/orgueil82.jvillain.fr\/wp-content\/uploads\/C\u00e9r\u00e9monies_MaM\/11nov2016\/mairedeb1.jpg\"><img width=\"912\" height=\"684\" data-id=\"2145\"  alt=\"\" class=\"wp-image-2145 lws-optimize-lazyload\"\/ data-src=\"https:\/\/orgueil82.jvillain.fr\/wp-content\/uploads\/C\u00e9r\u00e9monies_MaM\/11nov2016\/mairedeb1.jpg\" srcset=\"https:\/\/orgueil82.jvillain.fr\/wp-content\/uploads\/C\u00e9r\u00e9monies_MaM\/11nov2016\/mairedeb1.jpg 912w, https:\/\/orgueil82.jvillain.fr\/wp-content\/uploads\/C\u00e9r\u00e9monies_MaM\/11nov2016\/mairedeb1-300x225.jpg 300w, https:\/\/orgueil82.jvillain.fr\/wp-content\/uploads\/C\u00e9r\u00e9monies_MaM\/11nov2016\/mairedeb1-768x576.jpg 768w\" sizes=\"(max-width: 912px) 100vw, 912px\" \/><\/a><\/figure>\n\n\n\n<figure class=\"wp-block-image size-full\"><a href=\"https:\/\/orgueil82.jvillain.fr\/wp-content\/uploads\/C\u00e9r\u00e9monies_MaM\/11nov2016\/mairedeb2.jpg\"><img width=\"912\" height=\"684\" data-id=\"2144\"  alt=\"\" class=\"wp-image-2144 lws-optimize-lazyload\"\/ data-src=\"https:\/\/orgueil82.jvillain.fr\/wp-content\/uploads\/C\u00e9r\u00e9monies_MaM\/11nov2016\/mairedeb2.jpg\" srcset=\"https:\/\/orgueil82.jvillain.fr\/wp-content\/uploads\/C\u00e9r\u00e9monies_MaM\/11nov2016\/mairedeb2.jpg 912w, https:\/\/orgueil82.jvillain.fr\/wp-content\/uploads\/C\u00e9r\u00e9monies_MaM\/11nov2016\/mairedeb2-300x225.jpg 300w, https:\/\/orgueil82.jvillain.fr\/wp-content\/uploads\/C\u00e9r\u00e9monies_MaM\/11nov2016\/mairedeb2-768x576.jpg 768w\" sizes=\"(max-width: 912px) 100vw, 912px\" \/><\/a><\/figure>\n\n\n\n<figure class=\"wp-block-image size-full\"><a href=\"https:\/\/orgueil82.jvillain.fr\/wp-content\/uploads\/C\u00e9r\u00e9monies_MaM\/11nov2016\/mairedeb3.jpg\"><img width=\"912\" height=\"684\" data-id=\"2140\"  alt=\"\" class=\"wp-image-2140 lws-optimize-lazyload\"\/ data-src=\"https:\/\/orgueil82.jvillain.fr\/wp-content\/uploads\/C\u00e9r\u00e9monies_MaM\/11nov2016\/mairedeb3.jpg\" srcset=\"https:\/\/orgueil82.jvillain.fr\/wp-content\/uploads\/C\u00e9r\u00e9monies_MaM\/11nov2016\/mairedeb3.jpg 912w, https:\/\/orgueil82.jvillain.fr\/wp-content\/uploads\/C\u00e9r\u00e9monies_MaM\/11nov2016\/mairedeb3-300x225.jpg 300w, https:\/\/orgueil82.jvillain.fr\/wp-content\/uploads\/C\u00e9r\u00e9monies_MaM\/11nov2016\/mairedeb3-768x576.jpg 768w\" sizes=\"(max-width: 912px) 100vw, 912px\" \/><\/a><\/figure>\n<\/figure>\n\n\n\n<p>Madame le maire passe ensuite le micro \u00e0 monsieur Willy AUTHESSERRE&nbsp; adjoint d\u00e9l\u00e9gu\u00e9 \u00e0 l&rsquo;\u00e9cole, l&rsquo;enfance et la jeunesse, qui donne lecture du message de monsieur Jean Marc TODESCHINI secr\u00e9taire d&rsquo;\u00e9tat aupr\u00e8s du ministre de la D\u00e9fense charg\u00e9 des anciens combattants et de la m\u00e9moire. Un message court \u00e9cout\u00e9 par tous avec attention.<\/p>\n\n\n<div class=\"pgc-sgb-cb wp-block-pgcsimplygalleryblock-masonry \" data-gallery-id=\"fc001445\"><div class=\"sgb-preloader\" id=\"pr_fc001445\">\n\t<div class=\"sgb-square\" style=\"background:#d4d4d4\"><\/div>\n\t<div class=\"sgb-square\" style=\"background:#d4d4d4\"><\/div>\n\t<div class=\"sgb-square\" style=\"background:#d4d4d4\"><\/div>\n\t<div class=\"sgb-square\" style=\"background:#d4d4d4\"><\/div><\/div><div class=\"simply-gallery-amp pgc_sgb_slider \"><noscript><div class=\"sgb-gallery\"><div class=\"sgb-item\"><a href=\"https:\/\/orgueil82.jvillain.fr\/?attachment_id=2137\" target=\"_blank\"><img alt=\"\" width=\"300\" height=\"225\" loading=\"lazy\"  srcset=\"https:\/\/orgueil82.jvillain.fr\/wp-content\/uploads\/C\u00e9r\u00e9monies_MaM\/11nov2016\/lectdiscmin1-300x225.jpg 300w,https:\/\/orgueil82.jvillain.fr\/wp-content\/uploads\/C\u00e9r\u00e9monies_MaM\/11nov2016\/lectdiscmin1.jpg 912w\" sizes=\"auto, 250px\"\/ class=\"lws-optimize-lazyload\" data-src=\"https:\/\/orgueil82.jvillain.fr\/wp-content\/uploads\/C\u00e9r\u00e9monies_MaM\/11nov2016\/lectdiscmin1-300x225.jpg\"><\/a><div class=\"sgb-item-caption\"><em>  <\/em><\/div><\/div><div class=\"sgb-item\"><a href=\"https:\/\/orgueil82.jvillain.fr\/?attachment_id=2139\" target=\"_blank\"><img alt=\"\" width=\"300\" height=\"225\" loading=\"lazy\"  srcset=\"https:\/\/orgueil82.jvillain.fr\/wp-content\/uploads\/C\u00e9r\u00e9monies_MaM\/11nov2016\/lectdiscmin2-300x225.jpg 300w,https:\/\/orgueil82.jvillain.fr\/wp-content\/uploads\/C\u00e9r\u00e9monies_MaM\/11nov2016\/lectdiscmin2.jpg 912w\" sizes=\"auto, 250px\"\/ class=\"lws-optimize-lazyload\" data-src=\"https:\/\/orgueil82.jvillain.fr\/wp-content\/uploads\/C\u00e9r\u00e9monies_MaM\/11nov2016\/lectdiscmin2-300x225.jpg\"><\/a><\/div><div class=\"sgb-item\"><a href=\"https:\/\/orgueil82.jvillain.fr\/?attachment_id=2141\" target=\"_blank\"><img alt=\"\" width=\"300\" height=\"225\" loading=\"lazy\"  srcset=\"https:\/\/orgueil82.jvillain.fr\/wp-content\/uploads\/C\u00e9r\u00e9monies_MaM\/11nov2016\/lectdiscmin3-300x225.jpg 300w,https:\/\/orgueil82.jvillain.fr\/wp-content\/uploads\/C\u00e9r\u00e9monies_MaM\/11nov2016\/lectdiscmin3.jpg 912w\" sizes=\"auto, 250px\"\/ class=\"lws-optimize-lazyload\" data-src=\"https:\/\/orgueil82.jvillain.fr\/wp-content\/uploads\/C\u00e9r\u00e9monies_MaM\/11nov2016\/lectdiscmin3-300x225.jpg\"><\/a><div class=\"sgb-item-caption\"><em> <\/em><\/div><\/div><div class=\"sgb-item\"><a href=\"https:\/\/orgueil82.jvillain.fr\/?attachment_id=2142\" target=\"_blank\"><img alt=\"\" width=\"300\" height=\"225\" loading=\"lazy\"  srcset=\"https:\/\/orgueil82.jvillain.fr\/wp-content\/uploads\/C\u00e9r\u00e9monies_MaM\/11nov2016\/lectdiscmin4-300x225.jpg 300w,https:\/\/orgueil82.jvillain.fr\/wp-content\/uploads\/C\u00e9r\u00e9monies_MaM\/11nov2016\/lectdiscmin4.jpg 912w\" sizes=\"auto, 250px\"\/ class=\"lws-optimize-lazyload\" data-src=\"https:\/\/orgueil82.jvillain.fr\/wp-content\/uploads\/C\u00e9r\u00e9monies_MaM\/11nov2016\/lectdiscmin4-300x225.jpg\"><\/a><\/div><\/div><\/noscript><\/div><script type=\"application\/json\" class=\"sgb-data\">{\"collectionColumns\":4,\"collectionThumbRecomendedWidth\":150,\"captions\":false,\"collectionThumbSubMenuDownload\":false,\"galleryType\":\"pgc_sgb_masonry\",\"galleryId\":\"fc001445\",\"images\":[{\"id\":2137,\"title\":\"lectdiscmin1\",\"url\":\"https:\/\/orgueil82.jvillain.fr\/wp-content\/uploads\/C\u00e9r\u00e9monies_MaM\/11nov2016\/lectdiscmin1.jpg\",\"link\":\"https:\/\/orgueil82.jvillain.fr\/?attachment_id=2137\",\"alt\":\"\",\"description\":\"\",\"caption\":\"  \",\"mime\":\"image\/jpeg\",\"type\":\"image\",\"width\":912,\"height\":684,\"sizes\":{\"thumbnail\":{\"height\":150,\"width\":150,\"url\":\"https:\/\/orgueil82.jvillain.fr\/wp-content\/uploads\/C\u00e9r\u00e9monies_MaM\/11nov2016\/lectdiscmin1-150x150.jpg\",\"orientation\":\"landscape\"},\"medium\":{\"height\":225,\"width\":300,\"url\":\"https:\/\/orgueil82.jvillain.fr\/wp-content\/uploads\/C\u00e9r\u00e9monies_MaM\/11nov2016\/lectdiscmin1-300x225.jpg\",\"orientation\":\"landscape\"},\"full\":{\"url\":\"https:\/\/orgueil82.jvillain.fr\/wp-content\/uploads\/C\u00e9r\u00e9monies_MaM\/11nov2016\/lectdiscmin1.jpg\",\"height\":684,\"width\":912,\"orientation\":\"landscape\"}},\"imageMeta\":{\"aperture\":\"5\",\"credit\":\"\",\"camera\":\"DSC-HX5V\",\"caption\":\"\",\"created_timestamp\":\"1478865799\",\"copyright\":\"\",\"focal_length\":\"20.38\",\"iso\":\"200\",\"shutter_speed\":\"0.008\",\"title\":\"\",\"orientation\":\"1\",\"keywords\":[]},\"meta\":false,\"postlink\":\"https:\/\/orgueil82.jvillain.fr\/?attachment_id=2137\"},{\"id\":2139,\"title\":\"lectdiscmin2\",\"url\":\"https:\/\/orgueil82.jvillain.fr\/wp-content\/uploads\/C\u00e9r\u00e9monies_MaM\/11nov2016\/lectdiscmin2.jpg\",\"link\":\"https:\/\/orgueil82.jvillain.fr\/?attachment_id=2139\",\"alt\":\"\",\"description\":\"\",\"caption\":\"\",\"mime\":\"image\/jpeg\",\"type\":\"image\",\"width\":912,\"height\":684,\"sizes\":{\"thumbnail\":{\"height\":150,\"width\":150,\"url\":\"https:\/\/orgueil82.jvillain.fr\/wp-content\/uploads\/C\u00e9r\u00e9monies_MaM\/11nov2016\/lectdiscmin2-150x150.jpg\",\"orientation\":\"landscape\"},\"medium\":{\"height\":225,\"width\":300,\"url\":\"https:\/\/orgueil82.jvillain.fr\/wp-content\/uploads\/C\u00e9r\u00e9monies_MaM\/11nov2016\/lectdiscmin2-300x225.jpg\",\"orientation\":\"landscape\"},\"full\":{\"url\":\"https:\/\/orgueil82.jvillain.fr\/wp-content\/uploads\/C\u00e9r\u00e9monies_MaM\/11nov2016\/lectdiscmin2.jpg\",\"height\":684,\"width\":912,\"orientation\":\"landscape\"}},\"imageMeta\":{\"aperture\":\"4.5\",\"credit\":\"\",\"camera\":\"DSC-HX5V\",\"caption\":\"\",\"created_timestamp\":\"1478865811\",\"copyright\":\"\",\"focal_length\":\"7.74\",\"iso\":\"125\",\"shutter_speed\":\"0.00625\",\"title\":\"\",\"orientation\":\"1\",\"keywords\":[]},\"meta\":false,\"postlink\":\"https:\/\/orgueil82.jvillain.fr\/?attachment_id=2139\"},{\"id\":2141,\"title\":\"lectdiscmin3\",\"url\":\"https:\/\/orgueil82.jvillain.fr\/wp-content\/uploads\/C\u00e9r\u00e9monies_MaM\/11nov2016\/lectdiscmin3.jpg\",\"link\":\"https:\/\/orgueil82.jvillain.fr\/?attachment_id=2141\",\"alt\":\"\",\"description\":\"\",\"caption\":\" \",\"mime\":\"image\/jpeg\",\"type\":\"image\",\"width\":912,\"height\":684,\"sizes\":{\"thumbnail\":{\"height\":150,\"width\":150,\"url\":\"https:\/\/orgueil82.jvillain.fr\/wp-content\/uploads\/C\u00e9r\u00e9monies_MaM\/11nov2016\/lectdiscmin3-150x150.jpg\",\"orientation\":\"landscape\"},\"medium\":{\"height\":225,\"width\":300,\"url\":\"https:\/\/orgueil82.jvillain.fr\/wp-content\/uploads\/C\u00e9r\u00e9monies_MaM\/11nov2016\/lectdiscmin3-300x225.jpg\",\"orientation\":\"landscape\"},\"full\":{\"url\":\"https:\/\/orgueil82.jvillain.fr\/wp-content\/uploads\/C\u00e9r\u00e9monies_MaM\/11nov2016\/lectdiscmin3.jpg\",\"height\":684,\"width\":912,\"orientation\":\"landscape\"}},\"imageMeta\":{\"aperture\":\"3.5\",\"credit\":\"\",\"camera\":\"DSC-HX5V\",\"caption\":\"\",\"created_timestamp\":\"1478865830\",\"copyright\":\"\",\"focal_length\":\"4.25\",\"iso\":\"125\",\"shutter_speed\":\"0.0025\",\"title\":\"\",\"orientation\":\"1\",\"keywords\":[]},\"meta\":false,\"postlink\":\"https:\/\/orgueil82.jvillain.fr\/?attachment_id=2141\"},{\"id\":2142,\"title\":\"lectdiscmin4\",\"url\":\"https:\/\/orgueil82.jvillain.fr\/wp-content\/uploads\/C\u00e9r\u00e9monies_MaM\/11nov2016\/lectdiscmin4.jpg\",\"link\":\"https:\/\/orgueil82.jvillain.fr\/?attachment_id=2142\",\"alt\":\"\",\"description\":\"\",\"caption\":\"\",\"mime\":\"image\/jpeg\",\"type\":\"image\",\"width\":912,\"height\":684,\"sizes\":{\"thumbnail\":{\"height\":150,\"width\":150,\"url\":\"https:\/\/orgueil82.jvillain.fr\/wp-content\/uploads\/C\u00e9r\u00e9monies_MaM\/11nov2016\/lectdiscmin4-150x150.jpg\",\"orientation\":\"landscape\"},\"medium\":{\"height\":225,\"width\":300,\"url\":\"https:\/\/orgueil82.jvillain.fr\/wp-content\/uploads\/C\u00e9r\u00e9monies_MaM\/11nov2016\/lectdiscmin4-300x225.jpg\",\"orientation\":\"landscape\"},\"full\":{\"url\":\"https:\/\/orgueil82.jvillain.fr\/wp-content\/uploads\/C\u00e9r\u00e9monies_MaM\/11nov2016\/lectdiscmin4.jpg\",\"height\":684,\"width\":912,\"orientation\":\"landscape\"}},\"imageMeta\":{\"aperture\":\"3.5\",\"credit\":\"\",\"camera\":\"DSC-HX5V\",\"caption\":\"\",\"created_timestamp\":\"1478865900\",\"copyright\":\"\",\"focal_length\":\"4.25\",\"iso\":\"125\",\"shutter_speed\":\"0.0025\",\"title\":\"\",\"orientation\":\"1\",\"keywords\":[]},\"meta\":false,\"postlink\":\"https:\/\/orgueil82.jvillain.fr\/?attachment_id=2142\"}],\"sliderItemTitleEnable\":false,\"sliderSlideshowAutoStart\":true,\"sliderSlideshowDelay\":6,\"itemsMetaDataCollection\":[]}<\/script><script>(function(){if(window.PGC_SGB && window.PGC_SGB.searcher){window.PGC_SGB.searcher.initBlocks()}})()<\/script><\/div>\n\n\n<p>Apr\u00e8s la lecture du message du secr\u00e9taire d&rsquo;\u00e9tat, des enfants de l&rsquo;\u00e9cole ont lu des lettres de poilus<\/p>\n\n\n\n<figure class=\"wp-block-gallery aligncenter has-nested-images columns-default wp-block-gallery-69 is-layout-flex wp-block-gallery-is-layout-flex\">\n<figure class=\"wp-block-image size-full\"><a href=\"https:\/\/orgueil82.jvillain.fr\/wp-content\/uploads\/C\u00e9r\u00e9monies_MaM\/11nov2016\/letpoilu1.jpg\"><img width=\"912\" height=\"684\" data-id=\"2153\"  alt=\"\" class=\"wp-image-2153 lws-optimize-lazyload\"\/ data-src=\"https:\/\/orgueil82.jvillain.fr\/wp-content\/uploads\/C\u00e9r\u00e9monies_MaM\/11nov2016\/letpoilu1.jpg\" srcset=\"https:\/\/orgueil82.jvillain.fr\/wp-content\/uploads\/C\u00e9r\u00e9monies_MaM\/11nov2016\/letpoilu1.jpg 912w, https:\/\/orgueil82.jvillain.fr\/wp-content\/uploads\/C\u00e9r\u00e9monies_MaM\/11nov2016\/letpoilu1-300x225.jpg 300w, https:\/\/orgueil82.jvillain.fr\/wp-content\/uploads\/C\u00e9r\u00e9monies_MaM\/11nov2016\/letpoilu1-768x576.jpg 768w\" sizes=\"(max-width: 912px) 100vw, 912px\" \/><\/a><\/figure>\n\n\n\n<figure class=\"wp-block-image size-full\"><a href=\"https:\/\/orgueil82.jvillain.fr\/wp-content\/uploads\/C\u00e9r\u00e9monies_MaM\/11nov2016\/letpoilu2.jpg\"><img width=\"912\" height=\"684\" data-id=\"2152\"  alt=\"\" class=\"wp-image-2152 lws-optimize-lazyload\"\/ data-src=\"https:\/\/orgueil82.jvillain.fr\/wp-content\/uploads\/C\u00e9r\u00e9monies_MaM\/11nov2016\/letpoilu2.jpg\" srcset=\"https:\/\/orgueil82.jvillain.fr\/wp-content\/uploads\/C\u00e9r\u00e9monies_MaM\/11nov2016\/letpoilu2.jpg 912w, https:\/\/orgueil82.jvillain.fr\/wp-content\/uploads\/C\u00e9r\u00e9monies_MaM\/11nov2016\/letpoilu2-300x225.jpg 300w, https:\/\/orgueil82.jvillain.fr\/wp-content\/uploads\/C\u00e9r\u00e9monies_MaM\/11nov2016\/letpoilu2-768x576.jpg 768w\" sizes=\"(max-width: 912px) 100vw, 912px\" \/><\/a><\/figure>\n\n\n\n<figure class=\"wp-block-image size-full\"><a href=\"https:\/\/orgueil82.jvillain.fr\/wp-content\/uploads\/C\u00e9r\u00e9monies_MaM\/11nov2016\/letpoilu3.jpg\"><img width=\"912\" height=\"684\" data-id=\"2156\"  alt=\"\" class=\"wp-image-2156 lws-optimize-lazyload\"\/ data-src=\"https:\/\/orgueil82.jvillain.fr\/wp-content\/uploads\/C\u00e9r\u00e9monies_MaM\/11nov2016\/letpoilu3.jpg\" srcset=\"https:\/\/orgueil82.jvillain.fr\/wp-content\/uploads\/C\u00e9r\u00e9monies_MaM\/11nov2016\/letpoilu3.jpg 912w, https:\/\/orgueil82.jvillain.fr\/wp-content\/uploads\/C\u00e9r\u00e9monies_MaM\/11nov2016\/letpoilu3-300x225.jpg 300w, https:\/\/orgueil82.jvillain.fr\/wp-content\/uploads\/C\u00e9r\u00e9monies_MaM\/11nov2016\/letpoilu3-768x576.jpg 768w\" sizes=\"(max-width: 912px) 100vw, 912px\" \/><\/a><\/figure>\n<\/figure>\n\n\n\n<p>Puis est venu le moment de l&rsquo;appel des noms inscrits sur le monument aux morts. Pour la premi\u00e8re fois, les enfants donnant la date de naissance, la date de d\u00e9c\u00e8s,&nbsp; l&rsquo;\u00e2ge, le grade et le d\u00e9partement de d\u00e9c\u00e8s pour chaque soldat, l&rsquo;assistance a pu mettre quelque chose de concret face \u00e0 chaque nom. Ce qui a le plus frapp\u00e9 les gens est l&rsquo;\u00e2ge de d\u00e9c\u00e8s : les deux plus jeunes avaient 19 ans et le plus \u00e2g\u00e9 47, 12 avaient entre 20 et 26 ans et seuls 2 avaient plus de 40 ans.<\/p>\n\n\n\n<figure class=\"wp-block-gallery aligncenter has-nested-images columns-default wp-block-gallery-70 is-layout-flex wp-block-gallery-is-layout-flex\">\n<figure class=\"wp-block-image size-large\"><a href=\"https:\/\/orgueil82.jvillain.fr\/wp-content\/uploads\/C\u00e9r\u00e9monies_MaM\/11nov2016\/lectmplf1.jpg\"><img width=\"912\" height=\"684\" data-id=\"2150\"  alt=\"\" class=\"wp-image-2150 lws-optimize-lazyload\"\/ data-src=\"https:\/\/orgueil82.jvillain.fr\/wp-content\/uploads\/C\u00e9r\u00e9monies_MaM\/11nov2016\/lectmplf1.jpg\" srcset=\"https:\/\/orgueil82.jvillain.fr\/wp-content\/uploads\/C\u00e9r\u00e9monies_MaM\/11nov2016\/lectmplf1.jpg 912w, https:\/\/orgueil82.jvillain.fr\/wp-content\/uploads\/C\u00e9r\u00e9monies_MaM\/11nov2016\/lectmplf1-300x225.jpg 300w, https:\/\/orgueil82.jvillain.fr\/wp-content\/uploads\/C\u00e9r\u00e9monies_MaM\/11nov2016\/lectmplf1-768x576.jpg 768w\" sizes=\"(max-width: 912px) 100vw, 912px\" \/><\/a><\/figure>\n\n\n\n<figure class=\"wp-block-image size-large\"><a href=\"https:\/\/orgueil82.jvillain.fr\/wp-content\/uploads\/C\u00e9r\u00e9monies_MaM\/11nov2016\/lectmplf2.jpg\"><img width=\"912\" height=\"684\" data-id=\"2155\"  alt=\"\" class=\"wp-image-2155 lws-optimize-lazyload\"\/ data-src=\"https:\/\/orgueil82.jvillain.fr\/wp-content\/uploads\/C\u00e9r\u00e9monies_MaM\/11nov2016\/lectmplf2.jpg\" srcset=\"https:\/\/orgueil82.jvillain.fr\/wp-content\/uploads\/C\u00e9r\u00e9monies_MaM\/11nov2016\/lectmplf2.jpg 912w, https:\/\/orgueil82.jvillain.fr\/wp-content\/uploads\/C\u00e9r\u00e9monies_MaM\/11nov2016\/lectmplf2-300x225.jpg 300w, https:\/\/orgueil82.jvillain.fr\/wp-content\/uploads\/C\u00e9r\u00e9monies_MaM\/11nov2016\/lectmplf2-768x576.jpg 768w\" sizes=\"(max-width: 912px) 100vw, 912px\" \/><\/a><\/figure>\n<\/figure>\n\n\n\n<p>A pr\u00e8s l&rsquo;appel des morts pour la France, madame le maire accompagn\u00e9e de deux enfants de l&rsquo;\u00e9cole, a d\u00e9pos\u00e9 une gerbe au pied du monument aux morts. Puis une minute de silence a \u00e9t\u00e9 observ\u00e9e en m\u00e9moire des morts de toutes les guerres.<\/p>\n\n\n\n<figure class=\"wp-block-gallery aligncenter has-nested-images columns-default wp-block-gallery-71 is-layout-flex wp-block-gallery-is-layout-flex\">\n<figure class=\"wp-block-image size-full\"><a href=\"https:\/\/orgueil82.jvillain.fr\/wp-content\/uploads\/C\u00e9r\u00e9monies_MaM\/11nov2016\/depgerb1.jpg\"><img width=\"912\" height=\"684\" data-id=\"2136\"  alt=\"\" class=\"wp-image-2136 lws-optimize-lazyload\"\/ data-src=\"https:\/\/orgueil82.jvillain.fr\/wp-content\/uploads\/C\u00e9r\u00e9monies_MaM\/11nov2016\/depgerb1.jpg\" srcset=\"https:\/\/orgueil82.jvillain.fr\/wp-content\/uploads\/C\u00e9r\u00e9monies_MaM\/11nov2016\/depgerb1.jpg 912w, https:\/\/orgueil82.jvillain.fr\/wp-content\/uploads\/C\u00e9r\u00e9monies_MaM\/11nov2016\/depgerb1-300x225.jpg 300w, https:\/\/orgueil82.jvillain.fr\/wp-content\/uploads\/C\u00e9r\u00e9monies_MaM\/11nov2016\/depgerb1-768x576.jpg 768w\" sizes=\"(max-width: 912px) 100vw, 912px\" \/><\/a><\/figure>\n\n\n\n<figure class=\"wp-block-image size-full\"><a href=\"https:\/\/orgueil82.jvillain.fr\/wp-content\/uploads\/C\u00e9r\u00e9monies_MaM\/11nov2016\/minsil.jpg\"><img width=\"912\" height=\"684\" data-id=\"2148\"  alt=\"\" class=\"wp-image-2148 lws-optimize-lazyload\"\/ data-src=\"https:\/\/orgueil82.jvillain.fr\/wp-content\/uploads\/C\u00e9r\u00e9monies_MaM\/11nov2016\/minsil.jpg\" srcset=\"https:\/\/orgueil82.jvillain.fr\/wp-content\/uploads\/C\u00e9r\u00e9monies_MaM\/11nov2016\/minsil.jpg 912w, https:\/\/orgueil82.jvillain.fr\/wp-content\/uploads\/C\u00e9r\u00e9monies_MaM\/11nov2016\/minsil-300x225.jpg 300w, https:\/\/orgueil82.jvillain.fr\/wp-content\/uploads\/C\u00e9r\u00e9monies_MaM\/11nov2016\/minsil-768x576.jpg 768w\" sizes=\"(max-width: 912px) 100vw, 912px\" \/><\/a><\/figure>\n<\/figure>\n\n\n\n<p>Apr\u00e8s la minute de silence les enfants ont entonn\u00e9 la Marseillaise reprise par l&rsquo;assistance. Un peu timide cette Marseillaise mais chant\u00e9e avec coeur.<\/p>\n\n\n\n<figure class=\"wp-block-gallery aligncenter has-nested-images columns-default wp-block-gallery-72 is-layout-flex wp-block-gallery-is-layout-flex\">\n<figure class=\"wp-block-image size-full\"><a href=\"https:\/\/orgueil82.jvillain.fr\/wp-content\/uploads\/C\u00e9r\u00e9monies_MaM\/11nov2016\/marseill1.jpg\"><img width=\"912\" height=\"684\" data-id=\"2147\"  alt=\"\" class=\"wp-image-2147 lws-optimize-lazyload\"\/ data-src=\"https:\/\/orgueil82.jvillain.fr\/wp-content\/uploads\/C\u00e9r\u00e9monies_MaM\/11nov2016\/marseill1.jpg\" srcset=\"https:\/\/orgueil82.jvillain.fr\/wp-content\/uploads\/C\u00e9r\u00e9monies_MaM\/11nov2016\/marseill1.jpg 912w, https:\/\/orgueil82.jvillain.fr\/wp-content\/uploads\/C\u00e9r\u00e9monies_MaM\/11nov2016\/marseill1-300x225.jpg 300w, https:\/\/orgueil82.jvillain.fr\/wp-content\/uploads\/C\u00e9r\u00e9monies_MaM\/11nov2016\/marseill1-768x576.jpg 768w\" sizes=\"(max-width: 912px) 100vw, 912px\" \/><\/a><\/figure>\n\n\n\n<figure class=\"wp-block-image size-full\"><a href=\"https:\/\/orgueil82.jvillain.fr\/wp-content\/uploads\/C\u00e9r\u00e9monies_MaM\/11nov2016\/marseill2.jpg\"><img width=\"912\" height=\"684\" data-id=\"2151\"  alt=\"\" class=\"wp-image-2151 lws-optimize-lazyload\"\/ data-src=\"https:\/\/orgueil82.jvillain.fr\/wp-content\/uploads\/C\u00e9r\u00e9monies_MaM\/11nov2016\/marseill2.jpg\" srcset=\"https:\/\/orgueil82.jvillain.fr\/wp-content\/uploads\/C\u00e9r\u00e9monies_MaM\/11nov2016\/marseill2.jpg 912w, https:\/\/orgueil82.jvillain.fr\/wp-content\/uploads\/C\u00e9r\u00e9monies_MaM\/11nov2016\/marseill2-300x225.jpg 300w, https:\/\/orgueil82.jvillain.fr\/wp-content\/uploads\/C\u00e9r\u00e9monies_MaM\/11nov2016\/marseill2-768x576.jpg 768w\" sizes=\"(max-width: 912px) 100vw, 912px\" \/><\/a><\/figure>\n<\/figure>\n\n\n\n<p>Apr\u00e8s La Marseillaise madame le maire est all\u00e9e d&rsquo;un pas d\u00e9cid\u00e9 saluer le porte-drapeau<\/p>\n\n\n<div class=\"wp-block-image\">\n<figure class=\"aligncenter size-full is-resized\"><a href=\"https:\/\/orgueil82.jvillain.fr\/wp-content\/uploads\/C\u00e9r\u00e9monies_MaM\/11nov2016\/fin.jpg\"><img width=\"912\" height=\"684\"  alt=\"\" class=\"wp-image-2138 lws-optimize-lazyload\" style=\"width:372px;height:auto\"\/ data-src=\"https:\/\/orgueil82.jvillain.fr\/wp-content\/uploads\/C\u00e9r\u00e9monies_MaM\/11nov2016\/fin.jpg\" srcset=\"https:\/\/orgueil82.jvillain.fr\/wp-content\/uploads\/C\u00e9r\u00e9monies_MaM\/11nov2016\/fin.jpg 912w, https:\/\/orgueil82.jvillain.fr\/wp-content\/uploads\/C\u00e9r\u00e9monies_MaM\/11nov2016\/fin-300x225.jpg 300w, https:\/\/orgueil82.jvillain.fr\/wp-content\/uploads\/C\u00e9r\u00e9monies_MaM\/11nov2016\/fin-768x576.jpg 768w\" sizes=\"(max-width: 912px) 100vw, 912px\" \/><\/a><\/figure>\n<\/div>\n\n\n<p>puis elle a invit\u00e9 l&rsquo;assitance \u00e0 se rendre \u00e0 l&rsquo;Orgueil Caf\u00e9 pour partager le verre de l&rsquo;amiti\u00e9, &#8230; et pour se r\u00e9chauffer car un petit vent frais a souffl\u00e9 pendant la c\u00e9r\u00e9monie.<\/p>\n\n\n\n<p>Bravo \u00e0 tout ceux qui ont pr\u00e9par\u00e9 cette c\u00e9r\u00e9ominie : enseignantes, enfants, municipalit\u00e9 et bravo \u00e0 tout ceux qui sont venus participer \u00e0 cette c\u00e9r\u00e9monie du souvenir.<\/p>\n\n\n\n<p>Rendez vous est pris pour la c\u00e9r\u00e9monie du 8 mai, esp\u00e9rons qu&rsquo;elle sera aussi r\u00e9ussie.<\/p>\n\n\n\n<p><a href=\"#hautpage\">Retour en haut de la page<\/a><\/p>\n\n\n\n<hr class=\"wp-block-separator has-alpha-channel-opacity\"\/>\n\n\n\n<h2 class=\"wp-block-heading has-global-color-14-color has-text-color has-link-color wp-elements-b35bd596fbb7292242e69ef16a50aa57\" id=\"18sept2016\" style=\"font-style:normal;font-weight:600\">F\u00eate du village &#8211; Dimanche 18 septembre 2016<\/h2>\n\n\n<div class=\"pgc-sgb-cb wp-block-pgcsimplygalleryblock-slider \" data-gallery-id=\"fb377470\"style=&quot;min-height:480px&quot;><div class=\"sgb-preloader\" id=\"pr_fb377470\">\n\t<div class=\"sgb-square\" style=\"background:#d4d4d4\"><\/div>\n\t<div class=\"sgb-square\" style=\"background:#d4d4d4\"><\/div>\n\t<div class=\"sgb-square\" style=\"background:#d4d4d4\"><\/div>\n\t<div class=\"sgb-square\" style=\"background:#d4d4d4\"><\/div><\/div><div class=\"simply-gallery-amp pgc_sgb_slider \"><noscript><div class=\"sgb-gallery\"><div class=\"sgb-item\"><a href=\"https:\/\/orgueil82.jvillain.fr\/?attachment_id=2713\" target=\"_blank\"><img alt=\"\" width=\"300\" height=\"225\" loading=\"lazy\"  srcset=\"https:\/\/orgueil82.jvillain.fr\/wp-content\/uploads\/C\u00e9r\u00e9monies_MaM\/fet2016\/DSC03429-300x225.jpg 300w,https:\/\/orgueil82.jvillain.fr\/wp-content\/uploads\/C\u00e9r\u00e9monies_MaM\/fet2016\/DSC03429-2048x1536.jpg 2048w,https:\/\/orgueil82.jvillain.fr\/wp-content\/uploads\/C\u00e9r\u00e9monies_MaM\/fet2016\/DSC03429-scaled.jpg 2560w\" sizes=\"auto, 250px\"\/ class=\"lws-optimize-lazyload\" data-src=\"https:\/\/orgueil82.jvillain.fr\/wp-content\/uploads\/C\u00e9r\u00e9monies_MaM\/fet2016\/DSC03429-300x225.jpg\"><\/a><div class=\"sgb-item-caption\"><em>Madame le maire s&rsquo;adresse aux personnes pr\u00e9sentes                         <\/em><\/div><\/div><div class=\"sgb-item\"><a href=\"https:\/\/orgueil82.jvillain.fr\/?attachment_id=2714\" target=\"_blank\"><img alt=\"\" width=\"225\" height=\"300\" loading=\"lazy\"  srcset=\"https:\/\/orgueil82.jvillain.fr\/wp-content\/uploads\/C\u00e9r\u00e9monies_MaM\/fet2016\/DSC03430-225x300.jpg 225w,https:\/\/orgueil82.jvillain.fr\/wp-content\/uploads\/C\u00e9r\u00e9monies_MaM\/fet2016\/DSC03430-1536x2048.jpg 1536w,https:\/\/orgueil82.jvillain.fr\/wp-content\/uploads\/C\u00e9r\u00e9monies_MaM\/fet2016\/DSC03430-scaled.jpg 1920w\" sizes=\"auto, 250px\"\/ class=\"lws-optimize-lazyload\" data-src=\"https:\/\/orgueil82.jvillain.fr\/wp-content\/uploads\/C\u00e9r\u00e9monies_MaM\/fet2016\/DSC03430-225x300.jpg\"><\/a><div class=\"sgb-item-caption\"><em> <\/em><\/div><\/div><div class=\"sgb-item\"><a href=\"https:\/\/orgueil82.jvillain.fr\/?attachment_id=2715\" target=\"_blank\"><img alt=\"\" width=\"300\" height=\"225\" loading=\"lazy\"  srcset=\"https:\/\/orgueil82.jvillain.fr\/wp-content\/uploads\/C\u00e9r\u00e9monies_MaM\/fet2016\/DSC03433-300x225.jpg 300w,https:\/\/orgueil82.jvillain.fr\/wp-content\/uploads\/C\u00e9r\u00e9monies_MaM\/fet2016\/DSC03433-2048x1536.jpg 2048w,https:\/\/orgueil82.jvillain.fr\/wp-content\/uploads\/C\u00e9r\u00e9monies_MaM\/fet2016\/DSC03433-scaled.jpg 2560w\" sizes=\"auto, 250px\"\/ class=\"lws-optimize-lazyload\" data-src=\"https:\/\/orgueil82.jvillain.fr\/wp-content\/uploads\/C\u00e9r\u00e9monies_MaM\/fet2016\/DSC03433-300x225.jpg\"><\/a><div class=\"sgb-item-caption\"><em>Pose d&rsquo;une gerbe avec le pr\u00e9sident du comit\u00e9 des f\u00eates <\/em><\/div><\/div><div class=\"sgb-item\"><a href=\"https:\/\/orgueil82.jvillain.fr\/?attachment_id=2716\" target=\"_blank\"><img alt=\"\" width=\"300\" height=\"225\" loading=\"lazy\"  srcset=\"https:\/\/orgueil82.jvillain.fr\/wp-content\/uploads\/C\u00e9r\u00e9monies_MaM\/fet2016\/DSC03434-300x225.jpg 300w,https:\/\/orgueil82.jvillain.fr\/wp-content\/uploads\/C\u00e9r\u00e9monies_MaM\/fet2016\/DSC03434-2048x1536.jpg 2048w,https:\/\/orgueil82.jvillain.fr\/wp-content\/uploads\/C\u00e9r\u00e9monies_MaM\/fet2016\/DSC03434-scaled.jpg 2560w\" sizes=\"auto, 250px\"\/ class=\"lws-optimize-lazyload\" data-src=\"https:\/\/orgueil82.jvillain.fr\/wp-content\/uploads\/C\u00e9r\u00e9monies_MaM\/fet2016\/DSC03434-300x225.jpg\"><\/a><div class=\"sgb-item-caption\"><em>Pose de la gerbe            <\/em><\/div><\/div><div class=\"sgb-item\"><a href=\"https:\/\/orgueil82.jvillain.fr\/?attachment_id=2717\" target=\"_blank\"><img alt=\"\" width=\"300\" height=\"225\" loading=\"lazy\"  srcset=\"https:\/\/orgueil82.jvillain.fr\/wp-content\/uploads\/C\u00e9r\u00e9monies_MaM\/fet2016\/DSC03435-300x225.jpg 300w,https:\/\/orgueil82.jvillain.fr\/wp-content\/uploads\/C\u00e9r\u00e9monies_MaM\/fet2016\/DSC03435-2048x1536.jpg 2048w,https:\/\/orgueil82.jvillain.fr\/wp-content\/uploads\/C\u00e9r\u00e9monies_MaM\/fet2016\/DSC03435-scaled.jpg 2560w\" sizes=\"auto, 250px\"\/ class=\"lws-optimize-lazyload\" data-src=\"https:\/\/orgueil82.jvillain.fr\/wp-content\/uploads\/C\u00e9r\u00e9monies_MaM\/fet2016\/DSC03435-300x225.jpg\"><\/a><div class=\"sgb-item-caption\"><em>Recueillement, sonnerie Aux morts   <\/em><\/div><\/div><div class=\"sgb-item\"><a href=\"https:\/\/orgueil82.jvillain.fr\/?attachment_id=2718\" target=\"_blank\"><img alt=\"\" width=\"300\" height=\"225\" loading=\"lazy\"  srcset=\"https:\/\/orgueil82.jvillain.fr\/wp-content\/uploads\/C\u00e9r\u00e9monies_MaM\/fet2016\/DSC03436-300x225.jpg 300w,https:\/\/orgueil82.jvillain.fr\/wp-content\/uploads\/C\u00e9r\u00e9monies_MaM\/fet2016\/DSC03436-2048x1536.jpg 2048w,https:\/\/orgueil82.jvillain.fr\/wp-content\/uploads\/C\u00e9r\u00e9monies_MaM\/fet2016\/DSC03436-scaled.jpg 2560w\" sizes=\"auto, 250px\"\/ class=\"lws-optimize-lazyload\" data-src=\"https:\/\/orgueil82.jvillain.fr\/wp-content\/uploads\/C\u00e9r\u00e9monies_MaM\/fet2016\/DSC03436-300x225.jpg\"><\/a><div class=\"sgb-item-caption\"><em>Madame le Maire salue le porte-drapeau<\/em><\/div><\/div><\/div><\/noscript><\/div><script type=\"application\/json\" class=\"sgb-data\">{\"collectionThumbRecomendedWidth\":150,\"captionHAlign\":\"bottom\",\"collectionthumbHoverTitleFontSize\":12,\"collectionThumbSubMenuDownload\":false,\"sliderMaxHeight\":480,\"sliderAdminWidth\":1120,\"galleryType\":\"pgc_sgb_slider\",\"galleryId\":\"fb377470\",\"images\":[{\"id\":2713,\"title\":\"DSC03429\",\"url\":\"https:\/\/orgueil82.jvillain.fr\/wp-content\/uploads\/C\u00e9r\u00e9monies_MaM\/fet2016\/DSC03429-scaled.jpg\",\"link\":\"https:\/\/orgueil82.jvillain.fr\/?attachment_id=2713\",\"alt\":\"\",\"description\":\"\",\"caption\":\"Madame le maire s'adresse aux personnes pr\u00e9sentes                         \",\"mime\":\"image\/jpeg\",\"type\":\"image\",\"width\":2560,\"height\":1920,\"sizes\":{\"thumbnail\":{\"height\":150,\"width\":150,\"url\":\"https:\/\/orgueil82.jvillain.fr\/wp-content\/uploads\/C\u00e9r\u00e9monies_MaM\/fet2016\/DSC03429-150x150.jpg\",\"orientation\":\"landscape\"},\"medium\":{\"height\":225,\"width\":300,\"url\":\"https:\/\/orgueil82.jvillain.fr\/wp-content\/uploads\/C\u00e9r\u00e9monies_MaM\/fet2016\/DSC03429-300x225.jpg\",\"orientation\":\"landscape\"},\"large\":{\"height\":1536,\"width\":2048,\"url\":\"https:\/\/orgueil82.jvillain.fr\/wp-content\/uploads\/C\u00e9r\u00e9monies_MaM\/fet2016\/DSC03429-2048x1536.jpg\",\"orientation\":\"landscape\"},\"full\":{\"url\":\"https:\/\/orgueil82.jvillain.fr\/wp-content\/uploads\/C\u00e9r\u00e9monies_MaM\/fet2016\/DSC03429-scaled.jpg\",\"height\":1920,\"width\":2560,\"orientation\":\"landscape\"}},\"imageMeta\":{\"aperture\":\"8\",\"credit\":\"\",\"camera\":\"DSC-HX5V\",\"caption\":\"\",\"created_timestamp\":\"1474194745\",\"copyright\":\"\",\"focal_length\":\"4.25\",\"iso\":\"125\",\"shutter_speed\":\"0.005\",\"title\":\"\",\"orientation\":\"1\",\"keywords\":[]},\"meta\":false,\"postlink\":\"https:\/\/orgueil82.jvillain.fr\/?attachment_id=2713\"},{\"id\":2714,\"title\":\"DSC03430\",\"url\":\"https:\/\/orgueil82.jvillain.fr\/wp-content\/uploads\/C\u00e9r\u00e9monies_MaM\/fet2016\/DSC03430-scaled.jpg\",\"link\":\"https:\/\/orgueil82.jvillain.fr\/?attachment_id=2714\",\"alt\":\"\",\"description\":\"\",\"caption\":\" \",\"mime\":\"image\/jpeg\",\"type\":\"image\",\"width\":1920,\"height\":2560,\"sizes\":{\"thumbnail\":{\"height\":150,\"width\":150,\"url\":\"https:\/\/orgueil82.jvillain.fr\/wp-content\/uploads\/C\u00e9r\u00e9monies_MaM\/fet2016\/DSC03430-150x150.jpg\",\"orientation\":\"landscape\"},\"medium\":{\"height\":300,\"width\":225,\"url\":\"https:\/\/orgueil82.jvillain.fr\/wp-content\/uploads\/C\u00e9r\u00e9monies_MaM\/fet2016\/DSC03430-225x300.jpg\",\"orientation\":\"portrait\"},\"large\":{\"height\":2048,\"width\":1536,\"url\":\"https:\/\/orgueil82.jvillain.fr\/wp-content\/uploads\/C\u00e9r\u00e9monies_MaM\/fet2016\/DSC03430-1536x2048.jpg\",\"orientation\":\"portrait\"},\"full\":{\"url\":\"https:\/\/orgueil82.jvillain.fr\/wp-content\/uploads\/C\u00e9r\u00e9monies_MaM\/fet2016\/DSC03430-scaled.jpg\",\"height\":2560,\"width\":1920,\"orientation\":\"portrait\"}},\"imageMeta\":{\"aperture\":\"10\",\"credit\":\"\",\"camera\":\"DSC-HX5V\",\"caption\":\"\",\"created_timestamp\":\"1474194756\",\"copyright\":\"\",\"focal_length\":\"10.09\",\"iso\":\"200\",\"shutter_speed\":\"0.00625\",\"title\":\"\",\"orientation\":1,\"keywords\":[]},\"meta\":false,\"postlink\":\"https:\/\/orgueil82.jvillain.fr\/?attachment_id=2714\"},{\"id\":2715,\"title\":\"DSC03433\",\"url\":\"https:\/\/orgueil82.jvillain.fr\/wp-content\/uploads\/C\u00e9r\u00e9monies_MaM\/fet2016\/DSC03433-scaled.jpg\",\"link\":\"https:\/\/orgueil82.jvillain.fr\/?attachment_id=2715\",\"alt\":\"\",\"description\":\"\",\"caption\":\"Pose d'une gerbe avec le pr\u00e9sident du comit\u00e9 des f\u00eates \",\"mime\":\"image\/jpeg\",\"type\":\"image\",\"width\":2560,\"height\":1920,\"sizes\":{\"thumbnail\":{\"height\":150,\"width\":150,\"url\":\"https:\/\/orgueil82.jvillain.fr\/wp-content\/uploads\/C\u00e9r\u00e9monies_MaM\/fet2016\/DSC03433-150x150.jpg\",\"orientation\":\"landscape\"},\"medium\":{\"height\":225,\"width\":300,\"url\":\"https:\/\/orgueil82.jvillain.fr\/wp-content\/uploads\/C\u00e9r\u00e9monies_MaM\/fet2016\/DSC03433-300x225.jpg\",\"orientation\":\"landscape\"},\"large\":{\"height\":1536,\"width\":2048,\"url\":\"https:\/\/orgueil82.jvillain.fr\/wp-content\/uploads\/C\u00e9r\u00e9monies_MaM\/fet2016\/DSC03433-2048x1536.jpg\",\"orientation\":\"landscape\"},\"full\":{\"url\":\"https:\/\/orgueil82.jvillain.fr\/wp-content\/uploads\/C\u00e9r\u00e9monies_MaM\/fet2016\/DSC03433-scaled.jpg\",\"height\":1920,\"width\":2560,\"orientation\":\"landscape\"}},\"imageMeta\":{\"aperture\":\"5\",\"credit\":\"\",\"camera\":\"DSC-HX5V\",\"caption\":\"\",\"created_timestamp\":\"1474194869\",\"copyright\":\"\",\"focal_length\":\"23.3\",\"iso\":\"125\",\"shutter_speed\":\"0.004\",\"title\":\"\",\"orientation\":\"1\",\"keywords\":[]},\"meta\":false,\"postlink\":\"https:\/\/orgueil82.jvillain.fr\/?attachment_id=2715\"},{\"id\":2716,\"title\":\"DSC03434\",\"url\":\"https:\/\/orgueil82.jvillain.fr\/wp-content\/uploads\/C\u00e9r\u00e9monies_MaM\/fet2016\/DSC03434-scaled.jpg\",\"link\":\"https:\/\/orgueil82.jvillain.fr\/?attachment_id=2716\",\"alt\":\"\",\"description\":\"\",\"caption\":\"Pose de la gerbe            \",\"mime\":\"image\/jpeg\",\"type\":\"image\",\"width\":2560,\"height\":1920,\"sizes\":{\"thumbnail\":{\"height\":150,\"width\":150,\"url\":\"https:\/\/orgueil82.jvillain.fr\/wp-content\/uploads\/C\u00e9r\u00e9monies_MaM\/fet2016\/DSC03434-150x150.jpg\",\"orientation\":\"landscape\"},\"medium\":{\"height\":225,\"width\":300,\"url\":\"https:\/\/orgueil82.jvillain.fr\/wp-content\/uploads\/C\u00e9r\u00e9monies_MaM\/fet2016\/DSC03434-300x225.jpg\",\"orientation\":\"landscape\"},\"large\":{\"height\":1536,\"width\":2048,\"url\":\"https:\/\/orgueil82.jvillain.fr\/wp-content\/uploads\/C\u00e9r\u00e9monies_MaM\/fet2016\/DSC03434-2048x1536.jpg\",\"orientation\":\"landscape\"},\"full\":{\"url\":\"https:\/\/orgueil82.jvillain.fr\/wp-content\/uploads\/C\u00e9r\u00e9monies_MaM\/fet2016\/DSC03434-scaled.jpg\",\"height\":1920,\"width\":2560,\"orientation\":\"landscape\"}},\"imageMeta\":{\"aperture\":\"5\",\"credit\":\"\",\"camera\":\"DSC-HX5V\",\"caption\":\"\",\"created_timestamp\":\"1474194875\",\"copyright\":\"\",\"focal_length\":\"23.3\",\"iso\":\"125\",\"shutter_speed\":\"0.003125\",\"title\":\"\",\"orientation\":\"1\",\"keywords\":[]},\"meta\":false,\"postlink\":\"https:\/\/orgueil82.jvillain.fr\/?attachment_id=2716\"},{\"id\":2717,\"title\":\"DSC03435\",\"url\":\"https:\/\/orgueil82.jvillain.fr\/wp-content\/uploads\/C\u00e9r\u00e9monies_MaM\/fet2016\/DSC03435-scaled.jpg\",\"link\":\"https:\/\/orgueil82.jvillain.fr\/?attachment_id=2717\",\"alt\":\"\",\"description\":\"\",\"caption\":\"Recueillement, sonnerie Aux morts   \",\"mime\":\"image\/jpeg\",\"type\":\"image\",\"width\":2560,\"height\":1920,\"sizes\":{\"thumbnail\":{\"height\":150,\"width\":150,\"url\":\"https:\/\/orgueil82.jvillain.fr\/wp-content\/uploads\/C\u00e9r\u00e9monies_MaM\/fet2016\/DSC03435-150x150.jpg\",\"orientation\":\"landscape\"},\"medium\":{\"height\":225,\"width\":300,\"url\":\"https:\/\/orgueil82.jvillain.fr\/wp-content\/uploads\/C\u00e9r\u00e9monies_MaM\/fet2016\/DSC03435-300x225.jpg\",\"orientation\":\"landscape\"},\"large\":{\"height\":1536,\"width\":2048,\"url\":\"https:\/\/orgueil82.jvillain.fr\/wp-content\/uploads\/C\u00e9r\u00e9monies_MaM\/fet2016\/DSC03435-2048x1536.jpg\",\"orientation\":\"landscape\"},\"full\":{\"url\":\"https:\/\/orgueil82.jvillain.fr\/wp-content\/uploads\/C\u00e9r\u00e9monies_MaM\/fet2016\/DSC03435-scaled.jpg\",\"height\":1920,\"width\":2560,\"orientation\":\"landscape\"}},\"imageMeta\":{\"aperture\":\"10\",\"credit\":\"\",\"camera\":\"DSC-HX5V\",\"caption\":\"\",\"created_timestamp\":\"1474194895\",\"copyright\":\"\",\"focal_length\":\"7.91\",\"iso\":\"125\",\"shutter_speed\":\"0.00625\",\"title\":\"\",\"orientation\":\"1\",\"keywords\":[]},\"meta\":false,\"postlink\":\"https:\/\/orgueil82.jvillain.fr\/?attachment_id=2717\"},{\"id\":2718,\"title\":\"DSC03436\",\"url\":\"https:\/\/orgueil82.jvillain.fr\/wp-content\/uploads\/C\u00e9r\u00e9monies_MaM\/fet2016\/DSC03436-scaled.jpg\",\"link\":\"https:\/\/orgueil82.jvillain.fr\/?attachment_id=2718\",\"alt\":\"\",\"description\":\"\",\"caption\":\"Madame le Maire salue le porte-drapeau\",\"mime\":\"image\/jpeg\",\"type\":\"image\",\"width\":2560,\"height\":1920,\"sizes\":{\"thumbnail\":{\"height\":150,\"width\":150,\"url\":\"https:\/\/orgueil82.jvillain.fr\/wp-content\/uploads\/C\u00e9r\u00e9monies_MaM\/fet2016\/DSC03436-150x150.jpg\",\"orientation\":\"landscape\"},\"medium\":{\"height\":225,\"width\":300,\"url\":\"https:\/\/orgueil82.jvillain.fr\/wp-content\/uploads\/C\u00e9r\u00e9monies_MaM\/fet2016\/DSC03436-300x225.jpg\",\"orientation\":\"landscape\"},\"large\":{\"height\":1536,\"width\":2048,\"url\":\"https:\/\/orgueil82.jvillain.fr\/wp-content\/uploads\/C\u00e9r\u00e9monies_MaM\/fet2016\/DSC03436-2048x1536.jpg\",\"orientation\":\"landscape\"},\"full\":{\"url\":\"https:\/\/orgueil82.jvillain.fr\/wp-content\/uploads\/C\u00e9r\u00e9monies_MaM\/fet2016\/DSC03436-scaled.jpg\",\"height\":1920,\"width\":2560,\"orientation\":\"landscape\"}},\"imageMeta\":{\"aperture\":\"9\",\"credit\":\"\",\"camera\":\"DSC-HX5V\",\"caption\":\"\",\"created_timestamp\":\"1474195070\",\"copyright\":\"\",\"focal_length\":\"7.24\",\"iso\":\"125\",\"shutter_speed\":\"0.00625\",\"title\":\"\",\"orientation\":\"1\",\"keywords\":[]},\"meta\":false,\"postlink\":\"https:\/\/orgueil82.jvillain.fr\/?attachment_id=2718\"}],\"sliderItemTitleFontSize\":24,\"sliderSlideshowAutoStart\":true,\"sliderSlideshowDelay\":6,\"itemsMetaDataCollection\":[]}<\/script><script>(function(){if(window.PGC_SGB && window.PGC_SGB.searcher){window.PGC_SGB.searcher.initBlocks()}})()<\/script><\/div>\n\n\n<figure class=\"wp-block-embed is-type-video is-provider-youtube wp-block-embed-youtube wp-embed-aspect-16-9 wp-has-aspect-ratio\"><div class=\"wp-block-embed__wrapper\">\n<iframe title=\"18\/09\/2016 - F\u00eate du village Orgueil (82) - &quot;Aux morts&quot;\" width=\"1200\" height=\"675\"  frameborder=\"0\" allow=\"accelerometer; autoplay; clipboard-write; encrypted-media; gyroscope; picture-in-picture; web-share\" referrerpolicy=\"strict-origin-when-cross-origin\" allowfullscreen class=\"lws-optimize-lazyload\" data-src=\"https:\/\/www.youtube.com\/embed\/T8lJzNodAow?feature=oembed\"><\/iframe>\n<\/div><\/figure>\n\n\n\n<figure class=\"wp-block-embed is-type-video is-provider-youtube wp-block-embed-youtube wp-embed-aspect-16-9 wp-has-aspect-ratio\"><div class=\"wp-block-embed__wrapper\">\n<iframe title=\"18\/09\/2016 - La Marseillaise - F\u00eate du village - Orgueil 82\" width=\"1200\" height=\"675\"  frameborder=\"0\" allow=\"accelerometer; autoplay; clipboard-write; encrypted-media; gyroscope; picture-in-picture; web-share\" referrerpolicy=\"strict-origin-when-cross-origin\" allowfullscreen class=\"lws-optimize-lazyload\" data-src=\"https:\/\/www.youtube.com\/embed\/5x1Agk5BJUY?feature=oembed\"><\/iframe>\n<\/div><\/figure>\n\n\n\n<p><a href=\"#hautpage\">Retour en haut de la page<\/a><\/p>\n\n\n\n<hr class=\"wp-block-separator has-alpha-channel-opacity\"\/>\n\n\n\n<h2 class=\"wp-block-heading has-global-color-14-color has-text-color has-link-color wp-elements-05178bed8e4a084a1e7a529ce764d131\" id=\"08mai2016\" style=\"font-style:normal;font-weight:600\">Comm\u00e9moration du 8 mai &#8211; Dimanche 8 mai 2016<\/h2>\n\n\n\n<p>La traditionnelle c\u00e9r\u00e9monie de comm\u00e9moration du 8 mai s&rsquo;est d\u00e9roul\u00e9e le dimanche 8 mai 2016 \u00e0 11h00 devant le monument aux morts du village.<\/p>\n\n\n\n<p>La municipalit\u00e9 avait envoy\u00e9 une invitation aux anciens combattants de tous les conflits, aux associations, et la population avait \u00e9t\u00e9 invit\u00e9e via le site internet du village et la presse et un mot avait \u00e9t\u00e9 distribu\u00e9 dans les sacs des enfants de l&rsquo;\u00e9cole.<br>Il n&rsquo;y avait pas une grande foule mais nous \u00e9tions plus nombreux que l&rsquo;an dernier o\u00f9 seulement 24 personnes s&rsquo;\u00e9taient d\u00e9plac\u00e9es. Un tout petit peu plus de 50 personnes aujourd&rsquo;hui, dont quelques enfants. Merci \u00e0 tous ceux qui sont venus se souvenir et n&rsquo;oublions pas ceux qui se sont excus\u00e9s car pris par d&rsquo;autres obligations.<\/p>\n\n\n<div class=\"wp-block-image\">\n<figure class=\"aligncenter size-full is-resized\"><a href=\"https:\/\/orgueil82.jvillain.fr\/?attachment_id=2130\"><img width=\"684\" height=\"912\"  alt=\"\" class=\"wp-image-2130 lws-optimize-lazyload\" style=\"width:282px;height:auto\"\/ data-src=\"https:\/\/orgueil82.jvillain.fr\/wp-content\/uploads\/C\u00e9r\u00e9monies_MaM\/05mai2016\/foule1.jpg\" srcset=\"https:\/\/orgueil82.jvillain.fr\/wp-content\/uploads\/C\u00e9r\u00e9monies_MaM\/05mai2016\/foule1.jpg 684w, https:\/\/orgueil82.jvillain.fr\/wp-content\/uploads\/C\u00e9r\u00e9monies_MaM\/05mai2016\/foule1-225x300.jpg 225w\" sizes=\"(max-width: 684px) 100vw, 684px\" \/><\/a><\/figure>\n<\/div>\n\n\n<p>La c\u00e9r\u00e9monie s&rsquo;est d\u00e9roul\u00e9e en pr\u00e9sence de madame le Maire et d&rsquo;une grande partie des \u00e9lus municipaux, sous un beau soleil mais avec grand vent. Notre porte-drapeau Marcel Carr\u00e8re \u00e9tait bien entendu pr\u00e9sent et il a bataill\u00e9 ferme pour tenir le drapeau.<\/p>\n\n\n<div class=\"wp-block-image\">\n<figure class=\"aligncenter size-full is-resized\"><a href=\"https:\/\/orgueil82.jvillain.fr\/wp-content\/uploads\/C\u00e9r\u00e9monies_MaM\/05mai2016\/portedrapeau.jpg\"><img width=\"912\" height=\"684\"  alt=\"\" class=\"wp-image-2132 lws-optimize-lazyload\" style=\"width:308px;height:auto\"\/ data-src=\"https:\/\/orgueil82.jvillain.fr\/wp-content\/uploads\/C\u00e9r\u00e9monies_MaM\/05mai2016\/portedrapeau.jpg\" srcset=\"https:\/\/orgueil82.jvillain.fr\/wp-content\/uploads\/C\u00e9r\u00e9monies_MaM\/05mai2016\/portedrapeau.jpg 912w, https:\/\/orgueil82.jvillain.fr\/wp-content\/uploads\/C\u00e9r\u00e9monies_MaM\/05mai2016\/portedrapeau-300x225.jpg 300w, https:\/\/orgueil82.jvillain.fr\/wp-content\/uploads\/C\u00e9r\u00e9monies_MaM\/05mai2016\/portedrapeau-768x576.jpg 768w\" sizes=\"(max-width: 912px) 100vw, 912px\" \/><\/a><\/figure>\n<\/div>\n\n\n<p>Madame le Maire prit d&rsquo;abord la parole pour rappeler qu&rsquo;il faut garder le souvenir des guerres pour \u00e9viter que les m\u00eames causes produisent les m\u00eames effets et que la paix est toujours fragile.<\/p>\n\n\n<div class=\"wp-block-image\">\n<figure class=\"aligncenter size-full is-resized\"><a href=\"https:\/\/orgueil82.jvillain.fr\/wp-content\/uploads\/C\u00e9r\u00e9monies_MaM\/05mai2016\/discours0.jpg\"><img width=\"912\" height=\"684\"  alt=\"\" class=\"wp-image-2131 lws-optimize-lazyload\" style=\"width:364px;height:auto\"\/ data-src=\"https:\/\/orgueil82.jvillain.fr\/wp-content\/uploads\/C\u00e9r\u00e9monies_MaM\/05mai2016\/discours0.jpg\" srcset=\"https:\/\/orgueil82.jvillain.fr\/wp-content\/uploads\/C\u00e9r\u00e9monies_MaM\/05mai2016\/discours0.jpg 912w, https:\/\/orgueil82.jvillain.fr\/wp-content\/uploads\/C\u00e9r\u00e9monies_MaM\/05mai2016\/discours0-300x225.jpg 300w, https:\/\/orgueil82.jvillain.fr\/wp-content\/uploads\/C\u00e9r\u00e9monies_MaM\/05mai2016\/discours0-768x576.jpg 768w\" sizes=\"(max-width: 912px) 100vw, 912px\" \/><\/a><\/figure>\n<\/div>\n\n\n<p>Madame le Maire fit ensuite la lecture du message du Secr\u00e9taire d\u2019\u00c9tat aupr\u00e8s du Ministre de la D\u00e9fense charg\u00e9 des Anciens Combattants et de la M\u00e9moire, monsieur Jean-Marc TODESCHINI.<\/p>\n\n\n<div class=\"wp-block-image\">\n<figure class=\"aligncenter size-full is-resized\"><a href=\"https:\/\/orgueil82.jvillain.fr\/wp-content\/uploads\/C\u00e9r\u00e9monies_MaM\/05mai2016\/discours.jpg\"><img width=\"684\" height=\"912\"  alt=\"\" class=\"wp-image-2134 lws-optimize-lazyload\" style=\"width:224px;height:auto\"\/ data-src=\"https:\/\/orgueil82.jvillain.fr\/wp-content\/uploads\/C\u00e9r\u00e9monies_MaM\/05mai2016\/discours.jpg\" srcset=\"https:\/\/orgueil82.jvillain.fr\/wp-content\/uploads\/C\u00e9r\u00e9monies_MaM\/05mai2016\/discours.jpg 684w, https:\/\/orgueil82.jvillain.fr\/wp-content\/uploads\/C\u00e9r\u00e9monies_MaM\/05mai2016\/discours-225x300.jpg 225w\" sizes=\"(max-width: 684px) 100vw, 684px\" \/><\/a><\/figure>\n<\/div>\n\n\n<p>Puis madame le Maire et son premier adjoint d\u00e9pos\u00e8rent une gerbe au pied du monument aux morts.<\/p>\n\n\n<div class=\"wp-block-image\">\n<figure class=\"aligncenter size-full is-resized\"><a href=\"https:\/\/orgueil82.jvillain.fr\/wp-content\/uploads\/C\u00e9r\u00e9monies_MaM\/05mai2016\/gerbe1.jpg\"><img width=\"912\" height=\"684\"  alt=\"\" class=\"wp-image-2133 lws-optimize-lazyload\" style=\"width:284px;height:auto\"\/ data-src=\"https:\/\/orgueil82.jvillain.fr\/wp-content\/uploads\/C\u00e9r\u00e9monies_MaM\/05mai2016\/gerbe1.jpg\" srcset=\"https:\/\/orgueil82.jvillain.fr\/wp-content\/uploads\/C\u00e9r\u00e9monies_MaM\/05mai2016\/gerbe1.jpg 912w, https:\/\/orgueil82.jvillain.fr\/wp-content\/uploads\/C\u00e9r\u00e9monies_MaM\/05mai2016\/gerbe1-300x225.jpg 300w, https:\/\/orgueil82.jvillain.fr\/wp-content\/uploads\/C\u00e9r\u00e9monies_MaM\/05mai2016\/gerbe1-768x576.jpg 768w\" sizes=\"(max-width: 912px) 100vw, 912px\" \/><\/a><\/figure>\n<\/div>\n\n\n<p>Et puis la sonnerie \u00ab\u00a0aux morts\u00a0\u00bb retentit suivi d&rsquo;une Marseillaise vibrante<\/p>\n\n\n\n<p>Vid\u00e9o de la sonnerie aux morts et de la marseillaise (mes excuses pour le bruit du vent) :<\/p>\n\n\n\n<figure class=\"wp-block-embed is-type-video is-provider-youtube wp-block-embed-youtube wp-embed-aspect-16-9 wp-has-aspect-ratio\"><div class=\"wp-block-embed__wrapper\">\n<iframe title=\"20160508111159\" width=\"1200\" height=\"675\"  frameborder=\"0\" allow=\"accelerometer; autoplay; clipboard-write; encrypted-media; gyroscope; picture-in-picture; web-share\" referrerpolicy=\"strict-origin-when-cross-origin\" allowfullscreen class=\"lws-optimize-lazyload\" data-src=\"https:\/\/www.youtube.com\/embed\/JvaU7ZK4zfw?feature=oembed\"><\/iframe>\n<\/div><\/figure>\n\n\n\n<p>Apr\u00e8s l&rsquo;hymne national et apr\u00e8s avoir salu\u00e9 et remerci\u00e9 le porte-drapeau, madame le Maire invita toutes les personnes pr\u00e9sentes \u00e0 venir partager le verre de l&rsquo;amiti\u00e9 \u00e0 Orgueil Caf\u00e9. Karine et Nicolas avaient pr\u00e9par\u00e9 un cocktail et ouvert leur caf\u00e9 exceptionnellement.<\/p>\n\n\n\n<p>Merci \u00e0 tous ceux qui sont venus assister \u00e0 cette c\u00e9r\u00e9monie, merci \u00e0 ceux qui ont organis\u00e9 la c\u00e9r\u00e9monie.<\/p>\n\n\n\n<p><a href=\"#hautpage\">Retour en haut de la page<\/a><\/p>\n\n\n\n<hr class=\"wp-block-separator has-alpha-channel-opacity\"\/>\n\n\n\n<h2 class=\"wp-block-heading has-global-color-14-color has-text-color has-link-color wp-elements-3de9d1fd2c2e83d8e50f36a92f5f58fb\" id=\"11nov2015\" style=\"font-style:normal;font-weight:600\">Comm\u00e9moration du 11 novembre &#8211; 11 novembre 2015<\/h2>\n\n\n\n<p>La municipalit\u00e9 avait organis\u00e9 ce jour 11 novembre 2015 la traditionnelle c\u00e9r\u00e9monie du souvenir devant le monument aux morts du village. Comme pour chaque 11 novembre, les enfants des \u00e9coles \u00e9taient pr\u00e9sents et ont chant\u00e9 la Marseillaise.<\/p>\n\n\n\n<p>Le temps \u00e9tait de saison avec un brouillard persistant mais nous \u00e9tions quand m\u00eame quelques citoyens pr\u00e9sents \u00e0 cette c\u00e9r\u00e9monie. Monsieur le maire, des conseillers municipaux, des ex-conseillers municipaux, des citoyens jeunes et des plus ag\u00e9s, &#8230; bref une bonne repr\u00e9sentation du village.<\/p>\n\n\n<div class=\"wp-block-image\">\n<figure class=\"aligncenter size-full is-resized\"><a href=\"https:\/\/orgueil82.jvillain.fr\/wp-content\/uploads\/C\u00e9r\u00e9monies_MaM\/11nov2015\/11nov2015a.jpg\"><img width=\"912\" height=\"684\"  alt=\"\" class=\"wp-image-2124 lws-optimize-lazyload\" style=\"width:337px;height:auto\"\/ data-src=\"https:\/\/orgueil82.jvillain.fr\/wp-content\/uploads\/C\u00e9r\u00e9monies_MaM\/11nov2015\/11nov2015a.jpg\" srcset=\"https:\/\/orgueil82.jvillain.fr\/wp-content\/uploads\/C\u00e9r\u00e9monies_MaM\/11nov2015\/11nov2015a.jpg 912w, https:\/\/orgueil82.jvillain.fr\/wp-content\/uploads\/C\u00e9r\u00e9monies_MaM\/11nov2015\/11nov2015a-300x225.jpg 300w, https:\/\/orgueil82.jvillain.fr\/wp-content\/uploads\/C\u00e9r\u00e9monies_MaM\/11nov2015\/11nov2015a-768x576.jpg 768w\" sizes=\"(max-width: 912px) 100vw, 912px\" \/><\/a><figcaption class=\"wp-element-caption\">La mise en place<\/figcaption><\/figure>\n<\/div>\n\n\n<p>Pour commencer la c\u00e9r\u00e9monie, Monsieur le Maire lit le discours du secr\u00e9taire d\u2019Etat charg\u00e9 des anciens combattants et de la m\u00e9moire.<\/p>\n\n\n<div class=\"wp-block-image\">\n<figure class=\"aligncenter size-full is-resized\"><a href=\"https:\/\/orgueil82.jvillain.fr\/wp-content\/uploads\/C\u00e9r\u00e9monies_MaM\/11nov2015\/11nov2015b.jpg\"><img width=\"912\" height=\"684\"  alt=\"\" class=\"wp-image-2128 lws-optimize-lazyload\" style=\"width:380px;height:auto\"\/ data-src=\"https:\/\/orgueil82.jvillain.fr\/wp-content\/uploads\/C\u00e9r\u00e9monies_MaM\/11nov2015\/11nov2015b.jpg\" srcset=\"https:\/\/orgueil82.jvillain.fr\/wp-content\/uploads\/C\u00e9r\u00e9monies_MaM\/11nov2015\/11nov2015b.jpg 912w, https:\/\/orgueil82.jvillain.fr\/wp-content\/uploads\/C\u00e9r\u00e9monies_MaM\/11nov2015\/11nov2015b-300x225.jpg 300w, https:\/\/orgueil82.jvillain.fr\/wp-content\/uploads\/C\u00e9r\u00e9monies_MaM\/11nov2015\/11nov2015b-768x576.jpg 768w\" sizes=\"(max-width: 912px) 100vw, 912px\" \/><\/a><figcaption class=\"wp-element-caption\"><em>Lecture du message secr\u00e9taire d\u2019Etat charg\u00e9 des anciens combattants et de la m\u00e9moire<\/em><\/figcaption><\/figure>\n<\/div>\n\n\n<p>Apr\u00e8s la lecture du message du secr\u00e9taire d&rsquo;Etat, monsieur le maire et monsieur Fernand Gongora ont d\u00e9pos\u00e9 une gerbe au pied du monument aux morts, puis monsieur le Maire a fait l&rsquo;appel des soldats inscrits sur le monument du village.<\/p>\n\n\n\n<figure class=\"wp-block-gallery aligncenter has-nested-images columns-default wp-block-gallery-73 is-layout-flex wp-block-gallery-is-layout-flex\">\n<figure class=\"wp-block-image size-full\"><a href=\"https:\/\/orgueil82.jvillain.fr\/wp-content\/uploads\/C\u00e9r\u00e9monies_MaM\/11nov2015\/11nov2015c.jpg\"><img width=\"912\" height=\"684\" data-id=\"2126\"  alt=\"\" class=\"wp-image-2126 lws-optimize-lazyload\"\/ data-src=\"https:\/\/orgueil82.jvillain.fr\/wp-content\/uploads\/C\u00e9r\u00e9monies_MaM\/11nov2015\/11nov2015c.jpg\" srcset=\"https:\/\/orgueil82.jvillain.fr\/wp-content\/uploads\/C\u00e9r\u00e9monies_MaM\/11nov2015\/11nov2015c.jpg 912w, https:\/\/orgueil82.jvillain.fr\/wp-content\/uploads\/C\u00e9r\u00e9monies_MaM\/11nov2015\/11nov2015c-300x225.jpg 300w, https:\/\/orgueil82.jvillain.fr\/wp-content\/uploads\/C\u00e9r\u00e9monies_MaM\/11nov2015\/11nov2015c-768x576.jpg 768w\" sizes=\"(max-width: 912px) 100vw, 912px\" \/><\/a><figcaption class=\"wp-element-caption\">D\u00e9p\u00f4t de la gerbe<\/figcaption><\/figure>\n\n\n\n<figure class=\"wp-block-image size-full\"><a href=\"https:\/\/orgueil82.jvillain.fr\/wp-content\/uploads\/C\u00e9r\u00e9monies_MaM\/11nov2015\/11nov2015d.jpg\"><img width=\"912\" height=\"684\" data-id=\"2127\"  alt=\"\" class=\"wp-image-2127 lws-optimize-lazyload\"\/ data-src=\"https:\/\/orgueil82.jvillain.fr\/wp-content\/uploads\/C\u00e9r\u00e9monies_MaM\/11nov2015\/11nov2015d.jpg\" srcset=\"https:\/\/orgueil82.jvillain.fr\/wp-content\/uploads\/C\u00e9r\u00e9monies_MaM\/11nov2015\/11nov2015d.jpg 912w, https:\/\/orgueil82.jvillain.fr\/wp-content\/uploads\/C\u00e9r\u00e9monies_MaM\/11nov2015\/11nov2015d-300x225.jpg 300w, https:\/\/orgueil82.jvillain.fr\/wp-content\/uploads\/C\u00e9r\u00e9monies_MaM\/11nov2015\/11nov2015d-768x576.jpg 768w\" sizes=\"(max-width: 912px) 100vw, 912px\" \/><\/a><figcaption class=\"wp-element-caption\">Appel des soldats morts pour la France inscrits sur le monument du village<\/figcaption><\/figure>\n<\/figure>\n\n\n\n<p>Apr\u00e8s l&rsquo;appel des enfants d&rsquo;Orgueil morts pour la France (lecture des noms grav\u00e9s sur le monument aux morts), les enfants de l&rsquo;\u00e9cole d&rsquo;Orgueil ont chant\u00e9 La Marseillaise<\/p>\n\n\n\n<figure class=\"wp-block-embed is-type-video is-provider-youtube wp-block-embed-youtube wp-embed-aspect-16-9 wp-has-aspect-ratio\"><div class=\"wp-block-embed__wrapper\">\n<iframe title=\"11-novembre-2015 - Orgueil 82 - Marseillaise\" width=\"1200\" height=\"675\"  frameborder=\"0\" allow=\"accelerometer; autoplay; clipboard-write; encrypted-media; gyroscope; picture-in-picture; web-share\" referrerpolicy=\"strict-origin-when-cross-origin\" allowfullscreen class=\"lws-optimize-lazyload\" data-src=\"https:\/\/www.youtube.com\/embed\/jiB6YYXhA8Q?feature=oembed\"><\/iframe>\n<\/div><\/figure>\n\n\n\n<div style=\"height:20px\" aria-hidden=\"true\" class=\"wp-block-spacer\"><\/div>\n\n\n<div class=\"wp-block-image\">\n<figure class=\"aligncenter size-full is-resized\"><a href=\"https:\/\/orgueil82.jvillain.fr\/wp-content\/uploads\/C\u00e9r\u00e9monies_MaM\/11nov2015\/11nov2015e.jpg\"><img width=\"912\" height=\"684\"  alt=\"\" class=\"wp-image-2125 lws-optimize-lazyload\" style=\"width:372px;height:auto\"\/ data-src=\"https:\/\/orgueil82.jvillain.fr\/wp-content\/uploads\/C\u00e9r\u00e9monies_MaM\/11nov2015\/11nov2015e.jpg\" srcset=\"https:\/\/orgueil82.jvillain.fr\/wp-content\/uploads\/C\u00e9r\u00e9monies_MaM\/11nov2015\/11nov2015e.jpg 912w, https:\/\/orgueil82.jvillain.fr\/wp-content\/uploads\/C\u00e9r\u00e9monies_MaM\/11nov2015\/11nov2015e-300x225.jpg 300w, https:\/\/orgueil82.jvillain.fr\/wp-content\/uploads\/C\u00e9r\u00e9monies_MaM\/11nov2015\/11nov2015e-768x576.jpg 768w\" sizes=\"(max-width: 912px) 100vw, 912px\" \/><\/a><figcaption class=\"wp-element-caption\">Monsieur le maire et Monsieur Fernand Gongora salue Marcel Carrere porte-drapeau d&rsquo;Orgueil<\/figcaption><\/figure>\n<\/div>\n\n\n<p>Puis Monsieur le maire a cl\u00f4tur\u00e9 la c\u00e9r\u00e9monie en remerciant les enfants, les enseignantes, et l&rsquo;ensemble des gens pr\u00e9sents et bien sur il a invit\u00e9 tout le monde \u00e0 un verre de l&rsquo;amiti\u00e9 au caf\u00e9 du village.<\/p>\n\n\n\n<p><a href=\"#hautpage\">Retour en haut de la page<\/a><\/p>\n\n\n\n<hr class=\"wp-block-separator has-alpha-channel-opacity\"\/>\n\n\n\n<h2 class=\"wp-block-heading has-global-color-14-color has-text-color has-link-color wp-elements-ab0fd69e3e26b4763124e08de6dcbc08\" id=\"08mai2015\" style=\"font-style:normal;font-weight:600\">Comm\u00e9moration du 8 mai &#8211; 8 mai 2015<\/h2>\n\n\n\n<p>La c\u00e9r\u00e9monie comm\u00e9morative du 8 mai 1945 s&rsquo;est d\u00e9roul\u00e9e devant le monument aux morts du village le 8 mai 2015 \u00e0 18h00.<br>Nous n&rsquo;\u00e9tions que 24 !! Pourtant il faisait beau. Peut \u00eatre un manque de communication et d&rsquo;annonces car, si les \u00e9lus municipaux avaient re\u00e7u une invitation pour la c\u00e9r\u00e9monie, il ne devait pas y avoir eu beaucoup d&rsquo;autres invitations lanc\u00e9es. Comme l&rsquo;a dit Monsieur le maire : quand on fait la c\u00e9r\u00e9monie apr\u00e8s une messe on a un peu plus de monde &#8230;.<\/p>\n\n\n\n<p>Mais l&rsquo;essentiel est que quelques citoyens se soient rassembl\u00e9s pour se rappeler qu&rsquo;il y a 70 ans se finissait un conflit qui a pris beaucoup de vies humaines et pendant lequel des crimes impensables ont \u00e9t\u00e9 commis.<\/p>\n\n\n\n<p>Le porte drapeau du village \u00e9tait pr\u00e9sent et le drapeau des anciens combattants du village flottait dans le vent. Monsieur le maire a prononc\u00e9 un petit discours dans lequel il a rappel\u00e9 les souvenirs de l&rsquo;enfant qu&rsquo;il \u00e9tait alors que le village \u00e9tait occup\u00e9 par des membres de la SS. Apr\u00e8s une minute de silence suivie de la marseillaise le message du secr\u00e9taire d&rsquo;\u00e9tat aux anciens combattants a \u00e9t\u00e9 lu. Les personnes pr\u00e9sentes \u00e9taient ensuite convi\u00e9es \u00e0 un verre de l&rsquo;amiti\u00e9 dans la salle des mariages.<\/p>\n\n\n<div class=\"pgc-sgb-cb wp-block-pgcsimplygalleryblock-slider \" data-gallery-id=\"98778114\"style=&quot;min-height:520px&quot;><div class=\"sgb-preloader\" id=\"pr_98778114\">\n\t<div class=\"sgb-square\" style=\"background:#d4d4d4\"><\/div>\n\t<div class=\"sgb-square\" style=\"background:#d4d4d4\"><\/div>\n\t<div class=\"sgb-square\" style=\"background:#d4d4d4\"><\/div>\n\t<div class=\"sgb-square\" style=\"background:#d4d4d4\"><\/div><\/div><div class=\"simply-gallery-amp pgc_sgb_slider \"><noscript><div class=\"sgb-gallery\"><div class=\"sgb-item\"><a href=\"https:\/\/orgueil82.jvillain.fr\/?attachment_id=2122\" target=\"_blank\"><img alt=\"\" width=\"300\" height=\"225\" loading=\"lazy\"  srcset=\"https:\/\/orgueil82.jvillain.fr\/wp-content\/uploads\/C\u00e9r\u00e9monies_MaM\/08mai2015\/8mao2015a-300x225.jpg 300w,https:\/\/orgueil82.jvillain.fr\/wp-content\/uploads\/C\u00e9r\u00e9monies_MaM\/08mai2015\/8mao2015a.jpg 729w\" sizes=\"auto, 250px\"\/ class=\"lws-optimize-lazyload\" data-src=\"https:\/\/orgueil82.jvillain.fr\/wp-content\/uploads\/C\u00e9r\u00e9monies_MaM\/08mai2015\/8mao2015a-300x225.jpg\"><\/a><div class=\"sgb-item-caption\"><em>Conciliabule entre monsieur le maire et le porte drapeau<\/em><\/div><\/div><div class=\"sgb-item\"><a href=\"https:\/\/orgueil82.jvillain.fr\/?attachment_id=2117\" target=\"_blank\"><img alt=\"\" width=\"300\" height=\"225\" loading=\"lazy\"  srcset=\"https:\/\/orgueil82.jvillain.fr\/wp-content\/uploads\/C\u00e9r\u00e9monies_MaM\/08mai2015\/8mao2015f-300x225.jpg 300w,https:\/\/orgueil82.jvillain.fr\/wp-content\/uploads\/C\u00e9r\u00e9monies_MaM\/08mai2015\/8mao2015f.jpg 729w\" sizes=\"auto, 250px\"\/ class=\"lws-optimize-lazyload\" data-src=\"https:\/\/orgueil82.jvillain.fr\/wp-content\/uploads\/C\u00e9r\u00e9monies_MaM\/08mai2015\/8mao2015f-300x225.jpg\"><\/a><div class=\"sgb-item-caption\"><em>La c\u00e9r\u00e9monie va commencer<\/em><\/div><\/div><div class=\"sgb-item\"><a href=\"https:\/\/orgueil82.jvillain.fr\/?attachment_id=2118\" target=\"_blank\"><img alt=\"\" width=\"300\" height=\"225\" loading=\"lazy\"  srcset=\"https:\/\/orgueil82.jvillain.fr\/wp-content\/uploads\/C\u00e9r\u00e9monies_MaM\/08mai2015\/8mao2015b-300x225.jpg 300w,https:\/\/orgueil82.jvillain.fr\/wp-content\/uploads\/C\u00e9r\u00e9monies_MaM\/08mai2015\/8mao2015b.jpg 729w\" sizes=\"auto, 250px\"\/ class=\"lws-optimize-lazyload\" data-src=\"https:\/\/orgueil82.jvillain.fr\/wp-content\/uploads\/C\u00e9r\u00e9monies_MaM\/08mai2015\/8mao2015b-300x225.jpg\"><\/a><\/div><div class=\"sgb-item\"><a href=\"https:\/\/orgueil82.jvillain.fr\/?attachment_id=2121\" target=\"_blank\"><img alt=\"\" width=\"300\" height=\"225\" loading=\"lazy\"  srcset=\"https:\/\/orgueil82.jvillain.fr\/wp-content\/uploads\/C\u00e9r\u00e9monies_MaM\/08mai2015\/8mao2015c-300x225.jpg 300w,https:\/\/orgueil82.jvillain.fr\/wp-content\/uploads\/C\u00e9r\u00e9monies_MaM\/08mai2015\/8mao2015c.jpg 729w\" sizes=\"auto, 250px\"\/ class=\"lws-optimize-lazyload\" data-src=\"https:\/\/orgueil82.jvillain.fr\/wp-content\/uploads\/C\u00e9r\u00e9monies_MaM\/08mai2015\/8mao2015c-300x225.jpg\"><\/a><div class=\"sgb-item-caption\"><em>D\u00e9p\u00f4t de la gerbe<\/em><\/div><\/div><div class=\"sgb-item\"><a href=\"https:\/\/orgueil82.jvillain.fr\/?attachment_id=2119\" target=\"_blank\"><img alt=\"\" width=\"300\" height=\"225\" loading=\"lazy\"  srcset=\"https:\/\/orgueil82.jvillain.fr\/wp-content\/uploads\/C\u00e9r\u00e9monies_MaM\/08mai2015\/8mao2015d-300x225.jpg 300w,https:\/\/orgueil82.jvillain.fr\/wp-content\/uploads\/C\u00e9r\u00e9monies_MaM\/08mai2015\/8mao2015d.jpg 729w\" sizes=\"auto, 250px\"\/ class=\"lws-optimize-lazyload\" data-src=\"https:\/\/orgueil82.jvillain.fr\/wp-content\/uploads\/C\u00e9r\u00e9monies_MaM\/08mai2015\/8mao2015d-300x225.jpg\"><\/a><div class=\"sgb-item-caption\"><em>Une minute de silence  <\/em><\/div><\/div><div class=\"sgb-item\"><a href=\"https:\/\/orgueil82.jvillain.fr\/?attachment_id=2120\" target=\"_blank\"><img alt=\"\" width=\"300\" height=\"225\" loading=\"lazy\"  srcset=\"https:\/\/orgueil82.jvillain.fr\/wp-content\/uploads\/C\u00e9r\u00e9monies_MaM\/08mai2015\/8mao2015e-300x225.jpg 300w,https:\/\/orgueil82.jvillain.fr\/wp-content\/uploads\/C\u00e9r\u00e9monies_MaM\/08mai2015\/8mao2015e.jpg 729w\" sizes=\"auto, 250px\"\/ class=\"lws-optimize-lazyload\" data-src=\"https:\/\/orgueil82.jvillain.fr\/wp-content\/uploads\/C\u00e9r\u00e9monies_MaM\/08mai2015\/8mao2015e-300x225.jpg\"><\/a><div class=\"sgb-item-caption\"><em>lecture du message du Secr\u00e9taire d&rsquo;\u00e9tat aux anciens combattants.    <\/em><\/div><\/div><\/div><\/noscript><\/div><script type=\"application\/json\" class=\"sgb-data\">{\"collectionThumbRecomendedWidth\":150,\"externalLinkFontSize\":16,\"captionHAlign\":\"bottom\",\"collectionthumbHoverTitleFontSize\":14,\"collectionThumbSubMenuDownload\":false,\"sliderMaxHeight\":520,\"sliderAdminWidth\":1120,\"responsiveHeight\":true,\"galleryType\":\"pgc_sgb_slider\",\"galleryId\":\"98778114\",\"images\":[{\"id\":2122,\"title\":\"8mao2015a\",\"url\":\"https:\/\/orgueil82.jvillain.fr\/wp-content\/uploads\/C\u00e9r\u00e9monies_MaM\/08mai2015\/8mao2015a.jpg\",\"link\":\"https:\/\/orgueil82.jvillain.fr\/?attachment_id=2122\",\"alt\":\"\",\"description\":\"\",\"caption\":\"Conciliabule entre monsieur le maire et le porte drapeau\",\"mime\":\"image\/jpeg\",\"type\":\"image\",\"width\":729,\"height\":547,\"sizes\":{\"thumbnail\":{\"height\":150,\"width\":150,\"url\":\"https:\/\/orgueil82.jvillain.fr\/wp-content\/uploads\/C\u00e9r\u00e9monies_MaM\/08mai2015\/8mao2015a-150x150.jpg\",\"orientation\":\"landscape\"},\"medium\":{\"height\":225,\"width\":300,\"url\":\"https:\/\/orgueil82.jvillain.fr\/wp-content\/uploads\/C\u00e9r\u00e9monies_MaM\/08mai2015\/8mao2015a-300x225.jpg\",\"orientation\":\"landscape\"},\"full\":{\"url\":\"https:\/\/orgueil82.jvillain.fr\/wp-content\/uploads\/C\u00e9r\u00e9monies_MaM\/08mai2015\/8mao2015a.jpg\",\"height\":547,\"width\":729,\"orientation\":\"landscape\"}},\"imageMeta\":{\"aperture\":\"10\",\"credit\":\"\",\"camera\":\"DSC-HX5V\",\"caption\":\"\",\"created_timestamp\":\"1431108336\",\"copyright\":\"\",\"focal_length\":\"9.24\",\"iso\":\"125\",\"shutter_speed\":\"0.008\",\"title\":\"\",\"orientation\":\"1\",\"keywords\":[]},\"meta\":false,\"postlink\":\"https:\/\/orgueil82.jvillain.fr\/?attachment_id=2122\"},{\"id\":2117,\"title\":\"8mao2015f\",\"url\":\"https:\/\/orgueil82.jvillain.fr\/wp-content\/uploads\/C\u00e9r\u00e9monies_MaM\/08mai2015\/8mao2015f.jpg\",\"link\":\"https:\/\/orgueil82.jvillain.fr\/?attachment_id=2117\",\"alt\":\"\",\"description\":\"\",\"caption\":\"La c\u00e9r\u00e9monie va commencer\",\"mime\":\"image\/jpeg\",\"type\":\"image\",\"width\":729,\"height\":547,\"sizes\":{\"thumbnail\":{\"height\":150,\"width\":150,\"url\":\"https:\/\/orgueil82.jvillain.fr\/wp-content\/uploads\/C\u00e9r\u00e9monies_MaM\/08mai2015\/8mao2015f-150x150.jpg\",\"orientation\":\"landscape\"},\"medium\":{\"height\":225,\"width\":300,\"url\":\"https:\/\/orgueil82.jvillain.fr\/wp-content\/uploads\/C\u00e9r\u00e9monies_MaM\/08mai2015\/8mao2015f-300x225.jpg\",\"orientation\":\"landscape\"},\"full\":{\"url\":\"https:\/\/orgueil82.jvillain.fr\/wp-content\/uploads\/C\u00e9r\u00e9monies_MaM\/08mai2015\/8mao2015f.jpg\",\"height\":547,\"width\":729,\"orientation\":\"landscape\"}},\"imageMeta\":{\"aperture\":\"9\",\"credit\":\"\",\"camera\":\"DSC-HX5V\",\"caption\":\"\",\"created_timestamp\":\"1431108362\",\"copyright\":\"\",\"focal_length\":\"6.33\",\"iso\":\"125\",\"shutter_speed\":\"0.005\",\"title\":\"\",\"orientation\":\"1\",\"keywords\":[]},\"meta\":false,\"postlink\":\"https:\/\/orgueil82.jvillain.fr\/?attachment_id=2117\"},{\"id\":2118,\"title\":\"8mao2015b\",\"url\":\"https:\/\/orgueil82.jvillain.fr\/wp-content\/uploads\/C\u00e9r\u00e9monies_MaM\/08mai2015\/8mao2015b.jpg\",\"link\":\"https:\/\/orgueil82.jvillain.fr\/?attachment_id=2118\",\"alt\":\"\",\"description\":\"\",\"caption\":\"\",\"mime\":\"image\/jpeg\",\"type\":\"image\",\"width\":729,\"height\":547,\"sizes\":{\"thumbnail\":{\"height\":150,\"width\":150,\"url\":\"https:\/\/orgueil82.jvillain.fr\/wp-content\/uploads\/C\u00e9r\u00e9monies_MaM\/08mai2015\/8mao2015b-150x150.jpg\",\"orientation\":\"landscape\"},\"medium\":{\"height\":225,\"width\":300,\"url\":\"https:\/\/orgueil82.jvillain.fr\/wp-content\/uploads\/C\u00e9r\u00e9monies_MaM\/08mai2015\/8mao2015b-300x225.jpg\",\"orientation\":\"landscape\"},\"full\":{\"url\":\"https:\/\/orgueil82.jvillain.fr\/wp-content\/uploads\/C\u00e9r\u00e9monies_MaM\/08mai2015\/8mao2015b.jpg\",\"height\":547,\"width\":729,\"orientation\":\"landscape\"}},\"imageMeta\":{\"aperture\":\"4.5\",\"credit\":\"\",\"camera\":\"DSC-HX5V\",\"caption\":\"\",\"created_timestamp\":\"1431108437\",\"copyright\":\"\",\"focal_length\":\"9.65\",\"iso\":\"125\",\"shutter_speed\":\"0.003125\",\"title\":\"\",\"orientation\":\"1\",\"keywords\":[]},\"meta\":false,\"postlink\":\"https:\/\/orgueil82.jvillain.fr\/?attachment_id=2118\"},{\"id\":2121,\"title\":\"8mao2015c\",\"url\":\"https:\/\/orgueil82.jvillain.fr\/wp-content\/uploads\/C\u00e9r\u00e9monies_MaM\/08mai2015\/8mao2015c.jpg\",\"link\":\"https:\/\/orgueil82.jvillain.fr\/?attachment_id=2121\",\"alt\":\"\",\"description\":\"\",\"caption\":\"D\u00e9p\u00f4t de la gerbe\",\"mime\":\"image\/jpeg\",\"type\":\"image\",\"width\":729,\"height\":547,\"sizes\":{\"thumbnail\":{\"height\":150,\"width\":150,\"url\":\"https:\/\/orgueil82.jvillain.fr\/wp-content\/uploads\/C\u00e9r\u00e9monies_MaM\/08mai2015\/8mao2015c-150x150.jpg\",\"orientation\":\"landscape\"},\"medium\":{\"height\":225,\"width\":300,\"url\":\"https:\/\/orgueil82.jvillain.fr\/wp-content\/uploads\/C\u00e9r\u00e9monies_MaM\/08mai2015\/8mao2015c-300x225.jpg\",\"orientation\":\"landscape\"},\"full\":{\"url\":\"https:\/\/orgueil82.jvillain.fr\/wp-content\/uploads\/C\u00e9r\u00e9monies_MaM\/08mai2015\/8mao2015c.jpg\",\"height\":547,\"width\":729,\"orientation\":\"landscape\"}},\"imageMeta\":{\"aperture\":\"8\",\"credit\":\"\",\"camera\":\"DSC-HX5V\",\"caption\":\"\",\"created_timestamp\":\"1431108673\",\"copyright\":\"\",\"focal_length\":\"4.26\",\"iso\":\"160\",\"shutter_speed\":\"0.008\",\"title\":\"\",\"orientation\":\"1\",\"keywords\":[]},\"meta\":false,\"postlink\":\"https:\/\/orgueil82.jvillain.fr\/?attachment_id=2121\"},{\"id\":2119,\"title\":\"8mao2015d\",\"url\":\"https:\/\/orgueil82.jvillain.fr\/wp-content\/uploads\/C\u00e9r\u00e9monies_MaM\/08mai2015\/8mao2015d.jpg\",\"link\":\"https:\/\/orgueil82.jvillain.fr\/?attachment_id=2119\",\"alt\":\"\",\"description\":\"\",\"caption\":\"Une minute de silence  \",\"mime\":\"image\/jpeg\",\"type\":\"image\",\"width\":729,\"height\":547,\"sizes\":{\"thumbnail\":{\"height\":150,\"width\":150,\"url\":\"https:\/\/orgueil82.jvillain.fr\/wp-content\/uploads\/C\u00e9r\u00e9monies_MaM\/08mai2015\/8mao2015d-150x150.jpg\",\"orientation\":\"landscape\"},\"medium\":{\"height\":225,\"width\":300,\"url\":\"https:\/\/orgueil82.jvillain.fr\/wp-content\/uploads\/C\u00e9r\u00e9monies_MaM\/08mai2015\/8mao2015d-300x225.jpg\",\"orientation\":\"landscape\"},\"full\":{\"url\":\"https:\/\/orgueil82.jvillain.fr\/wp-content\/uploads\/C\u00e9r\u00e9monies_MaM\/08mai2015\/8mao2015d.jpg\",\"height\":547,\"width\":729,\"orientation\":\"landscape\"}},\"imageMeta\":{\"aperture\":\"10\",\"credit\":\"\",\"camera\":\"DSC-HX5V\",\"caption\":\"\",\"created_timestamp\":\"1431108766\",\"copyright\":\"\",\"focal_length\":\"10.54\",\"iso\":\"125\",\"shutter_speed\":\"0.008\",\"title\":\"\",\"orientation\":\"1\",\"keywords\":[]},\"meta\":false,\"postlink\":\"https:\/\/orgueil82.jvillain.fr\/?attachment_id=2119\"},{\"id\":2120,\"title\":\"8mao2015e\",\"url\":\"https:\/\/orgueil82.jvillain.fr\/wp-content\/uploads\/C\u00e9r\u00e9monies_MaM\/08mai2015\/8mao2015e.jpg\",\"link\":\"https:\/\/orgueil82.jvillain.fr\/?attachment_id=2120\",\"alt\":\"\",\"description\":\"\",\"caption\":\"lecture du message du Secr\u00e9taire d'\u00e9tat aux anciens combattants.    \",\"mime\":\"image\/jpeg\",\"type\":\"image\",\"width\":729,\"height\":547,\"sizes\":{\"thumbnail\":{\"height\":150,\"width\":150,\"url\":\"https:\/\/orgueil82.jvillain.fr\/wp-content\/uploads\/C\u00e9r\u00e9monies_MaM\/08mai2015\/8mao2015e-150x150.jpg\",\"orientation\":\"landscape\"},\"medium\":{\"height\":225,\"width\":300,\"url\":\"https:\/\/orgueil82.jvillain.fr\/wp-content\/uploads\/C\u00e9r\u00e9monies_MaM\/08mai2015\/8mao2015e-300x225.jpg\",\"orientation\":\"landscape\"},\"full\":{\"url\":\"https:\/\/orgueil82.jvillain.fr\/wp-content\/uploads\/C\u00e9r\u00e9monies_MaM\/08mai2015\/8mao2015e.jpg\",\"height\":547,\"width\":729,\"orientation\":\"landscape\"}},\"imageMeta\":{\"aperture\":\"8\",\"credit\":\"\",\"camera\":\"DSC-HX5V\",\"caption\":\"\",\"created_timestamp\":\"1431108860\",\"copyright\":\"\",\"focal_length\":\"4.26\",\"iso\":\"125\",\"shutter_speed\":\"0.004\",\"title\":\"\",\"orientation\":\"1\",\"keywords\":[]},\"meta\":false,\"postlink\":\"https:\/\/orgueil82.jvillain.fr\/?attachment_id=2120\"}],\"sliderItemTitleFontSize\":24,\"sliderSlideshowAutoStart\":true,\"sliderSlideshowDelay\":6,\"itemsMetaDataCollection\":[]}<\/script><script>(function(){if(window.PGC_SGB && window.PGC_SGB.searcher){window.PGC_SGB.searcher.initBlocks()}})()<\/script><\/div>\n\n\n<p><a href=\"#hautpage\">Retour en haut de la page<\/a><\/p>\n\n\n\n<hr class=\"wp-block-separator has-alpha-channel-opacity\"\/>\n\n\n\n<h2 class=\"wp-block-heading has-global-color-14-color has-text-color has-link-color wp-elements-e1f464c2f9315a9d55399768a241f3e6\" id=\"11nov2014\" style=\"font-style:normal;font-weight:600\">Comm\u00e9moration du 11 novembre &#8211; 11 novembre 2014<\/h2>\n\n\n\n<p>La traditionnelle c\u00e9r\u00e9monie au monument aux morts c&rsquo;est tenue le 11 novembre \u00e0 11h00 \u00e0 l&rsquo;invitation de la municipalit\u00e9. Il faisait un beau soleil et l&rsquo;assistance \u00e9tait assez nombreuse.<\/p>\n\n\n\n<p>Comme pour chaque 11 novembre, les enfants des \u00e9coles participent \u00e0 la c\u00e9r\u00e9monie et ont la lourde tache de chanter la marseillaise, ils n&rsquo;ont pas failli et entra\u00een\u00e9s par leur directrice (bravo Laurence) ils ont fait vibrer notre hymne national.<\/p>\n\n\n\n<p>Mais avant cette marseillaise le d\u00e9roulement de la c\u00e9r\u00e9monie avait \u00e9t\u00e9 classique avec :<\/p>\n\n\n\n<ul class=\"wp-block-list\">\n<li>l&rsquo;accueil des porte-drapeaux,<\/li>\n<\/ul>\n\n\n<div class=\"wp-block-image\">\n<figure class=\"aligncenter size-full is-resized\"><a href=\"https:\/\/orgueil82.jvillain.fr\/wp-content\/uploads\/C\u00e9r\u00e9monies_MaM\/11nov2014\/11vov14a.jpg\"><img width=\"729\" height=\"547\"  alt=\"\" class=\"wp-image-2113 lws-optimize-lazyload\" style=\"width:410px;height:auto\"\/ data-src=\"https:\/\/orgueil82.jvillain.fr\/wp-content\/uploads\/C\u00e9r\u00e9monies_MaM\/11nov2014\/11vov14a.jpg\" srcset=\"https:\/\/orgueil82.jvillain.fr\/wp-content\/uploads\/C\u00e9r\u00e9monies_MaM\/11nov2014\/11vov14a.jpg 729w, https:\/\/orgueil82.jvillain.fr\/wp-content\/uploads\/C\u00e9r\u00e9monies_MaM\/11nov2014\/11vov14a-300x225.jpg 300w\" sizes=\"(max-width: 729px) 100vw, 729px\" \/><\/a><\/figure>\n<\/div>\n\n\n<ul class=\"wp-block-list\">\n<li>un petit discours de monsieur le Maire<\/li>\n\n\n\n<li>la lecture du message de monsieur Kader Arif secr\u00e9taire d&rsquo;\u00e9tat charg\u00e9 des anciens combattants et de la m\u00e9moire.<\/li>\n<\/ul>\n\n\n<div class=\"wp-block-image\">\n<figure class=\"aligncenter size-full is-resized\"><a href=\"https:\/\/orgueil82.jvillain.fr\/wp-content\/uploads\/C\u00e9r\u00e9monies_MaM\/11nov2014\/11vov14b.jpg\"><img width=\"729\" height=\"547\"  alt=\"\" class=\"wp-image-2114 lws-optimize-lazyload\" style=\"width:409px;height:auto\"\/ data-src=\"https:\/\/orgueil82.jvillain.fr\/wp-content\/uploads\/C\u00e9r\u00e9monies_MaM\/11nov2014\/11vov14b.jpg\" srcset=\"https:\/\/orgueil82.jvillain.fr\/wp-content\/uploads\/C\u00e9r\u00e9monies_MaM\/11nov2014\/11vov14b.jpg 729w, https:\/\/orgueil82.jvillain.fr\/wp-content\/uploads\/C\u00e9r\u00e9monies_MaM\/11nov2014\/11vov14b-300x225.jpg 300w\" sizes=\"(max-width: 729px) 100vw, 729px\" \/><\/a><\/figure>\n<\/div>\n\n\n<ul class=\"wp-block-list\">\n<li>la lecture des morts pour la France inscrits sur le monument aux morts <\/li>\n<\/ul>\n\n\n\n<figure class=\"wp-block-embed is-type-video is-provider-youtube wp-block-embed-youtube wp-embed-aspect-16-9 wp-has-aspect-ratio\"><div class=\"wp-block-embed__wrapper\">\n<iframe title=\"11 novembre 2014 - Orgueil (82) - lecture morts pour la France\" width=\"1200\" height=\"675\"  frameborder=\"0\" allow=\"accelerometer; autoplay; clipboard-write; encrypted-media; gyroscope; picture-in-picture; web-share\" referrerpolicy=\"strict-origin-when-cross-origin\" allowfullscreen class=\"lws-optimize-lazyload\" data-src=\"https:\/\/www.youtube.com\/embed\/aLZM19sHfFw?feature=oembed\"><\/iframe>\n<\/div><\/figure>\n\n\n\n<ul class=\"wp-block-list\">\n<li>d\u00e9p\u00f4t d&rsquo;une gerbe au pied du monument<\/li>\n<\/ul>\n\n\n<div class=\"wp-block-image\">\n<figure class=\"aligncenter size-full is-resized\"><a href=\"https:\/\/orgueil82.jvillain.fr\/wp-content\/uploads\/C\u00e9r\u00e9monies_MaM\/11nov2014\/11vov14c.jpg\"><img width=\"729\" height=\"547\"  alt=\"\" class=\"wp-image-2115 lws-optimize-lazyload\" style=\"width:356px;height:auto\"\/ data-src=\"https:\/\/orgueil82.jvillain.fr\/wp-content\/uploads\/C\u00e9r\u00e9monies_MaM\/11nov2014\/11vov14c.jpg\" srcset=\"https:\/\/orgueil82.jvillain.fr\/wp-content\/uploads\/C\u00e9r\u00e9monies_MaM\/11nov2014\/11vov14c.jpg 729w, https:\/\/orgueil82.jvillain.fr\/wp-content\/uploads\/C\u00e9r\u00e9monies_MaM\/11nov2014\/11vov14c-300x225.jpg 300w\" sizes=\"(max-width: 729px) 100vw, 729px\" \/><\/a><\/figure>\n<\/div>\n\n\n<ul class=\"wp-block-list\">\n<li>la minute de silence <\/li>\n<\/ul>\n\n\n\n<ul class=\"wp-block-list\">\n<li>et enfin la marseillaise chant\u00e9e par les enfants des \u00e9coles <\/li>\n<\/ul>\n\n\n\n<figure class=\"wp-block-embed is-type-video is-provider-youtube wp-block-embed-youtube wp-embed-aspect-16-9 wp-has-aspect-ratio\"><div class=\"wp-block-embed__wrapper\">\n<iframe title=\"11 novembre 2014 - Orgueil  82 - La Marseillaise\" width=\"1200\" height=\"675\"  frameborder=\"0\" allow=\"accelerometer; autoplay; clipboard-write; encrypted-media; gyroscope; picture-in-picture; web-share\" referrerpolicy=\"strict-origin-when-cross-origin\" allowfullscreen class=\"lws-optimize-lazyload\" data-src=\"https:\/\/www.youtube.com\/embed\/gZ6K9SXNJqg?feature=oembed\"><\/iframe>\n<\/div><\/figure>\n\n\n\n<p>A la fin de la c\u00e9r\u00e9monie, Monsieur le maire, au nom de la municipalit\u00e9, invitait les personnes pr\u00e9sentes \u00e0 partager un verre de l&rsquo;amiti\u00e9 organis\u00e9 au caf\u00e9 Le Flaggadi.<\/p>\n\n\n\n<p>Bravo \u00e0 tout ceux qui ont assist\u00e9 \u00e0 cette c\u00e9r\u00e9monie, un geste citoyen n\u00e9cessaire pour le devoir de m\u00e9moire.<\/p>\n\n\n\n<p><a href=\"#hautpage\">Retour en haut de la page<\/a><\/p>\n\n\n\n<hr class=\"wp-block-separator has-alpha-channel-opacity\"\/>\n\n\n\n<h2 class=\"wp-block-heading has-global-color-14-color has-text-color has-link-color wp-elements-377669a092dbc562706a9808aee29afd\" id=\"11nov2013\" style=\"font-style:normal;font-weight:600\">Comm\u00e9moration du 11 novembre &#8211; Dimanche 10 novembre 2013<\/h2>\n\n\n\n<p>C&rsquo;est le dimanche 10 novembre 2013 que la municipalit\u00e9 avait organis\u00e9 la traditionnelle comm\u00e9moration du 11 novembre. Elle s&rsquo;est d\u00e9roul\u00e9e devant le monument aux morts apr\u00e8s la messe dominicale c\u00e9l\u00e9br\u00e9e par le P\u00e8re Steven Bourgoin.<\/p>\n\n\n\n<p>Le crachin s&rsquo;\u00e9tant arr\u00eat\u00e9 au moment pr\u00e9vu pour la c\u00e9r\u00e9monie, il a \u00e9t\u00e9 possible de rester sur la place du monument aux morts. Et malgr\u00e9 ce crachin et le vent, nous \u00e9tions plusieurs dizaines \u00e0 assister \u00e0 la c\u00e9r\u00e9monie dont notamment deux professeurs des \u00e9coles, quelques enfants et le professeur de musique, des personnes importantes car le jour de la c\u00e9r\u00e9monie du 11 novembre la Marseillaise qui suit la minute de silence est chant\u00e9e \u00e0 capella par les enfants.<\/p>\n\n\n<div class=\"pgc-sgb-cb wp-block-pgcsimplygalleryblock-viewer \" data-gallery-id=\"45a52318\"><div class=\"sgb-preloader\" id=\"pr_45a52318\">\n\t<div class=\"sgb-square\" style=\"background:#d4d4d4\"><\/div>\n\t<div class=\"sgb-square\" style=\"background:#d4d4d4\"><\/div>\n\t<div class=\"sgb-square\" style=\"background:#d4d4d4\"><\/div>\n\t<div class=\"sgb-square\" style=\"background:#d4d4d4\"><\/div><\/div><div class=\"simply-gallery-amp pgc_sgb_slider \"><noscript><div class=\"sgb-gallery\"><div class=\"sgb-item\"><a href=\"https:\/\/orgueil82.jvillain.fr\/?attachment_id=2111\" target=\"_blank\"><img alt=\"\" width=\"300\" height=\"225\" loading=\"lazy\"  srcset=\"https:\/\/orgueil82.jvillain.fr\/wp-content\/uploads\/C\u00e9r\u00e9monies_MaM\/11nov2013\/pose_gerbe-300x225.jpg 300w,https:\/\/orgueil82.jvillain.fr\/wp-content\/uploads\/C\u00e9r\u00e9monies_MaM\/11nov2013\/pose_gerbe.jpg 912w\" sizes=\"auto, 250px\"\/ class=\"lws-optimize-lazyload\" data-src=\"https:\/\/orgueil82.jvillain.fr\/wp-content\/uploads\/C\u00e9r\u00e9monies_MaM\/11nov2013\/pose_gerbe-300x225.jpg\"><\/a><div class=\"sgb-item-caption\"><em>Pose de la gerbe par Monsieur le maire et Monsieur Michel Simonin.<\/em><\/div><\/div><div class=\"sgb-item\"><a href=\"https:\/\/orgueil82.jvillain.fr\/?attachment_id=2108\" target=\"_blank\"><img alt=\"\" width=\"300\" height=\"225\" loading=\"lazy\"  srcset=\"https:\/\/orgueil82.jvillain.fr\/wp-content\/uploads\/C\u00e9r\u00e9monies_MaM\/11nov2013\/minute_silence-300x225.jpg 300w,https:\/\/orgueil82.jvillain.fr\/wp-content\/uploads\/C\u00e9r\u00e9monies_MaM\/11nov2013\/minute_silence.jpg 912w\" sizes=\"auto, 250px\"\/ class=\"lws-optimize-lazyload\" data-src=\"https:\/\/orgueil82.jvillain.fr\/wp-content\/uploads\/C\u00e9r\u00e9monies_MaM\/11nov2013\/minute_silence-300x225.jpg\"><\/a><div class=\"sgb-item-caption\"><em>Recueillement pendant la minute de silence<\/em><\/div><\/div><div class=\"sgb-item\"><a href=\"https:\/\/orgueil82.jvillain.fr\/?attachment_id=2109\" target=\"_blank\"><img alt=\"\" width=\"300\" height=\"225\" loading=\"lazy\"  srcset=\"https:\/\/orgueil82.jvillain.fr\/wp-content\/uploads\/C\u00e9r\u00e9monies_MaM\/11nov2013\/marseillaise_1-300x225.jpg 300w,https:\/\/orgueil82.jvillain.fr\/wp-content\/uploads\/C\u00e9r\u00e9monies_MaM\/11nov2013\/marseillaise_1.jpg 912w\" sizes=\"auto, 250px\"\/ class=\"lws-optimize-lazyload\" data-src=\"https:\/\/orgueil82.jvillain.fr\/wp-content\/uploads\/C\u00e9r\u00e9monies_MaM\/11nov2013\/marseillaise_1-300x225.jpg\"><\/a><div class=\"sgb-item-caption\"><em>Chantal m\u00e8ne la Marseillaise, bravo les enfants<\/em><\/div><\/div><\/div><\/noscript><\/div><script type=\"application\/json\" class=\"sgb-data\">{\"galleryType\":\"pgc_sgb_viewer\",\"galleryId\":\"45a52318\",\"images\":[{\"id\":2111,\"title\":\"pose_gerbe\",\"url\":\"https:\/\/orgueil82.jvillain.fr\/wp-content\/uploads\/C\u00e9r\u00e9monies_MaM\/11nov2013\/pose_gerbe.jpg\",\"link\":\"https:\/\/orgueil82.jvillain.fr\/?attachment_id=2111\",\"alt\":\"\",\"description\":\"\",\"caption\":\"Pose de la gerbe par Monsieur le maire et Monsieur Michel Simonin.\",\"mime\":\"image\/jpeg\",\"type\":\"image\",\"width\":912,\"height\":684,\"sizes\":{\"thumbnail\":{\"height\":150,\"width\":150,\"url\":\"https:\/\/orgueil82.jvillain.fr\/wp-content\/uploads\/C\u00e9r\u00e9monies_MaM\/11nov2013\/pose_gerbe-150x150.jpg\",\"orientation\":\"landscape\"},\"medium\":{\"height\":225,\"width\":300,\"url\":\"https:\/\/orgueil82.jvillain.fr\/wp-content\/uploads\/C\u00e9r\u00e9monies_MaM\/11nov2013\/pose_gerbe-300x225.jpg\",\"orientation\":\"landscape\"},\"full\":{\"url\":\"https:\/\/orgueil82.jvillain.fr\/wp-content\/uploads\/C\u00e9r\u00e9monies_MaM\/11nov2013\/pose_gerbe.jpg\",\"height\":684,\"width\":912,\"orientation\":\"landscape\"}},\"imageMeta\":{\"aperture\":\"4.5\",\"credit\":\"\",\"camera\":\"DSC-HX5V\",\"caption\":\"\",\"created_timestamp\":\"1384083662\",\"copyright\":\"\",\"focal_length\":\"9.44\",\"iso\":\"125\",\"shutter_speed\":\"0.016666666666667\",\"title\":\"\",\"orientation\":\"1\",\"keywords\":[]},\"meta\":false,\"postlink\":\"https:\/\/orgueil82.jvillain.fr\/?attachment_id=2111\"},{\"id\":2108,\"title\":\"minute_silence\",\"url\":\"https:\/\/orgueil82.jvillain.fr\/wp-content\/uploads\/C\u00e9r\u00e9monies_MaM\/11nov2013\/minute_silence.jpg\",\"link\":\"https:\/\/orgueil82.jvillain.fr\/?attachment_id=2108\",\"alt\":\"\",\"description\":\"\",\"caption\":\"Recueillement pendant la minute de silence\",\"mime\":\"image\/jpeg\",\"type\":\"image\",\"width\":912,\"height\":684,\"sizes\":{\"thumbnail\":{\"height\":150,\"width\":150,\"url\":\"https:\/\/orgueil82.jvillain.fr\/wp-content\/uploads\/C\u00e9r\u00e9monies_MaM\/11nov2013\/minute_silence-150x150.jpg\",\"orientation\":\"landscape\"},\"medium\":{\"height\":225,\"width\":300,\"url\":\"https:\/\/orgueil82.jvillain.fr\/wp-content\/uploads\/C\u00e9r\u00e9monies_MaM\/11nov2013\/minute_silence-300x225.jpg\",\"orientation\":\"landscape\"},\"full\":{\"url\":\"https:\/\/orgueil82.jvillain.fr\/wp-content\/uploads\/C\u00e9r\u00e9monies_MaM\/11nov2013\/minute_silence.jpg\",\"height\":684,\"width\":912,\"orientation\":\"landscape\"}},\"imageMeta\":{\"aperture\":\"4\",\"credit\":\"\",\"camera\":\"DSC-HX5V\",\"caption\":\"\",\"created_timestamp\":\"1384083706\",\"copyright\":\"\",\"focal_length\":\"6.77\",\"iso\":\"125\",\"shutter_speed\":\"0.0125\",\"title\":\"\",\"orientation\":\"1\",\"keywords\":[]},\"meta\":false,\"postlink\":\"https:\/\/orgueil82.jvillain.fr\/?attachment_id=2108\"},{\"id\":2109,\"title\":\"marseillaise_1\",\"url\":\"https:\/\/orgueil82.jvillain.fr\/wp-content\/uploads\/C\u00e9r\u00e9monies_MaM\/11nov2013\/marseillaise_1.jpg\",\"link\":\"https:\/\/orgueil82.jvillain.fr\/?attachment_id=2109\",\"alt\":\"\",\"description\":\"\",\"caption\":\"Chantal m\u00e8ne la Marseillaise, bravo les enfants\",\"mime\":\"image\/jpeg\",\"type\":\"image\",\"width\":912,\"height\":684,\"sizes\":{\"thumbnail\":{\"height\":150,\"width\":150,\"url\":\"https:\/\/orgueil82.jvillain.fr\/wp-content\/uploads\/C\u00e9r\u00e9monies_MaM\/11nov2013\/marseillaise_1-150x150.jpg\",\"orientation\":\"landscape\"},\"medium\":{\"height\":225,\"width\":300,\"url\":\"https:\/\/orgueil82.jvillain.fr\/wp-content\/uploads\/C\u00e9r\u00e9monies_MaM\/11nov2013\/marseillaise_1-300x225.jpg\",\"orientation\":\"landscape\"},\"full\":{\"url\":\"https:\/\/orgueil82.jvillain.fr\/wp-content\/uploads\/C\u00e9r\u00e9monies_MaM\/11nov2013\/marseillaise_1.jpg\",\"height\":684,\"width\":912,\"orientation\":\"landscape\"}},\"imageMeta\":{\"aperture\":\"4.5\",\"credit\":\"\",\"camera\":\"DSC-HX5V\",\"caption\":\"\",\"created_timestamp\":\"1384083787\",\"copyright\":\"\",\"focal_length\":\"10.09\",\"iso\":\"200\",\"shutter_speed\":\"0.016666666666667\",\"title\":\"\",\"orientation\":\"1\",\"keywords\":[]},\"meta\":false,\"postlink\":\"https:\/\/orgueil82.jvillain.fr\/?attachment_id=2109\"}],\"sliderItemTitleFontSize\":10,\"sliderItemDescriptionEnable\":true,\"sliderItemDownload\":false,\"collectionColumns\":6,\"pageControllerThumbsRows\":1,\"collectionThumbRecomendedWidth\":50,\"itemsMetaDataCollection\":[]}<\/script><script>(function(){if(window.PGC_SGB && window.PGC_SGB.searcher){window.PGC_SGB.searcher.initBlocks()}})()<\/script><\/div>\n\n\n<p>Apr\u00e8s la Marseillaise Monsieur le Maire proc\u00e8de \u00e0 l&rsquo;appel des morts inscrits sur le monument. Puis il lit la lettre du ministre d\u00e9l\u00e9gu\u00e9 aux anciens combattants et invite les personnes pr\u00e9sentes \u00e0 un verre de l&rsquo;amiti\u00e9.<\/p>\n\n\n<div class=\"wp-block-image\">\n<figure class=\"aligncenter size-full is-resized\"><a href=\"https:\/\/orgueil82.jvillain.fr\/wp-content\/uploads\/C\u00e9r\u00e9monies_MaM\/11nov2013\/lect_discours.jpg\"><img width=\"912\" height=\"684\"  alt=\"\" class=\"wp-image-2110 lws-optimize-lazyload\" style=\"width:436px;height:auto\"\/ data-src=\"https:\/\/orgueil82.jvillain.fr\/wp-content\/uploads\/C\u00e9r\u00e9monies_MaM\/11nov2013\/lect_discours.jpg\" srcset=\"https:\/\/orgueil82.jvillain.fr\/wp-content\/uploads\/C\u00e9r\u00e9monies_MaM\/11nov2013\/lect_discours.jpg 912w, https:\/\/orgueil82.jvillain.fr\/wp-content\/uploads\/C\u00e9r\u00e9monies_MaM\/11nov2013\/lect_discours-300x225.jpg 300w, https:\/\/orgueil82.jvillain.fr\/wp-content\/uploads\/C\u00e9r\u00e9monies_MaM\/11nov2013\/lect_discours-768x576.jpg 768w\" sizes=\"(max-width: 912px) 100vw, 912px\" \/><\/a><figcaption class=\"wp-element-caption\">Lecture de la lettre du ministre d\u00e9l\u00e9gu\u00e9 aux anciens combattants&nbsp;    <\/figcaption><\/figure>\n<\/div>\n\n\n<p><a href=\"#hautpage\">Retour en haut de la page<\/a><\/p>\n\n\n\n<hr class=\"wp-block-separator has-alpha-channel-opacity\"\/>\n\n\n\n<h2 class=\"wp-block-heading has-global-color-14-color has-text-color has-link-color wp-elements-997e9be23a3a5bdba44efed0fd8e2b89\" id=\"08mai2013\" style=\"font-style:normal;font-weight:600\">Comm\u00e9moration du 8 mai &#8211; Dimanche 12 mai 2013<\/h2>\n\n\n\n<p>Elle s&rsquo;est d\u00e9roul\u00e9e le dimanche 12 mai 2013, apr\u00e8s la messe dominicale, en pr\u00e9sence de repr\u00e9sentants des porte-drapeaux, de Monsieur Michel SIMONIN, pr\u00e9sident de l&rsquo;Union D\u00e9partemental de la M\u00e9daille Militaire de Tarn-et-Garonne, de Monsieur le maire, de quelques \u00e9lus et d&rsquo;une poign\u00e9e d&rsquo;habitants du village.<\/p>\n\n\n\n<p>La c\u00e9r\u00e9monie a \u00e9t\u00e9 suivie de la remise officielle des dipl\u00f4mes de porte-drapeau par Monsieur Michel SIMONIN \u00e0 Messieurs Marcel CARR\u00c8RE et Robert FIORETTI, ils portent r\u00e9guli\u00e8rement le drapeau des anciens combattants de notre village dans diverses c\u00e9r\u00e9monies.<\/p>\n\n\n<div class=\"pgc-sgb-cb wp-block-pgcsimplygalleryblock-slider \" data-gallery-id=\"7d931832\"style=&quot;min-height:460px&quot;><div class=\"sgb-preloader\" id=\"pr_7d931832\">\n\t<div class=\"sgb-square\" style=\"background:#d4d4d4\"><\/div>\n\t<div class=\"sgb-square\" style=\"background:#d4d4d4\"><\/div>\n\t<div class=\"sgb-square\" style=\"background:#d4d4d4\"><\/div>\n\t<div class=\"sgb-square\" style=\"background:#d4d4d4\"><\/div><\/div><div class=\"simply-gallery-amp pgc_sgb_slider \"><noscript><div class=\"sgb-gallery\"><div class=\"sgb-item\"><a href=\"https:\/\/orgueil82.jvillain.fr\/?attachment_id=2103\" target=\"_blank\"><img alt=\"\" width=\"300\" height=\"225\" loading=\"lazy\"  srcset=\"https:\/\/orgueil82.jvillain.fr\/wp-content\/uploads\/C\u00e9r\u00e9monies_MaM\/08mai2013\/mam20130801-300x225.jpg 300w,https:\/\/orgueil82.jvillain.fr\/wp-content\/uploads\/C\u00e9r\u00e9monies_MaM\/08mai2013\/mam20130801.jpg 912w\" sizes=\"auto, 250px\"\/ class=\"lws-optimize-lazyload\" data-src=\"https:\/\/orgueil82.jvillain.fr\/wp-content\/uploads\/C\u00e9r\u00e9monies_MaM\/08mai2013\/mam20130801-300x225.jpg\"><\/a><div class=\"sgb-item-caption\"><em>Monsieur le Maire lit le discours du ministre d\u00e9l\u00e9gu\u00e9 aupr\u00e8s du ministre de la D\u00e9fense, charg\u00e9 des Anciens combattants<\/em><\/div><\/div><div class=\"sgb-item\"><a href=\"https:\/\/orgueil82.jvillain.fr\/?attachment_id=2104\" target=\"_blank\"><img alt=\"\" width=\"300\" height=\"225\" loading=\"lazy\"  srcset=\"https:\/\/orgueil82.jvillain.fr\/wp-content\/uploads\/C\u00e9r\u00e9monies_MaM\/08mai2013\/mam20130802-300x225.jpg 300w,https:\/\/orgueil82.jvillain.fr\/wp-content\/uploads\/C\u00e9r\u00e9monies_MaM\/08mai2013\/mam20130802.jpg 912w\" sizes=\"auto, 250px\"\/ class=\"lws-optimize-lazyload\" data-src=\"https:\/\/orgueil82.jvillain.fr\/wp-content\/uploads\/C\u00e9r\u00e9monies_MaM\/08mai2013\/mam20130802-300x225.jpg\"><\/a><div class=\"sgb-item-caption\"><em>D\u00e9pose de la gerbe au pied du monument aux morts<\/em><\/div><\/div><div class=\"sgb-item\"><a href=\"https:\/\/orgueil82.jvillain.fr\/?attachment_id=2100\" target=\"_blank\"><img alt=\"\" width=\"300\" height=\"225\" loading=\"lazy\"  srcset=\"https:\/\/orgueil82.jvillain.fr\/wp-content\/uploads\/C\u00e9r\u00e9monies_MaM\/08mai2013\/mam20130803-300x225.jpg 300w,https:\/\/orgueil82.jvillain.fr\/wp-content\/uploads\/C\u00e9r\u00e9monies_MaM\/08mai2013\/mam20130803.jpg 912w\" sizes=\"auto, 250px\"\/ class=\"lws-optimize-lazyload\" data-src=\"https:\/\/orgueil82.jvillain.fr\/wp-content\/uploads\/C\u00e9r\u00e9monies_MaM\/08mai2013\/mam20130803-300x225.jpg\"><\/a><div class=\"sgb-item-caption\"><em>Pendant la minute de silence les drapeaux sont baiss\u00e9s, le drapeau des anciens combattants du village d&rsquo;Orgueil est port\u00e9 Monsieur Marcel CARR\u00c8RE<\/em><\/div><\/div><\/div><\/noscript><\/div><script type=\"application\/json\" class=\"sgb-data\">{\"collectionThumbRecomendedWidth\":150,\"externalLinkFontSize\":10,\"captionHAlign\":\"bottom\",\"collectionthumbHoverTitleFontSize\":12,\"collectionThumbSubMenuDownload\":false,\"sliderMaxHeight\":460,\"sliderAdminWidth\":940,\"responsiveHeight\":true,\"galleryType\":\"pgc_sgb_slider\",\"galleryId\":\"7d931832\",\"images\":[{\"id\":2103,\"title\":\"mam20130801\",\"url\":\"https:\/\/orgueil82.jvillain.fr\/wp-content\/uploads\/C\u00e9r\u00e9monies_MaM\/08mai2013\/mam20130801.jpg\",\"link\":\"https:\/\/orgueil82.jvillain.fr\/?attachment_id=2103\",\"alt\":\"\",\"description\":\"\",\"caption\":\"Monsieur le Maire lit le discours du ministre d\u00e9l\u00e9gu\u00e9 aupr\u00e8s du ministre de la D\u00e9fense, charg\u00e9 des Anciens combattants\",\"mime\":\"image\/jpeg\",\"type\":\"image\",\"width\":912,\"height\":684,\"sizes\":{\"thumbnail\":{\"height\":150,\"width\":150,\"url\":\"https:\/\/orgueil82.jvillain.fr\/wp-content\/uploads\/C\u00e9r\u00e9monies_MaM\/08mai2013\/mam20130801-150x150.jpg\",\"orientation\":\"landscape\"},\"medium\":{\"height\":225,\"width\":300,\"url\":\"https:\/\/orgueil82.jvillain.fr\/wp-content\/uploads\/C\u00e9r\u00e9monies_MaM\/08mai2013\/mam20130801-300x225.jpg\",\"orientation\":\"landscape\"},\"full\":{\"url\":\"https:\/\/orgueil82.jvillain.fr\/wp-content\/uploads\/C\u00e9r\u00e9monies_MaM\/08mai2013\/mam20130801.jpg\",\"height\":684,\"width\":912,\"orientation\":\"landscape\"}},\"imageMeta\":{\"aperture\":\"4.5\",\"credit\":\"\",\"camera\":\"DSC-HX5V\",\"caption\":\"\",\"created_timestamp\":\"1368354479\",\"copyright\":\"\",\"focal_length\":\"13.44\",\"iso\":\"125\",\"shutter_speed\":\"0.008\",\"title\":\"\",\"orientation\":\"1\",\"keywords\":[]},\"meta\":false,\"postlink\":\"https:\/\/orgueil82.jvillain.fr\/?attachment_id=2103\"},{\"id\":2104,\"title\":\"mam20130802\",\"url\":\"https:\/\/orgueil82.jvillain.fr\/wp-content\/uploads\/C\u00e9r\u00e9monies_MaM\/08mai2013\/mam20130802.jpg\",\"link\":\"https:\/\/orgueil82.jvillain.fr\/?attachment_id=2104\",\"alt\":\"\",\"description\":\"\",\"caption\":\"D\u00e9pose de la gerbe au pied du monument aux morts\",\"mime\":\"image\/jpeg\",\"type\":\"image\",\"width\":912,\"height\":684,\"sizes\":{\"thumbnail\":{\"height\":150,\"width\":150,\"url\":\"https:\/\/orgueil82.jvillain.fr\/wp-content\/uploads\/C\u00e9r\u00e9monies_MaM\/08mai2013\/mam20130802-150x150.jpg\",\"orientation\":\"landscape\"},\"medium\":{\"height\":225,\"width\":300,\"url\":\"https:\/\/orgueil82.jvillain.fr\/wp-content\/uploads\/C\u00e9r\u00e9monies_MaM\/08mai2013\/mam20130802-300x225.jpg\",\"orientation\":\"landscape\"},\"full\":{\"url\":\"https:\/\/orgueil82.jvillain.fr\/wp-content\/uploads\/C\u00e9r\u00e9monies_MaM\/08mai2013\/mam20130802.jpg\",\"height\":684,\"width\":912,\"orientation\":\"landscape\"}},\"imageMeta\":{\"aperture\":\"4.5\",\"credit\":\"\",\"camera\":\"DSC-HX5V\",\"caption\":\"\",\"created_timestamp\":\"1368354723\",\"copyright\":\"\",\"focal_length\":\"8.83\",\"iso\":\"125\",\"shutter_speed\":\"0.004\",\"title\":\"\",\"orientation\":\"1\",\"keywords\":[]},\"meta\":false,\"postlink\":\"https:\/\/orgueil82.jvillain.fr\/?attachment_id=2104\"},{\"id\":2100,\"title\":\"mam20130803\",\"url\":\"https:\/\/orgueil82.jvillain.fr\/wp-content\/uploads\/C\u00e9r\u00e9monies_MaM\/08mai2013\/mam20130803.jpg\",\"link\":\"https:\/\/orgueil82.jvillain.fr\/?attachment_id=2100\",\"alt\":\"\",\"description\":\"\",\"caption\":\"Pendant la minute de silence les drapeaux sont baiss\u00e9s, le drapeau des anciens combattants du village d'Orgueil est port\u00e9 Monsieur Marcel CARR\u00c8RE\",\"mime\":\"image\/jpeg\",\"type\":\"image\",\"width\":912,\"height\":684,\"sizes\":{\"thumbnail\":{\"height\":150,\"width\":150,\"url\":\"https:\/\/orgueil82.jvillain.fr\/wp-content\/uploads\/C\u00e9r\u00e9monies_MaM\/08mai2013\/mam20130803-150x150.jpg\",\"orientation\":\"landscape\"},\"medium\":{\"height\":225,\"width\":300,\"url\":\"https:\/\/orgueil82.jvillain.fr\/wp-content\/uploads\/C\u00e9r\u00e9monies_MaM\/08mai2013\/mam20130803-300x225.jpg\",\"orientation\":\"landscape\"},\"full\":{\"url\":\"https:\/\/orgueil82.jvillain.fr\/wp-content\/uploads\/C\u00e9r\u00e9monies_MaM\/08mai2013\/mam20130803.jpg\",\"height\":684,\"width\":912,\"orientation\":\"landscape\"}},\"imageMeta\":{\"aperture\":\"4\",\"credit\":\"\",\"camera\":\"DSC-HX5V\",\"caption\":\"\",\"created_timestamp\":\"1368354751\",\"copyright\":\"\",\"focal_length\":\"6.77\",\"iso\":\"125\",\"shutter_speed\":\"0.002\",\"title\":\"\",\"orientation\":\"1\",\"keywords\":[]},\"meta\":false,\"postlink\":\"https:\/\/orgueil82.jvillain.fr\/?attachment_id=2100\"}],\"sliderItemTitleFontSize\":22,\"itemsMetaDataCollection\":[]}<\/script><script>(function(){if(window.PGC_SGB && window.PGC_SGB.searcher){window.PGC_SGB.searcher.initBlocks()}})()<\/script><\/div>\n\n\n<p>Apr\u00e8s la c\u00e9r\u00e9monie de comm\u00e9moration du 8 mai 1945, a eu lieu la remise des dipl\u00f4mes et insignes de porte-drapeau \u00e0 Messieurs Marcel CARR\u00c8RE et Robert FIORETTI. Cette c\u00e9r\u00e9monie ne peut se faire devant le monument aux morts et nous nous sommes donc tous d\u00e9plac\u00e9s devant le parvis de l&rsquo;\u00e9glise.<\/p>\n\n\n\n<p><em><strong>Monsieur Michel SIMONIN, pr\u00e9sident de l&rsquo;Union D\u00e9partemental de la M\u00e9daille Militaire de Tarn-et-Garonne, remet l&rsquo;insigne de porte-drapeau \u00e0 Monsieur Marcel CARR\u00c8RE :<\/strong><\/em><\/p>\n\n\n<div class=\"wp-block-image\">\n<figure class=\"aligncenter size-full is-resized\"><a href=\"https:\/\/orgueil82.jvillain.fr\/wp-content\/uploads\/C\u00e9r\u00e9monies_MaM\/08mai2013\/mam20130805.jpg\"><img width=\"912\" height=\"684\"  alt=\"\" class=\"wp-image-2099 lws-optimize-lazyload\" style=\"width:396px;height:auto\"\/ data-src=\"https:\/\/orgueil82.jvillain.fr\/wp-content\/uploads\/C\u00e9r\u00e9monies_MaM\/08mai2013\/mam20130805.jpg\" srcset=\"https:\/\/orgueil82.jvillain.fr\/wp-content\/uploads\/C\u00e9r\u00e9monies_MaM\/08mai2013\/mam20130805.jpg 912w, https:\/\/orgueil82.jvillain.fr\/wp-content\/uploads\/C\u00e9r\u00e9monies_MaM\/08mai2013\/mam20130805-300x225.jpg 300w, https:\/\/orgueil82.jvillain.fr\/wp-content\/uploads\/C\u00e9r\u00e9monies_MaM\/08mai2013\/mam20130805-768x576.jpg 768w\" sizes=\"(max-width: 912px) 100vw, 912px\" \/><\/a><\/figure>\n<\/div>\n\n\n<p><em><strong>Monsieur le maire va remettre le dipl\u00f4me de porte-drapeau \u00e0 Monsieur Marcel CARR\u00c8RE<\/strong><\/em> :<\/p>\n\n\n<div class=\"wp-block-image\">\n<figure class=\"aligncenter size-full is-resized\"><a href=\"https:\/\/orgueil82.jvillain.fr\/wp-content\/uploads\/C\u00e9r\u00e9monies_MaM\/08mai2013\/mam20130806.jpg\"><img width=\"912\" height=\"684\"  alt=\"\" class=\"wp-image-2101 lws-optimize-lazyload\" style=\"width:377px;height:auto\"\/ data-src=\"https:\/\/orgueil82.jvillain.fr\/wp-content\/uploads\/C\u00e9r\u00e9monies_MaM\/08mai2013\/mam20130806.jpg\" srcset=\"https:\/\/orgueil82.jvillain.fr\/wp-content\/uploads\/C\u00e9r\u00e9monies_MaM\/08mai2013\/mam20130806.jpg 912w, https:\/\/orgueil82.jvillain.fr\/wp-content\/uploads\/C\u00e9r\u00e9monies_MaM\/08mai2013\/mam20130806-300x225.jpg 300w, https:\/\/orgueil82.jvillain.fr\/wp-content\/uploads\/C\u00e9r\u00e9monies_MaM\/08mai2013\/mam20130806-768x576.jpg 768w\" sizes=\"(max-width: 912px) 100vw, 912px\" \/><\/a><\/figure>\n<\/div>\n\n\n<p><em><strong>Monsieur Michel SIMONIN, pr\u00e9sident de l&rsquo;Union D\u00e9partemental de la M\u00e9daille Militaire de Tarn-et-Garonne, remet l&rsquo;insigne de porte drapeau \u00e0 Monsieur Robert FIORETTI :<\/strong><\/em><\/p>\n\n\n<div class=\"wp-block-image\">\n<figure class=\"aligncenter size-full is-resized\"><a href=\"https:\/\/orgueil82.jvillain.fr\/wp-content\/uploads\/C\u00e9r\u00e9monies_MaM\/08mai2013\/mam20130807.jpg\"><img width=\"912\" height=\"684\"  alt=\"\" class=\"wp-image-2106 lws-optimize-lazyload\" style=\"width:463px;height:auto\"\/ data-src=\"https:\/\/orgueil82.jvillain.fr\/wp-content\/uploads\/C\u00e9r\u00e9monies_MaM\/08mai2013\/mam20130807.jpg\" srcset=\"https:\/\/orgueil82.jvillain.fr\/wp-content\/uploads\/C\u00e9r\u00e9monies_MaM\/08mai2013\/mam20130807.jpg 912w, https:\/\/orgueil82.jvillain.fr\/wp-content\/uploads\/C\u00e9r\u00e9monies_MaM\/08mai2013\/mam20130807-300x225.jpg 300w, https:\/\/orgueil82.jvillain.fr\/wp-content\/uploads\/C\u00e9r\u00e9monies_MaM\/08mai2013\/mam20130807-768x576.jpg 768w\" sizes=\"(max-width: 912px) 100vw, 912px\" \/><\/a><\/figure>\n<\/div>\n\n\n<p><em><strong>Monsieur le maire va remettre le dipl\u00f4me de porte-drapeau \u00e0 Monsieur Robert FIORETTI<\/strong><\/em> :<\/p>\n\n\n<div class=\"wp-block-image\">\n<figure class=\"aligncenter size-full is-resized\"><a href=\"https:\/\/orgueil82.jvillain.fr\/wp-content\/uploads\/C\u00e9r\u00e9monies_MaM\/08mai2013\/mam20130808.jpg\"><img width=\"912\" height=\"684\"  alt=\"\" class=\"wp-image-2105 lws-optimize-lazyload\" style=\"width:463px;height:auto\"\/ data-src=\"https:\/\/orgueil82.jvillain.fr\/wp-content\/uploads\/C\u00e9r\u00e9monies_MaM\/08mai2013\/mam20130808.jpg\" srcset=\"https:\/\/orgueil82.jvillain.fr\/wp-content\/uploads\/C\u00e9r\u00e9monies_MaM\/08mai2013\/mam20130808.jpg 912w, https:\/\/orgueil82.jvillain.fr\/wp-content\/uploads\/C\u00e9r\u00e9monies_MaM\/08mai2013\/mam20130808-300x225.jpg 300w, https:\/\/orgueil82.jvillain.fr\/wp-content\/uploads\/C\u00e9r\u00e9monies_MaM\/08mai2013\/mam20130808-768x576.jpg 768w\" sizes=\"(max-width: 912px) 100vw, 912px\" \/><\/a><\/figure>\n<\/div>\n\n\n<p>Une photo de nos porte-drapeaux entour\u00e9s de Monsieur SIMONIN et de notre Maire, notre drapeau \u00e0 droite de Monsieur le Maire est port\u00e9 par Monsieur Bruno POTIER.<\/p>\n\n\n<div class=\"wp-block-image\">\n<figure class=\"aligncenter size-full is-resized\"><a href=\"https:\/\/orgueil82.jvillain.fr\/wp-content\/uploads\/C\u00e9r\u00e9monies_MaM\/08mai2013\/mam20130809.jpg\"><img width=\"912\" height=\"684\"  alt=\"\" class=\"wp-image-2102 lws-optimize-lazyload\" style=\"width:503px;height:auto\"\/ data-src=\"https:\/\/orgueil82.jvillain.fr\/wp-content\/uploads\/C\u00e9r\u00e9monies_MaM\/08mai2013\/mam20130809.jpg\" srcset=\"https:\/\/orgueil82.jvillain.fr\/wp-content\/uploads\/C\u00e9r\u00e9monies_MaM\/08mai2013\/mam20130809.jpg 912w, https:\/\/orgueil82.jvillain.fr\/wp-content\/uploads\/C\u00e9r\u00e9monies_MaM\/08mai2013\/mam20130809-300x225.jpg 300w, https:\/\/orgueil82.jvillain.fr\/wp-content\/uploads\/C\u00e9r\u00e9monies_MaM\/08mai2013\/mam20130809-768x576.jpg 768w\" sizes=\"(max-width: 912px) 100vw, 912px\" \/><\/a><\/figure>\n<\/div>\n\n\n<p><a href=\"#hautpage\">Retour en haut de la page<\/a><\/p>\n\n\n\n<hr class=\"wp-block-separator has-alpha-channel-opacity\"\/>\n\n\n\n<h2 class=\"wp-block-heading has-global-color-14-color has-text-color has-link-color wp-elements-14ed411d795f5d375426998d2c69a4a3\" id=\"11nov2012\" style=\"font-style:normal;font-weight:600\">Comm\u00e9moration du 11 novembre &#8211; 11 novembre 2012<\/h2>\n\n\n\n<p>Le temps \u00e9tait maussade pour cette traditionnelle c\u00e9r\u00e9monie du 11 novembre. Elle se tenait \u00e0 11h30 et, comme Monsieur le Maire l&rsquo;expliquait en pr\u00e9ambule, elle n&rsquo;avait pu \u00eatre pr\u00e9c\u00e9d\u00e9e par la messe car l&rsquo;\u00e9glise du village est actuellement en cours de r\u00e9fection.<\/p>\n\n\n\n<p>Chaque 11 novembre une partie des enfants des \u00e9coles r\u00e9pond pr\u00e9sent pour chanter la Marseillaise sous la direction de Chantal, merci aux professeurs de perp\u00e9tuer cette tradition et de r\u00e9pondre pr\u00e9sents chaque ann\u00e9e.<\/p>\n\n\n<div class=\"wp-block-image\">\n<figure class=\"aligncenter size-full is-resized\"><a href=\"https:\/\/orgueil82.jvillain.fr\/wp-content\/uploads\/C\u00e9r\u00e9monies_MaM\/11nov2012\/mam.jpg\"><img width=\"1459\" height=\"1094\"  alt=\"\" class=\"wp-image-2095 lws-optimize-lazyload\" style=\"width:381px;height:auto\"\/ data-src=\"https:\/\/orgueil82.jvillain.fr\/wp-content\/uploads\/C\u00e9r\u00e9monies_MaM\/11nov2012\/mam.jpg\" srcset=\"https:\/\/orgueil82.jvillain.fr\/wp-content\/uploads\/C\u00e9r\u00e9monies_MaM\/11nov2012\/mam.jpg 1459w, https:\/\/orgueil82.jvillain.fr\/wp-content\/uploads\/C\u00e9r\u00e9monies_MaM\/11nov2012\/mam-300x225.jpg 300w, https:\/\/orgueil82.jvillain.fr\/wp-content\/uploads\/C\u00e9r\u00e9monies_MaM\/11nov2012\/mam-768x576.jpg 768w\" sizes=\"(max-width: 1459px) 100vw, 1459px\" \/><\/a><\/figure>\n<\/div>\n\n\n<p>Quelques habitants du village, des \u00e9lus municipaux, des professeurs des \u00e9coles et des enfants se sont donc retrouv\u00e9s \u00e0 11h30 devant le monument aux morts fleuri pour l&rsquo;occasion.<\/p>\n\n\n<div class=\"wp-block-image\">\n<figure class=\"aligncenter size-full is-resized\"><a href=\"https:\/\/orgueil82.jvillain.fr\/wp-content\/uploads\/C\u00e9r\u00e9monies_MaM\/11nov2012\/debut.jpg\"><img width=\"1459\" height=\"1094\"  alt=\"\" class=\"wp-image-2092 lws-optimize-lazyload\" style=\"width:349px;height:auto\"\/ data-src=\"https:\/\/orgueil82.jvillain.fr\/wp-content\/uploads\/C\u00e9r\u00e9monies_MaM\/11nov2012\/debut.jpg\" srcset=\"https:\/\/orgueil82.jvillain.fr\/wp-content\/uploads\/C\u00e9r\u00e9monies_MaM\/11nov2012\/debut.jpg 1459w, https:\/\/orgueil82.jvillain.fr\/wp-content\/uploads\/C\u00e9r\u00e9monies_MaM\/11nov2012\/debut-300x225.jpg 300w, https:\/\/orgueil82.jvillain.fr\/wp-content\/uploads\/C\u00e9r\u00e9monies_MaM\/11nov2012\/debut-768x576.jpg 768w\" sizes=\"(max-width: 1459px) 100vw, 1459px\" \/><\/a><\/figure>\n<\/div>\n\n\n<p>Avant la c\u00e9r\u00e9monie tout le monde discute et se donne des nouvelles.<\/p>\n\n\n\n<p>Monsieur le Maire regroupe ensuite toute l&rsquo;assistance et lit le message de Kader ARIF, Ministre d\u00e9l\u00e9gu\u00e9 aupr\u00e8s du ministre de la d\u00e9fense en charge des anciens combattants : comm\u00e9moration de la Victoire et de la Paix, hommage \u00e0 tous les Morts pour la France<\/p>\n\n\n\n<figure class=\"wp-block-gallery aligncenter has-nested-images columns-default wp-block-gallery-74 is-layout-flex wp-block-gallery-is-layout-flex\">\n<figure class=\"wp-block-image size-full\"><a href=\"https:\/\/orgueil82.jvillain.fr\/wp-content\/uploads\/C\u00e9r\u00e9monies_MaM\/11nov2012\/gerbe1.jpg\"><img width=\"1459\" height=\"1094\" data-id=\"2096\"  alt=\"\" class=\"wp-image-2096 lws-optimize-lazyload\"\/ data-src=\"https:\/\/orgueil82.jvillain.fr\/wp-content\/uploads\/C\u00e9r\u00e9monies_MaM\/11nov2012\/gerbe1.jpg\" srcset=\"https:\/\/orgueil82.jvillain.fr\/wp-content\/uploads\/C\u00e9r\u00e9monies_MaM\/11nov2012\/gerbe1.jpg 1459w, https:\/\/orgueil82.jvillain.fr\/wp-content\/uploads\/C\u00e9r\u00e9monies_MaM\/11nov2012\/gerbe1-300x225.jpg 300w, https:\/\/orgueil82.jvillain.fr\/wp-content\/uploads\/C\u00e9r\u00e9monies_MaM\/11nov2012\/gerbe1-768x576.jpg 768w\" sizes=\"(max-width: 1459px) 100vw, 1459px\" \/><\/a><\/figure>\n\n\n\n<figure class=\"wp-block-image size-full\"><a href=\"https:\/\/orgueil82.jvillain.fr\/wp-content\/uploads\/C\u00e9r\u00e9monies_MaM\/11nov2012\/gerbe2.jpg\"><img width=\"1459\" height=\"1094\" data-id=\"2093\"  alt=\"\" class=\"wp-image-2093 lws-optimize-lazyload\"\/ data-src=\"https:\/\/orgueil82.jvillain.fr\/wp-content\/uploads\/C\u00e9r\u00e9monies_MaM\/11nov2012\/gerbe2.jpg\" srcset=\"https:\/\/orgueil82.jvillain.fr\/wp-content\/uploads\/C\u00e9r\u00e9monies_MaM\/11nov2012\/gerbe2.jpg 1459w, https:\/\/orgueil82.jvillain.fr\/wp-content\/uploads\/C\u00e9r\u00e9monies_MaM\/11nov2012\/gerbe2-300x225.jpg 300w, https:\/\/orgueil82.jvillain.fr\/wp-content\/uploads\/C\u00e9r\u00e9monies_MaM\/11nov2012\/gerbe2-768x576.jpg 768w\" sizes=\"(max-width: 1459px) 100vw, 1459px\" \/><\/a><\/figure>\n<\/figure>\n\n\n\n<p>Puis avec deux enfants Monsieur le Maire d\u00e9pose une gerbe au pied du monument aux morts.<\/p>\n\n\n<div class=\"wp-block-image\">\n<figure class=\"aligncenter size-full is-resized\"><a href=\"https:\/\/orgueil82.jvillain.fr\/wp-content\/uploads\/C\u00e9r\u00e9monies_MaM\/11nov2012\/lectmorts.jpg\"><img width=\"1200\" height=\"1600\"  alt=\"\" class=\"wp-image-2094 lws-optimize-lazyload\" style=\"width:331px;height:auto\"\/ data-src=\"https:\/\/orgueil82.jvillain.fr\/wp-content\/uploads\/C\u00e9r\u00e9monies_MaM\/11nov2012\/lectmorts.jpg\" srcset=\"https:\/\/orgueil82.jvillain.fr\/wp-content\/uploads\/C\u00e9r\u00e9monies_MaM\/11nov2012\/lectmorts.jpg 1200w, https:\/\/orgueil82.jvillain.fr\/wp-content\/uploads\/C\u00e9r\u00e9monies_MaM\/11nov2012\/lectmorts-225x300.jpg 225w, https:\/\/orgueil82.jvillain.fr\/wp-content\/uploads\/C\u00e9r\u00e9monies_MaM\/11nov2012\/lectmorts-768x1024.jpg 768w, https:\/\/orgueil82.jvillain.fr\/wp-content\/uploads\/C\u00e9r\u00e9monies_MaM\/11nov2012\/lectmorts-1152x1536.jpg 1152w\" sizes=\"(max-width: 1200px) 100vw, 1200px\" \/><\/a><\/figure>\n<\/div>\n\n\n<p>Il proc\u00e8de ensuite \u00e0 la lecture des enfants du village morts pour la France inscrits sur le monument, et puis la sonnerie \u00ab\u00a0aux morts\u00a0\u00bb s&rsquo;\u00e9l\u00e8ve dans le ciel suivie de la minute de silence.<\/p>\n\n\n<div class=\"wp-block-image\">\n<figure class=\"aligncenter size-full is-resized\"><a href=\"https:\/\/orgueil82.jvillain.fr\/wp-content\/uploads\/C\u00e9r\u00e9monies_MaM\/11nov2012\/marseillaise.jpg\"><img width=\"1459\" height=\"1094\"  alt=\"\" class=\"wp-image-2091 lws-optimize-lazyload\" style=\"width:400px;height:auto\"\/ data-src=\"https:\/\/orgueil82.jvillain.fr\/wp-content\/uploads\/C\u00e9r\u00e9monies_MaM\/11nov2012\/marseillaise.jpg\" srcset=\"https:\/\/orgueil82.jvillain.fr\/wp-content\/uploads\/C\u00e9r\u00e9monies_MaM\/11nov2012\/marseillaise.jpg 1459w, https:\/\/orgueil82.jvillain.fr\/wp-content\/uploads\/C\u00e9r\u00e9monies_MaM\/11nov2012\/marseillaise-300x225.jpg 300w, https:\/\/orgueil82.jvillain.fr\/wp-content\/uploads\/C\u00e9r\u00e9monies_MaM\/11nov2012\/marseillaise-768x576.jpg 768w\" sizes=\"(max-width: 1459px) 100vw, 1459px\" \/><\/a><\/figure>\n<\/div>\n\n\n<p>C&rsquo;est ensuite aux enfants d&rsquo;entonner une vibrante Marseillaise remarquablement chant\u00e9e.<\/p>\n\n\n\n<p>Un petit mot de Monsieur le Maire pour cl\u00f4turer la c\u00e9r\u00e9monie en invitant les personnes pr\u00e9sentes \u00e0 un verre de l&rsquo;amiti\u00e9,<\/p>\n\n\n<div class=\"wp-block-image\">\n<figure class=\"aligncenter size-full is-resized\"><a href=\"https:\/\/orgueil82.jvillain.fr\/wp-content\/uploads\/C\u00e9r\u00e9monies_MaM\/11nov2012\/fin.jpg\"><img width=\"1459\" height=\"1094\"  alt=\"\" class=\"wp-image-2090 lws-optimize-lazyload\" style=\"width:344px;height:auto\"\/ data-src=\"https:\/\/orgueil82.jvillain.fr\/wp-content\/uploads\/C\u00e9r\u00e9monies_MaM\/11nov2012\/fin.jpg\" srcset=\"https:\/\/orgueil82.jvillain.fr\/wp-content\/uploads\/C\u00e9r\u00e9monies_MaM\/11nov2012\/fin.jpg 1459w, https:\/\/orgueil82.jvillain.fr\/wp-content\/uploads\/C\u00e9r\u00e9monies_MaM\/11nov2012\/fin-300x225.jpg 300w, https:\/\/orgueil82.jvillain.fr\/wp-content\/uploads\/C\u00e9r\u00e9monies_MaM\/11nov2012\/fin-768x576.jpg 768w\" sizes=\"(max-width: 1459px) 100vw, 1459px\" \/><\/a><\/figure>\n<\/div>\n\n\n<p>et chacun se remet \u00e0 discuter avant, soit de regagner sa maison, soit le caf\u00e9 du village pour boire ce verre amical.<\/p>\n\n\n\n<p><a href=\"#hautpage\">Retour en haut de la page<\/a><\/p>\n\n\n\n<hr class=\"wp-block-separator has-alpha-channel-opacity\"\/>\n\n\n\n<h2 class=\"wp-block-heading has-global-color-14-color has-text-color has-link-color wp-elements-9426385303a4d5a68e4fa5cbdbabdb9f\" id=\"11nov2011\" style=\"font-style:normal;font-weight:600\">Comm\u00e9moration du 11 novembre &#8211; Dimanche 11 novembre 2011<\/h2>\n\n\n\n<p>C&rsquo;est apr\u00e8s la messe dominicale qu&rsquo;a eu lieu la traditionnelle c\u00e9r\u00e9monie du souvenir. A l&rsquo;invitation de la municipalit\u00e9 quelques habitants du village, des professeurs de l&rsquo;\u00e9cole du village et des enfants ce sont rassembl\u00e9s devant le monument aux morts.<\/p>\n\n\n<div class=\"wp-block-image\">\n<figure class=\"aligncenter size-large is-resized\"><a href=\"https:\/\/orgueil82.jvillain.fr\/wp-content\/uploads\/C\u00e9r\u00e9monies_MaM\/11nov2011\/DSC01267-scaled.jpg\"><img width=\"2048\" height=\"1536\"  alt=\"\" class=\"wp-image-2085 lws-optimize-lazyload\" style=\"width:381px;height:auto\"\/ data-src=\"https:\/\/orgueil82.jvillain.fr\/wp-content\/uploads\/C\u00e9r\u00e9monies_MaM\/11nov2011\/DSC01267-2048x1536.jpg\" srcset=\"https:\/\/orgueil82.jvillain.fr\/wp-content\/uploads\/C\u00e9r\u00e9monies_MaM\/11nov2011\/DSC01267-2048x1536.jpg 2048w, https:\/\/orgueil82.jvillain.fr\/wp-content\/uploads\/C\u00e9r\u00e9monies_MaM\/11nov2011\/DSC01267-300x225.jpg 300w, https:\/\/orgueil82.jvillain.fr\/wp-content\/uploads\/C\u00e9r\u00e9monies_MaM\/11nov2011\/DSC01267-768x576.jpg 768w, https:\/\/orgueil82.jvillain.fr\/wp-content\/uploads\/C\u00e9r\u00e9monies_MaM\/11nov2011\/DSC01267-1536x1152.jpg 1536w\" sizes=\"(max-width: 2048px) 100vw, 2048px\" \/><\/a><\/figure>\n<\/div>\n\n\n<p>Beaucoup de porte-drapeaux pr\u00e9sents grace \u00e0 Mr Simonin, cela donne toujours un air un petit plus solennel \u00e0 la c\u00e9r\u00e9monie.<\/p>\n\n\n<div class=\"wp-block-image\">\n<figure class=\"aligncenter size-large is-resized\"><a href=\"https:\/\/orgueil82.jvillain.fr\/wp-content\/uploads\/C\u00e9r\u00e9monies_MaM\/11nov2011\/DSC01272-scaled.jpg\"><img width=\"2048\" height=\"1536\"  alt=\"\" class=\"wp-image-2086 lws-optimize-lazyload\" style=\"width:355px;height:auto\"\/ data-src=\"https:\/\/orgueil82.jvillain.fr\/wp-content\/uploads\/C\u00e9r\u00e9monies_MaM\/11nov2011\/DSC01272-2048x1536.jpg\" srcset=\"https:\/\/orgueil82.jvillain.fr\/wp-content\/uploads\/C\u00e9r\u00e9monies_MaM\/11nov2011\/DSC01272-2048x1536.jpg 2048w, https:\/\/orgueil82.jvillain.fr\/wp-content\/uploads\/C\u00e9r\u00e9monies_MaM\/11nov2011\/DSC01272-300x225.jpg 300w, https:\/\/orgueil82.jvillain.fr\/wp-content\/uploads\/C\u00e9r\u00e9monies_MaM\/11nov2011\/DSC01272-768x576.jpg 768w, https:\/\/orgueil82.jvillain.fr\/wp-content\/uploads\/C\u00e9r\u00e9monies_MaM\/11nov2011\/DSC01272-1536x1152.jpg 1536w\" sizes=\"(max-width: 2048px) 100vw, 2048px\" \/><\/a><\/figure>\n<\/div>\n\n\n<p>Apr\u00e8s avoir d\u00e9pos\u00e9 une gerbe au pied du monument, Monsieur le Maire a fait l&rsquo;appel des \u00ab\u00a0morts pour la France\u00a0\u00bb. Il a lu chacun des noms des soldats inscrits sur le monument et la foule a repris un vibrant \u00ab\u00a0Mort pour la France\u00a0\u00bb<\/p>\n\n\n<div class=\"wp-block-image\">\n<figure class=\"aligncenter size-large is-resized\"><a href=\"https:\/\/orgueil82.jvillain.fr\/wp-content\/uploads\/C\u00e9r\u00e9monies_MaM\/11nov2011\/DSC01278-scaled.jpg\"><img width=\"2048\" height=\"1536\"  alt=\"\" class=\"wp-image-2087 lws-optimize-lazyload\" style=\"width:381px;height:auto\"\/ data-src=\"https:\/\/orgueil82.jvillain.fr\/wp-content\/uploads\/C\u00e9r\u00e9monies_MaM\/11nov2011\/DSC01278-2048x1536.jpg\" srcset=\"https:\/\/orgueil82.jvillain.fr\/wp-content\/uploads\/C\u00e9r\u00e9monies_MaM\/11nov2011\/DSC01278-2048x1536.jpg 2048w, https:\/\/orgueil82.jvillain.fr\/wp-content\/uploads\/C\u00e9r\u00e9monies_MaM\/11nov2011\/DSC01278-300x225.jpg 300w, https:\/\/orgueil82.jvillain.fr\/wp-content\/uploads\/C\u00e9r\u00e9monies_MaM\/11nov2011\/DSC01278-768x576.jpg 768w, https:\/\/orgueil82.jvillain.fr\/wp-content\/uploads\/C\u00e9r\u00e9monies_MaM\/11nov2011\/DSC01278-1536x1152.jpg 1536w\" sizes=\"(max-width: 2048px) 100vw, 2048px\" \/><\/a><\/figure>\n<\/div>\n\n\n<p>Monsieur le Maire a ensuite lu le message du Pr\u00e9sident de la R\u00e9publique.<\/p>\n\n\n\n<p>Puis les enfants des \u00e9coles men\u00e9s par Chantal ont entonn\u00e9 la marseillaise.<\/p>\n\n\n\n<figure class=\"wp-block-embed is-type-video is-provider-youtube wp-block-embed-youtube wp-embed-aspect-16-9 wp-has-aspect-ratio\"><div class=\"wp-block-embed__wrapper\">\n<iframe title=\"11 novembre 2011 - Orgueil (82) - Marseillaise\" width=\"1200\" height=\"675\"  frameborder=\"0\" allow=\"accelerometer; autoplay; clipboard-write; encrypted-media; gyroscope; picture-in-picture; web-share\" referrerpolicy=\"strict-origin-when-cross-origin\" allowfullscreen class=\"lws-optimize-lazyload\" data-src=\"https:\/\/www.youtube.com\/embed\/zpI30s9CPDM?feature=oembed\"><\/iframe>\n<\/div><\/figure>\n\n\n\n<p><a href=\"#hautpage\">Retour en haut de la page<\/a><\/p>\n\n\n\n<hr class=\"wp-block-separator has-alpha-channel-opacity\"\/>\n\n\n\n<h2 class=\"wp-block-heading has-global-color-14-color has-text-color has-link-color wp-elements-7573b8a5b014c05e3001fdb7cab40f61\" id=\"21aout2011\" style=\"font-style:normal;font-weight:600\">Comm\u00e9moration f\u00eate du village &#8211; Dimanche 21 ao\u00fbt 2011<\/h2>\n\n\n<div class=\"wp-block-image\">\n<figure class=\"aligncenter size-full is-resized\"><a href=\"https:\/\/orgueil82.jvillain.fr\/wp-content\/uploads\/C\u00e9r\u00e9monies_MaM\/fet082011\/082011001g.jpg\"><img width=\"960\" height=\"720\"  alt=\"\" class=\"wp-image-2083 lws-optimize-lazyload\" style=\"width:422px;height:auto\"\/ data-src=\"https:\/\/orgueil82.jvillain.fr\/wp-content\/uploads\/C\u00e9r\u00e9monies_MaM\/fet082011\/082011001g.jpg\" srcset=\"https:\/\/orgueil82.jvillain.fr\/wp-content\/uploads\/C\u00e9r\u00e9monies_MaM\/fet082011\/082011001g.jpg 960w, https:\/\/orgueil82.jvillain.fr\/wp-content\/uploads\/C\u00e9r\u00e9monies_MaM\/fet082011\/082011001g-300x225.jpg 300w, https:\/\/orgueil82.jvillain.fr\/wp-content\/uploads\/C\u00e9r\u00e9monies_MaM\/fet082011\/082011001g-768x576.jpg 768w\" sizes=\"(max-width: 960px) 100vw, 960px\" \/><\/a><\/figure>\n<\/div>\n\n\n<p>Comme le veut la tradition, les habitants du village, tr\u00e8s peu malheureusement, se sont retrouv\u00e9s dimanche 21 ao\u00fbt apr\u00e8s la messe dominicale pour une br\u00e8ve c\u00e9r\u00e9monie au monuments aux morts, c\u00e9r\u00e9monie qui permet chaque ann\u00e9e de se rappeler que des enfants du village ont donn\u00e9 autrefois leur vie pour la France.<\/p>\n\n\n\n<p>A la sortie de la messe une d\u00e9l\u00e9gation de porte-drapeaux du d\u00e9partement a  entour\u00e9 le monument aux morts.<br>Monsieur le Maire accompagn\u00e9 de Monsieur Simonin et du nouveau commandant de la brigade de gendarmerie de Grisolles a d\u00e9pos\u00e9 une gerbe au pied du monument.<\/p>\n\n\n<div class=\"wp-block-image\">\n<figure class=\"aligncenter size-full is-resized\"><a href=\"https:\/\/orgueil82.jvillain.fr\/wp-content\/uploads\/C\u00e9r\u00e9monies_MaM\/fet082011\/082011002g.jpg\"><img width=\"1120\" height=\"840\"  alt=\"\" class=\"wp-image-2081 lws-optimize-lazyload\" style=\"width:369px;height:auto\"\/ data-src=\"https:\/\/orgueil82.jvillain.fr\/wp-content\/uploads\/C\u00e9r\u00e9monies_MaM\/fet082011\/082011002g.jpg\" srcset=\"https:\/\/orgueil82.jvillain.fr\/wp-content\/uploads\/C\u00e9r\u00e9monies_MaM\/fet082011\/082011002g.jpg 1120w, https:\/\/orgueil82.jvillain.fr\/wp-content\/uploads\/C\u00e9r\u00e9monies_MaM\/fet082011\/082011002g-300x225.jpg 300w, https:\/\/orgueil82.jvillain.fr\/wp-content\/uploads\/C\u00e9r\u00e9monies_MaM\/fet082011\/082011002g-768x576.jpg 768w\" sizes=\"(max-width: 1120px) 100vw, 1120px\" \/><\/a><\/figure>\n<\/div>\n\n\n<p>La sonnerie \u00ab\u00a0aux morts\u00a0\u00bb a retenti suivi d&rsquo;une minute de silence puis de la Marseillaise.<\/p>\n\n\n\n<figure class=\"wp-block-embed is-type-video is-provider-youtube wp-block-embed-youtube wp-embed-aspect-16-9 wp-has-aspect-ratio\"><div class=\"wp-block-embed__wrapper\">\n<iframe title=\"21 ao\u00fbt 2011 - C\u00e9r\u00e9monie au monument aux morts - Orgueil (82)\" width=\"1200\" height=\"675\"  frameborder=\"0\" allow=\"accelerometer; autoplay; clipboard-write; encrypted-media; gyroscope; picture-in-picture; web-share\" referrerpolicy=\"strict-origin-when-cross-origin\" allowfullscreen class=\"lws-optimize-lazyload\" data-src=\"https:\/\/www.youtube.com\/embed\/lSYLQVCergM?feature=oembed\"><\/iframe>\n<\/div><\/figure>\n\n\n\n<p>Apr\u00e8s avoir salu\u00e9 les porte-drapeaux Monsieur le Maire a remerci\u00e9 toutes les personnes pr\u00e9sentes. Tout le monde se retrouvait ensuite au caf\u00e9 des sports pour prendre l&rsquo;ap\u00e9ritif en musique gr\u00e2ce \u00e0 l&rsquo;orchestre Pau<\/p>\n\n\n\n<p><a href=\"#hautpage\">Retour en haut de la page<\/a><\/p>\n\n\n\n<hr class=\"wp-block-separator has-alpha-channel-opacity\"\/>\n\n\n\n<h2 class=\"wp-block-heading has-global-color-14-color has-text-color has-link-color wp-elements-a9adba0bc1396bbde520a0201f21617a\" id=\"11nov2010\" style=\"font-style:normal;font-weight:600\">Comm\u00e9moration du 11 novembre &#8211; 11 novembre 2010<\/h2>\n\n\n\n<p>Beau temps pour cette c\u00e9r\u00e9monie. Malheurseusement les porte-drapeaux qui nous font d&rsquo;habitude l&rsquo;honneur de participer ne pouvaient \u00eatre l\u00e0 car il y avait une c\u00e9r\u00e9monie au 17e RGP.<\/p>\n\n\n\n<figure class=\"wp-block-gallery aligncenter has-nested-images columns-2 wp-block-gallery-75 is-layout-flex wp-block-gallery-is-layout-flex\">\n<figure class=\"wp-block-image size-full\"><a href=\"https:\/\/orgueil82.jvillain.fr\/wp-content\/uploads\/C\u00e9r\u00e9monies_MaM\/11nov2010\/11nov2010b.jpg\"><img width=\"829\" height=\"622\" data-id=\"2655\"  alt=\"\" class=\"wp-image-2655 lws-optimize-lazyload\"\/ data-src=\"https:\/\/orgueil82.jvillain.fr\/wp-content\/uploads\/C\u00e9r\u00e9monies_MaM\/11nov2010\/11nov2010b.jpg\" srcset=\"https:\/\/orgueil82.jvillain.fr\/wp-content\/uploads\/C\u00e9r\u00e9monies_MaM\/11nov2010\/11nov2010b.jpg 829w, https:\/\/orgueil82.jvillain.fr\/wp-content\/uploads\/C\u00e9r\u00e9monies_MaM\/11nov2010\/11nov2010b-300x225.jpg 300w, https:\/\/orgueil82.jvillain.fr\/wp-content\/uploads\/C\u00e9r\u00e9monies_MaM\/11nov2010\/11nov2010b-768x576.jpg 768w\" sizes=\"(max-width: 829px) 100vw, 829px\" \/><\/a><\/figure>\n\n\n\n<figure class=\"wp-block-image size-full\"><a href=\"https:\/\/orgueil82.jvillain.fr\/wp-content\/uploads\/C\u00e9r\u00e9monies_MaM\/11nov2010\/11nov2010c.jpg\"><img width=\"829\" height=\"622\" data-id=\"2076\"  alt=\"\" class=\"wp-image-2076 lws-optimize-lazyload\"\/ data-src=\"https:\/\/orgueil82.jvillain.fr\/wp-content\/uploads\/C\u00e9r\u00e9monies_MaM\/11nov2010\/11nov2010c.jpg\" srcset=\"https:\/\/orgueil82.jvillain.fr\/wp-content\/uploads\/C\u00e9r\u00e9monies_MaM\/11nov2010\/11nov2010c.jpg 829w, https:\/\/orgueil82.jvillain.fr\/wp-content\/uploads\/C\u00e9r\u00e9monies_MaM\/11nov2010\/11nov2010c-300x225.jpg 300w, https:\/\/orgueil82.jvillain.fr\/wp-content\/uploads\/C\u00e9r\u00e9monies_MaM\/11nov2010\/11nov2010c-768x576.jpg 768w\" sizes=\"(max-width: 829px) 100vw, 829px\" \/><\/a><\/figure>\n\n\n\n<figure class=\"wp-block-image size-full\"><a href=\"https:\/\/orgueil82.jvillain.fr\/wp-content\/uploads\/C\u00e9r\u00e9monies_MaM\/11nov2010\/11nov2010d.jpg\"><img width=\"829\" height=\"622\" data-id=\"2078\"  alt=\"\" class=\"wp-image-2078 lws-optimize-lazyload\"\/ data-src=\"https:\/\/orgueil82.jvillain.fr\/wp-content\/uploads\/C\u00e9r\u00e9monies_MaM\/11nov2010\/11nov2010d.jpg\" srcset=\"https:\/\/orgueil82.jvillain.fr\/wp-content\/uploads\/C\u00e9r\u00e9monies_MaM\/11nov2010\/11nov2010d.jpg 829w, https:\/\/orgueil82.jvillain.fr\/wp-content\/uploads\/C\u00e9r\u00e9monies_MaM\/11nov2010\/11nov2010d-300x225.jpg 300w, https:\/\/orgueil82.jvillain.fr\/wp-content\/uploads\/C\u00e9r\u00e9monies_MaM\/11nov2010\/11nov2010d-768x576.jpg 768w\" sizes=\"(max-width: 829px) 100vw, 829px\" \/><\/a><\/figure>\n\n\n\n<figure class=\"wp-block-image size-full\"><a href=\"https:\/\/orgueil82.jvillain.fr\/wp-content\/uploads\/C\u00e9r\u00e9monies_MaM\/11nov2010\/11nov2010a.jpg\"><img width=\"829\" height=\"622\" data-id=\"2654\"  alt=\"\" class=\"wp-image-2654 lws-optimize-lazyload\"\/ data-src=\"https:\/\/orgueil82.jvillain.fr\/wp-content\/uploads\/C\u00e9r\u00e9monies_MaM\/11nov2010\/11nov2010a.jpg\" srcset=\"https:\/\/orgueil82.jvillain.fr\/wp-content\/uploads\/C\u00e9r\u00e9monies_MaM\/11nov2010\/11nov2010a.jpg 829w, https:\/\/orgueil82.jvillain.fr\/wp-content\/uploads\/C\u00e9r\u00e9monies_MaM\/11nov2010\/11nov2010a-300x225.jpg 300w, https:\/\/orgueil82.jvillain.fr\/wp-content\/uploads\/C\u00e9r\u00e9monies_MaM\/11nov2010\/11nov2010a-768x576.jpg 768w\" sizes=\"(max-width: 829px) 100vw, 829px\" \/><\/a><\/figure>\n<\/figure>\n\n\n\n<p>La Marseillaise par les enfants de l&rsquo;\u00e9cole :<\/p>\n\n\n\n<figure class=\"wp-block-embed is-type-video is-provider-youtube wp-block-embed-youtube wp-embed-aspect-16-9 wp-has-aspect-ratio\"><div class=\"wp-block-embed__wrapper\">\n<iframe title=\"11 novembre 2010 - Orgueil (82) - La Marseillaise\" width=\"1200\" height=\"675\"  frameborder=\"0\" allow=\"accelerometer; autoplay; clipboard-write; encrypted-media; gyroscope; picture-in-picture; web-share\" referrerpolicy=\"strict-origin-when-cross-origin\" allowfullscreen class=\"lws-optimize-lazyload\" data-src=\"https:\/\/www.youtube.com\/embed\/rURDb0lAV1s?feature=oembed\"><\/iframe>\n<\/div><\/figure>\n\n\n\n<p><a href=\"#hautpage\">Retour en haut de la page<\/a><\/p>\n\n\n\n<hr class=\"wp-block-separator has-alpha-channel-opacity\"\/>\n\n\n\n<h2 class=\"wp-block-heading has-global-color-14-color has-text-color has-link-color wp-elements-ccf753c337ba4ed69459933bb2d92562\" id=\"11nov2009\" style=\"font-style:normal;font-weight:600\">Comm\u00e9moration du 11 novembre &#8211; Dimanche 8 novembre 2009<\/h2>\n\n\n\n<p>Temps pluvieux pour ce 11 novembre mais malgr\u00e9 tout nous avons eu la chance d&rsquo;avoir un peu de monde et les enfants de l&rsquo;\u00e9cole avec leurs professeurs \u00e9taient pr\u00e9sents.<\/p>\n\n\n\n<figure class=\"wp-block-gallery aligncenter has-nested-images columns-default wp-block-gallery-76 is-layout-flex wp-block-gallery-is-layout-flex\">\n<figure class=\"wp-block-image size-full\"><a href=\"https:\/\/orgueil82.jvillain.fr\/wp-content\/uploads\/C\u00e9r\u00e9monies_MaM\/11nov2009\/200911001.jpg\"><img width=\"829\" height=\"622\" data-id=\"2072\"  alt=\"\" class=\"wp-image-2072 lws-optimize-lazyload\"\/ data-src=\"https:\/\/orgueil82.jvillain.fr\/wp-content\/uploads\/C\u00e9r\u00e9monies_MaM\/11nov2009\/200911001.jpg\" srcset=\"https:\/\/orgueil82.jvillain.fr\/wp-content\/uploads\/C\u00e9r\u00e9monies_MaM\/11nov2009\/200911001.jpg 829w, https:\/\/orgueil82.jvillain.fr\/wp-content\/uploads\/C\u00e9r\u00e9monies_MaM\/11nov2009\/200911001-300x225.jpg 300w, https:\/\/orgueil82.jvillain.fr\/wp-content\/uploads\/C\u00e9r\u00e9monies_MaM\/11nov2009\/200911001-768x576.jpg 768w\" sizes=\"(max-width: 829px) 100vw, 829px\" \/><\/a><\/figure>\n\n\n\n<figure class=\"wp-block-image size-full\"><a href=\"https:\/\/orgueil82.jvillain.fr\/wp-content\/uploads\/C\u00e9r\u00e9monies_MaM\/11nov2009\/200911006.jpg\"><img width=\"829\" height=\"622\" data-id=\"2073\"  alt=\"\" class=\"wp-image-2073 lws-optimize-lazyload\"\/ data-src=\"https:\/\/orgueil82.jvillain.fr\/wp-content\/uploads\/C\u00e9r\u00e9monies_MaM\/11nov2009\/200911006.jpg\" srcset=\"https:\/\/orgueil82.jvillain.fr\/wp-content\/uploads\/C\u00e9r\u00e9monies_MaM\/11nov2009\/200911006.jpg 829w, https:\/\/orgueil82.jvillain.fr\/wp-content\/uploads\/C\u00e9r\u00e9monies_MaM\/11nov2009\/200911006-300x225.jpg 300w, https:\/\/orgueil82.jvillain.fr\/wp-content\/uploads\/C\u00e9r\u00e9monies_MaM\/11nov2009\/200911006-768x576.jpg 768w\" sizes=\"(max-width: 829px) 100vw, 829px\" \/><\/a><\/figure>\n\n\n\n<figure class=\"wp-block-image size-full\"><a href=\"https:\/\/orgueil82.jvillain.fr\/wp-content\/uploads\/C\u00e9r\u00e9monies_MaM\/11nov2009\/200911005.jpg\"><img width=\"622\" height=\"829\" data-id=\"2074\"  alt=\"\" class=\"wp-image-2074 lws-optimize-lazyload\"\/ data-src=\"https:\/\/orgueil82.jvillain.fr\/wp-content\/uploads\/C\u00e9r\u00e9monies_MaM\/11nov2009\/200911005.jpg\" srcset=\"https:\/\/orgueil82.jvillain.fr\/wp-content\/uploads\/C\u00e9r\u00e9monies_MaM\/11nov2009\/200911005.jpg 622w, https:\/\/orgueil82.jvillain.fr\/wp-content\/uploads\/C\u00e9r\u00e9monies_MaM\/11nov2009\/200911005-225x300.jpg 225w\" sizes=\"(max-width: 622px) 100vw, 622px\" \/><\/a><\/figure>\n<\/figure>\n\n\n\n<p>Cette ann\u00e9e pour la premi\u00e8re fois nous avons film\u00e9 la c\u00e9r\u00e9monie du 11 novembre :<\/p>\n\n\n\n<figure class=\"wp-block-embed is-type-video is-provider-youtube wp-block-embed-youtube wp-embed-aspect-4-3 wp-has-aspect-ratio\"><div class=\"wp-block-embed__wrapper\">\n<iframe title=\"11 novembre 2009 - appel des noms grav\u00e9s sur le monument aux morts\" width=\"1200\" height=\"900\"  frameborder=\"0\" allow=\"accelerometer; autoplay; clipboard-write; encrypted-media; gyroscope; picture-in-picture; web-share\" referrerpolicy=\"strict-origin-when-cross-origin\" allowfullscreen class=\"lws-optimize-lazyload\" data-src=\"https:\/\/www.youtube.com\/embed\/XKpEUrKPWbE?feature=oembed\"><\/iframe>\n<\/div><\/figure>\n\n\n\n<figure class=\"wp-block-embed is-type-video is-provider-youtube wp-block-embed-youtube wp-embed-aspect-4-3 wp-has-aspect-ratio\"><div class=\"wp-block-embed__wrapper\">\n<iframe title=\"11 novembre 2009 - La Marseillaise par les enfants de l&#039;\u00e9cole d&#039;Orgueil\" width=\"1200\" height=\"900\"  frameborder=\"0\" allow=\"accelerometer; autoplay; clipboard-write; encrypted-media; gyroscope; picture-in-picture; web-share\" referrerpolicy=\"strict-origin-when-cross-origin\" allowfullscreen class=\"lws-optimize-lazyload\" data-src=\"https:\/\/www.youtube.com\/embed\/Wi41NNkvWUg?feature=oembed\"><\/iframe>\n<\/div><\/figure>\n\n\n\n<p><a href=\"#hautpage\">Retour en haut de la page<\/a><\/p>\n\n\n\n<hr class=\"wp-block-separator has-alpha-channel-opacity\"\/>\n\n\n\n<h2 class=\"wp-block-heading has-global-color-14-color has-text-color has-link-color wp-elements-74d07ae7389df6ad399e8f664ff8f957\" id=\"8mai2009\" style=\"font-style:normal;font-weight:600\">Comm\u00e9moration du 8 mai &#8211; Dimanche 10 mai 2009<\/h2>\n\n\n<div class=\"pgc-sgb-cb wp-block-pgcsimplygalleryblock-slider \" data-gallery-id=\"27683878\"style=&quot;min-height:480px&quot;><div class=\"sgb-preloader\" id=\"pr_27683878\">\n\t<div class=\"sgb-square\" style=\"background:#d4d4d4\"><\/div>\n\t<div class=\"sgb-square\" style=\"background:#d4d4d4\"><\/div>\n\t<div class=\"sgb-square\" style=\"background:#d4d4d4\"><\/div>\n\t<div class=\"sgb-square\" style=\"background:#d4d4d4\"><\/div><\/div><div class=\"simply-gallery-amp pgc_sgb_slider \"><noscript><div class=\"sgb-gallery\"><div class=\"sgb-item\"><a href=\"https:\/\/orgueil82.jvillain.fr\/?attachment_id=2680\" target=\"_blank\"><img alt=\"\" width=\"300\" height=\"199\" loading=\"lazy\"  srcset=\"https:\/\/orgueil82.jvillain.fr\/wp-content\/uploads\/C\u00e9r\u00e9monies_MaM\/08mai2009\/20090510_001-300x199.jpg 300w,https:\/\/orgueil82.jvillain.fr\/wp-content\/uploads\/C\u00e9r\u00e9monies_MaM\/08mai2009\/20090510_001-2048x1358.jpg 2048w,https:\/\/orgueil82.jvillain.fr\/wp-content\/uploads\/C\u00e9r\u00e9monies_MaM\/08mai2009\/20090510_001.jpg 2256w\" sizes=\"auto, 250px\"\/ class=\"lws-optimize-lazyload\" data-src=\"https:\/\/orgueil82.jvillain.fr\/wp-content\/uploads\/C\u00e9r\u00e9monies_MaM\/08mai2009\/20090510_001-300x199.jpg\"><\/a><\/div><div class=\"sgb-item\"><a href=\"https:\/\/orgueil82.jvillain.fr\/?attachment_id=2681\" target=\"_blank\"><img alt=\"\" width=\"300\" height=\"199\" loading=\"lazy\"  srcset=\"https:\/\/orgueil82.jvillain.fr\/wp-content\/uploads\/C\u00e9r\u00e9monies_MaM\/08mai2009\/20090510_003-300x199.jpg 300w,https:\/\/orgueil82.jvillain.fr\/wp-content\/uploads\/C\u00e9r\u00e9monies_MaM\/08mai2009\/20090510_003-2048x1358.jpg 2048w,https:\/\/orgueil82.jvillain.fr\/wp-content\/uploads\/C\u00e9r\u00e9monies_MaM\/08mai2009\/20090510_003.jpg 2256w\" sizes=\"auto, 250px\"\/ class=\"lws-optimize-lazyload\" data-src=\"https:\/\/orgueil82.jvillain.fr\/wp-content\/uploads\/C\u00e9r\u00e9monies_MaM\/08mai2009\/20090510_003-300x199.jpg\"><\/a><\/div><div class=\"sgb-item\"><a href=\"https:\/\/orgueil82.jvillain.fr\/?attachment_id=2682\" target=\"_blank\"><img alt=\"\" width=\"300\" height=\"199\" loading=\"lazy\"  srcset=\"https:\/\/orgueil82.jvillain.fr\/wp-content\/uploads\/C\u00e9r\u00e9monies_MaM\/08mai2009\/20090510_004-300x199.jpg 300w,https:\/\/orgueil82.jvillain.fr\/wp-content\/uploads\/C\u00e9r\u00e9monies_MaM\/08mai2009\/20090510_004-2048x1358.jpg 2048w,https:\/\/orgueil82.jvillain.fr\/wp-content\/uploads\/C\u00e9r\u00e9monies_MaM\/08mai2009\/20090510_004.jpg 2256w\" sizes=\"auto, 250px\"\/ class=\"lws-optimize-lazyload\" data-src=\"https:\/\/orgueil82.jvillain.fr\/wp-content\/uploads\/C\u00e9r\u00e9monies_MaM\/08mai2009\/20090510_004-300x199.jpg\"><\/a><\/div><div class=\"sgb-item\"><a href=\"https:\/\/orgueil82.jvillain.fr\/?attachment_id=2683\" target=\"_blank\"><img alt=\"\" width=\"199\" height=\"300\" loading=\"lazy\"  srcset=\"https:\/\/orgueil82.jvillain.fr\/wp-content\/uploads\/C\u00e9r\u00e9monies_MaM\/08mai2009\/20090510_006-199x300.jpg 199w,https:\/\/orgueil82.jvillain.fr\/wp-content\/uploads\/C\u00e9r\u00e9monies_MaM\/08mai2009\/20090510_006-1358x2048.jpg 1358w,https:\/\/orgueil82.jvillain.fr\/wp-content\/uploads\/C\u00e9r\u00e9monies_MaM\/08mai2009\/20090510_006-rotated.jpg 1496w\" sizes=\"auto, 250px\"\/ class=\"lws-optimize-lazyload\" data-src=\"https:\/\/orgueil82.jvillain.fr\/wp-content\/uploads\/C\u00e9r\u00e9monies_MaM\/08mai2009\/20090510_006-199x300.jpg\"><\/a><\/div><div class=\"sgb-item\"><a href=\"https:\/\/orgueil82.jvillain.fr\/?attachment_id=2684\" target=\"_blank\"><img alt=\"\" width=\"300\" height=\"199\" loading=\"lazy\"  srcset=\"https:\/\/orgueil82.jvillain.fr\/wp-content\/uploads\/C\u00e9r\u00e9monies_MaM\/08mai2009\/20090510_007-300x199.jpg 300w,https:\/\/orgueil82.jvillain.fr\/wp-content\/uploads\/C\u00e9r\u00e9monies_MaM\/08mai2009\/20090510_007-2048x1358.jpg 2048w,https:\/\/orgueil82.jvillain.fr\/wp-content\/uploads\/C\u00e9r\u00e9monies_MaM\/08mai2009\/20090510_007.jpg 2256w\" sizes=\"auto, 250px\"\/ class=\"lws-optimize-lazyload\" data-src=\"https:\/\/orgueil82.jvillain.fr\/wp-content\/uploads\/C\u00e9r\u00e9monies_MaM\/08mai2009\/20090510_007-300x199.jpg\"><\/a><\/div><div class=\"sgb-item\"><a href=\"https:\/\/orgueil82.jvillain.fr\/?attachment_id=2685\" target=\"_blank\"><img alt=\"\" width=\"300\" height=\"199\" loading=\"lazy\"  srcset=\"https:\/\/orgueil82.jvillain.fr\/wp-content\/uploads\/C\u00e9r\u00e9monies_MaM\/08mai2009\/20090510_009-300x199.jpg 300w,https:\/\/orgueil82.jvillain.fr\/wp-content\/uploads\/C\u00e9r\u00e9monies_MaM\/08mai2009\/20090510_009-2048x1358.jpg 2048w,https:\/\/orgueil82.jvillain.fr\/wp-content\/uploads\/C\u00e9r\u00e9monies_MaM\/08mai2009\/20090510_009.jpg 2256w\" sizes=\"auto, 250px\"\/ class=\"lws-optimize-lazyload\" data-src=\"https:\/\/orgueil82.jvillain.fr\/wp-content\/uploads\/C\u00e9r\u00e9monies_MaM\/08mai2009\/20090510_009-300x199.jpg\"><\/a><\/div><div class=\"sgb-item\"><a href=\"https:\/\/orgueil82.jvillain.fr\/?attachment_id=2686\" target=\"_blank\"><img alt=\"\" width=\"300\" height=\"199\" loading=\"lazy\"  srcset=\"https:\/\/orgueil82.jvillain.fr\/wp-content\/uploads\/C\u00e9r\u00e9monies_MaM\/08mai2009\/20090510_010-300x199.jpg 300w,https:\/\/orgueil82.jvillain.fr\/wp-content\/uploads\/C\u00e9r\u00e9monies_MaM\/08mai2009\/20090510_010-2048x1358.jpg 2048w,https:\/\/orgueil82.jvillain.fr\/wp-content\/uploads\/C\u00e9r\u00e9monies_MaM\/08mai2009\/20090510_010.jpg 2256w\" sizes=\"auto, 250px\"\/ class=\"lws-optimize-lazyload\" data-src=\"https:\/\/orgueil82.jvillain.fr\/wp-content\/uploads\/C\u00e9r\u00e9monies_MaM\/08mai2009\/20090510_010-300x199.jpg\"><\/a><\/div><div class=\"sgb-item\"><a href=\"https:\/\/orgueil82.jvillain.fr\/?attachment_id=2687\" target=\"_blank\"><img alt=\"\" width=\"300\" height=\"199\" loading=\"lazy\"  srcset=\"https:\/\/orgueil82.jvillain.fr\/wp-content\/uploads\/C\u00e9r\u00e9monies_MaM\/08mai2009\/20090510_012-300x199.jpg 300w,https:\/\/orgueil82.jvillain.fr\/wp-content\/uploads\/C\u00e9r\u00e9monies_MaM\/08mai2009\/20090510_012-2048x1358.jpg 2048w,https:\/\/orgueil82.jvillain.fr\/wp-content\/uploads\/C\u00e9r\u00e9monies_MaM\/08mai2009\/20090510_012.jpg 2256w\" sizes=\"auto, 250px\"\/ class=\"lws-optimize-lazyload\" data-src=\"https:\/\/orgueil82.jvillain.fr\/wp-content\/uploads\/C\u00e9r\u00e9monies_MaM\/08mai2009\/20090510_012-300x199.jpg\"><\/a><\/div><div class=\"sgb-item\"><a href=\"https:\/\/orgueil82.jvillain.fr\/?attachment_id=2688\" target=\"_blank\"><img alt=\"\" width=\"300\" height=\"199\" loading=\"lazy\"  srcset=\"https:\/\/orgueil82.jvillain.fr\/wp-content\/uploads\/C\u00e9r\u00e9monies_MaM\/08mai2009\/20090510_013-300x199.jpg 300w,https:\/\/orgueil82.jvillain.fr\/wp-content\/uploads\/C\u00e9r\u00e9monies_MaM\/08mai2009\/20090510_013-2048x1358.jpg 2048w,https:\/\/orgueil82.jvillain.fr\/wp-content\/uploads\/C\u00e9r\u00e9monies_MaM\/08mai2009\/20090510_013.jpg 2256w\" sizes=\"auto, 250px\"\/ class=\"lws-optimize-lazyload\" data-src=\"https:\/\/orgueil82.jvillain.fr\/wp-content\/uploads\/C\u00e9r\u00e9monies_MaM\/08mai2009\/20090510_013-300x199.jpg\"><\/a><\/div><div class=\"sgb-item\"><a href=\"https:\/\/orgueil82.jvillain.fr\/?attachment_id=2689\" target=\"_blank\"><img alt=\"\" width=\"300\" height=\"199\" loading=\"lazy\"  srcset=\"https:\/\/orgueil82.jvillain.fr\/wp-content\/uploads\/C\u00e9r\u00e9monies_MaM\/08mai2009\/20090510_017-300x199.jpg 300w,https:\/\/orgueil82.jvillain.fr\/wp-content\/uploads\/C\u00e9r\u00e9monies_MaM\/08mai2009\/20090510_017-2048x1358.jpg 2048w,https:\/\/orgueil82.jvillain.fr\/wp-content\/uploads\/C\u00e9r\u00e9monies_MaM\/08mai2009\/20090510_017.jpg 2256w\" sizes=\"auto, 250px\"\/ class=\"lws-optimize-lazyload\" data-src=\"https:\/\/orgueil82.jvillain.fr\/wp-content\/uploads\/C\u00e9r\u00e9monies_MaM\/08mai2009\/20090510_017-300x199.jpg\"><\/a><\/div><div class=\"sgb-item\"><a href=\"https:\/\/orgueil82.jvillain.fr\/?attachment_id=2690\" target=\"_blank\"><img alt=\"\" width=\"300\" height=\"199\" loading=\"lazy\"  srcset=\"https:\/\/orgueil82.jvillain.fr\/wp-content\/uploads\/C\u00e9r\u00e9monies_MaM\/08mai2009\/20090510_019-300x199.jpg 300w,https:\/\/orgueil82.jvillain.fr\/wp-content\/uploads\/C\u00e9r\u00e9monies_MaM\/08mai2009\/20090510_019-2048x1358.jpg 2048w,https:\/\/orgueil82.jvillain.fr\/wp-content\/uploads\/C\u00e9r\u00e9monies_MaM\/08mai2009\/20090510_019.jpg 2256w\" sizes=\"auto, 250px\"\/ class=\"lws-optimize-lazyload\" data-src=\"https:\/\/orgueil82.jvillain.fr\/wp-content\/uploads\/C\u00e9r\u00e9monies_MaM\/08mai2009\/20090510_019-300x199.jpg\"><\/a><\/div><div class=\"sgb-item\"><a href=\"https:\/\/orgueil82.jvillain.fr\/?attachment_id=2691\" target=\"_blank\"><img alt=\"\" width=\"199\" height=\"300\" loading=\"lazy\"  srcset=\"https:\/\/orgueil82.jvillain.fr\/wp-content\/uploads\/C\u00e9r\u00e9monies_MaM\/08mai2009\/20090510_020-199x300.jpg 199w,https:\/\/orgueil82.jvillain.fr\/wp-content\/uploads\/C\u00e9r\u00e9monies_MaM\/08mai2009\/20090510_020-1358x2048.jpg 1358w,https:\/\/orgueil82.jvillain.fr\/wp-content\/uploads\/C\u00e9r\u00e9monies_MaM\/08mai2009\/20090510_020-rotated.jpg 1496w\" sizes=\"auto, 250px\"\/ class=\"lws-optimize-lazyload\" data-src=\"https:\/\/orgueil82.jvillain.fr\/wp-content\/uploads\/C\u00e9r\u00e9monies_MaM\/08mai2009\/20090510_020-199x300.jpg\"><\/a><\/div><div class=\"sgb-item\"><a href=\"https:\/\/orgueil82.jvillain.fr\/?attachment_id=2692\" target=\"_blank\"><img alt=\"\" width=\"300\" height=\"199\" loading=\"lazy\"  srcset=\"https:\/\/orgueil82.jvillain.fr\/wp-content\/uploads\/C\u00e9r\u00e9monies_MaM\/08mai2009\/20090510_022-300x199.jpg 300w,https:\/\/orgueil82.jvillain.fr\/wp-content\/uploads\/C\u00e9r\u00e9monies_MaM\/08mai2009\/20090510_022-2048x1358.jpg 2048w,https:\/\/orgueil82.jvillain.fr\/wp-content\/uploads\/C\u00e9r\u00e9monies_MaM\/08mai2009\/20090510_022.jpg 2256w\" sizes=\"auto, 250px\"\/ class=\"lws-optimize-lazyload\" data-src=\"https:\/\/orgueil82.jvillain.fr\/wp-content\/uploads\/C\u00e9r\u00e9monies_MaM\/08mai2009\/20090510_022-300x199.jpg\"><\/a><\/div><div class=\"sgb-item\"><a href=\"https:\/\/orgueil82.jvillain.fr\/?attachment_id=2693\" target=\"_blank\"><img alt=\"\" width=\"300\" height=\"199\" loading=\"lazy\"  srcset=\"https:\/\/orgueil82.jvillain.fr\/wp-content\/uploads\/C\u00e9r\u00e9monies_MaM\/08mai2009\/20090510_025-300x199.jpg 300w,https:\/\/orgueil82.jvillain.fr\/wp-content\/uploads\/C\u00e9r\u00e9monies_MaM\/08mai2009\/20090510_025-2048x1358.jpg 2048w,https:\/\/orgueil82.jvillain.fr\/wp-content\/uploads\/C\u00e9r\u00e9monies_MaM\/08mai2009\/20090510_025.jpg 2256w\" sizes=\"auto, 250px\"\/ class=\"lws-optimize-lazyload\" data-src=\"https:\/\/orgueil82.jvillain.fr\/wp-content\/uploads\/C\u00e9r\u00e9monies_MaM\/08mai2009\/20090510_025-300x199.jpg\"><\/a><\/div><div class=\"sgb-item\"><a href=\"https:\/\/orgueil82.jvillain.fr\/?attachment_id=2694\" target=\"_blank\"><img alt=\"\" width=\"300\" height=\"199\" loading=\"lazy\"  srcset=\"https:\/\/orgueil82.jvillain.fr\/wp-content\/uploads\/C\u00e9r\u00e9monies_MaM\/08mai2009\/20090510_026-300x199.jpg 300w,https:\/\/orgueil82.jvillain.fr\/wp-content\/uploads\/C\u00e9r\u00e9monies_MaM\/08mai2009\/20090510_026-2048x1358.jpg 2048w,https:\/\/orgueil82.jvillain.fr\/wp-content\/uploads\/C\u00e9r\u00e9monies_MaM\/08mai2009\/20090510_026.jpg 2256w\" sizes=\"auto, 250px\"\/ class=\"lws-optimize-lazyload\" data-src=\"https:\/\/orgueil82.jvillain.fr\/wp-content\/uploads\/C\u00e9r\u00e9monies_MaM\/08mai2009\/20090510_026-300x199.jpg\"><\/a><\/div><\/div><\/noscript><\/div><script type=\"application\/json\" class=\"sgb-data\">{\"collectionThumbRecomendedWidth\":150,\"externalLinkFontSize\":12,\"captions\":false,\"collectionThumbSubMenuDownload\":false,\"sliderMaxHeight\":480,\"sliderAdminWidth\":1120,\"responsiveHeight\":true,\"galleryType\":\"pgc_sgb_slider\",\"galleryId\":\"27683878\",\"images\":[{\"id\":2680,\"title\":\"20090510_001\",\"url\":\"https:\/\/orgueil82.jvillain.fr\/wp-content\/uploads\/C\u00e9r\u00e9monies_MaM\/08mai2009\/20090510_001.jpg\",\"link\":\"https:\/\/orgueil82.jvillain.fr\/?attachment_id=2680\",\"alt\":\"\",\"description\":\"\",\"caption\":\"\",\"mime\":\"image\/jpeg\",\"type\":\"image\",\"width\":2256,\"height\":1496,\"sizes\":{\"thumbnail\":{\"height\":150,\"width\":150,\"url\":\"https:\/\/orgueil82.jvillain.fr\/wp-content\/uploads\/C\u00e9r\u00e9monies_MaM\/08mai2009\/20090510_001-150x150.jpg\",\"orientation\":\"landscape\"},\"medium\":{\"height\":199,\"width\":300,\"url\":\"https:\/\/orgueil82.jvillain.fr\/wp-content\/uploads\/C\u00e9r\u00e9monies_MaM\/08mai2009\/20090510_001-300x199.jpg\",\"orientation\":\"landscape\"},\"large\":{\"height\":1358,\"width\":2048,\"url\":\"https:\/\/orgueil82.jvillain.fr\/wp-content\/uploads\/C\u00e9r\u00e9monies_MaM\/08mai2009\/20090510_001-2048x1358.jpg\",\"orientation\":\"landscape\"},\"full\":{\"url\":\"https:\/\/orgueil82.jvillain.fr\/wp-content\/uploads\/C\u00e9r\u00e9monies_MaM\/08mai2009\/20090510_001.jpg\",\"height\":1496,\"width\":2256,\"orientation\":\"landscape\"}},\"imageMeta\":{\"aperture\":\"9\",\"credit\":\"\",\"camera\":\"DYNAX 5D\",\"caption\":\"KONICA MINOLTA DIGITAL CAMERA\",\"created_timestamp\":\"1241953887\",\"copyright\":\"\",\"focal_length\":\"35\",\"iso\":\"200\",\"shutter_speed\":\"0.003125\",\"title\":\"KONICA MINOLTA DIGITAL CAMERA\",\"orientation\":\"1\",\"keywords\":[]},\"meta\":false,\"postlink\":\"https:\/\/orgueil82.jvillain.fr\/?attachment_id=2680\"},{\"id\":2681,\"title\":\"20090510_003\",\"url\":\"https:\/\/orgueil82.jvillain.fr\/wp-content\/uploads\/C\u00e9r\u00e9monies_MaM\/08mai2009\/20090510_003.jpg\",\"link\":\"https:\/\/orgueil82.jvillain.fr\/?attachment_id=2681\",\"alt\":\"\",\"description\":\"\",\"caption\":\"\",\"mime\":\"image\/jpeg\",\"type\":\"image\",\"width\":2256,\"height\":1496,\"sizes\":{\"thumbnail\":{\"height\":150,\"width\":150,\"url\":\"https:\/\/orgueil82.jvillain.fr\/wp-content\/uploads\/C\u00e9r\u00e9monies_MaM\/08mai2009\/20090510_003-150x150.jpg\",\"orientation\":\"landscape\"},\"medium\":{\"height\":199,\"width\":300,\"url\":\"https:\/\/orgueil82.jvillain.fr\/wp-content\/uploads\/C\u00e9r\u00e9monies_MaM\/08mai2009\/20090510_003-300x199.jpg\",\"orientation\":\"landscape\"},\"large\":{\"height\":1358,\"width\":2048,\"url\":\"https:\/\/orgueil82.jvillain.fr\/wp-content\/uploads\/C\u00e9r\u00e9monies_MaM\/08mai2009\/20090510_003-2048x1358.jpg\",\"orientation\":\"landscape\"},\"full\":{\"url\":\"https:\/\/orgueil82.jvillain.fr\/wp-content\/uploads\/C\u00e9r\u00e9monies_MaM\/08mai2009\/20090510_003.jpg\",\"height\":1496,\"width\":2256,\"orientation\":\"landscape\"}},\"imageMeta\":{\"aperture\":\"8\",\"credit\":\"\",\"camera\":\"DYNAX 5D\",\"caption\":\"KONICA MINOLTA DIGITAL CAMERA\",\"created_timestamp\":\"1241954098\",\"copyright\":\"\",\"focal_length\":\"20\",\"iso\":\"200\",\"shutter_speed\":\"0.0025\",\"title\":\"KONICA MINOLTA DIGITAL CAMERA\",\"orientation\":\"1\",\"keywords\":[]},\"meta\":false,\"postlink\":\"https:\/\/orgueil82.jvillain.fr\/?attachment_id=2681\"},{\"id\":2682,\"title\":\"20090510_004\",\"url\":\"https:\/\/orgueil82.jvillain.fr\/wp-content\/uploads\/C\u00e9r\u00e9monies_MaM\/08mai2009\/20090510_004.jpg\",\"link\":\"https:\/\/orgueil82.jvillain.fr\/?attachment_id=2682\",\"alt\":\"\",\"description\":\"\",\"caption\":\"\",\"mime\":\"image\/jpeg\",\"type\":\"image\",\"width\":2256,\"height\":1496,\"sizes\":{\"thumbnail\":{\"height\":150,\"width\":150,\"url\":\"https:\/\/orgueil82.jvillain.fr\/wp-content\/uploads\/C\u00e9r\u00e9monies_MaM\/08mai2009\/20090510_004-150x150.jpg\",\"orientation\":\"landscape\"},\"medium\":{\"height\":199,\"width\":300,\"url\":\"https:\/\/orgueil82.jvillain.fr\/wp-content\/uploads\/C\u00e9r\u00e9monies_MaM\/08mai2009\/20090510_004-300x199.jpg\",\"orientation\":\"landscape\"},\"large\":{\"height\":1358,\"width\":2048,\"url\":\"https:\/\/orgueil82.jvillain.fr\/wp-content\/uploads\/C\u00e9r\u00e9monies_MaM\/08mai2009\/20090510_004-2048x1358.jpg\",\"orientation\":\"landscape\"},\"full\":{\"url\":\"https:\/\/orgueil82.jvillain.fr\/wp-content\/uploads\/C\u00e9r\u00e9monies_MaM\/08mai2009\/20090510_004.jpg\",\"height\":1496,\"width\":2256,\"orientation\":\"landscape\"}},\"imageMeta\":{\"aperture\":\"9\",\"credit\":\"\",\"camera\":\"DYNAX 5D\",\"caption\":\"KONICA MINOLTA DIGITAL CAMERA\",\"created_timestamp\":\"1241954115\",\"copyright\":\"\",\"focal_length\":\"30\",\"iso\":\"200\",\"shutter_speed\":\"0.004\",\"title\":\"KONICA MINOLTA DIGITAL CAMERA\",\"orientation\":\"1\",\"keywords\":[]},\"meta\":false,\"postlink\":\"https:\/\/orgueil82.jvillain.fr\/?attachment_id=2682\"},{\"id\":2683,\"title\":\"20090510_006\",\"url\":\"https:\/\/orgueil82.jvillain.fr\/wp-content\/uploads\/C\u00e9r\u00e9monies_MaM\/08mai2009\/20090510_006-rotated.jpg\",\"link\":\"https:\/\/orgueil82.jvillain.fr\/?attachment_id=2683\",\"alt\":\"\",\"description\":\"\",\"caption\":\"\",\"mime\":\"image\/jpeg\",\"type\":\"image\",\"width\":1496,\"height\":2256,\"sizes\":{\"thumbnail\":{\"height\":150,\"width\":150,\"url\":\"https:\/\/orgueil82.jvillain.fr\/wp-content\/uploads\/C\u00e9r\u00e9monies_MaM\/08mai2009\/20090510_006-150x150.jpg\",\"orientation\":\"landscape\"},\"medium\":{\"height\":300,\"width\":199,\"url\":\"https:\/\/orgueil82.jvillain.fr\/wp-content\/uploads\/C\u00e9r\u00e9monies_MaM\/08mai2009\/20090510_006-199x300.jpg\",\"orientation\":\"portrait\"},\"large\":{\"height\":2048,\"width\":1358,\"url\":\"https:\/\/orgueil82.jvillain.fr\/wp-content\/uploads\/C\u00e9r\u00e9monies_MaM\/08mai2009\/20090510_006-1358x2048.jpg\",\"orientation\":\"portrait\"},\"full\":{\"url\":\"https:\/\/orgueil82.jvillain.fr\/wp-content\/uploads\/C\u00e9r\u00e9monies_MaM\/08mai2009\/20090510_006-rotated.jpg\",\"height\":2256,\"width\":1496,\"orientation\":\"portrait\"}},\"imageMeta\":{\"aperture\":\"7.1\",\"credit\":\"\",\"camera\":\"DYNAX 5D\",\"caption\":\"KONICA MINOLTA DIGITAL CAMERA\",\"created_timestamp\":\"1241954133\",\"copyright\":\"\",\"focal_length\":\"26\",\"iso\":\"200\",\"shutter_speed\":\"0.003125\",\"title\":\"KONICA MINOLTA DIGITAL CAMERA\",\"orientation\":1,\"keywords\":[]},\"meta\":false,\"postlink\":\"https:\/\/orgueil82.jvillain.fr\/?attachment_id=2683\"},{\"id\":2684,\"title\":\"20090510_007\",\"url\":\"https:\/\/orgueil82.jvillain.fr\/wp-content\/uploads\/C\u00e9r\u00e9monies_MaM\/08mai2009\/20090510_007.jpg\",\"link\":\"https:\/\/orgueil82.jvillain.fr\/?attachment_id=2684\",\"alt\":\"\",\"description\":\"\",\"caption\":\"\",\"mime\":\"image\/jpeg\",\"type\":\"image\",\"width\":2256,\"height\":1496,\"sizes\":{\"thumbnail\":{\"height\":150,\"width\":150,\"url\":\"https:\/\/orgueil82.jvillain.fr\/wp-content\/uploads\/C\u00e9r\u00e9monies_MaM\/08mai2009\/20090510_007-150x150.jpg\",\"orientation\":\"landscape\"},\"medium\":{\"height\":199,\"width\":300,\"url\":\"https:\/\/orgueil82.jvillain.fr\/wp-content\/uploads\/C\u00e9r\u00e9monies_MaM\/08mai2009\/20090510_007-300x199.jpg\",\"orientation\":\"landscape\"},\"large\":{\"height\":1358,\"width\":2048,\"url\":\"https:\/\/orgueil82.jvillain.fr\/wp-content\/uploads\/C\u00e9r\u00e9monies_MaM\/08mai2009\/20090510_007-2048x1358.jpg\",\"orientation\":\"landscape\"},\"full\":{\"url\":\"https:\/\/orgueil82.jvillain.fr\/wp-content\/uploads\/C\u00e9r\u00e9monies_MaM\/08mai2009\/20090510_007.jpg\",\"height\":1496,\"width\":2256,\"orientation\":\"landscape\"}},\"imageMeta\":{\"aperture\":\"9\",\"credit\":\"\",\"camera\":\"DYNAX 5D\",\"caption\":\"KONICA MINOLTA DIGITAL CAMERA\",\"created_timestamp\":\"1241954167\",\"copyright\":\"\",\"focal_length\":\"50\",\"iso\":\"200\",\"shutter_speed\":\"0.003125\",\"title\":\"KONICA MINOLTA DIGITAL CAMERA\",\"orientation\":\"1\",\"keywords\":[]},\"meta\":false,\"postlink\":\"https:\/\/orgueil82.jvillain.fr\/?attachment_id=2684\"},{\"id\":2685,\"title\":\"20090510_009\",\"url\":\"https:\/\/orgueil82.jvillain.fr\/wp-content\/uploads\/C\u00e9r\u00e9monies_MaM\/08mai2009\/20090510_009.jpg\",\"link\":\"https:\/\/orgueil82.jvillain.fr\/?attachment_id=2685\",\"alt\":\"\",\"description\":\"\",\"caption\":\"\",\"mime\":\"image\/jpeg\",\"type\":\"image\",\"width\":2256,\"height\":1496,\"sizes\":{\"thumbnail\":{\"height\":150,\"width\":150,\"url\":\"https:\/\/orgueil82.jvillain.fr\/wp-content\/uploads\/C\u00e9r\u00e9monies_MaM\/08mai2009\/20090510_009-150x150.jpg\",\"orientation\":\"landscape\"},\"medium\":{\"height\":199,\"width\":300,\"url\":\"https:\/\/orgueil82.jvillain.fr\/wp-content\/uploads\/C\u00e9r\u00e9monies_MaM\/08mai2009\/20090510_009-300x199.jpg\",\"orientation\":\"landscape\"},\"large\":{\"height\":1358,\"width\":2048,\"url\":\"https:\/\/orgueil82.jvillain.fr\/wp-content\/uploads\/C\u00e9r\u00e9monies_MaM\/08mai2009\/20090510_009-2048x1358.jpg\",\"orientation\":\"landscape\"},\"full\":{\"url\":\"https:\/\/orgueil82.jvillain.fr\/wp-content\/uploads\/C\u00e9r\u00e9monies_MaM\/08mai2009\/20090510_009.jpg\",\"height\":1496,\"width\":2256,\"orientation\":\"landscape\"}},\"imageMeta\":{\"aperture\":\"7.1\",\"credit\":\"\",\"camera\":\"DYNAX 5D\",\"caption\":\"KONICA MINOLTA DIGITAL CAMERA\",\"created_timestamp\":\"1241954198\",\"copyright\":\"\",\"focal_length\":\"70\",\"iso\":\"200\",\"shutter_speed\":\"0.0025\",\"title\":\"KONICA MINOLTA DIGITAL CAMERA\",\"orientation\":\"1\",\"keywords\":[]},\"meta\":false,\"postlink\":\"https:\/\/orgueil82.jvillain.fr\/?attachment_id=2685\"},{\"id\":2686,\"title\":\"20090510_010\",\"url\":\"https:\/\/orgueil82.jvillain.fr\/wp-content\/uploads\/C\u00e9r\u00e9monies_MaM\/08mai2009\/20090510_010.jpg\",\"link\":\"https:\/\/orgueil82.jvillain.fr\/?attachment_id=2686\",\"alt\":\"\",\"description\":\"\",\"caption\":\"\",\"mime\":\"image\/jpeg\",\"type\":\"image\",\"width\":2256,\"height\":1496,\"sizes\":{\"thumbnail\":{\"height\":150,\"width\":150,\"url\":\"https:\/\/orgueil82.jvillain.fr\/wp-content\/uploads\/C\u00e9r\u00e9monies_MaM\/08mai2009\/20090510_010-150x150.jpg\",\"orientation\":\"landscape\"},\"medium\":{\"height\":199,\"width\":300,\"url\":\"https:\/\/orgueil82.jvillain.fr\/wp-content\/uploads\/C\u00e9r\u00e9monies_MaM\/08mai2009\/20090510_010-300x199.jpg\",\"orientation\":\"landscape\"},\"large\":{\"height\":1358,\"width\":2048,\"url\":\"https:\/\/orgueil82.jvillain.fr\/wp-content\/uploads\/C\u00e9r\u00e9monies_MaM\/08mai2009\/20090510_010-2048x1358.jpg\",\"orientation\":\"landscape\"},\"full\":{\"url\":\"https:\/\/orgueil82.jvillain.fr\/wp-content\/uploads\/C\u00e9r\u00e9monies_MaM\/08mai2009\/20090510_010.jpg\",\"height\":1496,\"width\":2256,\"orientation\":\"landscape\"}},\"imageMeta\":{\"aperture\":\"7.1\",\"credit\":\"\",\"camera\":\"DYNAX 5D\",\"caption\":\"KONICA MINOLTA DIGITAL CAMERA\",\"created_timestamp\":\"1241954214\",\"copyright\":\"\",\"focal_length\":\"40\",\"iso\":\"200\",\"shutter_speed\":\"0.004\",\"title\":\"KONICA MINOLTA DIGITAL CAMERA\",\"orientation\":\"1\",\"keywords\":[]},\"meta\":false,\"postlink\":\"https:\/\/orgueil82.jvillain.fr\/?attachment_id=2686\"},{\"id\":2687,\"title\":\"20090510_012\",\"url\":\"https:\/\/orgueil82.jvillain.fr\/wp-content\/uploads\/C\u00e9r\u00e9monies_MaM\/08mai2009\/20090510_012.jpg\",\"link\":\"https:\/\/orgueil82.jvillain.fr\/?attachment_id=2687\",\"alt\":\"\",\"description\":\"\",\"caption\":\"\",\"mime\":\"image\/jpeg\",\"type\":\"image\",\"width\":2256,\"height\":1496,\"sizes\":{\"thumbnail\":{\"height\":150,\"width\":150,\"url\":\"https:\/\/orgueil82.jvillain.fr\/wp-content\/uploads\/C\u00e9r\u00e9monies_MaM\/08mai2009\/20090510_012-150x150.jpg\",\"orientation\":\"landscape\"},\"medium\":{\"height\":199,\"width\":300,\"url\":\"https:\/\/orgueil82.jvillain.fr\/wp-content\/uploads\/C\u00e9r\u00e9monies_MaM\/08mai2009\/20090510_012-300x199.jpg\",\"orientation\":\"landscape\"},\"large\":{\"height\":1358,\"width\":2048,\"url\":\"https:\/\/orgueil82.jvillain.fr\/wp-content\/uploads\/C\u00e9r\u00e9monies_MaM\/08mai2009\/20090510_012-2048x1358.jpg\",\"orientation\":\"landscape\"},\"full\":{\"url\":\"https:\/\/orgueil82.jvillain.fr\/wp-content\/uploads\/C\u00e9r\u00e9monies_MaM\/08mai2009\/20090510_012.jpg\",\"height\":1496,\"width\":2256,\"orientation\":\"landscape\"}},\"imageMeta\":{\"aperture\":\"9\",\"credit\":\"\",\"camera\":\"DYNAX 5D\",\"caption\":\"KONICA MINOLTA DIGITAL CAMERA\",\"created_timestamp\":\"1241954265\",\"copyright\":\"\",\"focal_length\":\"60\",\"iso\":\"200\",\"shutter_speed\":\"0.0025\",\"title\":\"KONICA MINOLTA DIGITAL CAMERA\",\"orientation\":\"1\",\"keywords\":[]},\"meta\":false,\"postlink\":\"https:\/\/orgueil82.jvillain.fr\/?attachment_id=2687\"},{\"id\":2688,\"title\":\"20090510_013\",\"url\":\"https:\/\/orgueil82.jvillain.fr\/wp-content\/uploads\/C\u00e9r\u00e9monies_MaM\/08mai2009\/20090510_013.jpg\",\"link\":\"https:\/\/orgueil82.jvillain.fr\/?attachment_id=2688\",\"alt\":\"\",\"description\":\"\",\"caption\":\"\",\"mime\":\"image\/jpeg\",\"type\":\"image\",\"width\":2256,\"height\":1496,\"sizes\":{\"thumbnail\":{\"height\":150,\"width\":150,\"url\":\"https:\/\/orgueil82.jvillain.fr\/wp-content\/uploads\/C\u00e9r\u00e9monies_MaM\/08mai2009\/20090510_013-150x150.jpg\",\"orientation\":\"landscape\"},\"medium\":{\"height\":199,\"width\":300,\"url\":\"https:\/\/orgueil82.jvillain.fr\/wp-content\/uploads\/C\u00e9r\u00e9monies_MaM\/08mai2009\/20090510_013-300x199.jpg\",\"orientation\":\"landscape\"},\"large\":{\"height\":1358,\"width\":2048,\"url\":\"https:\/\/orgueil82.jvillain.fr\/wp-content\/uploads\/C\u00e9r\u00e9monies_MaM\/08mai2009\/20090510_013-2048x1358.jpg\",\"orientation\":\"landscape\"},\"full\":{\"url\":\"https:\/\/orgueil82.jvillain.fr\/wp-content\/uploads\/C\u00e9r\u00e9monies_MaM\/08mai2009\/20090510_013.jpg\",\"height\":1496,\"width\":2256,\"orientation\":\"landscape\"}},\"imageMeta\":{\"aperture\":\"10\",\"credit\":\"\",\"camera\":\"DYNAX 5D\",\"caption\":\"KONICA MINOLTA DIGITAL CAMERA\",\"created_timestamp\":\"1241954514\",\"copyright\":\"\",\"focal_length\":\"18\",\"iso\":\"100\",\"shutter_speed\":\"0.008\",\"title\":\"KONICA MINOLTA DIGITAL CAMERA\",\"orientation\":\"1\",\"keywords\":[]},\"meta\":false,\"postlink\":\"https:\/\/orgueil82.jvillain.fr\/?attachment_id=2688\"},{\"id\":2689,\"title\":\"20090510_017\",\"url\":\"https:\/\/orgueil82.jvillain.fr\/wp-content\/uploads\/C\u00e9r\u00e9monies_MaM\/08mai2009\/20090510_017.jpg\",\"link\":\"https:\/\/orgueil82.jvillain.fr\/?attachment_id=2689\",\"alt\":\"\",\"description\":\"\",\"caption\":\"\",\"mime\":\"image\/jpeg\",\"type\":\"image\",\"width\":2256,\"height\":1496,\"sizes\":{\"thumbnail\":{\"height\":150,\"width\":150,\"url\":\"https:\/\/orgueil82.jvillain.fr\/wp-content\/uploads\/C\u00e9r\u00e9monies_MaM\/08mai2009\/20090510_017-150x150.jpg\",\"orientation\":\"landscape\"},\"medium\":{\"height\":199,\"width\":300,\"url\":\"https:\/\/orgueil82.jvillain.fr\/wp-content\/uploads\/C\u00e9r\u00e9monies_MaM\/08mai2009\/20090510_017-300x199.jpg\",\"orientation\":\"landscape\"},\"large\":{\"height\":1358,\"width\":2048,\"url\":\"https:\/\/orgueil82.jvillain.fr\/wp-content\/uploads\/C\u00e9r\u00e9monies_MaM\/08mai2009\/20090510_017-2048x1358.jpg\",\"orientation\":\"landscape\"},\"full\":{\"url\":\"https:\/\/orgueil82.jvillain.fr\/wp-content\/uploads\/C\u00e9r\u00e9monies_MaM\/08mai2009\/20090510_017.jpg\",\"height\":1496,\"width\":2256,\"orientation\":\"landscape\"}},\"imageMeta\":{\"aperture\":\"7.1\",\"credit\":\"\",\"camera\":\"DYNAX 5D\",\"caption\":\"KONICA MINOLTA DIGITAL CAMERA\",\"created_timestamp\":\"1241954753\",\"copyright\":\"\",\"focal_length\":\"60\",\"iso\":\"100\",\"shutter_speed\":\"0.00625\",\"title\":\"KONICA MINOLTA DIGITAL CAMERA\",\"orientation\":\"1\",\"keywords\":[]},\"meta\":false,\"postlink\":\"https:\/\/orgueil82.jvillain.fr\/?attachment_id=2689\"},{\"id\":2690,\"title\":\"20090510_019\",\"url\":\"https:\/\/orgueil82.jvillain.fr\/wp-content\/uploads\/C\u00e9r\u00e9monies_MaM\/08mai2009\/20090510_019.jpg\",\"link\":\"https:\/\/orgueil82.jvillain.fr\/?attachment_id=2690\",\"alt\":\"\",\"description\":\"\",\"caption\":\"\",\"mime\":\"image\/jpeg\",\"type\":\"image\",\"width\":2256,\"height\":1496,\"sizes\":{\"thumbnail\":{\"height\":150,\"width\":150,\"url\":\"https:\/\/orgueil82.jvillain.fr\/wp-content\/uploads\/C\u00e9r\u00e9monies_MaM\/08mai2009\/20090510_019-150x150.jpg\",\"orientation\":\"landscape\"},\"medium\":{\"height\":199,\"width\":300,\"url\":\"https:\/\/orgueil82.jvillain.fr\/wp-content\/uploads\/C\u00e9r\u00e9monies_MaM\/08mai2009\/20090510_019-300x199.jpg\",\"orientation\":\"landscape\"},\"large\":{\"height\":1358,\"width\":2048,\"url\":\"https:\/\/orgueil82.jvillain.fr\/wp-content\/uploads\/C\u00e9r\u00e9monies_MaM\/08mai2009\/20090510_019-2048x1358.jpg\",\"orientation\":\"landscape\"},\"full\":{\"url\":\"https:\/\/orgueil82.jvillain.fr\/wp-content\/uploads\/C\u00e9r\u00e9monies_MaM\/08mai2009\/20090510_019.jpg\",\"height\":1496,\"width\":2256,\"orientation\":\"landscape\"}},\"imageMeta\":{\"aperture\":\"10\",\"credit\":\"\",\"camera\":\"DYNAX 5D\",\"caption\":\"KONICA MINOLTA DIGITAL CAMERA\",\"created_timestamp\":\"1241954810\",\"copyright\":\"\",\"focal_length\":\"35\",\"iso\":\"100\",\"shutter_speed\":\"0.00625\",\"title\":\"KONICA MINOLTA DIGITAL CAMERA\",\"orientation\":\"1\",\"keywords\":[]},\"meta\":false,\"postlink\":\"https:\/\/orgueil82.jvillain.fr\/?attachment_id=2690\"},{\"id\":2691,\"title\":\"20090510_020\",\"url\":\"https:\/\/orgueil82.jvillain.fr\/wp-content\/uploads\/C\u00e9r\u00e9monies_MaM\/08mai2009\/20090510_020-rotated.jpg\",\"link\":\"https:\/\/orgueil82.jvillain.fr\/?attachment_id=2691\",\"alt\":\"\",\"description\":\"\",\"caption\":\"\",\"mime\":\"image\/jpeg\",\"type\":\"image\",\"width\":1496,\"height\":2256,\"sizes\":{\"thumbnail\":{\"height\":150,\"width\":150,\"url\":\"https:\/\/orgueil82.jvillain.fr\/wp-content\/uploads\/C\u00e9r\u00e9monies_MaM\/08mai2009\/20090510_020-150x150.jpg\",\"orientation\":\"landscape\"},\"medium\":{\"height\":300,\"width\":199,\"url\":\"https:\/\/orgueil82.jvillain.fr\/wp-content\/uploads\/C\u00e9r\u00e9monies_MaM\/08mai2009\/20090510_020-199x300.jpg\",\"orientation\":\"portrait\"},\"large\":{\"height\":2048,\"width\":1358,\"url\":\"https:\/\/orgueil82.jvillain.fr\/wp-content\/uploads\/C\u00e9r\u00e9monies_MaM\/08mai2009\/20090510_020-1358x2048.jpg\",\"orientation\":\"portrait\"},\"full\":{\"url\":\"https:\/\/orgueil82.jvillain.fr\/wp-content\/uploads\/C\u00e9r\u00e9monies_MaM\/08mai2009\/20090510_020-rotated.jpg\",\"height\":2256,\"width\":1496,\"orientation\":\"portrait\"}},\"imageMeta\":{\"aperture\":\"9\",\"credit\":\"\",\"camera\":\"DYNAX 5D\",\"caption\":\"KONICA MINOLTA DIGITAL CAMERA\",\"created_timestamp\":\"1241954820\",\"copyright\":\"\",\"focal_length\":\"50\",\"iso\":\"100\",\"shutter_speed\":\"0.00625\",\"title\":\"KONICA MINOLTA DIGITAL CAMERA\",\"orientation\":1,\"keywords\":[]},\"meta\":false,\"postlink\":\"https:\/\/orgueil82.jvillain.fr\/?attachment_id=2691\"},{\"id\":2692,\"title\":\"20090510_022\",\"url\":\"https:\/\/orgueil82.jvillain.fr\/wp-content\/uploads\/C\u00e9r\u00e9monies_MaM\/08mai2009\/20090510_022.jpg\",\"link\":\"https:\/\/orgueil82.jvillain.fr\/?attachment_id=2692\",\"alt\":\"\",\"description\":\"\",\"caption\":\"\",\"mime\":\"image\/jpeg\",\"type\":\"image\",\"width\":2256,\"height\":1496,\"sizes\":{\"thumbnail\":{\"height\":150,\"width\":150,\"url\":\"https:\/\/orgueil82.jvillain.fr\/wp-content\/uploads\/C\u00e9r\u00e9monies_MaM\/08mai2009\/20090510_022-150x150.jpg\",\"orientation\":\"landscape\"},\"medium\":{\"height\":199,\"width\":300,\"url\":\"https:\/\/orgueil82.jvillain.fr\/wp-content\/uploads\/C\u00e9r\u00e9monies_MaM\/08mai2009\/20090510_022-300x199.jpg\",\"orientation\":\"landscape\"},\"large\":{\"height\":1358,\"width\":2048,\"url\":\"https:\/\/orgueil82.jvillain.fr\/wp-content\/uploads\/C\u00e9r\u00e9monies_MaM\/08mai2009\/20090510_022-2048x1358.jpg\",\"orientation\":\"landscape\"},\"full\":{\"url\":\"https:\/\/orgueil82.jvillain.fr\/wp-content\/uploads\/C\u00e9r\u00e9monies_MaM\/08mai2009\/20090510_022.jpg\",\"height\":1496,\"width\":2256,\"orientation\":\"landscape\"}},\"imageMeta\":{\"aperture\":\"13\",\"credit\":\"\",\"camera\":\"DYNAX 5D\",\"caption\":\"KONICA MINOLTA DIGITAL CAMERA\",\"created_timestamp\":\"1241954835\",\"copyright\":\"\",\"focal_length\":\"40\",\"iso\":\"100\",\"shutter_speed\":\"0.008\",\"title\":\"KONICA MINOLTA DIGITAL CAMERA\",\"orientation\":\"1\",\"keywords\":[]},\"meta\":false,\"postlink\":\"https:\/\/orgueil82.jvillain.fr\/?attachment_id=2692\"},{\"id\":2693,\"title\":\"20090510_025\",\"url\":\"https:\/\/orgueil82.jvillain.fr\/wp-content\/uploads\/C\u00e9r\u00e9monies_MaM\/08mai2009\/20090510_025.jpg\",\"link\":\"https:\/\/orgueil82.jvillain.fr\/?attachment_id=2693\",\"alt\":\"\",\"description\":\"\",\"caption\":\"\",\"mime\":\"image\/jpeg\",\"type\":\"image\",\"width\":2256,\"height\":1496,\"sizes\":{\"thumbnail\":{\"height\":150,\"width\":150,\"url\":\"https:\/\/orgueil82.jvillain.fr\/wp-content\/uploads\/C\u00e9r\u00e9monies_MaM\/08mai2009\/20090510_025-150x150.jpg\",\"orientation\":\"landscape\"},\"medium\":{\"height\":199,\"width\":300,\"url\":\"https:\/\/orgueil82.jvillain.fr\/wp-content\/uploads\/C\u00e9r\u00e9monies_MaM\/08mai2009\/20090510_025-300x199.jpg\",\"orientation\":\"landscape\"},\"large\":{\"height\":1358,\"width\":2048,\"url\":\"https:\/\/orgueil82.jvillain.fr\/wp-content\/uploads\/C\u00e9r\u00e9monies_MaM\/08mai2009\/20090510_025-2048x1358.jpg\",\"orientation\":\"landscape\"},\"full\":{\"url\":\"https:\/\/orgueil82.jvillain.fr\/wp-content\/uploads\/C\u00e9r\u00e9monies_MaM\/08mai2009\/20090510_025.jpg\",\"height\":1496,\"width\":2256,\"orientation\":\"landscape\"}},\"imageMeta\":{\"aperture\":\"10\",\"credit\":\"\",\"camera\":\"DYNAX 5D\",\"caption\":\"KONICA MINOLTA DIGITAL CAMERA\",\"created_timestamp\":\"1241954879\",\"copyright\":\"\",\"focal_length\":\"22\",\"iso\":\"100\",\"shutter_speed\":\"0.008\",\"title\":\"KONICA MINOLTA DIGITAL CAMERA\",\"orientation\":\"1\",\"keywords\":[]},\"meta\":false,\"postlink\":\"https:\/\/orgueil82.jvillain.fr\/?attachment_id=2693\"},{\"id\":2694,\"title\":\"20090510_026\",\"url\":\"https:\/\/orgueil82.jvillain.fr\/wp-content\/uploads\/C\u00e9r\u00e9monies_MaM\/08mai2009\/20090510_026.jpg\",\"link\":\"https:\/\/orgueil82.jvillain.fr\/?attachment_id=2694\",\"alt\":\"\",\"description\":\"\",\"caption\":\"\",\"mime\":\"image\/jpeg\",\"type\":\"image\",\"width\":2256,\"height\":1496,\"sizes\":{\"thumbnail\":{\"height\":150,\"width\":150,\"url\":\"https:\/\/orgueil82.jvillain.fr\/wp-content\/uploads\/C\u00e9r\u00e9monies_MaM\/08mai2009\/20090510_026-150x150.jpg\",\"orientation\":\"landscape\"},\"medium\":{\"height\":199,\"width\":300,\"url\":\"https:\/\/orgueil82.jvillain.fr\/wp-content\/uploads\/C\u00e9r\u00e9monies_MaM\/08mai2009\/20090510_026-300x199.jpg\",\"orientation\":\"landscape\"},\"large\":{\"height\":1358,\"width\":2048,\"url\":\"https:\/\/orgueil82.jvillain.fr\/wp-content\/uploads\/C\u00e9r\u00e9monies_MaM\/08mai2009\/20090510_026-2048x1358.jpg\",\"orientation\":\"landscape\"},\"full\":{\"url\":\"https:\/\/orgueil82.jvillain.fr\/wp-content\/uploads\/C\u00e9r\u00e9monies_MaM\/08mai2009\/20090510_026.jpg\",\"height\":1496,\"width\":2256,\"orientation\":\"landscape\"}},\"imageMeta\":{\"aperture\":\"6.3\",\"credit\":\"\",\"camera\":\"DYNAX 5D\",\"caption\":\"KONICA MINOLTA DIGITAL CAMERA\",\"created_timestamp\":\"1241954908\",\"copyright\":\"\",\"focal_length\":\"70\",\"iso\":\"100\",\"shutter_speed\":\"0.00625\",\"title\":\"KONICA MINOLTA DIGITAL CAMERA\",\"orientation\":\"1\",\"keywords\":[]},\"meta\":false,\"postlink\":\"https:\/\/orgueil82.jvillain.fr\/?attachment_id=2694\"}],\"orderBy\":\"title\",\"sliderItemTitleEnable\":false,\"sliderSlideshowAutoStart\":true,\"sliderSlideshowDelay\":6,\"itemsMetaDataCollection\":[]}<\/script><script>(function(){if(window.PGC_SGB && window.PGC_SGB.searcher){window.PGC_SGB.searcher.initBlocks()}})()<\/script><\/div>\n\n\n<p><a href=\"#hautpage\">Retour en haut de la page<\/a><\/p>\n\n\n\n<hr class=\"wp-block-separator has-alpha-channel-opacity\"\/>\n\n\n\n<h2 class=\"wp-block-heading has-global-color-14-color has-text-color has-link-color wp-elements-4a490afca3add22203446ef2132d5628\" id=\"11nov2008\" style=\"font-style:normal;font-weight:600\">Comm\u00e9moration du 11 novembre &#8211; 11 novembre 2008<\/h2>\n\n\n\n<p>Il y a plus de 80 ans qu\u2019un monument rend hommage aux enfants d\u2019Orgueil \u00ab Morts pour la France \u00bb.<\/p>\n\n\n\n<p>Depuis ce temps l\u00e0, chaque ann\u00e9e, pour le 08 Mai et le 11 Novembre, la population d\u2019Orgueil, et en particulier la jeune g\u00e9n\u00e9ration, est invit\u00e9e \u00e0 se recueillir et honorer ceux dont les noms sont grav\u00e9s sur le monument.<\/p>\n\n\n\n<figure class=\"wp-block-gallery aligncenter has-nested-images columns-2 wp-block-gallery-77 is-layout-flex wp-block-gallery-is-layout-flex\">\n<figure class=\"wp-block-image size-full\"><a href=\"https:\/\/orgueil82.jvillain.fr\/wp-content\/uploads\/C\u00e9r\u00e9monies_MaM\/11nov2008\/11nov1.jpg\"><img width=\"732\" height=\"548\" data-id=\"2066\"  alt=\"\" class=\"wp-image-2066 lws-optimize-lazyload\"\/ data-src=\"https:\/\/orgueil82.jvillain.fr\/wp-content\/uploads\/C\u00e9r\u00e9monies_MaM\/11nov2008\/11nov1.jpg\" srcset=\"https:\/\/orgueil82.jvillain.fr\/wp-content\/uploads\/C\u00e9r\u00e9monies_MaM\/11nov2008\/11nov1.jpg 732w, https:\/\/orgueil82.jvillain.fr\/wp-content\/uploads\/C\u00e9r\u00e9monies_MaM\/11nov2008\/11nov1-300x225.jpg 300w\" sizes=\"(max-width: 732px) 100vw, 732px\" \/><\/a><\/figure>\n\n\n\n<figure class=\"wp-block-image size-full\"><a href=\"https:\/\/orgueil82.jvillain.fr\/wp-content\/uploads\/C\u00e9r\u00e9monies_MaM\/11nov2008\/11nov2.jpg\"><img width=\"732\" height=\"548\" data-id=\"2067\"  alt=\"\" class=\"wp-image-2067 lws-optimize-lazyload\"\/ data-src=\"https:\/\/orgueil82.jvillain.fr\/wp-content\/uploads\/C\u00e9r\u00e9monies_MaM\/11nov2008\/11nov2.jpg\" srcset=\"https:\/\/orgueil82.jvillain.fr\/wp-content\/uploads\/C\u00e9r\u00e9monies_MaM\/11nov2008\/11nov2.jpg 732w, https:\/\/orgueil82.jvillain.fr\/wp-content\/uploads\/C\u00e9r\u00e9monies_MaM\/11nov2008\/11nov2-300x225.jpg 300w\" sizes=\"(max-width: 732px) 100vw, 732px\" \/><\/a><\/figure>\n\n\n\n<figure class=\"wp-block-image size-full\"><a href=\"https:\/\/orgueil82.jvillain.fr\/wp-content\/uploads\/C\u00e9r\u00e9monies_MaM\/11nov2008\/11nov4.jpg\"><img width=\"732\" height=\"548\" data-id=\"2065\"  alt=\"\" class=\"wp-image-2065 lws-optimize-lazyload\"\/ data-src=\"https:\/\/orgueil82.jvillain.fr\/wp-content\/uploads\/C\u00e9r\u00e9monies_MaM\/11nov2008\/11nov4.jpg\" srcset=\"https:\/\/orgueil82.jvillain.fr\/wp-content\/uploads\/C\u00e9r\u00e9monies_MaM\/11nov2008\/11nov4.jpg 732w, https:\/\/orgueil82.jvillain.fr\/wp-content\/uploads\/C\u00e9r\u00e9monies_MaM\/11nov2008\/11nov4-300x225.jpg 300w\" sizes=\"(max-width: 732px) 100vw, 732px\" \/><\/a><\/figure>\n\n\n\n<figure class=\"wp-block-image size-full\"><a href=\"https:\/\/orgueil82.jvillain.fr\/wp-content\/uploads\/C\u00e9r\u00e9monies_MaM\/11nov2008\/11nov5.jpg\"><img width=\"732\" height=\"548\" data-id=\"2068\"  alt=\"\" class=\"wp-image-2068 lws-optimize-lazyload\"\/ data-src=\"https:\/\/orgueil82.jvillain.fr\/wp-content\/uploads\/C\u00e9r\u00e9monies_MaM\/11nov2008\/11nov5.jpg\" srcset=\"https:\/\/orgueil82.jvillain.fr\/wp-content\/uploads\/C\u00e9r\u00e9monies_MaM\/11nov2008\/11nov5.jpg 732w, https:\/\/orgueil82.jvillain.fr\/wp-content\/uploads\/C\u00e9r\u00e9monies_MaM\/11nov2008\/11nov5-300x225.jpg 300w\" sizes=\"(max-width: 732px) 100vw, 732px\" \/><\/a><\/figure>\n<\/figure>\n\n\n\n<p>C\u2019est ainsi que, cette ann\u00e9e encore, pour le 90e anniversaire de l\u2019armistice de 1918 (cf. photos ci-dessus), nombreux \u00e9taient ceux qui \u00e9taient venus \u00e0 la c\u00e9r\u00e9monie du souvenir.<\/p>\n\n\n\n<p>Apr\u00e8s le d\u00e9p\u00f4t d\u2019une gerbe, la lecture du message du ministre des anciens combattants par Monsieur le Maire et la minute de silence, les enfants de l\u2019\u00e9cole publique accompagn\u00e9s de leurs enseignants ont chant\u00e9 (\u00e0 cappella) la \u00ab Marseillaise \u00bb sous la direction de Chantal.<\/p>\n\n\n\n<p>Que cette tradition dure pour un indispensable devoir de m\u00e9moire,&nbsp;<strong><u>mais que plus jamais la liste grav\u00e9e sur notre Monument aux Morts ne soit allong\u00e9e<\/u>.<\/strong><\/p>\n\n\n\n<p><a href=\"#hautpage\">Retour en haut de la page<\/a><\/p>\n\n\n\n<hr class=\"wp-block-separator has-alpha-channel-opacity\"\/>\n\n\n\n<h2 class=\"wp-block-heading has-global-color-14-color has-text-color has-link-color wp-elements-1893545ae2d8a42f8af4895b8cea11ce\" id=\"8mai2008\" style=\"font-style:normal;font-weight:600\">Comm\u00e9moration du 8 mai &#8211; Dimanche 11 mai 2008<\/h2>\n\n\n<div class=\"pgc-sgb-cb wp-block-pgcsimplygalleryblock-slider \" data-gallery-id=\"49e24774\"style=&quot;min-height:460px&quot;><div class=\"sgb-preloader\" id=\"pr_49e24774\">\n\t<div class=\"sgb-square\" style=\"background:#d4d4d4\"><\/div>\n\t<div class=\"sgb-square\" style=\"background:#d4d4d4\"><\/div>\n\t<div class=\"sgb-square\" style=\"background:#d4d4d4\"><\/div>\n\t<div class=\"sgb-square\" style=\"background:#d4d4d4\"><\/div><\/div><div class=\"simply-gallery-amp pgc_sgb_slider \"><noscript><div class=\"sgb-gallery\"><div class=\"sgb-item\"><a href=\"https:\/\/orgueil82.jvillain.fr\/?attachment_id=2666\" target=\"_blank\"><img alt=\"\" width=\"300\" height=\"224\" loading=\"lazy\"  srcset=\"https:\/\/orgueil82.jvillain.fr\/wp-content\/uploads\/C\u00e9r\u00e9monies_MaM\/08mai2008\/SANY0087-300x224.jpg 300w,https:\/\/orgueil82.jvillain.fr\/wp-content\/uploads\/C\u00e9r\u00e9monies_MaM\/08mai2008\/SANY0087-2048x1532.jpg 2048w,https:\/\/orgueil82.jvillain.fr\/wp-content\/uploads\/C\u00e9r\u00e9monies_MaM\/08mai2008\/SANY0087.jpg 2288w\" sizes=\"auto, 250px\"\/ class=\"lws-optimize-lazyload\" data-src=\"https:\/\/orgueil82.jvillain.fr\/wp-content\/uploads\/C\u00e9r\u00e9monies_MaM\/08mai2008\/SANY0087-300x224.jpg\"><\/a><\/div><div class=\"sgb-item\"><a href=\"https:\/\/orgueil82.jvillain.fr\/?attachment_id=2667\" target=\"_blank\"><img alt=\"\" width=\"300\" height=\"224\" loading=\"lazy\"  srcset=\"https:\/\/orgueil82.jvillain.fr\/wp-content\/uploads\/C\u00e9r\u00e9monies_MaM\/08mai2008\/SANY0088-300x224.jpg 300w,https:\/\/orgueil82.jvillain.fr\/wp-content\/uploads\/C\u00e9r\u00e9monies_MaM\/08mai2008\/SANY0088-2048x1532.jpg 2048w,https:\/\/orgueil82.jvillain.fr\/wp-content\/uploads\/C\u00e9r\u00e9monies_MaM\/08mai2008\/SANY0088.jpg 2288w\" sizes=\"auto, 250px\"\/ class=\"lws-optimize-lazyload\" data-src=\"https:\/\/orgueil82.jvillain.fr\/wp-content\/uploads\/C\u00e9r\u00e9monies_MaM\/08mai2008\/SANY0088-300x224.jpg\"><\/a><\/div><div class=\"sgb-item\"><a href=\"https:\/\/orgueil82.jvillain.fr\/?attachment_id=2671\" target=\"_blank\"><img alt=\"\" width=\"300\" height=\"224\" loading=\"lazy\"  srcset=\"https:\/\/orgueil82.jvillain.fr\/wp-content\/uploads\/C\u00e9r\u00e9monies_MaM\/08mai2008\/SANY0096-300x224.jpg 300w,https:\/\/orgueil82.jvillain.fr\/wp-content\/uploads\/C\u00e9r\u00e9monies_MaM\/08mai2008\/SANY0096-2048x1532.jpg 2048w,https:\/\/orgueil82.jvillain.fr\/wp-content\/uploads\/C\u00e9r\u00e9monies_MaM\/08mai2008\/SANY0096.jpg 2288w\" sizes=\"auto, 250px\"\/ class=\"lws-optimize-lazyload\" data-src=\"https:\/\/orgueil82.jvillain.fr\/wp-content\/uploads\/C\u00e9r\u00e9monies_MaM\/08mai2008\/SANY0096-300x224.jpg\"><\/a><\/div><div class=\"sgb-item\"><a href=\"https:\/\/orgueil82.jvillain.fr\/?attachment_id=2670\" target=\"_blank\"><img alt=\"\" width=\"300\" height=\"224\" loading=\"lazy\"  srcset=\"https:\/\/orgueil82.jvillain.fr\/wp-content\/uploads\/C\u00e9r\u00e9monies_MaM\/08mai2008\/SANY0094-300x224.jpg 300w,https:\/\/orgueil82.jvillain.fr\/wp-content\/uploads\/C\u00e9r\u00e9monies_MaM\/08mai2008\/SANY0094-2048x1532.jpg 2048w,https:\/\/orgueil82.jvillain.fr\/wp-content\/uploads\/C\u00e9r\u00e9monies_MaM\/08mai2008\/SANY0094.jpg 2288w\" sizes=\"auto, 250px\"\/ class=\"lws-optimize-lazyload\" data-src=\"https:\/\/orgueil82.jvillain.fr\/wp-content\/uploads\/C\u00e9r\u00e9monies_MaM\/08mai2008\/SANY0094-300x224.jpg\"><\/a><\/div><div class=\"sgb-item\"><a href=\"https:\/\/orgueil82.jvillain.fr\/?attachment_id=2669\" target=\"_blank\"><img alt=\"\" width=\"300\" height=\"224\" loading=\"lazy\"  srcset=\"https:\/\/orgueil82.jvillain.fr\/wp-content\/uploads\/C\u00e9r\u00e9monies_MaM\/08mai2008\/SANY0093-300x224.jpg 300w,https:\/\/orgueil82.jvillain.fr\/wp-content\/uploads\/C\u00e9r\u00e9monies_MaM\/08mai2008\/SANY0093-2048x1532.jpg 2048w,https:\/\/orgueil82.jvillain.fr\/wp-content\/uploads\/C\u00e9r\u00e9monies_MaM\/08mai2008\/SANY0093.jpg 2288w\" sizes=\"auto, 250px\"\/ class=\"lws-optimize-lazyload\" data-src=\"https:\/\/orgueil82.jvillain.fr\/wp-content\/uploads\/C\u00e9r\u00e9monies_MaM\/08mai2008\/SANY0093-300x224.jpg\"><\/a><\/div><div class=\"sgb-item\"><a href=\"https:\/\/orgueil82.jvillain.fr\/?attachment_id=2668\" target=\"_blank\"><img alt=\"\" width=\"300\" height=\"224\" loading=\"lazy\"  srcset=\"https:\/\/orgueil82.jvillain.fr\/wp-content\/uploads\/C\u00e9r\u00e9monies_MaM\/08mai2008\/SANY0092-300x224.jpg 300w,https:\/\/orgueil82.jvillain.fr\/wp-content\/uploads\/C\u00e9r\u00e9monies_MaM\/08mai2008\/SANY0092-2048x1532.jpg 2048w,https:\/\/orgueil82.jvillain.fr\/wp-content\/uploads\/C\u00e9r\u00e9monies_MaM\/08mai2008\/SANY0092.jpg 2288w\" sizes=\"auto, 250px\"\/ class=\"lws-optimize-lazyload\" data-src=\"https:\/\/orgueil82.jvillain.fr\/wp-content\/uploads\/C\u00e9r\u00e9monies_MaM\/08mai2008\/SANY0092-300x224.jpg\"><\/a><\/div><\/div><\/noscript><\/div><script type=\"application\/json\" class=\"sgb-data\">{\"collectionThumbRecomendedWidth\":150,\"captions\":false,\"collectionThumbSubMenuDownload\":false,\"sliderMaxHeight\":460,\"sliderAdminWidth\":1120,\"responsiveHeight\":true,\"autoPlay\":true,\"galleryType\":\"pgc_sgb_slider\",\"galleryId\":\"49e24774\",\"images\":[{\"id\":2666,\"title\":\"SANY0087\",\"url\":\"https:\/\/orgueil82.jvillain.fr\/wp-content\/uploads\/C\u00e9r\u00e9monies_MaM\/08mai2008\/SANY0087.jpg\",\"link\":\"https:\/\/orgueil82.jvillain.fr\/?attachment_id=2666\",\"alt\":\"\",\"description\":\"\",\"caption\":\"\",\"mime\":\"image\/jpeg\",\"type\":\"image\",\"width\":2288,\"height\":1712,\"sizes\":{\"thumbnail\":{\"height\":150,\"width\":150,\"url\":\"https:\/\/orgueil82.jvillain.fr\/wp-content\/uploads\/C\u00e9r\u00e9monies_MaM\/08mai2008\/SANY0087-150x150.jpg\",\"orientation\":\"landscape\"},\"medium\":{\"height\":224,\"width\":300,\"url\":\"https:\/\/orgueil82.jvillain.fr\/wp-content\/uploads\/C\u00e9r\u00e9monies_MaM\/08mai2008\/SANY0087-300x224.jpg\",\"orientation\":\"landscape\"},\"large\":{\"height\":1532,\"width\":2048,\"url\":\"https:\/\/orgueil82.jvillain.fr\/wp-content\/uploads\/C\u00e9r\u00e9monies_MaM\/08mai2008\/SANY0087-2048x1532.jpg\",\"orientation\":\"landscape\"},\"full\":{\"url\":\"https:\/\/orgueil82.jvillain.fr\/wp-content\/uploads\/C\u00e9r\u00e9monies_MaM\/08mai2008\/SANY0087.jpg\",\"height\":1712,\"width\":2288,\"orientation\":\"landscape\"}},\"imageMeta\":{\"aperture\":\"4.8\",\"credit\":\"\",\"camera\":\"AZ1\",\"caption\":\"SANYO DIGITAL CAMERA\",\"created_timestamp\":\"1005573913\",\"copyright\":\"\",\"focal_length\":\"19.8\",\"iso\":\"141\",\"shutter_speed\":\"0.002\",\"title\":\"SANYO DIGITAL CAMERA\",\"orientation\":\"1\",\"keywords\":[]},\"meta\":false,\"postlink\":\"https:\/\/orgueil82.jvillain.fr\/?attachment_id=2666\"},{\"id\":2667,\"title\":\"SANY0088\",\"url\":\"https:\/\/orgueil82.jvillain.fr\/wp-content\/uploads\/C\u00e9r\u00e9monies_MaM\/08mai2008\/SANY0088.jpg\",\"link\":\"https:\/\/orgueil82.jvillain.fr\/?attachment_id=2667\",\"alt\":\"\",\"description\":\"\",\"caption\":\"\",\"mime\":\"image\/jpeg\",\"type\":\"image\",\"width\":2288,\"height\":1712,\"sizes\":{\"thumbnail\":{\"height\":150,\"width\":150,\"url\":\"https:\/\/orgueil82.jvillain.fr\/wp-content\/uploads\/C\u00e9r\u00e9monies_MaM\/08mai2008\/SANY0088-150x150.jpg\",\"orientation\":\"landscape\"},\"medium\":{\"height\":224,\"width\":300,\"url\":\"https:\/\/orgueil82.jvillain.fr\/wp-content\/uploads\/C\u00e9r\u00e9monies_MaM\/08mai2008\/SANY0088-300x224.jpg\",\"orientation\":\"landscape\"},\"large\":{\"height\":1532,\"width\":2048,\"url\":\"https:\/\/orgueil82.jvillain.fr\/wp-content\/uploads\/C\u00e9r\u00e9monies_MaM\/08mai2008\/SANY0088-2048x1532.jpg\",\"orientation\":\"landscape\"},\"full\":{\"url\":\"https:\/\/orgueil82.jvillain.fr\/wp-content\/uploads\/C\u00e9r\u00e9monies_MaM\/08mai2008\/SANY0088.jpg\",\"height\":1712,\"width\":2288,\"orientation\":\"landscape\"}},\"imageMeta\":{\"aperture\":\"4.8\",\"credit\":\"\",\"camera\":\"AZ1\",\"caption\":\"SANYO DIGITAL CAMERA\",\"created_timestamp\":\"1005573958\",\"copyright\":\"\",\"focal_length\":\"19.8\",\"iso\":\"141\",\"shutter_speed\":\"0.0025\",\"title\":\"SANYO DIGITAL CAMERA\",\"orientation\":\"1\",\"keywords\":[]},\"meta\":false,\"postlink\":\"https:\/\/orgueil82.jvillain.fr\/?attachment_id=2667\"},{\"id\":2671,\"title\":\"SANY0096\",\"url\":\"https:\/\/orgueil82.jvillain.fr\/wp-content\/uploads\/C\u00e9r\u00e9monies_MaM\/08mai2008\/SANY0096.jpg\",\"link\":\"https:\/\/orgueil82.jvillain.fr\/?attachment_id=2671\",\"alt\":\"\",\"description\":\"\",\"caption\":\"\",\"mime\":\"image\/jpeg\",\"type\":\"image\",\"width\":2288,\"height\":1712,\"sizes\":{\"thumbnail\":{\"height\":150,\"width\":150,\"url\":\"https:\/\/orgueil82.jvillain.fr\/wp-content\/uploads\/C\u00e9r\u00e9monies_MaM\/08mai2008\/SANY0096-150x150.jpg\",\"orientation\":\"landscape\"},\"medium\":{\"height\":224,\"width\":300,\"url\":\"https:\/\/orgueil82.jvillain.fr\/wp-content\/uploads\/C\u00e9r\u00e9monies_MaM\/08mai2008\/SANY0096-300x224.jpg\",\"orientation\":\"landscape\"},\"large\":{\"height\":1532,\"width\":2048,\"url\":\"https:\/\/orgueil82.jvillain.fr\/wp-content\/uploads\/C\u00e9r\u00e9monies_MaM\/08mai2008\/SANY0096-2048x1532.jpg\",\"orientation\":\"landscape\"},\"full\":{\"url\":\"https:\/\/orgueil82.jvillain.fr\/wp-content\/uploads\/C\u00e9r\u00e9monies_MaM\/08mai2008\/SANY0096.jpg\",\"height\":1712,\"width\":2288,\"orientation\":\"landscape\"}},\"imageMeta\":{\"aperture\":\"5.4\",\"credit\":\"\",\"camera\":\"AZ1\",\"caption\":\"SANYO DIGITAL CAMERA\",\"created_timestamp\":\"1005574332\",\"copyright\":\"\",\"focal_length\":\"9\",\"iso\":\"100\",\"shutter_speed\":\"0.0015384615384615\",\"title\":\"SANYO DIGITAL CAMERA\",\"orientation\":\"1\",\"keywords\":[]},\"meta\":false,\"postlink\":\"https:\/\/orgueil82.jvillain.fr\/?attachment_id=2671\"},{\"id\":2670,\"title\":\"SANY0094\",\"url\":\"https:\/\/orgueil82.jvillain.fr\/wp-content\/uploads\/C\u00e9r\u00e9monies_MaM\/08mai2008\/SANY0094.jpg\",\"link\":\"https:\/\/orgueil82.jvillain.fr\/?attachment_id=2670\",\"alt\":\"\",\"description\":\"\",\"caption\":\"\",\"mime\":\"image\/jpeg\",\"type\":\"image\",\"width\":2288,\"height\":1712,\"sizes\":{\"thumbnail\":{\"height\":150,\"width\":150,\"url\":\"https:\/\/orgueil82.jvillain.fr\/wp-content\/uploads\/C\u00e9r\u00e9monies_MaM\/08mai2008\/SANY0094-150x150.jpg\",\"orientation\":\"landscape\"},\"medium\":{\"height\":224,\"width\":300,\"url\":\"https:\/\/orgueil82.jvillain.fr\/wp-content\/uploads\/C\u00e9r\u00e9monies_MaM\/08mai2008\/SANY0094-300x224.jpg\",\"orientation\":\"landscape\"},\"large\":{\"height\":1532,\"width\":2048,\"url\":\"https:\/\/orgueil82.jvillain.fr\/wp-content\/uploads\/C\u00e9r\u00e9monies_MaM\/08mai2008\/SANY0094-2048x1532.jpg\",\"orientation\":\"landscape\"},\"full\":{\"url\":\"https:\/\/orgueil82.jvillain.fr\/wp-content\/uploads\/C\u00e9r\u00e9monies_MaM\/08mai2008\/SANY0094.jpg\",\"height\":1712,\"width\":2288,\"orientation\":\"landscape\"}},\"imageMeta\":{\"aperture\":\"7.4\",\"credit\":\"\",\"camera\":\"AZ1\",\"caption\":\"SANYO DIGITAL CAMERA\",\"created_timestamp\":\"1005574297\",\"copyright\":\"\",\"focal_length\":\"16.3\",\"iso\":\"100\",\"shutter_speed\":\"0.005\",\"title\":\"SANYO DIGITAL CAMERA\",\"orientation\":\"1\",\"keywords\":[]},\"meta\":false,\"postlink\":\"https:\/\/orgueil82.jvillain.fr\/?attachment_id=2670\"},{\"id\":2669,\"title\":\"SANY0093\",\"url\":\"https:\/\/orgueil82.jvillain.fr\/wp-content\/uploads\/C\u00e9r\u00e9monies_MaM\/08mai2008\/SANY0093.jpg\",\"link\":\"https:\/\/orgueil82.jvillain.fr\/?attachment_id=2669\",\"alt\":\"\",\"description\":\"\",\"caption\":\"\",\"mime\":\"image\/jpeg\",\"type\":\"image\",\"width\":2288,\"height\":1712,\"sizes\":{\"thumbnail\":{\"height\":150,\"width\":150,\"url\":\"https:\/\/orgueil82.jvillain.fr\/wp-content\/uploads\/C\u00e9r\u00e9monies_MaM\/08mai2008\/SANY0093-150x150.jpg\",\"orientation\":\"landscape\"},\"medium\":{\"height\":224,\"width\":300,\"url\":\"https:\/\/orgueil82.jvillain.fr\/wp-content\/uploads\/C\u00e9r\u00e9monies_MaM\/08mai2008\/SANY0093-300x224.jpg\",\"orientation\":\"landscape\"},\"large\":{\"height\":1532,\"width\":2048,\"url\":\"https:\/\/orgueil82.jvillain.fr\/wp-content\/uploads\/C\u00e9r\u00e9monies_MaM\/08mai2008\/SANY0093-2048x1532.jpg\",\"orientation\":\"landscape\"},\"full\":{\"url\":\"https:\/\/orgueil82.jvillain.fr\/wp-content\/uploads\/C\u00e9r\u00e9monies_MaM\/08mai2008\/SANY0093.jpg\",\"height\":1712,\"width\":2288,\"orientation\":\"landscape\"}},\"imageMeta\":{\"aperture\":\"5\",\"credit\":\"\",\"camera\":\"AZ1\",\"caption\":\"SANYO DIGITAL CAMERA\",\"created_timestamp\":\"1005574127\",\"copyright\":\"\",\"focal_length\":\"7.5\",\"iso\":\"100\",\"shutter_speed\":\"0.00125\",\"title\":\"SANYO DIGITAL CAMERA\",\"orientation\":\"1\",\"keywords\":[]},\"meta\":false,\"postlink\":\"https:\/\/orgueil82.jvillain.fr\/?attachment_id=2669\"},{\"id\":2668,\"title\":\"SANY0092\",\"url\":\"https:\/\/orgueil82.jvillain.fr\/wp-content\/uploads\/C\u00e9r\u00e9monies_MaM\/08mai2008\/SANY0092.jpg\",\"link\":\"https:\/\/orgueil82.jvillain.fr\/?attachment_id=2668\",\"alt\":\"\",\"description\":\"\",\"caption\":\"\",\"mime\":\"image\/jpeg\",\"type\":\"image\",\"width\":2288,\"height\":1712,\"sizes\":{\"thumbnail\":{\"height\":150,\"width\":150,\"url\":\"https:\/\/orgueil82.jvillain.fr\/wp-content\/uploads\/C\u00e9r\u00e9monies_MaM\/08mai2008\/SANY0092-150x150.jpg\",\"orientation\":\"landscape\"},\"medium\":{\"height\":224,\"width\":300,\"url\":\"https:\/\/orgueil82.jvillain.fr\/wp-content\/uploads\/C\u00e9r\u00e9monies_MaM\/08mai2008\/SANY0092-300x224.jpg\",\"orientation\":\"landscape\"},\"large\":{\"height\":1532,\"width\":2048,\"url\":\"https:\/\/orgueil82.jvillain.fr\/wp-content\/uploads\/C\u00e9r\u00e9monies_MaM\/08mai2008\/SANY0092-2048x1532.jpg\",\"orientation\":\"landscape\"},\"full\":{\"url\":\"https:\/\/orgueil82.jvillain.fr\/wp-content\/uploads\/C\u00e9r\u00e9monies_MaM\/08mai2008\/SANY0092.jpg\",\"height\":1712,\"width\":2288,\"orientation\":\"landscape\"}},\"imageMeta\":{\"aperture\":\"5\",\"credit\":\"\",\"camera\":\"AZ1\",\"caption\":\"SANYO DIGITAL CAMERA\",\"created_timestamp\":\"1005574104\",\"copyright\":\"\",\"focal_length\":\"7.5\",\"iso\":\"100\",\"shutter_speed\":\"0.0015384615384615\",\"title\":\"SANYO DIGITAL CAMERA\",\"orientation\":\"1\",\"keywords\":[]},\"meta\":false,\"postlink\":\"https:\/\/orgueil82.jvillain.fr\/?attachment_id=2668\"}],\"sliderItemTitleEnable\":false,\"itemsMetaDataCollection\":[]}<\/script><script>(function(){if(window.PGC_SGB && window.PGC_SGB.searcher){window.PGC_SGB.searcher.initBlocks()}})()<\/script><\/div>\n\n\n<p><a href=\"#hautpage\">Retour en haut de la page<\/a><\/p>\n\n\n\n<hr class=\"wp-block-separator has-alpha-channel-opacity\"\/>\n\n\n\n<h2 class=\"wp-block-heading has-global-color-14-color has-text-color has-link-color wp-elements-a44213a19f71d2e794e67a8faf32b920\" id=\"18juin2005\" style=\"font-style:normal;font-weight:600\">Comm\u00e9moration du 18 juin &#8211; Dimanche 18 juin 2005<\/h2>\n\n\n<div class=\"pgc-sgb-cb wp-block-pgcsimplygalleryblock-justified \" data-gallery-id=\"46134357\"><div class=\"sgb-preloader\" id=\"pr_46134357\">\n\t<div class=\"sgb-square\" style=\"background:#d4d4d4\"><\/div>\n\t<div class=\"sgb-square\" style=\"background:#d4d4d4\"><\/div>\n\t<div class=\"sgb-square\" style=\"background:#d4d4d4\"><\/div>\n\t<div class=\"sgb-square\" style=\"background:#d4d4d4\"><\/div><\/div><div class=\"simply-gallery-amp pgc_sgb_slider \"><noscript><div class=\"sgb-gallery\"><div class=\"sgb-item\"><a href=\"https:\/\/orgueil82.jvillain.fr\/?attachment_id=2698\" target=\"_blank\"><img alt=\"\" width=\"300\" height=\"225\" loading=\"lazy\"  srcset=\"https:\/\/orgueil82.jvillain.fr\/wp-content\/uploads\/C\u00e9r\u00e9monies_MaM\/18juin2005\/129-2917_IMG-300x225.jpg 300w,https:\/\/orgueil82.jvillain.fr\/wp-content\/uploads\/C\u00e9r\u00e9monies_MaM\/18juin2005\/129-2917_IMG.jpg 2048w\" sizes=\"auto, 250px\"\/ class=\"lws-optimize-lazyload\" data-src=\"https:\/\/orgueil82.jvillain.fr\/wp-content\/uploads\/C\u00e9r\u00e9monies_MaM\/18juin2005\/129-2917_IMG-300x225.jpg\"><\/a><\/div><div class=\"sgb-item\"><a href=\"https:\/\/orgueil82.jvillain.fr\/?attachment_id=2700\" target=\"_blank\"><img alt=\"\" width=\"300\" height=\"225\" loading=\"lazy\"  srcset=\"https:\/\/orgueil82.jvillain.fr\/wp-content\/uploads\/C\u00e9r\u00e9monies_MaM\/18juin2005\/129-2921_IMG-300x225.jpg 300w,https:\/\/orgueil82.jvillain.fr\/wp-content\/uploads\/C\u00e9r\u00e9monies_MaM\/18juin2005\/129-2921_IMG.jpg 2048w\" sizes=\"auto, 250px\"\/ class=\"lws-optimize-lazyload\" data-src=\"https:\/\/orgueil82.jvillain.fr\/wp-content\/uploads\/C\u00e9r\u00e9monies_MaM\/18juin2005\/129-2921_IMG-300x225.jpg\"><\/a><\/div><div class=\"sgb-item\"><a href=\"https:\/\/orgueil82.jvillain.fr\/?attachment_id=2699\" target=\"_blank\"><img alt=\"\" width=\"300\" height=\"126\" loading=\"lazy\"  srcset=\"https:\/\/orgueil82.jvillain.fr\/wp-content\/uploads\/C\u00e9r\u00e9monies_MaM\/18juin2005\/juin1805a-300x126.jpg 300w,https:\/\/orgueil82.jvillain.fr\/wp-content\/uploads\/C\u00e9r\u00e9monies_MaM\/18juin2005\/juin1805a-2048x863.jpg 2048w,https:\/\/orgueil82.jvillain.fr\/wp-content\/uploads\/C\u00e9r\u00e9monies_MaM\/18juin2005\/juin1805a-scaled.jpg 2560w\" sizes=\"auto, 250px\"\/ class=\"lws-optimize-lazyload\" data-src=\"https:\/\/orgueil82.jvillain.fr\/wp-content\/uploads\/C\u00e9r\u00e9monies_MaM\/18juin2005\/juin1805a-300x126.jpg\"><\/a><\/div><\/div><\/noscript><\/div><script type=\"application\/json\" class=\"sgb-data\">{\"lastRowFill\":true,\"collectionThumbRecomendedHeight\":150,\"collectionThumbMiniScreenScale\":true,\"captions\":false,\"collectionThumbSubMenuDownload\":false,\"galleryType\":\"pgc_sgb_justified\",\"galleryId\":\"46134357\",\"images\":[{\"id\":2698,\"title\":\"129-2917_IMG\",\"url\":\"https:\/\/orgueil82.jvillain.fr\/wp-content\/uploads\/C\u00e9r\u00e9monies_MaM\/18juin2005\/129-2917_IMG.jpg\",\"link\":\"https:\/\/orgueil82.jvillain.fr\/?attachment_id=2698\",\"alt\":\"\",\"description\":\"\",\"caption\":\"\",\"mime\":\"image\/jpeg\",\"type\":\"image\",\"width\":2048,\"height\":1536,\"sizes\":{\"thumbnail\":{\"height\":150,\"width\":150,\"url\":\"https:\/\/orgueil82.jvillain.fr\/wp-content\/uploads\/C\u00e9r\u00e9monies_MaM\/18juin2005\/129-2917_IMG-150x150.jpg\",\"orientation\":\"landscape\"},\"medium\":{\"height\":225,\"width\":300,\"url\":\"https:\/\/orgueil82.jvillain.fr\/wp-content\/uploads\/C\u00e9r\u00e9monies_MaM\/18juin2005\/129-2917_IMG-300x225.jpg\",\"orientation\":\"landscape\"},\"full\":{\"url\":\"https:\/\/orgueil82.jvillain.fr\/wp-content\/uploads\/C\u00e9r\u00e9monies_MaM\/18juin2005\/129-2917_IMG.jpg\",\"height\":1536,\"width\":2048,\"orientation\":\"landscape\"}},\"imageMeta\":{\"aperture\":\"5.6\",\"credit\":\"\",\"camera\":\"Canon PowerShot S20\",\"caption\":\"\",\"created_timestamp\":\"1119095379\",\"copyright\":\"\",\"focal_length\":\"6.5\",\"iso\":\"0\",\"shutter_speed\":\"0.002\",\"title\":\"\",\"orientation\":\"1\",\"keywords\":[]},\"meta\":false,\"postlink\":\"https:\/\/orgueil82.jvillain.fr\/?attachment_id=2698\"},{\"id\":2700,\"title\":\"129-2921_IMG\",\"url\":\"https:\/\/orgueil82.jvillain.fr\/wp-content\/uploads\/C\u00e9r\u00e9monies_MaM\/18juin2005\/129-2921_IMG.jpg\",\"link\":\"https:\/\/orgueil82.jvillain.fr\/?attachment_id=2700\",\"alt\":\"\",\"description\":\"\",\"caption\":\"\",\"mime\":\"image\/jpeg\",\"type\":\"image\",\"width\":2048,\"height\":1536,\"sizes\":{\"thumbnail\":{\"height\":150,\"width\":150,\"url\":\"https:\/\/orgueil82.jvillain.fr\/wp-content\/uploads\/C\u00e9r\u00e9monies_MaM\/18juin2005\/129-2921_IMG-150x150.jpg\",\"orientation\":\"landscape\"},\"medium\":{\"height\":225,\"width\":300,\"url\":\"https:\/\/orgueil82.jvillain.fr\/wp-content\/uploads\/C\u00e9r\u00e9monies_MaM\/18juin2005\/129-2921_IMG-300x225.jpg\",\"orientation\":\"landscape\"},\"full\":{\"url\":\"https:\/\/orgueil82.jvillain.fr\/wp-content\/uploads\/C\u00e9r\u00e9monies_MaM\/18juin2005\/129-2921_IMG.jpg\",\"height\":1536,\"width\":2048,\"orientation\":\"landscape\"}},\"imageMeta\":{\"aperture\":\"7.1\",\"credit\":\"\",\"camera\":\"Canon PowerShot S20\",\"caption\":\"\",\"created_timestamp\":\"1119095454\",\"copyright\":\"\",\"focal_length\":\"6.5\",\"iso\":\"0\",\"shutter_speed\":\"0.002\",\"title\":\"\",\"orientation\":\"1\",\"keywords\":[]},\"meta\":false,\"postlink\":\"https:\/\/orgueil82.jvillain.fr\/?attachment_id=2700\"},{\"id\":2699,\"title\":\"juin1805a\",\"url\":\"https:\/\/orgueil82.jvillain.fr\/wp-content\/uploads\/C\u00e9r\u00e9monies_MaM\/18juin2005\/juin1805a-scaled.jpg\",\"link\":\"https:\/\/orgueil82.jvillain.fr\/?attachment_id=2699\",\"alt\":\"\",\"description\":\"\",\"caption\":\"\",\"mime\":\"image\/jpeg\",\"type\":\"image\",\"width\":2560,\"height\":1079,\"sizes\":{\"thumbnail\":{\"height\":150,\"width\":150,\"url\":\"https:\/\/orgueil82.jvillain.fr\/wp-content\/uploads\/C\u00e9r\u00e9monies_MaM\/18juin2005\/juin1805a-150x150.jpg\",\"orientation\":\"landscape\"},\"medium\":{\"height\":126,\"width\":300,\"url\":\"https:\/\/orgueil82.jvillain.fr\/wp-content\/uploads\/C\u00e9r\u00e9monies_MaM\/18juin2005\/juin1805a-300x126.jpg\",\"orientation\":\"landscape\"},\"large\":{\"height\":863,\"width\":2048,\"url\":\"https:\/\/orgueil82.jvillain.fr\/wp-content\/uploads\/C\u00e9r\u00e9monies_MaM\/18juin2005\/juin1805a-2048x863.jpg\",\"orientation\":\"landscape\"},\"full\":{\"url\":\"https:\/\/orgueil82.jvillain.fr\/wp-content\/uploads\/C\u00e9r\u00e9monies_MaM\/18juin2005\/juin1805a-scaled.jpg\",\"height\":1079,\"width\":2560,\"orientation\":\"landscape\"}},\"imageMeta\":{\"aperture\":\"0\",\"credit\":\"\",\"camera\":\"\",\"caption\":\"\",\"created_timestamp\":\"0\",\"copyright\":\"\",\"focal_length\":\"0\",\"iso\":\"0\",\"shutter_speed\":\"0\",\"title\":\"\",\"orientation\":\"0\",\"keywords\":[]},\"meta\":false,\"postlink\":\"https:\/\/orgueil82.jvillain.fr\/?attachment_id=2699\"}],\"sliderItemTitleEnable\":false,\"itemsMetaDataCollection\":[]}<\/script><script>(function(){if(window.PGC_SGB && window.PGC_SGB.searcher){window.PGC_SGB.searcher.initBlocks()}})()<\/script><\/div>\n\n\n<p><a href=\"#hautpage\">Retour en haut de la page<\/a><\/p>\n\n\n\n<hr class=\"wp-block-separator has-alpha-channel-opacity\"\/>\n\n\n\n<h2 class=\"wp-block-heading has-global-color-14-color has-text-color has-link-color wp-elements-73235ae56adb09ae670278630821d29b\" id=\"11nov2004\" style=\"font-style:normal;font-weight:600\">Comm\u00e9moration du 11 novembre &#8211; Dimanche 14 novembre 2004<\/h2>\n\n\n<div class=\"pgc-sgb-cb wp-block-pgcsimplygalleryblock-slider \" data-gallery-id=\"ccd00423\"style=&quot;min-height:460px&quot;><div class=\"sgb-preloader\" id=\"pr_ccd00423\">\n\t<div class=\"sgb-square\" style=\"background:#d4d4d4\"><\/div>\n\t<div class=\"sgb-square\" style=\"background:#d4d4d4\"><\/div>\n\t<div class=\"sgb-square\" style=\"background:#d4d4d4\"><\/div>\n\t<div class=\"sgb-square\" style=\"background:#d4d4d4\"><\/div><\/div><div class=\"simply-gallery-amp pgc_sgb_slider \"><noscript><div class=\"sgb-gallery\"><div class=\"sgb-item\"><a href=\"https:\/\/orgueil82.jvillain.fr\/?attachment_id=2703\" target=\"_blank\"><img alt=\"\" width=\"300\" height=\"225\" loading=\"lazy\"  srcset=\"https:\/\/orgueil82.jvillain.fr\/wp-content\/uploads\/C\u00e9r\u00e9monies_MaM\/11nov2004\/125-2532_IMG-300x225.jpg 300w,https:\/\/orgueil82.jvillain.fr\/wp-content\/uploads\/C\u00e9r\u00e9monies_MaM\/11nov2004\/125-2532_IMG.jpg 2048w\" sizes=\"auto, 250px\"\/ class=\"lws-optimize-lazyload\" data-src=\"https:\/\/orgueil82.jvillain.fr\/wp-content\/uploads\/C\u00e9r\u00e9monies_MaM\/11nov2004\/125-2532_IMG-300x225.jpg\"><\/a><div class=\"sgb-item-caption\"><em>Le monument a \u00e9t\u00e9 fleuri<\/em><\/div><\/div><div class=\"sgb-item\"><a href=\"https:\/\/orgueil82.jvillain.fr\/?attachment_id=2704\" target=\"_blank\"><img alt=\"\" width=\"300\" height=\"225\" loading=\"lazy\"  srcset=\"https:\/\/orgueil82.jvillain.fr\/wp-content\/uploads\/C\u00e9r\u00e9monies_MaM\/11nov2004\/125-2537_IMG-300x225.jpg 300w,https:\/\/orgueil82.jvillain.fr\/wp-content\/uploads\/C\u00e9r\u00e9monies_MaM\/11nov2004\/125-2537_IMG.jpg 2048w\" sizes=\"auto, 250px\"\/ class=\"lws-optimize-lazyload\" data-src=\"https:\/\/orgueil82.jvillain.fr\/wp-content\/uploads\/C\u00e9r\u00e9monies_MaM\/11nov2004\/125-2537_IMG-300x225.jpg\"><\/a><div class=\"sgb-item-caption\"><em>D\u00e9p\u00f4t de la gerbe par Monsieur le Maire<\/em><\/div><\/div><div class=\"sgb-item\"><a href=\"https:\/\/orgueil82.jvillain.fr\/?attachment_id=2705\" target=\"_blank\"><img alt=\"\" width=\"300\" height=\"225\" loading=\"lazy\"  srcset=\"https:\/\/orgueil82.jvillain.fr\/wp-content\/uploads\/C\u00e9r\u00e9monies_MaM\/11nov2004\/125-2541_IMG-300x225.jpg 300w,https:\/\/orgueil82.jvillain.fr\/wp-content\/uploads\/C\u00e9r\u00e9monies_MaM\/11nov2004\/125-2541_IMG.jpg 2048w\" sizes=\"auto, 250px\"\/ class=\"lws-optimize-lazyload\" data-src=\"https:\/\/orgueil82.jvillain.fr\/wp-content\/uploads\/C\u00e9r\u00e9monies_MaM\/11nov2004\/125-2541_IMG-300x225.jpg\"><\/a><div class=\"sgb-item-caption\"><em>Les enfants de l&rsquo;\u00e9cole sont pr\u00e9sents avec leur professeur de musique<\/em><\/div><\/div><div class=\"sgb-item\"><a href=\"https:\/\/orgueil82.jvillain.fr\/?attachment_id=2706\" target=\"_blank\"><img alt=\"\" width=\"300\" height=\"225\" loading=\"lazy\"  srcset=\"https:\/\/orgueil82.jvillain.fr\/wp-content\/uploads\/C\u00e9r\u00e9monies_MaM\/11nov2004\/125-2543_IMG-300x225.jpg 300w,https:\/\/orgueil82.jvillain.fr\/wp-content\/uploads\/C\u00e9r\u00e9monies_MaM\/11nov2004\/125-2543_IMG.jpg 2048w\" sizes=\"auto, 250px\"\/ class=\"lws-optimize-lazyload\" data-src=\"https:\/\/orgueil82.jvillain.fr\/wp-content\/uploads\/C\u00e9r\u00e9monies_MaM\/11nov2004\/125-2543_IMG-300x225.jpg\"><\/a><div class=\"sgb-item-caption\"><em>Attentifs<\/em><\/div><\/div><div class=\"sgb-item\"><a href=\"https:\/\/orgueil82.jvillain.fr\/?attachment_id=2707\" target=\"_blank\"><img alt=\"\" width=\"300\" height=\"225\" loading=\"lazy\"  srcset=\"https:\/\/orgueil82.jvillain.fr\/wp-content\/uploads\/C\u00e9r\u00e9monies_MaM\/11nov2004\/125-2544_IMG-300x225.jpg 300w,https:\/\/orgueil82.jvillain.fr\/wp-content\/uploads\/C\u00e9r\u00e9monies_MaM\/11nov2004\/125-2544_IMG.jpg 2048w\" sizes=\"auto, 250px\"\/ class=\"lws-optimize-lazyload\" data-src=\"https:\/\/orgueil82.jvillain.fr\/wp-content\/uploads\/C\u00e9r\u00e9monies_MaM\/11nov2004\/125-2544_IMG-300x225.jpg\"><\/a><div class=\"sgb-item-caption\"><em>Lecture des messages<\/em><\/div><\/div><div class=\"sgb-item\"><a href=\"https:\/\/orgueil82.jvillain.fr\/?attachment_id=2708\" target=\"_blank\"><img alt=\"\" width=\"300\" height=\"225\" loading=\"lazy\"  srcset=\"https:\/\/orgueil82.jvillain.fr\/wp-content\/uploads\/C\u00e9r\u00e9monies_MaM\/11nov2004\/125-2546_IMG-300x225.jpg 300w,https:\/\/orgueil82.jvillain.fr\/wp-content\/uploads\/C\u00e9r\u00e9monies_MaM\/11nov2004\/125-2546_IMG.jpg 2048w\" sizes=\"auto, 250px\"\/ class=\"lws-optimize-lazyload\" data-src=\"https:\/\/orgueil82.jvillain.fr\/wp-content\/uploads\/C\u00e9r\u00e9monies_MaM\/11nov2004\/125-2546_IMG-300x225.jpg\"><\/a><div class=\"sgb-item-caption\"><em>Lecture des messages<\/em><\/div><\/div><div class=\"sgb-item\"><a href=\"https:\/\/orgueil82.jvillain.fr\/?attachment_id=2709\" target=\"_blank\"><img alt=\"\" width=\"300\" height=\"225\" loading=\"lazy\"  srcset=\"https:\/\/orgueil82.jvillain.fr\/wp-content\/uploads\/C\u00e9r\u00e9monies_MaM\/11nov2004\/125-2548_IMG-300x225.jpg 300w,https:\/\/orgueil82.jvillain.fr\/wp-content\/uploads\/C\u00e9r\u00e9monies_MaM\/11nov2004\/125-2548_IMG.jpg 2048w\" sizes=\"auto, 250px\"\/ class=\"lws-optimize-lazyload\" data-src=\"https:\/\/orgueil82.jvillain.fr\/wp-content\/uploads\/C\u00e9r\u00e9monies_MaM\/11nov2004\/125-2548_IMG-300x225.jpg\"><\/a><div class=\"sgb-item-caption\"><em>Les enfants interpr\u00e8tent la Marseillaise sous la direction de Chantal<\/em><\/div><\/div><div class=\"sgb-item\"><a href=\"https:\/\/orgueil82.jvillain.fr\/?attachment_id=2710\" target=\"_blank\"><img alt=\"\" width=\"300\" height=\"225\" loading=\"lazy\"  srcset=\"https:\/\/orgueil82.jvillain.fr\/wp-content\/uploads\/C\u00e9r\u00e9monies_MaM\/11nov2004\/125-2549_IMG-300x225.jpg 300w,https:\/\/orgueil82.jvillain.fr\/wp-content\/uploads\/C\u00e9r\u00e9monies_MaM\/11nov2004\/125-2549_IMG.jpg 2048w\" sizes=\"auto, 250px\"\/ class=\"lws-optimize-lazyload\" data-src=\"https:\/\/orgueil82.jvillain.fr\/wp-content\/uploads\/C\u00e9r\u00e9monies_MaM\/11nov2004\/125-2549_IMG-300x225.jpg\"><\/a><div class=\"sgb-item-caption\"><em>C&rsquo;est la fin, on va aller boire le verre de l&rsquo;amiti\u00e9<\/em><\/div><\/div><\/div><\/noscript><\/div><script type=\"application\/json\" class=\"sgb-data\">{\"collectionThumbRecomendedWidth\":150,\"captionHAlign\":\"bottom\",\"collectionthumbHoverTitleFontSize\":12,\"collectionThumbSubMenuDownload\":false,\"sliderMaxHeight\":460,\"sliderAdminWidth\":1120,\"galleryType\":\"pgc_sgb_slider\",\"galleryId\":\"ccd00423\",\"images\":[{\"id\":2703,\"title\":\"125-2532_IMG\",\"url\":\"https:\/\/orgueil82.jvillain.fr\/wp-content\/uploads\/C\u00e9r\u00e9monies_MaM\/11nov2004\/125-2532_IMG.jpg\",\"link\":\"https:\/\/orgueil82.jvillain.fr\/?attachment_id=2703\",\"alt\":\"\",\"description\":\"\",\"caption\":\"Le monument a \u00e9t\u00e9 fleuri\",\"mime\":\"image\/jpeg\",\"type\":\"image\",\"width\":2048,\"height\":1536,\"sizes\":{\"thumbnail\":{\"height\":150,\"width\":150,\"url\":\"https:\/\/orgueil82.jvillain.fr\/wp-content\/uploads\/C\u00e9r\u00e9monies_MaM\/11nov2004\/125-2532_IMG-150x150.jpg\",\"orientation\":\"landscape\"},\"medium\":{\"height\":225,\"width\":300,\"url\":\"https:\/\/orgueil82.jvillain.fr\/wp-content\/uploads\/C\u00e9r\u00e9monies_MaM\/11nov2004\/125-2532_IMG-300x225.jpg\",\"orientation\":\"landscape\"},\"full\":{\"url\":\"https:\/\/orgueil82.jvillain.fr\/wp-content\/uploads\/C\u00e9r\u00e9monies_MaM\/11nov2004\/125-2532_IMG.jpg\",\"height\":1536,\"width\":2048,\"orientation\":\"landscape\"}},\"imageMeta\":{\"aperture\":\"5.6\",\"credit\":\"\",\"camera\":\"Canon PowerShot S20\",\"caption\":\"\",\"created_timestamp\":\"1100427633\",\"copyright\":\"\",\"focal_length\":\"6.5\",\"iso\":\"0\",\"shutter_speed\":\"0.002\",\"title\":\"\",\"orientation\":\"1\",\"keywords\":[]},\"meta\":false,\"postlink\":\"https:\/\/orgueil82.jvillain.fr\/?attachment_id=2703\"},{\"id\":2704,\"title\":\"125-2537_IMG\",\"url\":\"https:\/\/orgueil82.jvillain.fr\/wp-content\/uploads\/C\u00e9r\u00e9monies_MaM\/11nov2004\/125-2537_IMG.jpg\",\"link\":\"https:\/\/orgueil82.jvillain.fr\/?attachment_id=2704\",\"alt\":\"\",\"description\":\"\",\"caption\":\"D\u00e9p\u00f4t de la gerbe par Monsieur le Maire\",\"mime\":\"image\/jpeg\",\"type\":\"image\",\"width\":2048,\"height\":1536,\"sizes\":{\"thumbnail\":{\"height\":150,\"width\":150,\"url\":\"https:\/\/orgueil82.jvillain.fr\/wp-content\/uploads\/C\u00e9r\u00e9monies_MaM\/11nov2004\/125-2537_IMG-150x150.jpg\",\"orientation\":\"landscape\"},\"medium\":{\"height\":225,\"width\":300,\"url\":\"https:\/\/orgueil82.jvillain.fr\/wp-content\/uploads\/C\u00e9r\u00e9monies_MaM\/11nov2004\/125-2537_IMG-300x225.jpg\",\"orientation\":\"landscape\"},\"full\":{\"url\":\"https:\/\/orgueil82.jvillain.fr\/wp-content\/uploads\/C\u00e9r\u00e9monies_MaM\/11nov2004\/125-2537_IMG.jpg\",\"height\":1536,\"width\":2048,\"orientation\":\"landscape\"}},\"imageMeta\":{\"aperture\":\"5.6\",\"credit\":\"\",\"camera\":\"Canon PowerShot S20\",\"caption\":\"\",\"created_timestamp\":\"1100432802\",\"copyright\":\"\",\"focal_length\":\"13\",\"iso\":\"0\",\"shutter_speed\":\"0.0028571428571429\",\"title\":\"\",\"orientation\":\"1\",\"keywords\":[]},\"meta\":false,\"postlink\":\"https:\/\/orgueil82.jvillain.fr\/?attachment_id=2704\"},{\"id\":2705,\"title\":\"125-2541_IMG\",\"url\":\"https:\/\/orgueil82.jvillain.fr\/wp-content\/uploads\/C\u00e9r\u00e9monies_MaM\/11nov2004\/125-2541_IMG.jpg\",\"link\":\"https:\/\/orgueil82.jvillain.fr\/?attachment_id=2705\",\"alt\":\"\",\"description\":\"\",\"caption\":\"Les enfants de l'\u00e9cole sont pr\u00e9sents avec leur professeur de musique\",\"mime\":\"image\/jpeg\",\"type\":\"image\",\"width\":2048,\"height\":1536,\"sizes\":{\"thumbnail\":{\"height\":150,\"width\":150,\"url\":\"https:\/\/orgueil82.jvillain.fr\/wp-content\/uploads\/C\u00e9r\u00e9monies_MaM\/11nov2004\/125-2541_IMG-150x150.jpg\",\"orientation\":\"landscape\"},\"medium\":{\"height\":225,\"width\":300,\"url\":\"https:\/\/orgueil82.jvillain.fr\/wp-content\/uploads\/C\u00e9r\u00e9monies_MaM\/11nov2004\/125-2541_IMG-300x225.jpg\",\"orientation\":\"landscape\"},\"full\":{\"url\":\"https:\/\/orgueil82.jvillain.fr\/wp-content\/uploads\/C\u00e9r\u00e9monies_MaM\/11nov2004\/125-2541_IMG.jpg\",\"height\":1536,\"width\":2048,\"orientation\":\"landscape\"}},\"imageMeta\":{\"aperture\":\"5.6\",\"credit\":\"\",\"camera\":\"Canon PowerShot S20\",\"caption\":\"\",\"created_timestamp\":\"1100432864\",\"copyright\":\"\",\"focal_length\":\"6.5\",\"iso\":\"0\",\"shutter_speed\":\"0.0028571428571429\",\"title\":\"\",\"orientation\":\"1\",\"keywords\":[]},\"meta\":false,\"postlink\":\"https:\/\/orgueil82.jvillain.fr\/?attachment_id=2705\"},{\"id\":2706,\"title\":\"125-2543_IMG\",\"url\":\"https:\/\/orgueil82.jvillain.fr\/wp-content\/uploads\/C\u00e9r\u00e9monies_MaM\/11nov2004\/125-2543_IMG.jpg\",\"link\":\"https:\/\/orgueil82.jvillain.fr\/?attachment_id=2706\",\"alt\":\"\",\"description\":\"\",\"caption\":\"Attentifs\",\"mime\":\"image\/jpeg\",\"type\":\"image\",\"width\":2048,\"height\":1536,\"sizes\":{\"thumbnail\":{\"height\":150,\"width\":150,\"url\":\"https:\/\/orgueil82.jvillain.fr\/wp-content\/uploads\/C\u00e9r\u00e9monies_MaM\/11nov2004\/125-2543_IMG-150x150.jpg\",\"orientation\":\"landscape\"},\"medium\":{\"height\":225,\"width\":300,\"url\":\"https:\/\/orgueil82.jvillain.fr\/wp-content\/uploads\/C\u00e9r\u00e9monies_MaM\/11nov2004\/125-2543_IMG-300x225.jpg\",\"orientation\":\"landscape\"},\"full\":{\"url\":\"https:\/\/orgueil82.jvillain.fr\/wp-content\/uploads\/C\u00e9r\u00e9monies_MaM\/11nov2004\/125-2543_IMG.jpg\",\"height\":1536,\"width\":2048,\"orientation\":\"landscape\"}},\"imageMeta\":{\"aperture\":\"5.6\",\"credit\":\"\",\"camera\":\"Canon PowerShot S20\",\"caption\":\"\",\"created_timestamp\":\"1100432967\",\"copyright\":\"\",\"focal_length\":\"6.5\",\"iso\":\"0\",\"shutter_speed\":\"0.0028571428571429\",\"title\":\"\",\"orientation\":\"1\",\"keywords\":[]},\"meta\":false,\"postlink\":\"https:\/\/orgueil82.jvillain.fr\/?attachment_id=2706\"},{\"id\":2707,\"title\":\"125-2544_IMG\",\"url\":\"https:\/\/orgueil82.jvillain.fr\/wp-content\/uploads\/C\u00e9r\u00e9monies_MaM\/11nov2004\/125-2544_IMG.jpg\",\"link\":\"https:\/\/orgueil82.jvillain.fr\/?attachment_id=2707\",\"alt\":\"\",\"description\":\"\",\"caption\":\"Lecture des messages\",\"mime\":\"image\/jpeg\",\"type\":\"image\",\"width\":2048,\"height\":1536,\"sizes\":{\"thumbnail\":{\"height\":150,\"width\":150,\"url\":\"https:\/\/orgueil82.jvillain.fr\/wp-content\/uploads\/C\u00e9r\u00e9monies_MaM\/11nov2004\/125-2544_IMG-150x150.jpg\",\"orientation\":\"landscape\"},\"medium\":{\"height\":225,\"width\":300,\"url\":\"https:\/\/orgueil82.jvillain.fr\/wp-content\/uploads\/C\u00e9r\u00e9monies_MaM\/11nov2004\/125-2544_IMG-300x225.jpg\",\"orientation\":\"landscape\"},\"full\":{\"url\":\"https:\/\/orgueil82.jvillain.fr\/wp-content\/uploads\/C\u00e9r\u00e9monies_MaM\/11nov2004\/125-2544_IMG.jpg\",\"height\":1536,\"width\":2048,\"orientation\":\"landscape\"}},\"imageMeta\":{\"aperture\":\"5.6\",\"credit\":\"\",\"camera\":\"Canon PowerShot S20\",\"caption\":\"\",\"created_timestamp\":\"1100432975\",\"copyright\":\"\",\"focal_length\":\"6.5\",\"iso\":\"0\",\"shutter_speed\":\"0.0028571428571429\",\"title\":\"\",\"orientation\":\"1\",\"keywords\":[]},\"meta\":false,\"postlink\":\"https:\/\/orgueil82.jvillain.fr\/?attachment_id=2707\"},{\"id\":2708,\"title\":\"125-2546_IMG\",\"url\":\"https:\/\/orgueil82.jvillain.fr\/wp-content\/uploads\/C\u00e9r\u00e9monies_MaM\/11nov2004\/125-2546_IMG.jpg\",\"link\":\"https:\/\/orgueil82.jvillain.fr\/?attachment_id=2708\",\"alt\":\"\",\"description\":\"\",\"caption\":\"Lecture des messages\",\"mime\":\"image\/jpeg\",\"type\":\"image\",\"width\":2048,\"height\":1536,\"sizes\":{\"thumbnail\":{\"height\":150,\"width\":150,\"url\":\"https:\/\/orgueil82.jvillain.fr\/wp-content\/uploads\/C\u00e9r\u00e9monies_MaM\/11nov2004\/125-2546_IMG-150x150.jpg\",\"orientation\":\"landscape\"},\"medium\":{\"height\":225,\"width\":300,\"url\":\"https:\/\/orgueil82.jvillain.fr\/wp-content\/uploads\/C\u00e9r\u00e9monies_MaM\/11nov2004\/125-2546_IMG-300x225.jpg\",\"orientation\":\"landscape\"},\"full\":{\"url\":\"https:\/\/orgueil82.jvillain.fr\/wp-content\/uploads\/C\u00e9r\u00e9monies_MaM\/11nov2004\/125-2546_IMG.jpg\",\"height\":1536,\"width\":2048,\"orientation\":\"landscape\"}},\"imageMeta\":{\"aperture\":\"5.6\",\"credit\":\"\",\"camera\":\"Canon PowerShot S20\",\"caption\":\"\",\"created_timestamp\":\"1100433021\",\"copyright\":\"\",\"focal_length\":\"6.5\",\"iso\":\"0\",\"shutter_speed\":\"0.002\",\"title\":\"\",\"orientation\":\"1\",\"keywords\":[]},\"meta\":false,\"postlink\":\"https:\/\/orgueil82.jvillain.fr\/?attachment_id=2708\"},{\"id\":2709,\"title\":\"125-2548_IMG\",\"url\":\"https:\/\/orgueil82.jvillain.fr\/wp-content\/uploads\/C\u00e9r\u00e9monies_MaM\/11nov2004\/125-2548_IMG.jpg\",\"link\":\"https:\/\/orgueil82.jvillain.fr\/?attachment_id=2709\",\"alt\":\"\",\"description\":\"\",\"caption\":\"Les enfants interpr\u00e8tent la Marseillaise sous la direction de Chantal\",\"mime\":\"image\/jpeg\",\"type\":\"image\",\"width\":2048,\"height\":1536,\"sizes\":{\"thumbnail\":{\"height\":150,\"width\":150,\"url\":\"https:\/\/orgueil82.jvillain.fr\/wp-content\/uploads\/C\u00e9r\u00e9monies_MaM\/11nov2004\/125-2548_IMG-150x150.jpg\",\"orientation\":\"landscape\"},\"medium\":{\"height\":225,\"width\":300,\"url\":\"https:\/\/orgueil82.jvillain.fr\/wp-content\/uploads\/C\u00e9r\u00e9monies_MaM\/11nov2004\/125-2548_IMG-300x225.jpg\",\"orientation\":\"landscape\"},\"full\":{\"url\":\"https:\/\/orgueil82.jvillain.fr\/wp-content\/uploads\/C\u00e9r\u00e9monies_MaM\/11nov2004\/125-2548_IMG.jpg\",\"height\":1536,\"width\":2048,\"orientation\":\"landscape\"}},\"imageMeta\":{\"aperture\":\"5.6\",\"credit\":\"\",\"camera\":\"Canon PowerShot S20\",\"caption\":\"\",\"created_timestamp\":\"1100433146\",\"copyright\":\"\",\"focal_length\":\"6.5\",\"iso\":\"0\",\"shutter_speed\":\"0.002\",\"title\":\"\",\"orientation\":\"1\",\"keywords\":[]},\"meta\":false,\"postlink\":\"https:\/\/orgueil82.jvillain.fr\/?attachment_id=2709\"},{\"id\":2710,\"title\":\"125-2549_IMG\",\"url\":\"https:\/\/orgueil82.jvillain.fr\/wp-content\/uploads\/C\u00e9r\u00e9monies_MaM\/11nov2004\/125-2549_IMG.jpg\",\"link\":\"https:\/\/orgueil82.jvillain.fr\/?attachment_id=2710\",\"alt\":\"\",\"description\":\"\",\"caption\":\"C'est la fin, on va aller boire le verre de l'amiti\u00e9\",\"mime\":\"image\/jpeg\",\"type\":\"image\",\"width\":2048,\"height\":1536,\"sizes\":{\"thumbnail\":{\"height\":150,\"width\":150,\"url\":\"https:\/\/orgueil82.jvillain.fr\/wp-content\/uploads\/C\u00e9r\u00e9monies_MaM\/11nov2004\/125-2549_IMG-150x150.jpg\",\"orientation\":\"landscape\"},\"medium\":{\"height\":225,\"width\":300,\"url\":\"https:\/\/orgueil82.jvillain.fr\/wp-content\/uploads\/C\u00e9r\u00e9monies_MaM\/11nov2004\/125-2549_IMG-300x225.jpg\",\"orientation\":\"landscape\"},\"full\":{\"url\":\"https:\/\/orgueil82.jvillain.fr\/wp-content\/uploads\/C\u00e9r\u00e9monies_MaM\/11nov2004\/125-2549_IMG.jpg\",\"height\":1536,\"width\":2048,\"orientation\":\"landscape\"}},\"imageMeta\":{\"aperture\":\"6.3\",\"credit\":\"\",\"camera\":\"Canon PowerShot S20\",\"caption\":\"\",\"created_timestamp\":\"1100433225\",\"copyright\":\"\",\"focal_length\":\"6.5\",\"iso\":\"0\",\"shutter_speed\":\"0.002\",\"title\":\"\",\"orientation\":\"1\",\"keywords\":[]},\"meta\":false,\"postlink\":\"https:\/\/orgueil82.jvillain.fr\/?attachment_id=2710\"}],\"sliderItemTitleFontSize\":24,\"sliderSlideshowAutoStart\":true,\"sliderSlideshowDelay\":6,\"itemsMetaDataCollection\":[]}<\/script><script>(function(){if(window.PGC_SGB && window.PGC_SGB.searcher){window.PGC_SGB.searcher.initBlocks()}})()<\/script><\/div>\n\n\n<p><a href=\"#hautpage\">Retour en haut de la page<\/a><\/p>\n\n\n\n<hr class=\"wp-block-separator has-alpha-channel-opacity\"\/>\n\n\n\n<p><\/p>\n","protected":false},"excerpt":{"rendered":"<p>Un peu d&rsquo;Histoire \u2026 Aux enfants d&rsquo;Orgueil Les c\u00e9r\u00e9monies au monument aux morts de 2004 \u00e0 2023 Comm\u00e9moration du 11 novembre &#8211; Samedi 22 novembre 2023 Monsieur le Maire et le conseil municipal avaient donn\u00e9 rendez vous \u00e0 la population \u00e0 11h00 ce samedi 11 novembre 2023 pour rendre hommage aux morts pour la France. &#8230; <a title=\"C\u00e9r\u00e9monies et souvenirs avant 2024\" class=\"read-more\" href=\"https:\/\/orgueil82.jvillain.fr\/?page_id=2457\" aria-label=\"En savoir plus sur C\u00e9r\u00e9monies et souvenirs avant 2024\">Lire la suite<\/a><\/p>\n","protected":false},"author":1,"featured_media":0,"parent":1478,"menu_order":1,"comment_status":"closed","ping_status":"closed","template":"","meta":{"_eb_attr":"","pgc_sgb_lightbox_settings":"","footnotes":""},"class_list":["post-2457","page","type-page","status-publish"],"yoast_head":"<!-- This site is optimized with the Yoast SEO plugin v27.5 - https:\/\/yoast.com\/product\/yoast-seo-wordpress\/ -->\n<title>C\u00e9r\u00e9monies et souvenirs avant 2024 - Histoire et historique du village d&#039;Orgueil<\/title>\n<meta name=\"robots\" content=\"index, follow, max-snippet:-1, max-image-preview:large, max-video-preview:-1\" \/>\n<link rel=\"canonical\" href=\"https:\/\/orgueil82.jvillain.fr\/?page_id=2457\" \/>\n<meta property=\"og:locale\" content=\"fr_FR\" \/>\n<meta property=\"og:type\" content=\"article\" \/>\n<meta property=\"og:title\" content=\"C\u00e9r\u00e9monies et souvenirs avant 2024 - Histoire et historique du village d&#039;Orgueil\" \/>\n<meta property=\"og:description\" content=\"Un peu d&rsquo;Histoire \u2026 Aux enfants d&rsquo;Orgueil Les c\u00e9r\u00e9monies au monument aux morts de 2004 \u00e0 2023 Comm\u00e9moration du 11 novembre &#8211; Samedi 22 novembre 2023 Monsieur le Maire et le conseil municipal avaient donn\u00e9 rendez vous \u00e0 la population \u00e0 11h00 ce samedi 11 novembre 2023 pour rendre hommage aux morts pour la France. ... Lire la suite\" \/>\n<meta property=\"og:url\" content=\"https:\/\/orgueil82.jvillain.fr\/?page_id=2457\" \/>\n<meta property=\"og:site_name\" content=\"Histoire et historique du village d&#039;Orgueil\" \/>\n<meta property=\"article:modified_time\" content=\"2025-09-21T22:48:13+00:00\" \/>\n<meta property=\"og:image\" content=\"https:\/\/orgueil82.jvillain.fr\/wp-content\/uploads\/Orgueil\/Histoire\/monument-aux-mort\/demenagement\/IMG_3444.jpg\" \/>\n<meta name=\"twitter:card\" content=\"summary_large_image\" \/>\n<meta name=\"twitter:label1\" content=\"Dur\u00e9e de lecture estim\u00e9e\" \/>\n\t<meta name=\"twitter:data1\" content=\"132 minutes\" \/>\n<script type=\"application\/ld+json\" class=\"yoast-schema-graph\">{\"@context\":\"https:\\\/\\\/schema.org\",\"@graph\":[{\"@type\":\"WebPage\",\"@id\":\"https:\\\/\\\/orgueil82.jvillain.fr\\\/?page_id=2457\",\"url\":\"https:\\\/\\\/orgueil82.jvillain.fr\\\/?page_id=2457\",\"name\":\"C\u00e9r\u00e9monies et souvenirs avant 2024 - Histoire et historique du village d&#039;Orgueil\",\"isPartOf\":{\"@id\":\"https:\\\/\\\/orgueil82.jvillain.fr\\\/#website\"},\"primaryImageOfPage\":{\"@id\":\"https:\\\/\\\/orgueil82.jvillain.fr\\\/?page_id=2457#primaryimage\"},\"image\":{\"@id\":\"https:\\\/\\\/orgueil82.jvillain.fr\\\/?page_id=2457#primaryimage\"},\"thumbnailUrl\":\"https:\\\/\\\/orgueil82.jvillain.fr\\\/wp-content\\\/uploads\\\/Orgueil\\\/Histoire\\\/monument-aux-mort\\\/demenagement\\\/IMG_3444.jpg\",\"datePublished\":\"2025-09-21T22:24:55+00:00\",\"dateModified\":\"2025-09-21T22:48:13+00:00\",\"breadcrumb\":{\"@id\":\"https:\\\/\\\/orgueil82.jvillain.fr\\\/?page_id=2457#breadcrumb\"},\"inLanguage\":\"fr-FR\",\"potentialAction\":[{\"@type\":\"ReadAction\",\"target\":[\"https:\\\/\\\/orgueil82.jvillain.fr\\\/?page_id=2457\"]}]},{\"@type\":\"ImageObject\",\"inLanguage\":\"fr-FR\",\"@id\":\"https:\\\/\\\/orgueil82.jvillain.fr\\\/?page_id=2457#primaryimage\",\"url\":\"https:\\\/\\\/orgueil82.jvillain.fr\\\/wp-content\\\/uploads\\\/Orgueil\\\/Histoire\\\/monument-aux-mort\\\/demenagement\\\/IMG_3444.jpg\",\"contentUrl\":\"https:\\\/\\\/orgueil82.jvillain.fr\\\/wp-content\\\/uploads\\\/Orgueil\\\/Histoire\\\/monument-aux-mort\\\/demenagement\\\/IMG_3444.jpg\"},{\"@type\":\"BreadcrumbList\",\"@id\":\"https:\\\/\\\/orgueil82.jvillain.fr\\\/?page_id=2457#breadcrumb\",\"itemListElement\":[{\"@type\":\"ListItem\",\"position\":1,\"name\":\"Home\",\"item\":\"https:\\\/\\\/orgueil82.jvillain.fr\\\/\"},{\"@type\":\"ListItem\",\"position\":2,\"name\":\"Histoire et Historique du village d&rsquo;Orgueil\",\"item\":\"https:\\\/\\\/orgueil82.jvillain.fr\\\/\"},{\"@type\":\"ListItem\",\"position\":3,\"name\":\"Monument aux Morts &#8211; Orgueil\",\"item\":\"https:\\\/\\\/orgueil82.jvillain.fr\\\/?page_id=1915\"},{\"@type\":\"ListItem\",\"position\":4,\"name\":\"C\u00e9r\u00e9monies et Souvenir\",\"item\":\"https:\\\/\\\/orgueil82.jvillain.fr\\\/?page_id=1478\"},{\"@type\":\"ListItem\",\"position\":5,\"name\":\"C\u00e9r\u00e9monies et souvenirs avant 2024\"}]},{\"@type\":\"WebSite\",\"@id\":\"https:\\\/\\\/orgueil82.jvillain.fr\\\/#website\",\"url\":\"https:\\\/\\\/orgueil82.jvillain.fr\\\/\",\"name\":\"Histoire et historique du village d'Orgueil\",\"description\":\"Vivre \u00e0 Orgueil - Tarn-et-Garonne\",\"publisher\":{\"@id\":\"https:\\\/\\\/orgueil82.jvillain.fr\\\/#organization\"},\"potentialAction\":[{\"@type\":\"SearchAction\",\"target\":{\"@type\":\"EntryPoint\",\"urlTemplate\":\"https:\\\/\\\/orgueil82.jvillain.fr\\\/?s={search_term_string}\"},\"query-input\":{\"@type\":\"PropertyValueSpecification\",\"valueRequired\":true,\"valueName\":\"search_term_string\"}}],\"inLanguage\":\"fr-FR\"},{\"@type\":\"Organization\",\"@id\":\"https:\\\/\\\/orgueil82.jvillain.fr\\\/#organization\",\"name\":\"Histoire et historique du village d'Orgueil\",\"url\":\"https:\\\/\\\/orgueil82.jvillain.fr\\\/\",\"logo\":{\"@type\":\"ImageObject\",\"inLanguage\":\"fr-FR\",\"@id\":\"https:\\\/\\\/orgueil82.jvillain.fr\\\/#\\\/schema\\\/logo\\\/image\\\/\",\"url\":\"https:\\\/\\\/orgueil82.jvillain.fr\\\/wp-content\\\/uploads\\\/Orgueil\\\/orgueil3.gif\",\"contentUrl\":\"https:\\\/\\\/orgueil82.jvillain.fr\\\/wp-content\\\/uploads\\\/Orgueil\\\/orgueil3.gif\",\"width\":93,\"height\":62,\"caption\":\"Histoire et historique du village d'Orgueil\"},\"image\":{\"@id\":\"https:\\\/\\\/orgueil82.jvillain.fr\\\/#\\\/schema\\\/logo\\\/image\\\/\"}}]}<\/script>\n<!-- \/ Yoast SEO plugin. -->","yoast_head_json":{"title":"C\u00e9r\u00e9monies et souvenirs avant 2024 - Histoire et historique du village d&#039;Orgueil","robots":{"index":"index","follow":"follow","max-snippet":"max-snippet:-1","max-image-preview":"max-image-preview:large","max-video-preview":"max-video-preview:-1"},"canonical":"https:\/\/orgueil82.jvillain.fr\/?page_id=2457","og_locale":"fr_FR","og_type":"article","og_title":"C\u00e9r\u00e9monies et souvenirs avant 2024 - Histoire et historique du village d&#039;Orgueil","og_description":"Un peu d&rsquo;Histoire \u2026 Aux enfants d&rsquo;Orgueil Les c\u00e9r\u00e9monies au monument aux morts de 2004 \u00e0 2023 Comm\u00e9moration du 11 novembre &#8211; Samedi 22 novembre 2023 Monsieur le Maire et le conseil municipal avaient donn\u00e9 rendez vous \u00e0 la population \u00e0 11h00 ce samedi 11 novembre 2023 pour rendre hommage aux morts pour la France. ... Lire la suite","og_url":"https:\/\/orgueil82.jvillain.fr\/?page_id=2457","og_site_name":"Histoire et historique du village d&#039;Orgueil","article_modified_time":"2025-09-21T22:48:13+00:00","og_image":[{"url":"https:\/\/orgueil82.jvillain.fr\/wp-content\/uploads\/Orgueil\/Histoire\/monument-aux-mort\/demenagement\/IMG_3444.jpg","type":"","width":"","height":""}],"twitter_card":"summary_large_image","twitter_misc":{"Dur\u00e9e de lecture estim\u00e9e":"132 minutes"},"schema":{"@context":"https:\/\/schema.org","@graph":[{"@type":"WebPage","@id":"https:\/\/orgueil82.jvillain.fr\/?page_id=2457","url":"https:\/\/orgueil82.jvillain.fr\/?page_id=2457","name":"C\u00e9r\u00e9monies et souvenirs avant 2024 - Histoire et historique du village d&#039;Orgueil","isPartOf":{"@id":"https:\/\/orgueil82.jvillain.fr\/#website"},"primaryImageOfPage":{"@id":"https:\/\/orgueil82.jvillain.fr\/?page_id=2457#primaryimage"},"image":{"@id":"https:\/\/orgueil82.jvillain.fr\/?page_id=2457#primaryimage"},"thumbnailUrl":"https:\/\/orgueil82.jvillain.fr\/wp-content\/uploads\/Orgueil\/Histoire\/monument-aux-mort\/demenagement\/IMG_3444.jpg","datePublished":"2025-09-21T22:24:55+00:00","dateModified":"2025-09-21T22:48:13+00:00","breadcrumb":{"@id":"https:\/\/orgueil82.jvillain.fr\/?page_id=2457#breadcrumb"},"inLanguage":"fr-FR","potentialAction":[{"@type":"ReadAction","target":["https:\/\/orgueil82.jvillain.fr\/?page_id=2457"]}]},{"@type":"ImageObject","inLanguage":"fr-FR","@id":"https:\/\/orgueil82.jvillain.fr\/?page_id=2457#primaryimage","url":"https:\/\/orgueil82.jvillain.fr\/wp-content\/uploads\/Orgueil\/Histoire\/monument-aux-mort\/demenagement\/IMG_3444.jpg","contentUrl":"https:\/\/orgueil82.jvillain.fr\/wp-content\/uploads\/Orgueil\/Histoire\/monument-aux-mort\/demenagement\/IMG_3444.jpg"},{"@type":"BreadcrumbList","@id":"https:\/\/orgueil82.jvillain.fr\/?page_id=2457#breadcrumb","itemListElement":[{"@type":"ListItem","position":1,"name":"Home","item":"https:\/\/orgueil82.jvillain.fr\/"},{"@type":"ListItem","position":2,"name":"Histoire et Historique du village d&rsquo;Orgueil","item":"https:\/\/orgueil82.jvillain.fr\/"},{"@type":"ListItem","position":3,"name":"Monument aux Morts &#8211; Orgueil","item":"https:\/\/orgueil82.jvillain.fr\/?page_id=1915"},{"@type":"ListItem","position":4,"name":"C\u00e9r\u00e9monies et Souvenir","item":"https:\/\/orgueil82.jvillain.fr\/?page_id=1478"},{"@type":"ListItem","position":5,"name":"C\u00e9r\u00e9monies et souvenirs avant 2024"}]},{"@type":"WebSite","@id":"https:\/\/orgueil82.jvillain.fr\/#website","url":"https:\/\/orgueil82.jvillain.fr\/","name":"Histoire et historique du village d'Orgueil","description":"Vivre \u00e0 Orgueil - Tarn-et-Garonne","publisher":{"@id":"https:\/\/orgueil82.jvillain.fr\/#organization"},"potentialAction":[{"@type":"SearchAction","target":{"@type":"EntryPoint","urlTemplate":"https:\/\/orgueil82.jvillain.fr\/?s={search_term_string}"},"query-input":{"@type":"PropertyValueSpecification","valueRequired":true,"valueName":"search_term_string"}}],"inLanguage":"fr-FR"},{"@type":"Organization","@id":"https:\/\/orgueil82.jvillain.fr\/#organization","name":"Histoire et historique du village d'Orgueil","url":"https:\/\/orgueil82.jvillain.fr\/","logo":{"@type":"ImageObject","inLanguage":"fr-FR","@id":"https:\/\/orgueil82.jvillain.fr\/#\/schema\/logo\/image\/","url":"https:\/\/orgueil82.jvillain.fr\/wp-content\/uploads\/Orgueil\/orgueil3.gif","contentUrl":"https:\/\/orgueil82.jvillain.fr\/wp-content\/uploads\/Orgueil\/orgueil3.gif","width":93,"height":62,"caption":"Histoire et historique du village d'Orgueil"},"image":{"@id":"https:\/\/orgueil82.jvillain.fr\/#\/schema\/logo\/image\/"}}]}},"featured_image_src":null,"featured_image_src_square":null,"_links":{"self":[{"href":"https:\/\/orgueil82.jvillain.fr\/index.php?rest_route=\/wp\/v2\/pages\/2457","targetHints":{"allow":["GET"]}}],"collection":[{"href":"https:\/\/orgueil82.jvillain.fr\/index.php?rest_route=\/wp\/v2\/pages"}],"about":[{"href":"https:\/\/orgueil82.jvillain.fr\/index.php?rest_route=\/wp\/v2\/types\/page"}],"author":[{"embeddable":true,"href":"https:\/\/orgueil82.jvillain.fr\/index.php?rest_route=\/wp\/v2\/users\/1"}],"replies":[{"embeddable":true,"href":"https:\/\/orgueil82.jvillain.fr\/index.php?rest_route=%2Fwp%2Fv2%2Fcomments&post=2457"}],"version-history":[{"count":0,"href":"https:\/\/orgueil82.jvillain.fr\/index.php?rest_route=\/wp\/v2\/pages\/2457\/revisions"}],"up":[{"embeddable":true,"href":"https:\/\/orgueil82.jvillain.fr\/index.php?rest_route=\/wp\/v2\/pages\/1478"}],"wp:attachment":[{"href":"https:\/\/orgueil82.jvillain.fr\/index.php?rest_route=%2Fwp%2Fv2%2Fmedia&parent=2457"}],"curies":[{"name":"wp","href":"https:\/\/api.w.org\/{rel}","templated":true}]}}