{"id":728,"date":"2024-07-26T12:44:37","date_gmt":"2024-07-26T12:44:37","guid":{"rendered":"https:\/\/nouveaujvsite-yjztqadu3t.live-website.com\/galerie\/"},"modified":"2025-09-25T00:23:27","modified_gmt":"2025-09-24T22:23:27","slug":"galerie","status":"publish","type":"page","link":"https:\/\/orgueil82.jvillain.fr\/?page_id=728","title":{"rendered":"L&rsquo;int\u00e9rieur de l&rsquo;\u00e9glise d&rsquo;Orgueil"},"content":{"rendered":"\n<details class=\"wp-block-details is-layout-flow wp-block-details-is-layout-flow\"><summary>Le choeur de l&rsquo;\u00e9glise<\/summary>\n<p><\/p>\n\n\n\n<p>Le choeur de l&rsquo;\u00e9glise a \u00e9t\u00e9 r\u00e9nov\u00e9 en 2012, les vitraux du choeur ont \u00e9t\u00e9 restaur\u00e9s en 2014<\/p>\n\n\n<div class=\"pgc-sgb-cb wp-block-pgcsimplygalleryblock-slider \" data-gallery-id=\"0d596445\"style=&quot;min-height:580px&quot;><div class=\"sgb-preloader\" id=\"pr_0d596445\">\n\t<div class=\"sgb-square\" style=\"background:#d4d4d4\"><\/div>\n\t<div class=\"sgb-square\" style=\"background:#d4d4d4\"><\/div>\n\t<div class=\"sgb-square\" style=\"background:#d4d4d4\"><\/div>\n\t<div class=\"sgb-square\" style=\"background:#d4d4d4\"><\/div><\/div><div class=\"simply-gallery-amp pgc_sgb_slider \"><noscript><div class=\"sgb-gallery\"><div class=\"sgb-item\"><a href=\"https:\/\/orgueil82.jvillain.fr\/?attachment_id=48\" target=\"_blank\"><img alt=\"\" width=\"300\" height=\"196\" loading=\"lazy\"  srcset=\"https:\/\/orgueil82.jvillain.fr\/wp-content\/uploads\/\u00c9glise_Saint-Ferr\u00e9ol\/eglise_choeur_l-300x196.jpg 300w,https:\/\/orgueil82.jvillain.fr\/wp-content\/uploads\/\u00c9glise_Saint-Ferr\u00e9ol\/eglise_choeur_l.jpg 665w\" sizes=\"auto, 250px\"\/ class=\"lws-optimize-lazyload\" data-src=\"https:\/\/orgueil82.jvillain.fr\/wp-content\/uploads\/\u00c9glise_Saint-Ferr\u00e9ol\/eglise_choeur_l-300x196.jpg\"><\/a><div class=\"sgb-item-caption\"><em>Choeur vers 1910                  <\/em><\/div><\/div><div class=\"sgb-item\"><a href=\"https:\/\/orgueil82.jvillain.fr\/?attachment_id=157\" target=\"_blank\"><img alt=\"\" width=\"300\" height=\"199\" loading=\"lazy\"  srcset=\"https:\/\/orgueil82.jvillain.fr\/wp-content\/uploads\/\u00c9glise_Saint-Ferr\u00e9ol\/choeur_avant_refection_vitraux-300x199.jpg 300w,https:\/\/orgueil82.jvillain.fr\/wp-content\/uploads\/\u00c9glise_Saint-Ferr\u00e9ol\/choeur_avant_refection_vitraux.jpg 800w\" sizes=\"auto, 250px\"\/ class=\"lws-optimize-lazyload\" data-src=\"https:\/\/orgueil82.jvillain.fr\/wp-content\/uploads\/\u00c9glise_Saint-Ferr\u00e9ol\/choeur_avant_refection_vitraux-300x199.jpg\"><\/a><div class=\"sgb-item-caption\"><em>Le Choeur avant la restauration<\/em><\/div><\/div><div class=\"sgb-item\"><a href=\"https:\/\/orgueil82.jvillain.fr\/?attachment_id=154\" target=\"_blank\"><img alt=\"\" width=\"300\" height=\"225\" loading=\"lazy\"  srcset=\"https:\/\/orgueil82.jvillain.fr\/wp-content\/uploads\/\u00c9glise_Saint-Ferr\u00e9ol\/choeur-300x225.jpg 300w,https:\/\/orgueil82.jvillain.fr\/wp-content\/uploads\/\u00c9glise_Saint-Ferr\u00e9ol\/choeur.jpg 800w\" sizes=\"auto, 250px\"\/ class=\"lws-optimize-lazyload\" data-src=\"https:\/\/orgueil82.jvillain.fr\/wp-content\/uploads\/\u00c9glise_Saint-Ferr\u00e9ol\/choeur-300x225.jpg\"><\/a><div class=\"sgb-item-caption\"><em>Le choeur apr\u00e8s la restauration        <\/em><\/div><\/div><div class=\"sgb-item\"><a href=\"https:\/\/orgueil82.jvillain.fr\/?attachment_id=1062\" target=\"_blank\"><img alt=\"\" width=\"300\" height=\"224\" loading=\"lazy\"  srcset=\"https:\/\/orgueil82.jvillain.fr\/wp-content\/uploads\/\u00c9glise_Saint-Ferr\u00e9ol\/statues_autels\/P1000140-300x224.jpg 300w,https:\/\/orgueil82.jvillain.fr\/wp-content\/uploads\/\u00c9glise_Saint-Ferr\u00e9ol\/statues_autels\/P1000140-2048x1527.jpg 2048w,https:\/\/orgueil82.jvillain.fr\/wp-content\/uploads\/\u00c9glise_Saint-Ferr\u00e9ol\/statues_autels\/P1000140-scaled.jpg 2560w\" sizes=\"auto, 250px\"\/ class=\"lws-optimize-lazyload\" data-src=\"https:\/\/orgueil82.jvillain.fr\/wp-content\/uploads\/\u00c9glise_Saint-Ferr\u00e9ol\/statues_autels\/P1000140-300x224.jpg\"><\/a><div class=\"sgb-item-caption\"><em>Le Choeur &#8211; 10\/2024<\/em><\/div><\/div><div class=\"sgb-item\"><a href=\"https:\/\/orgueil82.jvillain.fr\/?attachment_id=1065\" target=\"_blank\"><img alt=\"\" width=\"300\" height=\"225\" loading=\"lazy\"  srcset=\"https:\/\/orgueil82.jvillain.fr\/wp-content\/uploads\/\u00c9glise_Saint-Ferr\u00e9ol\/statues_autels\/P1000158-300x225.jpg 300w,https:\/\/orgueil82.jvillain.fr\/wp-content\/uploads\/\u00c9glise_Saint-Ferr\u00e9ol\/statues_autels\/P1000158-2048x1538.jpg 2048w,https:\/\/orgueil82.jvillain.fr\/wp-content\/uploads\/\u00c9glise_Saint-Ferr\u00e9ol\/statues_autels\/P1000158.jpg 2500w\" sizes=\"auto, 250px\"\/ class=\"lws-optimize-lazyload\" data-src=\"https:\/\/orgueil82.jvillain.fr\/wp-content\/uploads\/\u00c9glise_Saint-Ferr\u00e9ol\/statues_autels\/P1000158-300x225.jpg\"><\/a><div class=\"sgb-item-caption\"><em>Plafond du choeur<\/em><\/div><\/div><div class=\"sgb-item\"><a href=\"https:\/\/orgueil82.jvillain.fr\/?attachment_id=1064\" target=\"_blank\"><img alt=\"\" width=\"300\" height=\"225\" loading=\"lazy\"  srcset=\"https:\/\/orgueil82.jvillain.fr\/wp-content\/uploads\/\u00c9glise_Saint-Ferr\u00e9ol\/statues_autels\/P1000156-300x225.jpg 300w,https:\/\/orgueil82.jvillain.fr\/wp-content\/uploads\/\u00c9glise_Saint-Ferr\u00e9ol\/statues_autels\/P1000156-2048x1538.jpg 2048w,https:\/\/orgueil82.jvillain.fr\/wp-content\/uploads\/\u00c9glise_Saint-Ferr\u00e9ol\/statues_autels\/P1000156.jpg 2500w\" sizes=\"auto, 250px\"\/ class=\"lws-optimize-lazyload\" data-src=\"https:\/\/orgueil82.jvillain.fr\/wp-content\/uploads\/\u00c9glise_Saint-Ferr\u00e9ol\/statues_autels\/P1000156-300x225.jpg\"><\/a><div class=\"sgb-item-caption\"><em>Le Grand autel<\/em><\/div><\/div><div class=\"sgb-item\"><a href=\"https:\/\/orgueil82.jvillain.fr\/?attachment_id=151\" target=\"_blank\"><img alt=\"\" width=\"225\" height=\"300\" loading=\"lazy\"  srcset=\"https:\/\/orgueil82.jvillain.fr\/wp-content\/uploads\/\u00c9glise_Saint-Ferr\u00e9ol\/Vitraux\/sainte-juliette-saint-cyr-225x300.jpg 225w,https:\/\/orgueil82.jvillain.fr\/wp-content\/uploads\/\u00c9glise_Saint-Ferr\u00e9ol\/Vitraux\/sainte-juliette-saint-cyr.jpg 600w\" sizes=\"auto, 250px\"\/ class=\"lws-optimize-lazyload\" data-src=\"https:\/\/orgueil82.jvillain.fr\/wp-content\/uploads\/\u00c9glise_Saint-Ferr\u00e9ol\/Vitraux\/sainte-juliette-saint-cyr-225x300.jpg\"><\/a><div class=\"sgb-item-caption\"><em>Sanctus Syrus (Saint Cyr et sainte Juliette)    <\/em><\/div><\/div><div class=\"sgb-item\"><a href=\"https:\/\/orgueil82.jvillain.fr\/?attachment_id=155\" target=\"_blank\"><img alt=\"\" width=\"225\" height=\"300\" loading=\"lazy\"  srcset=\"https:\/\/orgueil82.jvillain.fr\/wp-content\/uploads\/\u00c9glise_Saint-Ferr\u00e9ol\/Vitraux\/saint_jean-225x300.jpg 225w,https:\/\/orgueil82.jvillain.fr\/wp-content\/uploads\/\u00c9glise_Saint-Ferr\u00e9ol\/Vitraux\/saint_jean.jpg 600w\" sizes=\"auto, 250px\"\/ class=\"lws-optimize-lazyload\" data-src=\"https:\/\/orgueil82.jvillain.fr\/wp-content\/uploads\/\u00c9glise_Saint-Ferr\u00e9ol\/Vitraux\/saint_jean-225x300.jpg\"><\/a><div class=\"sgb-item-caption\"><em>Sanctus Johann\u00e8s Baptista (Saint Jean Baptiste)<\/em><\/div><\/div><div class=\"sgb-item\"><a href=\"https:\/\/orgueil82.jvillain.fr\/?attachment_id=152\" target=\"_blank\"><img alt=\"\" width=\"225\" height=\"300\" loading=\"lazy\"  srcset=\"https:\/\/orgueil82.jvillain.fr\/wp-content\/uploads\/\u00c9glise_Saint-Ferr\u00e9ol\/Vitraux\/saint_ferreol-225x300.jpg 225w,https:\/\/orgueil82.jvillain.fr\/wp-content\/uploads\/\u00c9glise_Saint-Ferr\u00e9ol\/Vitraux\/saint_ferreol.jpg 600w\" sizes=\"auto, 250px\"\/ class=\"lws-optimize-lazyload\" data-src=\"https:\/\/orgueil82.jvillain.fr\/wp-content\/uploads\/\u00c9glise_Saint-Ferr\u00e9ol\/Vitraux\/saint_ferreol-225x300.jpg\"><\/a><div class=\"sgb-item-caption\"><em>Saint Ferr\u00e9ol<\/em><\/div><\/div><div class=\"sgb-item\"><a href=\"https:\/\/orgueil82.jvillain.fr\/?attachment_id=156\" target=\"_blank\"><img alt=\"\" width=\"225\" height=\"300\" loading=\"lazy\"  srcset=\"https:\/\/orgueil82.jvillain.fr\/wp-content\/uploads\/\u00c9glise_Saint-Ferr\u00e9ol\/Vitraux\/saint-6-225x300.jpg 225w,https:\/\/orgueil82.jvillain.fr\/wp-content\/uploads\/\u00c9glise_Saint-Ferr\u00e9ol\/Vitraux\/saint-6.jpg 600w\" sizes=\"auto, 250px\"\/ class=\"lws-optimize-lazyload\" data-src=\"https:\/\/orgueil82.jvillain.fr\/wp-content\/uploads\/\u00c9glise_Saint-Ferr\u00e9ol\/Vitraux\/saint-6-225x300.jpg\"><\/a><div class=\"sgb-item-caption\"><em>Sainte Bernadette <\/em><\/div><\/div><div class=\"sgb-item\"><a href=\"https:\/\/orgueil82.jvillain.fr\/?attachment_id=153\" target=\"_blank\"><img alt=\"\" width=\"225\" height=\"300\" loading=\"lazy\"  srcset=\"https:\/\/orgueil82.jvillain.fr\/wp-content\/uploads\/\u00c9glise_Saint-Ferr\u00e9ol\/Vitraux\/saint_emmanuel-225x300.jpg 225w,https:\/\/orgueil82.jvillain.fr\/wp-content\/uploads\/\u00c9glise_Saint-Ferr\u00e9ol\/Vitraux\/saint_emmanuel.jpg 600w\" sizes=\"auto, 250px\"\/ class=\"lws-optimize-lazyload\" data-src=\"https:\/\/orgueil82.jvillain.fr\/wp-content\/uploads\/\u00c9glise_Saint-Ferr\u00e9ol\/Vitraux\/saint_emmanuel-225x300.jpg\"><\/a><div class=\"sgb-item-caption\"><em>Sanctus Emmanuel<\/em><\/div><\/div><\/div><\/noscript><\/div><script type=\"application\/json\" class=\"sgb-data\">{\"collectionThumbRecomendedWidth\":150,\"captionHAlign\":\"bottom\",\"collectionthumbHoverTitleFontSize\":12,\"collectionThumbSubMenuDownload\":false,\"sliderMaxHeight\":580,\"sliderAdminWidth\":940,\"responsiveHeight\":true,\"autoPlay\":true,\"galleryType\":\"pgc_sgb_slider\",\"galleryId\":\"0d596445\",\"images\":[{\"id\":48,\"title\":\"eglise_choeur_l\",\"url\":\"https:\/\/orgueil82.jvillain.fr\/wp-content\/uploads\/\u00c9glise_Saint-Ferr\u00e9ol\/eglise_choeur_l.jpg\",\"link\":\"https:\/\/orgueil82.jvillain.fr\/?attachment_id=48\",\"alt\":\"\",\"description\":\"\",\"caption\":\"Choeur vers 1910                  \",\"mime\":\"image\/jpeg\",\"type\":\"image\",\"width\":665,\"height\":435,\"sizes\":{\"thumbnail\":{\"height\":150,\"width\":150,\"url\":\"https:\/\/orgueil82.jvillain.fr\/wp-content\/uploads\/\u00c9glise_Saint-Ferr\u00e9ol\/eglise_choeur_l-150x150.jpg\",\"orientation\":\"landscape\"},\"medium\":{\"height\":196,\"width\":300,\"url\":\"https:\/\/orgueil82.jvillain.fr\/wp-content\/uploads\/\u00c9glise_Saint-Ferr\u00e9ol\/eglise_choeur_l-300x196.jpg\",\"orientation\":\"landscape\"},\"full\":{\"url\":\"https:\/\/orgueil82.jvillain.fr\/wp-content\/uploads\/\u00c9glise_Saint-Ferr\u00e9ol\/eglise_choeur_l.jpg\",\"height\":435,\"width\":665,\"orientation\":\"landscape\"}},\"imageMeta\":{\"aperture\":\"0\",\"credit\":\"\",\"camera\":\"MG5100 series\",\"caption\":\"\",\"created_timestamp\":\"1351361118\",\"copyright\":\"\",\"focal_length\":\"0\",\"iso\":\"0\",\"shutter_speed\":\"0\",\"title\":\"\",\"orientation\":\"1\",\"keywords\":[]},\"meta\":false,\"postlink\":\"https:\/\/orgueil82.jvillain.fr\/?attachment_id=48\"},{\"id\":157,\"title\":\"choeur_avant_refection_vitraux\",\"url\":\"https:\/\/orgueil82.jvillain.fr\/wp-content\/uploads\/\u00c9glise_Saint-Ferr\u00e9ol\/choeur_avant_refection_vitraux.jpg\",\"link\":\"https:\/\/orgueil82.jvillain.fr\/?attachment_id=157\",\"alt\":\"\",\"description\":\"\",\"caption\":\"Le Choeur avant la restauration\",\"mime\":\"image\/jpeg\",\"type\":\"image\",\"width\":800,\"height\":531,\"sizes\":{\"thumbnail\":{\"height\":150,\"width\":150,\"url\":\"https:\/\/orgueil82.jvillain.fr\/wp-content\/uploads\/\u00c9glise_Saint-Ferr\u00e9ol\/choeur_avant_refection_vitraux-150x150.jpg\",\"orientation\":\"landscape\"},\"medium\":{\"height\":199,\"width\":300,\"url\":\"https:\/\/orgueil82.jvillain.fr\/wp-content\/uploads\/\u00c9glise_Saint-Ferr\u00e9ol\/choeur_avant_refection_vitraux-300x199.jpg\",\"orientation\":\"landscape\"},\"full\":{\"url\":\"https:\/\/orgueil82.jvillain.fr\/wp-content\/uploads\/\u00c9glise_Saint-Ferr\u00e9ol\/choeur_avant_refection_vitraux.jpg\",\"height\":531,\"width\":800,\"orientation\":\"landscape\"}},\"imageMeta\":{\"aperture\":\"3.5\",\"credit\":\"\",\"camera\":\"DYNAX 5D\",\"caption\":\"KONICA MINOLTA DIGITAL CAMERA\",\"created_timestamp\":\"1156063560\",\"copyright\":\"\",\"focal_length\":\"18\",\"iso\":\"400\",\"shutter_speed\":\"0.016666666666667\",\"title\":\"KONICA MINOLTA DIGITAL CAMERA\",\"orientation\":\"1\",\"keywords\":[]},\"meta\":false,\"postlink\":\"https:\/\/orgueil82.jvillain.fr\/?attachment_id=157\"},{\"id\":154,\"title\":\"choeur\",\"url\":\"https:\/\/orgueil82.jvillain.fr\/wp-content\/uploads\/\u00c9glise_Saint-Ferr\u00e9ol\/choeur.jpg\",\"link\":\"https:\/\/orgueil82.jvillain.fr\/?attachment_id=154\",\"alt\":\"\",\"description\":\"\",\"caption\":\"Le choeur apr\u00e8s la restauration        \",\"mime\":\"image\/jpeg\",\"type\":\"image\",\"width\":800,\"height\":600,\"sizes\":{\"thumbnail\":{\"height\":150,\"width\":150,\"url\":\"https:\/\/orgueil82.jvillain.fr\/wp-content\/uploads\/\u00c9glise_Saint-Ferr\u00e9ol\/choeur-150x150.jpg\",\"orientation\":\"landscape\"},\"medium\":{\"height\":225,\"width\":300,\"url\":\"https:\/\/orgueil82.jvillain.fr\/wp-content\/uploads\/\u00c9glise_Saint-Ferr\u00e9ol\/choeur-300x225.jpg\",\"orientation\":\"landscape\"},\"full\":{\"url\":\"https:\/\/orgueil82.jvillain.fr\/wp-content\/uploads\/\u00c9glise_Saint-Ferr\u00e9ol\/choeur.jpg\",\"height\":600,\"width\":800,\"orientation\":\"landscape\"}},\"imageMeta\":{\"aperture\":\"3.5\",\"credit\":\"\",\"camera\":\"DSC-HX5V\",\"caption\":\"\",\"created_timestamp\":\"1414317691\",\"copyright\":\"\",\"focal_length\":\"4.25\",\"iso\":\"125\",\"shutter_speed\":\"0.025\",\"title\":\"\",\"orientation\":\"1\",\"keywords\":[]},\"meta\":false,\"postlink\":\"https:\/\/orgueil82.jvillain.fr\/?attachment_id=154\"},{\"id\":1062,\"title\":\"P1000140\",\"url\":\"https:\/\/orgueil82.jvillain.fr\/wp-content\/uploads\/\u00c9glise_Saint-Ferr\u00e9ol\/statues_autels\/P1000140-scaled.jpg\",\"link\":\"https:\/\/orgueil82.jvillain.fr\/?attachment_id=1062\",\"alt\":\"\",\"description\":\"\",\"caption\":\"Le Choeur - 10\/2024\",\"mime\":\"image\/jpeg\",\"type\":\"image\",\"width\":2560,\"height\":1909,\"sizes\":{\"thumbnail\":{\"height\":150,\"width\":150,\"url\":\"https:\/\/orgueil82.jvillain.fr\/wp-content\/uploads\/\u00c9glise_Saint-Ferr\u00e9ol\/statues_autels\/P1000140-150x150.jpg\",\"orientation\":\"landscape\"},\"medium\":{\"height\":224,\"width\":300,\"url\":\"https:\/\/orgueil82.jvillain.fr\/wp-content\/uploads\/\u00c9glise_Saint-Ferr\u00e9ol\/statues_autels\/P1000140-300x224.jpg\",\"orientation\":\"landscape\"},\"large\":{\"height\":1527,\"width\":2048,\"url\":\"https:\/\/orgueil82.jvillain.fr\/wp-content\/uploads\/\u00c9glise_Saint-Ferr\u00e9ol\/statues_autels\/P1000140-2048x1527.jpg\",\"orientation\":\"landscape\"},\"full\":{\"url\":\"https:\/\/orgueil82.jvillain.fr\/wp-content\/uploads\/\u00c9glise_Saint-Ferr\u00e9ol\/statues_autels\/P1000140-scaled.jpg\",\"height\":1909,\"width\":2560,\"orientation\":\"landscape\"}},\"imageMeta\":{\"aperture\":\"3.5\",\"credit\":\"\",\"camera\":\"DMC-G80\",\"caption\":\"\",\"created_timestamp\":\"1728813184\",\"copyright\":\"\",\"focal_length\":\"12\",\"iso\":\"1600\",\"shutter_speed\":\"0.016666666666667\",\"title\":\"\",\"orientation\":\"0\",\"keywords\":[]},\"meta\":false,\"postlink\":\"https:\/\/orgueil82.jvillain.fr\/?attachment_id=1062\"},{\"id\":1065,\"title\":\"P1000158\",\"url\":\"https:\/\/orgueil82.jvillain.fr\/wp-content\/uploads\/\u00c9glise_Saint-Ferr\u00e9ol\/statues_autels\/P1000158.jpg\",\"link\":\"https:\/\/orgueil82.jvillain.fr\/?attachment_id=1065\",\"alt\":\"\",\"description\":\"\",\"caption\":\"Plafond du choeur\",\"mime\":\"image\/jpeg\",\"type\":\"image\",\"width\":2500,\"height\":1877,\"sizes\":{\"thumbnail\":{\"height\":150,\"width\":150,\"url\":\"https:\/\/orgueil82.jvillain.fr\/wp-content\/uploads\/\u00c9glise_Saint-Ferr\u00e9ol\/statues_autels\/P1000158-150x150.jpg\",\"orientation\":\"landscape\"},\"medium\":{\"height\":225,\"width\":300,\"url\":\"https:\/\/orgueil82.jvillain.fr\/wp-content\/uploads\/\u00c9glise_Saint-Ferr\u00e9ol\/statues_autels\/P1000158-300x225.jpg\",\"orientation\":\"landscape\"},\"large\":{\"height\":1538,\"width\":2048,\"url\":\"https:\/\/orgueil82.jvillain.fr\/wp-content\/uploads\/\u00c9glise_Saint-Ferr\u00e9ol\/statues_autels\/P1000158-2048x1538.jpg\",\"orientation\":\"landscape\"},\"full\":{\"url\":\"https:\/\/orgueil82.jvillain.fr\/wp-content\/uploads\/\u00c9glise_Saint-Ferr\u00e9ol\/statues_autels\/P1000158.jpg\",\"height\":1877,\"width\":2500,\"orientation\":\"landscape\"}},\"imageMeta\":{\"aperture\":\"0\",\"credit\":\"\",\"camera\":\"\",\"caption\":\"\",\"created_timestamp\":\"1728813564\",\"copyright\":\"\",\"focal_length\":\"0\",\"iso\":\"0\",\"shutter_speed\":\"0\",\"title\":\"\",\"orientation\":\"1\",\"keywords\":[]},\"meta\":false,\"postlink\":\"https:\/\/orgueil82.jvillain.fr\/?attachment_id=1065\"},{\"id\":1064,\"title\":\"P1000156\",\"url\":\"https:\/\/orgueil82.jvillain.fr\/wp-content\/uploads\/\u00c9glise_Saint-Ferr\u00e9ol\/statues_autels\/P1000156.jpg\",\"link\":\"https:\/\/orgueil82.jvillain.fr\/?attachment_id=1064\",\"alt\":\"\",\"description\":\"\",\"caption\":\"Le Grand autel\",\"mime\":\"image\/jpeg\",\"type\":\"image\",\"width\":2500,\"height\":1877,\"sizes\":{\"thumbnail\":{\"height\":150,\"width\":150,\"url\":\"https:\/\/orgueil82.jvillain.fr\/wp-content\/uploads\/\u00c9glise_Saint-Ferr\u00e9ol\/statues_autels\/P1000156-150x150.jpg\",\"orientation\":\"landscape\"},\"medium\":{\"height\":225,\"width\":300,\"url\":\"https:\/\/orgueil82.jvillain.fr\/wp-content\/uploads\/\u00c9glise_Saint-Ferr\u00e9ol\/statues_autels\/P1000156-300x225.jpg\",\"orientation\":\"landscape\"},\"large\":{\"height\":1538,\"width\":2048,\"url\":\"https:\/\/orgueil82.jvillain.fr\/wp-content\/uploads\/\u00c9glise_Saint-Ferr\u00e9ol\/statues_autels\/P1000156-2048x1538.jpg\",\"orientation\":\"landscape\"},\"full\":{\"url\":\"https:\/\/orgueil82.jvillain.fr\/wp-content\/uploads\/\u00c9glise_Saint-Ferr\u00e9ol\/statues_autels\/P1000156.jpg\",\"height\":1877,\"width\":2500,\"orientation\":\"landscape\"}},\"imageMeta\":{\"aperture\":\"0\",\"credit\":\"\",\"camera\":\"\",\"caption\":\"\",\"created_timestamp\":\"1728813524\",\"copyright\":\"\",\"focal_length\":\"0\",\"iso\":\"0\",\"shutter_speed\":\"0\",\"title\":\"\",\"orientation\":\"1\",\"keywords\":[]},\"meta\":false,\"postlink\":\"https:\/\/orgueil82.jvillain.fr\/?attachment_id=1064\"},{\"id\":151,\"title\":\"sainte-juliette-saint-cyr\",\"url\":\"https:\/\/orgueil82.jvillain.fr\/wp-content\/uploads\/\u00c9glise_Saint-Ferr\u00e9ol\/Vitraux\/sainte-juliette-saint-cyr.jpg\",\"link\":\"https:\/\/orgueil82.jvillain.fr\/?attachment_id=151\",\"alt\":\"\",\"description\":\"\",\"caption\":\"Sanctus Syrus (Saint Cyr et sainte Juliette)    \",\"mime\":\"image\/jpeg\",\"type\":\"image\",\"width\":600,\"height\":800,\"sizes\":{\"thumbnail\":{\"height\":150,\"width\":150,\"url\":\"https:\/\/orgueil82.jvillain.fr\/wp-content\/uploads\/\u00c9glise_Saint-Ferr\u00e9ol\/Vitraux\/sainte-juliette-saint-cyr-150x150.jpg\",\"orientation\":\"landscape\"},\"medium\":{\"height\":300,\"width\":225,\"url\":\"https:\/\/orgueil82.jvillain.fr\/wp-content\/uploads\/\u00c9glise_Saint-Ferr\u00e9ol\/Vitraux\/sainte-juliette-saint-cyr-225x300.jpg\",\"orientation\":\"portrait\"},\"full\":{\"url\":\"https:\/\/orgueil82.jvillain.fr\/wp-content\/uploads\/\u00c9glise_Saint-Ferr\u00e9ol\/Vitraux\/sainte-juliette-saint-cyr.jpg\",\"height\":800,\"width\":600,\"orientation\":\"portrait\"}},\"imageMeta\":{\"aperture\":\"5\",\"credit\":\"\",\"camera\":\"DSC-HX5V\",\"caption\":\"\",\"created_timestamp\":\"1414317609\",\"copyright\":\"\",\"focal_length\":\"18.27\",\"iso\":\"400\",\"shutter_speed\":\"0.02\",\"title\":\"\",\"orientation\":\"1\",\"keywords\":[]},\"meta\":false,\"postlink\":\"https:\/\/orgueil82.jvillain.fr\/?attachment_id=151\"},{\"id\":155,\"title\":\"saint_jean\",\"url\":\"https:\/\/orgueil82.jvillain.fr\/wp-content\/uploads\/\u00c9glise_Saint-Ferr\u00e9ol\/Vitraux\/saint_jean.jpg\",\"link\":\"https:\/\/orgueil82.jvillain.fr\/?attachment_id=155\",\"alt\":\"\",\"description\":\"\",\"caption\":\"Sanctus Johann\u00e8s Baptista (Saint Jean Baptiste)\",\"mime\":\"image\/jpeg\",\"type\":\"image\",\"width\":600,\"height\":800,\"sizes\":{\"thumbnail\":{\"height\":150,\"width\":150,\"url\":\"https:\/\/orgueil82.jvillain.fr\/wp-content\/uploads\/\u00c9glise_Saint-Ferr\u00e9ol\/Vitraux\/saint_jean-150x150.jpg\",\"orientation\":\"landscape\"},\"medium\":{\"height\":300,\"width\":225,\"url\":\"https:\/\/orgueil82.jvillain.fr\/wp-content\/uploads\/\u00c9glise_Saint-Ferr\u00e9ol\/Vitraux\/saint_jean-225x300.jpg\",\"orientation\":\"portrait\"},\"full\":{\"url\":\"https:\/\/orgueil82.jvillain.fr\/wp-content\/uploads\/\u00c9glise_Saint-Ferr\u00e9ol\/Vitraux\/saint_jean.jpg\",\"height\":800,\"width\":600,\"orientation\":\"portrait\"}},\"imageMeta\":{\"aperture\":\"5\",\"credit\":\"\",\"camera\":\"DSC-HX5V\",\"caption\":\"\",\"created_timestamp\":\"1414317636\",\"copyright\":\"\",\"focal_length\":\"18.27\",\"iso\":\"400\",\"shutter_speed\":\"0.025\",\"title\":\"\",\"orientation\":\"1\",\"keywords\":[]},\"meta\":false,\"postlink\":\"https:\/\/orgueil82.jvillain.fr\/?attachment_id=155\"},{\"id\":152,\"title\":\"saint_ferreol\",\"url\":\"https:\/\/orgueil82.jvillain.fr\/wp-content\/uploads\/\u00c9glise_Saint-Ferr\u00e9ol\/Vitraux\/saint_ferreol.jpg\",\"link\":\"https:\/\/orgueil82.jvillain.fr\/?attachment_id=152\",\"alt\":\"\",\"description\":\"\",\"caption\":\"Saint Ferr\u00e9ol\",\"mime\":\"image\/jpeg\",\"type\":\"image\",\"width\":600,\"height\":800,\"sizes\":{\"thumbnail\":{\"height\":150,\"width\":150,\"url\":\"https:\/\/orgueil82.jvillain.fr\/wp-content\/uploads\/\u00c9glise_Saint-Ferr\u00e9ol\/Vitraux\/saint_ferreol-150x150.jpg\",\"orientation\":\"landscape\"},\"medium\":{\"height\":300,\"width\":225,\"url\":\"https:\/\/orgueil82.jvillain.fr\/wp-content\/uploads\/\u00c9glise_Saint-Ferr\u00e9ol\/Vitraux\/saint_ferreol-225x300.jpg\",\"orientation\":\"portrait\"},\"full\":{\"url\":\"https:\/\/orgueil82.jvillain.fr\/wp-content\/uploads\/\u00c9glise_Saint-Ferr\u00e9ol\/Vitraux\/saint_ferreol.jpg\",\"height\":800,\"width\":600,\"orientation\":\"portrait\"}},\"imageMeta\":{\"aperture\":\"5\",\"credit\":\"\",\"camera\":\"DSC-HX5V\",\"caption\":\"\",\"created_timestamp\":\"1414317624\",\"copyright\":\"\",\"focal_length\":\"18.27\",\"iso\":\"400\",\"shutter_speed\":\"0.033333333333333\",\"title\":\"\",\"orientation\":\"1\",\"keywords\":[]},\"meta\":false,\"postlink\":\"https:\/\/orgueil82.jvillain.fr\/?attachment_id=152\"},{\"id\":156,\"title\":\"saint-6\",\"url\":\"https:\/\/orgueil82.jvillain.fr\/wp-content\/uploads\/\u00c9glise_Saint-Ferr\u00e9ol\/Vitraux\/saint-6.jpg\",\"link\":\"https:\/\/orgueil82.jvillain.fr\/?attachment_id=156\",\"alt\":\"\",\"description\":\"\",\"caption\":\"Sainte Bernadette \",\"mime\":\"image\/jpeg\",\"type\":\"image\",\"width\":600,\"height\":800,\"sizes\":{\"thumbnail\":{\"height\":150,\"width\":150,\"url\":\"https:\/\/orgueil82.jvillain.fr\/wp-content\/uploads\/\u00c9glise_Saint-Ferr\u00e9ol\/Vitraux\/saint-6-150x150.jpg\",\"orientation\":\"landscape\"},\"medium\":{\"height\":300,\"width\":225,\"url\":\"https:\/\/orgueil82.jvillain.fr\/wp-content\/uploads\/\u00c9glise_Saint-Ferr\u00e9ol\/Vitraux\/saint-6-225x300.jpg\",\"orientation\":\"portrait\"},\"full\":{\"url\":\"https:\/\/orgueil82.jvillain.fr\/wp-content\/uploads\/\u00c9glise_Saint-Ferr\u00e9ol\/Vitraux\/saint-6.jpg\",\"height\":800,\"width\":600,\"orientation\":\"portrait\"}},\"imageMeta\":{\"aperture\":\"5\",\"credit\":\"\",\"camera\":\"DSC-HX5V\",\"caption\":\"\",\"created_timestamp\":\"1414317662\",\"copyright\":\"\",\"focal_length\":\"18.27\",\"iso\":\"200\",\"shutter_speed\":\"0.008\",\"title\":\"\",\"orientation\":\"1\",\"keywords\":[]},\"meta\":false,\"postlink\":\"https:\/\/orgueil82.jvillain.fr\/?attachment_id=156\"},{\"id\":153,\"title\":\"saint_emmanuel\",\"url\":\"https:\/\/orgueil82.jvillain.fr\/wp-content\/uploads\/\u00c9glise_Saint-Ferr\u00e9ol\/Vitraux\/saint_emmanuel.jpg\",\"link\":\"https:\/\/orgueil82.jvillain.fr\/?attachment_id=153\",\"alt\":\"\",\"description\":\"\",\"caption\":\"Sanctus Emmanuel\",\"mime\":\"image\/jpeg\",\"type\":\"image\",\"width\":600,\"height\":800,\"sizes\":{\"thumbnail\":{\"height\":150,\"width\":150,\"url\":\"https:\/\/orgueil82.jvillain.fr\/wp-content\/uploads\/\u00c9glise_Saint-Ferr\u00e9ol\/Vitraux\/saint_emmanuel-150x150.jpg\",\"orientation\":\"landscape\"},\"medium\":{\"height\":300,\"width\":225,\"url\":\"https:\/\/orgueil82.jvillain.fr\/wp-content\/uploads\/\u00c9glise_Saint-Ferr\u00e9ol\/Vitraux\/saint_emmanuel-225x300.jpg\",\"orientation\":\"portrait\"},\"full\":{\"url\":\"https:\/\/orgueil82.jvillain.fr\/wp-content\/uploads\/\u00c9glise_Saint-Ferr\u00e9ol\/Vitraux\/saint_emmanuel.jpg\",\"height\":800,\"width\":600,\"orientation\":\"portrait\"}},\"imageMeta\":{\"aperture\":\"5\",\"credit\":\"\",\"camera\":\"DSC-HX5V\",\"caption\":\"\",\"created_timestamp\":\"1414317655\",\"copyright\":\"\",\"focal_length\":\"18.27\",\"iso\":\"400\",\"shutter_speed\":\"0.016666666666667\",\"title\":\"\",\"orientation\":\"1\",\"keywords\":[]},\"meta\":false,\"postlink\":\"https:\/\/orgueil82.jvillain.fr\/?attachment_id=153\"}],\"sliderItemTitleFontSize\":24,\"sliderSlideshowAutoStart\":true,\"sliderSlideshowDelay\":6,\"itemsMetaDataCollection\":[]}<\/script><script>(function(){if(window.PGC_SGB && window.PGC_SGB.searcher){window.PGC_SGB.searcher.initBlocks()}})()<\/script><\/div><\/details>\n\n\n\n<div style=\"height:18px\" aria-hidden=\"true\" class=\"wp-block-spacer\"><\/div>\n\n\n\n<details class=\"wp-block-details is-layout-flow wp-block-details-is-layout-flow\"><summary>La chapelle de la Vierge<\/summary>\n<p><\/p>\n\n\n<div class=\"pgc-sgb-cb wp-block-pgcsimplygalleryblock-slider \" data-gallery-id=\"91206388\"style=&quot;min-height:860px&quot;><div class=\"sgb-preloader\" id=\"pr_91206388\">\n\t<div class=\"sgb-square\" style=\"background:#d4d4d4\"><\/div>\n\t<div class=\"sgb-square\" style=\"background:#d4d4d4\"><\/div>\n\t<div class=\"sgb-square\" style=\"background:#d4d4d4\"><\/div>\n\t<div class=\"sgb-square\" style=\"background:#d4d4d4\"><\/div><\/div><div class=\"simply-gallery-amp pgc_sgb_slider \"><noscript><div class=\"sgb-gallery\"><div class=\"sgb-item\"><a href=\"https:\/\/orgueil82.jvillain.fr\/?attachment_id=1069\" target=\"_blank\"><img alt=\"\" width=\"96\" height=\"300\" loading=\"lazy\"  srcset=\"https:\/\/orgueil82.jvillain.fr\/wp-content\/uploads\/\u00c9glise_Saint-Ferr\u00e9ol\/Vitraux\/P1000133-96x300.jpg 96w,https:\/\/orgueil82.jvillain.fr\/wp-content\/uploads\/\u00c9glise_Saint-Ferr\u00e9ol\/Vitraux\/P1000133-658x2048.jpg 658w,https:\/\/orgueil82.jvillain.fr\/wp-content\/uploads\/\u00c9glise_Saint-Ferr\u00e9ol\/Vitraux\/P1000133-scaled.jpg 823w\" sizes=\"auto, 250px\"\/ class=\"lws-optimize-lazyload\" data-src=\"https:\/\/orgueil82.jvillain.fr\/wp-content\/uploads\/\u00c9glise_Saint-Ferr\u00e9ol\/Vitraux\/P1000133-96x300.jpg\"><\/a><div class=\"sgb-item-caption\"><em>Virgo Immacula (Vierge immacul\u00e9e)<\/em><\/div><\/div><div class=\"sgb-item\"><a href=\"https:\/\/orgueil82.jvillain.fr\/?attachment_id=1056\" target=\"_blank\"><img alt=\"\" width=\"300\" height=\"243\" loading=\"lazy\"  srcset=\"https:\/\/orgueil82.jvillain.fr\/wp-content\/uploads\/\u00c9glise_Saint-Ferr\u00e9ol\/statues_autels\/P1000134-300x243.jpg 300w,https:\/\/orgueil82.jvillain.fr\/wp-content\/uploads\/\u00c9glise_Saint-Ferr\u00e9ol\/statues_autels\/P1000134-2048x1659.jpg 2048w,https:\/\/orgueil82.jvillain.fr\/wp-content\/uploads\/\u00c9glise_Saint-Ferr\u00e9ol\/statues_autels\/P1000134-scaled.jpg 2560w\" sizes=\"auto, 250px\"\/ class=\"lws-optimize-lazyload\" data-src=\"https:\/\/orgueil82.jvillain.fr\/wp-content\/uploads\/\u00c9glise_Saint-Ferr\u00e9ol\/statues_autels\/P1000134-300x243.jpg\"><\/a><div class=\"sgb-item-caption\"><em>Autel de la chapelle de la Vierge<\/em><\/div><\/div><div class=\"sgb-item\"><a href=\"https:\/\/orgueil82.jvillain.fr\/?attachment_id=1057\" target=\"_blank\"><img alt=\"\" width=\"108\" height=\"300\" loading=\"lazy\"  srcset=\"https:\/\/orgueil82.jvillain.fr\/wp-content\/uploads\/\u00c9glise_Saint-Ferr\u00e9ol\/statues_autels\/P1000135-108x300.jpg 108w,https:\/\/orgueil82.jvillain.fr\/wp-content\/uploads\/\u00c9glise_Saint-Ferr\u00e9ol\/statues_autels\/P1000135-740x2048.jpg 740w,https:\/\/orgueil82.jvillain.fr\/wp-content\/uploads\/\u00c9glise_Saint-Ferr\u00e9ol\/statues_autels\/P1000135-scaled.jpg 925w\" sizes=\"auto, 250px\"\/ class=\"lws-optimize-lazyload\" data-src=\"https:\/\/orgueil82.jvillain.fr\/wp-content\/uploads\/\u00c9glise_Saint-Ferr\u00e9ol\/statues_autels\/P1000135-108x300.jpg\"><\/a><div class=\"sgb-item-caption\"><em>Sainte Bernadette<\/em><\/div><\/div><div class=\"sgb-item\"><a href=\"https:\/\/orgueil82.jvillain.fr\/?attachment_id=1060\" target=\"_blank\"><img alt=\"\" width=\"106\" height=\"300\" loading=\"lazy\"  srcset=\"https:\/\/orgueil82.jvillain.fr\/wp-content\/uploads\/\u00c9glise_Saint-Ferr\u00e9ol\/statues_autels\/P1000136-106x300.jpg 106w,https:\/\/orgueil82.jvillain.fr\/wp-content\/uploads\/\u00c9glise_Saint-Ferr\u00e9ol\/statues_autels\/P1000136-723x2048.jpg 723w,https:\/\/orgueil82.jvillain.fr\/wp-content\/uploads\/\u00c9glise_Saint-Ferr\u00e9ol\/statues_autels\/P1000136-scaled.jpg 904w\" sizes=\"auto, 250px\"\/ class=\"lws-optimize-lazyload\" data-src=\"https:\/\/orgueil82.jvillain.fr\/wp-content\/uploads\/\u00c9glise_Saint-Ferr\u00e9ol\/statues_autels\/P1000136-106x300.jpg\"><\/a><div class=\"sgb-item-caption\"><em>Sainte Th\u00e9r\u00e8se de l&rsquo;Enfant J\u00e9sus<\/em><\/div><\/div><div class=\"sgb-item\"><a href=\"https:\/\/orgueil82.jvillain.fr\/?attachment_id=1058\" target=\"_blank\"><img alt=\"\" width=\"97\" height=\"300\" loading=\"lazy\"  srcset=\"https:\/\/orgueil82.jvillain.fr\/wp-content\/uploads\/\u00c9glise_Saint-Ferr\u00e9ol\/statues_autels\/P1000137-97x300.jpg 97w,https:\/\/orgueil82.jvillain.fr\/wp-content\/uploads\/\u00c9glise_Saint-Ferr\u00e9ol\/statues_autels\/P1000137-665x2048.jpg 665w,https:\/\/orgueil82.jvillain.fr\/wp-content\/uploads\/\u00c9glise_Saint-Ferr\u00e9ol\/statues_autels\/P1000137-scaled.jpg 831w\" sizes=\"auto, 250px\"\/ class=\"lws-optimize-lazyload\" data-src=\"https:\/\/orgueil82.jvillain.fr\/wp-content\/uploads\/\u00c9glise_Saint-Ferr\u00e9ol\/statues_autels\/P1000137-97x300.jpg\"><\/a><div class=\"sgb-item-caption\"><em>Sainte Bernadette<\/em><\/div><\/div><div class=\"sgb-item\"><a href=\"https:\/\/orgueil82.jvillain.fr\/?attachment_id=1061\" target=\"_blank\"><img alt=\"\" width=\"112\" height=\"300\" loading=\"lazy\"  srcset=\"https:\/\/orgueil82.jvillain.fr\/wp-content\/uploads\/\u00c9glise_Saint-Ferr\u00e9ol\/statues_autels\/P1000138-112x300.jpg 112w,https:\/\/orgueil82.jvillain.fr\/wp-content\/uploads\/\u00c9glise_Saint-Ferr\u00e9ol\/statues_autels\/P1000138-767x2048.jpg 767w,https:\/\/orgueil82.jvillain.fr\/wp-content\/uploads\/\u00c9glise_Saint-Ferr\u00e9ol\/statues_autels\/P1000138-scaled.jpg 959w\" sizes=\"auto, 250px\"\/ class=\"lws-optimize-lazyload\" data-src=\"https:\/\/orgueil82.jvillain.fr\/wp-content\/uploads\/\u00c9glise_Saint-Ferr\u00e9ol\/statues_autels\/P1000138-112x300.jpg\"><\/a><div class=\"sgb-item-caption\"><em>Notre-Dame de Lourdes<\/em><\/div><\/div><div class=\"sgb-item\"><a href=\"https:\/\/orgueil82.jvillain.fr\/?attachment_id=1059\" target=\"_blank\"><img alt=\"\" width=\"101\" height=\"300\" loading=\"lazy\"  srcset=\"https:\/\/orgueil82.jvillain.fr\/wp-content\/uploads\/\u00c9glise_Saint-Ferr\u00e9ol\/statues_autels\/P1000139-101x300.jpg 101w,https:\/\/orgueil82.jvillain.fr\/wp-content\/uploads\/\u00c9glise_Saint-Ferr\u00e9ol\/statues_autels\/P1000139-690x2048.jpg 690w,https:\/\/orgueil82.jvillain.fr\/wp-content\/uploads\/\u00c9glise_Saint-Ferr\u00e9ol\/statues_autels\/P1000139-scaled.jpg 862w\" sizes=\"auto, 250px\"\/ class=\"lws-optimize-lazyload\" data-src=\"https:\/\/orgueil82.jvillain.fr\/wp-content\/uploads\/\u00c9glise_Saint-Ferr\u00e9ol\/statues_autels\/P1000139-101x300.jpg\"><\/a><div class=\"sgb-item-caption\"><em>Sainte Bernadette<\/em><\/div><\/div><\/div><\/noscript><\/div><script type=\"application\/json\" class=\"sgb-data\">{\"collectionThumbRecomendedWidth\":150,\"captionHAlign\":\"bottom\",\"collectionthumbHoverTitleFontSize\":12,\"collectionThumbSubMenuDownload\":false,\"sliderMaxHeight\":860,\"sliderAdminWidth\":590,\"responsiveHeight\":true,\"autoPlay\":true,\"autoPlayDelay\":6,\"galleryType\":\"pgc_sgb_slider\",\"galleryId\":\"91206388\",\"images\":[{\"id\":1069,\"title\":\"P1000133\",\"url\":\"https:\/\/orgueil82.jvillain.fr\/wp-content\/uploads\/\u00c9glise_Saint-Ferr\u00e9ol\/Vitraux\/P1000133-scaled.jpg\",\"link\":\"https:\/\/orgueil82.jvillain.fr\/?attachment_id=1069\",\"alt\":\"\",\"description\":\"\",\"caption\":\"Virgo Immacula (Vierge immacul\u00e9e)\",\"mime\":\"image\/jpeg\",\"type\":\"image\",\"width\":823,\"height\":2560,\"sizes\":{\"thumbnail\":{\"height\":150,\"width\":150,\"url\":\"https:\/\/orgueil82.jvillain.fr\/wp-content\/uploads\/\u00c9glise_Saint-Ferr\u00e9ol\/Vitraux\/P1000133-150x150.jpg\",\"orientation\":\"landscape\"},\"medium\":{\"height\":300,\"width\":96,\"url\":\"https:\/\/orgueil82.jvillain.fr\/wp-content\/uploads\/\u00c9glise_Saint-Ferr\u00e9ol\/Vitraux\/P1000133-96x300.jpg\",\"orientation\":\"portrait\"},\"large\":{\"height\":2048,\"width\":658,\"url\":\"https:\/\/orgueil82.jvillain.fr\/wp-content\/uploads\/\u00c9glise_Saint-Ferr\u00e9ol\/Vitraux\/P1000133-658x2048.jpg\",\"orientation\":\"portrait\"},\"full\":{\"url\":\"https:\/\/orgueil82.jvillain.fr\/wp-content\/uploads\/\u00c9glise_Saint-Ferr\u00e9ol\/Vitraux\/P1000133-scaled.jpg\",\"height\":2560,\"width\":823,\"orientation\":\"portrait\"}},\"imageMeta\":{\"aperture\":\"4.7\",\"credit\":\"\",\"camera\":\"DMC-G80\",\"caption\":\"\",\"created_timestamp\":\"1728813034\",\"copyright\":\"\",\"focal_length\":\"28\",\"iso\":\"640\",\"shutter_speed\":\"0.016666666666667\",\"title\":\"\",\"orientation\":\"0\",\"keywords\":[]},\"meta\":false,\"postlink\":\"https:\/\/orgueil82.jvillain.fr\/?attachment_id=1069\"},{\"id\":1056,\"title\":\"P1000134\",\"url\":\"https:\/\/orgueil82.jvillain.fr\/wp-content\/uploads\/\u00c9glise_Saint-Ferr\u00e9ol\/statues_autels\/P1000134-scaled.jpg\",\"link\":\"https:\/\/orgueil82.jvillain.fr\/?attachment_id=1056\",\"alt\":\"\",\"description\":\"\",\"caption\":\"Autel de la chapelle de la Vierge\",\"mime\":\"image\/jpeg\",\"type\":\"image\",\"width\":2560,\"height\":2074,\"sizes\":{\"thumbnail\":{\"height\":150,\"width\":150,\"url\":\"https:\/\/orgueil82.jvillain.fr\/wp-content\/uploads\/\u00c9glise_Saint-Ferr\u00e9ol\/statues_autels\/P1000134-150x150.jpg\",\"orientation\":\"landscape\"},\"medium\":{\"height\":243,\"width\":300,\"url\":\"https:\/\/orgueil82.jvillain.fr\/wp-content\/uploads\/\u00c9glise_Saint-Ferr\u00e9ol\/statues_autels\/P1000134-300x243.jpg\",\"orientation\":\"landscape\"},\"large\":{\"height\":1659,\"width\":2048,\"url\":\"https:\/\/orgueil82.jvillain.fr\/wp-content\/uploads\/\u00c9glise_Saint-Ferr\u00e9ol\/statues_autels\/P1000134-2048x1659.jpg\",\"orientation\":\"landscape\"},\"full\":{\"url\":\"https:\/\/orgueil82.jvillain.fr\/wp-content\/uploads\/\u00c9glise_Saint-Ferr\u00e9ol\/statues_autels\/P1000134-scaled.jpg\",\"height\":2074,\"width\":2560,\"orientation\":\"landscape\"}},\"imageMeta\":{\"aperture\":\"3.5\",\"credit\":\"\",\"camera\":\"DMC-G80\",\"caption\":\"\",\"created_timestamp\":\"1728813058\",\"copyright\":\"\",\"focal_length\":\"12\",\"iso\":\"800\",\"shutter_speed\":\"0.125\",\"title\":\"\",\"orientation\":\"0\",\"keywords\":[]},\"meta\":false,\"postlink\":\"https:\/\/orgueil82.jvillain.fr\/?attachment_id=1056\"},{\"id\":1057,\"title\":\"P1000135\",\"url\":\"https:\/\/orgueil82.jvillain.fr\/wp-content\/uploads\/\u00c9glise_Saint-Ferr\u00e9ol\/statues_autels\/P1000135-scaled.jpg\",\"link\":\"https:\/\/orgueil82.jvillain.fr\/?attachment_id=1057\",\"alt\":\"\",\"description\":\"\",\"caption\":\"Sainte Bernadette\",\"mime\":\"image\/jpeg\",\"type\":\"image\",\"width\":925,\"height\":2560,\"sizes\":{\"thumbnail\":{\"height\":150,\"width\":150,\"url\":\"https:\/\/orgueil82.jvillain.fr\/wp-content\/uploads\/\u00c9glise_Saint-Ferr\u00e9ol\/statues_autels\/P1000135-150x150.jpg\",\"orientation\":\"landscape\"},\"medium\":{\"height\":300,\"width\":108,\"url\":\"https:\/\/orgueil82.jvillain.fr\/wp-content\/uploads\/\u00c9glise_Saint-Ferr\u00e9ol\/statues_autels\/P1000135-108x300.jpg\",\"orientation\":\"portrait\"},\"large\":{\"height\":2048,\"width\":740,\"url\":\"https:\/\/orgueil82.jvillain.fr\/wp-content\/uploads\/\u00c9glise_Saint-Ferr\u00e9ol\/statues_autels\/P1000135-740x2048.jpg\",\"orientation\":\"portrait\"},\"full\":{\"url\":\"https:\/\/orgueil82.jvillain.fr\/wp-content\/uploads\/\u00c9glise_Saint-Ferr\u00e9ol\/statues_autels\/P1000135-scaled.jpg\",\"height\":2560,\"width\":925,\"orientation\":\"portrait\"}},\"imageMeta\":{\"aperture\":\"5.5\",\"credit\":\"\",\"camera\":\"DMC-G80\",\"caption\":\"\",\"created_timestamp\":\"1728813083\",\"copyright\":\"\",\"focal_length\":\"40\",\"iso\":\"800\",\"shutter_speed\":\"0.125\",\"title\":\"\",\"orientation\":\"0\",\"keywords\":[]},\"meta\":false,\"postlink\":\"https:\/\/orgueil82.jvillain.fr\/?attachment_id=1057\"},{\"id\":1060,\"title\":\"P1000136\",\"url\":\"https:\/\/orgueil82.jvillain.fr\/wp-content\/uploads\/\u00c9glise_Saint-Ferr\u00e9ol\/statues_autels\/P1000136-scaled.jpg\",\"link\":\"https:\/\/orgueil82.jvillain.fr\/?attachment_id=1060\",\"alt\":\"\",\"description\":\"\",\"caption\":\"Sainte Th\u00e9r\u00e8se de l'Enfant J\u00e9sus\",\"mime\":\"image\/jpeg\",\"type\":\"image\",\"width\":904,\"height\":2560,\"sizes\":{\"thumbnail\":{\"height\":150,\"width\":150,\"url\":\"https:\/\/orgueil82.jvillain.fr\/wp-content\/uploads\/\u00c9glise_Saint-Ferr\u00e9ol\/statues_autels\/P1000136-150x150.jpg\",\"orientation\":\"landscape\"},\"medium\":{\"height\":300,\"width\":106,\"url\":\"https:\/\/orgueil82.jvillain.fr\/wp-content\/uploads\/\u00c9glise_Saint-Ferr\u00e9ol\/statues_autels\/P1000136-106x300.jpg\",\"orientation\":\"portrait\"},\"large\":{\"height\":2048,\"width\":723,\"url\":\"https:\/\/orgueil82.jvillain.fr\/wp-content\/uploads\/\u00c9glise_Saint-Ferr\u00e9ol\/statues_autels\/P1000136-723x2048.jpg\",\"orientation\":\"portrait\"},\"full\":{\"url\":\"https:\/\/orgueil82.jvillain.fr\/wp-content\/uploads\/\u00c9glise_Saint-Ferr\u00e9ol\/statues_autels\/P1000136-scaled.jpg\",\"height\":2560,\"width\":904,\"orientation\":\"portrait\"}},\"imageMeta\":{\"aperture\":\"3.9\",\"credit\":\"\",\"camera\":\"DMC-G80\",\"caption\":\"\",\"created_timestamp\":\"1728813096\",\"copyright\":\"\",\"focal_length\":\"18\",\"iso\":\"1000\",\"shutter_speed\":\"0.125\",\"title\":\"\",\"orientation\":\"0\",\"keywords\":[]},\"meta\":false,\"postlink\":\"https:\/\/orgueil82.jvillain.fr\/?attachment_id=1060\"},{\"id\":1058,\"title\":\"P1000137\",\"url\":\"https:\/\/orgueil82.jvillain.fr\/wp-content\/uploads\/\u00c9glise_Saint-Ferr\u00e9ol\/statues_autels\/P1000137-scaled.jpg\",\"link\":\"https:\/\/orgueil82.jvillain.fr\/?attachment_id=1058\",\"alt\":\"\",\"description\":\"\",\"caption\":\"Sainte Bernadette\",\"mime\":\"image\/jpeg\",\"type\":\"image\",\"width\":831,\"height\":2560,\"sizes\":{\"thumbnail\":{\"height\":150,\"width\":150,\"url\":\"https:\/\/orgueil82.jvillain.fr\/wp-content\/uploads\/\u00c9glise_Saint-Ferr\u00e9ol\/statues_autels\/P1000137-150x150.jpg\",\"orientation\":\"landscape\"},\"medium\":{\"height\":300,\"width\":97,\"url\":\"https:\/\/orgueil82.jvillain.fr\/wp-content\/uploads\/\u00c9glise_Saint-Ferr\u00e9ol\/statues_autels\/P1000137-97x300.jpg\",\"orientation\":\"portrait\"},\"large\":{\"height\":2048,\"width\":665,\"url\":\"https:\/\/orgueil82.jvillain.fr\/wp-content\/uploads\/\u00c9glise_Saint-Ferr\u00e9ol\/statues_autels\/P1000137-665x2048.jpg\",\"orientation\":\"portrait\"},\"full\":{\"url\":\"https:\/\/orgueil82.jvillain.fr\/wp-content\/uploads\/\u00c9glise_Saint-Ferr\u00e9ol\/statues_autels\/P1000137-scaled.jpg\",\"height\":2560,\"width\":831,\"orientation\":\"portrait\"}},\"imageMeta\":{\"aperture\":\"5.3\",\"credit\":\"\",\"camera\":\"DMC-G80\",\"caption\":\"\",\"created_timestamp\":\"1728813113\",\"copyright\":\"\",\"focal_length\":\"36\",\"iso\":\"800\",\"shutter_speed\":\"0.016666666666667\",\"title\":\"\",\"orientation\":\"0\",\"keywords\":[]},\"meta\":false,\"postlink\":\"https:\/\/orgueil82.jvillain.fr\/?attachment_id=1058\"},{\"id\":1061,\"title\":\"P1000138\",\"url\":\"https:\/\/orgueil82.jvillain.fr\/wp-content\/uploads\/\u00c9glise_Saint-Ferr\u00e9ol\/statues_autels\/P1000138-scaled.jpg\",\"link\":\"https:\/\/orgueil82.jvillain.fr\/?attachment_id=1061\",\"alt\":\"\",\"description\":\"\",\"caption\":\"Notre-Dame de Lourdes\",\"mime\":\"image\/jpeg\",\"type\":\"image\",\"width\":959,\"height\":2560,\"sizes\":{\"thumbnail\":{\"height\":150,\"width\":150,\"url\":\"https:\/\/orgueil82.jvillain.fr\/wp-content\/uploads\/\u00c9glise_Saint-Ferr\u00e9ol\/statues_autels\/P1000138-150x150.jpg\",\"orientation\":\"landscape\"},\"medium\":{\"height\":300,\"width\":112,\"url\":\"https:\/\/orgueil82.jvillain.fr\/wp-content\/uploads\/\u00c9glise_Saint-Ferr\u00e9ol\/statues_autels\/P1000138-112x300.jpg\",\"orientation\":\"portrait\"},\"large\":{\"height\":2048,\"width\":767,\"url\":\"https:\/\/orgueil82.jvillain.fr\/wp-content\/uploads\/\u00c9glise_Saint-Ferr\u00e9ol\/statues_autels\/P1000138-767x2048.jpg\",\"orientation\":\"portrait\"},\"full\":{\"url\":\"https:\/\/orgueil82.jvillain.fr\/wp-content\/uploads\/\u00c9glise_Saint-Ferr\u00e9ol\/statues_autels\/P1000138-scaled.jpg\",\"height\":2560,\"width\":959,\"orientation\":\"portrait\"}},\"imageMeta\":{\"aperture\":\"4.5\",\"credit\":\"\",\"camera\":\"DMC-G80\",\"caption\":\"\",\"created_timestamp\":\"1728813125\",\"copyright\":\"\",\"focal_length\":\"25\",\"iso\":\"800\",\"shutter_speed\":\"0.125\",\"title\":\"\",\"orientation\":\"0\",\"keywords\":[]},\"meta\":false,\"postlink\":\"https:\/\/orgueil82.jvillain.fr\/?attachment_id=1061\"},{\"id\":1059,\"title\":\"P1000139\",\"url\":\"https:\/\/orgueil82.jvillain.fr\/wp-content\/uploads\/\u00c9glise_Saint-Ferr\u00e9ol\/statues_autels\/P1000139-scaled.jpg\",\"link\":\"https:\/\/orgueil82.jvillain.fr\/?attachment_id=1059\",\"alt\":\"\",\"description\":\"\",\"caption\":\"Sainte Bernadette\",\"mime\":\"image\/jpeg\",\"type\":\"image\",\"width\":862,\"height\":2560,\"sizes\":{\"thumbnail\":{\"height\":150,\"width\":150,\"url\":\"https:\/\/orgueil82.jvillain.fr\/wp-content\/uploads\/\u00c9glise_Saint-Ferr\u00e9ol\/statues_autels\/P1000139-150x150.jpg\",\"orientation\":\"landscape\"},\"medium\":{\"height\":300,\"width\":101,\"url\":\"https:\/\/orgueil82.jvillain.fr\/wp-content\/uploads\/\u00c9glise_Saint-Ferr\u00e9ol\/statues_autels\/P1000139-101x300.jpg\",\"orientation\":\"portrait\"},\"large\":{\"height\":2048,\"width\":690,\"url\":\"https:\/\/orgueil82.jvillain.fr\/wp-content\/uploads\/\u00c9glise_Saint-Ferr\u00e9ol\/statues_autels\/P1000139-690x2048.jpg\",\"orientation\":\"portrait\"},\"full\":{\"url\":\"https:\/\/orgueil82.jvillain.fr\/wp-content\/uploads\/\u00c9glise_Saint-Ferr\u00e9ol\/statues_autels\/P1000139-scaled.jpg\",\"height\":2560,\"width\":862,\"orientation\":\"portrait\"}},\"imageMeta\":{\"aperture\":\"4.3\",\"credit\":\"\",\"camera\":\"DMC-G80\",\"caption\":\"\",\"created_timestamp\":\"1728813148\",\"copyright\":\"\",\"focal_length\":\"23\",\"iso\":\"800\",\"shutter_speed\":\"0.125\",\"title\":\"\",\"orientation\":\"0\",\"keywords\":[]},\"meta\":false,\"postlink\":\"https:\/\/orgueil82.jvillain.fr\/?attachment_id=1059\"}],\"sliderItemTitleFontSize\":24,\"sliderSlideshowAutoStart\":true,\"itemsMetaDataCollection\":[]}<\/script><script>(function(){if(window.PGC_SGB && window.PGC_SGB.searcher){window.PGC_SGB.searcher.initBlocks()}})()<\/script><\/div><\/details>\n\n\n\n<div style=\"height:18px\" aria-hidden=\"true\" class=\"wp-block-spacer\"><\/div>\n\n\n\n<details class=\"wp-block-details is-layout-flow wp-block-details-is-layout-flow\"><summary>La chapelle saint Joseph<\/summary>\n<p><\/p>\n\n\n<div class=\"pgc-sgb-cb wp-block-pgcsimplygalleryblock-slider \" data-gallery-id=\"8bf22250\"style=&quot;min-height:800px&quot;><div class=\"sgb-preloader\" id=\"pr_8bf22250\">\n\t<div class=\"sgb-square\" style=\"background:#d4d4d4\"><\/div>\n\t<div class=\"sgb-square\" style=\"background:#d4d4d4\"><\/div>\n\t<div class=\"sgb-square\" style=\"background:#d4d4d4\"><\/div>\n\t<div class=\"sgb-square\" style=\"background:#d4d4d4\"><\/div><\/div><div class=\"simply-gallery-amp pgc_sgb_slider \"><noscript><div class=\"sgb-gallery\"><div class=\"sgb-item\"><a href=\"https:\/\/orgueil82.jvillain.fr\/?attachment_id=1048\" target=\"_blank\"><img alt=\"\" width=\"97\" height=\"300\" loading=\"lazy\"  srcset=\"https:\/\/orgueil82.jvillain.fr\/wp-content\/uploads\/\u00c9glise_Saint-Ferr\u00e9ol\/Vitraux\/P1000125-scaled-97x300.jpg 97w,https:\/\/orgueil82.jvillain.fr\/wp-content\/uploads\/\u00c9glise_Saint-Ferr\u00e9ol\/Vitraux\/P1000125-scaled-665x2048.jpg 665w,https:\/\/orgueil82.jvillain.fr\/wp-content\/uploads\/\u00c9glise_Saint-Ferr\u00e9ol\/Vitraux\/P1000125-scaled.jpg 831w\" sizes=\"auto, 250px\"\/ class=\"lws-optimize-lazyload\" data-src=\"https:\/\/orgueil82.jvillain.fr\/wp-content\/uploads\/\u00c9glise_Saint-Ferr\u00e9ol\/Vitraux\/P1000125-scaled-97x300.jpg\"><\/a><div class=\"sgb-item-caption\"><em>Sanctus Joseph (Saint Joseph)<\/em><\/div><\/div><div class=\"sgb-item\"><a href=\"https:\/\/orgueil82.jvillain.fr\/?attachment_id=1050\" target=\"_blank\"><img alt=\"\" width=\"115\" height=\"300\" loading=\"lazy\"  srcset=\"https:\/\/orgueil82.jvillain.fr\/wp-content\/uploads\/\u00c9glise_Saint-Ferr\u00e9ol\/statues_autels\/P1000128-115x300.jpg 115w,https:\/\/orgueil82.jvillain.fr\/wp-content\/uploads\/\u00c9glise_Saint-Ferr\u00e9ol\/statues_autels\/P1000128-786x2048.jpg 786w,https:\/\/orgueil82.jvillain.fr\/wp-content\/uploads\/\u00c9glise_Saint-Ferr\u00e9ol\/statues_autels\/P1000128-scaled.jpg 982w\" sizes=\"auto, 250px\"\/ class=\"lws-optimize-lazyload\" data-src=\"https:\/\/orgueil82.jvillain.fr\/wp-content\/uploads\/\u00c9glise_Saint-Ferr\u00e9ol\/statues_autels\/P1000128-115x300.jpg\"><\/a><div class=\"sgb-item-caption\"><em>Sacr\u00e9 Coeur de J\u00e9sus<\/em><\/div><\/div><div class=\"sgb-item\"><a href=\"https:\/\/orgueil82.jvillain.fr\/?attachment_id=1053\" target=\"_blank\"><img alt=\"\" width=\"300\" height=\"226\" loading=\"lazy\"  srcset=\"https:\/\/orgueil82.jvillain.fr\/wp-content\/uploads\/\u00c9glise_Saint-Ferr\u00e9ol\/statues_autels\/P1000126-300x226.jpg 300w,https:\/\/orgueil82.jvillain.fr\/wp-content\/uploads\/\u00c9glise_Saint-Ferr\u00e9ol\/statues_autels\/P1000126-2048x1546.jpg 2048w,https:\/\/orgueil82.jvillain.fr\/wp-content\/uploads\/\u00c9glise_Saint-Ferr\u00e9ol\/statues_autels\/P1000126-scaled.jpg 2560w\" sizes=\"auto, 250px\"\/ class=\"lws-optimize-lazyload\" data-src=\"https:\/\/orgueil82.jvillain.fr\/wp-content\/uploads\/\u00c9glise_Saint-Ferr\u00e9ol\/statues_autels\/P1000126-300x226.jpg\"><\/a><div class=\"sgb-item-caption\"><em>Autel de la chapelle saint Joseph<\/em><\/div><\/div><div class=\"sgb-item\"><a href=\"https:\/\/orgueil82.jvillain.fr\/?attachment_id=1054\" target=\"_blank\"><img alt=\"\" width=\"111\" height=\"300\" loading=\"lazy\"  srcset=\"https:\/\/orgueil82.jvillain.fr\/wp-content\/uploads\/\u00c9glise_Saint-Ferr\u00e9ol\/statues_autels\/P1000127-111x300.jpg 111w,https:\/\/orgueil82.jvillain.fr\/wp-content\/uploads\/\u00c9glise_Saint-Ferr\u00e9ol\/statues_autels\/P1000127-758x2048.jpg 758w,https:\/\/orgueil82.jvillain.fr\/wp-content\/uploads\/\u00c9glise_Saint-Ferr\u00e9ol\/statues_autels\/P1000127-scaled.jpg 948w\" sizes=\"auto, 250px\"\/ class=\"lws-optimize-lazyload\" data-src=\"https:\/\/orgueil82.jvillain.fr\/wp-content\/uploads\/\u00c9glise_Saint-Ferr\u00e9ol\/statues_autels\/P1000127-111x300.jpg\"><\/a><div class=\"sgb-item-caption\"><em>Saint-Pierre<\/em><\/div><\/div><div class=\"sgb-item\"><a href=\"https:\/\/orgueil82.jvillain.fr\/?attachment_id=1052\" target=\"_blank\"><img alt=\"\" width=\"125\" height=\"300\" loading=\"lazy\"  srcset=\"https:\/\/orgueil82.jvillain.fr\/wp-content\/uploads\/\u00c9glise_Saint-Ferr\u00e9ol\/statues_autels\/P1000129-125x300.jpg 125w,https:\/\/orgueil82.jvillain.fr\/wp-content\/uploads\/\u00c9glise_Saint-Ferr\u00e9ol\/statues_autels\/P1000129-850x2048.jpg 850w,https:\/\/orgueil82.jvillain.fr\/wp-content\/uploads\/\u00c9glise_Saint-Ferr\u00e9ol\/statues_autels\/P1000129-scaled.jpg 1063w\" sizes=\"auto, 250px\"\/ class=\"lws-optimize-lazyload\" data-src=\"https:\/\/orgueil82.jvillain.fr\/wp-content\/uploads\/\u00c9glise_Saint-Ferr\u00e9ol\/statues_autels\/P1000129-125x300.jpg\"><\/a><\/div><div class=\"sgb-item\"><a href=\"https:\/\/orgueil82.jvillain.fr\/?attachment_id=1049\" target=\"_blank\"><img alt=\"\" width=\"98\" height=\"300\" loading=\"lazy\"  srcset=\"https:\/\/orgueil82.jvillain.fr\/wp-content\/uploads\/\u00c9glise_Saint-Ferr\u00e9ol\/statues_autels\/P1000131-98x300.jpg 98w,https:\/\/orgueil82.jvillain.fr\/wp-content\/uploads\/\u00c9glise_Saint-Ferr\u00e9ol\/statues_autels\/P1000131-671x2048.jpg 671w,https:\/\/orgueil82.jvillain.fr\/wp-content\/uploads\/\u00c9glise_Saint-Ferr\u00e9ol\/statues_autels\/P1000131-scaled.jpg 839w\" sizes=\"auto, 250px\"\/ class=\"lws-optimize-lazyload\" data-src=\"https:\/\/orgueil82.jvillain.fr\/wp-content\/uploads\/\u00c9glise_Saint-Ferr\u00e9ol\/statues_autels\/P1000131-98x300.jpg\"><\/a><div class=\"sgb-item-caption\"><em>Saint Joseph<\/em><\/div><\/div><div class=\"sgb-item\"><a href=\"https:\/\/orgueil82.jvillain.fr\/?attachment_id=1051\" target=\"_blank\"><img alt=\"\" width=\"101\" height=\"300\" loading=\"lazy\"  srcset=\"https:\/\/orgueil82.jvillain.fr\/wp-content\/uploads\/\u00c9glise_Saint-Ferr\u00e9ol\/statues_autels\/P1000130-101x300.jpg 101w,https:\/\/orgueil82.jvillain.fr\/wp-content\/uploads\/\u00c9glise_Saint-Ferr\u00e9ol\/statues_autels\/P1000130-690x2048.jpg 690w,https:\/\/orgueil82.jvillain.fr\/wp-content\/uploads\/\u00c9glise_Saint-Ferr\u00e9ol\/statues_autels\/P1000130-scaled.jpg 862w\" sizes=\"auto, 250px\"\/ class=\"lws-optimize-lazyload\" data-src=\"https:\/\/orgueil82.jvillain.fr\/wp-content\/uploads\/\u00c9glise_Saint-Ferr\u00e9ol\/statues_autels\/P1000130-101x300.jpg\"><\/a><div class=\"sgb-item-caption\"><em>Saint Vianney Cur\u00e9 d&rsquo;Ars<\/em><\/div><\/div><div class=\"sgb-item\"><a href=\"https:\/\/orgueil82.jvillain.fr\/?attachment_id=1055\" target=\"_blank\"><img alt=\"\" width=\"131\" height=\"300\" loading=\"lazy\"  srcset=\"https:\/\/orgueil82.jvillain.fr\/wp-content\/uploads\/\u00c9glise_Saint-Ferr\u00e9ol\/statues_autels\/P1000132-131x300.jpg 131w,https:\/\/orgueil82.jvillain.fr\/wp-content\/uploads\/\u00c9glise_Saint-Ferr\u00e9ol\/statues_autels\/P1000132-892x2048.jpg 892w,https:\/\/orgueil82.jvillain.fr\/wp-content\/uploads\/\u00c9glise_Saint-Ferr\u00e9ol\/statues_autels\/P1000132-scaled.jpg 1115w\" sizes=\"auto, 250px\"\/ class=\"lws-optimize-lazyload\" data-src=\"https:\/\/orgueil82.jvillain.fr\/wp-content\/uploads\/\u00c9glise_Saint-Ferr\u00e9ol\/statues_autels\/P1000132-131x300.jpg\"><\/a><div class=\"sgb-item-caption\"><em>Sainte Jeanne d&rsquo;Arc<\/em><\/div><\/div><\/div><\/noscript><\/div><script type=\"application\/json\" class=\"sgb-data\">{\"collectionThumbRecomendedWidth\":150,\"externalLinkFontSize\":12,\"captionHAlign\":\"bottom\",\"collectionthumbHoverTitleFontSize\":12,\"collectionThumbSubMenuDownload\":false,\"sliderMaxHeight\":800,\"sliderAdminWidth\":940,\"responsiveHeight\":true,\"autoPlay\":true,\"galleryType\":\"pgc_sgb_slider\",\"galleryId\":\"8bf22250\",\"images\":[{\"id\":1048,\"title\":\"P1000125\",\"url\":\"https:\/\/orgueil82.jvillain.fr\/wp-content\/uploads\/\u00c9glise_Saint-Ferr\u00e9ol\/Vitraux\/P1000125-scaled.jpg\",\"link\":\"https:\/\/orgueil82.jvillain.fr\/?attachment_id=1048\",\"alt\":\"\",\"description\":\"\",\"caption\":\"Sanctus Joseph (Saint Joseph)\",\"mime\":\"image\/jpeg\",\"type\":\"image\",\"width\":831,\"height\":2560,\"sizes\":{\"thumbnail\":{\"height\":150,\"width\":150,\"url\":\"https:\/\/orgueil82.jvillain.fr\/wp-content\/uploads\/\u00c9glise_Saint-Ferr\u00e9ol\/Vitraux\/P1000125-scaled-150x150.jpg\",\"orientation\":\"landscape\"},\"medium\":{\"height\":300,\"width\":97,\"url\":\"https:\/\/orgueil82.jvillain.fr\/wp-content\/uploads\/\u00c9glise_Saint-Ferr\u00e9ol\/Vitraux\/P1000125-scaled-97x300.jpg\",\"orientation\":\"portrait\"},\"large\":{\"height\":2048,\"width\":665,\"url\":\"https:\/\/orgueil82.jvillain.fr\/wp-content\/uploads\/\u00c9glise_Saint-Ferr\u00e9ol\/Vitraux\/P1000125-scaled-665x2048.jpg\",\"orientation\":\"portrait\"},\"full\":{\"url\":\"https:\/\/orgueil82.jvillain.fr\/wp-content\/uploads\/\u00c9glise_Saint-Ferr\u00e9ol\/Vitraux\/P1000125-scaled.jpg\",\"height\":2560,\"width\":831,\"orientation\":\"portrait\"}},\"imageMeta\":{\"aperture\":\"5\",\"credit\":\"\",\"camera\":\"DMC-G80\",\"caption\":\"\",\"created_timestamp\":\"1728812901\",\"copyright\":\"\",\"focal_length\":\"32\",\"iso\":\"200\",\"shutter_speed\":\"0.016666666666667\",\"title\":\"\",\"orientation\":\"0\",\"keywords\":[]},\"meta\":false,\"postlink\":\"https:\/\/orgueil82.jvillain.fr\/?attachment_id=1048\"},{\"id\":1050,\"title\":\"P1000128\",\"url\":\"https:\/\/orgueil82.jvillain.fr\/wp-content\/uploads\/\u00c9glise_Saint-Ferr\u00e9ol\/statues_autels\/P1000128-scaled.jpg\",\"link\":\"https:\/\/orgueil82.jvillain.fr\/?attachment_id=1050\",\"alt\":\"\",\"description\":\"\",\"caption\":\"Sacr\u00e9 Coeur de J\u00e9sus\",\"mime\":\"image\/jpeg\",\"type\":\"image\",\"width\":982,\"height\":2560,\"sizes\":{\"thumbnail\":{\"height\":150,\"width\":150,\"url\":\"https:\/\/orgueil82.jvillain.fr\/wp-content\/uploads\/\u00c9glise_Saint-Ferr\u00e9ol\/statues_autels\/P1000128-150x150.jpg\",\"orientation\":\"landscape\"},\"medium\":{\"height\":300,\"width\":115,\"url\":\"https:\/\/orgueil82.jvillain.fr\/wp-content\/uploads\/\u00c9glise_Saint-Ferr\u00e9ol\/statues_autels\/P1000128-115x300.jpg\",\"orientation\":\"portrait\"},\"large\":{\"height\":2048,\"width\":786,\"url\":\"https:\/\/orgueil82.jvillain.fr\/wp-content\/uploads\/\u00c9glise_Saint-Ferr\u00e9ol\/statues_autels\/P1000128-786x2048.jpg\",\"orientation\":\"portrait\"},\"full\":{\"url\":\"https:\/\/orgueil82.jvillain.fr\/wp-content\/uploads\/\u00c9glise_Saint-Ferr\u00e9ol\/statues_autels\/P1000128-scaled.jpg\",\"height\":2560,\"width\":982,\"orientation\":\"portrait\"}},\"imageMeta\":{\"aperture\":\"5.6\",\"credit\":\"\",\"camera\":\"DMC-G80\",\"caption\":\"\",\"created_timestamp\":\"1728812948\",\"copyright\":\"\",\"focal_length\":\"44\",\"iso\":\"400\",\"shutter_speed\":\"0.016666666666667\",\"title\":\"\",\"orientation\":\"0\",\"keywords\":[]},\"meta\":false,\"postlink\":\"https:\/\/orgueil82.jvillain.fr\/?attachment_id=1050\"},{\"id\":1053,\"title\":\"P1000126\",\"url\":\"https:\/\/orgueil82.jvillain.fr\/wp-content\/uploads\/\u00c9glise_Saint-Ferr\u00e9ol\/statues_autels\/P1000126-scaled.jpg\",\"link\":\"https:\/\/orgueil82.jvillain.fr\/?attachment_id=1053\",\"alt\":\"\",\"description\":\"\",\"caption\":\"Autel de la chapelle saint Joseph\",\"mime\":\"image\/jpeg\",\"type\":\"image\",\"width\":2560,\"height\":1932,\"sizes\":{\"thumbnail\":{\"height\":150,\"width\":150,\"url\":\"https:\/\/orgueil82.jvillain.fr\/wp-content\/uploads\/\u00c9glise_Saint-Ferr\u00e9ol\/statues_autels\/P1000126-150x150.jpg\",\"orientation\":\"landscape\"},\"medium\":{\"height\":226,\"width\":300,\"url\":\"https:\/\/orgueil82.jvillain.fr\/wp-content\/uploads\/\u00c9glise_Saint-Ferr\u00e9ol\/statues_autels\/P1000126-300x226.jpg\",\"orientation\":\"landscape\"},\"large\":{\"height\":1546,\"width\":2048,\"url\":\"https:\/\/orgueil82.jvillain.fr\/wp-content\/uploads\/\u00c9glise_Saint-Ferr\u00e9ol\/statues_autels\/P1000126-2048x1546.jpg\",\"orientation\":\"landscape\"},\"full\":{\"url\":\"https:\/\/orgueil82.jvillain.fr\/wp-content\/uploads\/\u00c9glise_Saint-Ferr\u00e9ol\/statues_autels\/P1000126-scaled.jpg\",\"height\":1932,\"width\":2560,\"orientation\":\"landscape\"}},\"imageMeta\":{\"aperture\":\"3.5\",\"credit\":\"\",\"camera\":\"DMC-G80\",\"caption\":\"\",\"created_timestamp\":\"1728812926\",\"copyright\":\"\",\"focal_length\":\"12\",\"iso\":\"400\",\"shutter_speed\":\"0.016666666666667\",\"title\":\"\",\"orientation\":\"0\",\"keywords\":[]},\"meta\":false,\"postlink\":\"https:\/\/orgueil82.jvillain.fr\/?attachment_id=1053\"},{\"id\":1054,\"title\":\"P1000127\",\"url\":\"https:\/\/orgueil82.jvillain.fr\/wp-content\/uploads\/\u00c9glise_Saint-Ferr\u00e9ol\/statues_autels\/P1000127-scaled.jpg\",\"link\":\"https:\/\/orgueil82.jvillain.fr\/?attachment_id=1054\",\"alt\":\"\",\"description\":\"\",\"caption\":\"Saint-Pierre\",\"mime\":\"image\/jpeg\",\"type\":\"image\",\"width\":948,\"height\":2560,\"sizes\":{\"thumbnail\":{\"height\":150,\"width\":150,\"url\":\"https:\/\/orgueil82.jvillain.fr\/wp-content\/uploads\/\u00c9glise_Saint-Ferr\u00e9ol\/statues_autels\/P1000127-150x150.jpg\",\"orientation\":\"landscape\"},\"medium\":{\"height\":300,\"width\":111,\"url\":\"https:\/\/orgueil82.jvillain.fr\/wp-content\/uploads\/\u00c9glise_Saint-Ferr\u00e9ol\/statues_autels\/P1000127-111x300.jpg\",\"orientation\":\"portrait\"},\"large\":{\"height\":2048,\"width\":758,\"url\":\"https:\/\/orgueil82.jvillain.fr\/wp-content\/uploads\/\u00c9glise_Saint-Ferr\u00e9ol\/statues_autels\/P1000127-758x2048.jpg\",\"orientation\":\"portrait\"},\"full\":{\"url\":\"https:\/\/orgueil82.jvillain.fr\/wp-content\/uploads\/\u00c9glise_Saint-Ferr\u00e9ol\/statues_autels\/P1000127-scaled.jpg\",\"height\":2560,\"width\":948,\"orientation\":\"portrait\"}},\"imageMeta\":{\"aperture\":\"5.4\",\"credit\":\"\",\"camera\":\"DMC-G80\",\"caption\":\"\",\"created_timestamp\":\"1728812934\",\"copyright\":\"\",\"focal_length\":\"38\",\"iso\":\"800\",\"shutter_speed\":\"0.016666666666667\",\"title\":\"\",\"orientation\":\"0\",\"keywords\":[]},\"meta\":false,\"postlink\":\"https:\/\/orgueil82.jvillain.fr\/?attachment_id=1054\"},{\"id\":1052,\"title\":\"P1000129\",\"url\":\"https:\/\/orgueil82.jvillain.fr\/wp-content\/uploads\/\u00c9glise_Saint-Ferr\u00e9ol\/statues_autels\/P1000129-scaled.jpg\",\"link\":\"https:\/\/orgueil82.jvillain.fr\/?attachment_id=1052\",\"alt\":\"\",\"description\":\"\",\"caption\":\"\",\"mime\":\"image\/jpeg\",\"type\":\"image\",\"width\":1063,\"height\":2560,\"sizes\":{\"thumbnail\":{\"height\":150,\"width\":150,\"url\":\"https:\/\/orgueil82.jvillain.fr\/wp-content\/uploads\/\u00c9glise_Saint-Ferr\u00e9ol\/statues_autels\/P1000129-150x150.jpg\",\"orientation\":\"landscape\"},\"medium\":{\"height\":300,\"width\":125,\"url\":\"https:\/\/orgueil82.jvillain.fr\/wp-content\/uploads\/\u00c9glise_Saint-Ferr\u00e9ol\/statues_autels\/P1000129-125x300.jpg\",\"orientation\":\"portrait\"},\"large\":{\"height\":2048,\"width\":850,\"url\":\"https:\/\/orgueil82.jvillain.fr\/wp-content\/uploads\/\u00c9glise_Saint-Ferr\u00e9ol\/statues_autels\/P1000129-850x2048.jpg\",\"orientation\":\"portrait\"},\"full\":{\"url\":\"https:\/\/orgueil82.jvillain.fr\/wp-content\/uploads\/\u00c9glise_Saint-Ferr\u00e9ol\/statues_autels\/P1000129-scaled.jpg\",\"height\":2560,\"width\":1063,\"orientation\":\"portrait\"}},\"imageMeta\":{\"aperture\":\"5.4\",\"credit\":\"\",\"camera\":\"DMC-G80\",\"caption\":\"\",\"created_timestamp\":\"1728812965\",\"copyright\":\"\",\"focal_length\":\"38\",\"iso\":\"800\",\"shutter_speed\":\"0.016666666666667\",\"title\":\"\",\"orientation\":\"0\",\"keywords\":[]},\"meta\":false,\"postlink\":\"https:\/\/orgueil82.jvillain.fr\/?attachment_id=1052\"},{\"id\":1049,\"title\":\"P1000131\",\"url\":\"https:\/\/orgueil82.jvillain.fr\/wp-content\/uploads\/\u00c9glise_Saint-Ferr\u00e9ol\/statues_autels\/P1000131-scaled.jpg\",\"link\":\"https:\/\/orgueil82.jvillain.fr\/?attachment_id=1049\",\"alt\":\"\",\"description\":\"\",\"caption\":\"Saint Joseph\",\"mime\":\"image\/jpeg\",\"type\":\"image\",\"width\":839,\"height\":2560,\"sizes\":{\"thumbnail\":{\"height\":150,\"width\":150,\"url\":\"https:\/\/orgueil82.jvillain.fr\/wp-content\/uploads\/\u00c9glise_Saint-Ferr\u00e9ol\/statues_autels\/P1000131-150x150.jpg\",\"orientation\":\"landscape\"},\"medium\":{\"height\":300,\"width\":98,\"url\":\"https:\/\/orgueil82.jvillain.fr\/wp-content\/uploads\/\u00c9glise_Saint-Ferr\u00e9ol\/statues_autels\/P1000131-98x300.jpg\",\"orientation\":\"portrait\"},\"large\":{\"height\":2048,\"width\":671,\"url\":\"https:\/\/orgueil82.jvillain.fr\/wp-content\/uploads\/\u00c9glise_Saint-Ferr\u00e9ol\/statues_autels\/P1000131-671x2048.jpg\",\"orientation\":\"portrait\"},\"full\":{\"url\":\"https:\/\/orgueil82.jvillain.fr\/wp-content\/uploads\/\u00c9glise_Saint-Ferr\u00e9ol\/statues_autels\/P1000131-scaled.jpg\",\"height\":2560,\"width\":839,\"orientation\":\"portrait\"}},\"imageMeta\":{\"aperture\":\"5.6\",\"credit\":\"\",\"camera\":\"DMC-G80\",\"caption\":\"\",\"created_timestamp\":\"1728812983\",\"copyright\":\"\",\"focal_length\":\"60\",\"iso\":\"800\",\"shutter_speed\":\"0.125\",\"title\":\"\",\"orientation\":\"0\",\"keywords\":[]},\"meta\":false,\"postlink\":\"https:\/\/orgueil82.jvillain.fr\/?attachment_id=1049\"},{\"id\":1051,\"title\":\"P1000130\",\"url\":\"https:\/\/orgueil82.jvillain.fr\/wp-content\/uploads\/\u00c9glise_Saint-Ferr\u00e9ol\/statues_autels\/P1000130-scaled.jpg\",\"link\":\"https:\/\/orgueil82.jvillain.fr\/?attachment_id=1051\",\"alt\":\"\",\"description\":\"\",\"caption\":\"Saint Vianney Cur\u00e9 d'Ars\",\"mime\":\"image\/jpeg\",\"type\":\"image\",\"width\":862,\"height\":2560,\"sizes\":{\"thumbnail\":{\"height\":150,\"width\":150,\"url\":\"https:\/\/orgueil82.jvillain.fr\/wp-content\/uploads\/\u00c9glise_Saint-Ferr\u00e9ol\/statues_autels\/P1000130-150x150.jpg\",\"orientation\":\"landscape\"},\"medium\":{\"height\":300,\"width\":101,\"url\":\"https:\/\/orgueil82.jvillain.fr\/wp-content\/uploads\/\u00c9glise_Saint-Ferr\u00e9ol\/statues_autels\/P1000130-101x300.jpg\",\"orientation\":\"portrait\"},\"large\":{\"height\":2048,\"width\":690,\"url\":\"https:\/\/orgueil82.jvillain.fr\/wp-content\/uploads\/\u00c9glise_Saint-Ferr\u00e9ol\/statues_autels\/P1000130-690x2048.jpg\",\"orientation\":\"portrait\"},\"full\":{\"url\":\"https:\/\/orgueil82.jvillain.fr\/wp-content\/uploads\/\u00c9glise_Saint-Ferr\u00e9ol\/statues_autels\/P1000130-scaled.jpg\",\"height\":2560,\"width\":862,\"orientation\":\"portrait\"}},\"imageMeta\":{\"aperture\":\"4.3\",\"credit\":\"\",\"camera\":\"DMC-G80\",\"caption\":\"\",\"created_timestamp\":\"1728812973\",\"copyright\":\"\",\"focal_length\":\"23\",\"iso\":\"1250\",\"shutter_speed\":\"0.125\",\"title\":\"\",\"orientation\":\"0\",\"keywords\":[]},\"meta\":false,\"postlink\":\"https:\/\/orgueil82.jvillain.fr\/?attachment_id=1051\"},{\"id\":1055,\"title\":\"P1000132\",\"url\":\"https:\/\/orgueil82.jvillain.fr\/wp-content\/uploads\/\u00c9glise_Saint-Ferr\u00e9ol\/statues_autels\/P1000132-scaled.jpg\",\"link\":\"https:\/\/orgueil82.jvillain.fr\/?attachment_id=1055\",\"alt\":\"\",\"description\":\"\",\"caption\":\"Sainte Jeanne d'Arc\",\"mime\":\"image\/jpeg\",\"type\":\"image\",\"width\":1115,\"height\":2560,\"sizes\":{\"thumbnail\":{\"height\":150,\"width\":150,\"url\":\"https:\/\/orgueil82.jvillain.fr\/wp-content\/uploads\/\u00c9glise_Saint-Ferr\u00e9ol\/statues_autels\/P1000132-150x150.jpg\",\"orientation\":\"landscape\"},\"medium\":{\"height\":300,\"width\":131,\"url\":\"https:\/\/orgueil82.jvillain.fr\/wp-content\/uploads\/\u00c9glise_Saint-Ferr\u00e9ol\/statues_autels\/P1000132-131x300.jpg\",\"orientation\":\"portrait\"},\"large\":{\"height\":2048,\"width\":892,\"url\":\"https:\/\/orgueil82.jvillain.fr\/wp-content\/uploads\/\u00c9glise_Saint-Ferr\u00e9ol\/statues_autels\/P1000132-892x2048.jpg\",\"orientation\":\"portrait\"},\"full\":{\"url\":\"https:\/\/orgueil82.jvillain.fr\/wp-content\/uploads\/\u00c9glise_Saint-Ferr\u00e9ol\/statues_autels\/P1000132-scaled.jpg\",\"height\":2560,\"width\":1115,\"orientation\":\"portrait\"}},\"imageMeta\":{\"aperture\":\"4.2\",\"credit\":\"\",\"camera\":\"DMC-G80\",\"caption\":\"\",\"created_timestamp\":\"1728813000\",\"copyright\":\"\",\"focal_length\":\"22\",\"iso\":\"500\",\"shutter_speed\":\"0.016666666666667\",\"title\":\"\",\"orientation\":\"0\",\"keywords\":[]},\"meta\":false,\"postlink\":\"https:\/\/orgueil82.jvillain.fr\/?attachment_id=1055\"}],\"sliderItemTitleFontSize\":24,\"sliderSlideshowAutoStart\":true,\"itemsMetaDataCollection\":[]}<\/script><script>(function(){if(window.PGC_SGB && window.PGC_SGB.searcher){window.PGC_SGB.searcher.initBlocks()}})()<\/script><\/div><\/details>\n\n\n\n<div style=\"height:18px\" aria-hidden=\"true\" class=\"wp-block-spacer\"><\/div>\n\n\n\n<details class=\"wp-block-details is-layout-flow wp-block-details-is-layout-flow\"><summary>La nef<\/summary>\n<p>Les vitraux de la nef ont \u00e9t\u00e9 restaur\u00e9s en 2015<\/p>\n\n\n<div class=\"pgc-sgb-cb wp-block-pgcsimplygalleryblock-slider \" data-gallery-id=\"f8e44042\"style=&quot;min-height:620px&quot;><div class=\"sgb-preloader\" id=\"pr_f8e44042\">\n\t<div class=\"sgb-square\" style=\"background:#d4d4d4\"><\/div>\n\t<div class=\"sgb-square\" style=\"background:#d4d4d4\"><\/div>\n\t<div class=\"sgb-square\" style=\"background:#d4d4d4\"><\/div>\n\t<div class=\"sgb-square\" style=\"background:#d4d4d4\"><\/div><\/div><div class=\"simply-gallery-amp pgc_sgb_slider \"><noscript><div class=\"sgb-gallery\"><div class=\"sgb-item\"><a href=\"https:\/\/orgueil82.jvillain.fr\/?attachment_id=1067\" target=\"_blank\"><img alt=\"\" width=\"300\" height=\"225\" loading=\"lazy\"  srcset=\"https:\/\/orgueil82.jvillain.fr\/wp-content\/uploads\/\u00c9glise_Saint-Ferr\u00e9ol\/statues_autels\/P1000149-300x225.jpg 300w,https:\/\/orgueil82.jvillain.fr\/wp-content\/uploads\/\u00c9glise_Saint-Ferr\u00e9ol\/statues_autels\/P1000149-2048x1538.jpg 2048w,https:\/\/orgueil82.jvillain.fr\/wp-content\/uploads\/\u00c9glise_Saint-Ferr\u00e9ol\/statues_autels\/P1000149.jpg 2500w\" sizes=\"auto, 250px\"\/ class=\"lws-optimize-lazyload\" data-src=\"https:\/\/orgueil82.jvillain.fr\/wp-content\/uploads\/\u00c9glise_Saint-Ferr\u00e9ol\/statues_autels\/P1000149-300x225.jpg\"><\/a><div class=\"sgb-item-caption\"><em>Nef &#8211; Cot\u00e9 chapelle saint Joseph<\/em><\/div><\/div><div class=\"sgb-item\"><a href=\"https:\/\/orgueil82.jvillain.fr\/?attachment_id=1063\" target=\"_blank\"><img alt=\"\" width=\"300\" height=\"225\" loading=\"lazy\"  srcset=\"https:\/\/orgueil82.jvillain.fr\/wp-content\/uploads\/\u00c9glise_Saint-Ferr\u00e9ol\/statues_autels\/P1000155-300x225.jpg 300w,https:\/\/orgueil82.jvillain.fr\/wp-content\/uploads\/\u00c9glise_Saint-Ferr\u00e9ol\/statues_autels\/P1000155-2048x1538.jpg 2048w,https:\/\/orgueil82.jvillain.fr\/wp-content\/uploads\/\u00c9glise_Saint-Ferr\u00e9ol\/statues_autels\/P1000155.jpg 2500w\" sizes=\"auto, 250px\"\/ class=\"lws-optimize-lazyload\" data-src=\"https:\/\/orgueil82.jvillain.fr\/wp-content\/uploads\/\u00c9glise_Saint-Ferr\u00e9ol\/statues_autels\/P1000155-300x225.jpg\"><\/a><div class=\"sgb-item-caption\"><em>La Nef<\/em><\/div><\/div><div class=\"sgb-item\"><a href=\"https:\/\/orgueil82.jvillain.fr\/?attachment_id=1068\" target=\"_blank\"><img alt=\"\" width=\"300\" height=\"225\" loading=\"lazy\"  srcset=\"https:\/\/orgueil82.jvillain.fr\/wp-content\/uploads\/\u00c9glise_Saint-Ferr\u00e9ol\/statues_autels\/P1000150-300x225.jpg 300w,https:\/\/orgueil82.jvillain.fr\/wp-content\/uploads\/\u00c9glise_Saint-Ferr\u00e9ol\/statues_autels\/P1000150-2048x1538.jpg 2048w,https:\/\/orgueil82.jvillain.fr\/wp-content\/uploads\/\u00c9glise_Saint-Ferr\u00e9ol\/statues_autels\/P1000150.jpg 2500w\" sizes=\"auto, 250px\"\/ class=\"lws-optimize-lazyload\" data-src=\"https:\/\/orgueil82.jvillain.fr\/wp-content\/uploads\/\u00c9glise_Saint-Ferr\u00e9ol\/statues_autels\/P1000150-300x225.jpg\"><\/a><div class=\"sgb-item-caption\"><em>Nef &#8211; Cot\u00e9 chapelle de la Vierge<\/em><\/div><\/div><div class=\"sgb-item\"><a href=\"https:\/\/orgueil82.jvillain.fr\/?attachment_id=1071\" target=\"_blank\"><img alt=\"\" width=\"131\" height=\"300\" loading=\"lazy\"  srcset=\"https:\/\/orgueil82.jvillain.fr\/wp-content\/uploads\/\u00c9glise_Saint-Ferr\u00e9ol\/Vitraux\/P1000141-131x300.jpg 131w,https:\/\/orgueil82.jvillain.fr\/wp-content\/uploads\/\u00c9glise_Saint-Ferr\u00e9ol\/Vitraux\/P1000141-892x2048.jpg 892w,https:\/\/orgueil82.jvillain.fr\/wp-content\/uploads\/\u00c9glise_Saint-Ferr\u00e9ol\/Vitraux\/P1000141-scaled.jpg 1115w\" sizes=\"auto, 250px\"\/ class=\"lws-optimize-lazyload\" data-src=\"https:\/\/orgueil82.jvillain.fr\/wp-content\/uploads\/\u00c9glise_Saint-Ferr\u00e9ol\/Vitraux\/P1000141-131x300.jpg\"><\/a><div class=\"sgb-item-caption\"><em>Santus Alphonsus maria de Ligorio (Saint-Alphonse Marie de Ligori)<\/em><\/div><\/div><div class=\"sgb-item\"><a href=\"https:\/\/orgueil82.jvillain.fr\/?attachment_id=1073\" target=\"_blank\"><img alt=\"\" width=\"133\" height=\"300\" loading=\"lazy\"  srcset=\"https:\/\/orgueil82.jvillain.fr\/wp-content\/uploads\/\u00c9glise_Saint-Ferr\u00e9ol\/Vitraux\/P1000142-133x300.jpg 133w,https:\/\/orgueil82.jvillain.fr\/wp-content\/uploads\/\u00c9glise_Saint-Ferr\u00e9ol\/Vitraux\/P1000142-906x2048.jpg 906w,https:\/\/orgueil82.jvillain.fr\/wp-content\/uploads\/\u00c9glise_Saint-Ferr\u00e9ol\/Vitraux\/P1000142-scaled.jpg 1133w\" sizes=\"auto, 250px\"\/ class=\"lws-optimize-lazyload\" data-src=\"https:\/\/orgueil82.jvillain.fr\/wp-content\/uploads\/\u00c9glise_Saint-Ferr\u00e9ol\/Vitraux\/P1000142-133x300.jpg\"><\/a><\/div><div class=\"sgb-item\"><a href=\"https:\/\/orgueil82.jvillain.fr\/?attachment_id=1077\" target=\"_blank\"><img alt=\"\" width=\"139\" height=\"300\" loading=\"lazy\"  srcset=\"https:\/\/orgueil82.jvillain.fr\/wp-content\/uploads\/\u00c9glise_Saint-Ferr\u00e9ol\/Vitraux\/P1000143-139x300.jpg 139w,https:\/\/orgueil82.jvillain.fr\/wp-content\/uploads\/\u00c9glise_Saint-Ferr\u00e9ol\/Vitraux\/P1000143-947x2048.jpg 947w,https:\/\/orgueil82.jvillain.fr\/wp-content\/uploads\/\u00c9glise_Saint-Ferr\u00e9ol\/Vitraux\/P1000143-scaled.jpg 1184w\" sizes=\"auto, 250px\"\/ class=\"lws-optimize-lazyload\" data-src=\"https:\/\/orgueil82.jvillain.fr\/wp-content\/uploads\/\u00c9glise_Saint-Ferr\u00e9ol\/Vitraux\/P1000143-139x300.jpg\"><\/a><\/div><div class=\"sgb-item\"><a href=\"https:\/\/orgueil82.jvillain.fr\/?attachment_id=1072\" target=\"_blank\"><img alt=\"\" width=\"139\" height=\"300\" loading=\"lazy\"  srcset=\"https:\/\/orgueil82.jvillain.fr\/wp-content\/uploads\/\u00c9glise_Saint-Ferr\u00e9ol\/Vitraux\/P1000144-139x300.jpg 139w,https:\/\/orgueil82.jvillain.fr\/wp-content\/uploads\/\u00c9glise_Saint-Ferr\u00e9ol\/Vitraux\/P1000144-950x2048.jpg 950w,https:\/\/orgueil82.jvillain.fr\/wp-content\/uploads\/\u00c9glise_Saint-Ferr\u00e9ol\/Vitraux\/P1000144-scaled.jpg 1187w\" sizes=\"auto, 250px\"\/ class=\"lws-optimize-lazyload\" data-src=\"https:\/\/orgueil82.jvillain.fr\/wp-content\/uploads\/\u00c9glise_Saint-Ferr\u00e9ol\/Vitraux\/P1000144-139x300.jpg\"><\/a><div class=\"sgb-item-caption\"><em>Saint Paul<\/em><\/div><\/div><div class=\"sgb-item\"><a href=\"https:\/\/orgueil82.jvillain.fr\/?attachment_id=1047\" target=\"_blank\"><img alt=\"\" width=\"87\" height=\"300\" loading=\"lazy\"  srcset=\"https:\/\/orgueil82.jvillain.fr\/wp-content\/uploads\/\u00c9glise_Saint-Ferr\u00e9ol\/statues_autels\/P1000117-87x300.jpg 87w,https:\/\/orgueil82.jvillain.fr\/wp-content\/uploads\/\u00c9glise_Saint-Ferr\u00e9ol\/statues_autels\/P1000117-596x2048.jpg 596w,https:\/\/orgueil82.jvillain.fr\/wp-content\/uploads\/\u00c9glise_Saint-Ferr\u00e9ol\/statues_autels\/P1000117-scaled.jpg 745w\" sizes=\"auto, 250px\"\/ class=\"lws-optimize-lazyload\" data-src=\"https:\/\/orgueil82.jvillain.fr\/wp-content\/uploads\/\u00c9glise_Saint-Ferr\u00e9ol\/statues_autels\/P1000117-87x300.jpg\"><\/a><div class=\"sgb-item-caption\"><em>Saint Antoine de Padoue<\/em><\/div><\/div><div class=\"sgb-item\"><a href=\"https:\/\/orgueil82.jvillain.fr\/?attachment_id=158\" target=\"_blank\"><img alt=\"\" width=\"199\" height=\"300\" loading=\"lazy\"  srcset=\"https:\/\/orgueil82.jvillain.fr\/wp-content\/uploads\/\u00c9glise_Saint-Ferr\u00e9ol\/eglise-dorgueil-028-scaled-1-199x300.jpg 199w,https:\/\/orgueil82.jvillain.fr\/wp-content\/uploads\/\u00c9glise_Saint-Ferr\u00e9ol\/eglise-dorgueil-028-scaled-1-1362x2048.jpg 1362w,https:\/\/orgueil82.jvillain.fr\/wp-content\/uploads\/\u00c9glise_Saint-Ferr\u00e9ol\/eglise-dorgueil-028-scaled-1.jpg 1702w\" sizes=\"auto, 250px\"\/ class=\"lws-optimize-lazyload\" data-src=\"https:\/\/orgueil82.jvillain.fr\/wp-content\/uploads\/\u00c9glise_Saint-Ferr\u00e9ol\/eglise-dorgueil-028-scaled-1-199x300.jpg\"><\/a><div class=\"sgb-item-caption\"><em>Le Christ couronn\u00e9 d&rsquo;\u00e9pines (Titien)<\/em><\/div><\/div><div class=\"sgb-item\"><a href=\"https:\/\/orgueil82.jvillain.fr\/?attachment_id=1046\" target=\"_blank\"><img alt=\"\" width=\"99\" height=\"300\" loading=\"lazy\"  srcset=\"https:\/\/orgueil82.jvillain.fr\/wp-content\/uploads\/\u00c9glise_Saint-Ferr\u00e9ol\/statues_autels\/P1000116-99x300.jpg 99w,https:\/\/orgueil82.jvillain.fr\/wp-content\/uploads\/\u00c9glise_Saint-Ferr\u00e9ol\/statues_autels\/P1000116-679x2048.jpg 679w,https:\/\/orgueil82.jvillain.fr\/wp-content\/uploads\/\u00c9glise_Saint-Ferr\u00e9ol\/statues_autels\/P1000116-scaled.jpg 849w\" sizes=\"auto, 250px\"\/ class=\"lws-optimize-lazyload\" data-src=\"https:\/\/orgueil82.jvillain.fr\/wp-content\/uploads\/\u00c9glise_Saint-Ferr\u00e9ol\/statues_autels\/P1000116-99x300.jpg\"><\/a><div class=\"sgb-item-caption\"><em>Saint Jude<\/em><\/div><\/div><div class=\"sgb-item\"><a href=\"https:\/\/orgueil82.jvillain.fr\/?attachment_id=1075\" target=\"_blank\"><img alt=\"\" width=\"133\" height=\"300\" loading=\"lazy\"  srcset=\"https:\/\/orgueil82.jvillain.fr\/wp-content\/uploads\/\u00c9glise_Saint-Ferr\u00e9ol\/Vitraux\/P1000145-133x300.jpg 133w,https:\/\/orgueil82.jvillain.fr\/wp-content\/uploads\/\u00c9glise_Saint-Ferr\u00e9ol\/Vitraux\/P1000145-906x2048.jpg 906w,https:\/\/orgueil82.jvillain.fr\/wp-content\/uploads\/\u00c9glise_Saint-Ferr\u00e9ol\/Vitraux\/P1000145-scaled.jpg 1132w\" sizes=\"auto, 250px\"\/ class=\"lws-optimize-lazyload\" data-src=\"https:\/\/orgueil82.jvillain.fr\/wp-content\/uploads\/\u00c9glise_Saint-Ferr\u00e9ol\/Vitraux\/P1000145-133x300.jpg\"><\/a><div class=\"sgb-item-caption\"><em>Saint Pierre<\/em><\/div><\/div><div class=\"sgb-item\"><a href=\"https:\/\/orgueil82.jvillain.fr\/?attachment_id=1074\" target=\"_blank\"><img alt=\"\" width=\"134\" height=\"300\" loading=\"lazy\"  srcset=\"https:\/\/orgueil82.jvillain.fr\/wp-content\/uploads\/\u00c9glise_Saint-Ferr\u00e9ol\/Vitraux\/P1000146-134x300.jpg 134w,https:\/\/orgueil82.jvillain.fr\/wp-content\/uploads\/\u00c9glise_Saint-Ferr\u00e9ol\/Vitraux\/P1000146-912x2048.jpg 912w,https:\/\/orgueil82.jvillain.fr\/wp-content\/uploads\/\u00c9glise_Saint-Ferr\u00e9ol\/Vitraux\/P1000146-scaled.jpg 1141w\" sizes=\"auto, 250px\"\/ class=\"lws-optimize-lazyload\" data-src=\"https:\/\/orgueil82.jvillain.fr\/wp-content\/uploads\/\u00c9glise_Saint-Ferr\u00e9ol\/Vitraux\/P1000146-134x300.jpg\"><\/a><div class=\"sgb-item-caption\"><em>Vitrail \u00e0 la m\u00e9moire de Jean Bourgade<\/em><\/div><\/div><div class=\"sgb-item\"><a href=\"https:\/\/orgueil82.jvillain.fr\/?attachment_id=1076\" target=\"_blank\"><img alt=\"\" width=\"135\" height=\"300\" loading=\"lazy\"  srcset=\"https:\/\/orgueil82.jvillain.fr\/wp-content\/uploads\/\u00c9glise_Saint-Ferr\u00e9ol\/Vitraux\/P1000147-135x300.jpg 135w,https:\/\/orgueil82.jvillain.fr\/wp-content\/uploads\/\u00c9glise_Saint-Ferr\u00e9ol\/Vitraux\/P1000147-924x2048.jpg 924w,https:\/\/orgueil82.jvillain.fr\/wp-content\/uploads\/\u00c9glise_Saint-Ferr\u00e9ol\/Vitraux\/P1000147-scaled.jpg 1155w\" sizes=\"auto, 250px\"\/ class=\"lws-optimize-lazyload\" data-src=\"https:\/\/orgueil82.jvillain.fr\/wp-content\/uploads\/\u00c9glise_Saint-Ferr\u00e9ol\/Vitraux\/P1000147-135x300.jpg\"><\/a><\/div><div class=\"sgb-item\"><a href=\"https:\/\/orgueil82.jvillain.fr\/?attachment_id=1070\" target=\"_blank\"><img alt=\"\" width=\"124\" height=\"300\" loading=\"lazy\"  srcset=\"https:\/\/orgueil82.jvillain.fr\/wp-content\/uploads\/\u00c9glise_Saint-Ferr\u00e9ol\/Vitraux\/P1000148-124x300.jpg 124w,https:\/\/orgueil82.jvillain.fr\/wp-content\/uploads\/\u00c9glise_Saint-Ferr\u00e9ol\/Vitraux\/P1000148-847x2048.jpg 847w,https:\/\/orgueil82.jvillain.fr\/wp-content\/uploads\/\u00c9glise_Saint-Ferr\u00e9ol\/Vitraux\/P1000148-scaled.jpg 1059w\" sizes=\"auto, 250px\"\/ class=\"lws-optimize-lazyload\" data-src=\"https:\/\/orgueil82.jvillain.fr\/wp-content\/uploads\/\u00c9glise_Saint-Ferr\u00e9ol\/Vitraux\/P1000148-124x300.jpg\"><\/a><\/div><\/div><\/noscript><\/div><script type=\"application\/json\" class=\"sgb-data\">{\"captionHAlign\":\"bottom\",\"collectionthumbHoverTitleFontSize\":12,\"collectionThumbSubMenuDownload\":false,\"sliderMaxHeight\":620,\"sliderAdminWidth\":940,\"autoPlay\":true,\"galleryType\":\"pgc_sgb_slider\",\"galleryId\":\"f8e44042\",\"images\":[{\"id\":1067,\"title\":\"P1000149\",\"url\":\"https:\/\/orgueil82.jvillain.fr\/wp-content\/uploads\/\u00c9glise_Saint-Ferr\u00e9ol\/statues_autels\/P1000149.jpg\",\"link\":\"https:\/\/orgueil82.jvillain.fr\/?attachment_id=1067\",\"alt\":\"\",\"description\":\"\",\"caption\":\"Nef - Cot\u00e9 chapelle saint Joseph\",\"mime\":\"image\/jpeg\",\"type\":\"image\",\"width\":2500,\"height\":1877,\"sizes\":{\"thumbnail\":{\"height\":150,\"width\":150,\"url\":\"https:\/\/orgueil82.jvillain.fr\/wp-content\/uploads\/\u00c9glise_Saint-Ferr\u00e9ol\/statues_autels\/P1000149-150x150.jpg\",\"orientation\":\"landscape\"},\"medium\":{\"height\":225,\"width\":300,\"url\":\"https:\/\/orgueil82.jvillain.fr\/wp-content\/uploads\/\u00c9glise_Saint-Ferr\u00e9ol\/statues_autels\/P1000149-300x225.jpg\",\"orientation\":\"landscape\"},\"large\":{\"height\":1538,\"width\":2048,\"url\":\"https:\/\/orgueil82.jvillain.fr\/wp-content\/uploads\/\u00c9glise_Saint-Ferr\u00e9ol\/statues_autels\/P1000149-2048x1538.jpg\",\"orientation\":\"landscape\"},\"full\":{\"url\":\"https:\/\/orgueil82.jvillain.fr\/wp-content\/uploads\/\u00c9glise_Saint-Ferr\u00e9ol\/statues_autels\/P1000149.jpg\",\"height\":1877,\"width\":2500,\"orientation\":\"landscape\"}},\"imageMeta\":{\"aperture\":\"0\",\"credit\":\"\",\"camera\":\"\",\"caption\":\"\",\"created_timestamp\":\"1728813354\",\"copyright\":\"\",\"focal_length\":\"0\",\"iso\":\"0\",\"shutter_speed\":\"0\",\"title\":\"\",\"orientation\":\"1\",\"keywords\":[]},\"meta\":false,\"postlink\":\"https:\/\/orgueil82.jvillain.fr\/?attachment_id=1067\"},{\"id\":1063,\"title\":\"P1000155\",\"url\":\"https:\/\/orgueil82.jvillain.fr\/wp-content\/uploads\/\u00c9glise_Saint-Ferr\u00e9ol\/statues_autels\/P1000155.jpg\",\"link\":\"https:\/\/orgueil82.jvillain.fr\/?attachment_id=1063\",\"alt\":\"\",\"description\":\"\",\"caption\":\"La Nef\",\"mime\":\"image\/jpeg\",\"type\":\"image\",\"width\":2500,\"height\":1877,\"sizes\":{\"thumbnail\":{\"height\":150,\"width\":150,\"url\":\"https:\/\/orgueil82.jvillain.fr\/wp-content\/uploads\/\u00c9glise_Saint-Ferr\u00e9ol\/statues_autels\/P1000155-150x150.jpg\",\"orientation\":\"landscape\"},\"medium\":{\"height\":225,\"width\":300,\"url\":\"https:\/\/orgueil82.jvillain.fr\/wp-content\/uploads\/\u00c9glise_Saint-Ferr\u00e9ol\/statues_autels\/P1000155-300x225.jpg\",\"orientation\":\"landscape\"},\"large\":{\"height\":1538,\"width\":2048,\"url\":\"https:\/\/orgueil82.jvillain.fr\/wp-content\/uploads\/\u00c9glise_Saint-Ferr\u00e9ol\/statues_autels\/P1000155-2048x1538.jpg\",\"orientation\":\"landscape\"},\"full\":{\"url\":\"https:\/\/orgueil82.jvillain.fr\/wp-content\/uploads\/\u00c9glise_Saint-Ferr\u00e9ol\/statues_autels\/P1000155.jpg\",\"height\":1877,\"width\":2500,\"orientation\":\"landscape\"}},\"imageMeta\":{\"aperture\":\"0\",\"credit\":\"\",\"camera\":\"\",\"caption\":\"\",\"created_timestamp\":\"1728813495\",\"copyright\":\"\",\"focal_length\":\"0\",\"iso\":\"0\",\"shutter_speed\":\"0\",\"title\":\"\",\"orientation\":\"1\",\"keywords\":[]},\"meta\":false,\"postlink\":\"https:\/\/orgueil82.jvillain.fr\/?attachment_id=1063\"},{\"id\":1068,\"title\":\"P1000150\",\"url\":\"https:\/\/orgueil82.jvillain.fr\/wp-content\/uploads\/\u00c9glise_Saint-Ferr\u00e9ol\/statues_autels\/P1000150.jpg\",\"link\":\"https:\/\/orgueil82.jvillain.fr\/?attachment_id=1068\",\"alt\":\"\",\"description\":\"\",\"caption\":\"Nef - Cot\u00e9 chapelle de la Vierge\",\"mime\":\"image\/jpeg\",\"type\":\"image\",\"width\":2500,\"height\":1877,\"sizes\":{\"thumbnail\":{\"height\":150,\"width\":150,\"url\":\"https:\/\/orgueil82.jvillain.fr\/wp-content\/uploads\/\u00c9glise_Saint-Ferr\u00e9ol\/statues_autels\/P1000150-150x150.jpg\",\"orientation\":\"landscape\"},\"medium\":{\"height\":225,\"width\":300,\"url\":\"https:\/\/orgueil82.jvillain.fr\/wp-content\/uploads\/\u00c9glise_Saint-Ferr\u00e9ol\/statues_autels\/P1000150-300x225.jpg\",\"orientation\":\"landscape\"},\"large\":{\"height\":1538,\"width\":2048,\"url\":\"https:\/\/orgueil82.jvillain.fr\/wp-content\/uploads\/\u00c9glise_Saint-Ferr\u00e9ol\/statues_autels\/P1000150-2048x1538.jpg\",\"orientation\":\"landscape\"},\"full\":{\"url\":\"https:\/\/orgueil82.jvillain.fr\/wp-content\/uploads\/\u00c9glise_Saint-Ferr\u00e9ol\/statues_autels\/P1000150.jpg\",\"height\":1877,\"width\":2500,\"orientation\":\"landscape\"}},\"imageMeta\":{\"aperture\":\"0\",\"credit\":\"\",\"camera\":\"\",\"caption\":\"\",\"created_timestamp\":\"1728813372\",\"copyright\":\"\",\"focal_length\":\"0\",\"iso\":\"0\",\"shutter_speed\":\"0\",\"title\":\"\",\"orientation\":\"1\",\"keywords\":[]},\"meta\":false,\"postlink\":\"https:\/\/orgueil82.jvillain.fr\/?attachment_id=1068\"},{\"id\":1071,\"title\":\"P1000141\",\"url\":\"https:\/\/orgueil82.jvillain.fr\/wp-content\/uploads\/\u00c9glise_Saint-Ferr\u00e9ol\/Vitraux\/P1000141-scaled.jpg\",\"link\":\"https:\/\/orgueil82.jvillain.fr\/?attachment_id=1071\",\"alt\":\"\",\"description\":\"\",\"caption\":\"Santus Alphonsus maria de Ligorio (Saint-Alphonse Marie de Ligori)\",\"mime\":\"image\/jpeg\",\"type\":\"image\",\"width\":1115,\"height\":2560,\"sizes\":{\"thumbnail\":{\"height\":150,\"width\":150,\"url\":\"https:\/\/orgueil82.jvillain.fr\/wp-content\/uploads\/\u00c9glise_Saint-Ferr\u00e9ol\/Vitraux\/P1000141-150x150.jpg\",\"orientation\":\"landscape\"},\"medium\":{\"height\":300,\"width\":131,\"url\":\"https:\/\/orgueil82.jvillain.fr\/wp-content\/uploads\/\u00c9glise_Saint-Ferr\u00e9ol\/Vitraux\/P1000141-131x300.jpg\",\"orientation\":\"portrait\"},\"large\":{\"height\":2048,\"width\":892,\"url\":\"https:\/\/orgueil82.jvillain.fr\/wp-content\/uploads\/\u00c9glise_Saint-Ferr\u00e9ol\/Vitraux\/P1000141-892x2048.jpg\",\"orientation\":\"portrait\"},\"full\":{\"url\":\"https:\/\/orgueil82.jvillain.fr\/wp-content\/uploads\/\u00c9glise_Saint-Ferr\u00e9ol\/Vitraux\/P1000141-scaled.jpg\",\"height\":2560,\"width\":1115,\"orientation\":\"portrait\"}},\"imageMeta\":{\"aperture\":\"5.6\",\"credit\":\"\",\"camera\":\"DMC-G80\",\"caption\":\"\",\"created_timestamp\":\"1728813211\",\"copyright\":\"\",\"focal_length\":\"60\",\"iso\":\"640\",\"shutter_speed\":\"0.016666666666667\",\"title\":\"\",\"orientation\":\"0\",\"keywords\":[]},\"meta\":false,\"postlink\":\"https:\/\/orgueil82.jvillain.fr\/?attachment_id=1071\"},{\"id\":1073,\"title\":\"P1000142\",\"url\":\"https:\/\/orgueil82.jvillain.fr\/wp-content\/uploads\/\u00c9glise_Saint-Ferr\u00e9ol\/Vitraux\/P1000142-scaled.jpg\",\"link\":\"https:\/\/orgueil82.jvillain.fr\/?attachment_id=1073\",\"alt\":\"\",\"description\":\"\",\"caption\":\"\",\"mime\":\"image\/jpeg\",\"type\":\"image\",\"width\":1133,\"height\":2560,\"sizes\":{\"thumbnail\":{\"height\":150,\"width\":150,\"url\":\"https:\/\/orgueil82.jvillain.fr\/wp-content\/uploads\/\u00c9glise_Saint-Ferr\u00e9ol\/Vitraux\/P1000142-150x150.jpg\",\"orientation\":\"landscape\"},\"medium\":{\"height\":300,\"width\":133,\"url\":\"https:\/\/orgueil82.jvillain.fr\/wp-content\/uploads\/\u00c9glise_Saint-Ferr\u00e9ol\/Vitraux\/P1000142-133x300.jpg\",\"orientation\":\"portrait\"},\"large\":{\"height\":2048,\"width\":906,\"url\":\"https:\/\/orgueil82.jvillain.fr\/wp-content\/uploads\/\u00c9glise_Saint-Ferr\u00e9ol\/Vitraux\/P1000142-906x2048.jpg\",\"orientation\":\"portrait\"},\"full\":{\"url\":\"https:\/\/orgueil82.jvillain.fr\/wp-content\/uploads\/\u00c9glise_Saint-Ferr\u00e9ol\/Vitraux\/P1000142-scaled.jpg\",\"height\":2560,\"width\":1133,\"orientation\":\"portrait\"}},\"imageMeta\":{\"aperture\":\"5.6\",\"credit\":\"\",\"camera\":\"DMC-G80\",\"caption\":\"\",\"created_timestamp\":\"1728813225\",\"copyright\":\"\",\"focal_length\":\"60\",\"iso\":\"640\",\"shutter_speed\":\"0.016666666666667\",\"title\":\"\",\"orientation\":\"0\",\"keywords\":[]},\"meta\":false,\"postlink\":\"https:\/\/orgueil82.jvillain.fr\/?attachment_id=1073\"},{\"id\":1077,\"title\":\"P1000143\",\"url\":\"https:\/\/orgueil82.jvillain.fr\/wp-content\/uploads\/\u00c9glise_Saint-Ferr\u00e9ol\/Vitraux\/P1000143-scaled.jpg\",\"link\":\"https:\/\/orgueil82.jvillain.fr\/?attachment_id=1077\",\"alt\":\"\",\"description\":\"\",\"caption\":\"\",\"mime\":\"image\/jpeg\",\"type\":\"image\",\"width\":1184,\"height\":2560,\"sizes\":{\"thumbnail\":{\"height\":150,\"width\":150,\"url\":\"https:\/\/orgueil82.jvillain.fr\/wp-content\/uploads\/\u00c9glise_Saint-Ferr\u00e9ol\/Vitraux\/P1000143-150x150.jpg\",\"orientation\":\"landscape\"},\"medium\":{\"height\":300,\"width\":139,\"url\":\"https:\/\/orgueil82.jvillain.fr\/wp-content\/uploads\/\u00c9glise_Saint-Ferr\u00e9ol\/Vitraux\/P1000143-139x300.jpg\",\"orientation\":\"portrait\"},\"large\":{\"height\":2048,\"width\":947,\"url\":\"https:\/\/orgueil82.jvillain.fr\/wp-content\/uploads\/\u00c9glise_Saint-Ferr\u00e9ol\/Vitraux\/P1000143-947x2048.jpg\",\"orientation\":\"portrait\"},\"full\":{\"url\":\"https:\/\/orgueil82.jvillain.fr\/wp-content\/uploads\/\u00c9glise_Saint-Ferr\u00e9ol\/Vitraux\/P1000143-scaled.jpg\",\"height\":2560,\"width\":1184,\"orientation\":\"portrait\"}},\"imageMeta\":{\"aperture\":\"5.6\",\"credit\":\"\",\"camera\":\"DMC-G80\",\"caption\":\"\",\"created_timestamp\":\"1728813243\",\"copyright\":\"\",\"focal_length\":\"60\",\"iso\":\"500\",\"shutter_speed\":\"0.016666666666667\",\"title\":\"\",\"orientation\":\"0\",\"keywords\":[]},\"meta\":false,\"postlink\":\"https:\/\/orgueil82.jvillain.fr\/?attachment_id=1077\"},{\"id\":1072,\"title\":\"P1000144\",\"url\":\"https:\/\/orgueil82.jvillain.fr\/wp-content\/uploads\/\u00c9glise_Saint-Ferr\u00e9ol\/Vitraux\/P1000144-scaled.jpg\",\"link\":\"https:\/\/orgueil82.jvillain.fr\/?attachment_id=1072\",\"alt\":\"\",\"description\":\"\",\"caption\":\"Saint Paul\",\"mime\":\"image\/jpeg\",\"type\":\"image\",\"width\":1187,\"height\":2560,\"sizes\":{\"thumbnail\":{\"height\":150,\"width\":150,\"url\":\"https:\/\/orgueil82.jvillain.fr\/wp-content\/uploads\/\u00c9glise_Saint-Ferr\u00e9ol\/Vitraux\/P1000144-150x150.jpg\",\"orientation\":\"landscape\"},\"medium\":{\"height\":300,\"width\":139,\"url\":\"https:\/\/orgueil82.jvillain.fr\/wp-content\/uploads\/\u00c9glise_Saint-Ferr\u00e9ol\/Vitraux\/P1000144-139x300.jpg\",\"orientation\":\"portrait\"},\"large\":{\"height\":2048,\"width\":950,\"url\":\"https:\/\/orgueil82.jvillain.fr\/wp-content\/uploads\/\u00c9glise_Saint-Ferr\u00e9ol\/Vitraux\/P1000144-950x2048.jpg\",\"orientation\":\"portrait\"},\"full\":{\"url\":\"https:\/\/orgueil82.jvillain.fr\/wp-content\/uploads\/\u00c9glise_Saint-Ferr\u00e9ol\/Vitraux\/P1000144-scaled.jpg\",\"height\":2560,\"width\":1187,\"orientation\":\"portrait\"}},\"imageMeta\":{\"aperture\":\"5.6\",\"credit\":\"\",\"camera\":\"DMC-G80\",\"caption\":\"\",\"created_timestamp\":\"1728813263\",\"copyright\":\"\",\"focal_length\":\"60\",\"iso\":\"1250\",\"shutter_speed\":\"0.008\",\"title\":\"\",\"orientation\":\"0\",\"keywords\":[]},\"meta\":false,\"postlink\":\"https:\/\/orgueil82.jvillain.fr\/?attachment_id=1072\"},{\"id\":1047,\"title\":\"P1000117\",\"url\":\"https:\/\/orgueil82.jvillain.fr\/wp-content\/uploads\/\u00c9glise_Saint-Ferr\u00e9ol\/statues_autels\/P1000117-scaled.jpg\",\"link\":\"https:\/\/orgueil82.jvillain.fr\/?attachment_id=1047\",\"alt\":\"\",\"description\":\"\",\"caption\":\"Saint Antoine de Padoue\",\"mime\":\"image\/jpeg\",\"type\":\"image\",\"width\":745,\"height\":2560,\"sizes\":{\"thumbnail\":{\"height\":150,\"width\":150,\"url\":\"https:\/\/orgueil82.jvillain.fr\/wp-content\/uploads\/\u00c9glise_Saint-Ferr\u00e9ol\/statues_autels\/P1000117-150x150.jpg\",\"orientation\":\"landscape\"},\"medium\":{\"height\":300,\"width\":87,\"url\":\"https:\/\/orgueil82.jvillain.fr\/wp-content\/uploads\/\u00c9glise_Saint-Ferr\u00e9ol\/statues_autels\/P1000117-87x300.jpg\",\"orientation\":\"portrait\"},\"large\":{\"height\":2048,\"width\":596,\"url\":\"https:\/\/orgueil82.jvillain.fr\/wp-content\/uploads\/\u00c9glise_Saint-Ferr\u00e9ol\/statues_autels\/P1000117-596x2048.jpg\",\"orientation\":\"portrait\"},\"full\":{\"url\":\"https:\/\/orgueil82.jvillain.fr\/wp-content\/uploads\/\u00c9glise_Saint-Ferr\u00e9ol\/statues_autels\/P1000117-scaled.jpg\",\"height\":2560,\"width\":745,\"orientation\":\"portrait\"}},\"imageMeta\":{\"aperture\":\"5.6\",\"credit\":\"\",\"camera\":\"DMC-G80\",\"caption\":\"\",\"created_timestamp\":\"1728812779\",\"copyright\":\"\",\"focal_length\":\"44\",\"iso\":\"1000\",\"shutter_speed\":\"0.016666666666667\",\"title\":\"\",\"orientation\":\"0\",\"keywords\":[]},\"meta\":false,\"postlink\":\"https:\/\/orgueil82.jvillain.fr\/?attachment_id=1047\"},{\"id\":158,\"title\":\"eglise-dorgueil-028\",\"url\":\"https:\/\/orgueil82.jvillain.fr\/wp-content\/uploads\/\u00c9glise_Saint-Ferr\u00e9ol\/eglise-dorgueil-028-scaled-1.jpg\",\"link\":\"https:\/\/orgueil82.jvillain.fr\/?attachment_id=158\",\"alt\":\"\",\"description\":\"\",\"caption\":\"Le Christ couronn\u00e9 d'\u00e9pines (Titien)\",\"mime\":\"image\/jpeg\",\"type\":\"image\",\"width\":1702,\"height\":2560,\"sizes\":{\"thumbnail\":{\"height\":150,\"width\":150,\"url\":\"https:\/\/orgueil82.jvillain.fr\/wp-content\/uploads\/\u00c9glise_Saint-Ferr\u00e9ol\/eglise-dorgueil-028-scaled-1-150x150.jpg\",\"orientation\":\"landscape\"},\"medium\":{\"height\":300,\"width\":199,\"url\":\"https:\/\/orgueil82.jvillain.fr\/wp-content\/uploads\/\u00c9glise_Saint-Ferr\u00e9ol\/eglise-dorgueil-028-scaled-1-199x300.jpg\",\"orientation\":\"portrait\"},\"large\":{\"height\":2048,\"width\":1362,\"url\":\"https:\/\/orgueil82.jvillain.fr\/wp-content\/uploads\/\u00c9glise_Saint-Ferr\u00e9ol\/eglise-dorgueil-028-scaled-1-1362x2048.jpg\",\"orientation\":\"portrait\"},\"full\":{\"url\":\"https:\/\/orgueil82.jvillain.fr\/wp-content\/uploads\/\u00c9glise_Saint-Ferr\u00e9ol\/eglise-dorgueil-028-scaled-1.jpg\",\"height\":2560,\"width\":1702,\"orientation\":\"portrait\"}},\"imageMeta\":{\"aperture\":\"0\",\"credit\":\"\",\"camera\":\"\",\"caption\":\"\",\"created_timestamp\":\"0\",\"copyright\":\"\",\"focal_length\":\"0\",\"iso\":\"0\",\"shutter_speed\":\"0\",\"title\":\"\",\"orientation\":\"0\",\"keywords\":[]},\"meta\":false,\"postlink\":\"https:\/\/orgueil82.jvillain.fr\/?attachment_id=158\"},{\"id\":1046,\"title\":\"P1000116\",\"url\":\"https:\/\/orgueil82.jvillain.fr\/wp-content\/uploads\/\u00c9glise_Saint-Ferr\u00e9ol\/statues_autels\/P1000116-scaled.jpg\",\"link\":\"https:\/\/orgueil82.jvillain.fr\/?attachment_id=1046\",\"alt\":\"\",\"description\":\"\",\"caption\":\"Saint Jude\",\"mime\":\"image\/jpeg\",\"type\":\"image\",\"width\":849,\"height\":2560,\"sizes\":{\"thumbnail\":{\"height\":150,\"width\":150,\"url\":\"https:\/\/orgueil82.jvillain.fr\/wp-content\/uploads\/\u00c9glise_Saint-Ferr\u00e9ol\/statues_autels\/P1000116-150x150.jpg\",\"orientation\":\"landscape\"},\"medium\":{\"height\":300,\"width\":99,\"url\":\"https:\/\/orgueil82.jvillain.fr\/wp-content\/uploads\/\u00c9glise_Saint-Ferr\u00e9ol\/statues_autels\/P1000116-99x300.jpg\",\"orientation\":\"portrait\"},\"large\":{\"height\":2048,\"width\":679,\"url\":\"https:\/\/orgueil82.jvillain.fr\/wp-content\/uploads\/\u00c9glise_Saint-Ferr\u00e9ol\/statues_autels\/P1000116-679x2048.jpg\",\"orientation\":\"portrait\"},\"full\":{\"url\":\"https:\/\/orgueil82.jvillain.fr\/wp-content\/uploads\/\u00c9glise_Saint-Ferr\u00e9ol\/statues_autels\/P1000116-scaled.jpg\",\"height\":2560,\"width\":849,\"orientation\":\"portrait\"}},\"imageMeta\":{\"aperture\":\"5.3\",\"credit\":\"\",\"camera\":\"DMC-G80\",\"caption\":\"\",\"created_timestamp\":\"1728812765\",\"copyright\":\"\",\"focal_length\":\"36\",\"iso\":\"1000\",\"shutter_speed\":\"0.016666666666667\",\"title\":\"\",\"orientation\":\"0\",\"keywords\":[]},\"meta\":false,\"postlink\":\"https:\/\/orgueil82.jvillain.fr\/?attachment_id=1046\"},{\"id\":1075,\"title\":\"P1000145\",\"url\":\"https:\/\/orgueil82.jvillain.fr\/wp-content\/uploads\/\u00c9glise_Saint-Ferr\u00e9ol\/Vitraux\/P1000145-scaled.jpg\",\"link\":\"https:\/\/orgueil82.jvillain.fr\/?attachment_id=1075\",\"alt\":\"\",\"description\":\"\",\"caption\":\"Saint Pierre\",\"mime\":\"image\/jpeg\",\"type\":\"image\",\"width\":1132,\"height\":2560,\"sizes\":{\"thumbnail\":{\"height\":150,\"width\":150,\"url\":\"https:\/\/orgueil82.jvillain.fr\/wp-content\/uploads\/\u00c9glise_Saint-Ferr\u00e9ol\/Vitraux\/P1000145-150x150.jpg\",\"orientation\":\"landscape\"},\"medium\":{\"height\":300,\"width\":133,\"url\":\"https:\/\/orgueil82.jvillain.fr\/wp-content\/uploads\/\u00c9glise_Saint-Ferr\u00e9ol\/Vitraux\/P1000145-133x300.jpg\",\"orientation\":\"portrait\"},\"large\":{\"height\":2048,\"width\":906,\"url\":\"https:\/\/orgueil82.jvillain.fr\/wp-content\/uploads\/\u00c9glise_Saint-Ferr\u00e9ol\/Vitraux\/P1000145-906x2048.jpg\",\"orientation\":\"portrait\"},\"full\":{\"url\":\"https:\/\/orgueil82.jvillain.fr\/wp-content\/uploads\/\u00c9glise_Saint-Ferr\u00e9ol\/Vitraux\/P1000145-scaled.jpg\",\"height\":2560,\"width\":1132,\"orientation\":\"portrait\"}},\"imageMeta\":{\"aperture\":\"5.6\",\"credit\":\"\",\"camera\":\"DMC-G80\",\"caption\":\"\",\"created_timestamp\":\"1728813285\",\"copyright\":\"\",\"focal_length\":\"60\",\"iso\":\"200\",\"shutter_speed\":\"0.01\",\"title\":\"\",\"orientation\":\"0\",\"keywords\":[]},\"meta\":false,\"postlink\":\"https:\/\/orgueil82.jvillain.fr\/?attachment_id=1075\"},{\"id\":1074,\"title\":\"P1000146\",\"url\":\"https:\/\/orgueil82.jvillain.fr\/wp-content\/uploads\/\u00c9glise_Saint-Ferr\u00e9ol\/Vitraux\/P1000146-scaled.jpg\",\"link\":\"https:\/\/orgueil82.jvillain.fr\/?attachment_id=1074\",\"alt\":\"\",\"description\":\"\",\"caption\":\"Vitrail \u00e0 la m\u00e9moire de Jean Bourgade\",\"mime\":\"image\/jpeg\",\"type\":\"image\",\"width\":1141,\"height\":2560,\"sizes\":{\"thumbnail\":{\"height\":150,\"width\":150,\"url\":\"https:\/\/orgueil82.jvillain.fr\/wp-content\/uploads\/\u00c9glise_Saint-Ferr\u00e9ol\/Vitraux\/P1000146-150x150.jpg\",\"orientation\":\"landscape\"},\"medium\":{\"height\":300,\"width\":134,\"url\":\"https:\/\/orgueil82.jvillain.fr\/wp-content\/uploads\/\u00c9glise_Saint-Ferr\u00e9ol\/Vitraux\/P1000146-134x300.jpg\",\"orientation\":\"portrait\"},\"large\":{\"height\":2048,\"width\":912,\"url\":\"https:\/\/orgueil82.jvillain.fr\/wp-content\/uploads\/\u00c9glise_Saint-Ferr\u00e9ol\/Vitraux\/P1000146-912x2048.jpg\",\"orientation\":\"portrait\"},\"full\":{\"url\":\"https:\/\/orgueil82.jvillain.fr\/wp-content\/uploads\/\u00c9glise_Saint-Ferr\u00e9ol\/Vitraux\/P1000146-scaled.jpg\",\"height\":2560,\"width\":1141,\"orientation\":\"portrait\"}},\"imageMeta\":{\"aperture\":\"5.6\",\"credit\":\"\",\"camera\":\"DMC-G80\",\"caption\":\"\",\"created_timestamp\":\"1728813301\",\"copyright\":\"\",\"focal_length\":\"60\",\"iso\":\"200\",\"shutter_speed\":\"0.0125\",\"title\":\"\",\"orientation\":\"0\",\"keywords\":[]},\"meta\":false,\"postlink\":\"https:\/\/orgueil82.jvillain.fr\/?attachment_id=1074\"},{\"id\":1076,\"title\":\"P1000147\",\"url\":\"https:\/\/orgueil82.jvillain.fr\/wp-content\/uploads\/\u00c9glise_Saint-Ferr\u00e9ol\/Vitraux\/P1000147-scaled.jpg\",\"link\":\"https:\/\/orgueil82.jvillain.fr\/?attachment_id=1076\",\"alt\":\"\",\"description\":\"\",\"caption\":\"\",\"mime\":\"image\/jpeg\",\"type\":\"image\",\"width\":1155,\"height\":2560,\"sizes\":{\"thumbnail\":{\"height\":150,\"width\":150,\"url\":\"https:\/\/orgueil82.jvillain.fr\/wp-content\/uploads\/\u00c9glise_Saint-Ferr\u00e9ol\/Vitraux\/P1000147-150x150.jpg\",\"orientation\":\"landscape\"},\"medium\":{\"height\":300,\"width\":135,\"url\":\"https:\/\/orgueil82.jvillain.fr\/wp-content\/uploads\/\u00c9glise_Saint-Ferr\u00e9ol\/Vitraux\/P1000147-135x300.jpg\",\"orientation\":\"portrait\"},\"large\":{\"height\":2048,\"width\":924,\"url\":\"https:\/\/orgueil82.jvillain.fr\/wp-content\/uploads\/\u00c9glise_Saint-Ferr\u00e9ol\/Vitraux\/P1000147-924x2048.jpg\",\"orientation\":\"portrait\"},\"full\":{\"url\":\"https:\/\/orgueil82.jvillain.fr\/wp-content\/uploads\/\u00c9glise_Saint-Ferr\u00e9ol\/Vitraux\/P1000147-scaled.jpg\",\"height\":2560,\"width\":1155,\"orientation\":\"portrait\"}},\"imageMeta\":{\"aperture\":\"5.6\",\"credit\":\"\",\"camera\":\"DMC-G80\",\"caption\":\"\",\"created_timestamp\":\"1728813317\",\"copyright\":\"\",\"focal_length\":\"60\",\"iso\":\"320\",\"shutter_speed\":\"0.016666666666667\",\"title\":\"\",\"orientation\":\"0\",\"keywords\":[]},\"meta\":false,\"postlink\":\"https:\/\/orgueil82.jvillain.fr\/?attachment_id=1076\"},{\"id\":1070,\"title\":\"P1000148\",\"url\":\"https:\/\/orgueil82.jvillain.fr\/wp-content\/uploads\/\u00c9glise_Saint-Ferr\u00e9ol\/Vitraux\/P1000148-scaled.jpg\",\"link\":\"https:\/\/orgueil82.jvillain.fr\/?attachment_id=1070\",\"alt\":\"\",\"description\":\"\",\"caption\":\"\",\"mime\":\"image\/jpeg\",\"type\":\"image\",\"width\":1059,\"height\":2560,\"sizes\":{\"thumbnail\":{\"height\":150,\"width\":150,\"url\":\"https:\/\/orgueil82.jvillain.fr\/wp-content\/uploads\/\u00c9glise_Saint-Ferr\u00e9ol\/Vitraux\/P1000148-150x150.jpg\",\"orientation\":\"landscape\"},\"medium\":{\"height\":300,\"width\":124,\"url\":\"https:\/\/orgueil82.jvillain.fr\/wp-content\/uploads\/\u00c9glise_Saint-Ferr\u00e9ol\/Vitraux\/P1000148-124x300.jpg\",\"orientation\":\"portrait\"},\"large\":{\"height\":2048,\"width\":847,\"url\":\"https:\/\/orgueil82.jvillain.fr\/wp-content\/uploads\/\u00c9glise_Saint-Ferr\u00e9ol\/Vitraux\/P1000148-847x2048.jpg\",\"orientation\":\"portrait\"},\"full\":{\"url\":\"https:\/\/orgueil82.jvillain.fr\/wp-content\/uploads\/\u00c9glise_Saint-Ferr\u00e9ol\/Vitraux\/P1000148-scaled.jpg\",\"height\":2560,\"width\":1059,\"orientation\":\"portrait\"}},\"imageMeta\":{\"aperture\":\"5.6\",\"credit\":\"\",\"camera\":\"DMC-G80\",\"caption\":\"\",\"created_timestamp\":\"1728813335\",\"copyright\":\"\",\"focal_length\":\"60\",\"iso\":\"320\",\"shutter_speed\":\"0.016666666666667\",\"title\":\"\",\"orientation\":\"0\",\"keywords\":[]},\"meta\":false,\"postlink\":\"https:\/\/orgueil82.jvillain.fr\/?attachment_id=1070\"}],\"sliderItemTitleFontSize\":24,\"sliderSlideshowAutoStart\":true,\"itemsMetaDataCollection\":[]}<\/script><script>(function(){if(window.PGC_SGB && window.PGC_SGB.searcher){window.PGC_SGB.searcher.initBlocks()}})()<\/script><\/div><\/details>\n\n\n\n<div style=\"height:18px\" aria-hidden=\"true\" class=\"wp-block-spacer\"><\/div>\n\n\n\n<details class=\"wp-block-details is-layout-flow wp-block-details-is-layout-flow\"><summary>Le chemin de croix<\/summary>\n<p><\/p>\n\n\n<div class=\"pgc-sgb-cb wp-block-pgcsimplygalleryblock-slider \" data-gallery-id=\"c3b51891\"style=&quot;min-height:660px&quot;><div class=\"sgb-preloader\" id=\"pr_c3b51891\">\n\t<div class=\"sgb-square\" style=\"background:#d4d4d4\"><\/div>\n\t<div class=\"sgb-square\" style=\"background:#d4d4d4\"><\/div>\n\t<div class=\"sgb-square\" style=\"background:#d4d4d4\"><\/div>\n\t<div class=\"sgb-square\" style=\"background:#d4d4d4\"><\/div><\/div><div class=\"simply-gallery-amp pgc_sgb_slider \"><noscript><div class=\"sgb-gallery\"><div class=\"sgb-item\"><a href=\"https:\/\/orgueil82.jvillain.fr\/?attachment_id=1029\" target=\"_blank\"><img alt=\"\" width=\"169\" height=\"300\" loading=\"lazy\"  srcset=\"https:\/\/orgueil82.jvillain.fr\/wp-content\/uploads\/\u00c9glise_Saint-Ferr\u00e9ol\/Chemin_de_croix\/P1000109-169x300.jpg 169w,https:\/\/orgueil82.jvillain.fr\/wp-content\/uploads\/\u00c9glise_Saint-Ferr\u00e9ol\/Chemin_de_croix\/P1000109-1151x2048.jpg 1151w,https:\/\/orgueil82.jvillain.fr\/wp-content\/uploads\/\u00c9glise_Saint-Ferr\u00e9ol\/Chemin_de_croix\/P1000109-scaled.jpg 1438w\" sizes=\"auto, 250px\"\/ class=\"lws-optimize-lazyload\" data-src=\"https:\/\/orgueil82.jvillain.fr\/wp-content\/uploads\/\u00c9glise_Saint-Ferr\u00e9ol\/Chemin_de_croix\/P1000109-169x300.jpg\"><\/a><div class=\"sgb-item-caption\"><em>J\u00e9sus est condamn\u00e9 \u00e0 mort<\/em><\/div><\/div><div class=\"sgb-item\"><a href=\"https:\/\/orgueil82.jvillain.fr\/?attachment_id=1030\" target=\"_blank\"><img alt=\"\" width=\"188\" height=\"300\" loading=\"lazy\"  srcset=\"https:\/\/orgueil82.jvillain.fr\/wp-content\/uploads\/\u00c9glise_Saint-Ferr\u00e9ol\/Chemin_de_croix\/P1000110-188x300.jpg 188w,https:\/\/orgueil82.jvillain.fr\/wp-content\/uploads\/\u00c9glise_Saint-Ferr\u00e9ol\/Chemin_de_croix\/P1000110-1283x2048.jpg 1283w,https:\/\/orgueil82.jvillain.fr\/wp-content\/uploads\/\u00c9glise_Saint-Ferr\u00e9ol\/Chemin_de_croix\/P1000110-scaled.jpg 1604w\" sizes=\"auto, 250px\"\/ class=\"lws-optimize-lazyload\" data-src=\"https:\/\/orgueil82.jvillain.fr\/wp-content\/uploads\/\u00c9glise_Saint-Ferr\u00e9ol\/Chemin_de_croix\/P1000110-188x300.jpg\"><\/a><div class=\"sgb-item-caption\"><em>J\u00e9sus est charg\u00e9 de sa croix<\/em><\/div><\/div><div class=\"sgb-item\"><a href=\"https:\/\/orgueil82.jvillain.fr\/?attachment_id=1028\" target=\"_blank\"><img alt=\"\" width=\"186\" height=\"300\" loading=\"lazy\"  srcset=\"https:\/\/orgueil82.jvillain.fr\/wp-content\/uploads\/\u00c9glise_Saint-Ferr\u00e9ol\/Chemin_de_croix\/P1000111-186x300.jpg 186w,https:\/\/orgueil82.jvillain.fr\/wp-content\/uploads\/\u00c9glise_Saint-Ferr\u00e9ol\/Chemin_de_croix\/P1000111-1268x2048.jpg 1268w,https:\/\/orgueil82.jvillain.fr\/wp-content\/uploads\/\u00c9glise_Saint-Ferr\u00e9ol\/Chemin_de_croix\/P1000111-scaled.jpg 1584w\" sizes=\"auto, 250px\"\/ class=\"lws-optimize-lazyload\" data-src=\"https:\/\/orgueil82.jvillain.fr\/wp-content\/uploads\/\u00c9glise_Saint-Ferr\u00e9ol\/Chemin_de_croix\/P1000111-186x300.jpg\"><\/a><div class=\"sgb-item-caption\"><em>J\u00e9sus tombe pour la 1re fois<\/em><\/div><\/div><div class=\"sgb-item\"><a href=\"https:\/\/orgueil82.jvillain.fr\/?attachment_id=1031\" target=\"_blank\"><img alt=\"\" width=\"185\" height=\"300\" loading=\"lazy\"  srcset=\"https:\/\/orgueil82.jvillain.fr\/wp-content\/uploads\/\u00c9glise_Saint-Ferr\u00e9ol\/Chemin_de_croix\/P1000112-185x300.jpg 185w,https:\/\/orgueil82.jvillain.fr\/wp-content\/uploads\/\u00c9glise_Saint-Ferr\u00e9ol\/Chemin_de_croix\/P1000112-1260x2048.jpg 1260w,https:\/\/orgueil82.jvillain.fr\/wp-content\/uploads\/\u00c9glise_Saint-Ferr\u00e9ol\/Chemin_de_croix\/P1000112-scaled.jpg 1574w\" sizes=\"auto, 250px\"\/ class=\"lws-optimize-lazyload\" data-src=\"https:\/\/orgueil82.jvillain.fr\/wp-content\/uploads\/\u00c9glise_Saint-Ferr\u00e9ol\/Chemin_de_croix\/P1000112-185x300.jpg\"><\/a><div class=\"sgb-item-caption\"><em>J\u00e9sus rencontre sa m\u00e8re<\/em><\/div><\/div><div class=\"sgb-item\"><a href=\"https:\/\/orgueil82.jvillain.fr\/?attachment_id=1026\" target=\"_blank\"><img alt=\"\" width=\"188\" height=\"300\" loading=\"lazy\"  srcset=\"https:\/\/orgueil82.jvillain.fr\/wp-content\/uploads\/\u00c9glise_Saint-Ferr\u00e9ol\/Chemin_de_croix\/P1000113-188x300.jpg 188w,https:\/\/orgueil82.jvillain.fr\/wp-content\/uploads\/\u00c9glise_Saint-Ferr\u00e9ol\/Chemin_de_croix\/P1000113-1283x2048.jpg 1283w,https:\/\/orgueil82.jvillain.fr\/wp-content\/uploads\/\u00c9glise_Saint-Ferr\u00e9ol\/Chemin_de_croix\/P1000113-scaled.jpg 1604w\" sizes=\"auto, 250px\"\/ class=\"lws-optimize-lazyload\" data-src=\"https:\/\/orgueil82.jvillain.fr\/wp-content\/uploads\/\u00c9glise_Saint-Ferr\u00e9ol\/Chemin_de_croix\/P1000113-188x300.jpg\"><\/a><div class=\"sgb-item-caption\"><em>J\u00e9sus re\u00e7oit l&rsquo;aide du Cyr\u00e9n\u00e9en<\/em><\/div><\/div><div class=\"sgb-item\"><a href=\"https:\/\/orgueil82.jvillain.fr\/?attachment_id=1036\" target=\"_blank\"><img alt=\"\" width=\"197\" height=\"300\" loading=\"lazy\"  srcset=\"https:\/\/orgueil82.jvillain.fr\/wp-content\/uploads\/\u00c9glise_Saint-Ferr\u00e9ol\/Chemin_de_croix\/P1000114-197x300.jpg 197w,https:\/\/orgueil82.jvillain.fr\/wp-content\/uploads\/\u00c9glise_Saint-Ferr\u00e9ol\/Chemin_de_croix\/P1000114-1345x2048.jpg 1345w,https:\/\/orgueil82.jvillain.fr\/wp-content\/uploads\/\u00c9glise_Saint-Ferr\u00e9ol\/Chemin_de_croix\/P1000114-scaled.jpg 1682w\" sizes=\"auto, 250px\"\/ class=\"lws-optimize-lazyload\" data-src=\"https:\/\/orgueil82.jvillain.fr\/wp-content\/uploads\/\u00c9glise_Saint-Ferr\u00e9ol\/Chemin_de_croix\/P1000114-197x300.jpg\"><\/a><div class=\"sgb-item-caption\"><em>J\u00e9sus imprime sa face sur un linge<\/em><\/div><\/div><div class=\"sgb-item\"><a href=\"https:\/\/orgueil82.jvillain.fr\/?attachment_id=1027\" target=\"_blank\"><img alt=\"\" width=\"188\" height=\"300\" loading=\"lazy\"  srcset=\"https:\/\/orgueil82.jvillain.fr\/wp-content\/uploads\/\u00c9glise_Saint-Ferr\u00e9ol\/Chemin_de_croix\/P1000115-188x300.jpg 188w,https:\/\/orgueil82.jvillain.fr\/wp-content\/uploads\/\u00c9glise_Saint-Ferr\u00e9ol\/Chemin_de_croix\/P1000115-1283x2048.jpg 1283w,https:\/\/orgueil82.jvillain.fr\/wp-content\/uploads\/\u00c9glise_Saint-Ferr\u00e9ol\/Chemin_de_croix\/P1000115-scaled.jpg 1603w\" sizes=\"auto, 250px\"\/ class=\"lws-optimize-lazyload\" data-src=\"https:\/\/orgueil82.jvillain.fr\/wp-content\/uploads\/\u00c9glise_Saint-Ferr\u00e9ol\/Chemin_de_croix\/P1000115-188x300.jpg\"><\/a><div class=\"sgb-item-caption\"><em>J\u00e9sus tombe pour la 2e fois<\/em><\/div><\/div><div class=\"sgb-item\"><a href=\"https:\/\/orgueil82.jvillain.fr\/?attachment_id=1032\" target=\"_blank\"><img alt=\"\" width=\"185\" height=\"300\" loading=\"lazy\"  srcset=\"https:\/\/orgueil82.jvillain.fr\/wp-content\/uploads\/\u00c9glise_Saint-Ferr\u00e9ol\/Chemin_de_croix\/P1000118-185x300.jpg 185w,https:\/\/orgueil82.jvillain.fr\/wp-content\/uploads\/\u00c9glise_Saint-Ferr\u00e9ol\/Chemin_de_croix\/P1000118-1262x2048.jpg 1262w,https:\/\/orgueil82.jvillain.fr\/wp-content\/uploads\/\u00c9glise_Saint-Ferr\u00e9ol\/Chemin_de_croix\/P1000118.jpg 1534w\" sizes=\"auto, 250px\"\/ class=\"lws-optimize-lazyload\" data-src=\"https:\/\/orgueil82.jvillain.fr\/wp-content\/uploads\/\u00c9glise_Saint-Ferr\u00e9ol\/Chemin_de_croix\/P1000118-185x300.jpg\"><\/a><div class=\"sgb-item-caption\"><em>J\u00e9sus console les Filles d&rsquo;Isra\u00ebl<\/em><\/div><\/div><div class=\"sgb-item\"><a href=\"https:\/\/orgueil82.jvillain.fr\/?attachment_id=1038\" target=\"_blank\"><img alt=\"\" width=\"186\" height=\"300\" loading=\"lazy\"  srcset=\"https:\/\/orgueil82.jvillain.fr\/wp-content\/uploads\/\u00c9glise_Saint-Ferr\u00e9ol\/Chemin_de_croix\/P1000119-186x300.jpg 186w,https:\/\/orgueil82.jvillain.fr\/wp-content\/uploads\/\u00c9glise_Saint-Ferr\u00e9ol\/Chemin_de_croix\/P1000119-1272x2048.jpg 1272w,https:\/\/orgueil82.jvillain.fr\/wp-content\/uploads\/\u00c9glise_Saint-Ferr\u00e9ol\/Chemin_de_croix\/P1000119-scaled.jpg 1591w\" sizes=\"auto, 250px\"\/ class=\"lws-optimize-lazyload\" data-src=\"https:\/\/orgueil82.jvillain.fr\/wp-content\/uploads\/\u00c9glise_Saint-Ferr\u00e9ol\/Chemin_de_croix\/P1000119-186x300.jpg\"><\/a><div class=\"sgb-item-caption\"><em>J\u00e9sus tombe pour la 3e fois<\/em><\/div><\/div><div class=\"sgb-item\"><a href=\"https:\/\/orgueil82.jvillain.fr\/?attachment_id=1035\" target=\"_blank\"><img alt=\"\" width=\"186\" height=\"300\" loading=\"lazy\"  srcset=\"https:\/\/orgueil82.jvillain.fr\/wp-content\/uploads\/\u00c9glise_Saint-Ferr\u00e9ol\/Chemin_de_croix\/P1000120-186x300.jpg 186w,https:\/\/orgueil82.jvillain.fr\/wp-content\/uploads\/\u00c9glise_Saint-Ferr\u00e9ol\/Chemin_de_croix\/P1000120-1272x2048.jpg 1272w,https:\/\/orgueil82.jvillain.fr\/wp-content\/uploads\/\u00c9glise_Saint-Ferr\u00e9ol\/Chemin_de_croix\/P1000120-scaled.jpg 1590w\" sizes=\"auto, 250px\"\/ class=\"lws-optimize-lazyload\" data-src=\"https:\/\/orgueil82.jvillain.fr\/wp-content\/uploads\/\u00c9glise_Saint-Ferr\u00e9ol\/Chemin_de_croix\/P1000120-186x300.jpg\"><\/a><div class=\"sgb-item-caption\"><em>J\u00e9sus est d\u00e9pouill\u00e9 de ses v\u00eatements<\/em><\/div><\/div><div class=\"sgb-item\"><a href=\"https:\/\/orgueil82.jvillain.fr\/?attachment_id=1034\" target=\"_blank\"><img alt=\"\" width=\"181\" height=\"300\" loading=\"lazy\"  srcset=\"https:\/\/orgueil82.jvillain.fr\/wp-content\/uploads\/\u00c9glise_Saint-Ferr\u00e9ol\/Chemin_de_croix\/P1000121-181x300.jpg 181w,https:\/\/orgueil82.jvillain.fr\/wp-content\/uploads\/\u00c9glise_Saint-Ferr\u00e9ol\/Chemin_de_croix\/P1000121-1239x2048.jpg 1239w,https:\/\/orgueil82.jvillain.fr\/wp-content\/uploads\/\u00c9glise_Saint-Ferr\u00e9ol\/Chemin_de_croix\/P1000121-scaled.jpg 1548w\" sizes=\"auto, 250px\"\/ class=\"lws-optimize-lazyload\" data-src=\"https:\/\/orgueil82.jvillain.fr\/wp-content\/uploads\/\u00c9glise_Saint-Ferr\u00e9ol\/Chemin_de_croix\/P1000121-181x300.jpg\"><\/a><div class=\"sgb-item-caption\"><em>J\u00e9sus est clou\u00e9 sur la Croix<\/em><\/div><\/div><div class=\"sgb-item\"><a href=\"https:\/\/orgueil82.jvillain.fr\/?attachment_id=1037\" target=\"_blank\"><img alt=\"\" width=\"181\" height=\"300\" loading=\"lazy\"  srcset=\"https:\/\/orgueil82.jvillain.fr\/wp-content\/uploads\/\u00c9glise_Saint-Ferr\u00e9ol\/Chemin_de_croix\/P1000122-181x300.jpg 181w,https:\/\/orgueil82.jvillain.fr\/wp-content\/uploads\/\u00c9glise_Saint-Ferr\u00e9ol\/Chemin_de_croix\/P1000122-1238x2048.jpg 1238w,https:\/\/orgueil82.jvillain.fr\/wp-content\/uploads\/\u00c9glise_Saint-Ferr\u00e9ol\/Chemin_de_croix\/P1000122-scaled.jpg 1547w\" sizes=\"auto, 250px\"\/ class=\"lws-optimize-lazyload\" data-src=\"https:\/\/orgueil82.jvillain.fr\/wp-content\/uploads\/\u00c9glise_Saint-Ferr\u00e9ol\/Chemin_de_croix\/P1000122-181x300.jpg\"><\/a><div class=\"sgb-item-caption\"><em>J\u00e9sus meurt sur la Croix<\/em><\/div><\/div><div class=\"sgb-item\"><a href=\"https:\/\/orgueil82.jvillain.fr\/?attachment_id=1039\" target=\"_blank\"><img alt=\"\" width=\"183\" height=\"300\" loading=\"lazy\"  srcset=\"https:\/\/orgueil82.jvillain.fr\/wp-content\/uploads\/\u00c9glise_Saint-Ferr\u00e9ol\/Chemin_de_croix\/P1000123-183x300.jpg 183w,https:\/\/orgueil82.jvillain.fr\/wp-content\/uploads\/\u00c9glise_Saint-Ferr\u00e9ol\/Chemin_de_croix\/P1000123-1251x2048.jpg 1251w,https:\/\/orgueil82.jvillain.fr\/wp-content\/uploads\/\u00c9glise_Saint-Ferr\u00e9ol\/Chemin_de_croix\/P1000123-scaled.jpg 1564w\" sizes=\"auto, 250px\"\/ class=\"lws-optimize-lazyload\" data-src=\"https:\/\/orgueil82.jvillain.fr\/wp-content\/uploads\/\u00c9glise_Saint-Ferr\u00e9ol\/Chemin_de_croix\/P1000123-183x300.jpg\"><\/a><div class=\"sgb-item-caption\"><em>J\u00e9sus est remis \u00e0 sa m\u00e8re<\/em><\/div><\/div><div class=\"sgb-item\"><a href=\"https:\/\/orgueil82.jvillain.fr\/?attachment_id=1033\" target=\"_blank\"><img alt=\"\" width=\"178\" height=\"300\" loading=\"lazy\"  srcset=\"https:\/\/orgueil82.jvillain.fr\/wp-content\/uploads\/\u00c9glise_Saint-Ferr\u00e9ol\/Chemin_de_croix\/P1000124-178x300.jpg 178w,https:\/\/orgueil82.jvillain.fr\/wp-content\/uploads\/\u00c9glise_Saint-Ferr\u00e9ol\/Chemin_de_croix\/P1000124-1213x2048.jpg 1213w,https:\/\/orgueil82.jvillain.fr\/wp-content\/uploads\/\u00c9glise_Saint-Ferr\u00e9ol\/Chemin_de_croix\/P1000124-scaled.jpg 1517w\" sizes=\"auto, 250px\"\/ class=\"lws-optimize-lazyload\" data-src=\"https:\/\/orgueil82.jvillain.fr\/wp-content\/uploads\/\u00c9glise_Saint-Ferr\u00e9ol\/Chemin_de_croix\/P1000124-178x300.jpg\"><\/a><div class=\"sgb-item-caption\"><em>J\u00e9sus est mis dans le s\u00e9pulcre<\/em><\/div><\/div><\/div><\/noscript><\/div><script type=\"application\/json\" class=\"sgb-data\">{\"collectionThumbRecomendedWidth\":150,\"captionHAlign\":\"bottom\",\"collectionthumbHoverTitleFontSize\":11,\"collectionThumbSubMenuDownload\":false,\"sliderMaxHeight\":660,\"sliderAdminWidth\":940,\"responsiveHeight\":true,\"galleryType\":\"pgc_sgb_slider\",\"galleryId\":\"c3b51891\",\"images\":[{\"id\":1029,\"title\":\"P1000109\",\"url\":\"https:\/\/orgueil82.jvillain.fr\/wp-content\/uploads\/\u00c9glise_Saint-Ferr\u00e9ol\/Chemin_de_croix\/P1000109-scaled.jpg\",\"link\":\"https:\/\/orgueil82.jvillain.fr\/?attachment_id=1029\",\"alt\":\"\",\"description\":\"\",\"caption\":\"J\u00e9sus est condamn\u00e9 \u00e0 mort\",\"mime\":\"image\/jpeg\",\"type\":\"image\",\"width\":1438,\"height\":2560,\"sizes\":{\"thumbnail\":{\"height\":150,\"width\":150,\"url\":\"https:\/\/orgueil82.jvillain.fr\/wp-content\/uploads\/\u00c9glise_Saint-Ferr\u00e9ol\/Chemin_de_croix\/P1000109-150x150.jpg\",\"orientation\":\"landscape\"},\"medium\":{\"height\":300,\"width\":169,\"url\":\"https:\/\/orgueil82.jvillain.fr\/wp-content\/uploads\/\u00c9glise_Saint-Ferr\u00e9ol\/Chemin_de_croix\/P1000109-169x300.jpg\",\"orientation\":\"portrait\"},\"large\":{\"height\":2048,\"width\":1151,\"url\":\"https:\/\/orgueil82.jvillain.fr\/wp-content\/uploads\/\u00c9glise_Saint-Ferr\u00e9ol\/Chemin_de_croix\/P1000109-1151x2048.jpg\",\"orientation\":\"portrait\"},\"full\":{\"url\":\"https:\/\/orgueil82.jvillain.fr\/wp-content\/uploads\/\u00c9glise_Saint-Ferr\u00e9ol\/Chemin_de_croix\/P1000109-scaled.jpg\",\"height\":2560,\"width\":1438,\"orientation\":\"portrait\"}},\"imageMeta\":{\"aperture\":\"5.6\",\"credit\":\"\",\"camera\":\"DMC-G80\",\"caption\":\"\",\"created_timestamp\":\"1728812669\",\"copyright\":\"\",\"focal_length\":\"44\",\"iso\":\"1600\",\"shutter_speed\":\"0.016666666666667\",\"title\":\"\",\"orientation\":\"0\",\"keywords\":[]},\"meta\":false,\"postlink\":\"https:\/\/orgueil82.jvillain.fr\/?attachment_id=1029\"},{\"id\":1030,\"title\":\"P1000110\",\"url\":\"https:\/\/orgueil82.jvillain.fr\/wp-content\/uploads\/\u00c9glise_Saint-Ferr\u00e9ol\/Chemin_de_croix\/P1000110-scaled.jpg\",\"link\":\"https:\/\/orgueil82.jvillain.fr\/?attachment_id=1030\",\"alt\":\"\",\"description\":\"\",\"caption\":\"J\u00e9sus est charg\u00e9 de sa croix\",\"mime\":\"image\/jpeg\",\"type\":\"image\",\"width\":1604,\"height\":2560,\"sizes\":{\"thumbnail\":{\"height\":150,\"width\":150,\"url\":\"https:\/\/orgueil82.jvillain.fr\/wp-content\/uploads\/\u00c9glise_Saint-Ferr\u00e9ol\/Chemin_de_croix\/P1000110-150x150.jpg\",\"orientation\":\"landscape\"},\"medium\":{\"height\":300,\"width\":188,\"url\":\"https:\/\/orgueil82.jvillain.fr\/wp-content\/uploads\/\u00c9glise_Saint-Ferr\u00e9ol\/Chemin_de_croix\/P1000110-188x300.jpg\",\"orientation\":\"portrait\"},\"large\":{\"height\":2048,\"width\":1283,\"url\":\"https:\/\/orgueil82.jvillain.fr\/wp-content\/uploads\/\u00c9glise_Saint-Ferr\u00e9ol\/Chemin_de_croix\/P1000110-1283x2048.jpg\",\"orientation\":\"portrait\"},\"full\":{\"url\":\"https:\/\/orgueil82.jvillain.fr\/wp-content\/uploads\/\u00c9glise_Saint-Ferr\u00e9ol\/Chemin_de_croix\/P1000110-scaled.jpg\",\"height\":2560,\"width\":1604,\"orientation\":\"portrait\"}},\"imageMeta\":{\"aperture\":\"5.6\",\"credit\":\"\",\"camera\":\"DMC-G80\",\"caption\":\"\",\"created_timestamp\":\"1728812686\",\"copyright\":\"\",\"focal_length\":\"44\",\"iso\":\"1000\",\"shutter_speed\":\"0.016666666666667\",\"title\":\"\",\"orientation\":\"0\",\"keywords\":[]},\"meta\":false,\"postlink\":\"https:\/\/orgueil82.jvillain.fr\/?attachment_id=1030\"},{\"id\":1028,\"title\":\"P1000111\",\"url\":\"https:\/\/orgueil82.jvillain.fr\/wp-content\/uploads\/\u00c9glise_Saint-Ferr\u00e9ol\/Chemin_de_croix\/P1000111-scaled.jpg\",\"link\":\"https:\/\/orgueil82.jvillain.fr\/?attachment_id=1028\",\"alt\":\"\",\"description\":\"\",\"caption\":\"J\u00e9sus tombe pour la 1re fois\",\"mime\":\"image\/jpeg\",\"type\":\"image\",\"width\":1584,\"height\":2560,\"sizes\":{\"thumbnail\":{\"height\":150,\"width\":150,\"url\":\"https:\/\/orgueil82.jvillain.fr\/wp-content\/uploads\/\u00c9glise_Saint-Ferr\u00e9ol\/Chemin_de_croix\/P1000111-150x150.jpg\",\"orientation\":\"landscape\"},\"medium\":{\"height\":300,\"width\":186,\"url\":\"https:\/\/orgueil82.jvillain.fr\/wp-content\/uploads\/\u00c9glise_Saint-Ferr\u00e9ol\/Chemin_de_croix\/P1000111-186x300.jpg\",\"orientation\":\"portrait\"},\"large\":{\"height\":2048,\"width\":1268,\"url\":\"https:\/\/orgueil82.jvillain.fr\/wp-content\/uploads\/\u00c9glise_Saint-Ferr\u00e9ol\/Chemin_de_croix\/P1000111-1268x2048.jpg\",\"orientation\":\"portrait\"},\"full\":{\"url\":\"https:\/\/orgueil82.jvillain.fr\/wp-content\/uploads\/\u00c9glise_Saint-Ferr\u00e9ol\/Chemin_de_croix\/P1000111-scaled.jpg\",\"height\":2560,\"width\":1584,\"orientation\":\"portrait\"}},\"imageMeta\":{\"aperture\":\"5.6\",\"credit\":\"\",\"camera\":\"DMC-G80\",\"caption\":\"\",\"created_timestamp\":\"1728812703\",\"copyright\":\"\",\"focal_length\":\"44\",\"iso\":\"1600\",\"shutter_speed\":\"0.016666666666667\",\"title\":\"\",\"orientation\":\"0\",\"keywords\":[]},\"meta\":false,\"postlink\":\"https:\/\/orgueil82.jvillain.fr\/?attachment_id=1028\"},{\"id\":1031,\"title\":\"P1000112\",\"url\":\"https:\/\/orgueil82.jvillain.fr\/wp-content\/uploads\/\u00c9glise_Saint-Ferr\u00e9ol\/Chemin_de_croix\/P1000112-scaled.jpg\",\"link\":\"https:\/\/orgueil82.jvillain.fr\/?attachment_id=1031\",\"alt\":\"\",\"description\":\"\",\"caption\":\"J\u00e9sus rencontre sa m\u00e8re\",\"mime\":\"image\/jpeg\",\"type\":\"image\",\"width\":1574,\"height\":2560,\"sizes\":{\"thumbnail\":{\"height\":150,\"width\":150,\"url\":\"https:\/\/orgueil82.jvillain.fr\/wp-content\/uploads\/\u00c9glise_Saint-Ferr\u00e9ol\/Chemin_de_croix\/P1000112-150x150.jpg\",\"orientation\":\"landscape\"},\"medium\":{\"height\":300,\"width\":185,\"url\":\"https:\/\/orgueil82.jvillain.fr\/wp-content\/uploads\/\u00c9glise_Saint-Ferr\u00e9ol\/Chemin_de_croix\/P1000112-185x300.jpg\",\"orientation\":\"portrait\"},\"large\":{\"height\":2048,\"width\":1260,\"url\":\"https:\/\/orgueil82.jvillain.fr\/wp-content\/uploads\/\u00c9glise_Saint-Ferr\u00e9ol\/Chemin_de_croix\/P1000112-1260x2048.jpg\",\"orientation\":\"portrait\"},\"full\":{\"url\":\"https:\/\/orgueil82.jvillain.fr\/wp-content\/uploads\/\u00c9glise_Saint-Ferr\u00e9ol\/Chemin_de_croix\/P1000112-scaled.jpg\",\"height\":2560,\"width\":1574,\"orientation\":\"portrait\"}},\"imageMeta\":{\"aperture\":\"5.6\",\"credit\":\"\",\"camera\":\"DMC-G80\",\"caption\":\"\",\"created_timestamp\":\"1728812714\",\"copyright\":\"\",\"focal_length\":\"44\",\"iso\":\"1000\",\"shutter_speed\":\"0.016666666666667\",\"title\":\"\",\"orientation\":\"0\",\"keywords\":[]},\"meta\":false,\"postlink\":\"https:\/\/orgueil82.jvillain.fr\/?attachment_id=1031\"},{\"id\":1026,\"title\":\"P1000113\",\"url\":\"https:\/\/orgueil82.jvillain.fr\/wp-content\/uploads\/\u00c9glise_Saint-Ferr\u00e9ol\/Chemin_de_croix\/P1000113-scaled.jpg\",\"link\":\"https:\/\/orgueil82.jvillain.fr\/?attachment_id=1026\",\"alt\":\"\",\"description\":\"\",\"caption\":\"J\u00e9sus re\u00e7oit l'aide du Cyr\u00e9n\u00e9en\",\"mime\":\"image\/jpeg\",\"type\":\"image\",\"width\":1604,\"height\":2560,\"sizes\":{\"thumbnail\":{\"height\":150,\"width\":150,\"url\":\"https:\/\/orgueil82.jvillain.fr\/wp-content\/uploads\/\u00c9glise_Saint-Ferr\u00e9ol\/Chemin_de_croix\/P1000113-150x150.jpg\",\"orientation\":\"landscape\"},\"medium\":{\"height\":300,\"width\":188,\"url\":\"https:\/\/orgueil82.jvillain.fr\/wp-content\/uploads\/\u00c9glise_Saint-Ferr\u00e9ol\/Chemin_de_croix\/P1000113-188x300.jpg\",\"orientation\":\"portrait\"},\"large\":{\"height\":2048,\"width\":1283,\"url\":\"https:\/\/orgueil82.jvillain.fr\/wp-content\/uploads\/\u00c9glise_Saint-Ferr\u00e9ol\/Chemin_de_croix\/P1000113-1283x2048.jpg\",\"orientation\":\"portrait\"},\"full\":{\"url\":\"https:\/\/orgueil82.jvillain.fr\/wp-content\/uploads\/\u00c9glise_Saint-Ferr\u00e9ol\/Chemin_de_croix\/P1000113-scaled.jpg\",\"height\":2560,\"width\":1604,\"orientation\":\"portrait\"}},\"imageMeta\":{\"aperture\":\"5.6\",\"credit\":\"\",\"camera\":\"DMC-G80\",\"caption\":\"\",\"created_timestamp\":\"1728812726\",\"copyright\":\"\",\"focal_length\":\"44\",\"iso\":\"800\",\"shutter_speed\":\"0.016666666666667\",\"title\":\"\",\"orientation\":\"0\",\"keywords\":[]},\"meta\":false,\"postlink\":\"https:\/\/orgueil82.jvillain.fr\/?attachment_id=1026\"},{\"id\":1036,\"title\":\"P1000114\",\"url\":\"https:\/\/orgueil82.jvillain.fr\/wp-content\/uploads\/\u00c9glise_Saint-Ferr\u00e9ol\/Chemin_de_croix\/P1000114-scaled.jpg\",\"link\":\"https:\/\/orgueil82.jvillain.fr\/?attachment_id=1036\",\"alt\":\"\",\"description\":\"\",\"caption\":\"J\u00e9sus imprime sa face sur un linge\",\"mime\":\"image\/jpeg\",\"type\":\"image\",\"width\":1682,\"height\":2560,\"sizes\":{\"thumbnail\":{\"height\":150,\"width\":150,\"url\":\"https:\/\/orgueil82.jvillain.fr\/wp-content\/uploads\/\u00c9glise_Saint-Ferr\u00e9ol\/Chemin_de_croix\/P1000114-150x150.jpg\",\"orientation\":\"landscape\"},\"medium\":{\"height\":300,\"width\":197,\"url\":\"https:\/\/orgueil82.jvillain.fr\/wp-content\/uploads\/\u00c9glise_Saint-Ferr\u00e9ol\/Chemin_de_croix\/P1000114-197x300.jpg\",\"orientation\":\"portrait\"},\"large\":{\"height\":2048,\"width\":1345,\"url\":\"https:\/\/orgueil82.jvillain.fr\/wp-content\/uploads\/\u00c9glise_Saint-Ferr\u00e9ol\/Chemin_de_croix\/P1000114-1345x2048.jpg\",\"orientation\":\"portrait\"},\"full\":{\"url\":\"https:\/\/orgueil82.jvillain.fr\/wp-content\/uploads\/\u00c9glise_Saint-Ferr\u00e9ol\/Chemin_de_croix\/P1000114-scaled.jpg\",\"height\":2560,\"width\":1682,\"orientation\":\"portrait\"}},\"imageMeta\":{\"aperture\":\"5.6\",\"credit\":\"\",\"camera\":\"DMC-G80\",\"caption\":\"\",\"created_timestamp\":\"1728812738\",\"copyright\":\"\",\"focal_length\":\"44\",\"iso\":\"800\",\"shutter_speed\":\"0.016666666666667\",\"title\":\"\",\"orientation\":\"0\",\"keywords\":[]},\"meta\":false,\"postlink\":\"https:\/\/orgueil82.jvillain.fr\/?attachment_id=1036\"},{\"id\":1027,\"title\":\"P1000115\",\"url\":\"https:\/\/orgueil82.jvillain.fr\/wp-content\/uploads\/\u00c9glise_Saint-Ferr\u00e9ol\/Chemin_de_croix\/P1000115-scaled.jpg\",\"link\":\"https:\/\/orgueil82.jvillain.fr\/?attachment_id=1027\",\"alt\":\"\",\"description\":\"\",\"caption\":\"J\u00e9sus tombe pour la 2e fois\",\"mime\":\"image\/jpeg\",\"type\":\"image\",\"width\":1603,\"height\":2560,\"sizes\":{\"thumbnail\":{\"height\":150,\"width\":150,\"url\":\"https:\/\/orgueil82.jvillain.fr\/wp-content\/uploads\/\u00c9glise_Saint-Ferr\u00e9ol\/Chemin_de_croix\/P1000115-150x150.jpg\",\"orientation\":\"landscape\"},\"medium\":{\"height\":300,\"width\":188,\"url\":\"https:\/\/orgueil82.jvillain.fr\/wp-content\/uploads\/\u00c9glise_Saint-Ferr\u00e9ol\/Chemin_de_croix\/P1000115-188x300.jpg\",\"orientation\":\"portrait\"},\"large\":{\"height\":2048,\"width\":1283,\"url\":\"https:\/\/orgueil82.jvillain.fr\/wp-content\/uploads\/\u00c9glise_Saint-Ferr\u00e9ol\/Chemin_de_croix\/P1000115-1283x2048.jpg\",\"orientation\":\"portrait\"},\"full\":{\"url\":\"https:\/\/orgueil82.jvillain.fr\/wp-content\/uploads\/\u00c9glise_Saint-Ferr\u00e9ol\/Chemin_de_croix\/P1000115-scaled.jpg\",\"height\":2560,\"width\":1603,\"orientation\":\"portrait\"}},\"imageMeta\":{\"aperture\":\"5.6\",\"credit\":\"\",\"camera\":\"DMC-G80\",\"caption\":\"\",\"created_timestamp\":\"1728812750\",\"copyright\":\"\",\"focal_length\":\"44\",\"iso\":\"800\",\"shutter_speed\":\"0.016666666666667\",\"title\":\"\",\"orientation\":\"0\",\"keywords\":[]},\"meta\":false,\"postlink\":\"https:\/\/orgueil82.jvillain.fr\/?attachment_id=1027\"},{\"id\":1032,\"title\":\"P1000118\",\"url\":\"https:\/\/orgueil82.jvillain.fr\/wp-content\/uploads\/\u00c9glise_Saint-Ferr\u00e9ol\/Chemin_de_croix\/P1000118.jpg\",\"link\":\"https:\/\/orgueil82.jvillain.fr\/?attachment_id=1032\",\"alt\":\"\",\"description\":\"\",\"caption\":\"J\u00e9sus console les Filles d'Isra\u00ebl\",\"mime\":\"image\/jpeg\",\"type\":\"image\",\"width\":1534,\"height\":2489,\"sizes\":{\"thumbnail\":{\"height\":150,\"width\":150,\"url\":\"https:\/\/orgueil82.jvillain.fr\/wp-content\/uploads\/\u00c9glise_Saint-Ferr\u00e9ol\/Chemin_de_croix\/P1000118-150x150.jpg\",\"orientation\":\"landscape\"},\"medium\":{\"height\":300,\"width\":185,\"url\":\"https:\/\/orgueil82.jvillain.fr\/wp-content\/uploads\/\u00c9glise_Saint-Ferr\u00e9ol\/Chemin_de_croix\/P1000118-185x300.jpg\",\"orientation\":\"portrait\"},\"large\":{\"height\":2048,\"width\":1262,\"url\":\"https:\/\/orgueil82.jvillain.fr\/wp-content\/uploads\/\u00c9glise_Saint-Ferr\u00e9ol\/Chemin_de_croix\/P1000118-1262x2048.jpg\",\"orientation\":\"portrait\"},\"full\":{\"url\":\"https:\/\/orgueil82.jvillain.fr\/wp-content\/uploads\/\u00c9glise_Saint-Ferr\u00e9ol\/Chemin_de_croix\/P1000118.jpg\",\"height\":2489,\"width\":1534,\"orientation\":\"portrait\"}},\"imageMeta\":{\"aperture\":\"5.6\",\"credit\":\"\",\"camera\":\"DMC-G80\",\"caption\":\"\",\"created_timestamp\":\"1728812802\",\"copyright\":\"\",\"focal_length\":\"44\",\"iso\":\"1000\",\"shutter_speed\":\"0.016666666666667\",\"title\":\"\",\"orientation\":\"0\",\"keywords\":[]},\"meta\":false,\"postlink\":\"https:\/\/orgueil82.jvillain.fr\/?attachment_id=1032\"},{\"id\":1038,\"title\":\"P1000119\",\"url\":\"https:\/\/orgueil82.jvillain.fr\/wp-content\/uploads\/\u00c9glise_Saint-Ferr\u00e9ol\/Chemin_de_croix\/P1000119-scaled.jpg\",\"link\":\"https:\/\/orgueil82.jvillain.fr\/?attachment_id=1038\",\"alt\":\"\",\"description\":\"\",\"caption\":\"J\u00e9sus tombe pour la 3e fois\",\"mime\":\"image\/jpeg\",\"type\":\"image\",\"width\":1591,\"height\":2560,\"sizes\":{\"thumbnail\":{\"height\":150,\"width\":150,\"url\":\"https:\/\/orgueil82.jvillain.fr\/wp-content\/uploads\/\u00c9glise_Saint-Ferr\u00e9ol\/Chemin_de_croix\/P1000119-150x150.jpg\",\"orientation\":\"landscape\"},\"medium\":{\"height\":300,\"width\":186,\"url\":\"https:\/\/orgueil82.jvillain.fr\/wp-content\/uploads\/\u00c9glise_Saint-Ferr\u00e9ol\/Chemin_de_croix\/P1000119-186x300.jpg\",\"orientation\":\"portrait\"},\"large\":{\"height\":2048,\"width\":1272,\"url\":\"https:\/\/orgueil82.jvillain.fr\/wp-content\/uploads\/\u00c9glise_Saint-Ferr\u00e9ol\/Chemin_de_croix\/P1000119-1272x2048.jpg\",\"orientation\":\"portrait\"},\"full\":{\"url\":\"https:\/\/orgueil82.jvillain.fr\/wp-content\/uploads\/\u00c9glise_Saint-Ferr\u00e9ol\/Chemin_de_croix\/P1000119-scaled.jpg\",\"height\":2560,\"width\":1591,\"orientation\":\"portrait\"}},\"imageMeta\":{\"aperture\":\"5.5\",\"credit\":\"\",\"camera\":\"DMC-G80\",\"caption\":\"\",\"created_timestamp\":\"1728812824\",\"copyright\":\"\",\"focal_length\":\"40\",\"iso\":\"800\",\"shutter_speed\":\"0.016666666666667\",\"title\":\"\",\"orientation\":\"0\",\"keywords\":[]},\"meta\":false,\"postlink\":\"https:\/\/orgueil82.jvillain.fr\/?attachment_id=1038\"},{\"id\":1035,\"title\":\"P1000120\",\"url\":\"https:\/\/orgueil82.jvillain.fr\/wp-content\/uploads\/\u00c9glise_Saint-Ferr\u00e9ol\/Chemin_de_croix\/P1000120-scaled.jpg\",\"link\":\"https:\/\/orgueil82.jvillain.fr\/?attachment_id=1035\",\"alt\":\"\",\"description\":\"\",\"caption\":\"J\u00e9sus est d\u00e9pouill\u00e9 de ses v\u00eatements\",\"mime\":\"image\/jpeg\",\"type\":\"image\",\"width\":1590,\"height\":2560,\"sizes\":{\"thumbnail\":{\"height\":150,\"width\":150,\"url\":\"https:\/\/orgueil82.jvillain.fr\/wp-content\/uploads\/\u00c9glise_Saint-Ferr\u00e9ol\/Chemin_de_croix\/P1000120-150x150.jpg\",\"orientation\":\"landscape\"},\"medium\":{\"height\":300,\"width\":186,\"url\":\"https:\/\/orgueil82.jvillain.fr\/wp-content\/uploads\/\u00c9glise_Saint-Ferr\u00e9ol\/Chemin_de_croix\/P1000120-186x300.jpg\",\"orientation\":\"portrait\"},\"large\":{\"height\":2048,\"width\":1272,\"url\":\"https:\/\/orgueil82.jvillain.fr\/wp-content\/uploads\/\u00c9glise_Saint-Ferr\u00e9ol\/Chemin_de_croix\/P1000120-1272x2048.jpg\",\"orientation\":\"portrait\"},\"full\":{\"url\":\"https:\/\/orgueil82.jvillain.fr\/wp-content\/uploads\/\u00c9glise_Saint-Ferr\u00e9ol\/Chemin_de_croix\/P1000120-scaled.jpg\",\"height\":2560,\"width\":1590,\"orientation\":\"portrait\"}},\"imageMeta\":{\"aperture\":\"5.5\",\"credit\":\"\",\"camera\":\"DMC-G80\",\"caption\":\"\",\"created_timestamp\":\"1728812834\",\"copyright\":\"\",\"focal_length\":\"40\",\"iso\":\"800\",\"shutter_speed\":\"0.016666666666667\",\"title\":\"\",\"orientation\":\"0\",\"keywords\":[]},\"meta\":false,\"postlink\":\"https:\/\/orgueil82.jvillain.fr\/?attachment_id=1035\"},{\"id\":1034,\"title\":\"P1000121\",\"url\":\"https:\/\/orgueil82.jvillain.fr\/wp-content\/uploads\/\u00c9glise_Saint-Ferr\u00e9ol\/Chemin_de_croix\/P1000121-scaled.jpg\",\"link\":\"https:\/\/orgueil82.jvillain.fr\/?attachment_id=1034\",\"alt\":\"\",\"description\":\"\",\"caption\":\"J\u00e9sus est clou\u00e9 sur la Croix\",\"mime\":\"image\/jpeg\",\"type\":\"image\",\"width\":1548,\"height\":2560,\"sizes\":{\"thumbnail\":{\"height\":150,\"width\":150,\"url\":\"https:\/\/orgueil82.jvillain.fr\/wp-content\/uploads\/\u00c9glise_Saint-Ferr\u00e9ol\/Chemin_de_croix\/P1000121-150x150.jpg\",\"orientation\":\"landscape\"},\"medium\":{\"height\":300,\"width\":181,\"url\":\"https:\/\/orgueil82.jvillain.fr\/wp-content\/uploads\/\u00c9glise_Saint-Ferr\u00e9ol\/Chemin_de_croix\/P1000121-181x300.jpg\",\"orientation\":\"portrait\"},\"large\":{\"height\":2048,\"width\":1239,\"url\":\"https:\/\/orgueil82.jvillain.fr\/wp-content\/uploads\/\u00c9glise_Saint-Ferr\u00e9ol\/Chemin_de_croix\/P1000121-1239x2048.jpg\",\"orientation\":\"portrait\"},\"full\":{\"url\":\"https:\/\/orgueil82.jvillain.fr\/wp-content\/uploads\/\u00c9glise_Saint-Ferr\u00e9ol\/Chemin_de_croix\/P1000121-scaled.jpg\",\"height\":2560,\"width\":1548,\"orientation\":\"portrait\"}},\"imageMeta\":{\"aperture\":\"5.5\",\"credit\":\"\",\"camera\":\"DMC-G80\",\"caption\":\"\",\"created_timestamp\":\"1728812847\",\"copyright\":\"\",\"focal_length\":\"40\",\"iso\":\"800\",\"shutter_speed\":\"0.016666666666667\",\"title\":\"\",\"orientation\":\"0\",\"keywords\":[]},\"meta\":false,\"postlink\":\"https:\/\/orgueil82.jvillain.fr\/?attachment_id=1034\"},{\"id\":1037,\"title\":\"P1000122\",\"url\":\"https:\/\/orgueil82.jvillain.fr\/wp-content\/uploads\/\u00c9glise_Saint-Ferr\u00e9ol\/Chemin_de_croix\/P1000122-scaled.jpg\",\"link\":\"https:\/\/orgueil82.jvillain.fr\/?attachment_id=1037\",\"alt\":\"\",\"description\":\"\",\"caption\":\"J\u00e9sus meurt sur la Croix\",\"mime\":\"image\/jpeg\",\"type\":\"image\",\"width\":1547,\"height\":2560,\"sizes\":{\"thumbnail\":{\"height\":150,\"width\":150,\"url\":\"https:\/\/orgueil82.jvillain.fr\/wp-content\/uploads\/\u00c9glise_Saint-Ferr\u00e9ol\/Chemin_de_croix\/P1000122-150x150.jpg\",\"orientation\":\"landscape\"},\"medium\":{\"height\":300,\"width\":181,\"url\":\"https:\/\/orgueil82.jvillain.fr\/wp-content\/uploads\/\u00c9glise_Saint-Ferr\u00e9ol\/Chemin_de_croix\/P1000122-181x300.jpg\",\"orientation\":\"portrait\"},\"large\":{\"height\":2048,\"width\":1238,\"url\":\"https:\/\/orgueil82.jvillain.fr\/wp-content\/uploads\/\u00c9glise_Saint-Ferr\u00e9ol\/Chemin_de_croix\/P1000122-1238x2048.jpg\",\"orientation\":\"portrait\"},\"full\":{\"url\":\"https:\/\/orgueil82.jvillain.fr\/wp-content\/uploads\/\u00c9glise_Saint-Ferr\u00e9ol\/Chemin_de_croix\/P1000122-scaled.jpg\",\"height\":2560,\"width\":1547,\"orientation\":\"portrait\"}},\"imageMeta\":{\"aperture\":\"5.5\",\"credit\":\"\",\"camera\":\"DMC-G80\",\"caption\":\"\",\"created_timestamp\":\"1728812855\",\"copyright\":\"\",\"focal_length\":\"40\",\"iso\":\"800\",\"shutter_speed\":\"0.016666666666667\",\"title\":\"\",\"orientation\":\"0\",\"keywords\":[]},\"meta\":false,\"postlink\":\"https:\/\/orgueil82.jvillain.fr\/?attachment_id=1037\"},{\"id\":1039,\"title\":\"P1000123\",\"url\":\"https:\/\/orgueil82.jvillain.fr\/wp-content\/uploads\/\u00c9glise_Saint-Ferr\u00e9ol\/Chemin_de_croix\/P1000123-scaled.jpg\",\"link\":\"https:\/\/orgueil82.jvillain.fr\/?attachment_id=1039\",\"alt\":\"\",\"description\":\"\",\"caption\":\"J\u00e9sus est remis \u00e0 sa m\u00e8re\",\"mime\":\"image\/jpeg\",\"type\":\"image\",\"width\":1564,\"height\":2560,\"sizes\":{\"thumbnail\":{\"height\":150,\"width\":150,\"url\":\"https:\/\/orgueil82.jvillain.fr\/wp-content\/uploads\/\u00c9glise_Saint-Ferr\u00e9ol\/Chemin_de_croix\/P1000123-150x150.jpg\",\"orientation\":\"landscape\"},\"medium\":{\"height\":300,\"width\":183,\"url\":\"https:\/\/orgueil82.jvillain.fr\/wp-content\/uploads\/\u00c9glise_Saint-Ferr\u00e9ol\/Chemin_de_croix\/P1000123-183x300.jpg\",\"orientation\":\"portrait\"},\"large\":{\"height\":2048,\"width\":1251,\"url\":\"https:\/\/orgueil82.jvillain.fr\/wp-content\/uploads\/\u00c9glise_Saint-Ferr\u00e9ol\/Chemin_de_croix\/P1000123-1251x2048.jpg\",\"orientation\":\"portrait\"},\"full\":{\"url\":\"https:\/\/orgueil82.jvillain.fr\/wp-content\/uploads\/\u00c9glise_Saint-Ferr\u00e9ol\/Chemin_de_croix\/P1000123-scaled.jpg\",\"height\":2560,\"width\":1564,\"orientation\":\"portrait\"}},\"imageMeta\":{\"aperture\":\"5.5\",\"credit\":\"\",\"camera\":\"DMC-G80\",\"caption\":\"\",\"created_timestamp\":\"1728812865\",\"copyright\":\"\",\"focal_length\":\"40\",\"iso\":\"800\",\"shutter_speed\":\"0.016666666666667\",\"title\":\"\",\"orientation\":\"0\",\"keywords\":[]},\"meta\":false,\"postlink\":\"https:\/\/orgueil82.jvillain.fr\/?attachment_id=1039\"},{\"id\":1033,\"title\":\"P1000124\",\"url\":\"https:\/\/orgueil82.jvillain.fr\/wp-content\/uploads\/\u00c9glise_Saint-Ferr\u00e9ol\/Chemin_de_croix\/P1000124-scaled.jpg\",\"link\":\"https:\/\/orgueil82.jvillain.fr\/?attachment_id=1033\",\"alt\":\"\",\"description\":\"\",\"caption\":\"J\u00e9sus est mis dans le s\u00e9pulcre\",\"mime\":\"image\/jpeg\",\"type\":\"image\",\"width\":1517,\"height\":2560,\"sizes\":{\"thumbnail\":{\"height\":150,\"width\":150,\"url\":\"https:\/\/orgueil82.jvillain.fr\/wp-content\/uploads\/\u00c9glise_Saint-Ferr\u00e9ol\/Chemin_de_croix\/P1000124-150x150.jpg\",\"orientation\":\"landscape\"},\"medium\":{\"height\":300,\"width\":178,\"url\":\"https:\/\/orgueil82.jvillain.fr\/wp-content\/uploads\/\u00c9glise_Saint-Ferr\u00e9ol\/Chemin_de_croix\/P1000124-178x300.jpg\",\"orientation\":\"portrait\"},\"large\":{\"height\":2048,\"width\":1213,\"url\":\"https:\/\/orgueil82.jvillain.fr\/wp-content\/uploads\/\u00c9glise_Saint-Ferr\u00e9ol\/Chemin_de_croix\/P1000124-1213x2048.jpg\",\"orientation\":\"portrait\"},\"full\":{\"url\":\"https:\/\/orgueil82.jvillain.fr\/wp-content\/uploads\/\u00c9glise_Saint-Ferr\u00e9ol\/Chemin_de_croix\/P1000124-scaled.jpg\",\"height\":2560,\"width\":1517,\"orientation\":\"portrait\"}},\"imageMeta\":{\"aperture\":\"5.5\",\"credit\":\"\",\"camera\":\"DMC-G80\",\"caption\":\"\",\"created_timestamp\":\"1728812875\",\"copyright\":\"\",\"focal_length\":\"40\",\"iso\":\"800\",\"shutter_speed\":\"0.016666666666667\",\"title\":\"\",\"orientation\":\"0\",\"keywords\":[]},\"meta\":false,\"postlink\":\"https:\/\/orgueil82.jvillain.fr\/?attachment_id=1033\"}],\"sliderItemTitleFontSize\":24,\"itemsMetaDataCollection\":[]}<\/script><script>(function(){if(window.PGC_SGB && window.PGC_SGB.searcher){window.PGC_SGB.searcher.initBlocks()}})()<\/script><\/div>\n\n\n<p><\/p>\n<\/details>\n\n\n\n<hr class=\"wp-block-separator has-alpha-channel-opacity\"\/>\n","protected":false},"excerpt":{"rendered":"","protected":false},"author":1,"featured_media":0,"parent":218,"menu_order":3,"comment_status":"closed","ping_status":"closed","template":"","meta":{"_eb_attr":"","pgc_sgb_lightbox_settings":"","footnotes":""},"class_list":["post-728","page","type-page","status-publish"],"yoast_head":"<!-- This site is optimized with the Yoast SEO plugin v27.5 - https:\/\/yoast.com\/product\/yoast-seo-wordpress\/ -->\n<title>L&#039;int\u00e9rieur de l&#039;\u00e9glise d&#039;Orgueil - Histoire et historique du village d&#039;Orgueil<\/title>\n<meta name=\"robots\" content=\"index, follow, max-snippet:-1, max-image-preview:large, max-video-preview:-1\" \/>\n<link rel=\"canonical\" href=\"https:\/\/orgueil82.jvillain.fr\/?page_id=728\" \/>\n<meta property=\"og:locale\" content=\"fr_FR\" \/>\n<meta property=\"og:type\" content=\"article\" \/>\n<meta property=\"og:title\" content=\"L&#039;int\u00e9rieur de l&#039;\u00e9glise d&#039;Orgueil - Histoire et historique du village d&#039;Orgueil\" \/>\n<meta property=\"og:url\" content=\"https:\/\/orgueil82.jvillain.fr\/?page_id=728\" \/>\n<meta property=\"og:site_name\" content=\"Histoire et historique du village d&#039;Orgueil\" \/>\n<meta property=\"article:modified_time\" content=\"2025-09-24T22:23:27+00:00\" \/>\n<meta name=\"twitter:card\" content=\"summary_large_image\" \/>\n<meta name=\"twitter:label1\" content=\"Dur\u00e9e de lecture estim\u00e9e\" \/>\n\t<meta name=\"twitter:data1\" content=\"13 minutes\" \/>\n<script type=\"application\/ld+json\" class=\"yoast-schema-graph\">{\"@context\":\"https:\\\/\\\/schema.org\",\"@graph\":[{\"@type\":\"WebPage\",\"@id\":\"https:\\\/\\\/orgueil82.jvillain.fr\\\/?page_id=728\",\"url\":\"https:\\\/\\\/orgueil82.jvillain.fr\\\/?page_id=728\",\"name\":\"L'int\u00e9rieur de l'\u00e9glise d'Orgueil - Histoire et historique du village d&#039;Orgueil\",\"isPartOf\":{\"@id\":\"https:\\\/\\\/orgueil82.jvillain.fr\\\/#website\"},\"datePublished\":\"2024-07-26T12:44:37+00:00\",\"dateModified\":\"2025-09-24T22:23:27+00:00\",\"breadcrumb\":{\"@id\":\"https:\\\/\\\/orgueil82.jvillain.fr\\\/?page_id=728#breadcrumb\"},\"inLanguage\":\"fr-FR\",\"potentialAction\":[{\"@type\":\"ReadAction\",\"target\":[\"https:\\\/\\\/orgueil82.jvillain.fr\\\/?page_id=728\"]}]},{\"@type\":\"BreadcrumbList\",\"@id\":\"https:\\\/\\\/orgueil82.jvillain.fr\\\/?page_id=728#breadcrumb\",\"itemListElement\":[{\"@type\":\"ListItem\",\"position\":1,\"name\":\"Home\",\"item\":\"https:\\\/\\\/orgueil82.jvillain.fr\\\/\"},{\"@type\":\"ListItem\",\"position\":2,\"name\":\"Histoire et Historique du village d&rsquo;Orgueil\",\"item\":\"https:\\\/\\\/orgueil82.jvillain.fr\\\/\"},{\"@type\":\"ListItem\",\"position\":3,\"name\":\"\u00c9glise saint Ferr\u00e9ol\",\"item\":\"https:\\\/\\\/orgueil82.jvillain.fr\\\/?page_id=218\"},{\"@type\":\"ListItem\",\"position\":4,\"name\":\"L&rsquo;int\u00e9rieur de l&rsquo;\u00e9glise d&rsquo;Orgueil\"}]},{\"@type\":\"WebSite\",\"@id\":\"https:\\\/\\\/orgueil82.jvillain.fr\\\/#website\",\"url\":\"https:\\\/\\\/orgueil82.jvillain.fr\\\/\",\"name\":\"Histoire et historique du village d'Orgueil\",\"description\":\"Vivre \u00e0 Orgueil - Tarn-et-Garonne\",\"publisher\":{\"@id\":\"https:\\\/\\\/orgueil82.jvillain.fr\\\/#organization\"},\"potentialAction\":[{\"@type\":\"SearchAction\",\"target\":{\"@type\":\"EntryPoint\",\"urlTemplate\":\"https:\\\/\\\/orgueil82.jvillain.fr\\\/?s={search_term_string}\"},\"query-input\":{\"@type\":\"PropertyValueSpecification\",\"valueRequired\":true,\"valueName\":\"search_term_string\"}}],\"inLanguage\":\"fr-FR\"},{\"@type\":\"Organization\",\"@id\":\"https:\\\/\\\/orgueil82.jvillain.fr\\\/#organization\",\"name\":\"Histoire et historique du village d'Orgueil\",\"url\":\"https:\\\/\\\/orgueil82.jvillain.fr\\\/\",\"logo\":{\"@type\":\"ImageObject\",\"inLanguage\":\"fr-FR\",\"@id\":\"https:\\\/\\\/orgueil82.jvillain.fr\\\/#\\\/schema\\\/logo\\\/image\\\/\",\"url\":\"https:\\\/\\\/orgueil82.jvillain.fr\\\/wp-content\\\/uploads\\\/Orgueil\\\/orgueil3.gif\",\"contentUrl\":\"https:\\\/\\\/orgueil82.jvillain.fr\\\/wp-content\\\/uploads\\\/Orgueil\\\/orgueil3.gif\",\"width\":93,\"height\":62,\"caption\":\"Histoire et historique du village d'Orgueil\"},\"image\":{\"@id\":\"https:\\\/\\\/orgueil82.jvillain.fr\\\/#\\\/schema\\\/logo\\\/image\\\/\"}}]}<\/script>\n<!-- \/ Yoast SEO plugin. -->","yoast_head_json":{"title":"L'int\u00e9rieur de l'\u00e9glise d'Orgueil - Histoire et historique du village d&#039;Orgueil","robots":{"index":"index","follow":"follow","max-snippet":"max-snippet:-1","max-image-preview":"max-image-preview:large","max-video-preview":"max-video-preview:-1"},"canonical":"https:\/\/orgueil82.jvillain.fr\/?page_id=728","og_locale":"fr_FR","og_type":"article","og_title":"L'int\u00e9rieur de l'\u00e9glise d'Orgueil - Histoire et historique du village d&#039;Orgueil","og_url":"https:\/\/orgueil82.jvillain.fr\/?page_id=728","og_site_name":"Histoire et historique du village d&#039;Orgueil","article_modified_time":"2025-09-24T22:23:27+00:00","twitter_card":"summary_large_image","twitter_misc":{"Dur\u00e9e de lecture estim\u00e9e":"13 minutes"},"schema":{"@context":"https:\/\/schema.org","@graph":[{"@type":"WebPage","@id":"https:\/\/orgueil82.jvillain.fr\/?page_id=728","url":"https:\/\/orgueil82.jvillain.fr\/?page_id=728","name":"L'int\u00e9rieur de l'\u00e9glise d'Orgueil - Histoire et historique du village d&#039;Orgueil","isPartOf":{"@id":"https:\/\/orgueil82.jvillain.fr\/#website"},"datePublished":"2024-07-26T12:44:37+00:00","dateModified":"2025-09-24T22:23:27+00:00","breadcrumb":{"@id":"https:\/\/orgueil82.jvillain.fr\/?page_id=728#breadcrumb"},"inLanguage":"fr-FR","potentialAction":[{"@type":"ReadAction","target":["https:\/\/orgueil82.jvillain.fr\/?page_id=728"]}]},{"@type":"BreadcrumbList","@id":"https:\/\/orgueil82.jvillain.fr\/?page_id=728#breadcrumb","itemListElement":[{"@type":"ListItem","position":1,"name":"Home","item":"https:\/\/orgueil82.jvillain.fr\/"},{"@type":"ListItem","position":2,"name":"Histoire et Historique du village d&rsquo;Orgueil","item":"https:\/\/orgueil82.jvillain.fr\/"},{"@type":"ListItem","position":3,"name":"\u00c9glise saint Ferr\u00e9ol","item":"https:\/\/orgueil82.jvillain.fr\/?page_id=218"},{"@type":"ListItem","position":4,"name":"L&rsquo;int\u00e9rieur de l&rsquo;\u00e9glise d&rsquo;Orgueil"}]},{"@type":"WebSite","@id":"https:\/\/orgueil82.jvillain.fr\/#website","url":"https:\/\/orgueil82.jvillain.fr\/","name":"Histoire et historique du village d'Orgueil","description":"Vivre \u00e0 Orgueil - Tarn-et-Garonne","publisher":{"@id":"https:\/\/orgueil82.jvillain.fr\/#organization"},"potentialAction":[{"@type":"SearchAction","target":{"@type":"EntryPoint","urlTemplate":"https:\/\/orgueil82.jvillain.fr\/?s={search_term_string}"},"query-input":{"@type":"PropertyValueSpecification","valueRequired":true,"valueName":"search_term_string"}}],"inLanguage":"fr-FR"},{"@type":"Organization","@id":"https:\/\/orgueil82.jvillain.fr\/#organization","name":"Histoire et historique du village d'Orgueil","url":"https:\/\/orgueil82.jvillain.fr\/","logo":{"@type":"ImageObject","inLanguage":"fr-FR","@id":"https:\/\/orgueil82.jvillain.fr\/#\/schema\/logo\/image\/","url":"https:\/\/orgueil82.jvillain.fr\/wp-content\/uploads\/Orgueil\/orgueil3.gif","contentUrl":"https:\/\/orgueil82.jvillain.fr\/wp-content\/uploads\/Orgueil\/orgueil3.gif","width":93,"height":62,"caption":"Histoire et historique du village d'Orgueil"},"image":{"@id":"https:\/\/orgueil82.jvillain.fr\/#\/schema\/logo\/image\/"}}]}},"featured_image_src":null,"featured_image_src_square":null,"_links":{"self":[{"href":"https:\/\/orgueil82.jvillain.fr\/index.php?rest_route=\/wp\/v2\/pages\/728","targetHints":{"allow":["GET"]}}],"collection":[{"href":"https:\/\/orgueil82.jvillain.fr\/index.php?rest_route=\/wp\/v2\/pages"}],"about":[{"href":"https:\/\/orgueil82.jvillain.fr\/index.php?rest_route=\/wp\/v2\/types\/page"}],"author":[{"embeddable":true,"href":"https:\/\/orgueil82.jvillain.fr\/index.php?rest_route=\/wp\/v2\/users\/1"}],"replies":[{"embeddable":true,"href":"https:\/\/orgueil82.jvillain.fr\/index.php?rest_route=%2Fwp%2Fv2%2Fcomments&post=728"}],"version-history":[{"count":0,"href":"https:\/\/orgueil82.jvillain.fr\/index.php?rest_route=\/wp\/v2\/pages\/728\/revisions"}],"up":[{"embeddable":true,"href":"https:\/\/orgueil82.jvillain.fr\/index.php?rest_route=\/wp\/v2\/pages\/218"}],"wp:attachment":[{"href":"https:\/\/orgueil82.jvillain.fr\/index.php?rest_route=%2Fwp%2Fv2%2Fmedia&parent=728"}],"curies":[{"name":"wp","href":"https:\/\/api.w.org\/{rel}","templated":true}]}}